{"id":134,"date":"2020-08-12T12:22:34","date_gmt":"2020-08-12T10:22:34","guid":{"rendered":"http:\/\/neu.gradido.net\/?page_id=134"},"modified":"2024-11-15T13:19:51","modified_gmt":"2024-11-15T12:19:51","slug":"faq","status":"publish","type":"page","link":"https:\/\/gradido.net\/ro\/faq\/","title":{"rendered":"\u00centreb\u0103ri \u0219i r\u0103spunsuri"},"content":{"rendered":"<div data-elementor-type=\"wp-page\" data-elementor-id=\"134\" class=\"elementor elementor-134\" data-elementor-post-type=\"page\">\n\t\t\t\t\t\t<section class=\"elementor-section elementor-top-section elementor-element elementor-element-2999527c elementor-section-full_width elementor-section-height-default elementor-section-height-default\" data-id=\"2999527c\" data-element_type=\"section\" data-e-type=\"section\">\n\t\t\t\t\t\t<div class=\"elementor-container elementor-column-gap-no\">\n\t\t\t\t\t<div class=\"elementor-column elementor-col-100 elementor-top-column elementor-element elementor-element-612fb05e\" data-id=\"612fb05e\" data-element_type=\"column\" data-e-type=\"column\">\n\t\t\t<div class=\"elementor-widget-wrap elementor-element-populated\">\n\t\t\t\t\t\t<div class=\"elementor-element elementor-element-1eea0e91 elementor--h-position-center elementor--v-position-middle elementor-arrows-position-inside elementor-widget elementor-widget-slides\" data-id=\"1eea0e91\" data-element_type=\"widget\" data-e-type=\"widget\" data-settings=\"{&quot;navigation&quot;:&quot;arrows&quot;,&quot;transition&quot;:&quot;fade&quot;,&quot;transition_speed&quot;:400,&quot;autoplay&quot;:&quot;yes&quot;,&quot;pause_on_hover&quot;:&quot;yes&quot;,&quot;pause_on_interaction&quot;:&quot;yes&quot;,&quot;autoplay_speed&quot;:5000,&quot;infinite&quot;:&quot;yes&quot;}\" data-widget_type=\"slides.default\">\n\t\t\t\t<div class=\"elementor-widget-container\">\n\t\t\t\t\t\t\t\t\t<div class=\"elementor-swiper\">\n\t\t\t\t\t<div class=\"elementor-slides-wrapper elementor-main-swiper swiper\" role=\"region\" aria-roledescription=\"carousel\" aria-label=\"Slider\" dir=\"ltr\" data-animation=\"fadeInUp\">\n\t\t\t\t<div class=\"swiper-wrapper elementor-slides\">\n\t\t\t\t\t\t\t\t\t\t<div class=\"elementor-repeater-item-2de4990 swiper-slide\" role=\"group\" aria-roledescription=\"slide\"><div class=\"swiper-slide-bg\" role=\"img\" aria-label=\"gradido_faq_1\"><\/div><div class=\"swiper-slide-inner\" ><div class=\"swiper-slide-contents\"><\/div><\/div><\/div><div class=\"elementor-repeater-item-bc7cb9b swiper-slide\" role=\"group\" aria-roledescription=\"slide\"><div class=\"swiper-slide-bg\" role=\"img\" aria-label=\"gradido_faq_2\"><\/div><div class=\"swiper-slide-inner\" ><div class=\"swiper-slide-contents\"><\/div><\/div><\/div>\t\t\t\t<\/div>\n\t\t\t\t\t\t\t\t\t\t\t\t\t\t\t<div class=\"elementor-swiper-button elementor-swiper-button-prev\" role=\"button\" tabindex=\"0\" aria-label=\"Diapozitiv anterior\">\n\t\t\t\t\t\t\t<i aria-hidden=\"true\" class=\"eicon-chevron-left\"><\/i>\t\t\t\t\t\t<\/div>\n\t\t\t\t\t\t<div class=\"elementor-swiper-button elementor-swiper-button-next\" role=\"button\" tabindex=\"0\" aria-label=\"Urm\u0103torul diapozitiv\">\n\t\t\t\t\t\t\t<i aria-hidden=\"true\" class=\"eicon-chevron-right\"><\/i>\t\t\t\t\t\t<\/div>\n\t\t\t\t\t\t\t\t\t\t\t\t\t\t\t\t\t<\/div>\n\t\t\t\t<\/div>\n\t\t\t\t\t\t\t\t<\/div>\n\t\t\t\t<\/div>\n\t\t\t\t\t<\/div>\n\t\t<\/div>\n\t\t\t\t\t<\/div>\n\t\t<\/section>\n\t\t\t\t<section class=\"elementor-section elementor-top-section elementor-element elementor-element-457536b7 elementor-section-boxed elementor-section-height-default elementor-section-height-default\" data-id=\"457536b7\" data-element_type=\"section\" data-e-type=\"section\" data-settings=\"{&quot;background_background&quot;:&quot;classic&quot;}\">\n\t\t\t\t\t\t<div class=\"elementor-container elementor-column-gap-default\">\n\t\t\t\t\t<div class=\"elementor-column elementor-col-100 elementor-top-column elementor-element elementor-element-6804c498\" data-id=\"6804c498\" data-element_type=\"column\" data-e-type=\"column\">\n\t\t\t<div class=\"elementor-widget-wrap elementor-element-populated\">\n\t\t\t\t\t\t<div class=\"elementor-element elementor-element-2ccb7962 elementor-widget elementor-widget-heading\" data-id=\"2ccb7962\" data-element_type=\"widget\" data-e-type=\"widget\" data-widget_type=\"heading.default\">\n\t\t\t\t<div class=\"elementor-widget-container\">\n\t\t\t\t\t<h1 class=\"elementor-heading-title elementor-size-default\">\u00centreb\u0103ri \u0219i r\u0103spunsuri<br>\n<br><\/h1>\t\t\t\t<\/div>\n\t\t\t\t<\/div>\n\t\t\t\t\t<\/div>\n\t\t<\/div>\n\t\t\t\t\t<\/div>\n\t\t<\/section>\n\t\t\t\t<section class=\"elementor-section elementor-top-section elementor-element elementor-element-159fbef elementor-section-boxed elementor-section-height-default elementor-section-height-default\" data-id=\"159fbef\" data-element_type=\"section\" data-e-type=\"section\" data-settings=\"{&quot;background_background&quot;:&quot;classic&quot;}\">\n\t\t\t\t\t\t<div class=\"elementor-container elementor-column-gap-default\">\n\t\t\t\t\t<div class=\"elementor-column elementor-col-100 elementor-top-column elementor-element elementor-element-7212e478\" data-id=\"7212e478\" data-element_type=\"column\" data-e-type=\"column\">\n\t\t\t<div class=\"elementor-widget-wrap elementor-element-populated\">\n\t\t\t\t\t\t<div class=\"elementor-element elementor-element-407635a7 elementor-widget elementor-widget-text-editor\" data-id=\"407635a7\" data-element_type=\"widget\" data-e-type=\"widget\" data-widget_type=\"text-editor.default\">\n\t\t\t\t<div class=\"elementor-widget-container\">\n\t\t\t\t\t\t\t\t\t<p>Modelul Gradido este de multe ori mai simplu dec\u00e2t sistemul monetar \u0219i economic actual. \u00cen ciuda - sau poate din cauza - simplit\u0103\u021bii sale, aceasta ridic\u0103 o serie de \u00eentreb\u0103ri. Am dori s\u0103 r\u0103spundem aici la cele mai frecvente \u00eentreb\u0103ri.<\/p>\t\t\t\t\t\t\t\t<\/div>\n\t\t\t\t<\/div>\n\t\t\t\t\t<\/div>\n\t\t<\/div>\n\t\t\t\t\t<\/div>\n\t\t<\/section>\n\t\t\t\t<section class=\"elementor-section elementor-top-section elementor-element elementor-element-71ddc00c elementor-section-boxed elementor-section-height-default elementor-section-height-default\" data-id=\"71ddc00c\" data-element_type=\"section\" data-e-type=\"section\" data-settings=\"{&quot;background_background&quot;:&quot;classic&quot;}\">\n\t\t\t\t\t\t<div class=\"elementor-container elementor-column-gap-default\">\n\t\t\t\t\t<div class=\"elementor-column elementor-col-50 elementor-top-column elementor-element elementor-element-3478f171\" data-id=\"3478f171\" data-element_type=\"column\" data-e-type=\"column\">\n\t\t\t<div class=\"elementor-widget-wrap elementor-element-populated\">\n\t\t\t\t\t\t<div class=\"elementor-element elementor-element-2fa047a2 elementor-widget elementor-widget-heading\" data-id=\"2fa047a2\" data-element_type=\"widget\" data-e-type=\"widget\" data-widget_type=\"heading.default\">\n\t\t\t\t<div class=\"elementor-widget-container\">\n\t\t\t\t\t<h3 class=\"elementor-heading-title elementor-size-default\">Modelul Gradido<\/h3>\t\t\t\t<\/div>\n\t\t\t\t<\/div>\n\t\t\t\t<div class=\"elementor-element elementor-element-9dfb444 elementor-widget elementor-widget-toggle\" data-id=\"9dfb444\" data-element_type=\"widget\" data-e-type=\"widget\" data-widget_type=\"toggle.default\">\n\t\t\t\t<div class=\"elementor-widget-container\">\n\t\t\t\t\t\t\t<div class=\"elementor-toggle\">\n\t\t\t\t\t\t\t<div class=\"elementor-toggle-item\">\n\t\t\t\t\t<div id=\"elementor-tab-title-1651\" class=\"elementor-tab-title\" data-tab=\"1\" role=\"button\" aria-controls=\"elementor-tab-content-1651\" aria-expanded=\"false\">\n\t\t\t\t\t\t\t\t\t\t\t\t<span class=\"elementor-toggle-icon elementor-toggle-icon-right\" aria-hidden=\"true\">\n\t\t\t\t\t\t\t\t\t\t\t\t\t\t\t<span class=\"elementor-toggle-icon-closed\"><i class=\"fas fa-plus\"><\/i><\/span>\n\t\t\t\t\t\t\t\t<span class=\"elementor-toggle-icon-opened\"><i class=\"elementor-toggle-icon-opened fas fa-minus\"><\/i><\/span>\n\t\t\t\t\t\t\t\t\t\t\t\t\t<\/span>\n\t\t\t\t\t\t\t\t\t\t\t\t<a class=\"elementor-toggle-title\" tabindex=\"0\">Ce \u00eenseamn\u0103 crearea de bani?<\/a>\n\t\t\t\t\t<\/div>\n\n\t\t\t\t\t<div id=\"elementor-tab-content-1651\" class=\"elementor-tab-content elementor-clearfix\" data-tab=\"1\" role=\"region\" aria-labelledby=\"elementor-tab-title-1651\"><p>Banii nu sunt altceva dec\u00e2t numere de calculator \u00een baze de date. Crearea de bani este un termen din lumea finan\u021belor. Descrie modul \u00een care sunt crea\u021bi banii, adic\u0103 \u00een conformitate cu ce reguli sunt scrise numerele \u00een bazele de date ale computerului. \u00cen vechiul sistem monetar, banii sunt crea\u021bi prin datorii, adic\u0103 suma tuturor soldurilor de credit este egal\u0103 cu suma tuturor datoriilor la nivel mondial. Cu Gradido, banii sunt crea\u021bi pentru fiecare persoan\u0103 ca un credit f\u0103r\u0103 a crea datorii. Pe cap de locuitor, se creeaz\u0103 3 \u00d7 1000 Gradido: c\u00e2te 1000 Gradido pentru venitul de baz\u0103, bugetul na\u021bional \u0219i fondul de egalizare \u0219i de mediu. Numim acest lucru tripla creare de bani.<\/p><\/div>\n\t\t\t\t<\/div>\n\t\t\t\t\t\t\t<div class=\"elementor-toggle-item\">\n\t\t\t\t\t<div id=\"elementor-tab-title-1652\" class=\"elementor-tab-title\" data-tab=\"2\" role=\"button\" aria-controls=\"elementor-tab-content-1652\" aria-expanded=\"false\">\n\t\t\t\t\t\t\t\t\t\t\t\t<span class=\"elementor-toggle-icon elementor-toggle-icon-right\" aria-hidden=\"true\">\n\t\t\t\t\t\t\t\t\t\t\t\t\t\t\t<span class=\"elementor-toggle-icon-closed\"><i class=\"fas fa-plus\"><\/i><\/span>\n\t\t\t\t\t\t\t\t<span class=\"elementor-toggle-icon-opened\"><i class=\"elementor-toggle-icon-opened fas fa-minus\"><\/i><\/span>\n\t\t\t\t\t\t\t\t\t\t\t\t\t<\/span>\n\t\t\t\t\t\t\t\t\t\t\t\t<a class=\"elementor-toggle-title\" tabindex=\"0\">De ce bugetul de stat este scutit de taxe \u0219i impozite?<\/a>\n\t\t\t\t\t<\/div>\n\n\t\t\t\t\t<div id=\"elementor-tab-content-1652\" class=\"elementor-tab-content elementor-clearfix\" data-tab=\"2\" role=\"region\" aria-labelledby=\"elementor-tab-title-1652\"><p>\u00cen modelul Gradido, bugetul na\u021bional este generat de cea de-a doua creare de moned\u0103. Crearea de bani se face pe cap de locuitor. Aceasta \u00eenseamn\u0103 c\u0103 fiecare stat are aceea\u0219i sum\u0103 de venit de stat pe cet\u0103\u021bean. \u00cen Germania, a doua crea\u021bie monetar\u0103 corespunde aproximativ bugetului public actual (federal, de stat \u0219i municipal) plus serviciile sociale \u0219i de s\u0103n\u0103tate.<\/p><\/div>\n\t\t\t\t<\/div>\n\t\t\t\t\t\t\t<div class=\"elementor-toggle-item\">\n\t\t\t\t\t<div id=\"elementor-tab-title-1653\" class=\"elementor-tab-title\" data-tab=\"3\" role=\"button\" aria-controls=\"elementor-tab-content-1653\" aria-expanded=\"false\">\n\t\t\t\t\t\t\t\t\t\t\t\t<span class=\"elementor-toggle-icon elementor-toggle-icon-right\" aria-hidden=\"true\">\n\t\t\t\t\t\t\t\t\t\t\t\t\t\t\t<span class=\"elementor-toggle-icon-closed\"><i class=\"fas fa-plus\"><\/i><\/span>\n\t\t\t\t\t\t\t\t<span class=\"elementor-toggle-icon-opened\"><i class=\"elementor-toggle-icon-opened fas fa-minus\"><\/i><\/span>\n\t\t\t\t\t\t\t\t\t\t\t\t\t<\/span>\n\t\t\t\t\t\t\t\t\t\t\t\t<a class=\"elementor-toggle-title\" tabindex=\"0\">Ce este ciclul devenirii \u0219i al trecerii?<\/a>\n\t\t\t\t\t<\/div>\n\n\t\t\t\t\t<div id=\"elementor-tab-content-1653\" class=\"elementor-tab-content elementor-clearfix\" data-tab=\"3\" role=\"region\" aria-labelledby=\"elementor-tab-title-1653\"><p>Dac\u0103 se creeaz\u0103 \u00een mod constant bani noi, ace\u0219tia trebuie s\u0103 piar\u0103 din nou. \u00cen caz contrar, masa monetar\u0103 ar cre\u0219te \u0219i ar cre\u0219te, iar acest lucru ar duce la infla\u021bie. Ciclul devenirii \u0219i al pierzaniei este o lege natural\u0103 \u0219i nu poate fi eludat. Infla\u021bia, de exemplu, ar fi o impermanen\u021b\u0103 involuntar\u0103. \u0218tiind acest lucru, ne planific\u0103m imediat pentru impermanen\u021b\u0103. Impermanen\u021ba planificat\u0103 de Gradido este de 50 % pe an. Asem\u0103n\u0103tor unei rate negative a dob\u00e2nzii, efemeritatea este continu\u0103 \u0219i se deduce din soldul contului o dat\u0103 pe lun\u0103.<\/p><\/div>\n\t\t\t\t<\/div>\n\t\t\t\t\t\t\t<div class=\"elementor-toggle-item\">\n\t\t\t\t\t<div id=\"elementor-tab-title-1654\" class=\"elementor-tab-title\" data-tab=\"4\" role=\"button\" aria-controls=\"elementor-tab-content-1654\" aria-expanded=\"false\">\n\t\t\t\t\t\t\t\t\t\t\t\t<span class=\"elementor-toggle-icon elementor-toggle-icon-right\" aria-hidden=\"true\">\n\t\t\t\t\t\t\t\t\t\t\t\t\t\t\t<span class=\"elementor-toggle-icon-closed\"><i class=\"fas fa-plus\"><\/i><\/span>\n\t\t\t\t\t\t\t\t<span class=\"elementor-toggle-icon-opened\"><i class=\"elementor-toggle-icon-opened fas fa-minus\"><\/i><\/span>\n\t\t\t\t\t\t\t\t\t\t\t\t\t<\/span>\n\t\t\t\t\t\t\t\t\t\t\t\t<a class=\"elementor-toggle-title\" tabindex=\"0\">De ce este at\u00e2t de mare tranzitivitatea? <\/a>\n\t\t\t\t\t<\/div>\n\n\t\t\t\t\t<div id=\"elementor-tab-content-1654\" class=\"elementor-tab-content elementor-clearfix\" data-tab=\"4\" role=\"region\" aria-labelledby=\"elementor-tab-title-1654\"><p>Nivelul de tranzitivitate rezult\u0103 din ciclul de devenire \u0219i de dispari\u021bie, care, ca sistem de autoreglare, asigur\u0103 o ofert\u0103 constant\u0103 de bani.<\/p><p>\u00cen sistemul extins al lui Gradido, pe l\u00e2ng\u0103 venitul de baz\u0103, bugetul de stat sau al comunit\u0103\u021bii (inclusiv cel de s\u0103n\u0103tate) \u0219i fondul de egalizare \u0219i de mediu AUF sunt finan\u021bate exclusiv prin crearea de bani. Nu are nevoie nici de taxe \u0219i nici de alte impozite. Acest lucru este unic pentru Gradido.<\/p><p>Masa monetar\u0103 pe cap de locuitor se stabilizeaz\u0103 automat la valoarea la care crearea a 3 000 GDD \u0219i tranzitivitatea se echilibreaz\u0103 reciproc. Cu o perisabilitate a unui bun de 5%, masa monetar\u0103 medie pe cap de locuitor este, \u00een mod logic, pu\u021bin sub 60.000 GDD (5% din 60.000 = 3.000 ).<\/p><p>Acest lucru, la r\u00e2ndul s\u0103u, duce la un sold total care corespunde aproximativ situa\u021biei din Germania \u00eenainte de criza financiar\u0103 din 2007\/2008 \u0219i ne permite s\u0103 ne a\u0219tept\u0103m la un nivel al pre\u021burilor corespunz\u0103tor.<\/p><\/div>\n\t\t\t\t<\/div>\n\t\t\t\t\t\t\t<div class=\"elementor-toggle-item\">\n\t\t\t\t\t<div id=\"elementor-tab-title-1655\" class=\"elementor-tab-title\" data-tab=\"5\" role=\"button\" aria-controls=\"elementor-tab-content-1655\" aria-expanded=\"false\">\n\t\t\t\t\t\t\t\t\t\t\t\t<span class=\"elementor-toggle-icon elementor-toggle-icon-right\" aria-hidden=\"true\">\n\t\t\t\t\t\t\t\t\t\t\t\t\t\t\t<span class=\"elementor-toggle-icon-closed\"><i class=\"fas fa-plus\"><\/i><\/span>\n\t\t\t\t\t\t\t\t<span class=\"elementor-toggle-icon-opened\"><i class=\"elementor-toggle-icon-opened fas fa-minus\"><\/i><\/span>\n\t\t\t\t\t\t\t\t\t\t\t\t\t<\/span>\n\t\t\t\t\t\t\t\t\t\t\t\t<a class=\"elementor-toggle-title\" tabindex=\"0\">Cum se ob\u021bine valoarea 5.61%?<\/a>\n\t\t\t\t\t<\/div>\n\n\t\t\t\t\t<div id=\"elementor-tab-content-1655\" class=\"elementor-tab-content elementor-clearfix\" data-tab=\"5\" role=\"region\" aria-labelledby=\"elementor-tab-title-1655\"><p class=\"p1\">Dac\u0103 \u00eemp\u0103r\u021bi\u021bi 50 % la 12, ve\u021bi ob\u021bine 4,17. Dar procentul trebuie s\u0103 fie mai mare, deoarece cantitatea de produse perisabile este din ce \u00een ce mai mic\u0103. Tabelul urm\u0103tor arat\u0103 cum un sold al contului de 100 GDD se reduce la 50 GDD \u00een 12 luni, cu o perisabilitate de 5,61%:<\/p><p><img fetchpriority=\"high\" decoding=\"async\" class=\"alignnone size-large wp-image-4645\" src=\"https:\/\/gradido.net\/wp-content\/uploads\/2022\/06\/Verga\u0308nglichkeitsberechnung-1024x765.png\" alt=\"\" width=\"800\" height=\"598\" srcset=\"https:\/\/gradido.net\/wp-content\/uploads\/2022\/06\/Verga\u0308nglichkeitsberechnung-1024x765.png 1024w, https:\/\/gradido.net\/wp-content\/uploads\/2022\/06\/Verga\u0308nglichkeitsberechnung-300x224.png 300w, https:\/\/gradido.net\/wp-content\/uploads\/2022\/06\/Verga\u0308nglichkeitsberechnung-768x574.png 768w, https:\/\/gradido.net\/wp-content\/uploads\/2022\/06\/Verga\u0308nglichkeitsberechnung-16x12.png 16w, https:\/\/gradido.net\/wp-content\/uploads\/2022\/06\/Verga\u0308nglichkeitsberechnung.png 1098w\" sizes=\"(max-width: 800px) 100vw, 800px\" \/><\/p><\/div>\n\t\t\t\t<\/div>\n\t\t\t\t\t\t\t<div class=\"elementor-toggle-item\">\n\t\t\t\t\t<div id=\"elementor-tab-title-1656\" class=\"elementor-tab-title\" data-tab=\"6\" role=\"button\" aria-controls=\"elementor-tab-content-1656\" aria-expanded=\"false\">\n\t\t\t\t\t\t\t\t\t\t\t\t<span class=\"elementor-toggle-icon elementor-toggle-icon-right\" aria-hidden=\"true\">\n\t\t\t\t\t\t\t\t\t\t\t\t\t\t\t<span class=\"elementor-toggle-icon-closed\"><i class=\"fas fa-plus\"><\/i><\/span>\n\t\t\t\t\t\t\t\t<span class=\"elementor-toggle-icon-opened\"><i class=\"elementor-toggle-icon-opened fas fa-minus\"><\/i><\/span>\n\t\t\t\t\t\t\t\t\t\t\t\t\t<\/span>\n\t\t\t\t\t\t\t\t\t\t\t\t<a class=\"elementor-toggle-title\" tabindex=\"0\">De ce este Gradido un sistem de autoreglementare?<\/a>\n\t\t\t\t\t<\/div>\n\n\t\t\t\t\t<div id=\"elementor-tab-content-1656\" class=\"elementor-tab-content elementor-clearfix\" data-tab=\"6\" role=\"region\" aria-labelledby=\"elementor-tab-title-1656\"><p>Suma total\u0103 de bani la Gradido se autoajusteaz\u0103 la valoarea \u00een care crea\u021bia lunar\u0103 de bani este exact egal\u0103 cu perisabilitatea lunar\u0103. Aceasta reprezint\u0103 o medie de aproximativ 54.000 de Gradido pe cap de locuitor. \u00cen Germania (82 de milioane de cet\u0103\u021beni), suma total\u0103 din Gradido este aproximativ egal\u0103 cu suma total\u0103 a tuturor soldurilor de credit \u00een 2007 (\u00eenainte de criza financiar\u0103). Masa monetar\u0103 nu poate fi manipulat\u0103 \u0219i nici nu se pot forma bule financiare.<\/p><\/div>\n\t\t\t\t<\/div>\n\t\t\t\t\t\t\t<div class=\"elementor-toggle-item\">\n\t\t\t\t\t<div id=\"elementor-tab-title-1657\" class=\"elementor-tab-title\" data-tab=\"7\" role=\"button\" aria-controls=\"elementor-tab-content-1657\" aria-expanded=\"false\">\n\t\t\t\t\t\t\t\t\t\t\t\t<span class=\"elementor-toggle-icon elementor-toggle-icon-right\" aria-hidden=\"true\">\n\t\t\t\t\t\t\t\t\t\t\t\t\t\t\t<span class=\"elementor-toggle-icon-closed\"><i class=\"fas fa-plus\"><\/i><\/span>\n\t\t\t\t\t\t\t\t<span class=\"elementor-toggle-icon-opened\"><i class=\"elementor-toggle-icon-opened fas fa-minus\"><\/i><\/span>\n\t\t\t\t\t\t\t\t\t\t\t\t\t<\/span>\n\t\t\t\t\t\t\t\t\t\t\t\t<a class=\"elementor-toggle-title\" tabindex=\"0\">Cum vor evolua pre\u021burile la Gradido?<\/a>\n\t\t\t\t\t<\/div>\n\n\t\t\t\t\t<div id=\"elementor-tab-content-1657\" class=\"elementor-tab-content elementor-clearfix\" data-tab=\"7\" role=\"region\" aria-labelledby=\"elementor-tab-title-1657\"><p>Deoarece masa monetar\u0103 pe cap de locuitor \u00een Gradido este aproximativ aceea\u0219i cu masa monetar\u0103 \u00een euro din Europa Central\u0103 \u00een 2007, putem presupune c\u0103 pre\u021burile vor fi, de asemenea, aproximativ la fel ca pre\u021burile din Europa Central\u0103 \u00een 2007. Produsele ecologice sunt subven\u021bionate de Fondul de compensare \u0219i de mediu. Prin urmare, acestea vor fi semnificativ mai ieftine dec\u00e2t produsele comparabile d\u0103un\u0103toare mediului.<\/p><\/div>\n\t\t\t\t<\/div>\n\t\t\t\t\t\t\t<div class=\"elementor-toggle-item\">\n\t\t\t\t\t<div id=\"elementor-tab-title-1658\" class=\"elementor-tab-title\" data-tab=\"8\" role=\"button\" aria-controls=\"elementor-tab-content-1658\" aria-expanded=\"false\">\n\t\t\t\t\t\t\t\t\t\t\t\t<span class=\"elementor-toggle-icon elementor-toggle-icon-right\" aria-hidden=\"true\">\n\t\t\t\t\t\t\t\t\t\t\t\t\t\t\t<span class=\"elementor-toggle-icon-closed\"><i class=\"fas fa-plus\"><\/i><\/span>\n\t\t\t\t\t\t\t\t<span class=\"elementor-toggle-icon-opened\"><i class=\"elementor-toggle-icon-opened fas fa-minus\"><\/i><\/span>\n\t\t\t\t\t\t\t\t\t\t\t\t\t<\/span>\n\t\t\t\t\t\t\t\t\t\t\t\t<a class=\"elementor-toggle-title\" tabindex=\"0\">Ce forme de guvernare sunt potrivite pentru Gradido?<\/a>\n\t\t\t\t\t<\/div>\n\n\t\t\t\t\t<div id=\"elementor-tab-content-1658\" class=\"elementor-tab-content elementor-clearfix\" data-tab=\"8\" role=\"region\" aria-labelledby=\"elementor-tab-title-1658\"><p>Gradido nu face nicio precizare cu privire la forma de guvern\u0103m\u00e2nt. Orice form\u0103 de guvernare este potrivit\u0103 pentru Gradido.<\/p><\/div>\n\t\t\t\t<\/div>\n\t\t\t\t\t\t\t<div class=\"elementor-toggle-item\">\n\t\t\t\t\t<div id=\"elementor-tab-title-1659\" class=\"elementor-tab-title\" data-tab=\"9\" role=\"button\" aria-controls=\"elementor-tab-content-1659\" aria-expanded=\"false\">\n\t\t\t\t\t\t\t\t\t\t\t\t<span class=\"elementor-toggle-icon elementor-toggle-icon-right\" aria-hidden=\"true\">\n\t\t\t\t\t\t\t\t\t\t\t\t\t\t\t<span class=\"elementor-toggle-icon-closed\"><i class=\"fas fa-plus\"><\/i><\/span>\n\t\t\t\t\t\t\t\t<span class=\"elementor-toggle-icon-opened\"><i class=\"elementor-toggle-icon-opened fas fa-minus\"><\/i><\/span>\n\t\t\t\t\t\t\t\t\t\t\t\t\t<\/span>\n\t\t\t\t\t\t\t\t\t\t\t\t<a class=\"elementor-toggle-title\" tabindex=\"0\">De ce Gradido nu are nevoie de suport de aur?<\/a>\n\t\t\t\t\t<\/div>\n\n\t\t\t\t\t<div id=\"elementor-tab-content-1659\" class=\"elementor-tab-content elementor-clearfix\" data-tab=\"9\" role=\"region\" aria-labelledby=\"elementor-tab-title-1659\"><p>\u00cen afar\u0103 de faptul c\u0103 nu mai exist\u0103 de mult timp garan\u021bia \u00een aur, nici pentru Gradido nu este necesar\u0103 o astfel de garan\u021bie. Gradido este un sistem de autoreglementare, iar masa monetar\u0103 este stabil\u0103.<\/p><\/div>\n\t\t\t\t<\/div>\n\t\t\t\t\t\t\t<div class=\"elementor-toggle-item\">\n\t\t\t\t\t<div id=\"elementor-tab-title-16510\" class=\"elementor-tab-title\" data-tab=\"10\" role=\"button\" aria-controls=\"elementor-tab-content-16510\" aria-expanded=\"false\">\n\t\t\t\t\t\t\t\t\t\t\t\t<span class=\"elementor-toggle-icon elementor-toggle-icon-right\" aria-hidden=\"true\">\n\t\t\t\t\t\t\t\t\t\t\t\t\t\t\t<span class=\"elementor-toggle-icon-closed\"><i class=\"fas fa-plus\"><\/i><\/span>\n\t\t\t\t\t\t\t\t<span class=\"elementor-toggle-icon-opened\"><i class=\"elementor-toggle-icon-opened fas fa-minus\"><\/i><\/span>\n\t\t\t\t\t\t\t\t\t\t\t\t\t<\/span>\n\t\t\t\t\t\t\t\t\t\t\t\t<a class=\"elementor-toggle-title\" tabindex=\"0\">Este Gradido posibil ca bani lichizi?<\/a>\n\t\t\t\t\t<\/div>\n\n\t\t\t\t\t<div id=\"elementor-tab-content-16510\" class=\"elementor-tab-content elementor-clearfix\" data-tab=\"10\" role=\"region\" aria-labelledby=\"elementor-tab-title-16510\"><p>Da! Gradido este compatibil cu toate metodele de plat\u0103, at\u00e2t electronice, c\u00e2t \u0219i \u00een numerar.<\/p><p>Mai multe \u00een <a href=\"https:\/\/gradido.net\/ro\/der-dankbar-kommt-gradido-in-scheinen\/\">acest articol<\/a><\/p><\/div>\n\t\t\t\t<\/div>\n\t\t\t\t\t\t\t<div class=\"elementor-toggle-item\">\n\t\t\t\t\t<div id=\"elementor-tab-title-16511\" class=\"elementor-tab-title\" data-tab=\"11\" role=\"button\" aria-controls=\"elementor-tab-content-16511\" aria-expanded=\"false\">\n\t\t\t\t\t\t\t\t\t\t\t\t<span class=\"elementor-toggle-icon elementor-toggle-icon-right\" aria-hidden=\"true\">\n\t\t\t\t\t\t\t\t\t\t\t\t\t\t\t<span class=\"elementor-toggle-icon-closed\"><i class=\"fas fa-plus\"><\/i><\/span>\n\t\t\t\t\t\t\t\t<span class=\"elementor-toggle-icon-opened\"><i class=\"elementor-toggle-icon-opened fas fa-minus\"><\/i><\/span>\n\t\t\t\t\t\t\t\t\t\t\t\t\t<\/span>\n\t\t\t\t\t\t\t\t\t\t\t\t<a class=\"elementor-toggle-title\" tabindex=\"0\">Cum se poate economisi, cum func\u021bioneaz\u0103 investi\u021biile, \u00eemprumuturile \u0219i investi\u021biile financiare?<\/a>\n\t\t\t\t\t<\/div>\n\n\t\t\t\t\t<div id=\"elementor-tab-content-16511\" class=\"elementor-tab-content elementor-clearfix\" data-tab=\"11\" role=\"region\" aria-labelledby=\"elementor-tab-title-16511\"><p class=\"p1\">Economiile, \u00eemprumuturile, investi\u021biile sunt cuvinte diferite pentru unul \u0219i acela\u0219i lucru. Investi\u021biile mai mari func\u021bioneaz\u0103 la Gradido - ca \u0219i \u00een sistemul monetar actual, de altfel - prin \u00eemprumuturi \u0219i investi\u021bii. Acestea sunt f\u0103r\u0103 dob\u00e2nd\u0103 la Gradido. Datorit\u0103 tranzitivit\u0103\u021bii, ambele p\u0103r\u021bi, at\u00e2t creditorul, c\u00e2t \u0219i \u00eemprumutatul, au mari avantaje:<br \/><br \/>\u00cemprumut\u0103torul sau economistul \u00ee\u0219i poate primi valoarea, adic\u0103 prime\u0219te \u00eenapoi aceea\u0219i sum\u0103 de Gradido la momentul convenit.<br \/><br \/>\u00cemprumutatul prime\u0219te un \u00eemprumut f\u0103r\u0103 dob\u00e2nd\u0103.<\/p><p class=\"p1\"><strong>Exemplul 1 Investi\u021bie prin credit:<\/strong><br \/>Dori\u021bi s\u0103 cump\u0103ra\u021bi o ma\u0219in\u0103 pe credit care cost\u0103 50.000 GDD.<br \/>Lua\u021bi un \u00eemprumut f\u0103r\u0103 dob\u00e2nd\u0103 de 50.000 GDD, pe care \u00eel rambursa\u021bi, s\u0103 zicem, \u00een 50 de luni, la c\u00e2te 1000 GDD fiecare:<\/p><p class=\"p1\"><strong>Exemplul 2:<\/strong><br \/>Vrei s\u0103 economise\u0219ti pentru o ma\u0219in\u0103.<br \/>Oferi\u021bi \u00eemprumuturi f\u0103r\u0103 dob\u00e2nd\u0103 altora care vor acum s\u0103 fac\u0103 investi\u021bii. Acest proces se nume\u0219te \"economisire\".<\/p><p class=\"p1\">Totul poate fi gestionat \u00een mod convenabil - a\u0219a cum se \u00eent\u00e2mpl\u0103 acum - prin intermediul institu\u021biilor de credit, care se ocup\u0103 de tot \u0219i percep un comision rezonabil pentru aceasta.<\/p><\/div>\n\t\t\t\t<\/div>\n\t\t\t\t\t\t\t\t<\/div>\n\t\t\t\t\t\t<\/div>\n\t\t\t\t<\/div>\n\t\t\t\t<div class=\"elementor-element elementor-element-034198c elementor-widget elementor-widget-heading\" data-id=\"034198c\" data-element_type=\"widget\" data-e-type=\"widget\" data-widget_type=\"heading.default\">\n\t\t\t\t<div class=\"elementor-widget-container\">\n\t\t\t\t\t<h3 class=\"elementor-heading-title elementor-size-default\">Crearea banilor \u0219i venitul de baz\u0103<\/h3>\t\t\t\t<\/div>\n\t\t\t\t<\/div>\n\t\t\t\t<div class=\"elementor-element elementor-element-3c7b178 elementor-widget elementor-widget-toggle\" data-id=\"3c7b178\" data-element_type=\"widget\" data-e-type=\"widget\" data-widget_type=\"toggle.default\">\n\t\t\t\t<div class=\"elementor-widget-container\">\n\t\t\t\t\t\t\t<div class=\"elementor-toggle\">\n\t\t\t\t\t\t\t<div class=\"elementor-toggle-item\">\n\t\t\t\t\t<div id=\"elementor-tab-title-6341\" class=\"elementor-tab-title\" data-tab=\"1\" role=\"button\" aria-controls=\"elementor-tab-content-6341\" aria-expanded=\"false\">\n\t\t\t\t\t\t\t\t\t\t\t\t<span class=\"elementor-toggle-icon elementor-toggle-icon-right\" aria-hidden=\"true\">\n\t\t\t\t\t\t\t\t\t\t\t\t\t\t\t<span class=\"elementor-toggle-icon-closed\"><i class=\"fas fa-plus\"><\/i><\/span>\n\t\t\t\t\t\t\t\t<span class=\"elementor-toggle-icon-opened\"><i class=\"elementor-toggle-icon-opened fas fa-minus\"><\/i><\/span>\n\t\t\t\t\t\t\t\t\t\t\t\t\t<\/span>\n\t\t\t\t\t\t\t\t\t\t\t\t<a class=\"elementor-toggle-title\" tabindex=\"0\">De unde provin Gradidos?<\/a>\n\t\t\t\t\t<\/div>\n\n\t\t\t\t\t<div id=\"elementor-tab-content-6341\" class=\"elementor-tab-content elementor-clearfix\" data-tab=\"1\" role=\"region\" aria-labelledby=\"elementor-tab-title-6341\"><p>Pentru a putea r\u0103spunde la aceast\u0103 \u00eentrebare, s\u0103 ne \u00eentreb\u0103m mai \u00eent\u00e2i: de unde provin banii pe care \u00eei avem p\u00e2n\u0103 acum? Cum se creeaz\u0103 euro, dolarul, yenul etc.?<\/p><p>R\u0103spunsul este pe c\u00e2t de simplu, pe at\u00e2t de gr\u0103itor: banii pe care \u00eei avem p\u00e2n\u0103 acum sunt crea\u021bi din nimic, prin datorii. Banii nu sunt altceva dec\u00e2t numere de calculator \u00een baze de date. Pentru fiecare euro de credit \u00een cont (num\u0103r pozitiv \u00eentr-o baz\u0103 de date), aceea\u0219i sum\u0103 de euro trebuie s\u0103 apar\u0103 neap\u0103rat \u00eentr-un alt cont (num\u0103r negativ \u00eentr-o baz\u0103 de date). Pentru aceste cifre din bazele de date, se poart\u0103 r\u0103zboaie, oamenii sunt \u00eempin\u0219i \u00een s\u0103r\u0103cie, mediul \u00eenconjur\u0103tor este distrus etc. - vechiul sistem monetar este un joc cu sum\u0103 nul\u0103 care produce \u00eenvin\u0219i \u00een majoritate.<\/p><p>Gradido sunt, de asemenea, \u00eenregistrate ca numere \u00een bazele de date, dar \u00een conformitate cu reguli diferite. Gradido este un joc de tip plus-sum. Exist\u0103 doar solduri pozitive ale conturilor. \u00cen Gradido, banii sunt crea\u021bi pentru fiecare persoan\u0103 ca un sold creditor, f\u0103r\u0103 a crea datorii. Pe cap de locuitor, se creeaz\u0103 3 \u00d7 1000 Gradido: c\u00e2te 1000 Gradido pentru venitul de baz\u0103, bugetul na\u021bional \u0219i fondul de egalizare \u0219i de mediu. Numim acest lucru tripla creare de bani. Deoarece Gradido este un joc de tip plus-sum, toat\u0103 lumea c\u00e2\u0219tig\u0103.<\/p><\/div>\n\t\t\t\t<\/div>\n\t\t\t\t\t\t\t<div class=\"elementor-toggle-item\">\n\t\t\t\t\t<div id=\"elementor-tab-title-6342\" class=\"elementor-tab-title\" data-tab=\"2\" role=\"button\" aria-controls=\"elementor-tab-content-6342\" aria-expanded=\"false\">\n\t\t\t\t\t\t\t\t\t\t\t\t<span class=\"elementor-toggle-icon elementor-toggle-icon-right\" aria-hidden=\"true\">\n\t\t\t\t\t\t\t\t\t\t\t\t\t\t\t<span class=\"elementor-toggle-icon-closed\"><i class=\"fas fa-plus\"><\/i><\/span>\n\t\t\t\t\t\t\t\t<span class=\"elementor-toggle-icon-opened\"><i class=\"elementor-toggle-icon-opened fas fa-minus\"><\/i><\/span>\n\t\t\t\t\t\t\t\t\t\t\t\t\t<\/span>\n\t\t\t\t\t\t\t\t\t\t\t\t<a class=\"elementor-toggle-title\" tabindex=\"0\">De unde provine venitul de baz\u0103?<\/a>\n\t\t\t\t\t<\/div>\n\n\t\t\t\t\t<div id=\"elementor-tab-content-6342\" class=\"elementor-tab-content elementor-clearfix\" data-tab=\"2\" role=\"region\" aria-labelledby=\"elementor-tab-title-6342\"><p>Venitul de baz\u0103 pentru toat\u0103 lumea este un element sistemic al Gradido. Venitul de baz\u0103 provine din tripla creare a banilor (a se vedea \u00eentrebarea \"De unde provin Gradidos?\").<\/p><\/div>\n\t\t\t\t<\/div>\n\t\t\t\t\t\t\t<div class=\"elementor-toggle-item\">\n\t\t\t\t\t<div id=\"elementor-tab-title-6343\" class=\"elementor-tab-title\" data-tab=\"3\" role=\"button\" aria-controls=\"elementor-tab-content-6343\" aria-expanded=\"false\">\n\t\t\t\t\t\t\t\t\t\t\t\t<span class=\"elementor-toggle-icon elementor-toggle-icon-right\" aria-hidden=\"true\">\n\t\t\t\t\t\t\t\t\t\t\t\t\t\t\t<span class=\"elementor-toggle-icon-closed\"><i class=\"fas fa-plus\"><\/i><\/span>\n\t\t\t\t\t\t\t\t<span class=\"elementor-toggle-icon-opened\"><i class=\"elementor-toggle-icon-opened fas fa-minus\"><\/i><\/span>\n\t\t\t\t\t\t\t\t\t\t\t\t\t<\/span>\n\t\t\t\t\t\t\t\t\t\t\t\t<a class=\"elementor-toggle-title\" tabindex=\"0\">Care este diferen\u021ba dintre venitul de baz\u0103 activ \u0219i cel necondi\u021bionat?<\/a>\n\t\t\t\t\t<\/div>\n\n\t\t\t\t\t<div id=\"elementor-tab-content-6343\" class=\"elementor-tab-content elementor-clearfix\" data-tab=\"3\" role=\"region\" aria-labelledby=\"elementor-tab-title-6343\"><p>Venitul de baz\u0103 necondi\u021bionat este pl\u0103tit tuturor celor care au dreptul la el, conform principiului stropitorului, f\u0103r\u0103 a fi nevoie de nimic \u00een schimb.<\/p>\n<p>Venitul de baz\u0103 activ reprezint\u0103 mul\u021bumirea comunit\u0103\u021bii pentru participarea necondi\u021bionat\u0103: fiecare persoan\u0103 are dreptul de a contribui la comunitate \u00een func\u021bie de darurile (\u00eenclina\u021biile \u0219i abilit\u0103\u021bile sale). Recompensa este de 20 de grada\u021bii pe or\u0103 p\u00e2n\u0103 la un maxim de 50 de ore pe lun\u0103, adic\u0103 un maxim de 1000 de grada\u021bii pe lun\u0103. Cei care nu pot contribui din cauza v\u00e2rstei sau a st\u0103rii de s\u0103n\u0103tate primesc venitul de baz\u0103 necondi\u021bionat.<\/p>\n<p>La Gradido prefer\u0103m venitul de baz\u0103 activ.<\/p><\/div>\n\t\t\t\t<\/div>\n\t\t\t\t\t\t\t<div class=\"elementor-toggle-item\">\n\t\t\t\t\t<div id=\"elementor-tab-title-6344\" class=\"elementor-tab-title\" data-tab=\"4\" role=\"button\" aria-controls=\"elementor-tab-content-6344\" aria-expanded=\"false\">\n\t\t\t\t\t\t\t\t\t\t\t\t<span class=\"elementor-toggle-icon elementor-toggle-icon-right\" aria-hidden=\"true\">\n\t\t\t\t\t\t\t\t\t\t\t\t\t\t\t<span class=\"elementor-toggle-icon-closed\"><i class=\"fas fa-plus\"><\/i><\/span>\n\t\t\t\t\t\t\t\t<span class=\"elementor-toggle-icon-opened\"><i class=\"elementor-toggle-icon-opened fas fa-minus\"><\/i><\/span>\n\t\t\t\t\t\t\t\t\t\t\t\t\t<\/span>\n\t\t\t\t\t\t\t\t\t\t\t\t<a class=\"elementor-toggle-title\" tabindex=\"0\">Cum r\u0103m\u00e2ne cu copiii, bolnavii \u0219i b\u0103tr\u00e2nii?<\/a>\n\t\t\t\t\t<\/div>\n\n\t\t\t\t\t<div id=\"elementor-tab-content-6344\" class=\"elementor-tab-content elementor-clearfix\" data-tab=\"4\" role=\"region\" aria-labelledby=\"elementor-tab-title-6344\"><div>Participarea necondi\u021bionat\u0103 serve\u0219te \u00een primul r\u00e2nd la dezvoltarea poten\u021bialului. Prin urmare, fiecare persoan\u0103 are dreptul de a contribui la comunitate cu darurile sale, adic\u0103 cu ceea ce face bine \u0219i ceea ce \u00eei place s\u0103 fac\u0103.<\/div><div>\u00a0<\/div><div>O mam\u0103 contribuie mai mult dec\u00e2t suficient la comunitate prin simplul fapt c\u0103 aduce pe lume copii \u0219i \u00eei \u00eenso\u021be\u0219te \u00een via\u021b\u0103 \u0219i prime\u0219te venitul s\u0103u de baz\u0103 activ.<\/div><div>\u00a0<\/div><div>Un copil \u00ee\u0219i \u00eenc\u00e2nt\u0103 semenii prin fiin\u021ba sa \u0219i prime\u0219te, de asemenea, un venit de baz\u0103.<\/div><div>\u00a0<\/div><div>De la o anumit\u0103 v\u00e2rst\u0103, copiii pot contribui la comunitate \u00een felul lor. De obicei, ei sunt foarte bucuro\u0219i s\u0103 fac\u0103 acest lucru, pentru c\u0103 nu vor doar s\u0103 se \u201cjoace\u201d, ci vor s\u0103 fie o parte egal\u0103 a comunit\u0103\u021bii. Se pot organiza proiecte adecvate \u00een centrele de zi \u0219i \u00een \u0219coli, de exemplu.<\/div><div>\u00a0<\/div><div>De exemplu, o mam\u0103 cu 3 copii ar avea deja la dispozi\u021bie 4 000 GDD pe lun\u0103. Dac\u0103 are timp \u0219i dore\u0219te, poate c\u00e2\u0219tiga mai mult f\u0103r\u0103 a pl\u0103ti impozite.<\/div><div>\u00a0<\/div><div>Persoanele active pot prefera s\u0103 se dedice \u00een \u00eentregime profesiei lor \u0219i s\u0103 renun\u021be la venitul de baz\u0103 activ.<\/div><div>\u00a0<\/div><div>B\u0103tr\u00e2nii sufer\u0103 adesea de singur\u0103tate \u00een sistemul vechi. \u0218i totu\u0219i, au \u00eenc\u0103 at\u00e2t de multe de dat! Ei vor s\u0103 fie necesari. Acest lucru le \u00eent\u0103re\u0219te dorin\u021ba de a tr\u0103i \u0219i le men\u021bine s\u0103n\u0103tatea.<\/div><div>\u00a0<\/div><div>Chiar \u0219i persoanele bolnave pot (\u0219i, \u00een general, doresc) s\u0103 contribuie. Acest lucru le \u00eent\u0103re\u0219te \u00eencrederea \u00een sine, \u00eei men\u021bine \u00een form\u0103 din punct de vedere mental \u0219i le spore\u0219te puterea de autovindecare. Acesta este, de asemenea, unul dintre motivele pentru care persoanele care desf\u0103\u0219oar\u0103 activit\u0103\u021bi independente sunt mult mai rar bolnave dec\u00e2t angaja\u021bii.<\/div><div>\u00a0<\/div><div>\u0218i, bine\u00een\u021beles, cei care nu pot contribui deloc \u00ee\u0219i vor primi venitul de baz\u0103 \u00een acela\u0219i mod.<\/div><\/div>\n\t\t\t\t<\/div>\n\t\t\t\t\t\t\t<div class=\"elementor-toggle-item\">\n\t\t\t\t\t<div id=\"elementor-tab-title-6345\" class=\"elementor-tab-title\" data-tab=\"5\" role=\"button\" aria-controls=\"elementor-tab-content-6345\" aria-expanded=\"false\">\n\t\t\t\t\t\t\t\t\t\t\t\t<span class=\"elementor-toggle-icon elementor-toggle-icon-right\" aria-hidden=\"true\">\n\t\t\t\t\t\t\t\t\t\t\t\t\t\t\t<span class=\"elementor-toggle-icon-closed\"><i class=\"fas fa-plus\"><\/i><\/span>\n\t\t\t\t\t\t\t\t<span class=\"elementor-toggle-icon-opened\"><i class=\"elementor-toggle-icon-opened fas fa-minus\"><\/i><\/span>\n\t\t\t\t\t\t\t\t\t\t\t\t\t<\/span>\n\t\t\t\t\t\t\t\t\t\t\t\t<a class=\"elementor-toggle-title\" tabindex=\"0\">Cine va mai lucra atunci?<\/a>\n\t\t\t\t\t<\/div>\n\n\t\t\t\t\t<div id=\"elementor-tab-content-6345\" class=\"elementor-tab-content elementor-clearfix\" data-tab=\"5\" role=\"region\" aria-labelledby=\"elementor-tab-title-6345\"><p>\u00cen contextul venitului de baz\u0103 necondi\u021bionat, au fost efectuate sondaje care au ar\u0103tat c\u0103 majoritatea oamenilor doresc s\u0103 continue s\u0103 lucreze chiar \u0219i cu un venit de baz\u0103 necondi\u021bionat. \u00cen unele cazuri, ace\u0219tia ar lucra \u00eentr-un mod diferit de cel actual, \u00een func\u021bie de c\u00e2t de mult le place munca lor actual\u0103.<\/p><p>Cu toate acestea, oponen\u021bii unui venit de baz\u0103 necondi\u021bionat au \u00eendoieli cu privire la veridicitatea acestei afirma\u021bii \u0219i la faptul c\u0103 un venit de baz\u0103 necondi\u021bionat ar produce \u00eentr-adev\u0103r suficient.<\/p><p>Conceptul de venit de baz\u0103 activ ia \u00een considerare aceste \u00eendoieli \u0219i ar putea fi astfel un numitor comun pentru sus\u021bin\u0103torii \u0219i oponen\u021bii venitului de baz\u0103 necondi\u021bionat. Cu venitul de baz\u0103 activ, toat\u0103 lumea contribuie la comunitate. Aceasta \u00eenseamn\u0103 c\u0103 fiecare lucreaz\u0103 c\u00e2teva ore pentru comunitate pentru a primi venitul de baz\u0103 activ.<\/p><\/div>\n\t\t\t\t<\/div>\n\t\t\t\t\t\t\t<div class=\"elementor-toggle-item\">\n\t\t\t\t\t<div id=\"elementor-tab-title-6346\" class=\"elementor-tab-title\" data-tab=\"6\" role=\"button\" aria-controls=\"elementor-tab-content-6346\" aria-expanded=\"false\">\n\t\t\t\t\t\t\t\t\t\t\t\t<span class=\"elementor-toggle-icon elementor-toggle-icon-right\" aria-hidden=\"true\">\n\t\t\t\t\t\t\t\t\t\t\t\t\t\t\t<span class=\"elementor-toggle-icon-closed\"><i class=\"fas fa-plus\"><\/i><\/span>\n\t\t\t\t\t\t\t\t<span class=\"elementor-toggle-icon-opened\"><i class=\"elementor-toggle-icon-opened fas fa-minus\"><\/i><\/span>\n\t\t\t\t\t\t\t\t\t\t\t\t\t<\/span>\n\t\t\t\t\t\t\t\t\t\t\t\t<a class=\"elementor-toggle-title\" tabindex=\"0\">Cine va face atunci munca murdar\u0103?<\/a>\n\t\t\t\t\t<\/div>\n\n\t\t\t\t\t<div id=\"elementor-tab-content-6346\" class=\"elementor-tab-content elementor-clearfix\" data-tab=\"6\" role=\"region\" aria-labelledby=\"elementor-tab-title-6346\"><p>Munca nepl\u0103cut\u0103, murdar\u0103 \u0219i periculoas\u0103 este din ce \u00een ce mai mult efectuat\u0103 de ma\u0219ini sau pl\u0103tit\u0103 cu salarii ridicate \u00een consecin\u021b\u0103.<\/p><\/div>\n\t\t\t\t<\/div>\n\t\t\t\t\t\t\t\t<\/div>\n\t\t\t\t\t\t<\/div>\n\t\t\t\t<\/div>\n\t\t\t\t<div class=\"elementor-element elementor-element-21caed7 elementor-widget elementor-widget-heading\" data-id=\"21caed7\" data-element_type=\"widget\" data-e-type=\"widget\" data-widget_type=\"heading.default\">\n\t\t\t\t<div class=\"elementor-widget-container\">\n\t\t\t\t\t<h3 class=\"elementor-heading-title elementor-size-default\">Mediu \u0219i conservarea naturii\n<\/h3>\t\t\t\t<\/div>\n\t\t\t\t<\/div>\n\t\t\t\t<div class=\"elementor-element elementor-element-6c29c99 elementor-widget elementor-widget-toggle\" data-id=\"6c29c99\" data-element_type=\"widget\" data-e-type=\"widget\" data-widget_type=\"toggle.default\">\n\t\t\t\t<div class=\"elementor-widget-container\">\n\t\t\t\t\t\t\t<div class=\"elementor-toggle\">\n\t\t\t\t\t\t\t<div class=\"elementor-toggle-item\">\n\t\t\t\t\t<div id=\"elementor-tab-title-1131\" class=\"elementor-tab-title\" data-tab=\"1\" role=\"button\" aria-controls=\"elementor-tab-content-1131\" aria-expanded=\"false\">\n\t\t\t\t\t\t\t\t\t\t\t\t<span class=\"elementor-toggle-icon elementor-toggle-icon-right\" aria-hidden=\"true\">\n\t\t\t\t\t\t\t\t\t\t\t\t\t\t\t<span class=\"elementor-toggle-icon-closed\"><i class=\"fas fa-plus\"><\/i><\/span>\n\t\t\t\t\t\t\t\t<span class=\"elementor-toggle-icon-opened\"><i class=\"elementor-toggle-icon-opened fas fa-minus\"><\/i><\/span>\n\t\t\t\t\t\t\t\t\t\t\t\t\t<\/span>\n\t\t\t\t\t\t\t\t\t\t\t\t<a class=\"elementor-toggle-title\" tabindex=\"0\">Cum afecteaz\u0103 Gradido mediul \u00eenconjur\u0103tor?<\/a>\n\t\t\t\t\t<\/div>\n\n\t\t\t\t\t<div id=\"elementor-tab-content-1131\" class=\"elementor-tab-content elementor-clearfix\" data-tab=\"1\" role=\"region\" aria-labelledby=\"elementor-tab-title-1131\"><p>Toate elementele Gradido respect\u0103 principiul etic al binelui triplu: binele individului, binele comunit\u0103\u021bii, binele \u00eentregului (mediu \u0219i natur\u0103). \u00cen special, Fondul de egalizare \u0219i de mediu (AUF) este un garant c\u0103 mediul va fi cur\u0103\u021bat \u0219i c\u0103 numai produsele \u0219i serviciile ecologice vor avea \u0219anse pe pia\u021b\u0103.<\/p><\/div>\n\t\t\t\t<\/div>\n\t\t\t\t\t\t\t<div class=\"elementor-toggle-item\">\n\t\t\t\t\t<div id=\"elementor-tab-title-1132\" class=\"elementor-tab-title\" data-tab=\"2\" role=\"button\" aria-controls=\"elementor-tab-content-1132\" aria-expanded=\"false\">\n\t\t\t\t\t\t\t\t\t\t\t\t<span class=\"elementor-toggle-icon elementor-toggle-icon-right\" aria-hidden=\"true\">\n\t\t\t\t\t\t\t\t\t\t\t\t\t\t\t<span class=\"elementor-toggle-icon-closed\"><i class=\"fas fa-plus\"><\/i><\/span>\n\t\t\t\t\t\t\t\t<span class=\"elementor-toggle-icon-opened\"><i class=\"elementor-toggle-icon-opened fas fa-minus\"><\/i><\/span>\n\t\t\t\t\t\t\t\t\t\t\t\t\t<\/span>\n\t\t\t\t\t\t\t\t\t\t\t\t<a class=\"elementor-toggle-title\" tabindex=\"0\">Ce este Fondul de compensare \u0219i de mediu?<\/a>\n\t\t\t\t\t<\/div>\n\n\t\t\t\t\t<div id=\"elementor-tab-content-1132\" class=\"elementor-tab-content elementor-clearfix\" data-tab=\"2\" role=\"region\" aria-labelledby=\"elementor-tab-title-1132\"><p>Fondul de compensare \u0219i de mediu (AUF) este un fond suplimentar la bugetul de stat. Acesta este utilizat pentru reabilitarea \u0219i conservarea naturii \u0219i a mediului. Este la fel de mare ca bugetele na\u021bionale ale tuturor \u021b\u0103rilor participante la modelul Gradido \u0219i, prin urmare, este cel mai mare fond de mediu conceput vreodat\u0103 \u00een istoria omenirii. Printre altele, AUF finan\u021beaz\u0103 conversia \u00eentreprinderilor la produse \u0219i metode de produc\u021bie ecologice sau organice. Acesta subven\u021bioneaz\u0103 produsele \u0219i serviciile de \u00eenalt\u0103 calitate ecologic\u0103, astfel \u00eenc\u00e2t numai acestea s\u0103 aib\u0103 o \u0219ans\u0103 pe pia\u021b\u0103.<\/p><\/div>\n\t\t\t\t<\/div>\n\t\t\t\t\t\t\t<div class=\"elementor-toggle-item\">\n\t\t\t\t\t<div id=\"elementor-tab-title-1133\" class=\"elementor-tab-title\" data-tab=\"3\" role=\"button\" aria-controls=\"elementor-tab-content-1133\" aria-expanded=\"false\">\n\t\t\t\t\t\t\t\t\t\t\t\t<span class=\"elementor-toggle-icon elementor-toggle-icon-right\" aria-hidden=\"true\">\n\t\t\t\t\t\t\t\t\t\t\t\t\t\t\t<span class=\"elementor-toggle-icon-closed\"><i class=\"fas fa-plus\"><\/i><\/span>\n\t\t\t\t\t\t\t\t<span class=\"elementor-toggle-icon-opened\"><i class=\"elementor-toggle-icon-opened fas fa-minus\"><\/i><\/span>\n\t\t\t\t\t\t\t\t\t\t\t\t\t<\/span>\n\t\t\t\t\t\t\t\t\t\t\t\t<a class=\"elementor-toggle-title\" tabindex=\"0\">De ce vor exista doar produse ecologice?<\/a>\n\t\t\t\t\t<\/div>\n\n\t\t\t\t\t<div id=\"elementor-tab-content-1133\" class=\"elementor-tab-content elementor-clearfix\" data-tab=\"3\" role=\"region\" aria-labelledby=\"elementor-tab-title-1133\"><p>Deoarece produsele ecologice sunt subven\u021bionate de Fondul de Egalizare \u0219i Mediu, produsele d\u0103un\u0103toare mediului nu mai au nicio \u0219ans\u0103 \u0219i vor disp\u0103rea de pe pia\u021b\u0103 \u00een scurt timp. Acest lucru nu este \u00een detrimentul companiilor implicate, deoarece acestea sunt sprijinite de AUF \u00een trecerea la produse \u0219i metode de produc\u021bie ecologice.<\/p><\/div>\n\t\t\t\t<\/div>\n\t\t\t\t\t\t\t\t<\/div>\n\t\t\t\t\t\t<\/div>\n\t\t\t\t<\/div>\n\t\t\t\t<div class=\"elementor-element elementor-element-47de3cf elementor-widget elementor-widget-heading\" data-id=\"47de3cf\" data-element_type=\"widget\" data-e-type=\"widget\" data-widget_type=\"heading.default\">\n\t\t\t\t<div class=\"elementor-widget-container\">\n\t\t\t\t\t<h3 class=\"elementor-heading-title elementor-size-default\">For\u021ba de munc\u0103 \u0219i schimb\u0103rile demografice<\/h3>\t\t\t\t<\/div>\n\t\t\t\t<\/div>\n\t\t\t\t<div class=\"elementor-element elementor-element-f7ba6fc elementor-widget elementor-widget-toggle\" data-id=\"f7ba6fc\" data-element_type=\"widget\" data-e-type=\"widget\" data-widget_type=\"toggle.default\">\n\t\t\t\t<div class=\"elementor-widget-container\">\n\t\t\t\t\t\t\t<div class=\"elementor-toggle\">\n\t\t\t\t\t\t\t<div class=\"elementor-toggle-item\">\n\t\t\t\t\t<div id=\"elementor-tab-title-2591\" class=\"elementor-tab-title\" data-tab=\"1\" role=\"button\" aria-controls=\"elementor-tab-content-2591\" aria-expanded=\"false\">\n\t\t\t\t\t\t\t\t\t\t\t\t<span class=\"elementor-toggle-icon elementor-toggle-icon-right\" aria-hidden=\"true\">\n\t\t\t\t\t\t\t\t\t\t\t\t\t\t\t<span class=\"elementor-toggle-icon-closed\"><i class=\"fas fa-plus\"><\/i><\/span>\n\t\t\t\t\t\t\t\t<span class=\"elementor-toggle-icon-opened\"><i class=\"elementor-toggle-icon-opened fas fa-minus\"><\/i><\/span>\n\t\t\t\t\t\t\t\t\t\t\t\t\t<\/span>\n\t\t\t\t\t\t\t\t\t\t\t\t<a class=\"elementor-toggle-title\" tabindex=\"0\">Cum rezolv\u0103 Gradido problema \u0219omajului?<\/a>\n\t\t\t\t\t<\/div>\n\n\t\t\t\t\t<div id=\"elementor-tab-content-2591\" class=\"elementor-tab-content elementor-clearfix\" data-tab=\"1\" role=\"region\" aria-labelledby=\"elementor-tab-title-2591\"><p>Pe m\u0103sur\u0103 ce tot mai multe lucr\u0103ri sunt efectuate de ma\u0219ini, vor exista tot mai pu\u021bine locuri de munc\u0103. Venitul de baz\u0103 se adreseaz\u0103 tuturor. Aceasta creeaz\u0103 timp liber disponibil care poate fi utilizat pentru activit\u0103\u021bi sociale \u0219i umane. \u0218omajul \u00een sensul tradi\u021bional al cuv\u00e2ntului nu va mai exista.<\/p><\/div>\n\t\t\t\t<\/div>\n\t\t\t\t\t\t\t<div class=\"elementor-toggle-item\">\n\t\t\t\t\t<div id=\"elementor-tab-title-2592\" class=\"elementor-tab-title\" data-tab=\"2\" role=\"button\" aria-controls=\"elementor-tab-content-2592\" aria-expanded=\"false\">\n\t\t\t\t\t\t\t\t\t\t\t\t<span class=\"elementor-toggle-icon elementor-toggle-icon-right\" aria-hidden=\"true\">\n\t\t\t\t\t\t\t\t\t\t\t\t\t\t\t<span class=\"elementor-toggle-icon-closed\"><i class=\"fas fa-plus\"><\/i><\/span>\n\t\t\t\t\t\t\t\t<span class=\"elementor-toggle-icon-opened\"><i class=\"elementor-toggle-icon-opened fas fa-minus\"><\/i><\/span>\n\t\t\t\t\t\t\t\t\t\t\t\t\t<\/span>\n\t\t\t\t\t\t\t\t\t\t\t\t<a class=\"elementor-toggle-title\" tabindex=\"0\">Cum rezolv\u0103 Gradido problema muncii nedeclarate?<\/a>\n\t\t\t\t\t<\/div>\n\n\t\t\t\t\t<div id=\"elementor-tab-content-2592\" class=\"elementor-tab-content elementor-clearfix\" data-tab=\"2\" role=\"region\" aria-labelledby=\"elementor-tab-title-2592\"><p>Din moment ce nu mai exist\u0103 taxe la Gradido, prin defini\u021bie nu poate exista munc\u0103 la negru.<\/p><\/div>\n\t\t\t\t<\/div>\n\t\t\t\t\t\t\t<div class=\"elementor-toggle-item\">\n\t\t\t\t\t<div id=\"elementor-tab-title-2593\" class=\"elementor-tab-title\" data-tab=\"3\" role=\"button\" aria-controls=\"elementor-tab-content-2593\" aria-expanded=\"false\">\n\t\t\t\t\t\t\t\t\t\t\t\t<span class=\"elementor-toggle-icon elementor-toggle-icon-right\" aria-hidden=\"true\">\n\t\t\t\t\t\t\t\t\t\t\t\t\t\t\t<span class=\"elementor-toggle-icon-closed\"><i class=\"fas fa-plus\"><\/i><\/span>\n\t\t\t\t\t\t\t\t<span class=\"elementor-toggle-icon-opened\"><i class=\"elementor-toggle-icon-opened fas fa-minus\"><\/i><\/span>\n\t\t\t\t\t\t\t\t\t\t\t\t\t<\/span>\n\t\t\t\t\t\t\t\t\t\t\t\t<a class=\"elementor-toggle-title\" tabindex=\"0\">Cum rezolv\u0103 Gradido problema schimb\u0103rilor demografice?<\/a>\n\t\t\t\t\t<\/div>\n\n\t\t\t\t\t<div id=\"elementor-tab-content-2593\" class=\"elementor-tab-content elementor-clearfix\" data-tab=\"3\" role=\"region\" aria-labelledby=\"elementor-tab-title-2593\"><p>Persoanele \u00een v\u00e2rst\u0103 contribuie, de asemenea, la tripla creare de bani. Prin intermediul venitului de baz\u0103, ace\u0219tia sunt asigura\u021bi \u00een orice moment, chiar dac\u0103 tr\u0103iesc p\u00e2n\u0103 la 150 de ani. \u00cen cadrul unui plan de via\u021b\u0103 flexibil, fiecare persoan\u0103 are posibilitatea de a beneficia de o pensie suplimentar\u0103 pentru limit\u0103 de v\u00e2rst\u0103 \u0219i \u00ee\u0219i poate men\u021bine astfel nivelul de trai, chiar dac\u0103 acesta este semnificativ mai ridicat dec\u00e2t nivelul venitului de baz\u0103.<\/p><\/div>\n\t\t\t\t<\/div>\n\t\t\t\t\t\t\t<div class=\"elementor-toggle-item\">\n\t\t\t\t\t<div id=\"elementor-tab-title-2594\" class=\"elementor-tab-title\" data-tab=\"4\" role=\"button\" aria-controls=\"elementor-tab-content-2594\" aria-expanded=\"false\">\n\t\t\t\t\t\t\t\t\t\t\t\t<span class=\"elementor-toggle-icon elementor-toggle-icon-right\" aria-hidden=\"true\">\n\t\t\t\t\t\t\t\t\t\t\t\t\t\t\t<span class=\"elementor-toggle-icon-closed\"><i class=\"fas fa-plus\"><\/i><\/span>\n\t\t\t\t\t\t\t\t<span class=\"elementor-toggle-icon-opened\"><i class=\"elementor-toggle-icon-opened fas fa-minus\"><\/i><\/span>\n\t\t\t\t\t\t\t\t\t\t\t\t\t<\/span>\n\t\t\t\t\t\t\t\t\t\t\t\t<a class=\"elementor-toggle-title\" tabindex=\"0\">Care este valoarea sau pre\u021bul unei ore de munc\u0103?<\/a>\n\t\t\t\t\t<\/div>\n\n\t\t\t\t\t<div id=\"elementor-tab-content-2594\" class=\"elementor-tab-content elementor-clearfix\" data-tab=\"4\" role=\"region\" aria-labelledby=\"elementor-tab-title-2594\"><div>Auzim adesea concep\u021bia gre\u0219it\u0103 c\u0103 valoarea sau pre\u021bul unei ore de munc\u0103 la Gradido este stabilit la 20 Gradido. Acesta nu este cazul. La Gradido, nu fiecare or\u0103 are aceea\u0219i valoare. Cei 20 de Gradido pe or\u0103 se refer\u0103 doar la contribu\u021biile la binele comun, care genereaz\u0103 un venit de baz\u0103 activ sub form\u0103 de participare necondi\u021bionat\u0103. Fiecare este liber s\u0103 \u00ee\u0219i stabileasc\u0103 propriul tarif orar, deoarece cererea \u0219i oferta determin\u0103 pre\u021bul.<\/div><div>\u00a0<\/div><div>\u00cen plus, toat\u0103 lumea este acoperit\u0103 de venitul de baz\u0103 activ. \u00cen calitate de muzician, de exemplu, preg\u0103tirea concertului dvs. ar putea fi recunoscut\u0103 ca serviciu public dac\u0103 concertul nu genereaz\u0103 un profit corespunz\u0103tor. \u00cen timpul concertului, vizitatorii ar cump\u0103ra probabil bilete, ceea ce ar putea aduce c\u00e2teva sute sau mii de Gradido.<\/div><div>\u00a0<\/div><div><strong>Concluzie:<\/strong> Gradido nu stabile\u0219te nicio regul\u0103 cu privire la pre\u021bul unei ore de munc\u0103, acesta put\u00e2nd fi negociat liber, la fel ca \u00een sistemul actual. Diferen\u021ba este c\u0103 sunte\u021bi mult mai bine protejat, mai ales \u00een calitate de liber profesionist, de exemplu un artist sau un muzician. Chiar dac\u0103 v\u0103 preg\u0103ti\u021bi pentru un an \u00eentreg \u0219i concertele nu sunt bine primite, sunte\u021bi \u00eentotdeauna acoperit de venitul de baz\u0103 activ.<\/div><\/div>\n\t\t\t\t<\/div>\n\t\t\t\t\t\t\t\t<\/div>\n\t\t\t\t\t\t<\/div>\n\t\t\t\t<\/div>\n\t\t\t\t<div class=\"elementor-element elementor-element-28d838f elementor-widget elementor-widget-heading\" data-id=\"28d838f\" data-element_type=\"widget\" data-e-type=\"widget\" data-widget_type=\"heading.default\">\n\t\t\t\t<div class=\"elementor-widget-container\">\n\t\t\t\t\t<h3 class=\"elementor-heading-title elementor-size-default\">Beneficii<\/h3>\t\t\t\t<\/div>\n\t\t\t\t<\/div>\n\t\t\t\t<div class=\"elementor-element elementor-element-90dec44 elementor-widget elementor-widget-toggle\" data-id=\"90dec44\" data-element_type=\"widget\" data-e-type=\"widget\" data-widget_type=\"toggle.default\">\n\t\t\t\t<div class=\"elementor-widget-container\">\n\t\t\t\t\t\t\t<div class=\"elementor-toggle\">\n\t\t\t\t\t\t\t<div class=\"elementor-toggle-item\">\n\t\t\t\t\t<div id=\"elementor-tab-title-1511\" class=\"elementor-tab-title\" data-tab=\"1\" role=\"button\" aria-controls=\"elementor-tab-content-1511\" aria-expanded=\"false\">\n\t\t\t\t\t\t\t\t\t\t\t\t<span class=\"elementor-toggle-icon elementor-toggle-icon-right\" aria-hidden=\"true\">\n\t\t\t\t\t\t\t\t\t\t\t\t\t\t\t<span class=\"elementor-toggle-icon-closed\"><i class=\"fas fa-plus\"><\/i><\/span>\n\t\t\t\t\t\t\t\t<span class=\"elementor-toggle-icon-opened\"><i class=\"elementor-toggle-icon-opened fas fa-minus\"><\/i><\/span>\n\t\t\t\t\t\t\t\t\t\t\t\t\t<\/span>\n\t\t\t\t\t\t\t\t\t\t\t\t<a class=\"elementor-toggle-title\" tabindex=\"0\">Cum beneficiaz\u0103 guvernele de Gradido?<\/a>\n\t\t\t\t\t<\/div>\n\n\t\t\t\t\t<div id=\"elementor-tab-content-1511\" class=\"elementor-tab-content elementor-clearfix\" data-tab=\"1\" role=\"region\" aria-labelledby=\"elementor-tab-title-1511\"><p>Guvernele au la dispozi\u021bie un buget de stat generos pentru a crea \u0219i \u00eentre\u021bine toat\u0103 infrastructura necesar\u0103. \u00cen plus, acestea beneficiaz\u0103 de o reducere uria\u0219\u0103 a birocra\u021biei, deoarece nu trebuie s\u0103 perceap\u0103 taxe \u0219i s\u0103 controleze plata acestora.<\/p><p>Fondul de egalizare \u0219i de mediu, \u00een aceea\u0219i sum\u0103, degreveaz\u0103 suplimentar bugetul de stat. Toate proiectele \u0219i subven\u021biile benefice pentru mediu sunt suportate de AUF.<\/p><p>Venitul de baz\u0103 este destinat tuturor cet\u0103\u021benilor. Cheltuielile sociale suplimentare nu sunt deloc necesare.<\/p><p>Cet\u0103\u021benii mul\u021bumi\u021bi sunt loiali guvernului.<\/p><\/div>\n\t\t\t\t<\/div>\n\t\t\t\t\t\t\t<div class=\"elementor-toggle-item\">\n\t\t\t\t\t<div id=\"elementor-tab-title-1512\" class=\"elementor-tab-title\" data-tab=\"2\" role=\"button\" aria-controls=\"elementor-tab-content-1512\" aria-expanded=\"false\">\n\t\t\t\t\t\t\t\t\t\t\t\t<span class=\"elementor-toggle-icon elementor-toggle-icon-right\" aria-hidden=\"true\">\n\t\t\t\t\t\t\t\t\t\t\t\t\t\t\t<span class=\"elementor-toggle-icon-closed\"><i class=\"fas fa-plus\"><\/i><\/span>\n\t\t\t\t\t\t\t\t<span class=\"elementor-toggle-icon-opened\"><i class=\"elementor-toggle-icon-opened fas fa-minus\"><\/i><\/span>\n\t\t\t\t\t\t\t\t\t\t\t\t\t<\/span>\n\t\t\t\t\t\t\t\t\t\t\t\t<a class=\"elementor-toggle-title\" tabindex=\"0\">Cum beneficiaz\u0103 companiile de Gradido?<\/a>\n\t\t\t\t\t<\/div>\n\n\t\t\t\t\t<div id=\"elementor-tab-content-1512\" class=\"elementor-tab-content elementor-clearfix\" data-tab=\"2\" role=\"region\" aria-labelledby=\"elementor-tab-title-1512\"><p>Companiile beneficiaz\u0103 de scutiri de taxe \u0219i subven\u021bii din fondul de egalizare \u0219i de mediu. \u00cen general, exist\u0103 mai mul\u021bi bani \u00een circula\u021bie, \u00een parte datorit\u0103 venitului de baz\u0103. Exist\u0103 mai mul\u021bi clien\u021bi solvabili care doresc s\u0103 cear\u0103 produse de \u00eenalt\u0103 calitate din cauza caracterului lor tranzitoriu. Exist\u0103 mai pu\u021bin\u0103 cerere pentru produsele ieftine care sunt obi\u0219nuite \u00een prezent.<\/p><\/div>\n\t\t\t\t<\/div>\n\t\t\t\t\t\t\t<div class=\"elementor-toggle-item\">\n\t\t\t\t\t<div id=\"elementor-tab-title-1513\" class=\"elementor-tab-title\" data-tab=\"3\" role=\"button\" aria-controls=\"elementor-tab-content-1513\" aria-expanded=\"false\">\n\t\t\t\t\t\t\t\t\t\t\t\t<span class=\"elementor-toggle-icon elementor-toggle-icon-right\" aria-hidden=\"true\">\n\t\t\t\t\t\t\t\t\t\t\t\t\t\t\t<span class=\"elementor-toggle-icon-closed\"><i class=\"fas fa-plus\"><\/i><\/span>\n\t\t\t\t\t\t\t\t<span class=\"elementor-toggle-icon-opened\"><i class=\"elementor-toggle-icon-opened fas fa-minus\"><\/i><\/span>\n\t\t\t\t\t\t\t\t\t\t\t\t\t<\/span>\n\t\t\t\t\t\t\t\t\t\t\t\t<a class=\"elementor-toggle-title\" tabindex=\"0\">Ce beneficii au oamenii \"normali\" de la Gradido?<\/a>\n\t\t\t\t\t<\/div>\n\n\t\t\t\t\t<div id=\"elementor-tab-content-1513\" class=\"elementor-tab-content elementor-clearfix\" data-tab=\"3\" role=\"region\" aria-labelledby=\"elementor-tab-title-1513\"><p>Datorit\u0103 venitului de baz\u0103, to\u021bi oamenii au mai mul\u021bi bani la dispozi\u021bie \u00een general. \u00cen plus, taxele sunt eliminate. Calitatea general\u0103 a vie\u021bii este \u00eembun\u0103t\u0103\u021bit\u0103 prin intermediul fondului de egalizare \u0219i de mediu.<\/p><\/div>\n\t\t\t\t<\/div>\n\t\t\t\t\t\t\t\t<\/div>\n\t\t\t\t\t\t<\/div>\n\t\t\t\t<\/div>\n\t\t\t\t\t<\/div>\n\t\t<\/div>\n\t\t\t\t<div class=\"elementor-column elementor-col-50 elementor-top-column elementor-element elementor-element-4da0e82\" data-id=\"4da0e82\" data-element_type=\"column\" data-e-type=\"column\">\n\t\t\t<div class=\"elementor-widget-wrap elementor-element-populated\">\n\t\t\t\t\t\t<div class=\"elementor-element elementor-element-b658d31 elementor-widget elementor-widget-heading\" data-id=\"b658d31\" data-element_type=\"widget\" data-e-type=\"widget\" data-widget_type=\"heading.default\">\n\t\t\t\t<div class=\"elementor-widget-container\">\n\t\t\t\t\t<h3 class=\"elementor-heading-title elementor-size-default\">Prosperitate \u0219i pace pentru to\u021bi\n<\/h3>\t\t\t\t<\/div>\n\t\t\t\t<\/div>\n\t\t\t\t<div class=\"elementor-element elementor-element-d08ecc1 elementor-widget elementor-widget-toggle\" data-id=\"d08ecc1\" data-element_type=\"widget\" data-e-type=\"widget\" data-widget_type=\"toggle.default\">\n\t\t\t\t<div class=\"elementor-widget-container\">\n\t\t\t\t\t\t\t<div class=\"elementor-toggle\">\n\t\t\t\t\t\t\t<div class=\"elementor-toggle-item\">\n\t\t\t\t\t<div id=\"elementor-tab-title-2181\" class=\"elementor-tab-title\" data-tab=\"1\" role=\"button\" aria-controls=\"elementor-tab-content-2181\" aria-expanded=\"false\">\n\t\t\t\t\t\t\t\t\t\t\t\t<span class=\"elementor-toggle-icon elementor-toggle-icon-right\" aria-hidden=\"true\">\n\t\t\t\t\t\t\t\t\t\t\t\t\t\t\t<span class=\"elementor-toggle-icon-closed\"><i class=\"fas fa-plus\"><\/i><\/span>\n\t\t\t\t\t\t\t\t<span class=\"elementor-toggle-icon-opened\"><i class=\"elementor-toggle-icon-opened fas fa-minus\"><\/i><\/span>\n\t\t\t\t\t\t\t\t\t\t\t\t\t<\/span>\n\t\t\t\t\t\t\t\t\t\t\t\t<a class=\"elementor-toggle-title\" tabindex=\"0\">Cum rezolv\u0103 Gradido problema foametei \u00een lume?<\/a>\n\t\t\t\t\t<\/div>\n\n\t\t\t\t\t<div id=\"elementor-tab-content-2181\" class=\"elementor-tab-content elementor-clearfix\" data-tab=\"1\" role=\"region\" aria-labelledby=\"elementor-tab-title-2181\"><p>\u00cen prezent, dou\u0103 ori mai mult\u0103 popula\u021bie mondial\u0103 ar putea fi aprovizionat\u0103 cu alimente de \u00eenalt\u0103 calitate biologic\u0103. P\u00e2n\u0103 \u00een prezent, \u00eenc\u0103 nu reu\u0219e\u0219te din cauza vechiului sistem monetar al datoriilor, care \u00eempiedic\u0103 accesul oamenilor din \u021b\u0103rile s\u0103race la resurse vitale.<\/p><p>Introducerea modelului Gradido conduce la un echilibru \u00eentre \u021b\u0103rile care erau s\u0103race \u0219i \u021b\u0103rile industrializate. Acest lucru se realizeaz\u0103 prin tripla creare de bani pe cap de locuitor \u0219i prin prosperitatea financiar\u0103 asociat\u0103 \u00een fiecare \u021bar\u0103. \u021a\u0103rile anterior s\u0103race \u00ee\u0219i pot permite, printre altele, tehnologiile \u0219i cuno\u0219tin\u021bele necesare pentru o produc\u021bie alimentar\u0103 durabil\u0103.<\/p><\/div>\n\t\t\t\t<\/div>\n\t\t\t\t\t\t\t<div class=\"elementor-toggle-item\">\n\t\t\t\t\t<div id=\"elementor-tab-title-2182\" class=\"elementor-tab-title\" data-tab=\"2\" role=\"button\" aria-controls=\"elementor-tab-content-2182\" aria-expanded=\"false\">\n\t\t\t\t\t\t\t\t\t\t\t\t<span class=\"elementor-toggle-icon elementor-toggle-icon-right\" aria-hidden=\"true\">\n\t\t\t\t\t\t\t\t\t\t\t\t\t\t\t<span class=\"elementor-toggle-icon-closed\"><i class=\"fas fa-plus\"><\/i><\/span>\n\t\t\t\t\t\t\t\t<span class=\"elementor-toggle-icon-opened\"><i class=\"elementor-toggle-icon-opened fas fa-minus\"><\/i><\/span>\n\t\t\t\t\t\t\t\t\t\t\t\t\t<\/span>\n\t\t\t\t\t\t\t\t\t\t\t\t<a class=\"elementor-toggle-title\" tabindex=\"0\">Cum rezolv\u0103 Gradido problema r\u0103zboiului\/pacea?<\/a>\n\t\t\t\t\t<\/div>\n\n\t\t\t\t\t<div id=\"elementor-tab-content-2182\" class=\"elementor-tab-content elementor-clearfix\" data-tab=\"2\" role=\"region\" aria-labelledby=\"elementor-tab-title-2182\"><p>Vechiul sistem monetar bazat pe datorii provoac\u0103 conflicte \u0219i r\u0103zboaie cu consecin\u021be matematice. Prin transformarea pa\u0219nic\u0103 \u00eentr-o Economie Natural\u0103 a Vie\u021bii, modelul Gradido, principala cauz\u0103 a r\u0103zboaielor este eliminat\u0103. Astfel se pun bazele prosperit\u0103\u021bii \u0219i p\u0103cii mondiale \u00een armonie cu natura.<\/p><\/div>\n\t\t\t\t<\/div>\n\t\t\t\t\t\t\t<div class=\"elementor-toggle-item\">\n\t\t\t\t\t<div id=\"elementor-tab-title-2183\" class=\"elementor-tab-title\" data-tab=\"3\" role=\"button\" aria-controls=\"elementor-tab-content-2183\" aria-expanded=\"false\">\n\t\t\t\t\t\t\t\t\t\t\t\t<span class=\"elementor-toggle-icon elementor-toggle-icon-right\" aria-hidden=\"true\">\n\t\t\t\t\t\t\t\t\t\t\t\t\t\t\t<span class=\"elementor-toggle-icon-closed\"><i class=\"fas fa-plus\"><\/i><\/span>\n\t\t\t\t\t\t\t\t<span class=\"elementor-toggle-icon-opened\"><i class=\"elementor-toggle-icon-opened fas fa-minus\"><\/i><\/span>\n\t\t\t\t\t\t\t\t\t\t\t\t\t<\/span>\n\t\t\t\t\t\t\t\t\t\t\t\t<a class=\"elementor-toggle-title\" tabindex=\"0\">Cum abordeaz\u0103 Gradido problema popula\u021biei mondiale?<\/a>\n\t\t\t\t\t<\/div>\n\n\t\t\t\t\t<div id=\"elementor-tab-content-2183\" class=\"elementor-tab-content elementor-clearfix\" data-tab=\"3\" role=\"region\" aria-labelledby=\"elementor-tab-title-2183\"><p>Av\u00e2nd \u00een vedere faptul c\u0103 cel pu\u021bin de dou\u0103 ori popula\u021bia lumii ar putea fi hr\u0103nit\u0103 cu alimente organice de \u00eenalt\u0103 calitate, se pune \u00eentrebarea dac\u0103 exist\u0103 suprapopulare, a\u0219a cum se afirm\u0103 adesea.<\/p><p>\u00cen general, se poate observa urm\u0103torul fenomen: Cu c\u00e2t \u021bara \u0219i popula\u021bia sa sunt mai s\u0103race, cu at\u00e2t cre\u0219terea demografic\u0103 este mai puternic\u0103. \u021a\u0103rile \u0219i straturile de popula\u021bie bogate tind s\u0103 aib\u0103 o rat\u0103 a natalit\u0103\u021bii \u00een sc\u0103dere.<\/p><p>Astfel, dac\u0103 vom crea prosperitate pentru to\u021bi, popula\u021bia mondial\u0103 se va stabili la nivelul optim \u00eentr-un mod armonios \u0219i pa\u0219nic.<\/p><\/div>\n\t\t\t\t<\/div>\n\t\t\t\t\t\t\t<div class=\"elementor-toggle-item\">\n\t\t\t\t\t<div id=\"elementor-tab-title-2184\" class=\"elementor-tab-title\" data-tab=\"4\" role=\"button\" aria-controls=\"elementor-tab-content-2184\" aria-expanded=\"false\">\n\t\t\t\t\t\t\t\t\t\t\t\t<span class=\"elementor-toggle-icon elementor-toggle-icon-right\" aria-hidden=\"true\">\n\t\t\t\t\t\t\t\t\t\t\t\t\t\t\t<span class=\"elementor-toggle-icon-closed\"><i class=\"fas fa-plus\"><\/i><\/span>\n\t\t\t\t\t\t\t\t<span class=\"elementor-toggle-icon-opened\"><i class=\"elementor-toggle-icon-opened fas fa-minus\"><\/i><\/span>\n\t\t\t\t\t\t\t\t\t\t\t\t\t<\/span>\n\t\t\t\t\t\t\t\t\t\t\t\t<a class=\"elementor-toggle-title\" tabindex=\"0\">Cum faciliteaz\u0103 Gradido planificarea vie\u021bii?<\/a>\n\t\t\t\t\t<\/div>\n\n\t\t\t\t\t<div id=\"elementor-tab-content-2184\" class=\"elementor-tab-content elementor-clearfix\" data-tab=\"4\" role=\"region\" aria-labelledby=\"elementor-tab-title-2184\"><p>\u00cen general, la Gradido sunt mai mul\u021bi bani \u00een circula\u021bie. Din cauza caracterului tranzitoriu, oamenii sunt interesa\u021bi de \u00eemprumuturi. \u00cen acest fel, este foarte u\u0219or s\u0103 v\u0103 lua\u021bi concediu. Cei care \u00ee\u0219i doresc o perioad\u0103 de timp liber chiar acum \u0219i prefer\u0103 un nivel de trai mai ridicat primesc un \u00eemprumut corespunz\u0103tor de la altcineva care ar putea s\u0103 \u00ee\u0219i doreasc\u0103 aceast\u0103 perioad\u0103 de timp liber peste c\u00e2\u021biva ani. \u00cemprumuturile pot fi contractate prin intermediul furnizorilor de servicii financiare sau al institu\u021biilor de credit, care pot deveni institu\u021bii de proiectare a planurilor de via\u021b\u0103.<\/p><\/div>\n\t\t\t\t<\/div>\n\t\t\t\t\t\t\t<div class=\"elementor-toggle-item\">\n\t\t\t\t\t<div id=\"elementor-tab-title-2185\" class=\"elementor-tab-title\" data-tab=\"5\" role=\"button\" aria-controls=\"elementor-tab-content-2185\" aria-expanded=\"false\">\n\t\t\t\t\t\t\t\t\t\t\t\t<span class=\"elementor-toggle-icon elementor-toggle-icon-right\" aria-hidden=\"true\">\n\t\t\t\t\t\t\t\t\t\t\t\t\t\t\t<span class=\"elementor-toggle-icon-closed\"><i class=\"fas fa-plus\"><\/i><\/span>\n\t\t\t\t\t\t\t\t<span class=\"elementor-toggle-icon-opened\"><i class=\"elementor-toggle-icon-opened fas fa-minus\"><\/i><\/span>\n\t\t\t\t\t\t\t\t\t\t\t\t\t<\/span>\n\t\t\t\t\t\t\t\t\t\t\t\t<a class=\"elementor-toggle-title\" tabindex=\"0\">Ce forme de guvernare sunt potrivite pentru Gradido?<\/a>\n\t\t\t\t\t<\/div>\n\n\t\t\t\t\t<div id=\"elementor-tab-content-2185\" class=\"elementor-tab-content elementor-clearfix\" data-tab=\"5\" role=\"region\" aria-labelledby=\"elementor-tab-title-2185\"><p>Gradido nu face nicio precizare cu privire la forma de guvern\u0103m\u00e2nt. Orice form\u0103 de guvernare este potrivit\u0103 pentru Gradido.<\/p><\/div>\n\t\t\t\t<\/div>\n\t\t\t\t\t\t\t\t<\/div>\n\t\t\t\t\t\t<\/div>\n\t\t\t\t<\/div>\n\t\t\t\t<div class=\"elementor-element elementor-element-6c0eb3b elementor-widget elementor-widget-heading\" data-id=\"6c0eb3b\" data-element_type=\"widget\" data-e-type=\"widget\" data-widget_type=\"heading.default\">\n\t\t\t\t<div class=\"elementor-widget-container\">\n\t\t\t\t\t<h3 class=\"elementor-heading-title elementor-size-default\">Introducere pa\u0219nic\u0103<\/h3>\t\t\t\t<\/div>\n\t\t\t\t<\/div>\n\t\t\t\t<div class=\"elementor-element elementor-element-88f2049 elementor-widget elementor-widget-toggle\" data-id=\"88f2049\" data-element_type=\"widget\" data-e-type=\"widget\" data-widget_type=\"toggle.default\">\n\t\t\t\t<div class=\"elementor-widget-container\">\n\t\t\t\t\t\t\t<div class=\"elementor-toggle\">\n\t\t\t\t\t\t\t<div class=\"elementor-toggle-item\">\n\t\t\t\t\t<div id=\"elementor-tab-title-1431\" class=\"elementor-tab-title\" data-tab=\"1\" role=\"button\" aria-controls=\"elementor-tab-content-1431\" aria-expanded=\"false\">\n\t\t\t\t\t\t\t\t\t\t\t\t<span class=\"elementor-toggle-icon elementor-toggle-icon-right\" aria-hidden=\"true\">\n\t\t\t\t\t\t\t\t\t\t\t\t\t\t\t<span class=\"elementor-toggle-icon-closed\"><i class=\"fas fa-plus\"><\/i><\/span>\n\t\t\t\t\t\t\t\t<span class=\"elementor-toggle-icon-opened\"><i class=\"elementor-toggle-icon-opened fas fa-minus\"><\/i><\/span>\n\t\t\t\t\t\t\t\t\t\t\t\t\t<\/span>\n\t\t\t\t\t\t\t\t\t\t\t\t<a class=\"elementor-toggle-title\" tabindex=\"0\">Exist\u0103 grupuri regionale Gradido ?<\/a>\n\t\t\t\t\t<\/div>\n\n\t\t\t\t\t<div id=\"elementor-tab-content-1431\" class=\"elementor-tab-content elementor-clearfix\" data-tab=\"1\" role=\"region\" aria-labelledby=\"elementor-tab-title-1431\"><p>V\u0103 recomand\u0103m s\u0103 organiza\u021bi grupuri regionale prin Telegram \u0219i s\u0103 ni le raporta\u021bi pentru a le putea lista.<\/p><p>Pute\u021bi g\u0103si o list\u0103 a grupurilor Gradido cunoscute de noi pe site-ul nostru <a href=\"https:\/\/gradido.net\/ro\/community-2\/\">Site web<\/a> \u0219i \u00een <a href=\"https:\/\/t.me\/Gradido\" target=\"_blank\" rel=\"noopener\">Canal Telegram<\/a>.<\/p><p><br \/><br \/><\/p><\/div>\n\t\t\t\t<\/div>\n\t\t\t\t\t\t\t<div class=\"elementor-toggle-item\">\n\t\t\t\t\t<div id=\"elementor-tab-title-1432\" class=\"elementor-tab-title\" data-tab=\"2\" role=\"button\" aria-controls=\"elementor-tab-content-1432\" aria-expanded=\"false\">\n\t\t\t\t\t\t\t\t\t\t\t\t<span class=\"elementor-toggle-icon elementor-toggle-icon-right\" aria-hidden=\"true\">\n\t\t\t\t\t\t\t\t\t\t\t\t\t\t\t<span class=\"elementor-toggle-icon-closed\"><i class=\"fas fa-plus\"><\/i><\/span>\n\t\t\t\t\t\t\t\t<span class=\"elementor-toggle-icon-opened\"><i class=\"elementor-toggle-icon-opened fas fa-minus\"><\/i><\/span>\n\t\t\t\t\t\t\t\t\t\t\t\t\t<\/span>\n\t\t\t\t\t\t\t\t\t\t\t\t<a class=\"elementor-toggle-title\" tabindex=\"0\">Ce \u00een\u021belege\u021bi prin transformare?<\/a>\n\t\t\t\t\t<\/div>\n\n\t\t\t\t\t<div id=\"elementor-tab-content-1432\" class=\"elementor-tab-content elementor-clearfix\" data-tab=\"2\" role=\"region\" aria-labelledby=\"elementor-tab-title-1432\"><p>Gradido se str\u0103duie\u0219te pentru transformarea pa\u0219nic\u0103 a sistemului monetar - o tranzi\u021bie lin\u0103 de la vechiul sistem monetar bazat pe datorii la Economia Natural\u0103 a Vie\u021bii (modelul Gradido, pe scurt).<\/p><\/div>\n\t\t\t\t<\/div>\n\t\t\t\t\t\t\t<div class=\"elementor-toggle-item\">\n\t\t\t\t\t<div id=\"elementor-tab-title-1433\" class=\"elementor-tab-title\" data-tab=\"3\" role=\"button\" aria-controls=\"elementor-tab-content-1433\" aria-expanded=\"false\">\n\t\t\t\t\t\t\t\t\t\t\t\t<span class=\"elementor-toggle-icon elementor-toggle-icon-right\" aria-hidden=\"true\">\n\t\t\t\t\t\t\t\t\t\t\t\t\t\t\t<span class=\"elementor-toggle-icon-closed\"><i class=\"fas fa-plus\"><\/i><\/span>\n\t\t\t\t\t\t\t\t<span class=\"elementor-toggle-icon-opened\"><i class=\"elementor-toggle-icon-opened fas fa-minus\"><\/i><\/span>\n\t\t\t\t\t\t\t\t\t\t\t\t\t<\/span>\n\t\t\t\t\t\t\t\t\t\t\t\t<a class=\"elementor-toggle-title\" tabindex=\"0\">Care este pozi\u021bia Gradido cu privire la criptomonede \u0219i blockchain?<\/a>\n\t\t\t\t\t<\/div>\n\n\t\t\t\t\t<div id=\"elementor-tab-content-1433\" class=\"elementor-tab-content elementor-clearfix\" data-tab=\"3\" role=\"region\" aria-labelledby=\"elementor-tab-title-1433\"><p>Criptomonedele, cum ar fi Bitcoin, exist\u0103 doar ca solduri de credit. Nu exist\u0103 solduri negative \u00een aceste conturi. Acesta este deja un pas \u00een direc\u021bia cea bun\u0103. \u00cen prezent, acestea sunt \u00eenc\u0103 \"abuzate\" ca obiecte speculative \u0219i aduc cu ele probleme ecologice din cauza consumului uria\u0219 de energie, dar acest lucru se va rezolva \u00een scurt timp.<\/p><p>Lucr\u0103m la o moned\u0103 ecologic\u0103, rapid\u0103 \u0219i scalabil\u0103 la nivel global, bazat\u0103 pe comunit\u0103\u021bi descentralizate \u00een re\u021bea, ca o modalitate de a o folosi pentru a aduce Gradido \u00een lume.<\/p><\/div>\n\t\t\t\t<\/div>\n\t\t\t\t\t\t\t<div class=\"elementor-toggle-item\">\n\t\t\t\t\t<div id=\"elementor-tab-title-1434\" class=\"elementor-tab-title\" data-tab=\"4\" role=\"button\" aria-controls=\"elementor-tab-content-1434\" aria-expanded=\"false\">\n\t\t\t\t\t\t\t\t\t\t\t\t<span class=\"elementor-toggle-icon elementor-toggle-icon-right\" aria-hidden=\"true\">\n\t\t\t\t\t\t\t\t\t\t\t\t\t\t\t<span class=\"elementor-toggle-icon-closed\"><i class=\"fas fa-plus\"><\/i><\/span>\n\t\t\t\t\t\t\t\t<span class=\"elementor-toggle-icon-opened\"><i class=\"elementor-toggle-icon-opened fas fa-minus\"><\/i><\/span>\n\t\t\t\t\t\t\t\t\t\t\t\t\t<\/span>\n\t\t\t\t\t\t\t\t\t\t\t\t<a class=\"elementor-toggle-title\" tabindex=\"0\">Este Gradido legal?<\/a>\n\t\t\t\t\t<\/div>\n\n\t\t\t\t\t<div id=\"elementor-tab-content-1434\" class=\"elementor-tab-content elementor-clearfix\" data-tab=\"4\" role=\"region\" aria-labelledby=\"elementor-tab-title-1434\"><p>\u00cen acest moment, Gradido este un sistem de bonusare a punctelor de mul\u021bumire, la scar\u0103 mic\u0103, sub forma asisten\u021bei de cartier, la scar\u0103 profesional\u0103, sub forma unor comunit\u0103\u021bi de reduceri. Acest lucru este legal.<\/p><p>\u00cen cazul \u00een care Gradido va fi recunoscut\u0103 ulterior ca moned\u0103 oficial\u0103, acest lucru \u00eenseamn\u0103, \u00een mod firesc, c\u0103 trebuie create condi\u021biile-cadru juridice necesare \u00een acest sens.<\/p><\/div>\n\t\t\t\t<\/div>\n\t\t\t\t\t\t\t<div class=\"elementor-toggle-item\">\n\t\t\t\t\t<div id=\"elementor-tab-title-1435\" class=\"elementor-tab-title\" data-tab=\"5\" role=\"button\" aria-controls=\"elementor-tab-content-1435\" aria-expanded=\"false\">\n\t\t\t\t\t\t\t\t\t\t\t\t<span class=\"elementor-toggle-icon elementor-toggle-icon-right\" aria-hidden=\"true\">\n\t\t\t\t\t\t\t\t\t\t\t\t\t\t\t<span class=\"elementor-toggle-icon-closed\"><i class=\"fas fa-plus\"><\/i><\/span>\n\t\t\t\t\t\t\t\t<span class=\"elementor-toggle-icon-opened\"><i class=\"elementor-toggle-icon-opened fas fa-minus\"><\/i><\/span>\n\t\t\t\t\t\t\t\t\t\t\t\t\t<\/span>\n\t\t\t\t\t\t\t\t\t\t\t\t<a class=\"elementor-toggle-title\" tabindex=\"0\">Cine decide dac\u0103 \u0219i c\u00e2nd se introduce Gradido?<\/a>\n\t\t\t\t\t<\/div>\n\n\t\t\t\t\t<div id=\"elementor-tab-content-1435\" class=\"elementor-tab-content elementor-clearfix\" data-tab=\"5\" role=\"region\" aria-labelledby=\"elementor-tab-title-1435\"><p>\u00cen afar\u0103 de posibilitatea de a introduce Gradido \u00een lume ca un sistem de bonus de puncte de mul\u021bumire, o introducere de stat ca moned\u0103 oficial\u0103 are mult sens. Cine decide \u00een cele din urm\u0103 acest lucru depinde de sistemul politic din \u021bara respectiv\u0103. \u00cen orice caz, este important s\u0103 r\u0103sp\u00e2ndim ideea c\u00e2t mai mult posibil. Pentru aceasta, avem nevoie de fiecare persoan\u0103 \u00een parte. Avem nevoie de tine! \u00cen acest sens, noi decidem \u00eempreun\u0103 dac\u0103 \u0219i c\u00e2nd va fi introdus Gradido.<\/p><\/div>\n\t\t\t\t<\/div>\n\t\t\t\t\t\t\t<div class=\"elementor-toggle-item\">\n\t\t\t\t\t<div id=\"elementor-tab-title-1436\" class=\"elementor-tab-title\" data-tab=\"6\" role=\"button\" aria-controls=\"elementor-tab-content-1436\" aria-expanded=\"false\">\n\t\t\t\t\t\t\t\t\t\t\t\t<span class=\"elementor-toggle-icon elementor-toggle-icon-right\" aria-hidden=\"true\">\n\t\t\t\t\t\t\t\t\t\t\t\t\t\t\t<span class=\"elementor-toggle-icon-closed\"><i class=\"fas fa-plus\"><\/i><\/span>\n\t\t\t\t\t\t\t\t<span class=\"elementor-toggle-icon-opened\"><i class=\"elementor-toggle-icon-opened fas fa-minus\"><\/i><\/span>\n\t\t\t\t\t\t\t\t\t\t\t\t\t<\/span>\n\t\t\t\t\t\t\t\t\t\t\t\t<a class=\"elementor-toggle-title\" tabindex=\"0\">C\u00e2nd poate fi introdus Gradido?<\/a>\n\t\t\t\t\t<\/div>\n\n\t\t\t\t\t<div id=\"elementor-tab-content-1436\" class=\"elementor-tab-content elementor-clearfix\" data-tab=\"6\" role=\"region\" aria-labelledby=\"elementor-tab-title-1436\"><p>Gradido poate fi introdus de \u00eendat\u0103 ce se atinge masa critic\u0103 de persoane care cunosc \u0219i doresc Gradido. Acest lucru se poate \u00eent\u00e2mpla chiar peste c\u00e2\u021biva ani. Depinde de fiecare dintre noi.<\/p><\/div>\n\t\t\t\t<\/div>\n\t\t\t\t\t\t\t<div class=\"elementor-toggle-item\">\n\t\t\t\t\t<div id=\"elementor-tab-title-1437\" class=\"elementor-tab-title\" data-tab=\"7\" role=\"button\" aria-controls=\"elementor-tab-content-1437\" aria-expanded=\"false\">\n\t\t\t\t\t\t\t\t\t\t\t\t<span class=\"elementor-toggle-icon elementor-toggle-icon-right\" aria-hidden=\"true\">\n\t\t\t\t\t\t\t\t\t\t\t\t\t\t\t<span class=\"elementor-toggle-icon-closed\"><i class=\"fas fa-plus\"><\/i><\/span>\n\t\t\t\t\t\t\t\t<span class=\"elementor-toggle-icon-opened\"><i class=\"elementor-toggle-icon-opened fas fa-minus\"><\/i><\/span>\n\t\t\t\t\t\t\t\t\t\t\t\t\t<\/span>\n\t\t\t\t\t\t\t\t\t\t\t\t<a class=\"elementor-toggle-title\" tabindex=\"0\">Poate fi introdus Gradido \u00eentr-o singur\u0103 \u021bar\u0103?<\/a>\n\t\t\t\t\t<\/div>\n\n\t\t\t\t\t<div id=\"elementor-tab-content-1437\" class=\"elementor-tab-content elementor-clearfix\" data-tab=\"7\" role=\"region\" aria-labelledby=\"elementor-tab-title-1437\"><p>Gradido poate fi, de asemenea, introdus \u00een \u021b\u0103ri individuale. \u00cen acest scop, am elaborat un plan pas cu pas, care asigur\u0103 continuarea f\u0103r\u0103 probleme a comer\u021bului exterior.<\/p><\/div>\n\t\t\t\t<\/div>\n\t\t\t\t\t\t\t<div class=\"elementor-toggle-item\">\n\t\t\t\t\t<div id=\"elementor-tab-title-1438\" class=\"elementor-tab-title\" data-tab=\"8\" role=\"button\" aria-controls=\"elementor-tab-content-1438\" aria-expanded=\"false\">\n\t\t\t\t\t\t\t\t\t\t\t\t<span class=\"elementor-toggle-icon elementor-toggle-icon-right\" aria-hidden=\"true\">\n\t\t\t\t\t\t\t\t\t\t\t\t\t\t\t<span class=\"elementor-toggle-icon-closed\"><i class=\"fas fa-plus\"><\/i><\/span>\n\t\t\t\t\t\t\t\t<span class=\"elementor-toggle-icon-opened\"><i class=\"elementor-toggle-icon-opened fas fa-minus\"><\/i><\/span>\n\t\t\t\t\t\t\t\t\t\t\t\t\t<\/span>\n\t\t\t\t\t\t\t\t\t\t\t\t<a class=\"elementor-toggle-title\" tabindex=\"0\">Vor fi \"boga\u021bii\" \u00eempotriva ei?<\/a>\n\t\t\t\t\t<\/div>\n\n\t\t\t\t\t<div id=\"elementor-tab-content-1438\" class=\"elementor-tab-content elementor-clearfix\" data-tab=\"8\" role=\"region\" aria-labelledby=\"elementor-tab-title-1438\"><p>To\u021bi oamenii au numai avantaje de la Gradido, at\u00e2t cei boga\u021bi, c\u00e2t \u0219i cei s\u0103raci. Aceasta este natura jocului plus-sum. Este posibil ca cei care sunt \u00eempotriva ei s\u0103 nu se fi informat suficient. Pentru a informa c\u00e2t mai multe persoane, construim o re\u021bea de ambasadori.<\/p><\/div>\n\t\t\t\t<\/div>\n\t\t\t\t\t\t\t<div class=\"elementor-toggle-item\">\n\t\t\t\t\t<div id=\"elementor-tab-title-1439\" class=\"elementor-tab-title\" data-tab=\"9\" role=\"button\" aria-controls=\"elementor-tab-content-1439\" aria-expanded=\"false\">\n\t\t\t\t\t\t\t\t\t\t\t\t<span class=\"elementor-toggle-icon elementor-toggle-icon-right\" aria-hidden=\"true\">\n\t\t\t\t\t\t\t\t\t\t\t\t\t\t\t<span class=\"elementor-toggle-icon-closed\"><i class=\"fas fa-plus\"><\/i><\/span>\n\t\t\t\t\t\t\t\t<span class=\"elementor-toggle-icon-opened\"><i class=\"elementor-toggle-icon-opened fas fa-minus\"><\/i><\/span>\n\t\t\t\t\t\t\t\t\t\t\t\t\t<\/span>\n\t\t\t\t\t\t\t\t\t\t\t\t<a class=\"elementor-toggle-title\" tabindex=\"0\">Cum pot fi preluate creditele existente \u00een sistemul Gradido?<\/a>\n\t\t\t\t\t<\/div>\n\n\t\t\t\t\t<div id=\"elementor-tab-content-1439\" class=\"elementor-tab-content elementor-clearfix\" data-tab=\"9\" role=\"region\" aria-labelledby=\"elementor-tab-title-1439\"><p>Am dezvoltat modele pentru a transfera soldurile existente \u00een moneda tradi\u021bional\u0103 \u00een sistemul Gradido, astfel \u00eenc\u00e2t valoarea lor s\u0103 fie men\u021binut\u0103 pe o perioad\u0103 mai lung\u0103 de timp.<\/p><\/div>\n\t\t\t\t<\/div>\n\t\t\t\t\t\t\t\t<\/div>\n\t\t\t\t\t\t<\/div>\n\t\t\t\t<\/div>\n\t\t\t\t<div class=\"elementor-element elementor-element-c70c60b elementor-widget elementor-widget-heading\" data-id=\"c70c60b\" data-element_type=\"widget\" data-e-type=\"widget\" data-widget_type=\"heading.default\">\n\t\t\t\t<div class=\"elementor-widget-container\">\n\t\t\t\t\t<h3 class=\"elementor-heading-title elementor-size-default\">Academia Gradido \u0219i afilieri<\/h3>\t\t\t\t<\/div>\n\t\t\t\t<\/div>\n\t\t\t\t<div class=\"elementor-element elementor-element-20478eb elementor-widget elementor-widget-toggle\" data-id=\"20478eb\" data-element_type=\"widget\" data-e-type=\"widget\" data-widget_type=\"toggle.default\">\n\t\t\t\t<div class=\"elementor-widget-container\">\n\t\t\t\t\t\t\t<div class=\"elementor-toggle\">\n\t\t\t\t\t\t\t<div class=\"elementor-toggle-item\">\n\t\t\t\t\t<div id=\"elementor-tab-title-3381\" class=\"elementor-tab-title\" data-tab=\"1\" role=\"button\" aria-controls=\"elementor-tab-content-3381\" aria-expanded=\"false\">\n\t\t\t\t\t\t\t\t\t\t\t\t<span class=\"elementor-toggle-icon elementor-toggle-icon-right\" aria-hidden=\"true\">\n\t\t\t\t\t\t\t\t\t\t\t\t\t\t\t<span class=\"elementor-toggle-icon-closed\"><i class=\"fas fa-plus\"><\/i><\/span>\n\t\t\t\t\t\t\t\t<span class=\"elementor-toggle-icon-opened\"><i class=\"elementor-toggle-icon-opened fas fa-minus\"><\/i><\/span>\n\t\t\t\t\t\t\t\t\t\t\t\t\t<\/span>\n\t\t\t\t\t\t\t\t\t\t\t\t<a class=\"elementor-toggle-title\" tabindex=\"0\">Ce este Academia Gradido?<\/a>\n\t\t\t\t\t<\/div>\n\n\t\t\t\t\t<div id=\"elementor-tab-content-3381\" class=\"elementor-tab-content elementor-clearfix\" data-tab=\"1\" role=\"region\" aria-labelledby=\"elementor-tab-title-3381\"><p>Academia Gradido este un institut gratuit de cercetare \u0219i predare \u00een domeniul bionicii economice. Scopul s\u0103u este de a forma oameni \u00een cunoa\u0219terea economiei naturale a vie\u021bii \u0219i \u00een implementarea pa\u0219nic\u0103 a acesteia. Printre altele, form\u0103m ambasadorii Gradido.<\/p><\/div>\n\t\t\t\t<\/div>\n\t\t\t\t\t\t\t<div class=\"elementor-toggle-item\">\n\t\t\t\t\t<div id=\"elementor-tab-title-3382\" class=\"elementor-tab-title\" data-tab=\"2\" role=\"button\" aria-controls=\"elementor-tab-content-3382\" aria-expanded=\"false\">\n\t\t\t\t\t\t\t\t\t\t\t\t<span class=\"elementor-toggle-icon elementor-toggle-icon-right\" aria-hidden=\"true\">\n\t\t\t\t\t\t\t\t\t\t\t\t\t\t\t<span class=\"elementor-toggle-icon-closed\"><i class=\"fas fa-plus\"><\/i><\/span>\n\t\t\t\t\t\t\t\t<span class=\"elementor-toggle-icon-opened\"><i class=\"elementor-toggle-icon-opened fas fa-minus\"><\/i><\/span>\n\t\t\t\t\t\t\t\t\t\t\t\t\t<\/span>\n\t\t\t\t\t\t\t\t\t\t\t\t<a class=\"elementor-toggle-title\" tabindex=\"0\">Ce sunt ambasadorii Gradido?<\/a>\n\t\t\t\t\t<\/div>\n\n\t\t\t\t\t<div id=\"elementor-tab-content-3382\" class=\"elementor-tab-content elementor-clearfix\" data-tab=\"2\" role=\"region\" aria-labelledby=\"elementor-tab-title-3382\"><p>\u00cen cadrul Academiei Gradido preg\u0103tim ambasadorii Gradido. Ace\u0219tia sunt \"eroii transform\u0103rii\" care contribuie activ la r\u0103sp\u00e2ndirea prosperit\u0103\u021bii \u0219i a p\u0103cii globale \u00een armonie cu natura. \u00cempreun\u0103 ne combin\u0103m for\u021bele \u0219i abilit\u0103\u021bile pentru a face din nou din lume un loc \u00een care s\u0103 merite s\u0103 tr\u0103im - de dragul copiilor no\u0219tri \u0219i al tuturor copiilor din aceast\u0103 lume!<\/p><\/div>\n\t\t\t\t<\/div>\n\t\t\t\t\t\t\t<div class=\"elementor-toggle-item\">\n\t\t\t\t\t<div id=\"elementor-tab-title-3383\" class=\"elementor-tab-title\" data-tab=\"3\" role=\"button\" aria-controls=\"elementor-tab-content-3383\" aria-expanded=\"false\">\n\t\t\t\t\t\t\t\t\t\t\t\t<span class=\"elementor-toggle-icon elementor-toggle-icon-right\" aria-hidden=\"true\">\n\t\t\t\t\t\t\t\t\t\t\t\t\t\t\t<span class=\"elementor-toggle-icon-closed\"><i class=\"fas fa-plus\"><\/i><\/span>\n\t\t\t\t\t\t\t\t<span class=\"elementor-toggle-icon-opened\"><i class=\"elementor-toggle-icon-opened fas fa-minus\"><\/i><\/span>\n\t\t\t\t\t\t\t\t\t\t\t\t\t<\/span>\n\t\t\t\t\t\t\t\t\t\t\t\t<a class=\"elementor-toggle-title\" tabindex=\"0\">De ce este gratuit contul Gradido?<\/a>\n\t\t\t\t\t<\/div>\n\n\t\t\t\t\t<div id=\"elementor-tab-content-3383\" class=\"elementor-tab-content elementor-clearfix\" data-tab=\"3\" role=\"region\" aria-labelledby=\"elementor-tab-title-3383\"><p>Scopul nostru declarat este de a permite tuturor persoanelor din \u00eentreaga lume s\u0103 foloseasc\u0103 un cont Gradido gratuit. \u00cen acest fel, chiar \u0219i cei care p\u00e2n\u0103 acum erau s\u0103raci pot ob\u021bine prosperitate \u0219i pace. Gradido este finan\u021bat prin contribu\u021bii de sprijin voluntar \u0219i prin contribu\u021biile membrilor voluntari, care sunt recompensa\u021bi cu un multiplu de GradidoTransfprm \u0219i, prin urmare, sunt v\u0103zu\u021bi ca o investi\u021bie ideal\u0103 \u00een viitor.<\/p><\/div>\n\t\t\t\t<\/div>\n\t\t\t\t\t\t\t\t<\/div>\n\t\t\t\t\t\t<\/div>\n\t\t\t\t<\/div>\n\t\t\t\t\t<\/div>\n\t\t<\/div>\n\t\t\t\t\t<\/div>\n\t\t<\/section>\n\t\t\t\t<\/div>","protected":false},"excerpt":{"rendered":"<p>Previous slide Next slide Fragen und Antworten Das Gradido-Modell ist um ein Vielfaches einfacher als das derzeitige Geld- und Wirtschaftssystem. Trotz \u2013 oder vielleicht gerade wegen \u2013 seiner Einfachheit wirft es eine Reihe von Fragen auf. Die am h\u00e4ufigsten gestellten Fragen wollen wir hier beantworten. Gradido-Modell Was bedeutet Geldsch\u00f6pfung? Geld ist nichts weiter als Computer-Zahlen [&hellip;]<\/p>\n","protected":false},"author":1,"featured_media":2679,"parent":0,"menu_order":0,"comment_status":"closed","ping_status":"closed","template":"","meta":{"footnotes":""},"class_list":["post-134","page","type-page","status-publish","has-post-thumbnail","hentry"],"yoast_head":"<!-- This site is optimized with the Yoast SEO plugin v27.4 - https:\/\/yoast.com\/product\/yoast-seo-wordpress\/ -->\n<title>Fragen und Antworten - Gradido<\/title>\n<meta name=\"description\" content=\"Das Gradido-Modell ist um ein Vielfaches einfacher als das derzeitige Geld- und Wirtschaftssystem. Trotz \u2013 oder vielleicht gerade wegen \u2013 seiner Einfachheit wirft es eine Reihe von Fragen auf. Die am h\u00e4ufigsten gestellten Fragen wollen wir hier beantworten.\" \/>\n<meta name=\"robots\" content=\"index, follow, max-snippet:-1, max-image-preview:large, max-video-preview:-1\" \/>\n<link rel=\"canonical\" href=\"https:\/\/gradido.net\/ro\/faq\/\" \/>\n<meta property=\"og:locale\" content=\"ro_RO\" \/>\n<meta property=\"og:type\" content=\"article\" \/>\n<meta property=\"og:title\" content=\"Fragen und Antworten - Gradido\" \/>\n<meta property=\"og:description\" content=\"Das Gradido-Modell ist um ein Vielfaches einfacher als das derzeitige Geld- und Wirtschaftssystem. Trotz \u2013 oder vielleicht gerade wegen \u2013 seiner Einfachheit wirft es eine Reihe von Fragen auf. Die am h\u00e4ufigsten gestellten Fragen wollen wir hier beantworten.\" \/>\n<meta property=\"og:url\" content=\"https:\/\/gradido.net\/ro\/faq\/\" \/>\n<meta property=\"og:site_name\" content=\"Gradido\" \/>\n<meta property=\"article:modified_time\" content=\"2024-11-15T12:19:51+00:00\" \/>\n<meta property=\"og:image\" content=\"https:\/\/gradido.net\/wp-content\/uploads\/2021\/06\/gradido_faq_2-scaled.jpg\" \/>\n\t<meta property=\"og:image:width\" content=\"2560\" \/>\n\t<meta property=\"og:image:height\" content=\"600\" \/>\n\t<meta property=\"og:image:type\" content=\"image\/jpeg\" \/>\n<meta name=\"twitter:card\" content=\"summary_large_image\" \/>\n<meta name=\"twitter:label1\" content=\"Timp estimat pentru citire\" \/>\n\t<meta name=\"twitter:data1\" content=\"18 minute\" \/>\n<script type=\"application\/ld+json\" class=\"yoast-schema-graph\">{\"@context\":\"https:\\\/\\\/schema.org\",\"@graph\":[{\"@type\":\"WebPage\",\"@id\":\"https:\\\/\\\/gradido.net\\\/de\\\/faq\\\/\",\"url\":\"https:\\\/\\\/gradido.net\\\/de\\\/faq\\\/\",\"name\":\"Fragen und Antworten - Gradido\",\"isPartOf\":{\"@id\":\"https:\\\/\\\/gradido.net\\\/de\\\/#website\"},\"primaryImageOfPage\":{\"@id\":\"https:\\\/\\\/gradido.net\\\/de\\\/faq\\\/#primaryimage\"},\"image\":{\"@id\":\"https:\\\/\\\/gradido.net\\\/de\\\/faq\\\/#primaryimage\"},\"thumbnailUrl\":\"https:\\\/\\\/gradido.net\\\/wp-content\\\/uploads\\\/2021\\\/06\\\/gradido_faq_2-scaled.jpg\",\"datePublished\":\"2020-08-12T10:22:34+00:00\",\"dateModified\":\"2024-11-15T12:19:51+00:00\",\"description\":\"Das Gradido-Modell ist um ein Vielfaches einfacher als das derzeitige Geld- und Wirtschaftssystem. Trotz \u2013 oder vielleicht gerade wegen \u2013 seiner Einfachheit wirft es eine Reihe von Fragen auf. Die am h\u00e4ufigsten gestellten Fragen wollen wir hier beantworten.\",\"breadcrumb\":{\"@id\":\"https:\\\/\\\/gradido.net\\\/de\\\/faq\\\/#breadcrumb\"},\"inLanguage\":\"ro-RO\",\"potentialAction\":[{\"@type\":\"ReadAction\",\"target\":[\"https:\\\/\\\/gradido.net\\\/de\\\/faq\\\/\"]}]},{\"@type\":\"ImageObject\",\"inLanguage\":\"ro-RO\",\"@id\":\"https:\\\/\\\/gradido.net\\\/de\\\/faq\\\/#primaryimage\",\"url\":\"https:\\\/\\\/gradido.net\\\/wp-content\\\/uploads\\\/2021\\\/06\\\/gradido_faq_2-scaled.jpg\",\"contentUrl\":\"https:\\\/\\\/gradido.net\\\/wp-content\\\/uploads\\\/2021\\\/06\\\/gradido_faq_2-scaled.jpg\",\"width\":2560,\"height\":600},{\"@type\":\"BreadcrumbList\",\"@id\":\"https:\\\/\\\/gradido.net\\\/de\\\/faq\\\/#breadcrumb\",\"itemListElement\":[{\"@type\":\"ListItem\",\"position\":1,\"name\":\"Startseite\",\"item\":\"https:\\\/\\\/gradido.net\\\/\"},{\"@type\":\"ListItem\",\"position\":2,\"name\":\"Fragen und Antworten\"}]},{\"@type\":\"WebSite\",\"@id\":\"https:\\\/\\\/gradido.net\\\/de\\\/#website\",\"url\":\"https:\\\/\\\/gradido.net\\\/de\\\/\",\"name\":\"Gradido\",\"description\":\"Die neue W\u00e4hrung hei\u00dft Dankbarkeit\",\"publisher\":{\"@id\":\"https:\\\/\\\/gradido.net\\\/de\\\/#organization\"},\"potentialAction\":[{\"@type\":\"SearchAction\",\"target\":{\"@type\":\"EntryPoint\",\"urlTemplate\":\"https:\\\/\\\/gradido.net\\\/de\\\/?s={search_term_string}\"},\"query-input\":{\"@type\":\"PropertyValueSpecification\",\"valueRequired\":true,\"valueName\":\"search_term_string\"}}],\"inLanguage\":\"ro-RO\"},{\"@type\":\"Organization\",\"@id\":\"https:\\\/\\\/gradido.net\\\/de\\\/#organization\",\"name\":\"Gradido\",\"url\":\"https:\\\/\\\/gradido.net\\\/de\\\/\",\"logo\":{\"@type\":\"ImageObject\",\"inLanguage\":\"ro-RO\",\"@id\":\"https:\\\/\\\/gradido.net\\\/de\\\/#\\\/schema\\\/logo\\\/image\\\/\",\"url\":\"https:\\\/\\\/gradido.net\\\/wp-content\\\/uploads\\\/2022\\\/04\\\/gradido-social.jpg\",\"contentUrl\":\"https:\\\/\\\/gradido.net\\\/wp-content\\\/uploads\\\/2022\\\/04\\\/gradido-social.jpg\",\"width\":527,\"height\":273,\"caption\":\"Gradido\"},\"image\":{\"@id\":\"https:\\\/\\\/gradido.net\\\/de\\\/#\\\/schema\\\/logo\\\/image\\\/\"}}]}<\/script>\n<!-- \/ Yoast SEO plugin. -->","yoast_head_json":{"title":"\u00centreb\u0103ri \u0219i r\u0103spunsuri - Gradido","description":"Modelul Gradido este de multe ori mai simplu dec\u00e2t sistemul monetar \u0219i economic actual. \u00cen ciuda - sau poate din cauza - simplit\u0103\u021bii sale, aceasta ridic\u0103 o serie de \u00eentreb\u0103ri. Am dori s\u0103 r\u0103spundem aici la cele mai frecvente \u00eentreb\u0103ri.","robots":{"index":"index","follow":"follow","max-snippet":"max-snippet:-1","max-image-preview":"max-image-preview:large","max-video-preview":"max-video-preview:-1"},"canonical":"https:\/\/gradido.net\/ro\/faq\/","og_locale":"ro_RO","og_type":"article","og_title":"Fragen und Antworten - Gradido","og_description":"Das Gradido-Modell ist um ein Vielfaches einfacher als das derzeitige Geld- und Wirtschaftssystem. Trotz \u2013 oder vielleicht gerade wegen \u2013 seiner Einfachheit wirft es eine Reihe von Fragen auf. Die am h\u00e4ufigsten gestellten Fragen wollen wir hier beantworten.","og_url":"https:\/\/gradido.net\/ro\/faq\/","og_site_name":"Gradido","article_modified_time":"2024-11-15T12:19:51+00:00","og_image":[{"width":2560,"height":600,"url":"https:\/\/gradido.net\/wp-content\/uploads\/2021\/06\/gradido_faq_2-scaled.jpg","type":"image\/jpeg"}],"twitter_card":"summary_large_image","twitter_misc":{"Timp estimat pentru citire":"18 minute"},"schema":{"@context":"https:\/\/schema.org","@graph":[{"@type":"WebPage","@id":"https:\/\/gradido.net\/de\/faq\/","url":"https:\/\/gradido.net\/de\/faq\/","name":"\u00centreb\u0103ri \u0219i r\u0103spunsuri - Gradido","isPartOf":{"@id":"https:\/\/gradido.net\/de\/#website"},"primaryImageOfPage":{"@id":"https:\/\/gradido.net\/de\/faq\/#primaryimage"},"image":{"@id":"https:\/\/gradido.net\/de\/faq\/#primaryimage"},"thumbnailUrl":"https:\/\/gradido.net\/wp-content\/uploads\/2021\/06\/gradido_faq_2-scaled.jpg","datePublished":"2020-08-12T10:22:34+00:00","dateModified":"2024-11-15T12:19:51+00:00","description":"Modelul Gradido este de multe ori mai simplu dec\u00e2t sistemul monetar \u0219i economic actual. \u00cen ciuda - sau poate din cauza - simplit\u0103\u021bii sale, aceasta ridic\u0103 o serie de \u00eentreb\u0103ri. Am dori s\u0103 r\u0103spundem aici la cele mai frecvente \u00eentreb\u0103ri.","breadcrumb":{"@id":"https:\/\/gradido.net\/de\/faq\/#breadcrumb"},"inLanguage":"ro-RO","potentialAction":[{"@type":"ReadAction","target":["https:\/\/gradido.net\/de\/faq\/"]}]},{"@type":"ImageObject","inLanguage":"ro-RO","@id":"https:\/\/gradido.net\/de\/faq\/#primaryimage","url":"https:\/\/gradido.net\/wp-content\/uploads\/2021\/06\/gradido_faq_2-scaled.jpg","contentUrl":"https:\/\/gradido.net\/wp-content\/uploads\/2021\/06\/gradido_faq_2-scaled.jpg","width":2560,"height":600},{"@type":"BreadcrumbList","@id":"https:\/\/gradido.net\/de\/faq\/#breadcrumb","itemListElement":[{"@type":"ListItem","position":1,"name":"Startseite","item":"https:\/\/gradido.net\/"},{"@type":"ListItem","position":2,"name":"Fragen und Antworten"}]},{"@type":"WebSite","@id":"https:\/\/gradido.net\/de\/#website","url":"https:\/\/gradido.net\/de\/","name":"Gradido","description":"Noua moned\u0103 este recuno\u0219tin\u021ba","publisher":{"@id":"https:\/\/gradido.net\/de\/#organization"},"potentialAction":[{"@type":"SearchAction","target":{"@type":"EntryPoint","urlTemplate":"https:\/\/gradido.net\/de\/?s={search_term_string}"},"query-input":{"@type":"PropertyValueSpecification","valueRequired":true,"valueName":"search_term_string"}}],"inLanguage":"ro-RO"},{"@type":"Organization","@id":"https:\/\/gradido.net\/de\/#organization","name":"Gradido","url":"https:\/\/gradido.net\/de\/","logo":{"@type":"ImageObject","inLanguage":"ro-RO","@id":"https:\/\/gradido.net\/de\/#\/schema\/logo\/image\/","url":"https:\/\/gradido.net\/wp-content\/uploads\/2022\/04\/gradido-social.jpg","contentUrl":"https:\/\/gradido.net\/wp-content\/uploads\/2022\/04\/gradido-social.jpg","width":527,"height":273,"caption":"Gradido"},"image":{"@id":"https:\/\/gradido.net\/de\/#\/schema\/logo\/image\/"}}]}},"_links":{"self":[{"href":"https:\/\/gradido.net\/ro\/wp-json\/wp\/v2\/pages\/134","targetHints":{"allow":["GET"]}}],"collection":[{"href":"https:\/\/gradido.net\/ro\/wp-json\/wp\/v2\/pages"}],"about":[{"href":"https:\/\/gradido.net\/ro\/wp-json\/wp\/v2\/types\/page"}],"author":[{"embeddable":true,"href":"https:\/\/gradido.net\/ro\/wp-json\/wp\/v2\/users\/1"}],"replies":[{"embeddable":true,"href":"https:\/\/gradido.net\/ro\/wp-json\/wp\/v2\/comments?post=134"}],"version-history":[{"count":84,"href":"https:\/\/gradido.net\/ro\/wp-json\/wp\/v2\/pages\/134\/revisions"}],"predecessor-version":[{"id":9772,"href":"https:\/\/gradido.net\/ro\/wp-json\/wp\/v2\/pages\/134\/revisions\/9772"}],"wp:featuredmedia":[{"embeddable":true,"href":"https:\/\/gradido.net\/ro\/wp-json\/wp\/v2\/media\/2679"}],"wp:attachment":[{"href":"https:\/\/gradido.net\/ro\/wp-json\/wp\/v2\/media?parent=134"}],"curies":[{"name":"wp","href":"https:\/\/api.w.org\/{rel}","templated":true}]}}