{"id":13623,"date":"2026-04-24T08:40:11","date_gmt":"2026-04-24T06:40:11","guid":{"rendered":"https:\/\/gradido.net\/?page_id=13623"},"modified":"2026-04-24T08:42:30","modified_gmt":"2026-04-24T06:42:30","slug":"gradido-konto","status":"publish","type":"page","link":"https:\/\/gradido.net\/ro\/blog\/gradido-konto\/","title":{"rendered":"Contul Gradido"},"content":{"rendered":"<div data-elementor-type=\"wp-page\" data-elementor-id=\"13623\" class=\"elementor elementor-13623\" data-elementor-post-type=\"page\">\n\t\t\t\t\t\t<section class=\"elementor-section elementor-top-section elementor-element elementor-element-2cac71f elementor-section-full_width elementor-section-height-default elementor-section-height-default\" data-id=\"2cac71f\" data-element_type=\"section\" data-e-type=\"section\">\n\t\t\t\t\t\t<div class=\"elementor-container elementor-column-gap-no\">\n\t\t\t\t\t<div class=\"elementor-column elementor-col-100 elementor-top-column elementor-element elementor-element-cef0c8b\" data-id=\"cef0c8b\" data-element_type=\"column\" data-e-type=\"column\">\n\t\t\t<div class=\"elementor-widget-wrap elementor-element-populated\">\n\t\t\t\t\t\t<div class=\"elementor-element elementor-element-cd0fa05 elementor--h-position-center elementor--v-position-middle elementor-arrows-position-inside elementor-widget elementor-widget-slides\" data-id=\"cd0fa05\" data-element_type=\"widget\" data-e-type=\"widget\" data-settings=\"{&quot;navigation&quot;:&quot;arrows&quot;,&quot;autoplay&quot;:&quot;yes&quot;,&quot;pause_on_hover&quot;:&quot;yes&quot;,&quot;pause_on_interaction&quot;:&quot;yes&quot;,&quot;autoplay_speed&quot;:5000,&quot;infinite&quot;:&quot;yes&quot;,&quot;transition&quot;:&quot;slide&quot;,&quot;transition_speed&quot;:500}\" data-widget_type=\"slides.default\">\n\t\t\t\t<div class=\"elementor-widget-container\">\n\t\t\t\t\t\t\t\t\t<div class=\"elementor-swiper\">\n\t\t\t\t\t<div class=\"elementor-slides-wrapper elementor-main-swiper swiper\" role=\"region\" aria-roledescription=\"carousel\" aria-label=\"Slider\" dir=\"ltr\" data-animation=\"fadeInUp\">\n\t\t\t\t<div class=\"swiper-wrapper elementor-slides\">\n\t\t\t\t\t\t\t\t\t\t<div class=\"elementor-repeater-item-2de4990 swiper-slide\" role=\"group\" aria-roledescription=\"slide\"><div class=\"swiper-slide-bg\" role=\"img\" aria-label=\"blog\"><\/div><div class=\"swiper-slide-inner\" ><div class=\"swiper-slide-contents\"><\/div><\/div><\/div>\t\t\t\t<\/div>\n\t\t\t\t\t\t\t<\/div>\n\t\t\t\t<\/div>\n\t\t\t\t\t\t\t\t<\/div>\n\t\t\t\t<\/div>\n\t\t\t\t\t<\/div>\n\t\t<\/div>\n\t\t\t\t\t<\/div>\n\t\t<\/section>\n\t\t\t\t<section class=\"elementor-section elementor-top-section elementor-element elementor-element-cec2a5b elementor-section-boxed elementor-section-height-default elementor-section-height-default\" data-id=\"cec2a5b\" data-element_type=\"section\" data-e-type=\"section\" data-settings=\"{&quot;background_background&quot;:&quot;classic&quot;}\">\n\t\t\t\t\t\t<div class=\"elementor-container elementor-column-gap-default\">\n\t\t\t\t\t<div class=\"elementor-column elementor-col-100 elementor-top-column elementor-element elementor-element-2bca127\" data-id=\"2bca127\" data-element_type=\"column\" data-e-type=\"column\">\n\t\t\t<div class=\"elementor-widget-wrap elementor-element-populated\">\n\t\t\t\t\t\t<div class=\"elementor-element elementor-element-e504e40 elementor-widget elementor-widget-heading\" data-id=\"e504e40\" data-element_type=\"widget\" data-e-type=\"widget\" data-widget_type=\"heading.default\">\n\t\t\t\t<div class=\"elementor-widget-container\">\n\t\t\t\t\t<h1 class=\"elementor-heading-title elementor-size-default\">Contul Gradido<\/h1>\t\t\t\t<\/div>\n\t\t\t\t<\/div>\n\t\t\t\t\t<\/div>\n\t\t<\/div>\n\t\t\t\t\t<\/div>\n\t\t<\/section>\n\t\t\t\t<section class=\"elementor-section elementor-top-section elementor-element elementor-element-e4f56b5 elementor-section-boxed elementor-section-height-default elementor-section-height-default\" data-id=\"e4f56b5\" data-element_type=\"section\" data-e-type=\"section\">\n\t\t\t\t\t\t<div class=\"elementor-container elementor-column-gap-default\">\n\t\t\t\t\t<div class=\"elementor-column elementor-col-100 elementor-top-column elementor-element elementor-element-93ee9fb\" data-id=\"93ee9fb\" data-element_type=\"column\" data-e-type=\"column\">\n\t\t\t<div class=\"elementor-widget-wrap elementor-element-populated\">\n\t\t\t\t\t\t<div class=\"elementor-element elementor-element-7bbe7d9 elementor-nav-menu--dropdown-tablet elementor-nav-menu__text-align-aside elementor-nav-menu--toggle elementor-nav-menu--burger elementor-widget elementor-widget-nav-menu\" data-id=\"7bbe7d9\" data-element_type=\"widget\" data-e-type=\"widget\" data-settings=\"{&quot;layout&quot;:&quot;horizontal&quot;,&quot;submenu_icon&quot;:{&quot;value&quot;:&quot;&lt;i class=\\&quot;fas fa-caret-down\\&quot; aria-hidden=\\&quot;true\\&quot;&gt;&lt;\\\/i&gt;&quot;,&quot;library&quot;:&quot;fa-solid&quot;},&quot;toggle&quot;:&quot;burger&quot;}\" data-widget_type=\"nav-menu.default\">\n\t\t\t\t<div class=\"elementor-widget-container\">\n\t\t\t\t\t\t\t\t<nav aria-label=\"Meniu\" class=\"elementor-nav-menu--main elementor-nav-menu__container elementor-nav-menu--layout-horizontal e--pointer-underline e--animation-fade\">\n\t\t\t\t<ul id=\"menu-1-7bbe7d9\" class=\"elementor-nav-menu\"><li class=\"menu-item menu-item-type-post_type menu-item-object-page menu-item-13532\"><a href=\"https:\/\/gradido.net\/ro\/blog\/\" class=\"elementor-item\">Toate categoriile<\/a><\/li>\n<li class=\"menu-item menu-item-type-post_type menu-item-object-page menu-item-13515\"><a href=\"https:\/\/gradido.net\/ro\/blog\/analysen\/\" class=\"elementor-item\">Analize<\/a><\/li>\n<li class=\"menu-item menu-item-type-post_type menu-item-object-page menu-item-13559\"><a href=\"https:\/\/gradido.net\/ro\/blog\/lieblingsstadt\/\" class=\"elementor-item\">Ora\u0219ul favorit<\/a><\/li>\n<li class=\"menu-item menu-item-type-post_type menu-item-object-page menu-item-13641\"><a href=\"https:\/\/gradido.net\/ro\/blog\/community\/\" class=\"elementor-item\">Comunitate<\/a><\/li>\n<li class=\"menu-item menu-item-type-post_type menu-item-object-page menu-item-13639\"><a href=\"https:\/\/gradido.net\/ro\/blog\/psychologie\/\" class=\"elementor-item\">Psihologie<\/a><\/li>\n<li class=\"menu-item menu-item-type-post_type menu-item-object-page menu-item-13640\"><a href=\"https:\/\/gradido.net\/ro\/blog\/gradido-konto\/\" class=\"elementor-item\">Contul Gradido<\/a><\/li>\n<\/ul>\t\t\t<\/nav>\n\t\t\t\t\t<div class=\"elementor-menu-toggle\" role=\"button\" tabindex=\"0\" aria-label=\"Comutare meniu\" aria-expanded=\"false\">\n\t\t\t<i aria-hidden=\"true\" role=\"presentation\" class=\"elementor-menu-toggle__icon--open eicon-menu-bar\"><\/i><i aria-hidden=\"true\" role=\"presentation\" class=\"elementor-menu-toggle__icon--close eicon-close\"><\/i>\t\t<\/div>\n\t\t\t\t\t<nav class=\"elementor-nav-menu--dropdown elementor-nav-menu__container\" aria-hidden=\"true\">\n\t\t\t\t<ul id=\"menu-2-7bbe7d9\" class=\"elementor-nav-menu\"><li class=\"menu-item menu-item-type-post_type menu-item-object-page menu-item-13532\"><a href=\"https:\/\/gradido.net\/ro\/blog\/\" class=\"elementor-item\" tabindex=\"-1\">Toate categoriile<\/a><\/li>\n<li class=\"menu-item menu-item-type-post_type menu-item-object-page menu-item-13515\"><a href=\"https:\/\/gradido.net\/ro\/blog\/analysen\/\" class=\"elementor-item\" tabindex=\"-1\">Analize<\/a><\/li>\n<li class=\"menu-item menu-item-type-post_type menu-item-object-page menu-item-13559\"><a href=\"https:\/\/gradido.net\/ro\/blog\/lieblingsstadt\/\" class=\"elementor-item\" tabindex=\"-1\">Ora\u0219ul favorit<\/a><\/li>\n<li class=\"menu-item menu-item-type-post_type menu-item-object-page menu-item-13641\"><a href=\"https:\/\/gradido.net\/ro\/blog\/community\/\" class=\"elementor-item\" tabindex=\"-1\">Comunitate<\/a><\/li>\n<li class=\"menu-item menu-item-type-post_type menu-item-object-page menu-item-13639\"><a href=\"https:\/\/gradido.net\/ro\/blog\/psychologie\/\" class=\"elementor-item\" tabindex=\"-1\">Psihologie<\/a><\/li>\n<li class=\"menu-item menu-item-type-post_type menu-item-object-page menu-item-13640\"><a href=\"https:\/\/gradido.net\/ro\/blog\/gradido-konto\/\" class=\"elementor-item\" tabindex=\"-1\">Contul Gradido<\/a><\/li>\n<\/ul>\t\t\t<\/nav>\n\t\t\t\t\t\t<\/div>\n\t\t\t\t<\/div>\n\t\t\t\t<div class=\"elementor-element elementor-element-1c7d36d elementor-grid-tablet-3 elementor-grid-3 elementor-grid-mobile-1 elementor-posts--thumbnail-top elementor-posts__hover-gradient elementor-widget elementor-widget-posts\" data-id=\"1c7d36d\" data-element_type=\"widget\" data-e-type=\"widget\" data-settings=\"{&quot;cards_columns_tablet&quot;:&quot;3&quot;,&quot;cards_columns&quot;:&quot;3&quot;,&quot;cards_columns_mobile&quot;:&quot;1&quot;,&quot;cards_row_gap&quot;:{&quot;unit&quot;:&quot;px&quot;,&quot;size&quot;:35,&quot;sizes&quot;:[]},&quot;cards_row_gap_tablet&quot;:{&quot;unit&quot;:&quot;px&quot;,&quot;size&quot;:&quot;&quot;,&quot;sizes&quot;:[]},&quot;cards_row_gap_mobile&quot;:{&quot;unit&quot;:&quot;px&quot;,&quot;size&quot;:&quot;&quot;,&quot;sizes&quot;:[]}}\" data-widget_type=\"posts.cards\">\n\t\t\t\t<div class=\"elementor-widget-container\">\n\t\t\t\t\t\t\t<div class=\"elementor-posts-container elementor-posts elementor-posts--skin-cards elementor-grid\" role=\"list\">\n\t\t\t\t<article class=\"elementor-post elementor-grid-item post-13190 post type-post status-publish format-standard has-post-thumbnail hentry category-analysen category-blog category-gradido-konto\" role=\"listitem\">\n\t\t\t<div class=\"elementor-post__card\">\n\t\t\t\t<a class=\"elementor-post__thumbnail__link\" href=\"https:\/\/gradido.net\/ro\/bitcoin-aufstieg-und-grenzen-lektionen-fuer-gradido\/\" tabindex=\"-1\" ><div class=\"elementor-post__thumbnail\"><img fetchpriority=\"high\" decoding=\"async\" width=\"800\" height=\"450\" src=\"https:\/\/gradido.net\/wp-content\/uploads\/2026\/03\/BitCoin-Gradido-1024x576.jpg\" class=\"attachment-large size-large wp-image-13191\" alt=\"\" srcset=\"https:\/\/gradido.net\/wp-content\/uploads\/2026\/03\/BitCoin-Gradido-1024x576.jpg 1024w, https:\/\/gradido.net\/wp-content\/uploads\/2026\/03\/BitCoin-Gradido-300x169.jpg 300w, https:\/\/gradido.net\/wp-content\/uploads\/2026\/03\/BitCoin-Gradido-768x432.jpg 768w, https:\/\/gradido.net\/wp-content\/uploads\/2026\/03\/BitCoin-Gradido-1536x864.jpg 1536w, https:\/\/gradido.net\/wp-content\/uploads\/2026\/03\/BitCoin-Gradido-18x10.jpg 18w, https:\/\/gradido.net\/wp-content\/uploads\/2026\/03\/BitCoin-Gradido.jpg 1920w\" sizes=\"(max-width: 800px) 100vw, 800px\" \/><\/div><\/a>\n\t\t\t\t<div class=\"elementor-post__text\">\n\t\t\t\t<h3 class=\"elementor-post__title\">\n\t\t\t<a href=\"https:\/\/gradido.net\/ro\/bitcoin-aufstieg-und-grenzen-lektionen-fuer-gradido\/\" >\n\t\t\t\tBitcoin - cre\u0219tere \u0219i limite: Lec\u021bii pentru Gradido\t\t\t<\/a>\n\t\t<\/h3>\n\t\t\t\t<div class=\"elementor-post__excerpt\">\n\t\t\t<p>Bitcoin arat\u0103 c\u0103 crearea descentralizat\u0103 de bani \u00een afara b\u0103ncilor centrale este posibil\u0103 \u0219i acceptabil\u0103 din punct de vedere social - \u0219i unde duce un sistem care recompenseaz\u0103 raritatea \u0219i tezaurizarea \u00een loc de circula\u021bie \u0219i binele comun.<\/p>\n\t\t<\/div>\n\t\t\n\t\t<a class=\"elementor-post__read-more\" href=\"https:\/\/gradido.net\/ro\/bitcoin-aufstieg-und-grenzen-lektionen-fuer-gradido\/\" aria-label=\"Read more about Bitcoin \u2013 Aufstieg und Grenzen: Lektionen f\u00fcr Gradido\" tabindex=\"-1\" >\n\t\t\tCite\u0219te mai mult\t\t<\/a>\n\n\t\t\t\t<\/div>\n\t\t\t\t<div class=\"elementor-post__meta-data\">\n\t\t\t\t\t<span class=\"elementor-post-date\">\n\t\t\t26. martie 2026\t\t<\/span>\n\t\t\t\t<\/div>\n\t\t\t\t\t<\/div>\n\t\t<\/article>\n\t\t\t\t<article class=\"elementor-post elementor-grid-item post-10371 post type-post status-publish format-standard has-post-thumbnail hentry category-blog category-community category-gradido-konto\" role=\"listitem\">\n\t\t\t<div class=\"elementor-post__card\">\n\t\t\t\t<a class=\"elementor-post__thumbnail__link\" href=\"https:\/\/gradido.net\/ro\/gemeinsam-wachsen-meilensteine-feiern-und-die-zukunft-gestalten\/\" tabindex=\"-1\" ><div class=\"elementor-post__thumbnail\"><img decoding=\"async\" width=\"800\" height=\"445\" src=\"https:\/\/gradido.net\/wp-content\/uploads\/2022\/12\/Test_fertig_1920-1024x569.jpg\" class=\"attachment-large size-large wp-image-6018\" alt=\"\" srcset=\"https:\/\/gradido.net\/wp-content\/uploads\/2022\/12\/Test_fertig_1920-1024x569.jpg 1024w, https:\/\/gradido.net\/wp-content\/uploads\/2022\/12\/Test_fertig_1920-300x167.jpg 300w, https:\/\/gradido.net\/wp-content\/uploads\/2022\/12\/Test_fertig_1920-768x427.jpg 768w, https:\/\/gradido.net\/wp-content\/uploads\/2022\/12\/Test_fertig_1920-1536x854.jpg 1536w, https:\/\/gradido.net\/wp-content\/uploads\/2022\/12\/Test_fertig_1920-18x10.jpg 18w, https:\/\/gradido.net\/wp-content\/uploads\/2022\/12\/Test_fertig_1920.jpg 1920w\" sizes=\"(max-width: 800px) 100vw, 800px\" \/><\/div><\/a>\n\t\t\t\t<div class=\"elementor-post__text\">\n\t\t\t\t<h3 class=\"elementor-post__title\">\n\t\t\t<a href=\"https:\/\/gradido.net\/ro\/gemeinsam-wachsen-meilensteine-feiern-und-die-zukunft-gestalten\/\" >\n\t\t\t\tCre\u0219tem \u00eempreun\u0103: s\u0103rb\u0103torim etapele importante \u0219i model\u0103m viitorul\t\t\t<\/a>\n\t\t<\/h3>\n\t\t\t\t<div class=\"elementor-post__excerpt\">\n\t\t\t<p>Ast\u0103zi am dori s\u0103 v\u0103 inform\u0103m - \u0219i s\u0103 ne inform\u0103m cu to\u021bii - cu privire la reperele pe care le-am atins \u00eempreun\u0103 \u00een ultimii ani \u0219i la ceea ce ne a\u0219teapt\u0103 \u00een urm\u0103toarele dou\u0103sprezece luni<\/p>\n\t\t<\/div>\n\t\t\n\t\t<a class=\"elementor-post__read-more\" href=\"https:\/\/gradido.net\/ro\/gemeinsam-wachsen-meilensteine-feiern-und-die-zukunft-gestalten\/\" aria-label=\"Citi\u021bi mai multe despre &quot;S\u0103 cre\u0219tem \u00eempreun\u0103: s\u0103rb\u0103torim etapele importante \u0219i model\u0103m viitorul\" tabindex=\"-1\" >\n\t\t\tCite\u0219te mai mult\t\t<\/a>\n\n\t\t\t\t<\/div>\n\t\t\t\t<div class=\"elementor-post__meta-data\">\n\t\t\t\t\t<span class=\"elementor-post-date\">\n\t\t\t11 mai 2025\t\t<\/span>\n\t\t\t\t<\/div>\n\t\t\t\t\t<\/div>\n\t\t<\/article>\n\t\t\t\t<article class=\"elementor-post elementor-grid-item post-10264 post type-post status-publish format-standard has-post-thumbnail hentry category-blog category-community category-gradido-konto tag-bild-oben\" role=\"listitem\">\n\t\t\t<div class=\"elementor-post__card\">\n\t\t\t\t<a class=\"elementor-post__thumbnail__link\" href=\"https:\/\/gradido.net\/ro\/gms1\/\" tabindex=\"-1\" ><div class=\"elementor-post__thumbnail\"><img decoding=\"async\" width=\"800\" height=\"366\" src=\"https:\/\/gradido.net\/wp-content\/uploads\/2025\/04\/GMS_Banner-1024x469.jpg\" class=\"attachment-large size-large wp-image-10265\" alt=\"\" srcset=\"https:\/\/gradido.net\/wp-content\/uploads\/2025\/04\/GMS_Banner-1024x469.jpg 1024w, https:\/\/gradido.net\/wp-content\/uploads\/2025\/04\/GMS_Banner-300x138.jpg 300w, https:\/\/gradido.net\/wp-content\/uploads\/2025\/04\/GMS_Banner-768x352.jpg 768w, https:\/\/gradido.net\/wp-content\/uploads\/2025\/04\/GMS_Banner-1536x704.jpg 1536w, https:\/\/gradido.net\/wp-content\/uploads\/2025\/04\/GMS_Banner-18x8.jpg 18w, https:\/\/gradido.net\/wp-content\/uploads\/2025\/04\/GMS_Banner.jpg 1920w\" sizes=\"(max-width: 800px) 100vw, 800px\" \/><\/div><\/a>\n\t\t\t\t<div class=\"elementor-post__text\">\n\t\t\t\t<h3 class=\"elementor-post__title\">\n\t\t\t<a href=\"https:\/\/gradido.net\/ro\/gms1\/\" >\n\t\t\t\t\u00cempreun\u0103 \u00een loc de singuri - g\u0103si\u021bi persoane care g\u00e2ndesc la fel \u00een cartierul dvs.\t\t\t<\/a>\n\t\t<\/h3>\n\t\t\t\t<div class=\"elementor-post__excerpt\">\n\t\t\t<p>Cunoa\u0219te\u021bi \u0219i dumneavoastr\u0103 acest sentiment? V\u0103 dedica\u021bi din toat\u0103 inima p\u0103cii, libert\u0103\u021bii \u0219i unui viitor demn de tr\u0103it \u00een armonie cu natura. Dar uneori te sim\u021bi singur pe drumul t\u0103u, pentru c\u0103 nu \u0219tii unde locuiesc, \u00een cartierul t\u0103u, oameni care \u00ee\u021bi \u00eemp\u0103rt\u0103\u0219esc valorile \u0219i viziunile. Acum exist\u0103 o solu\u021bie simpl\u0103...<\/p>\n\t\t<\/div>\n\t\t\n\t\t<a class=\"elementor-post__read-more\" href=\"https:\/\/gradido.net\/ro\/gms1\/\" aria-label=\"Cite\u0219te mai mult despre \u00cempreun\u0103 \u00een loc de singuri - G\u0103se\u0219te \u00een cartierul t\u0103u oameni care g\u00e2ndesc la fel\" tabindex=\"-1\" >\n\t\t\tCite\u0219te mai mult\t\t<\/a>\n\n\t\t\t\t<\/div>\n\t\t\t\t<div class=\"elementor-post__meta-data\">\n\t\t\t\t\t<span class=\"elementor-post-date\">\n\t\t\t16 aprilie 2025\t\t<\/span>\n\t\t\t\t<\/div>\n\t\t\t\t\t<\/div>\n\t\t<\/article>\n\t\t\t\t<article class=\"elementor-post elementor-grid-item post-9649 post type-post status-publish format-standard has-post-thumbnail hentry category-blog category-community category-gradido-konto\" role=\"listitem\">\n\t\t\t<div class=\"elementor-post__card\">\n\t\t\t\t<a class=\"elementor-post__thumbnail__link\" href=\"https:\/\/gradido.net\/ro\/welches-grundeinkommen-ist-das-richtige\/\" tabindex=\"-1\" ><div class=\"elementor-post__thumbnail\"><img loading=\"lazy\" decoding=\"async\" width=\"800\" height=\"300\" src=\"https:\/\/gradido.net\/wp-content\/uploads\/2020\/09\/grundeinkommen-statt-existenzangst-1024x384.jpg\" class=\"attachment-large size-large wp-image-833\" alt=\"\" srcset=\"https:\/\/gradido.net\/wp-content\/uploads\/2020\/09\/grundeinkommen-statt-existenzangst-1024x384.jpg 1024w, https:\/\/gradido.net\/wp-content\/uploads\/2020\/09\/grundeinkommen-statt-existenzangst-300x113.jpg 300w, https:\/\/gradido.net\/wp-content\/uploads\/2020\/09\/grundeinkommen-statt-existenzangst-768x288.jpg 768w, https:\/\/gradido.net\/wp-content\/uploads\/2020\/09\/grundeinkommen-statt-existenzangst.jpg 1344w\" sizes=\"(max-width: 800px) 100vw, 800px\" \/><\/div><\/a>\n\t\t\t\t<div class=\"elementor-post__text\">\n\t\t\t\t<h3 class=\"elementor-post__title\">\n\t\t\t<a href=\"https:\/\/gradido.net\/ro\/welches-grundeinkommen-ist-das-richtige\/\" >\n\t\t\t\tCare venit de baz\u0103 este cel potrivit?\t\t\t<\/a>\n\t\t<\/h3>\n\t\t\t\t<div class=\"elementor-post__excerpt\">\n\t\t\t<p>Satisfac\u021bia profund\u0103 care decurge din capacitatea de a contribui la binele comun \u0219i efectele pozitive asociate asupra dezvolt\u0103rii poten\u021bialului, calit\u0103\u021bii vie\u021bii, fericirii \u0219i s\u0103n\u0103t\u0103\u021bii ne fac s\u0103 favoriz\u0103m \u00een mod clar venitul de baz\u0103 activ.<\/p>\n\t\t<\/div>\n\t\t\n\t\t<a class=\"elementor-post__read-more\" href=\"https:\/\/gradido.net\/ro\/welches-grundeinkommen-ist-das-richtige\/\" aria-label=\"Cite\u0219te mai mult despre Care venit de baz\u0103 este cel potrivit?\" tabindex=\"-1\" >\n\t\t\tCite\u0219te mai mult\t\t<\/a>\n\n\t\t\t\t<\/div>\n\t\t\t\t<div class=\"elementor-post__meta-data\">\n\t\t\t\t\t<span class=\"elementor-post-date\">\n\t\t\t18 octombrie 2024\t\t<\/span>\n\t\t\t\t<\/div>\n\t\t\t\t\t<\/div>\n\t\t<\/article>\n\t\t\t\t<article class=\"elementor-post elementor-grid-item post-9621 post type-post status-publish format-standard has-post-thumbnail hentry category-blog category-community category-gradido-konto tag-bild-oben\" role=\"listitem\">\n\t\t\t<div class=\"elementor-post__card\">\n\t\t\t\t<a class=\"elementor-post__thumbnail__link\" href=\"https:\/\/gradido.net\/ro\/sichere-video-meetings-in-den-gradido-kreisen\/\" tabindex=\"-1\" ><div class=\"elementor-post__thumbnail\"><img loading=\"lazy\" decoding=\"async\" width=\"800\" height=\"416\" src=\"https:\/\/gradido.net\/wp-content\/uploads\/2024\/10\/Video-Meeting-1024x533.jpg\" class=\"attachment-large size-large wp-image-9622\" alt=\"\" srcset=\"https:\/\/gradido.net\/wp-content\/uploads\/2024\/10\/Video-Meeting-1024x533.jpg 1024w, https:\/\/gradido.net\/wp-content\/uploads\/2024\/10\/Video-Meeting-300x156.jpg 300w, https:\/\/gradido.net\/wp-content\/uploads\/2024\/10\/Video-Meeting-768x400.jpg 768w, https:\/\/gradido.net\/wp-content\/uploads\/2024\/10\/Video-Meeting-1536x800.jpg 1536w, https:\/\/gradido.net\/wp-content\/uploads\/2024\/10\/Video-Meeting-18x9.jpg 18w, https:\/\/gradido.net\/wp-content\/uploads\/2024\/10\/Video-Meeting.jpg 1920w\" sizes=\"(max-width: 800px) 100vw, 800px\" \/><\/div><\/a>\n\t\t\t\t<div class=\"elementor-post__text\">\n\t\t\t\t<h3 class=\"elementor-post__title\">\n\t\t\t<a href=\"https:\/\/gradido.net\/ro\/sichere-video-meetings-in-den-gradido-kreisen\/\" >\n\t\t\t\tReuniuni video securizate \u00een cercurile Gradido\t\t\t<\/a>\n\t\t<\/h3>\n\t\t\t\t<div class=\"elementor-post__excerpt\">\n\t\t\t<p>La Gradido, acord\u0103m o mare importan\u021b\u0103 protec\u021biei datelor dumneavoastr\u0103. De acum \u00eenainte, pute\u021bi organiza videoconferin\u021be securizate \u00een conformitate cu GDPR \u00een cadrul cercurilor Gradido pe serverele germane sau austriece ale Fairkom f\u0103r\u0103 ca altcineva s\u0103 asculte. <\/p>\n\t\t<\/div>\n\t\t\n\t\t<a class=\"elementor-post__read-more\" href=\"https:\/\/gradido.net\/ro\/sichere-video-meetings-in-den-gradido-kreisen\/\" aria-label=\"Cite\u0219te mai mult despre \u00cent\u00e2lniri video \u00een siguran\u021b\u0103 \u00een cercurile Gradido\" tabindex=\"-1\" >\n\t\t\tCite\u0219te mai mult\t\t<\/a>\n\n\t\t\t\t<\/div>\n\t\t\t\t<div class=\"elementor-post__meta-data\">\n\t\t\t\t\t<span class=\"elementor-post-date\">\n\t\t\t10 octombrie 2024\t\t<\/span>\n\t\t\t\t<\/div>\n\t\t\t\t\t<\/div>\n\t\t<\/article>\n\t\t\t\t<article class=\"elementor-post elementor-grid-item post-9470 post type-post status-publish format-standard has-post-thumbnail hentry category-blog category-community category-gradido-konto\" role=\"listitem\">\n\t\t\t<div class=\"elementor-post__card\">\n\t\t\t\t<a class=\"elementor-post__thumbnail__link\" href=\"https:\/\/gradido.net\/ro\/entdecke-die-neuen-gradido-kreise\/\" tabindex=\"-1\" ><div class=\"elementor-post__thumbnail\"><img loading=\"lazy\" decoding=\"async\" width=\"800\" height=\"450\" src=\"https:\/\/gradido.net\/wp-content\/uploads\/2024\/09\/Gradido-Kreise-1024x576.jpg\" class=\"attachment-large size-large wp-image-9472\" alt=\"\" srcset=\"https:\/\/gradido.net\/wp-content\/uploads\/2024\/09\/Gradido-Kreise-1024x576.jpg 1024w, https:\/\/gradido.net\/wp-content\/uploads\/2024\/09\/Gradido-Kreise-300x169.jpg 300w, https:\/\/gradido.net\/wp-content\/uploads\/2024\/09\/Gradido-Kreise-768x432.jpg 768w, https:\/\/gradido.net\/wp-content\/uploads\/2024\/09\/Gradido-Kreise-18x10.jpg 18w, https:\/\/gradido.net\/wp-content\/uploads\/2024\/09\/Gradido-Kreise.jpg 1280w\" sizes=\"(max-width: 800px) 100vw, 800px\" \/><\/div><\/a>\n\t\t\t\t<div class=\"elementor-post__text\">\n\t\t\t\t<h3 class=\"elementor-post__title\">\n\t\t\t<a href=\"https:\/\/gradido.net\/ro\/entdecke-die-neuen-gradido-kreise\/\" >\n\t\t\t\tDescoperi\u021bi noile cercuri Gradido\t\t\t<\/a>\n\t\t<\/h3>\n\t\t\t\t<div class=\"elementor-post__excerpt\">\n\t\t\t<p>A\u021bi v\u0103zut-o deja? De la sf\u00e2r\u0219itul lunii mai avem noua noastr\u0103 platform\u0103 comunitar\u0103, pe care o numim Gradido Circles. Acum pute\u021bi comunica cu al\u021bi participan\u021bi Gradido \u00een spa\u021bii sigure (numite \"Spaces\") \u0219i pute\u021bi intra din ce \u00een ce mai mult \u00een contact.<\/p>\n\t\t<\/div>\n\t\t\n\t\t<a class=\"elementor-post__read-more\" href=\"https:\/\/gradido.net\/ro\/entdecke-die-neuen-gradido-kreise\/\" aria-label=\"Citi\u021bi mai multe despre Descoperi\u021bi noile cercuri Gradido\" tabindex=\"-1\" >\n\t\t\tCite\u0219te mai mult\t\t<\/a>\n\n\t\t\t\t<\/div>\n\t\t\t\t<div class=\"elementor-post__meta-data\">\n\t\t\t\t\t<span class=\"elementor-post-date\">\n\t\t\t30 august 2024\t\t<\/span>\n\t\t\t\t<\/div>\n\t\t\t\t\t<\/div>\n\t\t<\/article>\n\t\t\t\t<article class=\"elementor-post elementor-grid-item post-8075 post type-post status-publish format-standard has-post-thumbnail hentry category-blog category-gradido-konto\" role=\"listitem\">\n\t\t\t<div class=\"elementor-post__card\">\n\t\t\t\t<a class=\"elementor-post__thumbnail__link\" href=\"https:\/\/gradido.net\/ro\/gradido-2-0-dezentrale-gradido-server\/\" tabindex=\"-1\" ><div class=\"elementor-post__thumbnail\"><img loading=\"lazy\" decoding=\"async\" width=\"800\" height=\"500\" src=\"https:\/\/gradido.net\/wp-content\/uploads\/2023\/11\/Dezentrale_Server_1920-1024x640.jpg\" class=\"attachment-large size-large wp-image-8076\" alt=\"\" srcset=\"https:\/\/gradido.net\/wp-content\/uploads\/2023\/11\/Dezentrale_Server_1920-1024x640.jpg 1024w, https:\/\/gradido.net\/wp-content\/uploads\/2023\/11\/Dezentrale_Server_1920-300x188.jpg 300w, https:\/\/gradido.net\/wp-content\/uploads\/2023\/11\/Dezentrale_Server_1920-768x480.jpg 768w, https:\/\/gradido.net\/wp-content\/uploads\/2023\/11\/Dezentrale_Server_1920-1536x960.jpg 1536w, https:\/\/gradido.net\/wp-content\/uploads\/2023\/11\/Dezentrale_Server_1920-18x12.jpg 18w, https:\/\/gradido.net\/wp-content\/uploads\/2023\/11\/Dezentrale_Server_1920.jpg 1920w\" sizes=\"(max-width: 800px) 100vw, 800px\" \/><\/div><\/a>\n\t\t\t\t<div class=\"elementor-post__text\">\n\t\t\t\t<h3 class=\"elementor-post__title\">\n\t\t\t<a href=\"https:\/\/gradido.net\/ro\/gradido-2-0-dezentrale-gradido-server\/\" >\n\t\t\t\tGradido 2.0 - Server Gradido descentralizat\t\t\t<\/a>\n\t\t<\/h3>\n\t\t\t\t<div class=\"elementor-post__excerpt\">\n\t\t\t<p>Gradido devine descentralizat! Cu Gradido 2.0, putem acum s\u0103 \u00eendeplinim dorin\u021ba multor participan\u021bi de a-\u0219i organiza comunitatea \u00een mod autonom. Acest lucru ne aduce cu un pas mare mai aproape de visul unui sistem de remunerare uman \u0219i descentralizat.<\/p>\n\t\t<\/div>\n\t\t\n\t\t<a class=\"elementor-post__read-more\" href=\"https:\/\/gradido.net\/ro\/gradido-2-0-dezentrale-gradido-server\/\" aria-label=\"Cite\u0219te mai mult despre Gradido 2.0 - Server Gradido descentralizat\" tabindex=\"-1\" >\n\t\t\tCite\u0219te mai mult\t\t<\/a>\n\n\t\t\t\t<\/div>\n\t\t\t\t<div class=\"elementor-post__meta-data\">\n\t\t\t\t\t<span class=\"elementor-post-date\">\n\t\t\t1. noiembrie 2023\t\t<\/span>\n\t\t\t\t<\/div>\n\t\t\t\t\t<\/div>\n\t\t<\/article>\n\t\t\t\t<article class=\"elementor-post elementor-grid-item post-6837 post type-post status-publish format-standard has-post-thumbnail hentry category-blog category-community category-gradido-konto tag-bild-oben\" role=\"listitem\">\n\t\t\t<div class=\"elementor-post__card\">\n\t\t\t\t<a class=\"elementor-post__thumbnail__link\" href=\"https:\/\/gradido.net\/ro\/webinar-wohlstand-und-frieden-fuer-die-menschheitsfamilie\/\" tabindex=\"-1\" ><div class=\"elementor-post__thumbnail\"><img loading=\"lazy\" decoding=\"async\" width=\"800\" height=\"377\" src=\"https:\/\/gradido.net\/wp-content\/uploads\/2023\/06\/Webinar-1024x482.png\" class=\"attachment-large size-large wp-image-6838\" alt=\"\" srcset=\"https:\/\/gradido.net\/wp-content\/uploads\/2023\/06\/Webinar-1024x482.png 1024w, https:\/\/gradido.net\/wp-content\/uploads\/2023\/06\/Webinar-300x141.png 300w, https:\/\/gradido.net\/wp-content\/uploads\/2023\/06\/Webinar-768x362.png 768w, https:\/\/gradido.net\/wp-content\/uploads\/2023\/06\/Webinar-1536x723.png 1536w, https:\/\/gradido.net\/wp-content\/uploads\/2023\/06\/Webinar-2048x964.png 2048w, https:\/\/gradido.net\/wp-content\/uploads\/2023\/06\/Webinar-18x8.png 18w\" sizes=\"(max-width: 800px) 100vw, 800px\" \/><\/div><\/a>\n\t\t\t\t<div class=\"elementor-post__text\">\n\t\t\t\t<h3 class=\"elementor-post__title\">\n\t\t\t<a href=\"https:\/\/gradido.net\/ro\/webinar-wohlstand-und-frieden-fuer-die-menschheitsfamilie\/\" >\n\t\t\t\tWebinar: Prosperitate \u0219i pace pentru familia uman\u0103\t\t\t<\/a>\n\t\t<\/h3>\n\t\t\t\t<div class=\"elementor-post__excerpt\">\n\t\t\t<p>Webinarul legendar cu fondatorul Gradido: Ve\u021bi ob\u021bine cuno\u0219tin\u021be profunde despre gre\u0219elile fatale ale vechiului sistem monetar, singura solu\u021bie sensibil\u0103 bazat\u0103 pe modelul naturii \u0219i ghidul perfect pentru a modela activ \u0219i cu bucurie viitorul. - EXIST\u0102 DATE NOI!<\/p>\n\t\t<\/div>\n\t\t\n\t\t<a class=\"elementor-post__read-more\" href=\"https:\/\/gradido.net\/ro\/webinar-wohlstand-und-frieden-fuer-die-menschheitsfamilie\/\" aria-label=\"Cite\u0219te mai mult despre Webinar: Prosperitate \u0219i pace pentru familia uman\u0103\" tabindex=\"-1\" >\n\t\t\tCite\u0219te mai mult\t\t<\/a>\n\n\t\t\t\t<\/div>\n\t\t\t\t<div class=\"elementor-post__meta-data\">\n\t\t\t\t\t<span class=\"elementor-post-date\">\n\t\t\t10. iunie 2023\t\t<\/span>\n\t\t\t\t<\/div>\n\t\t\t\t\t<\/div>\n\t\t<\/article>\n\t\t\t\t<article class=\"elementor-post elementor-grid-item post-6490 post type-post status-publish format-standard has-post-thumbnail hentry category-blog category-gradido-konto\" role=\"listitem\">\n\t\t\t<div class=\"elementor-post__card\">\n\t\t\t\t<a class=\"elementor-post__thumbnail__link\" href=\"https:\/\/gradido.net\/ro\/gradido-zu-dankbar-umrechner\/\" tabindex=\"-1\" ><div class=\"elementor-post__thumbnail\"><img loading=\"lazy\" decoding=\"async\" width=\"800\" height=\"502\" src=\"https:\/\/gradido.net\/wp-content\/uploads\/2023\/04\/Umrechner-1024x642.jpg\" class=\"attachment-large size-large wp-image-6499\" alt=\"\" srcset=\"https:\/\/gradido.net\/wp-content\/uploads\/2023\/04\/Umrechner-1024x642.jpg 1024w, https:\/\/gradido.net\/wp-content\/uploads\/2023\/04\/Umrechner-300x188.jpg 300w, https:\/\/gradido.net\/wp-content\/uploads\/2023\/04\/Umrechner-768x481.jpg 768w, https:\/\/gradido.net\/wp-content\/uploads\/2023\/04\/Umrechner-18x12.jpg 18w, https:\/\/gradido.net\/wp-content\/uploads\/2023\/04\/Umrechner.jpg 1500w\" sizes=\"(max-width: 800px) 100vw, 800px\" \/><\/div><\/a>\n\t\t\t\t<div class=\"elementor-post__text\">\n\t\t\t\t<h3 class=\"elementor-post__title\">\n\t\t\t<a href=\"https:\/\/gradido.net\/ro\/gradido-zu-dankbar-umrechner\/\" >\n\t\t\t\tAplica\u021bie practic\u0103 Gradido Calculator App\t\t\t<\/a>\n\t\t<\/h3>\n\t\t\t\t<div class=\"elementor-post__excerpt\">\n\t\t\t<p>Toate func\u021biile de calcul necesare pentru Gradido \u00eentr-o singur\u0103 aplica\u021bie. Calculatorul calculeaz\u0103 automat suma brut\u0103 \u0219i net\u0103 \u00een euro, discountul Gradido, suma Gradido \u0219i DankBar la cursul zilei. Butonul \"DankBar to GDD\" converte\u0219te o sum\u0103 DankBar \u00een GDD.<\/p>\n\t\t<\/div>\n\t\t\n\t\t<a class=\"elementor-post__read-more\" href=\"https:\/\/gradido.net\/ro\/gradido-zu-dankbar-umrechner\/\" aria-label=\"Cite\u0219te mai mult despre Aplica\u021bia practic\u0103 Gradido Calculator App\" tabindex=\"-1\" >\n\t\t\tCite\u0219te mai mult\t\t<\/a>\n\n\t\t\t\t<\/div>\n\t\t\t\t<div class=\"elementor-post__meta-data\">\n\t\t\t\t\t<span class=\"elementor-post-date\">\n\t\t\t10 mai 2023\t\t<\/span>\n\t\t\t\t<\/div>\n\t\t\t\t\t<\/div>\n\t\t<\/article>\n\t\t\t\t<article class=\"elementor-post elementor-grid-item post-6374 post type-post status-publish format-standard has-post-thumbnail hentry category-blog category-gradido-konto\" role=\"listitem\">\n\t\t\t<div class=\"elementor-post__card\">\n\t\t\t\t<a class=\"elementor-post__thumbnail__link\" href=\"https:\/\/gradido.net\/ro\/dankschecks-selbst-gestalten\/\" tabindex=\"-1\" ><div class=\"elementor-post__thumbnail\"><img loading=\"lazy\" decoding=\"async\" width=\"700\" height=\"400\" src=\"https:\/\/gradido.net\/wp-content\/uploads\/2023\/03\/Dankscheck.jpg\" class=\"attachment-large size-large wp-image-6375\" alt=\"\" srcset=\"https:\/\/gradido.net\/wp-content\/uploads\/2023\/03\/Dankscheck.jpg 700w, https:\/\/gradido.net\/wp-content\/uploads\/2023\/03\/Dankscheck-300x171.jpg 300w, https:\/\/gradido.net\/wp-content\/uploads\/2023\/03\/Dankscheck-18x10.jpg 18w\" sizes=\"(max-width: 700px) 100vw, 700px\" \/><\/div><\/a>\n\t\t\t\t<div class=\"elementor-post__text\">\n\t\t\t\t<h3 class=\"elementor-post__title\">\n\t\t\t<a href=\"https:\/\/gradido.net\/ro\/dankschecks-selbst-gestalten\/\" >\n\t\t\t\tCrea\u021bi-v\u0103 propriile cecuri de mul\u021bumire\t\t\t<\/a>\n\t\t<\/h3>\n\t\t\t\t<div class=\"elementor-post__excerpt\">\n\t\t\t<p>Cum ar fi dac\u0103 a\u021bi putea pur \u0219i simplu s\u0103 le oferi\u021bi concet\u0103\u021benilor dumneavoastr\u0103 un \"cec de mul\u021bumire\" cu un cod QR? Ace\u0219tia \u00eel pot r\u0103scump\u0103ra acum sau mai t\u00e2rziu, iar Gradidos va fi transferat automat \u00een contul lor Gradido.<\/p>\n\t\t<\/div>\n\t\t\n\t\t<a class=\"elementor-post__read-more\" href=\"https:\/\/gradido.net\/ro\/dankschecks-selbst-gestalten\/\" aria-label=\"Cite\u0219te mai mult despre Crea\u021bi-v\u0103 propriile cecuri de mul\u021bumire\" tabindex=\"-1\" >\n\t\t\tCite\u0219te mai mult\t\t<\/a>\n\n\t\t\t\t<\/div>\n\t\t\t\t<div class=\"elementor-post__meta-data\">\n\t\t\t\t\t<span class=\"elementor-post-date\">\n\t\t\t6. martie 2023\t\t<\/span>\n\t\t\t\t<\/div>\n\t\t\t\t\t<\/div>\n\t\t<\/article>\n\t\t\t\t<article class=\"elementor-post elementor-grid-item post-6266 post type-post status-publish format-standard has-post-thumbnail hentry category-blog category-gradido-konto\" role=\"listitem\">\n\t\t\t<div class=\"elementor-post__card\">\n\t\t\t\t<a class=\"elementor-post__thumbnail__link\" href=\"https:\/\/gradido.net\/ro\/dankbar-jetzt-vorbestellen\/\" tabindex=\"-1\" ><div class=\"elementor-post__thumbnail\"><img loading=\"lazy\" decoding=\"async\" width=\"800\" height=\"452\" src=\"https:\/\/gradido.net\/wp-content\/uploads\/2023\/02\/20er-Muster_Blog_neu-1024x579.jpg\" class=\"attachment-large size-large wp-image-6340\" alt=\"\" srcset=\"https:\/\/gradido.net\/wp-content\/uploads\/2023\/02\/20er-Muster_Blog_neu-1024x579.jpg 1024w, https:\/\/gradido.net\/wp-content\/uploads\/2023\/02\/20er-Muster_Blog_neu-300x170.jpg 300w, https:\/\/gradido.net\/wp-content\/uploads\/2023\/02\/20er-Muster_Blog_neu-768x434.jpg 768w, https:\/\/gradido.net\/wp-content\/uploads\/2023\/02\/20er-Muster_Blog_neu-18x10.jpg 18w, https:\/\/gradido.net\/wp-content\/uploads\/2023\/02\/20er-Muster_Blog_neu.jpg 1150w\" sizes=\"(max-width: 800px) 100vw, 800px\" \/><\/div><\/a>\n\t\t\t\t<div class=\"elementor-post__text\">\n\t\t\t\t<h3 class=\"elementor-post__title\">\n\t\t\t<a href=\"https:\/\/gradido.net\/ro\/dankbar-jetzt-vorbestellen\/\" >\n\t\t\t\tComanda\u021bi \"DankBar\" - iat\u0103 cum func\u021bioneaz\u0103\t\t\t<\/a>\n\t\t<\/h3>\n\t\t\t\t<div class=\"elementor-post__excerpt\">\n\t\t\t<p>\u00cempreun\u0103 cu contul Gradido, care va permite \u00een cur\u00e2nd crearea de comunit\u0103\u021bi descentralizate \u00een re\u021bea, \"DankBar\" va oferi familiei umane toate op\u021biunile de plat\u0103 sau de \"mul\u021bumire\".<\/p>\n\t\t<\/div>\n\t\t\n\t\t<a class=\"elementor-post__read-more\" href=\"https:\/\/gradido.net\/ro\/dankbar-jetzt-vorbestellen\/\" aria-label=\"Cite\u0219te mai mult despre Comandarea &quot;DankBar&quot; - iat\u0103 cum func\u021bioneaz\u0103\" tabindex=\"-1\" >\n\t\t\tCite\u0219te mai mult\t\t<\/a>\n\n\t\t\t\t<\/div>\n\t\t\t\t<div class=\"elementor-post__meta-data\">\n\t\t\t\t\t<span class=\"elementor-post-date\">\n\t\t\t7 februarie 2023\t\t<\/span>\n\t\t\t\t<\/div>\n\t\t\t\t\t<\/div>\n\t\t<\/article>\n\t\t\t\t<article class=\"elementor-post elementor-grid-item post-6206 post type-post status-publish format-standard has-post-thumbnail hentry category-blog category-gradido-konto\" role=\"listitem\">\n\t\t\t<div class=\"elementor-post__card\">\n\t\t\t\t<a class=\"elementor-post__thumbnail__link\" href=\"https:\/\/gradido.net\/ro\/gradido-konto-neues-design-ist-online\/\" tabindex=\"-1\" ><div class=\"elementor-post__thumbnail\"><img loading=\"lazy\" decoding=\"async\" width=\"800\" height=\"533\" src=\"https:\/\/gradido.net\/wp-content\/uploads\/2023\/01\/Neues_Design_online_Blog-1024x682.jpg\" class=\"attachment-large size-large wp-image-6207\" alt=\"\" srcset=\"https:\/\/gradido.net\/wp-content\/uploads\/2023\/01\/Neues_Design_online_Blog-1024x682.jpg 1024w, https:\/\/gradido.net\/wp-content\/uploads\/2023\/01\/Neues_Design_online_Blog-300x200.jpg 300w, https:\/\/gradido.net\/wp-content\/uploads\/2023\/01\/Neues_Design_online_Blog-768x512.jpg 768w, https:\/\/gradido.net\/wp-content\/uploads\/2023\/01\/Neues_Design_online_Blog-1536x1023.jpg 1536w, https:\/\/gradido.net\/wp-content\/uploads\/2023\/01\/Neues_Design_online_Blog-18x12.jpg 18w, https:\/\/gradido.net\/wp-content\/uploads\/2023\/01\/Neues_Design_online_Blog.jpg 1600w\" sizes=\"(max-width: 800px) 100vw, 800px\" \/><\/div><\/a>\n\t\t\t\t<div class=\"elementor-post__text\">\n\t\t\t\t<h3 class=\"elementor-post__title\">\n\t\t\t<a href=\"https:\/\/gradido.net\/ro\/gradido-konto-neues-design-ist-online\/\" >\n\t\t\t\tContul Gradido: noul design este online\t\t\t<\/a>\n\t\t<\/h3>\n\t\t\t\t<div class=\"elementor-post__excerpt\">\n\t\t\t<p>Tocmai am lansat noul design pentru contul Gradido. Aceasta este una dintre cele mai mari moderniz\u0103ri din ultimele luni \u0219i, pe l\u00e2ng\u0103 aspectul modern, constituie baza pentru multe func\u021bii viitoare.<\/p>\n\t\t<\/div>\n\t\t\n\t\t<a class=\"elementor-post__read-more\" href=\"https:\/\/gradido.net\/ro\/gradido-konto-neues-design-ist-online\/\" aria-label=\"Cite\u0219te mai mult despre Contul Gradido: noul design este online\" tabindex=\"-1\" >\n\t\t\tCite\u0219te mai mult\t\t<\/a>\n\n\t\t\t\t<\/div>\n\t\t\t\t<div class=\"elementor-post__meta-data\">\n\t\t\t\t\t<span class=\"elementor-post-date\">\n\t\t\t20 ianuarie 2023\t\t<\/span>\n\t\t\t\t<\/div>\n\t\t\t\t\t<\/div>\n\t\t<\/article>\n\t\t\t\t<article class=\"elementor-post elementor-grid-item post-6159 post type-post status-publish format-standard has-post-thumbnail hentry category-blog category-gradido-konto\" role=\"listitem\">\n\t\t\t<div class=\"elementor-post__card\">\n\t\t\t\t<a class=\"elementor-post__thumbnail__link\" href=\"https:\/\/gradido.net\/ro\/der-dankbar-kommt-gradido-in-scheinen\/\" tabindex=\"-1\" ><div class=\"elementor-post__thumbnail\"><img loading=\"lazy\" decoding=\"async\" width=\"800\" height=\"330\" src=\"https:\/\/gradido.net\/wp-content\/uploads\/2023\/01\/Bargeld-1024x423.jpg\" class=\"attachment-large size-large wp-image-6160\" alt=\"\" srcset=\"https:\/\/gradido.net\/wp-content\/uploads\/2023\/01\/Bargeld-1024x423.jpg 1024w, https:\/\/gradido.net\/wp-content\/uploads\/2023\/01\/Bargeld-300x124.jpg 300w, https:\/\/gradido.net\/wp-content\/uploads\/2023\/01\/Bargeld-768x317.jpg 768w, https:\/\/gradido.net\/wp-content\/uploads\/2023\/01\/Bargeld-18x7.jpg 18w, https:\/\/gradido.net\/wp-content\/uploads\/2023\/01\/Bargeld.jpg 1500w\" sizes=\"(max-width: 800px) 100vw, 800px\" \/><\/div><\/a>\n\t\t\t\t<div class=\"elementor-post__text\">\n\t\t\t\t<h3 class=\"elementor-post__title\">\n\t\t\t<a href=\"https:\/\/gradido.net\/ro\/der-dankbar-kommt-gradido-in-scheinen\/\" >\n\t\t\t\tVine \"DankBar\" - Gradido \u00een note\t\t\t<\/a>\n\t\t<\/h3>\n\t\t\t\t<div class=\"elementor-post__excerpt\">\n\t\t\t<p>Numerarul reprezint\u0103 libertatea f\u0103r\u0103 control din partea autorit\u0103\u021bilor. Atunci c\u00e2nd Gradido este introdus, statul nu mai trebuie s\u0103 controleze finan\u021bele cet\u0103\u021benilor s\u0103i, deoarece bugetul public este finan\u021bat - \u00een \u00eentregime f\u0103r\u0103 taxe - prin a doua creare de bani.<\/p>\n\t\t<\/div>\n\t\t\n\t\t<a class=\"elementor-post__read-more\" href=\"https:\/\/gradido.net\/ro\/der-dankbar-kommt-gradido-in-scheinen\/\" aria-label=\"Cite\u0219te mai mult despre Vine &quot;DankBar&quot; - Gradido \u00een note\" tabindex=\"-1\" >\n\t\t\tCite\u0219te mai mult\t\t<\/a>\n\n\t\t\t\t<\/div>\n\t\t\t\t<div class=\"elementor-post__meta-data\">\n\t\t\t\t\t<span class=\"elementor-post-date\">\n\t\t\t6 ianuarie 2023\t\t<\/span>\n\t\t\t\t<\/div>\n\t\t\t\t\t<\/div>\n\t\t<\/article>\n\t\t\t\t<article class=\"elementor-post elementor-grid-item post-6017 post type-post status-publish format-standard has-post-thumbnail hentry category-blog category-gradido-konto\" role=\"listitem\">\n\t\t\t<div class=\"elementor-post__card\">\n\t\t\t\t<a class=\"elementor-post__thumbnail__link\" href=\"https:\/\/gradido.net\/ro\/gradido-konto-2023-neues-design-und-dezentrale-communities\/\" tabindex=\"-1\" ><div class=\"elementor-post__thumbnail\"><img decoding=\"async\" width=\"800\" height=\"445\" src=\"https:\/\/gradido.net\/wp-content\/uploads\/2022\/12\/Test_fertig_1920-1024x569.jpg\" class=\"attachment-large size-large wp-image-6018\" alt=\"\" srcset=\"https:\/\/gradido.net\/wp-content\/uploads\/2022\/12\/Test_fertig_1920-1024x569.jpg 1024w, https:\/\/gradido.net\/wp-content\/uploads\/2022\/12\/Test_fertig_1920-300x167.jpg 300w, https:\/\/gradido.net\/wp-content\/uploads\/2022\/12\/Test_fertig_1920-768x427.jpg 768w, https:\/\/gradido.net\/wp-content\/uploads\/2022\/12\/Test_fertig_1920-1536x854.jpg 1536w, https:\/\/gradido.net\/wp-content\/uploads\/2022\/12\/Test_fertig_1920-18x10.jpg 18w, https:\/\/gradido.net\/wp-content\/uploads\/2022\/12\/Test_fertig_1920.jpg 1920w\" sizes=\"(max-width: 800px) 100vw, 800px\" \/><\/div><\/a>\n\t\t\t\t<div class=\"elementor-post__text\">\n\t\t\t\t<h3 class=\"elementor-post__title\">\n\t\t\t<a href=\"https:\/\/gradido.net\/ro\/gradido-konto-2023-neues-design-und-dezentrale-communities\/\" >\n\t\t\t\tContul Gradido 2023: design nou \u0219i comunit\u0103\u021bi descentralizate\t\t\t<\/a>\n\t\t<\/h3>\n\t\t\t\t<div class=\"elementor-post__excerpt\">\n\t\t\t<p>Adesea, oamenii mai lini\u0219ti\u021bi sunt cei care, \u00een lini\u0219te, cu s\u00e2rguin\u021b\u0103 \u0219i cu inima \u0219i sufletul, pun bazele evolu\u021biilor istorice. \u00cen ultimul an, programatorii no\u0219tri au f\u0103cut o munc\u0103 de teren excelent\u0103, care se va concretiza \u00een 2023.<\/p>\n\t\t<\/div>\n\t\t\n\t\t<a class=\"elementor-post__read-more\" href=\"https:\/\/gradido.net\/ro\/gradido-konto-2023-neues-design-und-dezentrale-communities\/\" aria-label=\"Cite\u0219te mai mult despre Contul Gradido 2023: un nou design \u0219i comunit\u0103\u021bi descentralizate\" tabindex=\"-1\" >\n\t\t\tCite\u0219te mai mult\t\t<\/a>\n\n\t\t\t\t<\/div>\n\t\t\t\t<div class=\"elementor-post__meta-data\">\n\t\t\t\t\t<span class=\"elementor-post-date\">\n\t\t\t1 ianuarie 2023\t\t<\/span>\n\t\t\t\t<\/div>\n\t\t\t\t\t<\/div>\n\t\t<\/article>\n\t\t\t\t<article class=\"elementor-post elementor-grid-item post-5422 post type-post status-publish format-standard has-post-thumbnail hentry category-blog category-community category-gradido-konto category-psychologie\" role=\"listitem\">\n\t\t\t<div class=\"elementor-post__card\">\n\t\t\t\t<a class=\"elementor-post__thumbnail__link\" href=\"https:\/\/gradido.net\/ro\/gemeinwohl-was-ist-das\/\" tabindex=\"-1\" ><div class=\"elementor-post__thumbnail\"><img loading=\"lazy\" decoding=\"async\" width=\"800\" height=\"534\" src=\"https:\/\/gradido.net\/wp-content\/uploads\/2022\/08\/Gemeinwohl-Blog2-1024x683.jpg\" class=\"attachment-large size-large wp-image-5476\" alt=\"\" srcset=\"https:\/\/gradido.net\/wp-content\/uploads\/2022\/08\/Gemeinwohl-Blog2-1024x683.jpg 1024w, https:\/\/gradido.net\/wp-content\/uploads\/2022\/08\/Gemeinwohl-Blog2-300x200.jpg 300w, https:\/\/gradido.net\/wp-content\/uploads\/2022\/08\/Gemeinwohl-Blog2-768x512.jpg 768w, https:\/\/gradido.net\/wp-content\/uploads\/2022\/08\/Gemeinwohl-Blog2-1536x1024.jpg 1536w, https:\/\/gradido.net\/wp-content\/uploads\/2022\/08\/Gemeinwohl-Blog2-18x12.jpg 18w, https:\/\/gradido.net\/wp-content\/uploads\/2022\/08\/Gemeinwohl-Blog2.jpg 1800w\" sizes=\"(max-width: 800px) 100vw, 800px\" \/><\/div><\/a>\n\t\t\t\t<div class=\"elementor-post__text\">\n\t\t\t\t<h3 class=\"elementor-post__title\">\n\t\t\t<a href=\"https:\/\/gradido.net\/ro\/gemeinwohl-was-ist-das\/\" >\n\t\t\t\tBunul comun - ce este acesta?\t\t\t<\/a>\n\t\t<\/h3>\n\t\t\t\t<div class=\"elementor-post__excerpt\">\n\t\t\t<p>Contribu\u021biile de bine comun sunt tot ceea ce bunul sim\u021b ar numi voluntariat, munc\u0103 voluntar\u0103 etc. - spre deosebire de contribu\u021biile individuale de la o persoan\u0103 la alta.<\/p>\n\t\t<\/div>\n\t\t\n\t\t<a class=\"elementor-post__read-more\" href=\"https:\/\/gradido.net\/ro\/gemeinwohl-was-ist-das\/\" aria-label=\"Cite\u0219te mai mult despre Bunul comun - ce este?\" tabindex=\"-1\" >\n\t\t\tCite\u0219te mai mult\t\t<\/a>\n\n\t\t\t\t<\/div>\n\t\t\t\t<div class=\"elementor-post__meta-data\">\n\t\t\t\t\t<span class=\"elementor-post-date\">\n\t\t\t9 august 2022\t\t<\/span>\n\t\t\t\t<\/div>\n\t\t\t\t\t<\/div>\n\t\t<\/article>\n\t\t\t\t<article class=\"elementor-post elementor-grid-item post-5381 post type-post status-publish format-standard has-post-thumbnail hentry category-blog category-gradido-konto\" role=\"listitem\">\n\t\t\t<div class=\"elementor-post__card\">\n\t\t\t\t<a class=\"elementor-post__thumbnail__link\" href=\"https:\/\/gradido.net\/ro\/gemeinwohl-beitraege-jetzt-direkt-im-gradido-konto\/\" tabindex=\"-1\" ><div class=\"elementor-post__thumbnail\"><img loading=\"lazy\" decoding=\"async\" width=\"800\" height=\"450\" src=\"https:\/\/gradido.net\/wp-content\/uploads\/2022\/07\/Neues-Gradido-Konto.jpg\" class=\"attachment-large size-large wp-image-5382\" alt=\"\" srcset=\"https:\/\/gradido.net\/wp-content\/uploads\/2022\/07\/Neues-Gradido-Konto.jpg 800w, https:\/\/gradido.net\/wp-content\/uploads\/2022\/07\/Neues-Gradido-Konto-300x169.jpg 300w, https:\/\/gradido.net\/wp-content\/uploads\/2022\/07\/Neues-Gradido-Konto-768x432.jpg 768w, https:\/\/gradido.net\/wp-content\/uploads\/2022\/07\/Neues-Gradido-Konto-18x10.jpg 18w\" sizes=\"(max-width: 800px) 100vw, 800px\" \/><\/div><\/a>\n\t\t\t\t<div class=\"elementor-post__text\">\n\t\t\t\t<h3 class=\"elementor-post__title\">\n\t\t\t<a href=\"https:\/\/gradido.net\/ro\/gemeinwohl-beitraege-jetzt-direkt-im-gradido-konto\/\" >\n\t\t\t\tContribu\u021biile la bunurile comune sunt acum direct \u00een contul Gradido\t\t\t<\/a>\n\t\t<\/h3>\n\t\t\t\t<div class=\"elementor-post__excerpt\">\n\t\t\t<p>De acum \u00eencolo, nu mai trebuie s\u0103 trece\u021bi la zona membrilor pentru a introduce contribu\u021biile dumneavoastr\u0103 la Bunul Comun. Acum pute\u021bi s\u0103 le trimite\u021bi direct \u00een contul Gradido \u0219i s\u0103 v\u0103 fie creditat imediat venitul de baz\u0103 activ.<\/p>\n\t\t<\/div>\n\t\t\n\t\t<a class=\"elementor-post__read-more\" href=\"https:\/\/gradido.net\/ro\/gemeinwohl-beitraege-jetzt-direkt-im-gradido-konto\/\" aria-label=\"Cite\u0219te mai mult despre Contribu\u021biile la Bunul Comun sunt acum direct \u00een contul Gradido\" tabindex=\"-1\" >\n\t\t\tCite\u0219te mai mult\t\t<\/a>\n\n\t\t\t\t<\/div>\n\t\t\t\t<div class=\"elementor-post__meta-data\">\n\t\t\t\t\t<span class=\"elementor-post-date\">\n\t\t\t29. iulie 2022\t\t<\/span>\n\t\t\t\t<\/div>\n\t\t\t\t\t<\/div>\n\t\t<\/article>\n\t\t\t\t<article class=\"elementor-post elementor-grid-item post-4295 post type-post status-publish format-standard has-post-thumbnail hentry category-blog category-gradido-konto\" role=\"listitem\">\n\t\t\t<div class=\"elementor-post__card\">\n\t\t\t\t<a class=\"elementor-post__thumbnail__link\" href=\"https:\/\/gradido.net\/ro\/gradido-senden-ueber-telegram-co\/\" tabindex=\"-1\" ><div class=\"elementor-post__thumbnail\"><img loading=\"lazy\" decoding=\"async\" width=\"800\" height=\"500\" src=\"https:\/\/gradido.net\/wp-content\/uploads\/2022\/05\/Gradido_Telegram-1024x640.jpg\" class=\"attachment-large size-large wp-image-4296\" alt=\"\" srcset=\"https:\/\/gradido.net\/wp-content\/uploads\/2022\/05\/Gradido_Telegram-1024x640.jpg 1024w, https:\/\/gradido.net\/wp-content\/uploads\/2022\/05\/Gradido_Telegram-300x188.jpg 300w, https:\/\/gradido.net\/wp-content\/uploads\/2022\/05\/Gradido_Telegram-768x480.jpg 768w, https:\/\/gradido.net\/wp-content\/uploads\/2022\/05\/Gradido_Telegram-18x12.jpg 18w, https:\/\/gradido.net\/wp-content\/uploads\/2022\/05\/Gradido_Telegram.jpg 1440w\" sizes=\"(max-width: 800px) 100vw, 800px\" \/><\/div><\/a>\n\t\t\t\t<div class=\"elementor-post__text\">\n\t\t\t\t<h3 class=\"elementor-post__title\">\n\t\t\t<a href=\"https:\/\/gradido.net\/ro\/gradido-senden-ueber-telegram-co\/\" >\n\t\t\t\tTrimite\u021bi Gradido prin Telegram &amp; Co\t\t\t<\/a>\n\t\t<\/h3>\n\t\t\t\t<div class=\"elementor-post__excerpt\">\n\t\t\t<p>Da, putem trimite cu u\u0219urin\u021b\u0103 Gradido prin Telegram! Cu ajutorul linkului Gradido, trimiterea Gradido este la fel de u\u0219oar\u0103 ca \u0219i trimiterea unui mesaj text normal. Destinatarii dvs. nici m\u0103car nu trebuie s\u0103 aib\u0103 un cont Gradido. <\/p>\n\t\t<\/div>\n\t\t\n\t\t<a class=\"elementor-post__read-more\" href=\"https:\/\/gradido.net\/ro\/gradido-senden-ueber-telegram-co\/\" aria-label=\"Cite\u0219te mai mult despre Trimite\u021bi Gradido prin Telegram &amp; Co.\" tabindex=\"-1\" >\n\t\t\tCite\u0219te mai mult\t\t<\/a>\n\n\t\t\t\t<\/div>\n\t\t\t\t<div class=\"elementor-post__meta-data\">\n\t\t\t\t\t<span class=\"elementor-post-date\">\n\t\t\t10 mai 2022\t\t<\/span>\n\t\t\t\t<\/div>\n\t\t\t\t\t<\/div>\n\t\t<\/article>\n\t\t\t\t<article class=\"elementor-post elementor-grid-item post-4292 post type-post status-publish format-standard has-post-thumbnail hentry category-blog category-gradido-konto\" role=\"listitem\">\n\t\t\t<div class=\"elementor-post__card\">\n\t\t\t\t<a class=\"elementor-post__thumbnail__link\" href=\"https:\/\/gradido.net\/ro\/live-gradido-senden-von-mensch-zu-mensch-mit-qr-code\/\" tabindex=\"-1\" ><div class=\"elementor-post__thumbnail\"><img loading=\"lazy\" decoding=\"async\" width=\"800\" height=\"500\" src=\"https:\/\/gradido.net\/wp-content\/uploads\/2022\/05\/WP_QR-Code-1024x640.jpg\" class=\"attachment-large size-large wp-image-4276\" alt=\"\" srcset=\"https:\/\/gradido.net\/wp-content\/uploads\/2022\/05\/WP_QR-Code-1024x640.jpg 1024w, https:\/\/gradido.net\/wp-content\/uploads\/2022\/05\/WP_QR-Code-300x188.jpg 300w, https:\/\/gradido.net\/wp-content\/uploads\/2022\/05\/WP_QR-Code-768x480.jpg 768w, https:\/\/gradido.net\/wp-content\/uploads\/2022\/05\/WP_QR-Code-18x12.jpg 18w, https:\/\/gradido.net\/wp-content\/uploads\/2022\/05\/WP_QR-Code.jpg 1440w\" sizes=\"(max-width: 800px) 100vw, 800px\" \/><\/div><\/a>\n\t\t\t\t<div class=\"elementor-post__text\">\n\t\t\t\t<h3 class=\"elementor-post__title\">\n\t\t\t<a href=\"https:\/\/gradido.net\/ro\/live-gradido-senden-von-mensch-zu-mensch-mit-qr-code\/\" >\n\t\t\t\tNou: Trimite\u021bi Gradido live de la o persoan\u0103 la alta - cu un cod QR\t\t\t<\/a>\n\t\t<\/h3>\n\t\t\t\t<div class=\"elementor-post__excerpt\">\n\t\t\t<p>Pe l\u00e2ng\u0103 transferul bancar \u0219i linkul Gradido, acum pute\u021bi trimite Gradidos \u0219i prin intermediul unui cod QR. Direct \u00een contact personal, de la o persoan\u0103 la alta, transmite\u021bi viziunea unui nou sistem de via\u021b\u0103-bani care a fost dezvoltat \u00een conformitate cu conceptele naturale de succes care s-au dovedit a fi de succes de-a lungul a miliarde de ani.<\/p>\n\t\t<\/div>\n\t\t\n\t\t<a class=\"elementor-post__read-more\" href=\"https:\/\/gradido.net\/ro\/live-gradido-senden-von-mensch-zu-mensch-mit-qr-code\/\" aria-label=\"Cite\u0219te mai mult despre Nou: Trimite\u021bi Gradido live de la o persoan\u0103 la alta - cu un cod QR\" tabindex=\"-1\" >\n\t\t\tCite\u0219te mai mult\t\t<\/a>\n\n\t\t\t\t<\/div>\n\t\t\t\t<div class=\"elementor-post__meta-data\">\n\t\t\t\t\t<span class=\"elementor-post-date\">\n\t\t\t1 mai 2022\t\t<\/span>\n\t\t\t\t<\/div>\n\t\t\t\t\t<\/div>\n\t\t<\/article>\n\t\t\t\t<article class=\"elementor-post elementor-grid-item post-4228 post type-post status-publish format-standard has-post-thumbnail hentry category-blog category-community category-gradido-konto\" role=\"listitem\">\n\t\t\t<div class=\"elementor-post__card\">\n\t\t\t\t<a class=\"elementor-post__thumbnail__link\" href=\"https:\/\/gradido.net\/ro\/gradido-link-erfahrungen-und-textvorschlaege\/\" tabindex=\"-1\" ><div class=\"elementor-post__thumbnail\"><img loading=\"lazy\" decoding=\"async\" width=\"800\" height=\"354\" src=\"https:\/\/gradido.net\/wp-content\/uploads\/2022\/04\/DANKE-1-1024x453.jpg\" class=\"attachment-large size-large wp-image-4231\" alt=\"\" srcset=\"https:\/\/gradido.net\/wp-content\/uploads\/2022\/04\/DANKE-1-1024x453.jpg 1024w, https:\/\/gradido.net\/wp-content\/uploads\/2022\/04\/DANKE-1-300x133.jpg 300w, https:\/\/gradido.net\/wp-content\/uploads\/2022\/04\/DANKE-1-768x340.jpg 768w, https:\/\/gradido.net\/wp-content\/uploads\/2022\/04\/DANKE-1-1536x680.jpg 1536w, https:\/\/gradido.net\/wp-content\/uploads\/2022\/04\/DANKE-1-18x8.jpg 18w, https:\/\/gradido.net\/wp-content\/uploads\/2022\/04\/DANKE-1.jpg 1600w\" sizes=\"(max-width: 800px) 100vw, 800px\" \/><\/div><\/a>\n\t\t\t\t<div class=\"elementor-post__text\">\n\t\t\t\t<h3 class=\"elementor-post__title\">\n\t\t\t<a href=\"https:\/\/gradido.net\/ro\/gradido-link-erfahrungen-und-textvorschlaege\/\" >\n\t\t\t\tGradido Link - Experien\u021be \u0219i sugestii de texte\t\t\t<\/a>\n\t\t<\/h3>\n\t\t\t\t<div class=\"elementor-post__excerpt\">\n\t\t\t<p>Pentru a v\u0103 u\u0219ura c\u00e2t mai mult sarcina, am preg\u0103tit sugestii de text pentru diferitele cazuri. Nu ezita\u021bi s\u0103 le adapta\u021bi \u00een func\u021bie de dorin\u021bele \u0219i ideile dumneavoastr\u0103.<\/p>\n\t\t<\/div>\n\t\t\n\t\t<a class=\"elementor-post__read-more\" href=\"https:\/\/gradido.net\/ro\/gradido-link-erfahrungen-und-textvorschlaege\/\" aria-label=\"Cite\u0219te mai mult despre Gradido link - experien\u021be \u0219i sugestii de text\" tabindex=\"-1\" >\n\t\t\tCite\u0219te mai mult\t\t<\/a>\n\n\t\t\t\t<\/div>\n\t\t\t\t<div class=\"elementor-post__meta-data\">\n\t\t\t\t\t<span class=\"elementor-post-date\">\n\t\t\t24 aprilie 2022\t\t<\/span>\n\t\t\t\t<\/div>\n\t\t\t\t\t<\/div>\n\t\t<\/article>\n\t\t\t\t<\/div>\n\t\t\n\t\t\t\t\t\t<\/div>\n\t\t\t\t<\/div>\n\t\t\t\t\t<\/div>\n\t\t<\/div>\n\t\t\t\t\t<\/div>\n\t\t<\/section>\n\t\t\t\t<\/div>","protected":false},"excerpt":{"rendered":"<p>Contul Gradido<\/p>","protected":false},"author":2,"featured_media":3960,"parent":704,"menu_order":0,"comment_status":"closed","ping_status":"closed","template":"","meta":{"footnotes":""},"class_list":["post-13623","page","type-page","status-publish","has-post-thumbnail","hentry"],"yoast_head":"<!-- This site is optimized with the Yoast SEO plugin v27.4 - https:\/\/yoast.com\/product\/yoast-seo-wordpress\/ -->\n<title>Gradido-Konto - Gradido<\/title>\n<meta name=\"description\" content=\"Aktuelles und Wissenswertes \u00fcber die neue Dankbarkeitsw\u00e4hrung\" \/>\n<meta name=\"robots\" content=\"index, follow, max-snippet:-1, max-image-preview:large, max-video-preview:-1\" \/>\n<link rel=\"canonical\" href=\"https:\/\/gradido.net\/ro\/blog\/gradido-konto\/\" \/>\n<meta property=\"og:locale\" content=\"ro_RO\" \/>\n<meta property=\"og:type\" content=\"article\" \/>\n<meta property=\"og:title\" content=\"Gradido-Konto - Gradido\" \/>\n<meta property=\"og:description\" content=\"Aktuelles und Wissenswertes \u00fcber die neue Dankbarkeitsw\u00e4hrung\" \/>\n<meta property=\"og:url\" content=\"https:\/\/gradido.net\/ro\/blog\/gradido-konto\/\" \/>\n<meta property=\"og:site_name\" content=\"Gradido\" \/>\n<meta property=\"article:modified_time\" content=\"2026-04-24T06:42:30+00:00\" \/>\n<meta property=\"og:image\" content=\"https:\/\/gradido.net\/wp-content\/uploads\/2022\/02\/blog.jpg\" \/>\n\t<meta property=\"og:image:width\" content=\"1920\" \/>\n\t<meta property=\"og:image:height\" content=\"450\" \/>\n\t<meta property=\"og:image:type\" content=\"image\/jpeg\" \/>\n<meta name=\"twitter:card\" content=\"summary_large_image\" \/>\n<meta name=\"twitter:label1\" content=\"Timp estimat pentru citire\" \/>\n\t<meta name=\"twitter:data1\" content=\"9 minute\" \/>\n<script type=\"application\/ld+json\" class=\"yoast-schema-graph\">{\"@context\":\"https:\\\/\\\/schema.org\",\"@graph\":[{\"@type\":\"WebPage\",\"@id\":\"https:\\\/\\\/gradido.net\\\/de\\\/blog\\\/gradido-konto\\\/\",\"url\":\"https:\\\/\\\/gradido.net\\\/de\\\/blog\\\/gradido-konto\\\/\",\"name\":\"Gradido-Konto - Gradido\",\"isPartOf\":{\"@id\":\"https:\\\/\\\/gradido.net\\\/de\\\/#website\"},\"primaryImageOfPage\":{\"@id\":\"https:\\\/\\\/gradido.net\\\/de\\\/blog\\\/gradido-konto\\\/#primaryimage\"},\"image\":{\"@id\":\"https:\\\/\\\/gradido.net\\\/de\\\/blog\\\/gradido-konto\\\/#primaryimage\"},\"thumbnailUrl\":\"https:\\\/\\\/gradido.net\\\/wp-content\\\/uploads\\\/2022\\\/02\\\/blog.jpg\",\"datePublished\":\"2026-04-24T06:40:11+00:00\",\"dateModified\":\"2026-04-24T06:42:30+00:00\",\"description\":\"Aktuelles und Wissenswertes \u00fcber die neue Dankbarkeitsw\u00e4hrung\",\"breadcrumb\":{\"@id\":\"https:\\\/\\\/gradido.net\\\/de\\\/blog\\\/gradido-konto\\\/#breadcrumb\"},\"inLanguage\":\"ro-RO\",\"potentialAction\":[{\"@type\":\"ReadAction\",\"target\":[\"https:\\\/\\\/gradido.net\\\/de\\\/blog\\\/gradido-konto\\\/\"]}]},{\"@type\":\"ImageObject\",\"inLanguage\":\"ro-RO\",\"@id\":\"https:\\\/\\\/gradido.net\\\/de\\\/blog\\\/gradido-konto\\\/#primaryimage\",\"url\":\"https:\\\/\\\/gradido.net\\\/wp-content\\\/uploads\\\/2022\\\/02\\\/blog.jpg\",\"contentUrl\":\"https:\\\/\\\/gradido.net\\\/wp-content\\\/uploads\\\/2022\\\/02\\\/blog.jpg\",\"width\":1920,\"height\":450},{\"@type\":\"BreadcrumbList\",\"@id\":\"https:\\\/\\\/gradido.net\\\/de\\\/blog\\\/gradido-konto\\\/#breadcrumb\",\"itemListElement\":[{\"@type\":\"ListItem\",\"position\":1,\"name\":\"Startseite\",\"item\":\"https:\\\/\\\/gradido.net\\\/\"},{\"@type\":\"ListItem\",\"position\":2,\"name\":\"Blog\",\"item\":\"https:\\\/\\\/gradido.net\\\/blog\\\/\"},{\"@type\":\"ListItem\",\"position\":3,\"name\":\"Gradido-Konto\"}]},{\"@type\":\"WebSite\",\"@id\":\"https:\\\/\\\/gradido.net\\\/de\\\/#website\",\"url\":\"https:\\\/\\\/gradido.net\\\/de\\\/\",\"name\":\"Gradido\",\"description\":\"Die neue W\u00e4hrung hei\u00dft Dankbarkeit\",\"publisher\":{\"@id\":\"https:\\\/\\\/gradido.net\\\/de\\\/#organization\"},\"potentialAction\":[{\"@type\":\"SearchAction\",\"target\":{\"@type\":\"EntryPoint\",\"urlTemplate\":\"https:\\\/\\\/gradido.net\\\/de\\\/?s={search_term_string}\"},\"query-input\":{\"@type\":\"PropertyValueSpecification\",\"valueRequired\":true,\"valueName\":\"search_term_string\"}}],\"inLanguage\":\"ro-RO\"},{\"@type\":\"Organization\",\"@id\":\"https:\\\/\\\/gradido.net\\\/de\\\/#organization\",\"name\":\"Gradido\",\"url\":\"https:\\\/\\\/gradido.net\\\/de\\\/\",\"logo\":{\"@type\":\"ImageObject\",\"inLanguage\":\"ro-RO\",\"@id\":\"https:\\\/\\\/gradido.net\\\/de\\\/#\\\/schema\\\/logo\\\/image\\\/\",\"url\":\"https:\\\/\\\/gradido.net\\\/wp-content\\\/uploads\\\/2022\\\/04\\\/gradido-social.jpg\",\"contentUrl\":\"https:\\\/\\\/gradido.net\\\/wp-content\\\/uploads\\\/2022\\\/04\\\/gradido-social.jpg\",\"width\":527,\"height\":273,\"caption\":\"Gradido\"},\"image\":{\"@id\":\"https:\\\/\\\/gradido.net\\\/de\\\/#\\\/schema\\\/logo\\\/image\\\/\"}}]}<\/script>\n<!-- \/ Yoast SEO plugin. -->","yoast_head_json":{"title":"Cont Gradido - Gradido","description":"\u0218tiri \u0219i date interesante despre noua moned\u0103 a recuno\u0219tin\u021bei","robots":{"index":"index","follow":"follow","max-snippet":"max-snippet:-1","max-image-preview":"max-image-preview:large","max-video-preview":"max-video-preview:-1"},"canonical":"https:\/\/gradido.net\/ro\/blog\/gradido-konto\/","og_locale":"ro_RO","og_type":"article","og_title":"Gradido-Konto - Gradido","og_description":"Aktuelles und Wissenswertes \u00fcber die neue Dankbarkeitsw\u00e4hrung","og_url":"https:\/\/gradido.net\/ro\/blog\/gradido-konto\/","og_site_name":"Gradido","article_modified_time":"2026-04-24T06:42:30+00:00","og_image":[{"width":1920,"height":450,"url":"https:\/\/gradido.net\/wp-content\/uploads\/2022\/02\/blog.jpg","type":"image\/jpeg"}],"twitter_card":"summary_large_image","twitter_misc":{"Timp estimat pentru citire":"9 minute"},"schema":{"@context":"https:\/\/schema.org","@graph":[{"@type":"WebPage","@id":"https:\/\/gradido.net\/de\/blog\/gradido-konto\/","url":"https:\/\/gradido.net\/de\/blog\/gradido-konto\/","name":"Cont Gradido - Gradido","isPartOf":{"@id":"https:\/\/gradido.net\/de\/#website"},"primaryImageOfPage":{"@id":"https:\/\/gradido.net\/de\/blog\/gradido-konto\/#primaryimage"},"image":{"@id":"https:\/\/gradido.net\/de\/blog\/gradido-konto\/#primaryimage"},"thumbnailUrl":"https:\/\/gradido.net\/wp-content\/uploads\/2022\/02\/blog.jpg","datePublished":"2026-04-24T06:40:11+00:00","dateModified":"2026-04-24T06:42:30+00:00","description":"\u0218tiri \u0219i date interesante despre noua moned\u0103 a recuno\u0219tin\u021bei","breadcrumb":{"@id":"https:\/\/gradido.net\/de\/blog\/gradido-konto\/#breadcrumb"},"inLanguage":"ro-RO","potentialAction":[{"@type":"ReadAction","target":["https:\/\/gradido.net\/de\/blog\/gradido-konto\/"]}]},{"@type":"ImageObject","inLanguage":"ro-RO","@id":"https:\/\/gradido.net\/de\/blog\/gradido-konto\/#primaryimage","url":"https:\/\/gradido.net\/wp-content\/uploads\/2022\/02\/blog.jpg","contentUrl":"https:\/\/gradido.net\/wp-content\/uploads\/2022\/02\/blog.jpg","width":1920,"height":450},{"@type":"BreadcrumbList","@id":"https:\/\/gradido.net\/de\/blog\/gradido-konto\/#breadcrumb","itemListElement":[{"@type":"ListItem","position":1,"name":"Startseite","item":"https:\/\/gradido.net\/"},{"@type":"ListItem","position":2,"name":"Blog","item":"https:\/\/gradido.net\/blog\/"},{"@type":"ListItem","position":3,"name":"Gradido-Konto"}]},{"@type":"WebSite","@id":"https:\/\/gradido.net\/de\/#website","url":"https:\/\/gradido.net\/de\/","name":"Gradido","description":"Noua moned\u0103 este recuno\u0219tin\u021ba","publisher":{"@id":"https:\/\/gradido.net\/de\/#organization"},"potentialAction":[{"@type":"SearchAction","target":{"@type":"EntryPoint","urlTemplate":"https:\/\/gradido.net\/de\/?s={search_term_string}"},"query-input":{"@type":"PropertyValueSpecification","valueRequired":true,"valueName":"search_term_string"}}],"inLanguage":"ro-RO"},{"@type":"Organization","@id":"https:\/\/gradido.net\/de\/#organization","name":"Gradido","url":"https:\/\/gradido.net\/de\/","logo":{"@type":"ImageObject","inLanguage":"ro-RO","@id":"https:\/\/gradido.net\/de\/#\/schema\/logo\/image\/","url":"https:\/\/gradido.net\/wp-content\/uploads\/2022\/04\/gradido-social.jpg","contentUrl":"https:\/\/gradido.net\/wp-content\/uploads\/2022\/04\/gradido-social.jpg","width":527,"height":273,"caption":"Gradido"},"image":{"@id":"https:\/\/gradido.net\/de\/#\/schema\/logo\/image\/"}}]}},"_links":{"self":[{"href":"https:\/\/gradido.net\/ro\/wp-json\/wp\/v2\/pages\/13623","targetHints":{"allow":["GET"]}}],"collection":[{"href":"https:\/\/gradido.net\/ro\/wp-json\/wp\/v2\/pages"}],"about":[{"href":"https:\/\/gradido.net\/ro\/wp-json\/wp\/v2\/types\/page"}],"author":[{"embeddable":true,"href":"https:\/\/gradido.net\/ro\/wp-json\/wp\/v2\/users\/2"}],"replies":[{"embeddable":true,"href":"https:\/\/gradido.net\/ro\/wp-json\/wp\/v2\/comments?post=13623"}],"version-history":[{"count":7,"href":"https:\/\/gradido.net\/ro\/wp-json\/wp\/v2\/pages\/13623\/revisions"}],"predecessor-version":[{"id":13630,"href":"https:\/\/gradido.net\/ro\/wp-json\/wp\/v2\/pages\/13623\/revisions\/13630"}],"up":[{"embeddable":true,"href":"https:\/\/gradido.net\/ro\/wp-json\/wp\/v2\/pages\/704"}],"wp:featuredmedia":[{"embeddable":true,"href":"https:\/\/gradido.net\/ro\/wp-json\/wp\/v2\/media\/3960"}],"wp:attachment":[{"href":"https:\/\/gradido.net\/ro\/wp-json\/wp\/v2\/media?parent=13623"}],"curies":[{"name":"wp","href":"https:\/\/api.w.org\/{rel}","templated":true}]}}