{"id":3,"date":"2020-07-20T14:01:02","date_gmt":"2020-07-20T12:01:02","guid":{"rendered":"http:\/\/neu.gradido.net\/?page_id=3"},"modified":"2024-10-19T17:29:28","modified_gmt":"2024-10-19T15:29:28","slug":"datenschutz","status":"publish","type":"page","link":"https:\/\/gradido.net\/ro\/datenschutz\/","title":{"rendered":"Protec\u021bia datelor"},"content":{"rendered":"<div data-elementor-type=\"wp-page\" data-elementor-id=\"3\" class=\"elementor elementor-3\" data-elementor-post-type=\"page\">\n\t\t\t\t\t\t<section class=\"elementor-section elementor-top-section elementor-element elementor-element-5b5f22d elementor-section-full_width elementor-section-height-default elementor-section-height-default\" data-id=\"5b5f22d\" data-element_type=\"section\" data-e-type=\"section\">\n\t\t\t\t\t\t<div class=\"elementor-container elementor-column-gap-no\">\n\t\t\t\t\t<div class=\"elementor-column elementor-col-100 elementor-top-column elementor-element elementor-element-3b16e50\" data-id=\"3b16e50\" data-element_type=\"column\" data-e-type=\"column\">\n\t\t\t<div class=\"elementor-widget-wrap elementor-element-populated\">\n\t\t\t\t\t\t<div class=\"elementor-element elementor-element-c16d214 elementor--h-position-center elementor--v-position-middle elementor-arrows-position-inside elementor-widget elementor-widget-slides\" data-id=\"c16d214\" data-element_type=\"widget\" data-e-type=\"widget\" data-settings=\"{&quot;navigation&quot;:&quot;arrows&quot;,&quot;autoplay&quot;:&quot;yes&quot;,&quot;pause_on_hover&quot;:&quot;yes&quot;,&quot;pause_on_interaction&quot;:&quot;yes&quot;,&quot;autoplay_speed&quot;:5000,&quot;infinite&quot;:&quot;yes&quot;,&quot;transition&quot;:&quot;slide&quot;,&quot;transition_speed&quot;:500}\" data-widget_type=\"slides.default\">\n\t\t\t\t<div class=\"elementor-widget-container\">\n\t\t\t\t\t\t\t\t\t<div class=\"elementor-swiper\">\n\t\t\t\t\t<div class=\"elementor-slides-wrapper elementor-main-swiper swiper\" role=\"region\" aria-roledescription=\"carousel\" aria-label=\"\u0421\u043b\u0430\u0439\u0434\u043e\u0432\u0435\" dir=\"ltr\" data-animation=\"fadeInUp\" data-no-translation-aria-label=\"\">\n\t\t\t\t<div class=\"swiper-wrapper elementor-slides\">\n\t\t\t\t\t\t\t\t\t\t<div class=\"elementor-repeater-item-2de4990 swiper-slide\" role=\"group\" aria-roledescription=\"slide\"><div class=\"swiper-slide-bg\" role=\"img\" aria-label=\"slide-1\"><\/div><div class=\"swiper-slide-inner\" ><div class=\"swiper-slide-contents\"><\/div><\/div><\/div>\t\t\t\t<\/div>\n\t\t\t\t\t\t\t<\/div>\n\t\t\t\t<\/div>\n\t\t\t\t\t\t\t\t<\/div>\n\t\t\t\t<\/div>\n\t\t\t\t\t<\/div>\n\t\t<\/div>\n\t\t\t\t\t<\/div>\n\t\t<\/section>\n\t\t\t\t<section class=\"elementor-section elementor-top-section elementor-element elementor-element-2e8357b elementor-section-boxed elementor-section-height-default elementor-section-height-default\" data-id=\"2e8357b\" data-element_type=\"section\" data-e-type=\"section\" data-settings=\"{&quot;background_background&quot;:&quot;classic&quot;}\">\n\t\t\t\t\t\t<div class=\"elementor-container elementor-column-gap-default\">\n\t\t\t\t\t<div class=\"elementor-column elementor-col-100 elementor-top-column elementor-element elementor-element-205e0e7\" data-id=\"205e0e7\" data-element_type=\"column\" data-e-type=\"column\">\n\t\t\t<div class=\"elementor-widget-wrap elementor-element-populated\">\n\t\t\t\t\t\t<div class=\"elementor-element elementor-element-45992e9 elementor-widget elementor-widget-heading\" data-id=\"45992e9\" data-element_type=\"widget\" data-e-type=\"widget\" data-widget_type=\"heading.default\">\n\t\t\t\t<div class=\"elementor-widget-container\">\n\t\t\t\t\t<h1 class=\"elementor-heading-title elementor-size-default\">Politica de confiden\u021bialitate<br>\n<br><\/h1>\t\t\t\t<\/div>\n\t\t\t\t<\/div>\n\t\t\t\t\t<\/div>\n\t\t<\/div>\n\t\t\t\t\t<\/div>\n\t\t<\/section>\n\t\t\t\t<section class=\"elementor-section elementor-top-section elementor-element elementor-element-37c862b elementor-section-boxed elementor-section-height-default elementor-section-height-default\" data-id=\"37c862b\" data-element_type=\"section\" data-e-type=\"section\" data-settings=\"{&quot;background_background&quot;:&quot;classic&quot;}\">\n\t\t\t\t\t\t<div class=\"elementor-container elementor-column-gap-default\">\n\t\t\t\t\t<div class=\"elementor-column elementor-col-100 elementor-top-column elementor-element elementor-element-2b9f7e6\" data-id=\"2b9f7e6\" data-element_type=\"column\" data-e-type=\"column\">\n\t\t\t<div class=\"elementor-widget-wrap elementor-element-populated\">\n\t\t\t\t\t\t<div class=\"elementor-element elementor-element-c4106bb elementor-widget elementor-widget-text-editor\" data-id=\"c4106bb\" data-element_type=\"widget\" data-e-type=\"widget\" data-widget_type=\"text-editor.default\">\n\t\t\t\t<div class=\"elementor-widget-container\">\n\t\t\t\t\t\t\t\t\t<h2 class=\"p7\"><span class=\"s1\"><b>INTRODUCERE | PREFA\u021a\u0102<\/b><\/span><\/h2><p class=\"p8\"><span class=\"s1\">V\u0103 mul\u021bumim pentru interesul dumneavoastr\u0103 pentru site-ul Gradido Academy. \u00cencrederea tuturor vizitatorilor \u0219i clien\u021bilor, precum \u0219i securitatea datelor dumneavoastr\u0103 \u0219i protec\u021bia vie\u021bii private sunt importante pentru noi.<\/span><\/p><p class=\"p7\"><span class=\"s1\"><b>CON\u021aINUTUL PREZENTEI DECLARA\u021aII DE CONFIDEN\u021aIALITATE<\/b><\/span><\/p><p class=\"p8\"><span class=\"s1\">\u00cen cele ce urmeaz\u0103, dorim s\u0103 v\u0103 explic\u0103m ce date colect\u0103m, prelucr\u0103m \u0219i folosim noi, \u00een calitate de furnizor al acestui site web, c\u00e2nd \u0219i \u00een ce scop. Va fi explicat modul \u00een care func\u021bioneaz\u0103 produsele \u0219i serviciile noastre digitale \u0219i cum este garantat\u0103 protec\u021bia datelor dumneavoastr\u0103 personale.<\/span><\/p><p class=\"p8\"><span class=\"s1\">Politica noastr\u0103 de confiden\u021bialitate este \u00eemp\u0103r\u021bit\u0103 dup\u0103 cum urmeaz\u0103:<\/span><\/p><p class=\"p8\"><span class=\"s1\">Partea 1: NOTE GENERALE<\/span><\/p><p class=\"p8\"><span class=\"s1\">Partea 2: UTILIZAREA PREZENTULUI SITE-UL<\/span><\/p><p class=\"p8\"><span class=\"s1\">Partea 3: COOKIES \u0218I INSTRUMENTE DE MARKETING ONLINE<\/span><\/p><p class=\"p8\"><span class=\"s1\">Partea 4: INCLUDEREA SERVICIILOR \u0218I A CON\u021aINUTURILOR TER\u021aELOR (SERVICII \u0218I CON\u021aINUTURI TER\u021aE)<\/span><\/p><p class=\"p8\"><span class=\"s1\">Partea 5: BUTONII DE PARTENERIAT SOCIAL MEDIA<\/span><\/p><p class=\"p8\"><span class=\"s1\">Partea 6: MEMBRII \u0218I AFILIA\u021aII<\/span><\/p><p class=\"p8\"><span class=\"s1\">Partea 7: SIGURAN\u021a\u0102<\/span><\/p><p class=\"p8\"><span class=\"s1\">Partea 8: DREPTURILE AFECTATE<\/span><\/p><h2 class=\"p10\"><span class=\"s1\"><b>PARTEA 1: INFORMA\u021aII GENERALE<\/b><\/span><\/h2><p class=\"p7\"><span class=\"s1\"><b>SCOPE<\/b><\/span><\/p><p class=\"p8\"><span class=\"s1\">Aceast\u0103 declara\u021bie de protec\u021bie a datelor informeaz\u0103 vizitatorii \u0219i utilizatorii cu privire la tipul, domeniul de aplicare \u0219i scopul colect\u0103rii \u0219i utiliz\u0103rii datelor cu caracter personal de c\u0103tre furnizorul responsabil al acestui site web pe site-ul web <a href=\"https:\/\/gradido.net\/ro\/\">https:\/\/gradido.net<\/a>\u00a0(denumit\u0103 \u00een continuare \"Oferta\").<\/span><\/p><p class=\"p8\"><span class=\"s1\">Datele dvs. personale vor fi protejate \u00een cadrul reglement\u0103rilor legale privind protec\u021bia datelor \u0219i vor fi tratate \u00een conformitate cu aceast\u0103 declara\u021bie de protec\u021bie a datelor - dup\u0103 cum urmeaz\u0103:<\/span><\/p><p class=\"p3\"><span class=\"s1\">Prezenta declara\u021bie de protec\u021bie a datelor v\u0103 informeaz\u0103 cu privire la tipul, domeniul de aplicare \u0219i scopul prelucr\u0103rii datelor cu caracter personal (denumite \u00een continuare \"date\") \u00een cadrul ofertei noastre online \u0219i al site-urilor web, func\u021biilor \u0219i con\u021binutului legate de aceasta, precum \u0219i al prezen\u021belor online externe, cum ar fi profilurile noastre de socializare (denumite \u00een continuare \u00eempreun\u0103 \"oferta online\"). \u00cen ceea ce prive\u0219te termenii utiliza\u021bi, cum ar fi \"prelucrare\" sau \"operator\", ne referim la urm\u0103toarele defini\u021bii din art. 4 din Regulamentul general privind protec\u021bia datelor (GDPR).<\/span><\/p><p class=\"p3\"><span class=\"s1\">\u00a0<\/span><\/p><p class=\"p3\"><span class=\"s1\">Persoana responsabil\u0103 cu protec\u021bia datelor<\/span><\/p><p class=\"p3\"><span class=\"s1\">Bernd H\u00fcckst\u00e4dt<\/span><\/p><p class=\"p3\"><span class=\"s1\">\u2105 Gradido Academy - Institutul de Bionic\u0103 pentru Afaceri<\/span><\/p><p class=\"p3\"><span class=\"s1\">Fondator \u0219i dezvoltator al Gradido<\/span><\/p><p class=\"p3\"><span class=\"s1\">Pfarrweg 2<\/span><\/p><p class=\"p3\"><span class=\"s1\">D 74653 K\u00fcnzelsau<\/span><\/p><p class=\"p3\"><span class=\"s1\">Imprimare: https:\/\/gradido.de\/impressum\/<\/span><\/p><p class=\"p3\"><span class=\"s1\">\u00a0<\/span><\/p><p class=\"p7\"><span class=\"s1\"><b>DEFINI\u021aII ALE TERMENILOR<\/b><\/span><\/p><p class=\"p13\"><span class=\"s1\"><b>DEFINI\u021aIA DATELOR CU CARACTER PERSONAL<\/b><\/span><\/p><p class=\"p14\"><span class=\"s1\">Datele cu caracter personal sunt informa\u021bii care pot fi folosite pentru a v\u0103 descoperi identitatea, cum ar fi numele real, adresa sau num\u0103rul de telefon.<\/span><\/p><p class=\"p14\"><span class=\"s1\">Este vorba de informa\u021bii cu ajutorul c\u0103rora o persoan\u0103 poate fi determinat\u0103, adic\u0103 identificat\u0103.<\/span><\/p><p class=\"p3\"><span class=\"s1\">O persoan\u0103 fizic\u0103 identificabil\u0103 este o persoan\u0103 care poate fi identificat\u0103, direct sau indirect, \u00een special prin referire la un identificator, cum ar fi un nume, un num\u0103r de identificare, date de localizare, un identificator online (de exemplu, un cookie) sau la unul sau mai mul\u021bi factori specifici identit\u0103\u021bii fizice, fiziologice, genetice, mentale, economice, culturale sau sociale a persoanei fizice respective. Prin urmare, datele cu caracter personal includ, de exemplu, preferin\u021bele, hobby-urile, afilierile sau ce site-uri web au fost vizualizate de c\u0103tre cineva.<\/span><\/p><p class=\"p13\"><span class=\"s1\"><b>PROCESARE<\/b><\/span><\/p><p class=\"p3\"><span class=\"s1\"><b>\"Procesare\"<\/b>\u00a0este orice opera\u021biune sau set de opera\u021biuni efectuate asupra datelor cu caracter personal, fie c\u0103 sunt sau nu efectuate prin mijloace automate. Termenul este larg \u0219i acoper\u0103 practic orice manipulare de date.<\/span><\/p><p class=\"p13\"><span class=\"s1\"><b>TIPURI DE DATE CU CARACTER PERSONAL PRELUCRATE<\/b><\/span><\/p><p class=\"p3\"><span class=\"s1\">- Date de inventar (de exemplu, nume, adrese).<\/span><\/p><p class=\"p3\"><span class=\"s1\">- Detalii de contact (de exemplu, e-mail, numere de telefon).<\/span><\/p><p class=\"p3\"><span class=\"s1\">- Date de con\u021binut (de exemplu, introducere de text, fotografii, videoclipuri).<\/span><\/p><p class=\"p3\"><span class=\"s1\">- Date de utilizare (de exemplu, site-uri web vizitate, interesul pentru con\u021binut, timpii de acces).<\/span><\/p><p class=\"p3\"><span class=\"s1\">- Meta\/datele de comunicare (de exemplu, informa\u021bii despre dispozitive, adrese IP).<\/span><\/p><p class=\"p13\"><span class=\"s1\"><b>CATEGORII DE PERSOANE AFECTATE<\/b><\/span><\/p><p class=\"p3\"><span class=\"s1\">Vizitatori \u0219i utilizatori ai ofertei online<\/span><\/p><p class=\"p3\"><span class=\"s1\">\u00cen cele ce urmeaz\u0103, ne vom referi, de asemenea, la persoanele \u00een cauz\u0103 \u00een mod colectiv drept \"utilizatori\".<\/span><\/p><p class=\"p13\"><span class=\"s1\"><b>SCOPUL PRELUCR\u0102RII<\/b><\/span><\/p><p class=\"p3\"><span class=\"s1\">- punerea la dispozi\u021bie a ofertei online, a func\u021biilor \u0219i a con\u021binutului acesteia.<\/span><\/p><p class=\"p3\"><span class=\"s1\">- R\u0103spunsul la cererile de contact \u0219i comunicarea cu utilizatorii.<\/span><\/p><p class=\"p3\"><span class=\"s1\">- M\u0103suri de siguran\u021b\u0103.<\/span><\/p><p class=\"p3\"><span class=\"s1\">- M\u0103surarea\/marketingul de reach<\/span><\/p><p class=\"p3\"><span class=\"s1\">\u00a0<\/span><\/p><p class=\"p13\"><span class=\"s1\"><b>OPERATOR DE DATE<\/b><\/span><\/p><p class=\"p3\"><span class=\"s1\">Ca\u00a0<b>\"Persoana responsabil\u0103\"<\/b>\u00a0\u00eenseamn\u0103 persoana fizic\u0103 sau juridic\u0103, autoritatea public\u0103, agen\u021bia sau alt organism care, singur sau \u00eempreun\u0103 cu alte persoane, stabile\u0219te scopurile \u0219i mijloacele de prelucrare a datelor cu caracter personal.<\/span><\/p><p class=\"p7\"><span class=\"s1\"><b>TEMEIUL JURIDIC PENTRU PRELUCRAREA DATELOR CU CARACTER PERSONAL<\/b><\/span><\/p><p class=\"p14\"><span class=\"s1\">\u00cen cazul \u00een care temeiul juridic nu este men\u021bionat \u00een mod specific pentru instrumentele individuale \u00een aceast\u0103 declara\u021bie de protec\u021bie a datelor, v\u0103 vom informa cu privire la temeiul juridic pentru prelucrarea datelor noastre \u00een conformitate cu art. 13 DSGVO - dup\u0103 cum urmeaz\u0103:<\/span><\/p><ul class=\"ul1\"><li class=\"li8\"><span class=\"s4\">Temeiul juridic pentru ob\u021binerea consim\u021b\u0103m\u00e2ntului este art. 6 alin. 1 lit. a \u0219i art. 7 DSGVO,<\/span><\/li><li class=\"li8\"><span class=\"s4\">temeiul juridic pentru prelucrarea \u00een vederea \u00eendeplinirii serviciilor noastre \u0219i a punerii \u00een aplicare a m\u0103surilor contractuale, precum \u0219i pentru a r\u0103spunde la solicit\u0103ri de informa\u021bii este art. 6 alin. 1 lit. b DSGVO,<\/span><\/li><li class=\"li8\"><span class=\"s4\">temeiul juridic pentru prelucrarea \u00een vederea \u00eendeplinirii obliga\u021biilor noastre legale este art. 6 alin. 1 lit. c DSGVO, \u0219i<\/span><\/li><li class=\"li8\"><span class=\"s4\">temeiul juridic pentru prelucrarea \u00een vederea protej\u0103rii intereselor noastre legitime este art. 6 alin. 1 lit. f DSGVO.<\/span><\/li><li class=\"li8\"><span class=\"s4\">\u00cen cazul \u00een care interesele vitale ale persoanei vizate sau ale unei alte persoane fizice fac necesar\u0103 prelucrarea datelor cu caracter personal, temeiul juridic este reprezentat de articolul 6 alineatul (1) litera (d) din DSGVO.<\/span><\/li><\/ul><p class=\"p7\"><span class=\"s1\"><b>COOPERAREA CU PERSOANELE \u00ceMPUTERNICITE DE C\u0102TRE CONTRACTAN\u021aI \u0218I CU TER\u021aI<\/b><\/span><\/p><p class=\"p14\"><span class=\"s1\">\u00cen cazul \u00een care, \u00een cursul prelucr\u0103rii noastre, dezv\u0103luim date altor persoane \u0219i companii (procesatori de comenzi sau ter\u021bi), le transmitem sau le acord\u0103m \u00een alt mod acces la date, acest lucru se va face numai pe baza unei permisiuni legale (de exemplu, dac\u0103 transmiterea datelor c\u0103tre ter\u021bi, cum ar fi furnizorii de servicii de plat\u0103, este necesar\u0103 pentru executarea contractului \u00een conformitate cu art. 6 alin. 1 lit. b DSGVO), dac\u0103 v-a\u021bi dat consim\u021b\u0103m\u00e2ntul, dac\u0103 o obliga\u021bie legal\u0103 prevede acest lucru sau pe baza intereselor noastre legitime (de exemplu, atunci c\u00e2nd folosim agen\u021bi, gazde web etc.).<\/span><\/p><p class=\"p14\"><span class=\"s1\">\u00cen cazul \u00een care \u00eens\u0103rcin\u0103m ter\u021bi cu prelucrarea datelor pe baza unui a\u0219a-numit \"acord de prelucrare a comenzilor\", acest lucru se face \u00een baza art. 28 DSGVO.<\/span><\/p><p class=\"p7\"><span class=\"s1\"><b>TRANSMITEREA C\u0102TRE \u021a\u0102RI TER\u021aE<\/b><\/span><\/p><p class=\"p14\"><span class=\"s1\">\u00cen cazul \u00een care prelucr\u0103m date \u00eentr-o \u021bar\u0103 ter\u021b\u0103 (adic\u0103 \u00een afara Uniunii Europene (UE) sau a Spa\u021biului Economic European (SEE)) sau dac\u0103 acest lucru se face \u00een contextul utiliz\u0103rii serviciilor unor ter\u021bi sau al divulg\u0103rii sau transferului de date c\u0103tre ter\u021bi, acest lucru se face numai dac\u0103 se face pentru a ne \u00eendeplini obliga\u021biile (pre)contractuale, pe baza consim\u021b\u0103m\u00e2ntului dumneavoastr\u0103, ca urmare a unei obliga\u021bii legale sau pe baza intereselor noastre legitime. Sub rezerva permisiunilor legale sau contractuale, prelucr\u0103m sau permitem prelucrarea datelor \u00eentr-o \u021bar\u0103 ter\u021b\u0103 numai dac\u0103 sunt \u00eendeplinite cerin\u021bele speciale prev\u0103zute la art. 44 \u0219i urm. DSGVO sunt \u00eendeplinite. Acest lucru \u00eenseamn\u0103 c\u0103 prelucrarea este efectuat\u0103, de exemplu, pe baza unor garan\u021bii speciale, cum ar fi determinarea recunoscut\u0103 oficial a unui nivel de protec\u021bie a datelor care corespunde celui din UE (de exemplu, pentru SUA prin \"Privacy Shield\") sau respectarea unor obliga\u021bii contractuale speciale recunoscute oficial (a\u0219a-numitele \"clauze contractuale standard\").<\/span><\/p><p class=\"p14\"><span class=\"s1\"><b>PRELUCRAREA DATELOR CU CARACTER PERSONAL<\/b><\/span><\/p><p class=\"p14\"><span class=\"s1\">Furnizorul colecteaz\u0103, utilizeaz\u0103 \u0219i transmite datele cu caracter personal c\u0103tre ter\u021bi numai dac\u0103 acest lucru este permis de lege sau dac\u0103 dumneavoastr\u0103, \u00een calitate de utilizator, sunte\u021bi de acord cu prelucrarea.<\/span><\/p><p class=\"p14\"><span class=\"s1\">Datele cu caracter personal - cum ar fi numele \u0219i adresa - sunt colectate de noi, de exemplu, atunci c\u00e2nd achizi\u021biona\u021bi un produs, pentru a v\u0103 putea factura. Aceste \u0219i alte date cu caracter personal vor fi, de asemenea, transmise unor ter\u021be p\u0103r\u021bi - de exemplu, unei institu\u021bii financiare - dac\u0103 este selectat\u0103 o metod\u0103 de plat\u0103 corespunz\u0103toare, \u00een m\u0103sura \u00een care acest lucru este indispensabil pentru procesarea pl\u0103\u021bii \u0219i gestionarea contractului.<\/span><\/p><p class=\"p14\"><span class=\"s1\">De asemenea, datele cu caracter personal pot fi transmise unor ter\u021be p\u0103r\u021bi numai dac\u0103 exist\u0103 o autoriza\u021bie legal\u0103 sau judiciar\u0103 sau dac\u0103 implic\u0103m ter\u021be p\u0103r\u021bi care sunt obligate la secretul profesional pentru a ne valorifica drepturile.<\/span><\/p><p class=\"p14\"><span class=\"s1\"><b>PRELUCRAREA LEGAT\u0102 DE AFACERI<\/b><\/span><\/p><p class=\"p14\"><span class=\"s1\">\u00cen plus, sunt prelucrate<span class=\"Apple-converted-space\">\u00a0\u00a0<\/span>- Date contractuale (de exemplu, obiectul contractului, termenul, categoria de clien\u021bi). - Date de plat\u0103 (de exemplu, detalii bancare, istoricul pl\u0103\u021bilor) ale clien\u021bilor no\u0219tri, ale p\u0103r\u021bilor interesate \u0219i ale partenerilor no\u0219tri de afaceri \u00een scopul furniz\u0103rii de servicii contractuale, servicii \u0219i asisten\u021b\u0103 pentru clien\u021bi, marketing, publicitate \u0219i cercetare de pia\u021b\u0103.<\/span><\/p><h2 class=\"p10\"><span class=\"s1\"><b>PARTEA 2: UTILIZAREA SITE-ULUI NOSTRU WEB<\/b><\/span><\/h2><p class=\"p8\"><span class=\"s1\"><b>VIZITA\u021aI SITE-UL NOSTRU WEB<\/b><\/span><\/p><p class=\"p17\"><span class=\"s1\">\u00cen principiu, pute\u021bi vizita site-ul nostru web f\u0103r\u0103 a furniza nicio informa\u021bie personal\u0103. Dorim s\u0103 subliniem faptul c\u0103 transmiterea de date pe internet nu poate fi complet protejat\u0103 \u00eempotriva accesului ter\u021bilor.<\/span><\/p><p class=\"p8\"><span class=\"s1\"><b>DATE LOG<\/b><\/span><\/p><p class=\"p8\"><span class=\"s1\">Colectarea \u0219i stocarea automat\u0103 a datelor de jurnal de c\u0103tre furnizorul nostru de servicii de internet (furnizorul) include urm\u0103toarele informa\u021bii:<\/span><\/p><p class=\"p8\"><span class=\"s1\">-data \u0219i vizita URL-ului pe care se afl\u0103 vizitatorul<\/span><\/p><p class=\"p8\"><span class=\"s1\">-URL pe care vizitatorul l-a vizitat imediat \u00eenainte<\/span><\/p><p class=\"p8\"><span class=\"s1\">-Browser utilizat<\/span><\/p><p class=\"p8\"><span class=\"s1\">-Sistemul de operare utilizat<\/span><\/p><p class=\"p8\"><span class=\"s1\">-Adresa IP \u0219i numele de gazd\u0103 ale vizitatorului<\/span><\/p><p class=\"p8\"><span class=\"s1\">Transmiterea acestor date c\u0103tre noi este automat\u0103. Datele dumneavoastr\u0103 nu pot fi atribuite persoanei dumneavoastr\u0103.<\/span><\/p><p class=\"p8\"><span class=\"s1\"><b>CONTACTA\u021aI-NE PRIN E-MAIL SAU TELEFONIC<\/b><\/span><\/p><p class=\"p8\"><span class=\"s1\">Atunci c\u00e2nd ne contacta\u021bi \u00een calitate de furnizor al site-ului web (de exemplu, prin e-mail sau telefonic), datele dvs. vor fi stocate \u00een sistemul nostru de operare \u00een scopul proces\u0103rii solicit\u0103rii \u0219i \u00een cazul \u00een care apar \u00eentreb\u0103ri ulterioare.<\/span><\/p><p class=\"p8\"><span class=\"s1\">\u00cen cazul \u00een care s-a r\u0103spuns la \u00eentrebarea pe care a\u021bi adresat-o sau dac\u0103 aplica\u021bia sau serviciul pe care l-a\u021bi solicitat a fost furnizat, datele dvs. vor fi \u0219terse atunci c\u00e2nd aplica\u021bia sau serviciul este \u00eencheiat, cu excep\u021bia cazului \u00een care dori\u021bi \u00een mod voluntar s\u0103 ob\u021bine\u021bi produse sau informa\u021bii suplimentare de la noi \u0219i sunte\u021bi de acord cu utilizarea ulterioar\u0103 a datelor dvs. \u00een aceste scopuri. Chiar dac\u0103 v-a\u021bi dat consim\u021b\u0103m\u00e2ntul, ave\u021bi, de asemenea, dreptul de a solicita \u0219tergerea datelor dumneavoastr\u0103 \u00een orice moment (a se vedea partea 8<b>\u00a0<\/b>din prezenta politic\u0103 de confiden\u021bialitate).<\/span><\/p><p class=\"p7\"><span class=\"s1\"><b>OBSERVA\u021aII \u0218I CONTRIBU\u021aII<\/b><\/span><\/p><p class=\"p8\"><span class=\"s1\">Pute\u021bi posta comentarii pe blogul de pe site-ul nostru \u00een calitate de utilizator. Atunci c\u00e2nd intra\u021bi \u00een comentariile de pe blog, adresa IP pe care o furniza\u021bi este imediat anonimizat\u0103. Cu toate acestea, publicarea comentariilor primite este condi\u021bionat\u0103 de publicarea acestora de c\u0103tre administratorul nostru. Aceast\u0103 verificare a aprob\u0103rii este menit\u0103 s\u0103 \u00eempiedice publicarea de con\u021binut ilegal pe paginile noastre.<\/span><\/p><p class=\"p8\"><span class=\"s1\">\u00cen calitate de autor al comentariilor, ave\u021bi libertatea de a introduce numele dvs. real sau un pseudonim \u00een c\u00e2mpul de nume furnizat. Ave\u021bi, de asemenea, op\u021biunea de a nu introduce niciun nume. Adresa dvs. de e-mail nu va fi afi\u0219at\u0103 atunci c\u00e2nd comentariul este publicat pe site-ul nostru.<\/span><\/p><p class=\"p8\"><span class=\"s1\">Datele transmise atunci c\u00e2nd trimite\u021bi un comentariu, cum ar fi adresa dvs. de e-mail, numele pe care \u00eel introduce\u021bi \u0219i, dac\u0103 este cazul, URL-ul pe care \u00eel introduce\u021bi \u0219i comentariul pe care \u00eel trimite\u021bi, sunt stocate permanent pe serverul nostru, astfel \u00eenc\u00e2t doar comentariul lansat, dac\u0103 este cazul cu numele, este vizibil public pe site-ul nostru. Prelucrarea acestor date cu caracter personal se bazeaz\u0103 pe consim\u021b\u0103m\u00e2ntul dumneavoastr\u0103 prealabil \u00een sensul art. 6 alin. 1 S. 1 lit. a). Ave\u021bi libertatea de a revoca acest consim\u021b\u0103m\u00e2nt \u00een orice moment, cu efect pentru viitor (a se vedea partea 8 din prezenta declara\u021bie de protec\u021bie a datelor).<\/span><\/p><p class=\"p7\"><span class=\"s1\"><b>INTEGRAREA SERVICIILOR \u0218I A CON\u021aINUTULUI UNOR TER\u021aE P\u0102R\u021aI<\/b><\/span><\/p><p class=\"p8\"><span class=\"s1\">Se poate \u00eent\u00e2mpla ca \u00een cadrul acestei oferte online s\u0103 fie integrat con\u021binut de la ter\u021bi, cum ar fi videoclipuri de pe YouTube, h\u0103r\u021bi de pe Google Maps, fluxuri RSS sau grafice de pe alte site-uri web. Acest lucru necesit\u0103 \u00eentotdeauna ca furnizorii acestui con\u021binut (denumi\u021bi \u00een continuare \"furnizori ter\u021bi\") s\u0103 cunoasc\u0103 adresa IP a utilizatorului. F\u0103r\u0103 adresa IP, acestea nu ar putea trimite con\u021binutul c\u0103tre browserul utilizatorului respectiv. Prin urmare, adresa IP este necesar\u0103 pentru prezentarea acestui con\u021binut. Ne str\u0103duim s\u0103 folosim doar con\u021binut ai c\u0103rui furnizori respectivi folosesc adresa IP doar pentru a livra con\u021binutul. Cu toate acestea, nu avem nicio influen\u021b\u0103 dac\u0103 furnizorii ter\u021bi stocheaz\u0103 adresa IP, de exemplu, \u00een scopuri statistice. \u00cen cazul \u00een care afl\u0103m acest lucru, vom informa utilizatorul despre acest lucru.<\/span><\/p><p class=\"p8\"><span class=\"s1\"><b>UTILIZAREA DE LINKURI EXTERNE<\/b><\/span><\/p><p class=\"p8\"><span class=\"s1\">Pe site-urile noastre web folosim link-uri c\u0103tre pagini externe, iar con\u021binutul acestora nu se afl\u0103 pe serverul nostru. Con\u021binutul extern al acestor leg\u0103turi a fost verificat atunci c\u00e2nd au fost stabilite leg\u0103turile. Cu toate acestea, nu se poate exclude posibilitatea ca con\u021binutul s\u0103 fi fost modificat ulterior de c\u0103tre furnizorii respectivi. Dac\u0103 observa\u021bi c\u0103 con\u021binutul furnizorilor externi \u00eencalc\u0103 legisla\u021bia \u00een vigoare, v\u0103 rog s\u0103 m\u0103 anun\u021ba\u021bi. Aceast\u0103 politic\u0103 de confiden\u021bialitate se aplic\u0103 numai con\u021binutului de pe serverele furnizorului nostru de spa\u021biu web.<\/span><\/p><h2 class=\"p19\"><span class=\"s1\"><b>PARTEA 3: COOKIE-URI \u0218I INSTRUMENTE DE MARKETING ONLINE<\/b><\/span><\/h2><p class=\"p1\"><span class=\"s1\"><b>Cookie-uri \u0219i m\u0103surarea reach-ului<\/b><\/span><\/p><p class=\"p2\"><span class=\"s1\">Cookie-urile sunt buc\u0103\u021bi de informa\u021bii care sunt transmise de la serverul nostru web sau de la serverele web ale unor ter\u021be p\u0103r\u021bi c\u0103tre browserele web ale utilizatorilor \u0219i sunt stocate acolo pentru a fi recuperate ulterior. Utilizatorii sunt informa\u021bi cu privire la utilizarea de cookie-uri \u00een contextul m\u0103sur\u0103rii pseudonime a reach-ului \u00een cadrul acestei declara\u021bii de protec\u021bie a datelor.<\/span><\/p><p class=\"p2\"><span class=\"s1\">Vizualizarea acestei oferte online este posibil\u0103, de asemenea, \u00een cazul excluderii cookie-urilor. \u00cen cazul \u00een care utilizatorii nu doresc ca modulele cookie s\u0103 fie stocate pe computerul lor, ace\u0219tia sunt ruga\u021bi s\u0103 dezactiveze op\u021biunea corespunz\u0103toare \u00een set\u0103rile de sistem ale browserului lor. Cookie-urile stocate pot fi \u0219terse \u00een set\u0103rile de sistem ale browserului. Excluderea cookie-urilor poate duce la restric\u021bii func\u021bionale ale acestei oferte online.<\/span><\/p><p class=\"p2\"><span class=\"s1\">Este posibil s\u0103 se vizualizeze multe cookie-uri de publicitate online ale companiilor prin intermediul site-ului american\u00a0<a href=\"http:\/\/www.aboutads.info\/choices\"><span class=\"s2\">http:\/\/www.aboutads.info\/choices<\/span><\/a>\u00a0sau din partea UE\u00a0<a href=\"http:\/\/www.youronlinechoices.com\/uk\/your-ad-choices\/\"><span class=\"s2\">http:\/\/www.youronlinechoices.com\/uk\/your-ad-choices\/<\/span><\/a>\u00a0de gestionat.<\/span><\/p><p class=\"p7\"><span class=\"s1\"><b>UTILIZAREA EXPEDIERII DE BULETINE INFORMATIVE<\/b><\/span><\/p><p class=\"p8\"><span class=\"s1\">Pentru a putea trimite buletine informative prin care v\u0103 inform\u0103m despre subiectele Academiei Gradido \u0219i ofertele noastre, folosim o platform\u0103 de distribuire a buletinelor informative prin e-mail.<\/span><\/p><p class=\"p8\"><span class=\"s1\">Dac\u0103 dori\u021bi s\u0103 v\u0103 abona\u021bi la buletinul informativ al Academiei Gradido \u0219i s\u0103 \u00eel citi\u021bi \u00een mod regulat, atunci este necesar\u0103 \u00eenregistrarea dumneavoastr\u0103 cu o adres\u0103 de e-mail valid\u0103. Dezabonarea de la buletinul informativ este posibil\u0103 \u00een orice moment. V\u0103 rug\u0103m s\u0103 folosi\u021bi \u00een acest scop linkul furnizat \u00een buletinul informativ.<\/span><\/p><p class=\"p8\"><span class=\"s1\">\u00cenainte de trimiterea buletinului informativ, trebuie s\u0103 ne confirma\u021bi \u00een mod expres, \u00een cadrul a\u0219a-numitei proceduri de dublu opt-in, c\u0103 putem activa serviciul de buletin informativ pentru dumneavoastr\u0103. \u00cen acest scop, ve\u021bi primi un e-mail de confirmare \u0219i autorizare din partea noastr\u0103, \u00een care vi se va cere s\u0103 face\u021bi clic pe linkul con\u021binut \u00een acest e-mail \u0219i astfel s\u0103 ne confirma\u021bi c\u0103 dori\u021bi s\u0103 primi\u021bi buletinul nostru informativ. Nu vor fi colectate alte date. Utiliz\u0103m aceast\u0103 adres\u0103 de e-mail exclusiv pentru trimiterea buletinului informativ, cu excep\u021bia cazului \u00een care v-a\u021bi dat acordul expres pentru orice alt\u0103 utilizare \u00een cadrul procedurii de dublu opt-in sau ulterior.<\/span><\/p><p class=\"p8\"><span class=\"s1\">Atunci c\u00e2nd v\u0103 \u00eenregistra\u021bi pentru buletinul informativ, sistemul de expediere a buletinului nostru informativ salveaz\u0103 adresa dumneavoastr\u0103 IP \u0219i data \u00eenregistr\u0103rii. Aceast\u0103 stocare serve\u0219te exclusiv ca dovad\u0103 \u00een cazul \u00een care o ter\u021b\u0103 parte utilizeaz\u0103 \u00een mod abuziv o adres\u0103 de e-mail \u0219i se \u00eenregistreaz\u0103 pentru a primi buletinul informativ f\u0103r\u0103 \u0219tirea persoanei autorizate.<\/span><\/p><p class=\"p8\"><span class=\"s1\">Buletinul informativ este trimis prin intermediul \"<b>Click-Tip<\/b>\", o platform\u0103 de distribu\u021bie a buletinelor informative a furnizorului\u00a0<b>KLICK-TIPP LIMITED, 15 Cambridge Court, 210 Shepherd's Bush Road, Londra W6 7NJ, Regatul Unit.<\/b><\/span><\/p><p class=\"p8\"><span class=\"s1\">Adresele de e-mail ale destinatarilor buletinului nostru informativ, precum \u0219i alte date ale acestora descrise \u00een aceast\u0103 notificare, sunt stocate pe serverele Klick-Tipp. Klick-Tipp utilizeaz\u0103 aceste informa\u021bii pentru a trimite \u0219i evalua buletinul informativ \u00een numele nostru. \u00cen plus, conform propriilor informa\u021bii, Klick-Tipp poate utiliza aceste date pentru a optimiza sau \u00eembun\u0103t\u0103\u021bi propriile servicii, de exemplu pentru a optimiza din punct de vedere tehnic trimiterea \u0219i prezentarea buletinelor informative sau \u00een scopuri economice pentru a determina din ce \u021b\u0103ri provin destinatarii. Cu toate acestea, Klick-Tipp nu utilizeaz\u0103 datele destinatarilor buletinului nostru informativ pentru a le scrie sau pentru a le transmite unor ter\u021be p\u0103r\u021bi.<\/span><\/p><p class=\"p8\"><span class=\"s1\">Avem \u00eencredere \u00een fiabilitatea \u0219i securitatea IT \u0219i a datelor de la Klick-Tipp. Klick-Tipp se angajeaz\u0103 astfel s\u0103 respecte reglement\u0103rile UE privind protec\u021bia datelor. \u00cen plus, am \u00eencheiat un acord de procesare a comenzilor cu Klick-Tipp. Acesta este un contract prin care Klick-Tipp se oblig\u0103 s\u0103 protejeze datele utilizatorilor no\u0219tri, s\u0103 le prelucreze \u00een numele nostru \u00een conformitate cu dispozi\u021biile sale privind protec\u021bia datelor \u0219i, \u00een special, s\u0103 nu le transmit\u0103 unor ter\u021be p\u0103r\u021bi. Pute\u021bi vizualiza politica de confiden\u021bialitate a Klick-Tipp aici:\u00a0<a href=\"https:\/\/www.klick-tipp.com\/datenschutzerkl%C3%A4rung\"><span class=\"s2\">https:\/\/www.klick-tipp.com\/datenschutzerkl\u00e4rung<\/span><\/a><\/span><\/p><p class=\"p7\"><span class=\"s1\"><b>UTILIZAREA DE STATIFICARE<\/b><\/span><\/p><p class=\"p8\"><span class=\"s1\">Pentru a putea m\u0103sura apelarea anumitor pagini \u0219i atractivitatea acestora pentru utilizator, folosim instrumentul de analiz\u0103 de la Statify, dezvoltat ca surs\u0103 deschis\u0103 de c\u0103tre Pluginkollektiv (<a href=\"https:\/\/de.wordpress.org\/plugins\/statify\/\">https:\/\/de.wordpress.org\/plugins\/statify\/<\/a>).<\/span><\/p><p class=\"p8\"><span class=\"s1\">Statify ofer\u0103 o imagine de ansamblu compact\u0103 a num\u0103rului de vizualiz\u0103ri de pagini \u0219i nu stocheaz\u0103 sau prelucreaz\u0103 date cu caracter personal, cum ar fi adresele IP. Evaluarea statistic\u0103 Statify a celor mai frecvent vizitate pagini se face prin num\u0103rarea paginilor vizualizate, nu prin num\u0103rarea vizitatorilor. \u00cen plus, vizion\u0103rile de pagini sunt stocate doar pentru o perioad\u0103 limitat\u0103 de timp (standard: dou\u0103 s\u0103pt\u0103m\u00e2ni), care poate fi ajustat\u0103 individual.<\/span><\/p><p class=\"p8\"><span class=\"s1\">Prin evaluarea num\u0103rului de clicuri pe paginile noastre, avem posibilitatea de a ne \u00eembun\u0103t\u0103\u021bi continuu oferta online pentru utilizatori.<\/span><\/p><h2 class=\"p19\"><span class=\"s1\"><b>PARTEA 4: INTEGRAREA SERVICIILOR EXTERNE + CON\u021aINUT<\/b><\/span><\/h2><p class=\"p8\"><span class=\"s1\"><b>UTILIZAREA VIDEOCLIPURILOR YOUTUBE<\/b><\/span><\/p><p class=\"p8\"><span class=\"s1\">Pentru integrarea videoclipurilor folosim, printre al\u021bii, furnizorul YouTube. YouTube este operat de YouTube LLC, cu sediul la 901 Cherry Avenue, San Bruno, CA 94066, SUA. YouTube este reprezentat de Google Inc. cu sediul la 1600 Amphitheatre Parkway, Mountain View, CA 94043, SUA.<\/span><\/p><p class=\"p8\"><span class=\"s1\">Pe unele dintre paginile noastre de internet, folosim plugin-uri de la furnizorul YouTube. Atunci c\u00e2nd accesa\u021bi paginile de internet ale site-ului nostru care sunt echipate cu un astfel de plugin - de exemplu, biblioteca noastr\u0103 media - se stabile\u0219te o conexiune cu serverele YouTube \u0219i se afi\u0219eaz\u0103 plugin-ul. Acesta transmite serverului YouTube care dintre paginile noastre de internet pe care le-a\u021bi vizitat. Dac\u0103 sunte\u021bi conectat ca membru YouTube, YouTube atribuie aceste informa\u021bii contului dvs. personal de utilizator. Atunci c\u00e2nd utiliza\u021bi pluginul, de exemplu, c\u00e2nd face\u021bi clic pe butonul de pornire al unui videoclip, aceste informa\u021bii sunt, de asemenea, atribuite contului dumneavoastr\u0103 de utilizator. Pute\u021bi \u00eempiedica aceast\u0103 atribuire prin deconectarea de la contul dvs. de utilizator YouTube \u0219i de la alte conturi de utilizator ale companiilor YouTube LLC \u0219i Google Inc. \u00eenainte de a utiliza site-ul nostru web \u0219i prin \u0219tergerea cookie-urilor corespunz\u0103toare ale companiilor.<\/span><\/p><p class=\"p8\"><span class=\"s1\">Informa\u021bii suplimentare privind prelucrarea datelor \u0219i note privind protec\u021bia datelor de c\u0103tre YouTube (Google) pot fi g\u0103site la www.google.de\/intl\/de\/policies\/privacy\/.<\/span><\/p><p class=\"p8\"><span class=\"s1\"><b>\u00a0<\/b><\/span><\/p><p class=\"p8\"><span class=\"s1\"><b>UTILIZAREA VIDEOCLIPURILOR VIMEO<\/b><\/span><\/p><p class=\"p8\"><span class=\"s1\">Pentru integrarea videoclipurilor folosim, printre al\u021bii, furnizorul Vimeo. Vimeo este operat de Vimeo, LLC, cu sediul la 555 West 18th Street, New York, New York 10011.<\/span><\/p><p class=\"p8\"><span class=\"s1\">Pe unele dintre paginile noastre de internet folosim plugin-uri de la furnizorul Vimeo. Atunci c\u00e2nd accesa\u021bi paginile de internet ale site-ului nostru care sunt echipate cu un astfel de plugin - de exemplu, biblioteca noastr\u0103 media - se stabile\u0219te o conexiune cu serverele Vimeo \u0219i se afi\u0219eaz\u0103 plugin-ul. Aceasta transmite serverului Vimeo care dintre paginile noastre de internet a\u021bi vizitat. Dac\u0103 sunte\u021bi conectat ca membru Vimeo, Vimeo atribuie aceste informa\u021bii contului dvs. personal de utilizator. Atunci c\u00e2nd utiliza\u021bi pluginul, de exemplu, c\u00e2nd face\u021bi clic pe butonul de pornire al unui videoclip, aceste informa\u021bii sunt, de asemenea, atribuite contului dumneavoastr\u0103 de utilizator. Pute\u021bi \u00eempiedica aceast\u0103 atribu\u021bie prin deconectarea din contul dumneavoastr\u0103 de utilizator Vimeo \u00eenainte de a utiliza site-ul nostru web \u0219i prin \u0219tergerea cookie-urilor corespunz\u0103toare de pe Vimeo.<\/span><\/p><p class=\"p8\"><span class=\"s1\">Informa\u021bii suplimentare privind prelucrarea datelor \u0219i note privind protec\u021bia datelor de c\u0103tre Vimeo pot fi g\u0103site la https:\/\/vimeo.com\/privacy.<\/span><\/p><h2 class=\"p19\"><span class=\"s1\"><b>PARTEA 5: BUTOANE DE DISTRIBUIRE \u00ceN SOCIAL MEDIA<\/b><\/span><\/h2><p class=\"p7\"><span class=\"s1\"><b>PREZEN\u021aA ONLINE \u00ceN SOCIAL MEDIA<\/b><\/span><\/p><p class=\"p8\"><span class=\"s1\">Men\u021binem prezen\u021be online \u00een cadrul re\u021belelor \u0219i platformelor de socializare pentru a putea comunica cu clien\u021bii, p\u0103r\u021bile interesate \u0219i utilizatorii activi acolo \u0219i pentru a-i informa despre serviciile noastre. La apelarea re\u021belelor \u0219i platformelor respective se aplic\u0103 termenii \u0219i condi\u021biile \u0219i orient\u0103rile privind prelucrarea datelor ale operatorilor respectivi.<\/span><\/p><p class=\"p8\"><span class=\"s1\">Cu excep\u021bia cazului \u00een care se prevede altfel \u00een politica noastr\u0103 de confiden\u021bialitate, prelucr\u0103m datele utilizatorilor dac\u0103 ace\u0219tia comunic\u0103 cu noi \u00een cadrul re\u021belelor \u0219i platformelor de socializare, de exemplu, atunci c\u00e2nd scriu mesaje pe prezen\u021bele noastre online sau ne trimit mesaje acolo.<\/span><\/p><p class=\"p8\"><span class=\"s1\"><b>UTILIZAREA FUNC\u021aIEI DE PARTAJARE PENTRU RE\u021aELELE SOCIALE (SHARIFF)<\/b><\/span><\/p><p class=\"p3\"><span class=\"s1\">Utiliz\u0103m proiectul c't \"Shariff\" pe site-ul nostru. \"Shariff\" \u00eenlocuie\u0219te butoanele obi\u0219nuite de partajare ale re\u021belelor sociale \u0219i protejeaz\u0103 astfel comportamentul de navigare.<\/span><\/p><p class=\"p3\"><span class=\"s1\">\"Shariff\" integreaz\u0103 aceste butoane de partajare ale re\u021belelor sociale pe site-ul nostru web doar sub forma unui grafic care con\u021bine un link c\u0103tre re\u021beaua social\u0103 respectiv\u0103. Dac\u0103 face\u021bi clic pe graficul corespunz\u0103tor, ve\u021bi fi redirec\u021bionat c\u0103tre serviciile re\u021belei respective. Butonul Shariff stabile\u0219te un contact direct \u00eentre re\u021beaua de socializare \u0219i vizitatorii no\u0219tri doar atunci c\u00e2nd vizitatorul face clic \u00een mod activ pe butonul Share. Doar atunci datele dumneavoastr\u0103 vor fi transmise re\u021belei sociale respective. Dac\u0103, pe de alt\u0103 parte, nu se face clic pe butonul Shariff, nu are loc niciun schimb \u00eentre dumneavoastr\u0103 \u0219i re\u021belele sociale. Pute\u021bi g\u0103si mai multe informa\u021bii despre proiectul c't \"Shariff\" la https:\/\/www.heise.de\/ct\/artikel\/Shariff-Social-Media-Buttons-mit-Datenschutz-2467514.html.<\/span><\/p><p class=\"p3\"><span class=\"s1\">Integr\u0103m urm\u0103toarele re\u021bele sociale cu \"Shariff\" pe site-ul nostru:<\/span><\/p><ul class=\"ul1\"><li class=\"li3\"><span class=\"s1\">Facebook Inc. (1601 S. California Ave - Palo Alto - CA 94304 - SUA)<\/span><\/li><li class=\"li3\"><span class=\"s1\">Twitter Inc. (795 Folsom St. - Suite 600 - San Francisco - CA 94107 - SUA)<\/span><\/li><li class=\"li3\"><span class=\"s1\">Google Plus\/Google Inc. (1600 Amphitheatre Parkway - Mountain View - CA 94043 - SUA)<\/span><\/li><li class=\"li3\"><span class=\"s1\">Pinterest (Pinterest Inc. - 635 High Street - Palo Alto - CA, 94301 - SUA)<\/span><\/li><\/ul><h2 class=\"p10\"><span class=\"s1\"><b>PARTEA 6: ZONE PENTRU MEMBRI \u0218I PROGRAM DE AFILIERE<\/b><\/span><\/h2><p class=\"p7\"><span class=\"s1\"><b>UTILIZAREA ABLEFY PENTRU COMUNITATEA GRADIDO<\/b><\/span><\/p><p class=\"p7\"><span class=\"s1\">Oferim un abonament pe mai multe niveluri \u00een comunitatea Gradido celor care sunt interesa\u021bi s\u0103 afle mai multe despre conceptul Gradido \u0219i s\u0103 devin\u0103 ambasadori Gradido. Pentru a oferi aceste zone de membru, folosim serviciul ablefy.<\/span><\/p><p class=\"p7\"><span class=\"s1\">Posibilele ader\u0103ri la Gradido-COMMUNITY sunt descrise pe pagina noastr\u0103 \"Comunitate\". \u00cen momentul \u00een care face\u021bi clic pe un buton de pe aceast\u0103 pagin\u0103 pentru a v\u0103 \u00eenregistra pentru una dintre aceste afilieri, ve\u021bi p\u0103r\u0103si site-ul nostru \u0219i ve\u021bi fi redirec\u021bionat c\u0103tre paginile individuale ale zonei membrilor ablefy create \u00een acest scop.<\/span><\/p><p class=\"p7\"><span class=\"s1\">ablefy este o marc\u0103 a Elopage GmbH:<\/span><\/p><p class=\"p7\"><span class=\"s1\">elopay GmbH<\/span><\/p><p class=\"p7\"><span class=\"s1\">Strada Joachimsthaler 21<\/span><\/p><p class=\"p7\"><span class=\"s1\">10719 Berlin<\/span><\/p><p class=\"p7\"><span class=\"s1\">Toate func\u021biile de pe paginile membrilor ablefy \u0219i procesarea pl\u0103\u021bilor asociate sunt efectuate prin intermediul ablefy. \u00cen consecin\u021b\u0103, dispozi\u021biile privind protec\u021bia datelor ale ablefy se aplic\u0103 acestor procese. Pute\u021bi g\u0103si politica de confiden\u021bialitate a ablefy aici: https:\/\/myablefy.com\/privacy<\/span><\/p><p class=\"p7\"><span class=\"s1\">Temeiul juridic pentru prelucrarea datelor cu caracter personal la transmiterea de pe site-ul nostru c\u0103tre pagina de v\u00e2nz\u0103ri prin ablefy rezult\u0103 \u00een cazul de fa\u021b\u0103 din articolul 6 alineatul (1) teza 1 litera (b).<\/span><\/p><p><strong>PROCESAREA PL\u0102\u021aILOR \u0218I LIVRAREA PRODUSELOR DIGITALE PRIN INTERMEDIUL NAMOTTO.LAB<\/strong><\/p><p class=\"p1\"><span class=\"s1\">Pl\u0103\u021bile sunt procesate \u0219i produsele digitale sunt livrate prin intermediul namotto.lab. Pute\u021bi g\u0103si politica de confiden\u021bialitate a namotto aici: https:\/\/namotto.de\/privacy<\/span><\/p><p class=\"p1\"><span class=\"s1\">namotto.lab este un serviciu al:<\/span><\/p><p class=\"p1\"><span class=\"s1\">namotto.lab<\/span><\/p><p class=\"p1\"><span class=\"s1\">Locuitor Tolga Oenal<\/span><\/p><p class=\"p1\"><span class=\"s1\">Uhlandstrasse 154<\/span><\/p><p class=\"p1\"><span class=\"s1\">10719 Berlin<\/span><\/p><p class=\"p1\"><span class=\"s1\">Am \u00eencheiat un contract corespunz\u0103tor cu namotto.lab \u00een calitate de operator, \u00een conformitate cu art. 28 din GDPR. Temeiul juridic pentru prelucrarea datelor cu caracter personal la transmiterea de pe site-ul nostru c\u0103tre pagina de v\u00e2nz\u0103ri prin ablefy rezult\u0103 \u00een cazul de fa\u021b\u0103 din art. 6 alin. 1 teza 1 lit. b).<\/span><\/p><p class=\"p7\"><span class=\"s1\"><b>FOLOSIREA AVIZULUI PENTRU PARTENERII AFILIA\u021aI (PROGRAMUL DE PARTENERI)<\/b><\/span><\/p><p class=\"p7\"><span class=\"s1\">Oferim, de asemenea, un program de parteneriat afiliat pentru partenerii publicitari. Dac\u0103 face\u021bi publicitate cu succes pentru un membru al Academiei Gradido, partenerii de publicitate primesc un comision.<\/span><\/p><p class=\"p7\"><span class=\"s1\">Pentru a v\u0103 oferi acest program de afiliere, folosim serviciul ablefy.<span class=\"Apple-converted-space\">\u00a0 \u00a0<\/span><\/span><\/p><p class=\"p7\"><span class=\"s1\">Programul de afiliere Gradido este descris pe pagina noastr\u0103 \"Program de afiliere\". De \u00eendat\u0103 ce face\u021bi clic pe un buton de pe aceast\u0103 pagin\u0103 cu care dori\u021bi s\u0103 v\u0103 \u00eenregistra\u021bi \u00een programul de afiliere \u00een calitate de partener publicitar, ve\u021bi p\u0103r\u0103si site-ul nostru \u0219i ve\u021bi fi redirec\u021bionat c\u0103tre paginile noastre individuale create de ablefy \u00een acest scop.<\/span><\/p><p class=\"p7\"><span class=\"s1\">ablefy este un serviciu al:<\/span><\/p><p class=\"p7\"><span class=\"s1\">elopay GmbH<\/span><\/p><p class=\"p7\"><span class=\"s1\">Strada Joachimsthaler 21<\/span><\/p><p class=\"p7\"><span class=\"s1\">10719 Berlin<\/span><\/p><p class=\"p7\"><span class=\"s1\">Toate func\u021biile de pe paginile afiliate ablefy \u0219i procesarea pl\u0103\u021bilor asociate sunt efectuate prin intermediul ablefy. \u00cen consecin\u021b\u0103, dispozi\u021biile privind protec\u021bia datelor ale ablefy se aplic\u0103 acestor procese. Politica de confiden\u021bialitate a ablefy poate fi g\u0103sit\u0103 <\/span><span class=\"s2\">aici.<span class=\"Apple-converted-space\"> https:\/\/myablefy.com\/privacy<\/span><\/span><\/p><p class=\"p7\"><span class=\"s1\">Temeiul juridic pentru prelucrarea datelor cu caracter personal \u00een cazul transmiterii de pe site-ul nostru c\u0103tre pagina de afiliere de pe ablefy rezult\u0103 \u00een cazul de fa\u021b\u0103 din caracterul voluntar al particip\u0103rii la programul de parteneriat \u0219i din art. 6 alin. 1 teza 1 lit. f).<\/span><\/p><h2 class=\"p10\"><span class=\"s1\"><b>PARTEA 7: SECURITATE<\/b><\/span><\/h2><p class=\"p7\"><span class=\"s1\"><b>SECURITATEA SISTEMELOR \u0218I A INFORMA\u021aIILOR<\/b><\/span><\/p><p class=\"p8\"><span class=\"s1\">Securiz\u0103m site-ul nostru web \u0219i alte sisteme prin m\u0103suri tehnice \u0219i organizatorice \u00eempotriva pierderii, distrugerii, accesului, modific\u0103rii sau distribuirii datelor stocate de c\u0103tre persoane neautorizate. Cu toate acestea, \u00een ciuda controalelor, nu este posibil\u0103 o protec\u021bie complet\u0103 \u00eempotriva tuturor pericolelor. Din cauza conexiunii la internet \u0219i a posibilit\u0103\u021bilor tehnice care rezult\u0103, nu se poate garanta faptul c\u0103 con\u021binutul \u0219i fluxul de informa\u021bii nu vor fi vizualizate \u0219i \u00eenregistrate de c\u0103tre ter\u021bi.<\/span><\/p><p class=\"p7\"><span class=\"s1\"><b>CRIPTARE PRIN SSL<\/b><\/span><\/p><p class=\"p8\"><span class=\"s1\">Din motive de securitate, folosim criptarea SSL (Secure Sockets Layer) pentru site-ul nostru web. Acest lucru protejeaz\u0103 datele transmise \u0219i \u00eempiedic\u0103 citirea lor de c\u0103tre ter\u021bi. Pute\u021bi recunoa\u0219te o criptare reu\u0219it\u0103 prin faptul c\u0103 denumirea protocolului din bara de stare a browserului se schimb\u0103 de la \"http:\/\/\" la \"https:\/\/\" \u0219i c\u0103 acolo este vizibil un simbol de lac\u0103t \u00eenchis.<\/span><\/p><h2 class=\"p10\"><span class=\"s1\"><b>PARTEA 8: DREPTURILE PERSOANELOR VIZATE<\/b><\/span><\/h2><p class=\"p8\"><span class=\"s1\"><b>\u0218TERGEREA DATELOR<\/b><\/span><\/p><p class=\"p3\"><span class=\"s1\">Datele prelucrate de noi vor fi \u0219terse sau restric\u021bionate \u00een ceea ce prive\u0219te prelucrarea lor \u00een conformitate cu articolele 17 \u0219i 18 din DSGVO. Cu excep\u021bia cazului \u00een care se men\u021bioneaz\u0103 \u00een mod expres \u00een cadrul acestei declara\u021bii de protec\u021bie a datelor, datele stocate de noi vor fi \u0219terse imediat ce nu mai sunt necesare pentru scopul propus \u0219i dac\u0103 \u0219tergerea nu contravine obliga\u021biilor legale de p\u0103strare. \u00cen cazul \u00een care datele nu sunt \u0219terse deoarece sunt necesare \u00een alte scopuri permise de lege, prelucrarea lor va fi limitat\u0103. Adic\u0103 datele sunt blocate \u0219i nu sunt prelucrate \u00een alte scopuri. Acest lucru este valabil, de exemplu, pentru datele care trebuie p\u0103strate din motive de drept comercial sau fiscal.<\/span><\/p><p class=\"p3\"><span class=\"s1\">\u00cen conformitate cu cerin\u021bele legale din Germania, perioada de p\u0103strare este de 6 ani, \u00een conformitate cu \u00a7 257 alin. 1 HGB (registre comerciale, inventare, solduri de deschidere, situa\u021bii financiare anuale, scrisori comerciale, documente contabile etc.) \u0219i de 10 ani, \u00een conformitate cu \u00a7 147 alin. 1 AO (c\u0103r\u021bi, registre, rapoarte de gestiune, documente contabile, scrisori comerciale \u0219i de afaceri, documente relevante pentru impozitare etc.).<\/span><\/p><p class=\"p8\"><span class=\"s1\"><b>DREPTURILE PERSOANELOR \u00ceN CAUZ\u0102<\/b><\/span><\/p><p class=\"p8\"><span class=\"s1\"><b>DREPTUL LA INFORMARE<\/b><\/span><\/p><p class=\"p3\"><span class=\"s1\">Ave\u021bi dreptul de a solicita confirmarea faptului c\u0103 datele \u00een cauz\u0103 sunt prelucrate \u0219i de a ob\u021bine informa\u021bii despre aceste date, precum \u0219i informa\u021bii suplimentare \u0219i o copie a datelor \u00een conformitate cu articolul 15 din DSGVO.<\/span><\/p><p class=\"p8\"><span class=\"s1\"><b>DREPTUL DE RECTIFICARE<\/b><\/span><\/p><p class=\"p3\"><span class=\"s1\">\u00cen conformitate cu art. 16 DSGVO, ave\u021bi dreptul de a solicita completarea datelor care v\u0103 privesc sau corectarea datelor incorecte care v\u0103 privesc.<\/span><\/p><p class=\"p8\"><span class=\"s1\"><b>DREPTUL DE REVOCARE<\/b><\/span><\/p><p class=\"p3\"><span class=\"s1\">Ave\u021bi dreptul de a revoca consim\u021b\u0103m\u00e2ntul acordat \u00een conformitate cu articolul 7 alineatul (3) din DSGVO, cu efect pentru viitor.<\/span><\/p><p class=\"p8\"><span class=\"s1\"><b>DREPTUL DE OPOZI\u021aIE<\/b><\/span><\/p><p class=\"p3\"><span class=\"s1\">Pute\u021bi s\u0103 v\u0103 opune\u021bi \u00een orice moment prelucr\u0103rii viitoare a datelor care v\u0103 privesc \u00een conformitate cu art. 21 DSGVO. Opozi\u021bia poate fi formulat\u0103 \u00een special \u00eempotriva prelucr\u0103rii \u00een scopuri de marketing direct.<\/span><\/p><p class=\"p8\"><span class=\"s1\"><b>DREPTURI DE BLOCARE \u0218I DE V\u0102MUIRE<\/b><\/span><\/p><p class=\"p3\"><span class=\"s1\">\u00cen conformitate cu articolul 17 din RGPD, ave\u021bi dreptul de a solicita ca datele \u00een cauz\u0103 s\u0103 fie \u0219terse f\u0103r\u0103 \u00eent\u00e2rziere sau, alternativ, de a solicita restric\u021bionarea prelucr\u0103rii datelor \u00een conformitate cu articolul 18 din RGPD. Utilizatorul are dreptul de a bloca \u0219i de a \u0219terge datele sale cu caracter personal, \u00een m\u0103sura \u00een care acest lucru nu intr\u0103 \u00een conflict cu nicio obliga\u021bie legal\u0103 de p\u0103strare a datelor.<\/span><\/p><p class=\"p8\"><span class=\"s1\"><b>DREPTUL DE TRANSMITERE<\/b><\/span><\/p><p class=\"p3\"><span class=\"s1\">Ave\u021bi dreptul de a solicita s\u0103 primi\u021bi datele care v\u0103 privesc \u0219i pe care ni le-a\u021bi furnizat \u00een conformitate cu articolul 20 din RGPD \u0219i de a solicita ca acestea s\u0103 fie transferate c\u0103tre al\u021bi operatori de date.<\/span><\/p><p class=\"p8\"><span class=\"s1\"><b>DREPTUL DE APEL<\/b><\/span><\/p><p class=\"p3\"><span class=\"s1\">De asemenea, ave\u021bi dreptul de a depune o pl\u00e2ngere la autoritatea de supraveghere competent\u0103 \u00een conformitate cu articolul 77 DSGVO.<\/span><\/p><p class=\"p8\"><span class=\"s1\"><b>EXERCITAREA DREPTURILOR DE UTILIZATOR<\/b><\/span><\/p><p class=\"p8\"><span class=\"s1\">De asemenea, utilizatorul ne poate contacta prin e-mail pentru a-\u0219i exercita drepturile, de exemplu, pentru a revoca orice consim\u021b\u0103m\u00e2nt dat sau pentru a se opune unei anumite utiliz\u0103ri a datelor:<\/span><\/p><p class=\"p8\"><span class=\"s1\"><b>akademie@gradido.net<\/b><\/span><\/p><p class=\"p8\"><span class=\"s1\">Responsabil \u00een ceea ce prive\u0219te protec\u021bia datelor:<\/span><\/p><p class=\"p8\"><span class=\"s1\">Bernd H\u00fcckst\u00e4dt<\/span><\/p><p class=\"p8\"><span class=\"s1\">Pfarrweg 2<\/span><\/p><p class=\"p8\"><span class=\"s1\">74653 K\u00fcnzelsau<\/span><\/p><p class=\"p8\"><span class=\"s1\">E-mail: support{\u00e4t}<span class=\"s2\">gradido.net<\/span><\/span><\/p><p class=\"p8\"><span class=\"s1\"><b>OBIEC\u021aIA \u00ceN NUME PROPRIU \u00ceMPOTRIVA E-MAILURILOR PUBLICITARE<\/b><\/span><\/p><p class=\"p8\"><span class=\"s1\">Ca parte a identific\u0103rii obligatorii a furnizorului, \u00een conformitate cu \u00a7 5 TMG (Legea german\u0103 privind telemedia), am publicat datele generale de contact \u0219i o adres\u0103 de e-mail \u00een pagina noastr\u0103 de internet. Prin prezenta ne opunem utiliz\u0103rii acestor date de contact pentru trimiterea nesolicitat\u0103 de materiale informative, publicitate sau mesaje spam pe care nu le-am solicitat \u00een mod explicit.<\/span><\/p><p class=\"p8\">Utiliz\u0103m instrumentul de consim\u021b\u0103m&acirc;nt &quot;Real Cookie Banner&quot; pentru a gestiona cookie-urile \u0219i tehnologiile similare (pixeli de urm\u0103rire, balize web etc.) utilizate \u0219i consim\u021b\u0103mintele aferente. Detalii despre modul &icirc;n care func\u021bioneaz\u0103 &quot;Real Cookie Banner&quot; pot fi g\u0103site la adresa &lt;a href=&quot;\/ro\/&ldquo;https:\/\/devowl.io\/de\/rcb\/datenverarbeitung\/&ldquo;\/&quot; rel=&quot;&ldquo;noreferrer&ldquo;&quot; target=&quot;&ldquo;_blank&ldquo;&quot;&gt;https:\/\/devowl.io\/de\/rcb\/datenverarbeitung\/&lt;\/a&gt;.<\/p><p class=\"p8\">Temeiul juridic pentru prelucrarea datelor cu caracter personal \u00een acest context este art. 6 alin. 1 lit. c DS-GVO \u0219i art. 6 alin. 1 lit. f DS-GVO. Interesul nostru legitim este gestionarea cookie-urilor \u0219i a tehnologiilor similare utilizate \u0219i a consim\u021birilor aferente.<\/p><p class=\"p8\">Furnizarea de date cu caracter personal nu este nici cerut\u0103 prin contract \u0219i nici necesar\u0103 pentru \u00eencheierea unui contract. Nu sunte\u021bi obligat s\u0103 furniza\u021bi datele cu caracter personal. Dac\u0103 nu furniza\u021bi datele cu caracter personal, nu vom putea gestiona consim\u021b\u0103mintele dumneavoastr\u0103.<\/p><p class=\"p8\"><span class=\"s1\">Ultima actualizare la: 2.11.2023<\/span><\/p>\t\t\t\t\t\t\t\t<\/div>\n\t\t\t\t<\/div>\n\t\t\t\t\t<\/div>\n\t\t<\/div>\n\t\t\t\t\t<\/div>\n\t\t<\/section>\n\t\t\t\t<\/div>","protected":false},"excerpt":{"rendered":"<p>Datenschutzerkl\u00e4rung EINLEITUNG | VORWORT Wir freuen uns \u00fcber Ihr Interesse an dem Internetauftritt der Gradido Akademie. Das Vertrauen aller Besucher und Kunden und die Sicherheit Ihrer Daten und der Schutz Ihrer Privatsph\u00e4re sind uns ein wichtiges Anliegen. INHALT DIESER DATENSCHUTZERKL\u00c4RUNG Nachfolgend m\u00f6chten wir Ihnen erl\u00e4utern, welche Daten wir als Anbieter dieser Web-Site wann und zu [&hellip;]<\/p>\n","protected":false},"author":1,"featured_media":233,"parent":0,"menu_order":0,"comment_status":"closed","ping_status":"closed","template":"","meta":{"footnotes":""},"class_list":["post-3","page","type-page","status-publish","has-post-thumbnail","hentry"],"yoast_head":"<!-- This site is optimized with the Yoast SEO plugin v27.4 - https:\/\/yoast.com\/product\/yoast-seo-wordpress\/ -->\n<title>Datenschutz - Gradido<\/title>\n<meta name=\"description\" content=\"Wir freuen uns \u00fcber Ihr Interesse an dem Internetauftritt der Gradido Akademie. Das Vertrauen aller Besucher und Kunden und die Sicherheit Ihrer Daten und der Schutz Ihrer Privatsph\u00e4re sind uns ein wichtiges Anliegen\" \/>\n<meta name=\"robots\" content=\"index, follow, max-snippet:-1, max-image-preview:large, max-video-preview:-1\" \/>\n<link rel=\"canonical\" href=\"https:\/\/gradido.net\/ro\/datenschutz\/\" \/>\n<meta property=\"og:locale\" content=\"ro_RO\" \/>\n<meta property=\"og:type\" content=\"article\" \/>\n<meta property=\"og:title\" content=\"Datenschutz - Gradido\" \/>\n<meta property=\"og:description\" content=\"Wir freuen uns \u00fcber Ihr Interesse an dem Internetauftritt der Gradido Akademie. Das Vertrauen aller Besucher und Kunden und die Sicherheit Ihrer Daten und der Schutz Ihrer Privatsph\u00e4re sind uns ein wichtiges Anliegen\" \/>\n<meta property=\"og:url\" content=\"https:\/\/gradido.net\/ro\/datenschutz\/\" \/>\n<meta property=\"og:site_name\" content=\"Gradido\" \/>\n<meta property=\"article:modified_time\" content=\"2024-10-19T15:29:28+00:00\" \/>\n<meta property=\"og:image\" content=\"https:\/\/gradido.net\/wp-content\/uploads\/2020\/08\/slide-1.jpg\" \/>\n\t<meta property=\"og:image:width\" content=\"1920\" \/>\n\t<meta property=\"og:image:height\" content=\"900\" \/>\n\t<meta property=\"og:image:type\" content=\"image\/jpeg\" \/>\n<meta name=\"twitter:card\" content=\"summary_large_image\" \/>\n<meta name=\"twitter:label1\" content=\"Timp estimat pentru citire\" \/>\n\t<meta name=\"twitter:data1\" content=\"23 de minute\" \/>\n<script type=\"application\/ld+json\" class=\"yoast-schema-graph\">{\"@context\":\"https:\\\/\\\/schema.org\",\"@graph\":[{\"@type\":\"WebPage\",\"@id\":\"https:\\\/\\\/gradido.net\\\/en\\\/datenschutz\\\/\",\"url\":\"https:\\\/\\\/gradido.net\\\/en\\\/datenschutz\\\/\",\"name\":\"Datenschutz - Gradido\",\"isPartOf\":{\"@id\":\"https:\\\/\\\/gradido.net\\\/de\\\/#website\"},\"primaryImageOfPage\":{\"@id\":\"https:\\\/\\\/gradido.net\\\/en\\\/datenschutz\\\/#primaryimage\"},\"image\":{\"@id\":\"https:\\\/\\\/gradido.net\\\/en\\\/datenschutz\\\/#primaryimage\"},\"thumbnailUrl\":\"https:\\\/\\\/gradido.net\\\/wp-content\\\/uploads\\\/2020\\\/08\\\/slide-1.jpg\",\"datePublished\":\"2020-07-20T12:01:02+00:00\",\"dateModified\":\"2024-10-19T15:29:28+00:00\",\"description\":\"Wir freuen uns \u00fcber Ihr Interesse an dem Internetauftritt der Gradido Akademie. Das Vertrauen aller Besucher und Kunden und die Sicherheit Ihrer Daten und der Schutz Ihrer Privatsph\u00e4re sind uns ein wichtiges Anliegen\",\"breadcrumb\":{\"@id\":\"https:\\\/\\\/gradido.net\\\/en\\\/datenschutz\\\/#breadcrumb\"},\"inLanguage\":\"ro-RO\",\"potentialAction\":[{\"@type\":\"ReadAction\",\"target\":[\"https:\\\/\\\/gradido.net\\\/en\\\/datenschutz\\\/\"]}]},{\"@type\":\"ImageObject\",\"inLanguage\":\"ro-RO\",\"@id\":\"https:\\\/\\\/gradido.net\\\/en\\\/datenschutz\\\/#primaryimage\",\"url\":\"https:\\\/\\\/gradido.net\\\/wp-content\\\/uploads\\\/2020\\\/08\\\/slide-1.jpg\",\"contentUrl\":\"https:\\\/\\\/gradido.net\\\/wp-content\\\/uploads\\\/2020\\\/08\\\/slide-1.jpg\",\"width\":1920,\"height\":900},{\"@type\":\"BreadcrumbList\",\"@id\":\"https:\\\/\\\/gradido.net\\\/en\\\/datenschutz\\\/#breadcrumb\",\"itemListElement\":[{\"@type\":\"ListItem\",\"position\":1,\"name\":\"Startseite\",\"item\":\"https:\\\/\\\/gradido.net\\\/\"},{\"@type\":\"ListItem\",\"position\":2,\"name\":\"Datenschutz\"}]},{\"@type\":\"WebSite\",\"@id\":\"https:\\\/\\\/gradido.net\\\/de\\\/#website\",\"url\":\"https:\\\/\\\/gradido.net\\\/de\\\/\",\"name\":\"Gradido\",\"description\":\"Die neue W\u00e4hrung hei\u00dft Dankbarkeit\",\"publisher\":{\"@id\":\"https:\\\/\\\/gradido.net\\\/de\\\/#organization\"},\"potentialAction\":[{\"@type\":\"SearchAction\",\"target\":{\"@type\":\"EntryPoint\",\"urlTemplate\":\"https:\\\/\\\/gradido.net\\\/de\\\/?s={search_term_string}\"},\"query-input\":{\"@type\":\"PropertyValueSpecification\",\"valueRequired\":true,\"valueName\":\"search_term_string\"}}],\"inLanguage\":\"ro-RO\"},{\"@type\":\"Organization\",\"@id\":\"https:\\\/\\\/gradido.net\\\/de\\\/#organization\",\"name\":\"Gradido\",\"url\":\"https:\\\/\\\/gradido.net\\\/de\\\/\",\"logo\":{\"@type\":\"ImageObject\",\"inLanguage\":\"ro-RO\",\"@id\":\"https:\\\/\\\/gradido.net\\\/de\\\/#\\\/schema\\\/logo\\\/image\\\/\",\"url\":\"https:\\\/\\\/gradido.net\\\/wp-content\\\/uploads\\\/2022\\\/04\\\/gradido-social.jpg\",\"contentUrl\":\"https:\\\/\\\/gradido.net\\\/wp-content\\\/uploads\\\/2022\\\/04\\\/gradido-social.jpg\",\"width\":527,\"height\":273,\"caption\":\"Gradido\"},\"image\":{\"@id\":\"https:\\\/\\\/gradido.net\\\/de\\\/#\\\/schema\\\/logo\\\/image\\\/\"}}]}<\/script>\n<!-- \/ Yoast SEO plugin. -->","yoast_head_json":{"title":"Confiden\u021bialitate - Gradido","description":"V\u0103 mul\u021bumim pentru interesul dumneavoastr\u0103 pentru site-ul Gradido Academy. \u00cencrederea tuturor vizitatorilor \u0219i clien\u021bilor, precum \u0219i securitatea datelor dumneavoastr\u0103 \u0219i protec\u021bia vie\u021bii private sunt importante pentru noi.","robots":{"index":"index","follow":"follow","max-snippet":"max-snippet:-1","max-image-preview":"max-image-preview:large","max-video-preview":"max-video-preview:-1"},"canonical":"https:\/\/gradido.net\/ro\/datenschutz\/","og_locale":"ro_RO","og_type":"article","og_title":"Datenschutz - Gradido","og_description":"Wir freuen uns \u00fcber Ihr Interesse an dem Internetauftritt der Gradido Akademie. Das Vertrauen aller Besucher und Kunden und die Sicherheit Ihrer Daten und der Schutz Ihrer Privatsph\u00e4re sind uns ein wichtiges Anliegen","og_url":"https:\/\/gradido.net\/ro\/datenschutz\/","og_site_name":"Gradido","article_modified_time":"2024-10-19T15:29:28+00:00","og_image":[{"width":1920,"height":900,"url":"https:\/\/gradido.net\/wp-content\/uploads\/2020\/08\/slide-1.jpg","type":"image\/jpeg"}],"twitter_card":"summary_large_image","twitter_misc":{"Timp estimat pentru citire":"23 de minute"},"schema":{"@context":"https:\/\/schema.org","@graph":[{"@type":"WebPage","@id":"https:\/\/gradido.net\/en\/datenschutz\/","url":"https:\/\/gradido.net\/en\/datenschutz\/","name":"Confiden\u021bialitate - Gradido","isPartOf":{"@id":"https:\/\/gradido.net\/de\/#website"},"primaryImageOfPage":{"@id":"https:\/\/gradido.net\/en\/datenschutz\/#primaryimage"},"image":{"@id":"https:\/\/gradido.net\/en\/datenschutz\/#primaryimage"},"thumbnailUrl":"https:\/\/gradido.net\/wp-content\/uploads\/2020\/08\/slide-1.jpg","datePublished":"2020-07-20T12:01:02+00:00","dateModified":"2024-10-19T15:29:28+00:00","description":"V\u0103 mul\u021bumim pentru interesul dumneavoastr\u0103 pentru site-ul Gradido Academy. \u00cencrederea tuturor vizitatorilor \u0219i clien\u021bilor, precum \u0219i securitatea datelor dumneavoastr\u0103 \u0219i protec\u021bia vie\u021bii private sunt importante pentru noi.","breadcrumb":{"@id":"https:\/\/gradido.net\/en\/datenschutz\/#breadcrumb"},"inLanguage":"ro-RO","potentialAction":[{"@type":"ReadAction","target":["https:\/\/gradido.net\/en\/datenschutz\/"]}]},{"@type":"ImageObject","inLanguage":"ro-RO","@id":"https:\/\/gradido.net\/en\/datenschutz\/#primaryimage","url":"https:\/\/gradido.net\/wp-content\/uploads\/2020\/08\/slide-1.jpg","contentUrl":"https:\/\/gradido.net\/wp-content\/uploads\/2020\/08\/slide-1.jpg","width":1920,"height":900},{"@type":"BreadcrumbList","@id":"https:\/\/gradido.net\/en\/datenschutz\/#breadcrumb","itemListElement":[{"@type":"ListItem","position":1,"name":"Startseite","item":"https:\/\/gradido.net\/"},{"@type":"ListItem","position":2,"name":"Datenschutz"}]},{"@type":"WebSite","@id":"https:\/\/gradido.net\/de\/#website","url":"https:\/\/gradido.net\/de\/","name":"Gradido","description":"Noua moned\u0103 este recuno\u0219tin\u021ba","publisher":{"@id":"https:\/\/gradido.net\/de\/#organization"},"potentialAction":[{"@type":"SearchAction","target":{"@type":"EntryPoint","urlTemplate":"https:\/\/gradido.net\/de\/?s={search_term_string}"},"query-input":{"@type":"PropertyValueSpecification","valueRequired":true,"valueName":"search_term_string"}}],"inLanguage":"ro-RO"},{"@type":"Organization","@id":"https:\/\/gradido.net\/de\/#organization","name":"Gradido","url":"https:\/\/gradido.net\/de\/","logo":{"@type":"ImageObject","inLanguage":"ro-RO","@id":"https:\/\/gradido.net\/de\/#\/schema\/logo\/image\/","url":"https:\/\/gradido.net\/wp-content\/uploads\/2022\/04\/gradido-social.jpg","contentUrl":"https:\/\/gradido.net\/wp-content\/uploads\/2022\/04\/gradido-social.jpg","width":527,"height":273,"caption":"Gradido"},"image":{"@id":"https:\/\/gradido.net\/de\/#\/schema\/logo\/image\/"}}]}},"_links":{"self":[{"href":"https:\/\/gradido.net\/ro\/wp-json\/wp\/v2\/pages\/3","targetHints":{"allow":["GET"]}}],"collection":[{"href":"https:\/\/gradido.net\/ro\/wp-json\/wp\/v2\/pages"}],"about":[{"href":"https:\/\/gradido.net\/ro\/wp-json\/wp\/v2\/types\/page"}],"author":[{"embeddable":true,"href":"https:\/\/gradido.net\/ro\/wp-json\/wp\/v2\/users\/1"}],"replies":[{"embeddable":true,"href":"https:\/\/gradido.net\/ro\/wp-json\/wp\/v2\/comments?post=3"}],"version-history":[{"count":22,"href":"https:\/\/gradido.net\/ro\/wp-json\/wp\/v2\/pages\/3\/revisions"}],"predecessor-version":[{"id":9689,"href":"https:\/\/gradido.net\/ro\/wp-json\/wp\/v2\/pages\/3\/revisions\/9689"}],"wp:featuredmedia":[{"embeddable":true,"href":"https:\/\/gradido.net\/ro\/wp-json\/wp\/v2\/media\/233"}],"wp:attachment":[{"href":"https:\/\/gradido.net\/ro\/wp-json\/wp\/v2\/media?parent=3"}],"curies":[{"name":"wp","href":"https:\/\/api.w.org\/{rel}","templated":true}]}}