{"version":"1.0","provider_name":"Gradido","provider_url":"https:\/\/gradido.net\/sk","author_name":"Bernd H\u00fcckst\u00e4dt","author_url":"https:\/\/gradido.net\/sk\/author\/bernd\/","title":"Gradido-Akademie l\u00e4dt Rentner zu erf\u00fclltem Lebensabend ein - Gradido","type":"rich","width":600,"height":338,"html":"<blockquote class=\"wp-embedded-content\" data-secret=\"tDtHQGh6b0\"><a href=\"https:\/\/gradido.net\/sk\/gradido-akademie-laedt-rentner-zu-erfuelltem-lebensabend-ein\/\">Akad\u00e9mia Gradido poz\u00fdva d\u00f4chodcov na spokojn\u00fa starobu<\/a><\/blockquote><iframe sandbox=\"allow-scripts\" security=\"restricted\" src=\"https:\/\/gradido.net\/sk\/gradido-akademie-laedt-rentner-zu-erfuelltem-lebensabend-ein\/embed\/#?secret=tDtHQGh6b0\" width=\"600\" height=\"338\" title=\"\u201cAkad\u00e9mia Gradido poz\u00fdva d\u00f4chodcov na spokojn\u00fd d\u00f4chodok\u201d - Gradido\" data-secret=\"tDtHQGh6b0\" frameborder=\"0\" marginwidth=\"0\" marginheight=\"0\" scrolling=\"no\" class=\"wp-embedded-content\"><\/iframe><script>\n\/*! This file is auto-generated *\/\n!function(d,l){\"use strict\";l.querySelector&&d.addEventListener&&\"undefined\"!=typeof URL&&(d.wp=d.wp||{},d.wp.receiveEmbedMessage||(d.wp.receiveEmbedMessage=function(e){var t=e.data;if((t||t.secret||t.message||t.value)&&!\/[^a-zA-Z0-9]\/.test(t.secret)){for(var s,r,n,a=l.querySelectorAll('iframe[data-secret=\"'+t.secret+'\"]'),o=l.querySelectorAll('blockquote[data-secret=\"'+t.secret+'\"]'),c=new RegExp(\"^https?:$\",\"i\"),i=0;i<o.length;i++)o[i].style.display=\"none\";for(i=0;i<a.length;i++)s=a[i],e.source===s.contentWindow&&(s.removeAttribute(\"style\"),\"height\"===t.message?(1e3<(r=parseInt(t.value,10))?r=1e3:~~r<200&&(r=200),s.height=r):\"link\"===t.message&&(r=new URL(s.getAttribute(\"src\")),n=new URL(t.value),c.test(n.protocol))&&n.host===r.host&&l.activeElement===s&&(d.top.location.href=t.value))}},d.addEventListener(\"message\",d.wp.receiveEmbedMessage,!1),l.addEventListener(\"DOMContentLoaded\",function(){for(var e,t,s=l.querySelectorAll(\"iframe.wp-embedded-content\"),r=0;r<s.length;r++)(t=(e=s[r]).getAttribute(\"data-secret\"))||(t=Math.random().toString(36).substring(2,12),e.src+=\"#?secret=\"+t,e.setAttribute(\"data-secret\",t)),e.contentWindow.postMessage({message:\"ready\",secret:t},\"*\")},!1)))}(window,document);\n\/\/# sourceURL=https:\/\/gradido.net\/wp-includes\/js\/wp-embed.min.js\n<\/script>","thumbnail_url":"https:\/\/gradido.net\/wp-content\/uploads\/2021\/07\/alter_ohne_armut_und_einsamkeit.jpg","thumbnail_width":1458,"thumbnail_height":990,"description":"Arm und einsam im Alter? K\u00fcnzelsau,13.07.2021 \u2013 Die Aussichten f\u00fcr Rentner sind d\u00fcster: Wegen drohender Altersarmut und wachsender Vereinsamung wird der \u201awohlverdiente Ruhestand\u2018 nicht selten zu einem echten Schreckensszenario. Aktuelle Studien rechnen mit einem steten Anstieg der Altersarmut. Mediziner warnen vor den Gesundheitsrisiken durch die wachsende soziale Isolation. W\u00e4hrend die Politik \u00fcber eine Verl\u00e4ngerung der [&hellip;]"}