{"id":10612,"date":"2025-07-27T16:47:59","date_gmt":"2025-07-27T14:47:59","guid":{"rendered":"https:\/\/gradido.net\/?page_id=10612"},"modified":"2025-10-04T11:57:09","modified_gmt":"2025-10-04T09:57:09","slug":"educational-situation","status":"publish","type":"page","link":"https:\/\/gradido.net\/sk\/countries\/philippines\/educational-situation\/","title":{"rendered":"Vzdel\u00e1vacia situ\u00e1cia znev\u00fdhodnen\u00fdch det\u00ed Filip\u00edny"},"content":{"rendered":"<div data-elementor-type=\"wp-page\" data-elementor-id=\"10612\" class=\"elementor elementor-10612\" data-elementor-post-type=\"page\">\n\t\t\t\t\t\t<section class=\"elementor-section elementor-top-section elementor-element elementor-element-4ce3e8af elementor-section-full_width elementor-section-height-default elementor-section-height-default\" data-id=\"4ce3e8af\" data-element_type=\"section\" data-e-type=\"section\">\n\t\t\t\t\t\t<div class=\"elementor-container elementor-column-gap-no\">\n\t\t\t\t\t<div class=\"elementor-column elementor-col-100 elementor-top-column elementor-element elementor-element-efa8c8c\" data-id=\"efa8c8c\" data-element_type=\"column\" data-e-type=\"column\">\n\t\t\t<div class=\"elementor-widget-wrap elementor-element-populated\">\n\t\t\t\t\t\t<div class=\"elementor-element elementor-element-e088aa4 elementor--h-position-center elementor--v-position-middle elementor-arrows-position-inside elementor-widget elementor-widget-slides\" data-id=\"e088aa4\" data-element_type=\"widget\" data-e-type=\"widget\" data-settings=\"{&quot;navigation&quot;:&quot;arrows&quot;,&quot;autoplay&quot;:&quot;yes&quot;,&quot;pause_on_hover&quot;:&quot;yes&quot;,&quot;pause_on_interaction&quot;:&quot;yes&quot;,&quot;autoplay_speed&quot;:5000,&quot;infinite&quot;:&quot;yes&quot;,&quot;transition&quot;:&quot;slide&quot;,&quot;transition_speed&quot;:500}\" data-widget_type=\"slides.default\">\n\t\t\t\t<div class=\"elementor-widget-container\">\n\t\t\t\t\t\t\t\t\t<div class=\"elementor-swiper\">\n\t\t\t\t\t<div class=\"elementor-slides-wrapper elementor-main-swiper swiper\" role=\"region\" aria-roledescription=\"carousel\" aria-label=\"Posuvn\u00edk\" dir=\"ltr\" data-animation=\"fadeInUp\">\n\t\t\t\t<div class=\"swiper-wrapper elementor-slides\">\n\t\t\t\t\t\t\t\t\t\t<div class=\"elementor-repeater-item-2de4990 swiper-slide\" role=\"group\" aria-roledescription=\"slide\"><div class=\"swiper-slide-bg\" role=\"img\" aria-label=\"manila-4503501_1280\"><\/div><div class=\"swiper-slide-inner\" ><div class=\"swiper-slide-contents\"><\/div><\/div><\/div><div class=\"elementor-repeater-item-28f126e swiper-slide\" role=\"group\" aria-roledescription=\"slide\"><div class=\"swiper-slide-bg\" role=\"img\" aria-label=\"philippines-4951855_1280\"><\/div><div class=\"swiper-slide-inner\" ><div class=\"swiper-slide-contents\"><\/div><\/div><\/div><div class=\"elementor-repeater-item-992da35 swiper-slide\" role=\"group\" aria-roledescription=\"slide\"><div class=\"swiper-slide-bg\" role=\"img\" aria-label=\"manila-2256322_1280\"><\/div><div class=\"swiper-slide-inner\" ><div class=\"swiper-slide-contents\"><\/div><\/div><\/div>\t\t\t\t<\/div>\n\t\t\t\t\t\t\t\t\t\t\t\t\t\t\t<div class=\"elementor-swiper-button elementor-swiper-button-prev\" role=\"button\" tabindex=\"0\" aria-label=\"Predch\u00e1dzaj\u00faci sn\u00edmok\">\n\t\t\t\t\t\t\t<i aria-hidden=\"true\" class=\"eicon-chevron-left\"><\/i>\t\t\t\t\t\t<\/div>\n\t\t\t\t\t\t<div class=\"elementor-swiper-button elementor-swiper-button-next\" role=\"button\" tabindex=\"0\" aria-label=\"\u010eal\u0161ia sn\u00edmka\">\n\t\t\t\t\t\t\t<i aria-hidden=\"true\" class=\"eicon-chevron-right\"><\/i>\t\t\t\t\t\t<\/div>\n\t\t\t\t\t\t\t\t\t\t\t\t\t\t\t\t\t<\/div>\n\t\t\t\t<\/div>\n\t\t\t\t\t\t\t\t<\/div>\n\t\t\t\t<\/div>\n\t\t\t\t\t<\/div>\n\t\t<\/div>\n\t\t\t\t\t<\/div>\n\t\t<\/section>\n\t\t\t\t<section class=\"elementor-section elementor-top-section elementor-element elementor-element-240baa7a elementor-section-boxed elementor-section-height-default elementor-section-height-default\" data-id=\"240baa7a\" data-element_type=\"section\" data-e-type=\"section\" data-settings=\"{&quot;background_background&quot;:&quot;classic&quot;}\">\n\t\t\t\t\t\t<div class=\"elementor-container elementor-column-gap-default\">\n\t\t\t\t\t<div class=\"elementor-column elementor-col-100 elementor-top-column elementor-element elementor-element-1afe9e42\" data-id=\"1afe9e42\" data-element_type=\"column\" data-e-type=\"column\">\n\t\t\t<div class=\"elementor-widget-wrap elementor-element-populated\">\n\t\t\t\t\t\t<div class=\"elementor-element elementor-element-65bd50ae elementor-widget elementor-widget-heading\" data-id=\"65bd50ae\" data-element_type=\"widget\" data-e-type=\"widget\" data-widget_type=\"heading.default\">\n\t\t\t\t<div class=\"elementor-widget-container\">\n\t\t\t\t\t<h1 class=\"elementor-heading-title elementor-size-default\">Vzdel\u00e1vacia situ\u00e1cia znev\u00fdhodnen\u00fdch det\u00ed<\/h1>\t\t\t\t<\/div>\n\t\t\t\t<\/div>\n\t\t\t\t\t<\/div>\n\t\t<\/div>\n\t\t\t\t\t<\/div>\n\t\t<\/section>\n\t\t\t\t<section class=\"elementor-section elementor-top-section elementor-element elementor-element-446540f elementor-section-boxed elementor-section-height-default elementor-section-height-default\" data-id=\"446540f\" data-element_type=\"section\" data-e-type=\"section\">\n\t\t\t\t\t\t<div class=\"elementor-container elementor-column-gap-default\">\n\t\t\t\t\t<div class=\"elementor-column elementor-col-100 elementor-top-column elementor-element elementor-element-312a2d3\" data-id=\"312a2d3\" data-element_type=\"column\" data-e-type=\"column\">\n\t\t\t<div class=\"elementor-widget-wrap elementor-element-populated\">\n\t\t\t\t\t\t<div class=\"elementor-element elementor-element-48c75da elementor-nav-menu--dropdown-tablet elementor-nav-menu__text-align-aside elementor-nav-menu--toggle elementor-nav-menu--burger elementor-widget elementor-widget-nav-menu\" data-id=\"48c75da\" data-element_type=\"widget\" data-e-type=\"widget\" data-settings=\"{&quot;layout&quot;:&quot;horizontal&quot;,&quot;submenu_icon&quot;:{&quot;value&quot;:&quot;&lt;i class=\\&quot;fas fa-caret-down\\&quot; aria-hidden=\\&quot;true\\&quot;&gt;&lt;\\\/i&gt;&quot;,&quot;library&quot;:&quot;fa-solid&quot;},&quot;toggle&quot;:&quot;burger&quot;}\" data-widget_type=\"nav-menu.default\">\n\t\t\t\t<div class=\"elementor-widget-container\">\n\t\t\t\t\t\t\t\t<nav aria-label=\"V\u00fdskum krajiny\" class=\"elementor-nav-menu--main elementor-nav-menu__container elementor-nav-menu--layout-horizontal e--pointer-underline e--animation-grow\">\n\t\t\t\t<ul id=\"menu-1-48c75da\" class=\"elementor-nav-menu\"><li class=\"menu-item menu-item-type-custom menu-item-object-custom menu-item-has-children menu-item-12305\"><a class=\"elementor-item\">Afrika<\/a>\n<ul class=\"sub-menu elementor-nav-menu--dropdown\">\n\t<li class=\"menu-item menu-item-type-post_type menu-item-object-page menu-item-12253\"><a href=\"https:\/\/gradido.net\/sk\/countries\/afrika\/\" class=\"elementor-sub-item\">Afrika, cel\u00fd kontinent<\/a><\/li>\n\t<li class=\"menu-item menu-item-type-post_type menu-item-object-page menu-item-13097\"><a href=\"https:\/\/gradido.net\/sk\/countries\/afrika\/dr-congo\/\" class=\"elementor-sub-item\">Kon\u017esk\u00e1 demokratick\u00e1 republika<\/a><\/li>\n\t<li class=\"menu-item menu-item-type-post_type menu-item-object-page menu-item-12414\"><a href=\"https:\/\/gradido.net\/sk\/countries\/afrika\/kenya\/\" class=\"elementor-sub-item\">Ke\u0148a<\/a><\/li>\n\t<li class=\"menu-item menu-item-type-post_type menu-item-object-page menu-item-12737\"><a href=\"https:\/\/gradido.net\/sk\/countries\/afrika\/madagascar\/\" class=\"elementor-sub-item\">Madagaskar<\/a><\/li>\n\t<li class=\"menu-item menu-item-type-post_type menu-item-object-page menu-item-12148\"><a href=\"https:\/\/gradido.net\/sk\/countries\/afrika\/namibia\/\" class=\"elementor-sub-item\">Nam\u00edbia<\/a><\/li>\n\t<li class=\"menu-item menu-item-type-post_type menu-item-object-page menu-item-12839\"><a href=\"https:\/\/gradido.net\/sk\/countries\/afrika\/rwanda\/\" class=\"elementor-sub-item\">Rwanda<\/a><\/li>\n<\/ul>\n<\/li>\n<li class=\"menu-item menu-item-type-custom menu-item-object-custom menu-item-has-children menu-item-11798\"><a class=\"elementor-item\">Amerika<\/a>\n<ul class=\"sub-menu elementor-nav-menu--dropdown\">\n\t<li class=\"menu-item menu-item-type-post_type menu-item-object-page menu-item-12463\"><a href=\"https:\/\/gradido.net\/sk\/countries\/usa\/\" class=\"elementor-sub-item\">USA<\/a><\/li>\n\t<li class=\"menu-item menu-item-type-post_type menu-item-object-page menu-item-11791\"><a href=\"https:\/\/gradido.net\/sk\/countries\/mexico\/\" class=\"elementor-sub-item\">Mexiko<\/a><\/li>\n<\/ul>\n<\/li>\n<li class=\"menu-item menu-item-type-custom menu-item-object-custom menu-item-has-children menu-item-11800\"><a class=\"elementor-item\">\u00c1zia<\/a>\n<ul class=\"sub-menu elementor-nav-menu--dropdown\">\n\t<li class=\"menu-item menu-item-type-post_type menu-item-object-page menu-item-11794\"><a href=\"https:\/\/gradido.net\/sk\/countries\/maledives\/\" class=\"elementor-sub-item\">Maldivy<\/a><\/li>\n\t<li class=\"menu-item menu-item-type-post_type menu-item-object-page menu-item-11790\"><a href=\"https:\/\/gradido.net\/sk\/countries\/philippines\/\" class=\"elementor-sub-item\">Filip\u00edny<\/a><\/li>\n\t<li class=\"menu-item menu-item-type-post_type menu-item-object-page menu-item-11802\"><a href=\"https:\/\/gradido.net\/sk\/countries\/saudi-arabia\/\" class=\"elementor-sub-item\">Saudsk\u00e1 Ar\u00e1bia<\/a><\/li>\n<\/ul>\n<\/li>\n<li class=\"menu-item menu-item-type-custom menu-item-object-custom menu-item-has-children menu-item-11797\"><a class=\"elementor-item\">Eur\u00f3pa<\/a>\n<ul class=\"sub-menu elementor-nav-menu--dropdown\">\n\t<li class=\"menu-item menu-item-type-post_type menu-item-object-page menu-item-11805\"><a href=\"https:\/\/gradido.net\/sk\/countries\/germany\/\" class=\"elementor-sub-item\">Nemecko<\/a><\/li>\n\t<li class=\"menu-item menu-item-type-post_type menu-item-object-page menu-item-11803\"><a href=\"https:\/\/gradido.net\/sk\/countries\/greece\/\" class=\"elementor-sub-item\">Gr\u00e9cko<\/a><\/li>\n\t<li class=\"menu-item menu-item-type-post_type menu-item-object-page menu-item-11788\"><a href=\"https:\/\/gradido.net\/sk\/countries\/spain\/\" class=\"elementor-sub-item\">\u0160panielsko<\/a><\/li>\n<\/ul>\n<\/li>\n<li class=\"menu-item menu-item-type-custom menu-item-object-custom menu-item-has-children menu-item-11801\"><a class=\"elementor-item\">Oce\u00e1nia<\/a>\n<ul class=\"sub-menu elementor-nav-menu--dropdown\">\n\t<li class=\"menu-item menu-item-type-post_type menu-item-object-page menu-item-11793\"><a href=\"https:\/\/gradido.net\/sk\/countries\/marshall-islands\/\" class=\"elementor-sub-item\">Marshallove ostrovy<\/a><\/li>\n\t<li class=\"menu-item menu-item-type-post_type menu-item-object-page menu-item-11795\"><a href=\"https:\/\/gradido.net\/sk\/countries\/tahiti\/\" class=\"elementor-sub-item\">Tahiti<\/a><\/li>\n<\/ul>\n<\/li>\n<\/ul>\t\t\t<\/nav>\n\t\t\t\t\t<div class=\"elementor-menu-toggle\" role=\"button\" tabindex=\"0\" aria-label=\"Prep\u00edna\u010d ponuky\" aria-expanded=\"false\">\n\t\t\t<i aria-hidden=\"true\" role=\"presentation\" class=\"elementor-menu-toggle__icon--open eicon-menu-bar\"><\/i><i aria-hidden=\"true\" role=\"presentation\" class=\"elementor-menu-toggle__icon--close eicon-close\"><\/i>\t\t<\/div>\n\t\t\t\t\t<nav class=\"elementor-nav-menu--dropdown elementor-nav-menu__container\" aria-hidden=\"true\">\n\t\t\t\t<ul id=\"menu-2-48c75da\" class=\"elementor-nav-menu\"><li class=\"menu-item menu-item-type-custom menu-item-object-custom menu-item-has-children menu-item-12305\"><a class=\"elementor-item\" tabindex=\"-1\">Afrika<\/a>\n<ul class=\"sub-menu elementor-nav-menu--dropdown\">\n\t<li class=\"menu-item menu-item-type-post_type menu-item-object-page menu-item-12253\"><a href=\"https:\/\/gradido.net\/sk\/countries\/afrika\/\" class=\"elementor-sub-item\" tabindex=\"-1\">Afrika, cel\u00fd kontinent<\/a><\/li>\n\t<li class=\"menu-item menu-item-type-post_type menu-item-object-page menu-item-13097\"><a href=\"https:\/\/gradido.net\/sk\/countries\/afrika\/dr-congo\/\" class=\"elementor-sub-item\" tabindex=\"-1\">Kon\u017esk\u00e1 demokratick\u00e1 republika<\/a><\/li>\n\t<li class=\"menu-item menu-item-type-post_type menu-item-object-page menu-item-12414\"><a href=\"https:\/\/gradido.net\/sk\/countries\/afrika\/kenya\/\" class=\"elementor-sub-item\" tabindex=\"-1\">Ke\u0148a<\/a><\/li>\n\t<li class=\"menu-item menu-item-type-post_type menu-item-object-page menu-item-12737\"><a href=\"https:\/\/gradido.net\/sk\/countries\/afrika\/madagascar\/\" class=\"elementor-sub-item\" tabindex=\"-1\">Madagaskar<\/a><\/li>\n\t<li class=\"menu-item menu-item-type-post_type menu-item-object-page menu-item-12148\"><a href=\"https:\/\/gradido.net\/sk\/countries\/afrika\/namibia\/\" class=\"elementor-sub-item\" tabindex=\"-1\">Nam\u00edbia<\/a><\/li>\n\t<li class=\"menu-item menu-item-type-post_type menu-item-object-page menu-item-12839\"><a href=\"https:\/\/gradido.net\/sk\/countries\/afrika\/rwanda\/\" class=\"elementor-sub-item\" tabindex=\"-1\">Rwanda<\/a><\/li>\n<\/ul>\n<\/li>\n<li class=\"menu-item menu-item-type-custom menu-item-object-custom menu-item-has-children menu-item-11798\"><a class=\"elementor-item\" tabindex=\"-1\">Amerika<\/a>\n<ul class=\"sub-menu elementor-nav-menu--dropdown\">\n\t<li class=\"menu-item menu-item-type-post_type menu-item-object-page menu-item-12463\"><a href=\"https:\/\/gradido.net\/sk\/countries\/usa\/\" class=\"elementor-sub-item\" tabindex=\"-1\">USA<\/a><\/li>\n\t<li class=\"menu-item menu-item-type-post_type menu-item-object-page menu-item-11791\"><a href=\"https:\/\/gradido.net\/sk\/countries\/mexico\/\" class=\"elementor-sub-item\" tabindex=\"-1\">Mexiko<\/a><\/li>\n<\/ul>\n<\/li>\n<li class=\"menu-item menu-item-type-custom menu-item-object-custom menu-item-has-children menu-item-11800\"><a class=\"elementor-item\" tabindex=\"-1\">\u00c1zia<\/a>\n<ul class=\"sub-menu elementor-nav-menu--dropdown\">\n\t<li class=\"menu-item menu-item-type-post_type menu-item-object-page menu-item-11794\"><a href=\"https:\/\/gradido.net\/sk\/countries\/maledives\/\" class=\"elementor-sub-item\" tabindex=\"-1\">Maldivy<\/a><\/li>\n\t<li class=\"menu-item menu-item-type-post_type menu-item-object-page menu-item-11790\"><a href=\"https:\/\/gradido.net\/sk\/countries\/philippines\/\" class=\"elementor-sub-item\" tabindex=\"-1\">Filip\u00edny<\/a><\/li>\n\t<li class=\"menu-item menu-item-type-post_type menu-item-object-page menu-item-11802\"><a href=\"https:\/\/gradido.net\/sk\/countries\/saudi-arabia\/\" class=\"elementor-sub-item\" tabindex=\"-1\">Saudsk\u00e1 Ar\u00e1bia<\/a><\/li>\n<\/ul>\n<\/li>\n<li class=\"menu-item menu-item-type-custom menu-item-object-custom menu-item-has-children menu-item-11797\"><a class=\"elementor-item\" tabindex=\"-1\">Eur\u00f3pa<\/a>\n<ul class=\"sub-menu elementor-nav-menu--dropdown\">\n\t<li class=\"menu-item menu-item-type-post_type menu-item-object-page menu-item-11805\"><a href=\"https:\/\/gradido.net\/sk\/countries\/germany\/\" class=\"elementor-sub-item\" tabindex=\"-1\">Nemecko<\/a><\/li>\n\t<li class=\"menu-item menu-item-type-post_type menu-item-object-page menu-item-11803\"><a href=\"https:\/\/gradido.net\/sk\/countries\/greece\/\" class=\"elementor-sub-item\" tabindex=\"-1\">Gr\u00e9cko<\/a><\/li>\n\t<li class=\"menu-item menu-item-type-post_type menu-item-object-page menu-item-11788\"><a href=\"https:\/\/gradido.net\/sk\/countries\/spain\/\" class=\"elementor-sub-item\" tabindex=\"-1\">\u0160panielsko<\/a><\/li>\n<\/ul>\n<\/li>\n<li class=\"menu-item menu-item-type-custom menu-item-object-custom menu-item-has-children menu-item-11801\"><a class=\"elementor-item\" tabindex=\"-1\">Oce\u00e1nia<\/a>\n<ul class=\"sub-menu elementor-nav-menu--dropdown\">\n\t<li class=\"menu-item menu-item-type-post_type menu-item-object-page menu-item-11793\"><a href=\"https:\/\/gradido.net\/sk\/countries\/marshall-islands\/\" class=\"elementor-sub-item\" tabindex=\"-1\">Marshallove ostrovy<\/a><\/li>\n\t<li class=\"menu-item menu-item-type-post_type menu-item-object-page menu-item-11795\"><a href=\"https:\/\/gradido.net\/sk\/countries\/tahiti\/\" class=\"elementor-sub-item\" tabindex=\"-1\">Tahiti<\/a><\/li>\n<\/ul>\n<\/li>\n<\/ul>\t\t\t<\/nav>\n\t\t\t\t\t\t<\/div>\n\t\t\t\t<\/div>\n\t\t\t\t<div class=\"elementor-element elementor-element-dcace62 elementor-widget elementor-widget-breadcrumbs\" data-id=\"dcace62\" data-element_type=\"widget\" data-e-type=\"widget\" data-widget_type=\"breadcrumbs.default\">\n\t\t\t\t<div class=\"elementor-widget-container\">\n\t\t\t\t\t<p id=\"breadcrumbs\"><span><span><a href=\"https:\/\/gradido.net\/sk\/\">\u00davodn\u00e1 str\u00e1nka<\/a><\/span><\/span><\/p>\t\t\t\t<\/div>\n\t\t\t\t<\/div>\n\t\t\t\t<div class=\"elementor-element elementor-element-a9db9a5 elementor-widget elementor-widget-text-editor\" data-id=\"a9db9a5\" data-element_type=\"widget\" data-e-type=\"widget\" data-widget_type=\"text-editor.default\">\n\t\t\t\t<div class=\"elementor-widget-container\">\n\t\t\t\t\t\t\t\t\t<h3 style=\"text-align: center;\"><a href=\"https:\/\/gradido.net\/sk\/countries\/philippines\/\"><strong>Hlavn\u00e1 str\u00e1nka: Filip\u00edny<\/strong><\/a><\/h3><p style=\"text-align: center;\"><a href=\"https:\/\/gradido.net\/sk\/countries\/philippines\/economy-and-society\/\">1. hospod\u00e1rstvo a spolo\u010dnos\u0165<\/a><br \/><a href=\"https:\/\/gradido.net\/sk\/countries\/philippines\/income-and-standard-of-living\/\">2 Pr\u00edjem a \u017eivotn\u00e1 \u00farove\u0148<\/a><br \/><a href=\"https:\/\/gradido.net\/sk\/countries\/philippines\/labor-migration-and-foreign-employment\/\">3 Pracovn\u00e1 migr\u00e1cia a zamestnanie v zahrani\u010d\u00ed<\/a><br \/><a href=\"https:\/\/gradido.net\/sk\/countries\/philippines\/poverty-and-social-inequality\/\">4 Chudoba a soci\u00e1lna nerovnos\u0165<\/a><br \/><a href=\"https:\/\/gradido.net\/sk\/countries\/philippines\/common-good-and-solidarity\/\">5 Spolo\u010dn\u00e9 dobro a solidarita<\/a><br \/><strong>6 Vzdel\u00e1vacia situ\u00e1cia znev\u00fdhodnen\u00fdch det\u00ed<\/strong><br \/><a href=\"https:\/\/gradido.net\/sk\/countries\/philippines\/health-and-retirement-provision\/\">7 Zdravotn\u00e9, soci\u00e1lne a d\u00f4chodkov\u00e9 zabezpe\u010denie<\/a><br \/><a href=\"https:\/\/gradido.net\/sk\/countries\/philippines\/care-work-and-commitment\/\">8 Uznanie pr\u00e1ce a anga\u017eovanosti v oblasti starostlivosti<\/a><br \/><a href=\"https:\/\/gradido.net\/sk\/countries\/philippines\/digitization-and-alternative-models\/\">9.inov\u00e1cie, digitaliz\u00e1cia a alternat\u00edvne hospod\u00e1rske modely<\/a><br \/><a href=\"https:\/\/gradido.net\/sk\/countries\/philippines\/community-based-economy-and-parallel-currencies\/\">10.komunitn\u00e9 hospod\u00e1rstvo a paraleln\u00e9 meny<\/a><br \/><a href=\"https:\/\/gradido.net\/sk\/countries\/philippines\/potential-and-challenges\/\">11 Potenci\u00e1l a v\u00fdzvy pre Gradido<\/a><br \/><a href=\"https:\/\/gradido.net\/sk\/countries\/philippines\/international-cooperation\/\">12. medzin\u00e1rodn\u00e1 spolupr\u00e1ca, mimovl\u00e1dne organiz\u00e1cie a vl\u00e1dne rozvojov\u00e9 projekty<\/a><\/p>\t\t\t\t\t\t\t\t<\/div>\n\t\t\t\t<\/div>\n\t\t\t\t<div class=\"elementor-element elementor-element-d7bb196 elementor-widget-divider--view-line elementor-widget elementor-widget-divider\" data-id=\"d7bb196\" data-element_type=\"widget\" data-e-type=\"widget\" data-widget_type=\"divider.default\">\n\t\t\t\t<div class=\"elementor-widget-container\">\n\t\t\t\t\t\t\t<div class=\"elementor-divider\">\n\t\t\t<span class=\"elementor-divider-separator\">\n\t\t\t\t\t\t<\/span>\n\t\t<\/div>\n\t\t\t\t\t\t<\/div>\n\t\t\t\t<\/div>\n\t\t\t\t<div class=\"elementor-element elementor-element-146ff9d elementor-widget elementor-widget-text-editor\" data-id=\"146ff9d\" data-element_type=\"widget\" data-e-type=\"widget\" data-widget_type=\"text-editor.default\">\n\t\t\t\t<div class=\"elementor-widget-container\">\n\t\t\t\t\t\t\t\t\t<div class=\"wiki-page-header-wrapper\"><div class=\"wiki-page-header-wrapper\"><div class=\"wiki-page-header-wrapper\"><h1 id=\"bildungssituation-f%C3%BCr-kinder-aus-armen%2C-l%C3%A4ndlichen-oder-migrantischen-familien-auf-den-philippinen\" tabindex=\"-1\">Vzdel\u00e1vacia situ\u00e1cia det\u00ed z chudobn\u00fdch, vidieckych alebo migrantsk\u00fdch rod\u00edn na Filip\u00ednach<\/h1><\/div><div class=\"wiki-page-header-wrapper\"><h2 id=\"%C3%BCberblick\" tabindex=\"-1\">Preh\u013ead<\/h2><p>Napriek snah\u00e1m vl\u00e1dy o vytvorenie inkluz\u00edvneho vzdel\u00e1vacieho syst\u00e9mu <strong>Deti z chudobn\u00fdch, vidieckych a migrantsk\u00fdch rod\u00edn<\/strong> na Filip\u00ednach zost\u00e1vaj\u00fa v\u00fdrazne znev\u00fdhodnen\u00e9. Chudoba, nedostato\u010dn\u00e1 infra\u0161trukt\u00fara a soci\u00e1lna marginaliz\u00e1cia sp\u00f4sobuj\u00fa, \u017ee mnoh\u00e9 z t\u00fdchto det\u00ed nemaj\u00fa \u017eiadny alebo maj\u00fa len obmedzen\u00fd pr\u00edstup ku kvalitn\u00e9mu vzdel\u00e1vaniu.<\/p><\/div><div class=\"wiki-page-header-wrapper\"><h2 id=\"1.-zugang-und-teilnahme-am-bildungssystem\" tabindex=\"-1\">1. pr\u00edstup k vzdel\u00e1vaciemu syst\u00e9mu a \u00fa\u010das\u0165 na \u0148om<\/h2><ul><li><strong>Z\u00e1kladn\u00e1 \u0161kola je ofici\u00e1lne bezplatn\u00e1<\/strong>ale skryt\u00e9 n\u00e1klady (\u0161kolsk\u00e9 pom\u00f4cky, uniformy, doprava) s\u00fa pre mnoh\u00e9 rodiny obrovsk\u00e9.<a href=\"https:\/\/ableistift.de\/zugang-zur-bildung-fuer-20-schueler-auf-den-philippinen\/\" target=\"_blank\" rel=\"noopener noreferrer nofollow\">^1<\/a>.<\/li><li>Najm\u00e4 v <strong>Slumy a vidiecke regi\u00f3ny<\/strong> \u010dasto ch\u00fdbaj\u00fa \u0161koly v dosahu. Deti musia prekon\u00e1va\u0165 ve\u013ek\u00e9 vzdialenosti, \u010do s\u0165a\u017euje pravideln\u00fa \u0161kolsk\u00fa doch\u00e1dzku.<a href=\"https:\/\/www.kindernothilfe.de\/weltweit-aktiv\/projekte\/asien\/philippinen-bildung\" target=\"_blank\" rel=\"noopener noreferrer nofollow\">^1<\/a>.<\/li><li><strong>Mnoho det\u00ed z chudobn\u00fdch rod\u00edn pracuje<\/strong> okrem \u0161koly alebo namiesto nej prispieva\u0165 k pr\u00edjmu rodiny. Napriek z\u00e1kazu je detsk\u00e1 pr\u00e1ca roz\u0161\u00edren\u00e1, najm\u00e4 vo vidieckych oblastiach a neform\u00e1lnych osad\u00e1ch<a href=\"https:\/\/www.maninoy.de\/category\/aktuelles\/\" target=\"_blank\" rel=\"noopener noreferrer nofollow\">^4<\/a><a href=\"https:\/\/www.savethechildren.de\/informieren\/einsatzorte\/international\/asien-laenderuebersicht\/philippinen\/\" target=\"_blank\" rel=\"noopener noreferrer nofollow\">^6<\/a>.<\/li><li>V \u010dase kr\u00edzy, ako napr\u00edklad po\u010das pand\u00e9mie, sa situ\u00e1cia e\u0161te zhor\u0161uje: mnoh\u00e9 deti nemaj\u00fa pr\u00edstup k mo\u017enostiam digit\u00e1lneho vzdel\u00e1vania z d\u00f4vodu nedostatku elektriny, internetu alebo zariaden\u00ed.<a href=\"https:\/\/ableistift.de\/zugang-zur-bildung-fuer-20-schueler-auf-den-philippinen\/\" target=\"_blank\" rel=\"noopener noreferrer nofollow\">^4<\/a>.<\/li><\/ul><\/div><div class=\"wiki-page-header-wrapper\"><h2 id=\"2.-qualit%C3%A4t-der-bildung-und-lernbedingungen\" tabindex=\"-1\">2. kvalita vzdel\u00e1vania a podmienky na u\u010denie<\/h2><ul><li><strong>Verejn\u00e9 \u0161koly s\u00fa \u010dasto nedostato\u010dne vybaven\u00e9<\/strong>Ch\u00fdbaj\u00fa u\u010debn\u00e9 materi\u00e1ly, kvalifikovan\u00ed u\u010ditelia a infra\u0161trukt\u00fara. Najm\u00e4 vo vidieckych oblastiach s\u00fa triedy preplnen\u00e9 a kvalita vyu\u010dovania je ni\u017e\u0161ia.<a href=\"https:\/\/www.kinderweltreise.de\/kontinente\/asien\/philippinen\/alltag-kinder\/schule\/\" target=\"_blank\" rel=\"noopener noreferrer nofollow\">^5<\/a>.<\/li><li><strong>Deti z chudobn\u00fdch rod\u00edn dost\u00e1vaj\u00fa cielen\u00fa podporu len zriedkavo<\/strong>. Projekty pomoci sa sna\u017eia preklen\u00fa\u0165 t\u00fato medzeru poskytovan\u00edm \u0161kolsk\u00fdch pom\u00f4cok, dou\u010dovania a \u0161tipendi\u00ed.<a href=\"https:\/\/islandkids.ch\" target=\"_blank\" rel=\"noopener noreferrer nofollow\">^3<\/a><a href=\"https:\/\/www.kindernothilfe.at\/informieren\/aktuelles\/ein-blick-in-die-welt\/2023\/philippinen-bildung-als-chance\" target=\"_blank\" rel=\"noopener noreferrer nofollow\">^8<\/a>.<\/li><li><strong>Kult\u00farne a hrav\u00e9 vzdel\u00e1vanie<\/strong> je \u0165a\u017eko dostupn\u00e1 pre znev\u00fdhodnen\u00e9 skupiny, hoci by bola d\u00f4le\u017eit\u00e1 pre osobn\u00fd rozvoj<a href=\"https:\/\/www.maninoy.de\/category\/aktuelles\/\" target=\"_blank\" rel=\"noopener noreferrer nofollow\">^5<\/a>.<\/li><\/ul><\/div><div class=\"wiki-page-header-wrapper\"><h2 id=\"3.-spezielle-herausforderungen-f%C3%BCr-l%C3%A4ndliche-und-migrantische-kinder\" tabindex=\"-1\">3. osobitn\u00e9 v\u00fdzvy pre vidiecke a migruj\u00face deti<\/h2><ul><li><strong>Vidiecke deti<\/strong>:<ul><li>Mnoh\u00ed po skon\u010den\u00ed z\u00e1kladnej \u0161koly odch\u00e1dzaj\u00fa zo \u0161koly, preto\u017ee musia pom\u00e1ha\u0165 na poli alebo v dom\u00e1cnosti, alebo s\u00fa stredn\u00e9 \u0161koly pr\u00edli\u0161 \u010faleko.<a href=\"https:\/\/www.maninoy.de\/category\/aktuelles\/\" target=\"_blank\" rel=\"noopener noreferrer nofollow\">^1<\/a>.<\/li><li>V od\u013eahl\u00fdch regi\u00f3noch s\u00fa \u0161koly \u010dasto \u0165a\u017eko dostupn\u00e9 a kvalita vyu\u010dovania je mimoriadne n\u00edzka.<a href=\"https:\/\/www.kinderweltreise.de\/kontinente\/asien\/philippinen\/alltag-kinder\/schule\/\" target=\"_blank\" rel=\"noopener noreferrer nofollow\">^1<\/a>.<\/li><\/ul><\/li><li><strong>Deti migrantov a vn\u00fatorne vys\u00eddlen\u00fdch os\u00f4b<\/strong>:<ul><li>Deti migrantov, napr. z neform\u00e1lnych os\u00e1d alebo rod\u00edn pres\u00eddlen\u00fdch po pr\u00edrodn\u00fdch katastrof\u00e1ch, s\u00fa obzvl\u00e1\u0161\u0165 ohrozen\u00e9 stratou kontaktu so \u0161kolsk\u00fdm syst\u00e9mom.<a href=\"https:\/\/ableistift.de\/zugang-zur-bildung-fuer-20-schueler-auf-den-philippinen\/\" target=\"_blank\" rel=\"noopener noreferrer nofollow\">^2<\/a>.<\/li><li>Jazykov\u00e9 a kult\u00farne bari\u00e9ry s\u0165a\u017euj\u00fa integr\u00e1ciu najm\u00e4 de\u0165om z domorod\u00fdch skup\u00edn alebo etnick\u00fdch men\u0161\u00edn.<a href=\"https:\/\/www.maninoy.de\/category\/aktuelles\/\" target=\"_blank\" rel=\"noopener noreferrer nofollow\">^5<\/a>.<\/li><\/ul><\/li><\/ul><\/div><div class=\"wiki-page-header-wrapper\"><h2 id=\"4.-innovative-ans%C3%A4tze-und-hilfsprojekte\" tabindex=\"-1\">4. inovat\u00edvne pr\u00edstupy a projekty pomoci<\/h2><ul><li><strong>Mobiln\u00e9 \u0161koly<\/strong> a alternat\u00edvne vzdel\u00e1vacie programy sa sna\u017eia poskytn\u00fa\u0165 vzdelanie de\u0165om z ulice a de\u0165om z mimoriadne neist\u00e9ho prostredia. Pripravuj\u00fa ich na integr\u00e1ciu do be\u017en\u00fdch \u0161k\u00f4l a pon\u00fakaj\u00fa flexibiln\u00e9 mo\u017enosti vzdel\u00e1vania, ktor\u00e9 s\u00fa prisp\u00f4soben\u00e9 ka\u017edodenn\u00e9mu \u017eivotu det\u00ed.<a href=\"https:\/\/www.kinder-in-not.de\/projekt\/philippinen\/mobile-schulen-fuer-strassenkinder\" target=\"_blank\" rel=\"noopener noreferrer nofollow\">^9<\/a>.<\/li><li><strong>Organiz\u00e1cie poskytuj\u00face pomoc<\/strong> poskytova\u0165 \u0161kolsk\u00e9 pom\u00f4cky, uniformy a stravu a podporova\u0165 rodiny, aby deti mohli pravidelne nav\u0161tevova\u0165 \u0161kolu.<a href=\"https:\/\/islandkids.ch\" target=\"_blank\" rel=\"noopener noreferrer nofollow\">^3<\/a><a href=\"https:\/\/ableistift.de\/zugang-zur-bildung-fuer-20-schueler-auf-den-philippinen\/\" target=\"_blank\" rel=\"noopener noreferrer nofollow\">^8<\/a>.<\/li><\/ul><\/div><div class=\"wiki-page-header-wrapper\"><h2 id=\"5.-fazit-und-ausblick\" tabindex=\"-1\">5 Z\u00e1ver a v\u00fdh\u013ead<\/h2><ul><li><strong>Chudoba zost\u00e1va najv\u00e4\u010d\u0161ou prek\u00e1\u017ekou<\/strong> pre mo\u017enosti vzdel\u00e1vania na Filip\u00ednach. Hoci je \u0161kolsk\u00fd syst\u00e9m form\u00e1lne otvoren\u00fd, pr\u00edstup mnoh\u00fdch det\u00ed z chudobn\u00fdch, vidieckych alebo migruj\u00facich rod\u00edn k nemu zost\u00e1va obmedzen\u00fd.<\/li><li>Str\u00e1nka <strong>nerovnak\u00e9 \u0161tartovacie podmienky<\/strong> To znamen\u00e1, \u017ee tieto deti \u010dastej\u0161ie pred\u010dasne ukon\u010duj\u00fa \u0161kolsk\u00fa doch\u00e1dzku, dosahuj\u00fa hor\u0161ie \u0161tudijn\u00e9 v\u00fdsledky a je menej pravdepodobn\u00e9, \u017ee dosiahnu vy\u0161\u0161iu vzdelanostn\u00fa kvalifik\u00e1ciu.<\/li><li><strong>Cielen\u00e1 podpora<\/strong> prostredn\u00edctvom vl\u00e1dnych programov a projektov pomoci je nevyhnutn\u00e9 prelomi\u0165 za\u010darovan\u00fd kruh chudoby a znev\u00fdhodnenia vo vzdel\u00e1van\u00ed a poskytn\u00fa\u0165 t\u00fdmto de\u0165om re\u00e1lne vyhliadky do bud\u00facnosti.<a href=\"https:\/\/islandkids.ch\" target=\"_blank\" rel=\"noopener noreferrer nofollow\">^3<\/a><a href=\"https:\/\/www.kindernothilfe.at\/informieren\/aktuelles\/ein-blick-in-die-welt\/2023\/philippinen-bildung-als-chance\" target=\"_blank\" rel=\"noopener noreferrer nofollow\">^4<\/a><a href=\"https:\/\/www.kinderweltreise.de\/kontinente\/asien\/philippinen\/alltag-kinder\/schule\/\" target=\"_blank\" rel=\"noopener noreferrer nofollow\">^5<\/a><a href=\"https:\/\/ableistift.de\/zugang-zur-bildung-fuer-20-schueler-auf-den-philippinen\/\" target=\"_blank\" rel=\"noopener noreferrer nofollow\">^9<\/a><a href=\"https:\/\/www.savethechildren.de\/informieren\/einsatzorte\/international\/asien-laenderuebersicht\/philippinen\/\" target=\"_blank\" rel=\"noopener noreferrer nofollow\">^6<\/a>.<\/li><\/ul><hr \/><\/div><div class=\"wiki-page-header-wrapper\"><h2 id=\"kommentar-von-nea\" tabindex=\"-1\">Doplnkov\u00e9 hodnotenie z poh\u013eadu Gradido<\/h2><p>Anal\u00fdza ukazuje, ako hlboko chudoba a marginaliz\u00e1cia obmedzuj\u00fa pr\u00edstup k vzdelaniu a ako sa vzdelanie na Filip\u00ednach st\u00e1va ot\u00e1zkou osudu cel\u00fdch gener\u00e1ci\u00ed. Deti z chudobn\u00fdch, vidieckych alebo migrantsk\u00fdch rod\u00edn s\u00fa vystaven\u00e9 dvojit\u00e9mu znev\u00fdhodneniu: Okrem materi\u00e1lnych prek\u00e1\u017eok je tu aj soci\u00e1lna nevidite\u013enos\u0165.<\/p><p><strong>Z\u00e1kladn\u00e9 aspekty a perspekt\u00edva gradidu:<\/strong><\/p><ul><li><strong>Pasca chudoby a vzdel\u00e1vanie:<\/strong> \"Ofici\u00e1lne bezplatn\u00e1\" \u0161kola zost\u00e1va pre mnoh\u00fdch len il\u00faziou vzh\u013eadom na skryt\u00e9 n\u00e1klady. T\u00ed, ktor\u00ed s\u00fa chudobn\u00ed, si \u010dasto jednoducho nem\u00f4\u017eu dovoli\u0165 z\u00e1kladn\u00e9 vzdelanie - za\u010darovan\u00fd kruh, ktor\u00fd udr\u017eiava chudobu.<\/li><li><strong>Krajina a mesto:<\/strong> Pr\u00edstup je obzvl\u00e1\u0161\u0165 \u0165a\u017ek\u00fd vo vidieckych regi\u00f3noch a pre vn\u00fatorne vys\u00eddlen\u00e9 osoby. Nedostatok \u0161k\u00f4l, dlh\u00e9 cesty, detsk\u00e1 pr\u00e1ca a ch\u00fdbaj\u00faca infra\u0161trukt\u00fara znamenaj\u00fa, \u017ee najzranite\u013enej\u0161\u00ed s\u00fa r\u00fdchlo opusten\u00ed.<\/li><li><strong>Kvalita a propag\u00e1cia:<\/strong> Preplnen\u00e9 triedy, nedostato\u010dn\u00e9 vybavenie a nedostatok individu\u00e1lnej podpory sp\u00f4sobuj\u00fa, \u017ee u\u010denie je n\u00e1ro\u010dn\u00e9. Organiz\u00e1cie poskytuj\u00face pomoc vyv\u00edjaj\u00fa \u00fasilie prostredn\u00edctvom alternat\u00edvnych a mobiln\u00fdch vzdel\u00e1vac\u00edch pon\u00fak, ale \u0161truktur\u00e1lny deficit m\u00f4\u017eu zmierni\u0165 len v niektor\u00fdch oblastiach.<\/li><li><strong>Kult\u00farne a soci\u00e1lne prek\u00e1\u017eky:<\/strong> Jazykov\u00e9, kult\u00farne a soci\u00e1lne bari\u00e9ry prehlbuj\u00fa marginaliz\u00e1ciu, najm\u00e4 v pr\u00edpade det\u00ed p\u00f4vodn\u00fdch obyvate\u013eov, migrantov a etnick\u00fdch men\u0161\u00edn.<\/li><\/ul><p><strong>Potenci\u00e1l s Gradido:<\/strong> Pr\u00edstup zameran\u00fd na verejn\u00e9 blaho, ako je Gradido, by to mohol z\u00e1sadne zmeni\u0165: Skuto\u010dn\u00fd z\u00e1kladn\u00fd pr\u00edjem pre ka\u017ed\u00fa rodinu by mohol zn\u00ed\u017ei\u0165 existen\u010dn\u00e9 prek\u00e1\u017eky v oblasti vzdel\u00e1vania. Ak by sa odme\u0148ovalo vzdelanie, susedsk\u00e1 v\u00fdpomoc a spolo\u010densk\u00e1 \u00fa\u010das\u0165, aj znev\u00fdhodnen\u00fdm rodin\u00e1m by sa mohli otvori\u0165 nov\u00e9 mo\u017enosti pre ich deti - nielen materi\u00e1lne, ale aj prostredn\u00edctvom spolo\u010densk\u00e9ho uznania a akt\u00edvnej \u00fa\u010dasti.<\/p><p>Spolo\u010dn\u00e9 projekty - nesen\u00e9 duchom Bayanihanu a podporovan\u00e9 Gradidom - by sa mohli sta\u0165 \u017eivnou p\u00f4dou pre tvoriv\u00e9, l\u00e1skypln\u00e9 a zmyslupln\u00e9 miesta vzdel\u00e1vania. Vzdel\u00e1vanie ako srdcu bl\u00edzka z\u00e1le\u017eitos\u0165 a k\u013e\u00fa\u010d k realiz\u00e1cii potenci\u00e1lu: to je cesta, ktorou sa m\u00f4\u017eeme spolo\u010dne vyda\u0165.<\/p><\/div><\/div><\/div>\t\t\t\t\t\t\t\t<\/div>\n\t\t\t\t<\/div>\n\t\t\t\t\t<\/div>\n\t\t<\/div>\n\t\t\t\t\t<\/div>\n\t\t<\/section>\n\t\t\t\t<\/div>","protected":false},"excerpt":{"rendered":"<p>Bildungssituation benachteiligter Kinder Hauptseite: Philippinen 1. Wirtschaft und Gesellschaft2.Einkommen und Lebensstandard3.Arbeitsmigration und Auslandserwerbst\u00e4tigkeit4.Armut und soziale Ungleichheit5.Gemeinwohl und Solidarit\u00e4t6.Bildungssituation benachteiligter Kinder7.Gesundheit, soziale Sicherung und Altersvorsorge8.Anerkennung von Care-Arbeit und Engagement9.Innovationen, Digitalisierung und alternative Wirtschaftsmodelle10.Gemeinschaftsbasierte \u00d6konomie und Parallelw\u00e4hrungen11.Potenziale und Herausforderungen f\u00fcr Gradido12. Internationale Kooperationen, NGOs und staatliche Entwicklungsprojekte Bildungssituation f\u00fcr Kinder aus armen, l\u00e4ndlichen oder migrantischen Familien auf [&hellip;]<\/p>\n","protected":false},"author":2,"featured_media":10458,"parent":10540,"menu_order":0,"comment_status":"closed","ping_status":"closed","template":"","meta":{"footnotes":""},"class_list":["post-10612","page","type-page","status-publish","has-post-thumbnail","hentry"],"yoast_head":"<!-- This site is optimized with the Yoast SEO plugin v27.5 - https:\/\/yoast.com\/product\/yoast-seo-wordpress\/ -->\n<title>Bildungssituation benachteiligter Kinder Philippinen - Gradido<\/title>\n<meta name=\"description\" content=\"Sei Teil der Bewegung!Gemeinsam bringen wir Gradido in die Welt.\" \/>\n<meta name=\"robots\" content=\"index, follow, max-snippet:-1, max-image-preview:large, max-video-preview:-1\" \/>\n<link rel=\"canonical\" href=\"https:\/\/gradido.net\/sk\/countries\/philippines\/educational-situation\/\" \/>\n<meta property=\"og:locale\" content=\"sk_SK\" \/>\n<meta property=\"og:type\" content=\"article\" \/>\n<meta property=\"og:title\" content=\"Bildungssituation benachteiligter Kinder Philippinen - Gradido\" \/>\n<meta property=\"og:description\" content=\"Sei Teil der Bewegung!Gemeinsam bringen wir Gradido in die Welt.\" \/>\n<meta property=\"og:url\" content=\"https:\/\/gradido.net\/sk\/countries\/philippines\/educational-situation\/\" \/>\n<meta property=\"og:site_name\" content=\"Gradido\" \/>\n<meta property=\"article:modified_time\" content=\"2025-10-04T09:57:09+00:00\" \/>\n<meta property=\"og:image\" content=\"https:\/\/gradido.net\/wp-content\/uploads\/2025\/07\/AdobeStock_3210827871-scaled.jpeg\" \/>\n\t<meta property=\"og:image:width\" content=\"2560\" \/>\n\t<meta property=\"og:image:height\" content=\"790\" \/>\n\t<meta property=\"og:image:type\" content=\"image\/jpeg\" \/>\n<meta name=\"twitter:card\" content=\"summary_large_image\" \/>\n<meta name=\"twitter:label1\" content=\"Predpokladan\u00fd \u010das \u010d\u00edtania\" \/>\n\t<meta name=\"twitter:data1\" content=\"5 min\u00fat\" \/>\n<script type=\"application\/ld+json\" class=\"yoast-schema-graph\">{\"@context\":\"https:\\\/\\\/schema.org\",\"@graph\":[{\"@type\":\"WebPage\",\"@id\":\"https:\\\/\\\/gradido.net\\\/countries\\\/philippines\\\/educational-situation\\\/\",\"url\":\"https:\\\/\\\/gradido.net\\\/countries\\\/philippines\\\/educational-situation\\\/\",\"name\":\"Bildungssituation benachteiligter Kinder Philippinen - Gradido\",\"isPartOf\":{\"@id\":\"https:\\\/\\\/gradido.net\\\/de\\\/#website\"},\"primaryImageOfPage\":{\"@id\":\"https:\\\/\\\/gradido.net\\\/countries\\\/philippines\\\/educational-situation\\\/#primaryimage\"},\"image\":{\"@id\":\"https:\\\/\\\/gradido.net\\\/countries\\\/philippines\\\/educational-situation\\\/#primaryimage\"},\"thumbnailUrl\":\"https:\\\/\\\/gradido.net\\\/wp-content\\\/uploads\\\/2025\\\/07\\\/AdobeStock_3210827871-scaled.jpeg\",\"datePublished\":\"2025-07-27T14:47:59+00:00\",\"dateModified\":\"2025-10-04T09:57:09+00:00\",\"description\":\"Sei Teil der Bewegung!Gemeinsam bringen wir Gradido in die Welt.\",\"breadcrumb\":{\"@id\":\"https:\\\/\\\/gradido.net\\\/countries\\\/philippines\\\/educational-situation\\\/#breadcrumb\"},\"inLanguage\":\"sk-SK\",\"potentialAction\":[{\"@type\":\"ReadAction\",\"target\":[\"https:\\\/\\\/gradido.net\\\/countries\\\/philippines\\\/educational-situation\\\/\"]}]},{\"@type\":\"ImageObject\",\"inLanguage\":\"sk-SK\",\"@id\":\"https:\\\/\\\/gradido.net\\\/countries\\\/philippines\\\/educational-situation\\\/#primaryimage\",\"url\":\"https:\\\/\\\/gradido.net\\\/wp-content\\\/uploads\\\/2025\\\/07\\\/AdobeStock_3210827871-scaled.jpeg\",\"contentUrl\":\"https:\\\/\\\/gradido.net\\\/wp-content\\\/uploads\\\/2025\\\/07\\\/AdobeStock_3210827871-scaled.jpeg\",\"width\":2560,\"height\":790,\"caption\":\"world globe planet earth 3d-illustration. elements of this image furnished by NASA\"},{\"@type\":\"BreadcrumbList\",\"@id\":\"https:\\\/\\\/gradido.net\\\/countries\\\/philippines\\\/educational-situation\\\/#breadcrumb\",\"itemListElement\":[{\"@type\":\"ListItem\",\"position\":1,\"name\":\"Startseite\",\"item\":\"https:\\\/\\\/gradido.net\\\/\"},{\"@type\":\"ListItem\",\"position\":2,\"name\":\"L\u00e4nderforschung\",\"item\":\"https:\\\/\\\/gradido.net\\\/countries\\\/\"},{\"@type\":\"ListItem\",\"position\":3,\"name\":\"Philppinen\",\"item\":\"https:\\\/\\\/gradido.net\\\/countries\\\/philippines\\\/\"},{\"@type\":\"ListItem\",\"position\":4,\"name\":\"Bildungssituation benachteiligter Kinder Philippinen\"}]},{\"@type\":\"WebSite\",\"@id\":\"https:\\\/\\\/gradido.net\\\/de\\\/#website\",\"url\":\"https:\\\/\\\/gradido.net\\\/de\\\/\",\"name\":\"Gradido\",\"description\":\"Die neue W\u00e4hrung hei\u00dft Dankbarkeit\",\"publisher\":{\"@id\":\"https:\\\/\\\/gradido.net\\\/de\\\/#organization\"},\"potentialAction\":[{\"@type\":\"SearchAction\",\"target\":{\"@type\":\"EntryPoint\",\"urlTemplate\":\"https:\\\/\\\/gradido.net\\\/de\\\/?s={search_term_string}\"},\"query-input\":{\"@type\":\"PropertyValueSpecification\",\"valueRequired\":true,\"valueName\":\"search_term_string\"}}],\"inLanguage\":\"sk-SK\"},{\"@type\":\"Organization\",\"@id\":\"https:\\\/\\\/gradido.net\\\/de\\\/#organization\",\"name\":\"Gradido\",\"url\":\"https:\\\/\\\/gradido.net\\\/de\\\/\",\"logo\":{\"@type\":\"ImageObject\",\"inLanguage\":\"sk-SK\",\"@id\":\"https:\\\/\\\/gradido.net\\\/de\\\/#\\\/schema\\\/logo\\\/image\\\/\",\"url\":\"https:\\\/\\\/gradido.net\\\/wp-content\\\/uploads\\\/2022\\\/04\\\/gradido-social.jpg\",\"contentUrl\":\"https:\\\/\\\/gradido.net\\\/wp-content\\\/uploads\\\/2022\\\/04\\\/gradido-social.jpg\",\"width\":527,\"height\":273,\"caption\":\"Gradido\"},\"image\":{\"@id\":\"https:\\\/\\\/gradido.net\\\/de\\\/#\\\/schema\\\/logo\\\/image\\\/\"}}]}<\/script>\n<!-- \/ Yoast SEO plugin. -->","yoast_head_json":{"title":"Vzdel\u00e1vacia situ\u00e1cia znev\u00fdhodnen\u00fdch det\u00ed Filip\u00edny - Gradido","description":"Sta\u0148te sa s\u00fa\u010das\u0165ou tohto hnutia! Spolo\u010dne prinesieme Gradido do sveta.","robots":{"index":"index","follow":"follow","max-snippet":"max-snippet:-1","max-image-preview":"max-image-preview:large","max-video-preview":"max-video-preview:-1"},"canonical":"https:\/\/gradido.net\/sk\/countries\/philippines\/educational-situation\/","og_locale":"sk_SK","og_type":"article","og_title":"Bildungssituation benachteiligter Kinder Philippinen - Gradido","og_description":"Sei Teil der Bewegung!Gemeinsam bringen wir Gradido in die Welt.","og_url":"https:\/\/gradido.net\/sk\/countries\/philippines\/educational-situation\/","og_site_name":"Gradido","article_modified_time":"2025-10-04T09:57:09+00:00","og_image":[{"width":2560,"height":790,"url":"https:\/\/gradido.net\/wp-content\/uploads\/2025\/07\/AdobeStock_3210827871-scaled.jpeg","type":"image\/jpeg"}],"twitter_card":"summary_large_image","twitter_misc":{"Predpokladan\u00fd \u010das \u010d\u00edtania":"5 min\u00fat"},"schema":{"@context":"https:\/\/schema.org","@graph":[{"@type":"WebPage","@id":"https:\/\/gradido.net\/countries\/philippines\/educational-situation\/","url":"https:\/\/gradido.net\/countries\/philippines\/educational-situation\/","name":"Vzdel\u00e1vacia situ\u00e1cia znev\u00fdhodnen\u00fdch det\u00ed Filip\u00edny - Gradido","isPartOf":{"@id":"https:\/\/gradido.net\/de\/#website"},"primaryImageOfPage":{"@id":"https:\/\/gradido.net\/countries\/philippines\/educational-situation\/#primaryimage"},"image":{"@id":"https:\/\/gradido.net\/countries\/philippines\/educational-situation\/#primaryimage"},"thumbnailUrl":"https:\/\/gradido.net\/wp-content\/uploads\/2025\/07\/AdobeStock_3210827871-scaled.jpeg","datePublished":"2025-07-27T14:47:59+00:00","dateModified":"2025-10-04T09:57:09+00:00","description":"Sta\u0148te sa s\u00fa\u010das\u0165ou tohto hnutia! Spolo\u010dne prinesieme Gradido do sveta.","breadcrumb":{"@id":"https:\/\/gradido.net\/countries\/philippines\/educational-situation\/#breadcrumb"},"inLanguage":"sk-SK","potentialAction":[{"@type":"ReadAction","target":["https:\/\/gradido.net\/countries\/philippines\/educational-situation\/"]}]},{"@type":"ImageObject","inLanguage":"sk-SK","@id":"https:\/\/gradido.net\/countries\/philippines\/educational-situation\/#primaryimage","url":"https:\/\/gradido.net\/wp-content\/uploads\/2025\/07\/AdobeStock_3210827871-scaled.jpeg","contentUrl":"https:\/\/gradido.net\/wp-content\/uploads\/2025\/07\/AdobeStock_3210827871-scaled.jpeg","width":2560,"height":790,"caption":"world globe planet earth 3d-illustration. elements of this image furnished by NASA"},{"@type":"BreadcrumbList","@id":"https:\/\/gradido.net\/countries\/philippines\/educational-situation\/#breadcrumb","itemListElement":[{"@type":"ListItem","position":1,"name":"Startseite","item":"https:\/\/gradido.net\/"},{"@type":"ListItem","position":2,"name":"L\u00e4nderforschung","item":"https:\/\/gradido.net\/countries\/"},{"@type":"ListItem","position":3,"name":"Philppinen","item":"https:\/\/gradido.net\/countries\/philippines\/"},{"@type":"ListItem","position":4,"name":"Bildungssituation benachteiligter Kinder Philippinen"}]},{"@type":"WebSite","@id":"https:\/\/gradido.net\/de\/#website","url":"https:\/\/gradido.net\/de\/","name":"Gradido","description":"Novou menou je v\u010fa\u010dnos\u0165","publisher":{"@id":"https:\/\/gradido.net\/de\/#organization"},"potentialAction":[{"@type":"SearchAction","target":{"@type":"EntryPoint","urlTemplate":"https:\/\/gradido.net\/de\/?s={search_term_string}"},"query-input":{"@type":"PropertyValueSpecification","valueRequired":true,"valueName":"search_term_string"}}],"inLanguage":"sk-SK"},{"@type":"Organization","@id":"https:\/\/gradido.net\/de\/#organization","name":"Gradido","url":"https:\/\/gradido.net\/de\/","logo":{"@type":"ImageObject","inLanguage":"sk-SK","@id":"https:\/\/gradido.net\/de\/#\/schema\/logo\/image\/","url":"https:\/\/gradido.net\/wp-content\/uploads\/2022\/04\/gradido-social.jpg","contentUrl":"https:\/\/gradido.net\/wp-content\/uploads\/2022\/04\/gradido-social.jpg","width":527,"height":273,"caption":"Gradido"},"image":{"@id":"https:\/\/gradido.net\/de\/#\/schema\/logo\/image\/"}}]}},"_links":{"self":[{"href":"https:\/\/gradido.net\/sk\/wp-json\/wp\/v2\/pages\/10612","targetHints":{"allow":["GET"]}}],"collection":[{"href":"https:\/\/gradido.net\/sk\/wp-json\/wp\/v2\/pages"}],"about":[{"href":"https:\/\/gradido.net\/sk\/wp-json\/wp\/v2\/types\/page"}],"author":[{"embeddable":true,"href":"https:\/\/gradido.net\/sk\/wp-json\/wp\/v2\/users\/2"}],"replies":[{"embeddable":true,"href":"https:\/\/gradido.net\/sk\/wp-json\/wp\/v2\/comments?post=10612"}],"version-history":[{"count":13,"href":"https:\/\/gradido.net\/sk\/wp-json\/wp\/v2\/pages\/10612\/revisions"}],"predecessor-version":[{"id":11974,"href":"https:\/\/gradido.net\/sk\/wp-json\/wp\/v2\/pages\/10612\/revisions\/11974"}],"up":[{"embeddable":true,"href":"https:\/\/gradido.net\/sk\/wp-json\/wp\/v2\/pages\/10540"}],"wp:featuredmedia":[{"embeddable":true,"href":"https:\/\/gradido.net\/sk\/wp-json\/wp\/v2\/media\/10458"}],"wp:attachment":[{"href":"https:\/\/gradido.net\/sk\/wp-json\/wp\/v2\/media?parent=10612"}],"curies":[{"name":"wp","href":"https:\/\/api.w.org\/{rel}","templated":true}]}}