{"id":11335,"date":"2025-08-15T13:52:57","date_gmt":"2025-08-15T11:52:57","guid":{"rendered":"https:\/\/gradido.net\/?page_id=11335"},"modified":"2025-11-09T19:33:20","modified_gmt":"2025-11-09T18:33:20","slug":"pilot-projects-in-german-cities","status":"publish","type":"page","link":"https:\/\/gradido.net\/sk\/countries\/germany\/pilot-projects-in-german-cities\/","title":{"rendered":"Nemecko: Pilotn\u00e9 projekty v nemeck\u00fdch mest\u00e1ch"},"content":{"rendered":"<div data-elementor-type=\"wp-page\" data-elementor-id=\"11335\" class=\"elementor elementor-11335\" data-elementor-post-type=\"page\">\n\t\t\t\t\t\t<section class=\"elementor-section elementor-top-section elementor-element elementor-element-4ce3e8af elementor-section-full_width elementor-section-height-default elementor-section-height-default\" data-id=\"4ce3e8af\" data-element_type=\"section\" data-e-type=\"section\">\n\t\t\t\t\t\t<div class=\"elementor-container elementor-column-gap-no\">\n\t\t\t\t\t<div class=\"elementor-column elementor-col-100 elementor-top-column elementor-element elementor-element-efa8c8c\" data-id=\"efa8c8c\" data-element_type=\"column\" data-e-type=\"column\">\n\t\t\t<div class=\"elementor-widget-wrap elementor-element-populated\">\n\t\t\t\t\t\t<div class=\"elementor-element elementor-element-e088aa4 elementor--h-position-center elementor--v-position-middle elementor-arrows-position-inside elementor-widget elementor-widget-slides\" data-id=\"e088aa4\" data-element_type=\"widget\" data-e-type=\"widget\" data-settings=\"{&quot;navigation&quot;:&quot;arrows&quot;,&quot;autoplay&quot;:&quot;yes&quot;,&quot;pause_on_hover&quot;:&quot;yes&quot;,&quot;pause_on_interaction&quot;:&quot;yes&quot;,&quot;autoplay_speed&quot;:5000,&quot;infinite&quot;:&quot;yes&quot;,&quot;transition&quot;:&quot;slide&quot;,&quot;transition_speed&quot;:500}\" data-widget_type=\"slides.default\">\n\t\t\t\t<div class=\"elementor-widget-container\">\n\t\t\t\t\t\t\t\t\t<div class=\"elementor-swiper\">\n\t\t\t\t\t<div class=\"elementor-slides-wrapper elementor-main-swiper swiper\" role=\"region\" aria-roledescription=\"carousel\" aria-label=\"Posuvn\u00edk\" dir=\"ltr\" data-animation=\"fadeInUp\">\n\t\t\t\t<div class=\"swiper-wrapper elementor-slides\">\n\t\t\t\t\t\t\t\t\t\t<div class=\"elementor-repeater-item-2de4990 swiper-slide\" role=\"group\" aria-roledescription=\"slide\"><div class=\"swiper-slide-bg\" role=\"img\" aria-label=\"neuschwanstein-2602208_1280\"><\/div><div class=\"swiper-slide-inner\" ><div class=\"swiper-slide-contents\"><\/div><\/div><\/div><div class=\"elementor-repeater-item-28f126e swiper-slide\" role=\"group\" aria-roledescription=\"slide\"><div class=\"swiper-slide-bg\" role=\"img\" aria-label=\"building-6994803_1280\"><\/div><div class=\"swiper-slide-inner\" ><div class=\"swiper-slide-contents\"><\/div><\/div><\/div><div class=\"elementor-repeater-item-992da35 swiper-slide\" role=\"group\" aria-roledescription=\"slide\"><div class=\"swiper-slide-bg\" role=\"img\" aria-label=\"flow-9587488_1280\"><\/div><div class=\"swiper-slide-inner\" ><div class=\"swiper-slide-contents\"><\/div><\/div><\/div><div class=\"elementor-repeater-item-1a67a9d swiper-slide\" role=\"group\" aria-roledescription=\"slide\"><div class=\"swiper-slide-bg\" role=\"img\" aria-label=\"hamburg-4570577_1280\"><\/div><div class=\"swiper-slide-inner\" ><div class=\"swiper-slide-contents\"><\/div><\/div><\/div><div class=\"elementor-repeater-item-2799f50 swiper-slide\" role=\"group\" aria-roledescription=\"slide\"><div class=\"swiper-slide-bg\" role=\"img\" aria-label=\"berlin-8429780_1280\"><\/div><div class=\"swiper-slide-inner\" ><div class=\"swiper-slide-contents\"><\/div><\/div><\/div><div class=\"elementor-repeater-item-22adf08 swiper-slide\" role=\"group\" aria-roledescription=\"slide\"><div class=\"swiper-slide-bg\" role=\"img\" aria-label=\"cologne-cathedral-1846338_1280\"><\/div><div class=\"swiper-slide-inner\" ><div class=\"swiper-slide-contents\"><\/div><\/div><\/div>\t\t\t\t<\/div>\n\t\t\t\t\t\t\t\t\t\t\t\t\t\t\t<div class=\"elementor-swiper-button elementor-swiper-button-prev\" role=\"button\" tabindex=\"0\" aria-label=\"Vorige dia\" data-no-translation-aria-label=\"\">\n\t\t\t\t\t\t\t<i aria-hidden=\"true\" class=\"eicon-chevron-left\"><\/i>\t\t\t\t\t\t<\/div>\n\t\t\t\t\t\t<div class=\"elementor-swiper-button elementor-swiper-button-next\" role=\"button\" tabindex=\"0\" aria-label=\"Volgende dia\" data-no-translation-aria-label=\"\">\n\t\t\t\t\t\t\t<i aria-hidden=\"true\" class=\"eicon-chevron-right\"><\/i>\t\t\t\t\t\t<\/div>\n\t\t\t\t\t\t\t\t\t\t\t\t\t\t\t\t\t<\/div>\n\t\t\t\t<\/div>\n\t\t\t\t\t\t\t\t<\/div>\n\t\t\t\t<\/div>\n\t\t\t\t\t<\/div>\n\t\t<\/div>\n\t\t\t\t\t<\/div>\n\t\t<\/section>\n\t\t\t\t<section class=\"elementor-section elementor-top-section elementor-element elementor-element-240baa7a elementor-section-boxed elementor-section-height-default elementor-section-height-default\" data-id=\"240baa7a\" data-element_type=\"section\" data-e-type=\"section\" data-settings=\"{&quot;background_background&quot;:&quot;classic&quot;}\">\n\t\t\t\t\t\t<div class=\"elementor-container elementor-column-gap-default\">\n\t\t\t\t\t<div class=\"elementor-column elementor-col-100 elementor-top-column elementor-element elementor-element-1afe9e42\" data-id=\"1afe9e42\" data-element_type=\"column\" data-e-type=\"column\">\n\t\t\t<div class=\"elementor-widget-wrap elementor-element-populated\">\n\t\t\t\t\t\t<div class=\"elementor-element elementor-element-65bd50ae elementor-widget elementor-widget-heading\" data-id=\"65bd50ae\" data-element_type=\"widget\" data-e-type=\"widget\" data-widget_type=\"heading.default\">\n\t\t\t\t<div class=\"elementor-widget-container\">\n\t\t\t\t\t<h1 class=\"elementor-heading-title elementor-size-default\">Pilotn\u00e9 projekty v nemeck\u00fdch mest\u00e1ch<\/h1>\t\t\t\t<\/div>\n\t\t\t\t<\/div>\n\t\t\t\t\t<\/div>\n\t\t<\/div>\n\t\t\t\t\t<\/div>\n\t\t<\/section>\n\t\t\t\t<section class=\"elementor-section elementor-top-section elementor-element elementor-element-446540f elementor-section-boxed elementor-section-height-default elementor-section-height-default\" data-id=\"446540f\" data-element_type=\"section\" data-e-type=\"section\">\n\t\t\t\t\t\t<div class=\"elementor-container elementor-column-gap-default\">\n\t\t\t\t\t<div class=\"elementor-column elementor-col-100 elementor-top-column elementor-element elementor-element-312a2d3\" data-id=\"312a2d3\" data-element_type=\"column\" data-e-type=\"column\">\n\t\t\t<div class=\"elementor-widget-wrap elementor-element-populated\">\n\t\t\t\t\t\t<div class=\"elementor-element elementor-element-8071a6f elementor-nav-menu--dropdown-tablet elementor-nav-menu__text-align-aside elementor-nav-menu--toggle elementor-nav-menu--burger elementor-widget elementor-widget-nav-menu\" data-id=\"8071a6f\" data-element_type=\"widget\" data-e-type=\"widget\" data-settings=\"{&quot;layout&quot;:&quot;horizontal&quot;,&quot;submenu_icon&quot;:{&quot;value&quot;:&quot;&lt;i class=\\&quot;fas fa-caret-down\\&quot; aria-hidden=\\&quot;true\\&quot;&gt;&lt;\\\/i&gt;&quot;,&quot;library&quot;:&quot;fa-solid&quot;},&quot;toggle&quot;:&quot;burger&quot;}\" data-widget_type=\"nav-menu.default\">\n\t\t\t\t<div class=\"elementor-widget-container\">\n\t\t\t\t\t\t\t\t<nav aria-label=\"V\u00fdskum krajiny\" class=\"elementor-nav-menu--main elementor-nav-menu__container elementor-nav-menu--layout-horizontal e--pointer-underline e--animation-grow\">\n\t\t\t\t<ul id=\"menu-1-8071a6f\" class=\"elementor-nav-menu\"><li class=\"menu-item menu-item-type-custom menu-item-object-custom menu-item-has-children menu-item-12305\"><a class=\"elementor-item\">Afrika<\/a>\n<ul class=\"sub-menu elementor-nav-menu--dropdown\">\n\t<li class=\"menu-item menu-item-type-post_type menu-item-object-page menu-item-12253\"><a href=\"https:\/\/gradido.net\/sk\/countries\/afrika\/\" class=\"elementor-sub-item\">Afrika, cel\u00fd kontinent<\/a><\/li>\n\t<li class=\"menu-item menu-item-type-post_type menu-item-object-page menu-item-13097\"><a href=\"https:\/\/gradido.net\/sk\/countries\/afrika\/dr-congo\/\" class=\"elementor-sub-item\">Kon\u017esk\u00e1 demokratick\u00e1 republika<\/a><\/li>\n\t<li class=\"menu-item menu-item-type-post_type menu-item-object-page menu-item-12414\"><a href=\"https:\/\/gradido.net\/sk\/countries\/afrika\/kenya\/\" class=\"elementor-sub-item\">Ke\u0148a<\/a><\/li>\n\t<li class=\"menu-item menu-item-type-post_type menu-item-object-page menu-item-12737\"><a href=\"https:\/\/gradido.net\/sk\/countries\/afrika\/madagascar\/\" class=\"elementor-sub-item\">Madagaskar<\/a><\/li>\n\t<li class=\"menu-item menu-item-type-post_type menu-item-object-page menu-item-12148\"><a href=\"https:\/\/gradido.net\/sk\/countries\/afrika\/namibia\/\" class=\"elementor-sub-item\">Nam\u00edbia<\/a><\/li>\n\t<li class=\"menu-item menu-item-type-post_type menu-item-object-page menu-item-12839\"><a href=\"https:\/\/gradido.net\/sk\/countries\/afrika\/rwanda\/\" class=\"elementor-sub-item\">Rwanda<\/a><\/li>\n<\/ul>\n<\/li>\n<li class=\"menu-item menu-item-type-custom menu-item-object-custom menu-item-has-children menu-item-11798\"><a class=\"elementor-item\">Amerika<\/a>\n<ul class=\"sub-menu elementor-nav-menu--dropdown\">\n\t<li class=\"menu-item menu-item-type-post_type menu-item-object-page menu-item-12463\"><a href=\"https:\/\/gradido.net\/sk\/countries\/usa\/\" class=\"elementor-sub-item\">USA<\/a><\/li>\n\t<li class=\"menu-item menu-item-type-post_type menu-item-object-page menu-item-11791\"><a href=\"https:\/\/gradido.net\/sk\/countries\/mexico\/\" class=\"elementor-sub-item\">Mexiko<\/a><\/li>\n<\/ul>\n<\/li>\n<li class=\"menu-item menu-item-type-custom menu-item-object-custom menu-item-has-children menu-item-11800\"><a class=\"elementor-item\">\u00c1zia<\/a>\n<ul class=\"sub-menu elementor-nav-menu--dropdown\">\n\t<li class=\"menu-item menu-item-type-post_type menu-item-object-page menu-item-11794\"><a href=\"https:\/\/gradido.net\/sk\/countries\/maledives\/\" class=\"elementor-sub-item\">Maldivy<\/a><\/li>\n\t<li class=\"menu-item menu-item-type-post_type menu-item-object-page menu-item-11790\"><a href=\"https:\/\/gradido.net\/sk\/countries\/philippines\/\" class=\"elementor-sub-item\">Filip\u00edny<\/a><\/li>\n\t<li class=\"menu-item menu-item-type-post_type menu-item-object-page menu-item-11802\"><a href=\"https:\/\/gradido.net\/sk\/countries\/saudi-arabia\/\" class=\"elementor-sub-item\">Saudsk\u00e1 Ar\u00e1bia<\/a><\/li>\n<\/ul>\n<\/li>\n<li class=\"menu-item menu-item-type-custom menu-item-object-custom menu-item-has-children menu-item-11797\"><a class=\"elementor-item\">Eur\u00f3pa<\/a>\n<ul class=\"sub-menu elementor-nav-menu--dropdown\">\n\t<li class=\"menu-item menu-item-type-post_type menu-item-object-page menu-item-11805\"><a href=\"https:\/\/gradido.net\/sk\/countries\/germany\/\" class=\"elementor-sub-item\">Nemecko<\/a><\/li>\n\t<li class=\"menu-item menu-item-type-post_type menu-item-object-page menu-item-11803\"><a href=\"https:\/\/gradido.net\/sk\/countries\/greece\/\" class=\"elementor-sub-item\">Gr\u00e9cko<\/a><\/li>\n\t<li class=\"menu-item menu-item-type-post_type menu-item-object-page menu-item-11788\"><a href=\"https:\/\/gradido.net\/sk\/countries\/spain\/\" class=\"elementor-sub-item\">\u0160panielsko<\/a><\/li>\n<\/ul>\n<\/li>\n<li class=\"menu-item menu-item-type-custom menu-item-object-custom menu-item-has-children menu-item-11801\"><a class=\"elementor-item\">Oce\u00e1nia<\/a>\n<ul class=\"sub-menu elementor-nav-menu--dropdown\">\n\t<li class=\"menu-item menu-item-type-post_type menu-item-object-page menu-item-11793\"><a href=\"https:\/\/gradido.net\/sk\/countries\/marshall-islands\/\" class=\"elementor-sub-item\">Marshallove ostrovy<\/a><\/li>\n\t<li class=\"menu-item menu-item-type-post_type menu-item-object-page menu-item-11795\"><a href=\"https:\/\/gradido.net\/sk\/countries\/tahiti\/\" class=\"elementor-sub-item\">Tahiti<\/a><\/li>\n<\/ul>\n<\/li>\n<\/ul>\t\t\t<\/nav>\n\t\t\t\t\t<div class=\"elementor-menu-toggle\" role=\"button\" tabindex=\"0\" aria-label=\"Prep\u00edna\u010d ponuky\" aria-expanded=\"false\">\n\t\t\t<i aria-hidden=\"true\" role=\"presentation\" class=\"elementor-menu-toggle__icon--open eicon-menu-bar\"><\/i><i aria-hidden=\"true\" role=\"presentation\" class=\"elementor-menu-toggle__icon--close eicon-close\"><\/i>\t\t<\/div>\n\t\t\t\t\t<nav class=\"elementor-nav-menu--dropdown elementor-nav-menu__container\" aria-hidden=\"true\">\n\t\t\t\t<ul id=\"menu-2-8071a6f\" class=\"elementor-nav-menu\"><li class=\"menu-item menu-item-type-custom menu-item-object-custom menu-item-has-children menu-item-12305\"><a class=\"elementor-item\" tabindex=\"-1\">Afrika<\/a>\n<ul class=\"sub-menu elementor-nav-menu--dropdown\">\n\t<li class=\"menu-item menu-item-type-post_type menu-item-object-page menu-item-12253\"><a href=\"https:\/\/gradido.net\/sk\/countries\/afrika\/\" class=\"elementor-sub-item\" tabindex=\"-1\">Afrika, cel\u00fd kontinent<\/a><\/li>\n\t<li class=\"menu-item menu-item-type-post_type menu-item-object-page menu-item-13097\"><a href=\"https:\/\/gradido.net\/sk\/countries\/afrika\/dr-congo\/\" class=\"elementor-sub-item\" tabindex=\"-1\">Kon\u017esk\u00e1 demokratick\u00e1 republika<\/a><\/li>\n\t<li class=\"menu-item menu-item-type-post_type menu-item-object-page menu-item-12414\"><a href=\"https:\/\/gradido.net\/sk\/countries\/afrika\/kenya\/\" class=\"elementor-sub-item\" tabindex=\"-1\">Ke\u0148a<\/a><\/li>\n\t<li class=\"menu-item menu-item-type-post_type menu-item-object-page menu-item-12737\"><a href=\"https:\/\/gradido.net\/sk\/countries\/afrika\/madagascar\/\" class=\"elementor-sub-item\" tabindex=\"-1\">Madagaskar<\/a><\/li>\n\t<li class=\"menu-item menu-item-type-post_type menu-item-object-page menu-item-12148\"><a href=\"https:\/\/gradido.net\/sk\/countries\/afrika\/namibia\/\" class=\"elementor-sub-item\" tabindex=\"-1\">Nam\u00edbia<\/a><\/li>\n\t<li class=\"menu-item menu-item-type-post_type menu-item-object-page menu-item-12839\"><a href=\"https:\/\/gradido.net\/sk\/countries\/afrika\/rwanda\/\" class=\"elementor-sub-item\" tabindex=\"-1\">Rwanda<\/a><\/li>\n<\/ul>\n<\/li>\n<li class=\"menu-item menu-item-type-custom menu-item-object-custom menu-item-has-children menu-item-11798\"><a class=\"elementor-item\" tabindex=\"-1\">Amerika<\/a>\n<ul class=\"sub-menu elementor-nav-menu--dropdown\">\n\t<li class=\"menu-item menu-item-type-post_type menu-item-object-page menu-item-12463\"><a href=\"https:\/\/gradido.net\/sk\/countries\/usa\/\" class=\"elementor-sub-item\" tabindex=\"-1\">USA<\/a><\/li>\n\t<li class=\"menu-item menu-item-type-post_type menu-item-object-page menu-item-11791\"><a href=\"https:\/\/gradido.net\/sk\/countries\/mexico\/\" class=\"elementor-sub-item\" tabindex=\"-1\">Mexiko<\/a><\/li>\n<\/ul>\n<\/li>\n<li class=\"menu-item menu-item-type-custom menu-item-object-custom menu-item-has-children menu-item-11800\"><a class=\"elementor-item\" tabindex=\"-1\">\u00c1zia<\/a>\n<ul class=\"sub-menu elementor-nav-menu--dropdown\">\n\t<li class=\"menu-item menu-item-type-post_type menu-item-object-page menu-item-11794\"><a href=\"https:\/\/gradido.net\/sk\/countries\/maledives\/\" class=\"elementor-sub-item\" tabindex=\"-1\">Maldivy<\/a><\/li>\n\t<li class=\"menu-item menu-item-type-post_type menu-item-object-page menu-item-11790\"><a href=\"https:\/\/gradido.net\/sk\/countries\/philippines\/\" class=\"elementor-sub-item\" tabindex=\"-1\">Filip\u00edny<\/a><\/li>\n\t<li class=\"menu-item menu-item-type-post_type menu-item-object-page menu-item-11802\"><a href=\"https:\/\/gradido.net\/sk\/countries\/saudi-arabia\/\" class=\"elementor-sub-item\" tabindex=\"-1\">Saudsk\u00e1 Ar\u00e1bia<\/a><\/li>\n<\/ul>\n<\/li>\n<li class=\"menu-item menu-item-type-custom menu-item-object-custom menu-item-has-children menu-item-11797\"><a class=\"elementor-item\" tabindex=\"-1\">Eur\u00f3pa<\/a>\n<ul class=\"sub-menu elementor-nav-menu--dropdown\">\n\t<li class=\"menu-item menu-item-type-post_type menu-item-object-page menu-item-11805\"><a href=\"https:\/\/gradido.net\/sk\/countries\/germany\/\" class=\"elementor-sub-item\" tabindex=\"-1\">Nemecko<\/a><\/li>\n\t<li class=\"menu-item menu-item-type-post_type menu-item-object-page menu-item-11803\"><a href=\"https:\/\/gradido.net\/sk\/countries\/greece\/\" class=\"elementor-sub-item\" tabindex=\"-1\">Gr\u00e9cko<\/a><\/li>\n\t<li class=\"menu-item menu-item-type-post_type menu-item-object-page menu-item-11788\"><a href=\"https:\/\/gradido.net\/sk\/countries\/spain\/\" class=\"elementor-sub-item\" tabindex=\"-1\">\u0160panielsko<\/a><\/li>\n<\/ul>\n<\/li>\n<li class=\"menu-item menu-item-type-custom menu-item-object-custom menu-item-has-children menu-item-11801\"><a class=\"elementor-item\" tabindex=\"-1\">Oce\u00e1nia<\/a>\n<ul class=\"sub-menu elementor-nav-menu--dropdown\">\n\t<li class=\"menu-item menu-item-type-post_type menu-item-object-page menu-item-11793\"><a href=\"https:\/\/gradido.net\/sk\/countries\/marshall-islands\/\" class=\"elementor-sub-item\" tabindex=\"-1\">Marshallove ostrovy<\/a><\/li>\n\t<li class=\"menu-item menu-item-type-post_type menu-item-object-page menu-item-11795\"><a href=\"https:\/\/gradido.net\/sk\/countries\/tahiti\/\" class=\"elementor-sub-item\" tabindex=\"-1\">Tahiti<\/a><\/li>\n<\/ul>\n<\/li>\n<\/ul>\t\t\t<\/nav>\n\t\t\t\t\t\t<\/div>\n\t\t\t\t<\/div>\n\t\t\t\t<div class=\"elementor-element elementor-element-b31390b elementor-widget elementor-widget-breadcrumbs\" data-id=\"b31390b\" data-element_type=\"widget\" data-e-type=\"widget\" data-widget_type=\"breadcrumbs.default\">\n\t\t\t\t<div class=\"elementor-widget-container\">\n\t\t\t\t\t<p id=\"breadcrumbs\"><span><span><a href=\"https:\/\/gradido.net\/sk\/\">\u00davodn\u00e1 str\u00e1nka<\/a><\/span><\/span><\/p>\t\t\t\t<\/div>\n\t\t\t\t<\/div>\n\t\t\t\t<div class=\"elementor-element elementor-element-a9db9a5 elementor-widget elementor-widget-text-editor\" data-id=\"a9db9a5\" data-element_type=\"widget\" data-e-type=\"widget\" data-widget_type=\"text-editor.default\">\n\t\t\t\t<div class=\"elementor-widget-container\">\n\t\t\t\t\t\t\t\t\t<h2 style=\"text-align: center;\"><a href=\"https:\/\/gradido.net\/sk\/countries\/germany\/\"><strong>Hlavn\u00e1 str\u00e1nka: Nemecko<\/strong><\/a><\/h2><p style=\"text-align: center;\"><a href=\"https:\/\/gradido.net\/sk\/countries\/germany\/vision-2032-de\/\">V\u00edzia-2032-DE - Ako Gradido zmenilo Nemecko<\/a><br \/><a href=\"https:\/\/gradido.net\/sk\/countries\/germany\/supplementary-assessment-from-a-gradido-perspective\/\">Doplnkov\u00e9 hodnotenie z poh\u013eadu Gradido<\/a><br \/><strong>Pilotn\u00e9 projekty v nemeck\u00fdch mest\u00e1ch<\/strong><\/p>\t\t\t\t\t\t\t\t<\/div>\n\t\t\t\t<\/div>\n\t\t\t\t<div class=\"elementor-element elementor-element-d7bb196 elementor-widget-divider--view-line elementor-widget elementor-widget-divider\" data-id=\"d7bb196\" data-element_type=\"widget\" data-e-type=\"widget\" data-widget_type=\"divider.default\">\n\t\t\t\t<div class=\"elementor-widget-container\">\n\t\t\t\t\t\t\t<div class=\"elementor-divider\">\n\t\t\t<span class=\"elementor-divider-separator\">\n\t\t\t\t\t\t<\/span>\n\t\t<\/div>\n\t\t\t\t\t\t<\/div>\n\t\t\t\t<\/div>\n\t\t\t\t<div class=\"elementor-element elementor-element-146ff9d elementor-widget elementor-widget-text-editor\" data-id=\"146ff9d\" data-element_type=\"widget\" data-e-type=\"widget\" data-widget_type=\"text-editor.default\">\n\t\t\t\t<div class=\"elementor-widget-container\">\n\t\t\t\t\t\t\t\t\t<div class=\"wiki-page-header-wrapper\"><div class=\"wiki-page-header-wrapper\"><p data-pm-slice=\"0 0 []\"><em>Obsah odr\u00e1\u017ea v\u00fdsledky v\u00fdskumu a anal\u00fdz spolo\u010dnosti Perplexity a nepredstavuje vyjadrenie n\u00e1zoru spolo\u010dnosti Gradido. Ich cie\u013eom je poskytn\u00fa\u0165 inform\u00e1cie a podnieti\u0165 \u010fal\u0161iu diskusiu.<\/em><\/p><h1>Pilotn\u00e9 projekty Gradido v nemeck\u00fdch mest\u00e1ch: Vedeck\u00e9 hodnotenie a odpor\u00fa\u010dania pre \u010dinnos\u0165<\/h1><h2>Zmysluplnos\u0165 priameho pr\u00edstupu k mestu<\/h2><h3>Priazniv\u00e9 r\u00e1mcov\u00e9 podmienky<\/h3><p>S\u00fa\u010dasn\u00e1 situ\u00e1cia nemeck\u00fdch obc\u00ed vytv\u00e1ra <strong>mimoriadne priazniv\u00e9 podmienky<\/strong> pre inovat\u00edvne pr\u00edstupy, ako je Gradido. Obecn\u00e9 financie s\u00fa v <strong>najhor\u0161ia kr\u00edza v povojnovej hist\u00f3rii<\/strong>: V roku 2024 zaznamenali mest\u00e1 a obce rekordn\u00fd deficit vo v\u00fd\u0161ke 24,8 miliardy eur, ktor\u00fd by sa mal v roku 2025 zv\u00fd\u0161i\u0165 na viac ako 30 mili\u00e1rd eur. <strong>85% nemeck\u00fdch obc\u00ed<\/strong> nie s\u00fa schopn\u00e9 predlo\u017ei\u0165 vyrovnan\u00fd rozpo\u010det.<a href=\"https:\/\/www.marktundmittelstand.de\/finanzen\/kommunen-am-finanziellen-abgrund-droht-der-kollaps-unserer-staedte\">^1<\/a><a href=\"https:\/\/www.bertelsmann-stiftung.de\/de\/themen\/aktuelle-meldungen\/2025\/juli\/kommunale-finanzen-groesstes-defizit-in-der-geschichte-der-bundesrepublik\">^3<\/a><\/p><p>Tento finan\u010dn\u00fd nedostatok vytv\u00e1ra <strong>obrovsk\u00fd tlak na inov\u00e1cie<\/strong>. Obce s\u00fa n\u00faten\u00e9 h\u013eada\u0165 nov\u00e9 sp\u00f4soby, preto\u017ee tradi\u010dn\u00e9 rie\u0161enia zlyh\u00e1vaj\u00fa. Scen\u00e1re op\u00edsan\u00e9 v dokumente o ob\u013e\u00fabenom meste - z\u00e1chrana podnikov, zlep\u0161enie obecn\u00fdch financi\u00ed, posilnenie dobrovo\u013en\u00edckej pr\u00e1ce - rie\u0161ia tieto probl\u00e9my <strong>konkr\u00e9tne body bolesti<\/strong> Nemeck\u00e9 obce.<\/p><h3>Existuj\u00faca otvorenos\u0165 vo\u010di alternat\u00edvnym pr\u00edstupom<\/h3><p>Nemecko u\u017e m\u00e1 <strong>46 akt\u00edvnych region\u00e1lnych mien<\/strong>od \u00faspe\u0161n\u00e9ho projektu Chiemgauer (700 000 bankoviek v obehu, 600 akcepta\u010dn\u00fdch miest) a\u017e po men\u0161ie miestne projekty. Obec Langenegg vo Vorarlbersku je pr\u00edkladom toho, ako Regionalweld via\u017ee 680 000 eur ro\u010dne v obci so 450 dom\u00e1cnos\u0165ami a vytv\u00e1ra 150 pracovn\u00fdch miest.<a href=\"https:\/\/www.focus.de\/politik\/finanzkrise-der-kommunen-kein-geld-fuer-kitas-schulen-klimaschutz-so-steht-es-um-unsere-pleite-gemeinden_id_201366037.html\">^4<\/a><a href=\"https:\/\/antenne.nrw\/nrw\/kommunalfinanzen-in-deutschland-rekorddefizit-in-den-staedten\/\">^6<\/a><\/p><p><strong>Iniciat\u00edvy Smart City<\/strong> Spolkov\u00e1 vl\u00e1da v s\u00fa\u010dasnosti financuje 73 pilotn\u00fdch projektov sumou 820 mili\u00f3nov eur. Tieto programy ukazuj\u00fa <strong>Z\u00e1kladn\u00e1 pripravenos\u0165<\/strong> politiky a spr\u00e1vy pre syst\u00e9mov\u00e9 inov\u00e1cie, najm\u00e4 ak sp\u00e1jaj\u00fa \u00fa\u010das\u0165 ob\u010danov a udr\u017eate\u013enos\u0165.<a href=\"https:\/\/www.staedtetag.de\/publikationen\/weitere-publikationen\/2024\/handreichung-beteiligungskultur-in-der-stadtplanung-und-stadtentwicklung\">^7<\/a><\/p><h2>Cie\u013eov\u00e9 skupiny: Optim\u00e1lne typy miest pre pilotn\u00e9 projekty Gradido<\/h2><h3>Mal\u00e9 mest\u00e1 (5 000 - 20 000 obyvate\u013eov): Najvy\u0161\u0161ie \u0161ance na \u00faspech<\/h3><p><strong>Mal\u00e9 mest\u00e1<\/strong> pon\u00faka\u0165 <strong>najide\u00e1lnej\u0161ie podmienky<\/strong> pre pilotn\u00e9 projekty Gradido:<\/p><ul data-tight=\"true\"><li><p><strong>Spravovate\u013en\u00e9 \u0161trukt\u00fary<\/strong>Kr\u00e1tke komunika\u010dn\u00e9 kan\u00e1ly medzi ob\u010danmi, spr\u00e1vou a miestnymi podnikmi<\/p><\/li><li><p><strong>Vysok\u00fd finan\u010dn\u00fd tlak<\/strong>: Kr\u00edza obecn\u00fdch financi\u00ed postihla najm\u00e4 mal\u00e9 mest\u00e1<\/p><\/li><li><p><strong>Siln\u00e1 kult\u00fara dobrovo\u013en\u00edctva<\/strong>40% Nemcov sa zap\u00e1ja do dobrovo\u013en\u00edckej pr\u00e1ce, najm\u00e4 v men\u0161\u00edch obciach<a href=\"https:\/\/www.staedtetag.de\/positionen\/beschluesse\/2025\/241-hauptausschuss-kommunale-finanzkrise\">^8<\/a><\/p><\/li><li><p><strong>Pragmatick\u00e9 rozhodovanie<\/strong>Menej byrokratick\u00fdch prek\u00e1\u017eok ako vo ve\u013ek\u00fdch mest\u00e1ch<\/p><\/li><\/ul><p><strong>Konkr\u00e9tne v\u00fdchodisk\u00e1<\/strong> z ob\u013e\u00faben\u00e9ho dokumentu mesta:<\/p><ul data-tight=\"true\"><li><p>Miestna pizzeria ako multiplik\u00e1tor (n\u00edzkoprahov\u00fd vstup)<\/p><\/li><li><p>Dobrovo\u013en\u00fd hasi\u010dsk\u00fd zbor ako etablovan\u00e1 dobrovo\u013en\u00edcka \u0161trukt\u00fara<\/p><\/li><li><p>z\u00e1chrana miestnych podnikov (pr\u00edklad v\u00fdroby obuvi)<\/p><\/li><\/ul><h3>\u0160truktur\u00e1lne slab\u00e9 oblasti: Najvy\u0161\u0161ia ochota inovova\u0165<\/h3><p><strong>Obzvl\u00e1\u0161\u0165 vhodn\u00e9<\/strong> s\u00fa obce v \u0161truktur\u00e1lne slab\u00fdch oblastiach:<\/p><ul data-tight=\"true\"><li><p>V\u00fdchodonemeck\u00e9 obce s <strong>43% ni\u017e\u0161ia \u00farove\u0148 akt\u00edv<\/strong><a href=\"https:\/\/www.dstgb.de\/publikationen\/dokumentationen\/bilanz-2024-und-ausblick-2025\/bilanz-24-25-final.pdf\">^9<\/a><\/p><\/li><li><p>Regi\u00f3ny s <strong>Pokles popul\u00e1cie<\/strong> a \u00famrtia podnikate\u013eov<\/p><\/li><li><p>Obce s <strong>N\u00fadzov\u00fd stav v rozpo\u010dte<\/strong> alebo pod doh\u013eadom obce<\/p><\/li><\/ul><p>Tieto obce maj\u00fa <strong>\"nem\u00e1te \u010do strati\u0165\"<\/strong> a s\u00fa <strong>otvorenej\u0161\u00ed radik\u00e1lnym alternat\u00edvam.<\/strong>. Pr\u00edklad Langeneggu ukazuje, \u017ee region\u00e1lne meny m\u00f4\u017eu <strong>Umieraj\u00faca dedina<\/strong> \u00faspe\u0161ne.<a href=\"https:\/\/www.bertelsmann-stiftung.de\/fileadmin\/files\/Projekte\/Vielfaeltige_Demokratie_gestalten\/Buergerbeteiligung_in_Kommunen_verankern.pdf\">^4<\/a><\/p><h3>Vidiecke komunity so silnou identitou<\/h3><p><strong>Vidiecke komunity<\/strong> so silnou miestnou identitou pon\u00fakaj\u00fa ide\u00e1lne podmienky:<\/p><ul data-tight=\"true\"><li><p><strong>Vysok\u00e1 hustota klubov<\/strong> a tradi\u010dn\u00e1 susedsk\u00e1 pomoc<\/p><\/li><li><p><strong>Kr\u00e1tke soci\u00e1lne siete<\/strong> (\"ka\u017ed\u00fd pozn\u00e1 ka\u017ed\u00e9ho\")<\/p><\/li><li><p><strong>Siln\u00e1 miestna s\u00fadr\u017enos\u0165<\/strong> ako z\u00e1klad pre projekty spolupr\u00e1ce<\/p><\/li><li><p><strong>Solid\u00e1rne po\u013enohospod\u00e1rstvo<\/strong> u\u017e k dispoz\u00edcii ako v\u00fdchodiskov\u00fd bod<\/p><\/li><\/ul><p>Dokument opisuje <strong>Permakult\u00fara a solid\u00e1rne po\u013enohospod\u00e1rstvo<\/strong> u\u017e existuje vo vidieckych komunit\u00e1ch.<\/p><h2>Faktory \u00faspe\u0161nosti implement\u00e1cie Gradido<\/h2><h3>Kritick\u00e9 faktory \u00faspechu (v porad\u00ed pod\u013ea d\u00f4le\u017eitosti)<\/h3><p><strong>1. starosta ako podporovate\u013e<\/strong> (D\u00f4le\u017eitos\u0165: 9\/10)<\/p><ul data-tight=\"true\"><li><p><strong>Dostupnos\u0165: Rare<\/strong> - Toto je najd\u00f4le\u017eitej\u0161\u00ed, ale naj\u0165a\u017e\u0161\u00ed faktor<\/p><\/li><li><p>Starostovia musia kona\u0165 ako <strong>\"Opatrovate\u013e\"<\/strong> a vizion\u00e1ri (ako \"starosta Miteinand\" v dokumente)<\/p><\/li><li><p>Po\u017eadovan\u00e9 <strong>politick\u00e1 odvaha<\/strong> pre inovat\u00edvne experimenty<\/p><\/li><\/ul><p><strong>2. zvl\u00e1dnute\u013en\u00e1 ve\u013ekos\u0165 komunity<\/strong> (D\u00f4le\u017eitos\u0165: 9\/10)<\/p><ul data-tight=\"true\"><li><p><strong>Dostupnos\u0165: vysok\u00e1<\/strong> - Mnoh\u00e9 mal\u00e9 obce v Nemecku<\/p><\/li><li><p>Umo\u017e\u0148uje <strong>Osobn\u00e9 vz\u0165ahy<\/strong> a <strong>Priama komunik\u00e1cia<\/strong><\/p><\/li><\/ul><p><strong>3. existuj\u00face dobrovo\u013en\u00edcke \u0161trukt\u00fary<\/strong> (D\u00f4le\u017eitos\u0165: 8\/10)<\/p><ul data-tight=\"true\"><li><p><strong>Dostupnos\u0165: vysok\u00e1<\/strong> - Nemecko m\u00e1 siln\u00fa klubov\u00fa kult\u00faru<\/p><\/li><li><p>28,8 mili\u00f3na \u013eud\u00ed vykon\u00e1va dobrovo\u013en\u00edcku pr\u00e1cu<a href=\"https:\/\/www.staedtetag.de\/positionen\/beschluesse\/2025\/241-hauptausschuss-kommunale-finanzkrise\">^8<\/a><\/p><\/li><li><p>Hasi\u010di, \u0161portov\u00e9 kluby, susedsk\u00e1 pomoc ako <strong>Kotviace body<\/strong><\/p><\/li><\/ul><p><strong>4. finan\u010dn\u00e9 \u0165a\u017ekosti obce<\/strong> (D\u00f4le\u017eitos\u0165: 8\/10)<\/p><ul data-tight=\"true\"><li><p><strong>Dostupnos\u0165: Ve\u013emi vysok\u00e1<\/strong> - 85% dotknut\u00fdch obc\u00ed<a href=\"#\">^1<\/a><\/p><\/li><li><p>Vytv\u00e1ra <strong>Tlak na inov\u00e1cie<\/strong> a <strong>Ochota experimentova\u0165<\/strong><\/p><\/li><\/ul><h3>Prek\u00e1\u017eky a rizik\u00e1<\/h3><p><strong>Hlavn\u00e9 prek\u00e1\u017eky:<\/strong><\/p><ol data-tight=\"true\"><li><p><strong>Pr\u00e1vna neistota<\/strong>Obecn\u00e9 pr\u00e1vo, rozpo\u010dtov\u00e9 pr\u00e1vo, da\u0148ov\u00e9 pr\u00e1vo<\/p><\/li><li><p><strong>Byrokratick\u00e1 zotrva\u010dnos\u0165<\/strong>\"Takto sme to robili v\u017edy\"<\/p><\/li><li><p><strong>Averzia vo\u010di politick\u00e9mu riziku<\/strong>: Strach z ne\u00faspechu a volebnej por\u00e1\u017eky<\/p><\/li><li><p><strong>Zlo\u017eitos\u0165 feder\u00e1lneho syst\u00e9mu<\/strong>: R\u00f4zne komun\u00e1lne z\u00e1konn\u00edky spolkov\u00fdch kraj\u00edn<\/p><\/li><li><p><strong>Odolnos\u0165 lobby<\/strong>etablovan\u00e9 z\u00e1ujmov\u00e9 skupiny (banky, ve\u013ek\u00e9 obchodn\u00e9 spolo\u010dnosti)<\/p><\/li><\/ol><p><strong>Rizik\u00e1:<\/strong><\/p><ul data-tight=\"true\"><li><p><strong>Ne\u00faspech pilotn\u00e9ho projektu<\/strong> diskredituje cel\u00fd koncept<\/p><\/li><li><p><strong>Pozornos\u0165 m\u00e9di\u00ed<\/strong> m\u00f4\u017ee vies\u0165 k politick\u00e9mu tlaku<\/p><\/li><li><p><strong>Pr\u00e1vne v\u00fdzvy<\/strong> konkurentmi alebo dozorn\u00fdmi org\u00e1nmi<\/p><\/li><\/ul><h2>Konkr\u00e9tne odpor\u00fa\u010dania pre opatrenia<\/h2><h3>F\u00e1za 1: Strategick\u00e1 pr\u00edprava (6-12 mesiacov)<\/h3><p><strong>1. pr\u00e1vna ochrana<\/strong><\/p><ul data-tight=\"true\"><li><p><strong>Pr\u00e1vny n\u00e1zor<\/strong> o Gradido v nemeckom komun\u00e1lnom pr\u00e1ve<\/p><\/li><li><p><strong>Modely spolupr\u00e1ce<\/strong> rozv\u00edja\u0165 sa so zaveden\u00fdmi \u0161trukt\u00farami (dru\u017estv\u00e1, zdru\u017eenia).<\/p><\/li><li><p><strong>Pilotn\u00fd pr\u00e1vny r\u00e1mec<\/strong> Rokovania s ministerstvami na \u0161t\u00e1tnej \u00farovni<\/p><\/li><\/ul><p><strong>2. vedeck\u00e1 legitimiz\u00e1cia<\/strong><\/p><ul data-tight=\"true\"><li><p><strong>Spolupr\u00e1ca s univerzitami<\/strong> na sprievodn\u00e9 hodnotenie<\/p><\/li><li><p><strong>\u0160t\u00fadia uskuto\u010dnite\u013enosti<\/strong> renomovan\u00fdmi in\u0161tit\u00faciami (Bertelsmannova nad\u00e1cia at\u010f.)<\/p><\/li><li><p><strong>Referen\u010dn\u00e9 projekty<\/strong> dokument z in\u00fdch kraj\u00edn<\/p><\/li><\/ul><p><strong>3. mapovanie zainteresovan\u00fdch str\u00e1n<\/strong><\/p><ul data-tight=\"true\"><li><p><strong>Progres\u00edvni starostovia<\/strong> v \u0161truktur\u00e1lne slab\u00fdch oblastiach<\/p><\/li><li><p><strong>Zdru\u017eenia obc\u00ed<\/strong> ako multiplik\u00e1tory<\/p><\/li><li><p><strong>Dobrovo\u013en\u00edcke organiz\u00e1cie<\/strong> Vybudujte sa ako partner<\/p><\/li><\/ul><h3>F\u00e1za 2: Pilotn\u00e9 z\u00edskavanie partnerov (3-6 mesiacov)<\/h3><p><strong>Cielen\u00fd pr\u00edstup pod\u013ea prior\u00edt:<\/strong><\/p><p><strong>1. priorita A: obce v n\u00fadzi<\/strong><\/p><ul data-tight=\"true\"><li><p><strong>Mimoriadne rozpo\u010dtov\u00e9 situ\u00e1cie - obce<\/strong> Adresa priamo<\/p><\/li><li><p><strong>Argumenta\u010dn\u00e1 l\u00ednia<\/strong>\"Gradido ako doplnok k renov\u00e1cii\"<\/p><\/li><li><p><strong>Ponuka spolupr\u00e1ce<\/strong>Kompletn\u00e9 vedeck\u00e9 monitorovanie a pr\u00e1vna ochrana<\/p><\/li><\/ul><p><strong>2. priorita B: Inovat\u00edvne mal\u00e9 mest\u00e1<\/strong><\/p><ul data-tight=\"true\"><li><p><strong>\u00da\u010dastn\u00edci projektu Smart City<\/strong> feder\u00e1lneho financovania<\/p><\/li><li><p><strong>V\u00ed\u0165az ocenenia za udr\u017eate\u013enos\u0165<\/strong> kontakt (napr. v\u00ed\u0165azi Nemeckej ceny za udr\u017eate\u013enos\u0165)<\/p><\/li><li><p><strong>Zd\u00f4vodnenie<\/strong>Gradido ako \"\u010fal\u0161\u00ed v\u00fdvojov\u00fd krok\" inteligentn\u00e9ho mesta<\/p><\/li><\/ul><p><strong>3. priorita C: anga\u017eovan\u00e9 vidiecke komunity<\/strong><\/p><ul data-tight=\"true\"><li><p><strong>V\u00ed\u0165az ceny za obnovu dediny<\/strong> a <strong>N\u00e1rodn\u00e1 s\u00fa\u0165a\u017e Na\u0161a dedina<\/strong> \u00da\u010dastn\u00edci<\/p><\/li><li><p><strong>Miesta solid\u00e1rneho po\u013enohospod\u00e1rstva<\/strong> ako v\u00fdchodiskov\u00e9 body<\/p><\/li><\/ul><h3>F\u00e1za 3: N\u00e1vrh pilotn\u00e9ho projektu (2-4 mesiace)<\/h3><p><strong>Strat\u00e9gia postupn\u00e9ho zav\u00e1dzania:<\/strong><\/p><p><strong>\u00darove\u0148 1: \u010cestn\u00e9 Gradido (3 mesiace)<\/strong><\/p><ul data-tight=\"true\"><li><p>Za\u010dnite s <strong>Vyznamen\u00e1vanie dobrovo\u013en\u00edkov<\/strong> (20 Gradido\/hodina ako v dokumente)<\/p><\/li><li><p><strong>Hasi\u010di, THW, \u0161portov\u00e9 kluby<\/strong> ako prv\u00ed \u00fa\u010dastn\u00edci<\/p><\/li><li><p><strong>Kaviarne Gradido<\/strong> pre n\u00edzkoprahov\u00e9 akcepta\u010dn\u00e9 body<\/p><\/li><\/ul><p><strong>\u00darove\u0148 2: Miestne hospod\u00e1rstvo (6 mesiacov)<\/strong><\/p><ul data-tight=\"true\"><li><p><strong>Dobrovo\u013en\u00e1 \u00fa\u010das\u0165<\/strong> miestne obchody<\/p><\/li><li><p><strong>3% Z\u013eava<\/strong> pri v\u00fdmene Euro\u2192Gradido (osved\u010den\u00fd model)<\/p><\/li><li><p><strong>Dni Gradido<\/strong> ako v pr\u00edklade s pizzeriou<\/p><\/li><\/ul><p><strong>F\u00e1za 3: Miestna integr\u00e1cia (12 mesiacov)<\/strong><\/p><ul data-tight=\"true\"><li><p><strong>Obecn\u00e9 dot\u00e1cie<\/strong> v\u00fdstup v syst\u00e9me Gradido<\/p><\/li><li><p><strong>Projekty Spolo\u010denstva<\/strong> ako realizova\u0165 v\u00fdrobu obuvi<\/p><\/li><li><p><strong>\u00dapln\u00e9 uzavretie cyklu<\/strong><\/p><\/li><\/ul><h3>F\u00e1za 4: Profesion\u00e1lna komunik\u00e1cia<\/h3><p><strong>Intern\u00e1 komunik\u00e1cia:<\/strong><\/p><ul data-tight=\"true\"><li><p><strong>Administrat\u00edvna odborn\u00e1 pr\u00edprava<\/strong> pre v\u0161etk\u00fdch z\u00fa\u010dastnen\u00fdch zamestnancov<\/p><\/li><li><p><strong>Stretnutia ob\u010danov<\/strong> s transparentn\u00fdmi inform\u00e1ciami<\/p><\/li><li><p><strong>Nepretr\u017eit\u00fd dial\u00f3g<\/strong> so skeptikmi<\/p><\/li><\/ul><p><strong>Extern\u00e1 komunik\u00e1cia:<\/strong><\/p><ul data-tight=\"true\"><li><p><strong>Spolupr\u00e1ca s m\u00e9diami<\/strong> s miestnymi novinami\/r\u00e1diom<\/p><\/li><li><p><strong>Vedeck\u00e9 publik\u00e1cie<\/strong> na legitimiz\u00e1ciu<\/p><\/li><li><p><strong>V\u00fdmena osved\u010den\u00fdch postupov<\/strong> medzi pilotn\u00fdmi obcami<\/p><\/li><\/ul><p><strong>Predch\u00e1dzanie kr\u00edzam:<\/strong><\/p><ul data-tight=\"true\"><li><p><strong>N\u00fadzov\u00e9 pl\u00e1ny<\/strong> pri pr\u00e1vnych alebo medi\u00e1lnych probl\u00e9moch<\/p><\/li><li><p><strong>Scen\u00e1re odchodu<\/strong> ak pilotn\u00fd projekt zlyh\u00e1<\/p><\/li><li><p><strong>Pravideln\u00e9 informovanie o \u00faspechoch<\/strong> v\u0161etk\u00fdm zainteresovan\u00fdm stran\u00e1m<\/p><\/li><\/ul><h2>Z\u00e1ver a priorita opatren\u00ed<\/h2><p>Priamy pr\u00edstup nemeck\u00fdch miest k pilotn\u00fdm projektom Gradido je nielen <strong>rozumn\u00e9, ale strategicky optim\u00e1lne na\u010dasovanie<\/strong>. Historicky bezprecedentn\u00e1 finan\u010dn\u00e1 kr\u00edza obc\u00ed vytv\u00e1ra <strong>Jedine\u010dn\u00e9 otv\u00e1racie okno<\/strong> pre syst\u00e9mov\u00e9 inov\u00e1cie.<\/p><p><strong>Najvy\u0161\u0161ie \u0161ance na \u00faspech<\/strong> maj\u00fa:<\/p><ol data-tight=\"true\"><li><p><strong>Mal\u00e9 \u0161truktur\u00e1lne slab\u00e9 obce<\/strong> (500-5 000 p.n.l.) vo v\u00fdchodnom Nemecku<\/p><\/li><li><p><strong>Inovat\u00edvne mal\u00e9 mest\u00e1<\/strong> (5 000-15 000 obyvate\u013eov) s otvoren\u00fdmi starostami<\/p><\/li><li><p><strong>Vidiecke komunity<\/strong> so silnou trad\u00edciou dobrovo\u013en\u00edctva a miestnej identity<\/p><\/li><\/ol><p><strong>Kritick\u00fd faktor \u00faspechu<\/strong> je <strong>Kvalita pr\u00edpravy<\/strong>Pr\u00e1vna istota, vedeck\u00e9 monitorovanie a politick\u00e1 podpora s\u00fa nevyhnutn\u00e9. A <strong>Ne\u00faspe\u0161n\u00fd pilotn\u00fd projekt<\/strong> by na dlh\u00e9 roky zdiskreditoval cel\u00fd koncept Gradido.<\/p><p><strong>Odpor\u00fa\u010danie<\/strong>: Za\u010dnite s <strong>2-3 starostlivo vybran\u00e9 pilotn\u00e9 komunity<\/strong>ktor\u00e9 sp\u013a\u0148aj\u00fa v\u0161etky kritick\u00e9 faktory \u00faspechu. Ob\u013e\u00faben\u00fd scen\u00e1r mesta je <strong>Re\u00e1lne uskuto\u010dnite\u013en\u00e9<\/strong>ak s\u00fa vhodn\u00e9 r\u00e1mcov\u00e9 podmienky. Nastal \u010das na transforma\u010dn\u00e9 experimenty v obciach <strong>teraz<\/strong>.<\/p><p>\u00a0<\/p><\/div><\/div>\t\t\t\t\t\t\t\t<\/div>\n\t\t\t\t<\/div>\n\t\t\t\t\t<\/div>\n\t\t<\/div>\n\t\t\t\t\t<\/div>\n\t\t<\/section>\n\t\t\t\t<\/div>","protected":false},"excerpt":{"rendered":"<p>Pilotprojekte in deutschen St\u00e4dten Hauptseite: Deutschland Vision-2032-DE \u2013 Wie Gradido Deutschland transformierteErg\u00e4nzende Einsch\u00e4tzung aus Gradido-PerspektivePilotprojekte in deutschen St\u00e4dten Die Inhalte spiegeln die Recherche- und Analyseergebnisse von Perplexity wider und stellen keine Meinungs\u00e4u\u00dferung von Gradido dar. Sie dienen der Information und als Impuls zur weiteren Diskussion. Gradido-Pilotprojekte in deutschen St\u00e4dten: Wissenschaftliche Bewertung und Handlungsempfehlungen Sinnhaftigkeit der [&hellip;]<\/p>\n","protected":false},"author":2,"featured_media":10458,"parent":11280,"menu_order":0,"comment_status":"closed","ping_status":"closed","template":"","meta":{"footnotes":""},"class_list":["post-11335","page","type-page","status-publish","has-post-thumbnail","hentry"],"yoast_head":"<!-- This site is optimized with the Yoast SEO plugin v27.4 - https:\/\/yoast.com\/product\/yoast-seo-wordpress\/ -->\n<title>Deutschland: Pilotprojekte in deutschen St\u00e4dten - Gradido<\/title>\n<meta name=\"description\" content=\"Sei Teil der Bewegung!Gemeinsam bringen wir Gradido in die Welt.\" \/>\n<meta name=\"robots\" content=\"index, follow, max-snippet:-1, max-image-preview:large, max-video-preview:-1\" \/>\n<link rel=\"canonical\" href=\"https:\/\/gradido.net\/sk\/countries\/germany\/pilot-projects-in-german-cities\/\" \/>\n<meta property=\"og:locale\" content=\"sk_SK\" \/>\n<meta property=\"og:type\" content=\"article\" \/>\n<meta property=\"og:title\" content=\"Deutschland: Pilotprojekte in deutschen St\u00e4dten - Gradido\" \/>\n<meta property=\"og:description\" content=\"Sei Teil der Bewegung!Gemeinsam bringen wir Gradido in die Welt.\" \/>\n<meta property=\"og:url\" content=\"https:\/\/gradido.net\/sk\/countries\/germany\/pilot-projects-in-german-cities\/\" \/>\n<meta property=\"og:site_name\" content=\"Gradido\" \/>\n<meta property=\"article:modified_time\" content=\"2025-11-09T18:33:20+00:00\" \/>\n<meta property=\"og:image\" content=\"https:\/\/gradido.net\/wp-content\/uploads\/2025\/07\/AdobeStock_3210827871-scaled.jpeg\" \/>\n\t<meta property=\"og:image:width\" content=\"2560\" \/>\n\t<meta property=\"og:image:height\" content=\"790\" \/>\n\t<meta property=\"og:image:type\" content=\"image\/jpeg\" \/>\n<meta name=\"twitter:card\" content=\"summary_large_image\" \/>\n<meta name=\"twitter:label1\" content=\"Predpokladan\u00fd \u010das \u010d\u00edtania\" \/>\n\t<meta name=\"twitter:data1\" content=\"6 min\u00fat\" \/>\n<script type=\"application\/ld+json\" class=\"yoast-schema-graph\">{\"@context\":\"https:\\\/\\\/schema.org\",\"@graph\":[{\"@type\":\"WebPage\",\"@id\":\"https:\\\/\\\/gradido.net\\\/countries\\\/germany\\\/pilot-projects-in-german-cities\\\/\",\"url\":\"https:\\\/\\\/gradido.net\\\/countries\\\/germany\\\/pilot-projects-in-german-cities\\\/\",\"name\":\"Deutschland: Pilotprojekte in deutschen St\u00e4dten - Gradido\",\"isPartOf\":{\"@id\":\"https:\\\/\\\/gradido.net\\\/de\\\/#website\"},\"primaryImageOfPage\":{\"@id\":\"https:\\\/\\\/gradido.net\\\/countries\\\/germany\\\/pilot-projects-in-german-cities\\\/#primaryimage\"},\"image\":{\"@id\":\"https:\\\/\\\/gradido.net\\\/countries\\\/germany\\\/pilot-projects-in-german-cities\\\/#primaryimage\"},\"thumbnailUrl\":\"https:\\\/\\\/gradido.net\\\/wp-content\\\/uploads\\\/2025\\\/07\\\/AdobeStock_3210827871-scaled.jpeg\",\"datePublished\":\"2025-08-15T11:52:57+00:00\",\"dateModified\":\"2025-11-09T18:33:20+00:00\",\"description\":\"Sei Teil der Bewegung!Gemeinsam bringen wir Gradido in die Welt.\",\"breadcrumb\":{\"@id\":\"https:\\\/\\\/gradido.net\\\/countries\\\/germany\\\/pilot-projects-in-german-cities\\\/#breadcrumb\"},\"inLanguage\":\"sk-SK\",\"potentialAction\":[{\"@type\":\"ReadAction\",\"target\":[\"https:\\\/\\\/gradido.net\\\/countries\\\/germany\\\/pilot-projects-in-german-cities\\\/\"]}]},{\"@type\":\"ImageObject\",\"inLanguage\":\"sk-SK\",\"@id\":\"https:\\\/\\\/gradido.net\\\/countries\\\/germany\\\/pilot-projects-in-german-cities\\\/#primaryimage\",\"url\":\"https:\\\/\\\/gradido.net\\\/wp-content\\\/uploads\\\/2025\\\/07\\\/AdobeStock_3210827871-scaled.jpeg\",\"contentUrl\":\"https:\\\/\\\/gradido.net\\\/wp-content\\\/uploads\\\/2025\\\/07\\\/AdobeStock_3210827871-scaled.jpeg\",\"width\":2560,\"height\":790,\"caption\":\"world globe planet earth 3d-illustration. elements of this image furnished by NASA\"},{\"@type\":\"BreadcrumbList\",\"@id\":\"https:\\\/\\\/gradido.net\\\/countries\\\/germany\\\/pilot-projects-in-german-cities\\\/#breadcrumb\",\"itemListElement\":[{\"@type\":\"ListItem\",\"position\":1,\"name\":\"Startseite\",\"item\":\"https:\\\/\\\/gradido.net\\\/\"},{\"@type\":\"ListItem\",\"position\":2,\"name\":\"L\u00e4nderforschung\",\"item\":\"https:\\\/\\\/gradido.net\\\/countries\\\/\"},{\"@type\":\"ListItem\",\"position\":3,\"name\":\"Deutschland\",\"item\":\"https:\\\/\\\/gradido.net\\\/countries\\\/germany\\\/\"},{\"@type\":\"ListItem\",\"position\":4,\"name\":\"Deutschland: Pilotprojekte in deutschen St\u00e4dten\"}]},{\"@type\":\"WebSite\",\"@id\":\"https:\\\/\\\/gradido.net\\\/de\\\/#website\",\"url\":\"https:\\\/\\\/gradido.net\\\/de\\\/\",\"name\":\"Gradido\",\"description\":\"Die neue W\u00e4hrung hei\u00dft Dankbarkeit\",\"publisher\":{\"@id\":\"https:\\\/\\\/gradido.net\\\/de\\\/#organization\"},\"potentialAction\":[{\"@type\":\"SearchAction\",\"target\":{\"@type\":\"EntryPoint\",\"urlTemplate\":\"https:\\\/\\\/gradido.net\\\/de\\\/?s={search_term_string}\"},\"query-input\":{\"@type\":\"PropertyValueSpecification\",\"valueRequired\":true,\"valueName\":\"search_term_string\"}}],\"inLanguage\":\"sk-SK\"},{\"@type\":\"Organization\",\"@id\":\"https:\\\/\\\/gradido.net\\\/de\\\/#organization\",\"name\":\"Gradido\",\"url\":\"https:\\\/\\\/gradido.net\\\/de\\\/\",\"logo\":{\"@type\":\"ImageObject\",\"inLanguage\":\"sk-SK\",\"@id\":\"https:\\\/\\\/gradido.net\\\/de\\\/#\\\/schema\\\/logo\\\/image\\\/\",\"url\":\"https:\\\/\\\/gradido.net\\\/wp-content\\\/uploads\\\/2022\\\/04\\\/gradido-social.jpg\",\"contentUrl\":\"https:\\\/\\\/gradido.net\\\/wp-content\\\/uploads\\\/2022\\\/04\\\/gradido-social.jpg\",\"width\":527,\"height\":273,\"caption\":\"Gradido\"},\"image\":{\"@id\":\"https:\\\/\\\/gradido.net\\\/de\\\/#\\\/schema\\\/logo\\\/image\\\/\"}}]}<\/script>\n<!-- \/ Yoast SEO plugin. -->","yoast_head_json":{"title":"Nemecko: Pilotn\u00e9 projekty v nemeck\u00fdch mest\u00e1ch - Gradido","description":"Sta\u0148te sa s\u00fa\u010das\u0165ou tohto hnutia! Spolo\u010dne prinesieme Gradido do sveta.","robots":{"index":"index","follow":"follow","max-snippet":"max-snippet:-1","max-image-preview":"max-image-preview:large","max-video-preview":"max-video-preview:-1"},"canonical":"https:\/\/gradido.net\/sk\/countries\/germany\/pilot-projects-in-german-cities\/","og_locale":"sk_SK","og_type":"article","og_title":"Deutschland: Pilotprojekte in deutschen St\u00e4dten - Gradido","og_description":"Sei Teil der Bewegung!Gemeinsam bringen wir Gradido in die Welt.","og_url":"https:\/\/gradido.net\/sk\/countries\/germany\/pilot-projects-in-german-cities\/","og_site_name":"Gradido","article_modified_time":"2025-11-09T18:33:20+00:00","og_image":[{"width":2560,"height":790,"url":"https:\/\/gradido.net\/wp-content\/uploads\/2025\/07\/AdobeStock_3210827871-scaled.jpeg","type":"image\/jpeg"}],"twitter_card":"summary_large_image","twitter_misc":{"Predpokladan\u00fd \u010das \u010d\u00edtania":"6 min\u00fat"},"schema":{"@context":"https:\/\/schema.org","@graph":[{"@type":"WebPage","@id":"https:\/\/gradido.net\/countries\/germany\/pilot-projects-in-german-cities\/","url":"https:\/\/gradido.net\/countries\/germany\/pilot-projects-in-german-cities\/","name":"Nemecko: Pilotn\u00e9 projekty v nemeck\u00fdch mest\u00e1ch - Gradido","isPartOf":{"@id":"https:\/\/gradido.net\/de\/#website"},"primaryImageOfPage":{"@id":"https:\/\/gradido.net\/countries\/germany\/pilot-projects-in-german-cities\/#primaryimage"},"image":{"@id":"https:\/\/gradido.net\/countries\/germany\/pilot-projects-in-german-cities\/#primaryimage"},"thumbnailUrl":"https:\/\/gradido.net\/wp-content\/uploads\/2025\/07\/AdobeStock_3210827871-scaled.jpeg","datePublished":"2025-08-15T11:52:57+00:00","dateModified":"2025-11-09T18:33:20+00:00","description":"Sta\u0148te sa s\u00fa\u010das\u0165ou tohto hnutia! Spolo\u010dne prinesieme Gradido do sveta.","breadcrumb":{"@id":"https:\/\/gradido.net\/countries\/germany\/pilot-projects-in-german-cities\/#breadcrumb"},"inLanguage":"sk-SK","potentialAction":[{"@type":"ReadAction","target":["https:\/\/gradido.net\/countries\/germany\/pilot-projects-in-german-cities\/"]}]},{"@type":"ImageObject","inLanguage":"sk-SK","@id":"https:\/\/gradido.net\/countries\/germany\/pilot-projects-in-german-cities\/#primaryimage","url":"https:\/\/gradido.net\/wp-content\/uploads\/2025\/07\/AdobeStock_3210827871-scaled.jpeg","contentUrl":"https:\/\/gradido.net\/wp-content\/uploads\/2025\/07\/AdobeStock_3210827871-scaled.jpeg","width":2560,"height":790,"caption":"world globe planet earth 3d-illustration. elements of this image furnished by NASA"},{"@type":"BreadcrumbList","@id":"https:\/\/gradido.net\/countries\/germany\/pilot-projects-in-german-cities\/#breadcrumb","itemListElement":[{"@type":"ListItem","position":1,"name":"Startseite","item":"https:\/\/gradido.net\/"},{"@type":"ListItem","position":2,"name":"L\u00e4nderforschung","item":"https:\/\/gradido.net\/countries\/"},{"@type":"ListItem","position":3,"name":"Deutschland","item":"https:\/\/gradido.net\/countries\/germany\/"},{"@type":"ListItem","position":4,"name":"Deutschland: Pilotprojekte in deutschen St\u00e4dten"}]},{"@type":"WebSite","@id":"https:\/\/gradido.net\/de\/#website","url":"https:\/\/gradido.net\/de\/","name":"Gradido","description":"Novou menou je v\u010fa\u010dnos\u0165","publisher":{"@id":"https:\/\/gradido.net\/de\/#organization"},"potentialAction":[{"@type":"SearchAction","target":{"@type":"EntryPoint","urlTemplate":"https:\/\/gradido.net\/de\/?s={search_term_string}"},"query-input":{"@type":"PropertyValueSpecification","valueRequired":true,"valueName":"search_term_string"}}],"inLanguage":"sk-SK"},{"@type":"Organization","@id":"https:\/\/gradido.net\/de\/#organization","name":"Gradido","url":"https:\/\/gradido.net\/de\/","logo":{"@type":"ImageObject","inLanguage":"sk-SK","@id":"https:\/\/gradido.net\/de\/#\/schema\/logo\/image\/","url":"https:\/\/gradido.net\/wp-content\/uploads\/2022\/04\/gradido-social.jpg","contentUrl":"https:\/\/gradido.net\/wp-content\/uploads\/2022\/04\/gradido-social.jpg","width":527,"height":273,"caption":"Gradido"},"image":{"@id":"https:\/\/gradido.net\/de\/#\/schema\/logo\/image\/"}}]}},"_links":{"self":[{"href":"https:\/\/gradido.net\/sk\/wp-json\/wp\/v2\/pages\/11335","targetHints":{"allow":["GET"]}}],"collection":[{"href":"https:\/\/gradido.net\/sk\/wp-json\/wp\/v2\/pages"}],"about":[{"href":"https:\/\/gradido.net\/sk\/wp-json\/wp\/v2\/types\/page"}],"author":[{"embeddable":true,"href":"https:\/\/gradido.net\/sk\/wp-json\/wp\/v2\/users\/2"}],"replies":[{"embeddable":true,"href":"https:\/\/gradido.net\/sk\/wp-json\/wp\/v2\/comments?post=11335"}],"version-history":[{"count":13,"href":"https:\/\/gradido.net\/sk\/wp-json\/wp\/v2\/pages\/11335\/revisions"}],"predecessor-version":[{"id":12536,"href":"https:\/\/gradido.net\/sk\/wp-json\/wp\/v2\/pages\/11335\/revisions\/12536"}],"up":[{"embeddable":true,"href":"https:\/\/gradido.net\/sk\/wp-json\/wp\/v2\/pages\/11280"}],"wp:featuredmedia":[{"embeddable":true,"href":"https:\/\/gradido.net\/sk\/wp-json\/wp\/v2\/media\/10458"}],"wp:attachment":[{"href":"https:\/\/gradido.net\/sk\/wp-json\/wp\/v2\/media?parent=11335"}],"curies":[{"name":"wp","href":"https:\/\/api.w.org\/{rel}","templated":true}]}}