{"id":13614,"date":"2026-04-24T08:24:38","date_gmt":"2026-04-24T06:24:38","guid":{"rendered":"https:\/\/gradido.net\/?page_id=13614"},"modified":"2026-04-24T08:36:55","modified_gmt":"2026-04-24T06:36:55","slug":"community","status":"publish","type":"page","link":"https:\/\/gradido.net\/sl\/blog\/community\/","title":{"rendered":"Skupnost"},"content":{"rendered":"<div data-elementor-type=\"wp-page\" data-elementor-id=\"13614\" class=\"elementor elementor-13614\" data-elementor-post-type=\"page\">\n\t\t\t\t\t\t<section class=\"elementor-section elementor-top-section elementor-element elementor-element-2cac71f elementor-section-full_width elementor-section-height-default elementor-section-height-default\" data-id=\"2cac71f\" data-element_type=\"section\" data-e-type=\"section\">\n\t\t\t\t\t\t<div class=\"elementor-container elementor-column-gap-no\">\n\t\t\t\t\t<div class=\"elementor-column elementor-col-100 elementor-top-column elementor-element elementor-element-cef0c8b\" data-id=\"cef0c8b\" data-element_type=\"column\" data-e-type=\"column\">\n\t\t\t<div class=\"elementor-widget-wrap elementor-element-populated\">\n\t\t\t\t\t\t<div class=\"elementor-element elementor-element-cd0fa05 elementor--h-position-center elementor--v-position-middle elementor-arrows-position-inside elementor-widget elementor-widget-slides\" data-id=\"cd0fa05\" data-element_type=\"widget\" data-e-type=\"widget\" data-settings=\"{&quot;navigation&quot;:&quot;arrows&quot;,&quot;autoplay&quot;:&quot;yes&quot;,&quot;pause_on_hover&quot;:&quot;yes&quot;,&quot;pause_on_interaction&quot;:&quot;yes&quot;,&quot;autoplay_speed&quot;:5000,&quot;infinite&quot;:&quot;yes&quot;,&quot;transition&quot;:&quot;slide&quot;,&quot;transition_speed&quot;:500}\" data-widget_type=\"slides.default\">\n\t\t\t\t<div class=\"elementor-widget-container\">\n\t\t\t\t\t\t\t\t\t<div class=\"elementor-swiper\">\n\t\t\t\t\t<div class=\"elementor-slides-wrapper elementor-main-swiper swiper\" role=\"region\" aria-roledescription=\"carousel\" aria-label=\"Drsnik\" dir=\"ltr\" data-animation=\"fadeInUp\">\n\t\t\t\t<div class=\"swiper-wrapper elementor-slides\">\n\t\t\t\t\t\t\t\t\t\t<div class=\"elementor-repeater-item-2de4990 swiper-slide\" role=\"group\" aria-roledescription=\"slide\"><div class=\"swiper-slide-bg\" role=\"img\" aria-label=\"blog\"><\/div><div class=\"swiper-slide-inner\" ><div class=\"swiper-slide-contents\"><\/div><\/div><\/div>\t\t\t\t<\/div>\n\t\t\t\t\t\t\t<\/div>\n\t\t\t\t<\/div>\n\t\t\t\t\t\t\t\t<\/div>\n\t\t\t\t<\/div>\n\t\t\t\t\t<\/div>\n\t\t<\/div>\n\t\t\t\t\t<\/div>\n\t\t<\/section>\n\t\t\t\t<section class=\"elementor-section elementor-top-section elementor-element elementor-element-cec2a5b elementor-section-boxed elementor-section-height-default elementor-section-height-default\" data-id=\"cec2a5b\" data-element_type=\"section\" data-e-type=\"section\" data-settings=\"{&quot;background_background&quot;:&quot;classic&quot;}\">\n\t\t\t\t\t\t<div class=\"elementor-container elementor-column-gap-default\">\n\t\t\t\t\t<div class=\"elementor-column elementor-col-100 elementor-top-column elementor-element elementor-element-2bca127\" data-id=\"2bca127\" data-element_type=\"column\" data-e-type=\"column\">\n\t\t\t<div class=\"elementor-widget-wrap elementor-element-populated\">\n\t\t\t\t\t\t<div class=\"elementor-element elementor-element-e504e40 elementor-widget elementor-widget-heading\" data-id=\"e504e40\" data-element_type=\"widget\" data-e-type=\"widget\" data-widget_type=\"heading.default\">\n\t\t\t\t<div class=\"elementor-widget-container\">\n\t\t\t\t\t<h1 class=\"elementor-heading-title elementor-size-default\">Skupnost<\/h1>\t\t\t\t<\/div>\n\t\t\t\t<\/div>\n\t\t\t\t\t<\/div>\n\t\t<\/div>\n\t\t\t\t\t<\/div>\n\t\t<\/section>\n\t\t\t\t<section class=\"elementor-section elementor-top-section elementor-element elementor-element-e4f56b5 elementor-section-boxed elementor-section-height-default elementor-section-height-default\" data-id=\"e4f56b5\" data-element_type=\"section\" data-e-type=\"section\">\n\t\t\t\t\t\t<div class=\"elementor-container elementor-column-gap-default\">\n\t\t\t\t\t<div class=\"elementor-column elementor-col-100 elementor-top-column elementor-element elementor-element-93ee9fb\" data-id=\"93ee9fb\" data-element_type=\"column\" data-e-type=\"column\">\n\t\t\t<div class=\"elementor-widget-wrap elementor-element-populated\">\n\t\t\t\t\t\t<div class=\"elementor-element elementor-element-7bbe7d9 elementor-nav-menu--dropdown-tablet elementor-nav-menu__text-align-aside elementor-nav-menu--toggle elementor-nav-menu--burger elementor-widget elementor-widget-nav-menu\" data-id=\"7bbe7d9\" data-element_type=\"widget\" data-e-type=\"widget\" data-settings=\"{&quot;layout&quot;:&quot;horizontal&quot;,&quot;submenu_icon&quot;:{&quot;value&quot;:&quot;&lt;i class=\\&quot;fas fa-caret-down\\&quot; aria-hidden=\\&quot;true\\&quot;&gt;&lt;\\\/i&gt;&quot;,&quot;library&quot;:&quot;fa-solid&quot;},&quot;toggle&quot;:&quot;burger&quot;}\" data-widget_type=\"nav-menu.default\">\n\t\t\t\t<div class=\"elementor-widget-container\">\n\t\t\t\t\t\t\t\t<nav aria-label=\"Meni\" class=\"elementor-nav-menu--main elementor-nav-menu__container elementor-nav-menu--layout-horizontal e--pointer-underline e--animation-fade\">\n\t\t\t\t<ul id=\"menu-1-7bbe7d9\" class=\"elementor-nav-menu\"><li class=\"menu-item menu-item-type-post_type menu-item-object-page menu-item-13532\"><a href=\"https:\/\/gradido.net\/sl\/blog\/\" class=\"elementor-item\">Vse kategorije<\/a><\/li>\n<li class=\"menu-item menu-item-type-post_type menu-item-object-page menu-item-13515\"><a href=\"https:\/\/gradido.net\/sl\/blog\/analysen\/\" class=\"elementor-item\">Analize<\/a><\/li>\n<li class=\"menu-item menu-item-type-post_type menu-item-object-page menu-item-13559\"><a href=\"https:\/\/gradido.net\/sl\/blog\/lieblingsstadt\/\" class=\"elementor-item\">Najljub\u0161e mesto<\/a><\/li>\n<li class=\"menu-item menu-item-type-post_type menu-item-object-page menu-item-13641\"><a href=\"https:\/\/gradido.net\/sl\/blog\/community\/\" class=\"elementor-item\">Skupnost<\/a><\/li>\n<li class=\"menu-item menu-item-type-post_type menu-item-object-page menu-item-13639\"><a href=\"https:\/\/gradido.net\/sl\/blog\/psychologie\/\" class=\"elementor-item\">Psihologija<\/a><\/li>\n<li class=\"menu-item menu-item-type-post_type menu-item-object-page menu-item-13640\"><a href=\"https:\/\/gradido.net\/sl\/blog\/gradido-konto\/\" class=\"elementor-item\">Ra\u010dun Gradido<\/a><\/li>\n<\/ul>\t\t\t<\/nav>\n\t\t\t\t\t<div class=\"elementor-menu-toggle\" role=\"button\" tabindex=\"0\" aria-label=\"Meni Toggle\" aria-expanded=\"false\">\n\t\t\t<i aria-hidden=\"true\" role=\"presentation\" class=\"elementor-menu-toggle__icon--open eicon-menu-bar\"><\/i><i aria-hidden=\"true\" role=\"presentation\" class=\"elementor-menu-toggle__icon--close eicon-close\"><\/i>\t\t<\/div>\n\t\t\t\t\t<nav class=\"elementor-nav-menu--dropdown elementor-nav-menu__container\" aria-hidden=\"true\">\n\t\t\t\t<ul id=\"menu-2-7bbe7d9\" class=\"elementor-nav-menu\"><li class=\"menu-item menu-item-type-post_type menu-item-object-page menu-item-13532\"><a href=\"https:\/\/gradido.net\/sl\/blog\/\" class=\"elementor-item\" tabindex=\"-1\">Vse kategorije<\/a><\/li>\n<li class=\"menu-item menu-item-type-post_type menu-item-object-page menu-item-13515\"><a href=\"https:\/\/gradido.net\/sl\/blog\/analysen\/\" class=\"elementor-item\" tabindex=\"-1\">Analize<\/a><\/li>\n<li class=\"menu-item menu-item-type-post_type menu-item-object-page menu-item-13559\"><a href=\"https:\/\/gradido.net\/sl\/blog\/lieblingsstadt\/\" class=\"elementor-item\" tabindex=\"-1\">Najljub\u0161e mesto<\/a><\/li>\n<li class=\"menu-item menu-item-type-post_type menu-item-object-page menu-item-13641\"><a href=\"https:\/\/gradido.net\/sl\/blog\/community\/\" class=\"elementor-item\" tabindex=\"-1\">Skupnost<\/a><\/li>\n<li class=\"menu-item menu-item-type-post_type menu-item-object-page menu-item-13639\"><a href=\"https:\/\/gradido.net\/sl\/blog\/psychologie\/\" class=\"elementor-item\" tabindex=\"-1\">Psihologija<\/a><\/li>\n<li class=\"menu-item menu-item-type-post_type menu-item-object-page menu-item-13640\"><a href=\"https:\/\/gradido.net\/sl\/blog\/gradido-konto\/\" class=\"elementor-item\" tabindex=\"-1\">Ra\u010dun Gradido<\/a><\/li>\n<\/ul>\t\t\t<\/nav>\n\t\t\t\t\t\t<\/div>\n\t\t\t\t<\/div>\n\t\t\t\t<div class=\"elementor-element elementor-element-1c7d36d elementor-grid-tablet-3 elementor-grid-3 elementor-grid-mobile-1 elementor-posts--thumbnail-top elementor-posts__hover-gradient elementor-widget elementor-widget-posts\" data-id=\"1c7d36d\" data-element_type=\"widget\" data-e-type=\"widget\" data-settings=\"{&quot;cards_columns_tablet&quot;:&quot;3&quot;,&quot;cards_columns&quot;:&quot;3&quot;,&quot;cards_columns_mobile&quot;:&quot;1&quot;,&quot;cards_row_gap&quot;:{&quot;unit&quot;:&quot;px&quot;,&quot;size&quot;:35,&quot;sizes&quot;:[]},&quot;cards_row_gap_tablet&quot;:{&quot;unit&quot;:&quot;px&quot;,&quot;size&quot;:&quot;&quot;,&quot;sizes&quot;:[]},&quot;cards_row_gap_mobile&quot;:{&quot;unit&quot;:&quot;px&quot;,&quot;size&quot;:&quot;&quot;,&quot;sizes&quot;:[]}}\" data-widget_type=\"posts.cards\">\n\t\t\t\t<div class=\"elementor-widget-container\">\n\t\t\t\t\t\t\t<div class=\"elementor-posts-container elementor-posts elementor-posts--skin-cards elementor-grid\" role=\"list\">\n\t\t\t\t<article class=\"elementor-post elementor-grid-item post-12352 post type-post status-publish format-standard has-post-thumbnail hentry category-blog category-community\" role=\"listitem\">\n\t\t\t<div class=\"elementor-post__card\">\n\t\t\t\t<a class=\"elementor-post__thumbnail__link\" href=\"https:\/\/gradido.net\/sl\/mutmacher-stefan-nathan\/\" tabindex=\"-1\" ><div class=\"elementor-post__thumbnail\"><img fetchpriority=\"high\" decoding=\"async\" width=\"800\" height=\"450\" src=\"https:\/\/gradido.net\/wp-content\/uploads\/2025\/10\/Stefan_Nathan_Lange-1024x576.jpg\" class=\"attachment-large size-large wp-image-12354\" alt=\"\" srcset=\"https:\/\/gradido.net\/wp-content\/uploads\/2025\/10\/Stefan_Nathan_Lange-1024x576.jpg 1024w, https:\/\/gradido.net\/wp-content\/uploads\/2025\/10\/Stefan_Nathan_Lange-300x169.jpg 300w, https:\/\/gradido.net\/wp-content\/uploads\/2025\/10\/Stefan_Nathan_Lange-768x432.jpg 768w, https:\/\/gradido.net\/wp-content\/uploads\/2025\/10\/Stefan_Nathan_Lange-1536x864.jpg 1536w, https:\/\/gradido.net\/wp-content\/uploads\/2025\/10\/Stefan_Nathan_Lange-18x10.jpg 18w, https:\/\/gradido.net\/wp-content\/uploads\/2025\/10\/Stefan_Nathan_Lange.jpg 1920w\" sizes=\"(max-width: 800px) 100vw, 800px\" \/><\/div><\/a>\n\t\t\t\t<div class=\"elementor-post__text\">\n\t\t\t\t<h3 class=\"elementor-post__title\">\n\t\t\t<a href=\"https:\/\/gradido.net\/sl\/mutmacher-stefan-nathan\/\" >\n\t\t\t\tNa poti v svet brez denarja je Gradido\t\t\t<\/a>\n\t\t<\/h3>\n\t\t\t\t<div class=\"elementor-post__excerpt\">\n\t\t\t<p>Gradido je najbolj\u0161a prilo\u017enost, ki sem jo do zdaj na\u0161el, da naredim velik korak naprej na tej poti. In zato sodelujem tukaj!<\/p>\n\t\t<\/div>\n\t\t\n\t\t<a class=\"elementor-post__read-more\" href=\"https:\/\/gradido.net\/sl\/mutmacher-stefan-nathan\/\" aria-label=\"Preberi ve\u010d o Na poti v svet brez denarja je Gradido\" tabindex=\"-1\" >\n\t\t\tPreberi ve\u010d\t\t<\/a>\n\n\t\t\t\t<\/div>\n\t\t\t\t<div class=\"elementor-post__meta-data\">\n\t\t\t\t\t<span class=\"elementor-post-date\">\n\t\t\t26 octobre 2025\t\t<\/span>\n\t\t\t\t<\/div>\n\t\t\t\t\t<\/div>\n\t\t<\/article>\n\t\t\t\t<article class=\"elementor-post elementor-grid-item post-12183 post type-post status-publish format-standard has-post-thumbnail hentry category-blog category-community\" role=\"listitem\">\n\t\t\t<div class=\"elementor-post__card\">\n\t\t\t\t<a class=\"elementor-post__thumbnail__link\" href=\"https:\/\/gradido.net\/sl\/mutmacher-konrad\/\" tabindex=\"-1\" ><div class=\"elementor-post__thumbnail\"><img decoding=\"async\" width=\"800\" height=\"450\" src=\"https:\/\/gradido.net\/wp-content\/uploads\/2025\/10\/Konrad_Funk-1024x576.jpg\" class=\"attachment-large size-large wp-image-12185\" alt=\"\" srcset=\"https:\/\/gradido.net\/wp-content\/uploads\/2025\/10\/Konrad_Funk-1024x576.jpg 1024w, https:\/\/gradido.net\/wp-content\/uploads\/2025\/10\/Konrad_Funk-300x169.jpg 300w, https:\/\/gradido.net\/wp-content\/uploads\/2025\/10\/Konrad_Funk-768x432.jpg 768w, https:\/\/gradido.net\/wp-content\/uploads\/2025\/10\/Konrad_Funk-1536x864.jpg 1536w, https:\/\/gradido.net\/wp-content\/uploads\/2025\/10\/Konrad_Funk-18x10.jpg 18w, https:\/\/gradido.net\/wp-content\/uploads\/2025\/10\/Konrad_Funk.jpg 1920w\" sizes=\"(max-width: 800px) 100vw, 800px\" \/><\/div><\/a>\n\t\t\t\t<div class=\"elementor-post__text\">\n\t\t\t\t<h3 class=\"elementor-post__title\">\n\t\t\t<a href=\"https:\/\/gradido.net\/sl\/mutmacher-konrad\/\" >\n\t\t\t\tThaler, thaler, mora\u0161 se sprehajati - z ene roke na drugo\t\t\t<\/a>\n\t\t<\/h3>\n\t\t\t\t<div class=\"elementor-post__excerpt\">\n\t\t\t<p>Gradivo je mogo\u010de ustvariti in prenesti naprej, na voljo je v izobilju, vendar zaradi svoje minljivosti ni inflacijsko. To obilje se lahko prelije v na\u0161e najve\u010dje darilo: na\u0161e sr\u010dno polje.<\/p>\n\t\t<\/div>\n\t\t\n\t\t<a class=\"elementor-post__read-more\" href=\"https:\/\/gradido.net\/sl\/mutmacher-konrad\/\" aria-label=\"Preberi ve\u010d o Thaler, thaler, mora\u0161 se sprehajati - iz ene roke v drugo\" tabindex=\"-1\" >\n\t\t\tPreberi ve\u010d\t\t<\/a>\n\n\t\t\t\t<\/div>\n\t\t\t\t<div class=\"elementor-post__meta-data\">\n\t\t\t\t\t<span class=\"elementor-post-date\">\n\t\t\t13. octobra 2025\t\t<\/span>\n\t\t\t\t<\/div>\n\t\t\t\t\t<\/div>\n\t\t<\/article>\n\t\t\t\t<article class=\"elementor-post elementor-grid-item post-12082 post type-post status-publish format-standard has-post-thumbnail hentry category-blog category-community\" role=\"listitem\">\n\t\t\t<div class=\"elementor-post__card\">\n\t\t\t\t<a class=\"elementor-post__thumbnail__link\" href=\"https:\/\/gradido.net\/sl\/mutmacher-hartmut\/\" tabindex=\"-1\" ><div class=\"elementor-post__thumbnail\"><img decoding=\"async\" width=\"800\" height=\"450\" src=\"https:\/\/gradido.net\/wp-content\/uploads\/2025\/10\/Hartmut_Zipperlen-1024x576.jpg\" class=\"attachment-large size-large wp-image-12084\" alt=\"\" srcset=\"https:\/\/gradido.net\/wp-content\/uploads\/2025\/10\/Hartmut_Zipperlen-1024x576.jpg 1024w, https:\/\/gradido.net\/wp-content\/uploads\/2025\/10\/Hartmut_Zipperlen-300x169.jpg 300w, https:\/\/gradido.net\/wp-content\/uploads\/2025\/10\/Hartmut_Zipperlen-768x432.jpg 768w, https:\/\/gradido.net\/wp-content\/uploads\/2025\/10\/Hartmut_Zipperlen-18x10.jpg 18w, https:\/\/gradido.net\/wp-content\/uploads\/2025\/10\/Hartmut_Zipperlen.jpg 1280w\" sizes=\"(max-width: 800px) 100vw, 800px\" \/><\/div><\/a>\n\t\t\t\t<div class=\"elementor-post__text\">\n\t\t\t\t<h3 class=\"elementor-post__title\">\n\t\t\t<a href=\"https:\/\/gradido.net\/sl\/mutmacher-hartmut\/\" >\n\t\t\t\tIdealne vrednosti kot valuta\t\t\t<\/a>\n\t\t<\/h3>\n\t\t\t\t<div class=\"elementor-post__excerpt\">\n\t\t\t<p>Nova zemlja ne bo nastala zaradi zunanje sile. \u010clove\u0161tvo je odgovorno za Gajo in mora samo poskrbeti za spremembe. Hvale\u017een sem, da se vse ve\u010d ljudi zavzema za ta cilj v ljubezni in spo\u0161tovanju ve\u010dnih naravnih zakonov.<\/p>\n\t\t<\/div>\n\t\t\n\t\t<a class=\"elementor-post__read-more\" href=\"https:\/\/gradido.net\/sl\/mutmacher-hartmut\/\" aria-label=\"Preberi ve\u010d o idealnih vrednotah kot valuti\" tabindex=\"-1\" >\n\t\t\tPreberi ve\u010d\t\t<\/a>\n\n\t\t\t\t<\/div>\n\t\t\t\t<div class=\"elementor-post__meta-data\">\n\t\t\t\t\t<span class=\"elementor-post-date\">\n\t\t\t5. octobra 2025\t\t<\/span>\n\t\t\t\t<\/div>\n\t\t\t\t\t<\/div>\n\t\t<\/article>\n\t\t\t\t<article class=\"elementor-post elementor-grid-item post-11747 post type-post status-publish format-standard has-post-thumbnail hentry category-blog category-community\" role=\"listitem\">\n\t\t\t<div class=\"elementor-post__card\">\n\t\t\t\t<a class=\"elementor-post__thumbnail__link\" href=\"https:\/\/gradido.net\/sl\/mutmacher-michael\/\" tabindex=\"-1\" ><div class=\"elementor-post__thumbnail\"><img loading=\"lazy\" decoding=\"async\" width=\"800\" height=\"450\" src=\"https:\/\/gradido.net\/wp-content\/uploads\/2025\/10\/Michael_Rothe_Banner-1024x576.jpg\" class=\"attachment-large size-large wp-image-11749\" alt=\"\" srcset=\"https:\/\/gradido.net\/wp-content\/uploads\/2025\/10\/Michael_Rothe_Banner-1024x576.jpg 1024w, https:\/\/gradido.net\/wp-content\/uploads\/2025\/10\/Michael_Rothe_Banner-300x169.jpg 300w, https:\/\/gradido.net\/wp-content\/uploads\/2025\/10\/Michael_Rothe_Banner-768x432.jpg 768w, https:\/\/gradido.net\/wp-content\/uploads\/2025\/10\/Michael_Rothe_Banner-18x10.jpg 18w, https:\/\/gradido.net\/wp-content\/uploads\/2025\/10\/Michael_Rothe_Banner.jpg 1280w\" sizes=\"(max-width: 800px) 100vw, 800px\" \/><\/div><\/a>\n\t\t\t\t<div class=\"elementor-post__text\">\n\t\t\t\t<h3 class=\"elementor-post__title\">\n\t\t\t<a href=\"https:\/\/gradido.net\/sl\/mutmacher-michael\/\" >\n\t\t\t\tSanje o pravi\u010dnem in mirnem svetu\t\t\t<\/a>\n\t\t<\/h3>\n\t\t\t\t<div class=\"elementor-post__excerpt\">\n\t\t\t<p>Pri Gradidu me najbolj privla\u010dita na\u010delo hvale\u017enosti in vizija miroljubnega gospodarstva. Rad bi videl svet, v katerem ima sodelovanje prednost pred konkurenco in v katerem rastejo zdrave skupnosti. Z Gradidom so te sanje otipljive.<\/p>\n\t\t<\/div>\n\t\t\n\t\t<a class=\"elementor-post__read-more\" href=\"https:\/\/gradido.net\/sl\/mutmacher-michael\/\" aria-label=\"Preberite ve\u010d o Sanje o pravi\u010dnem in mirnem svetu\" tabindex=\"-1\" >\n\t\t\tPreberi ve\u010d\t\t<\/a>\n\n\t\t\t\t<\/div>\n\t\t\t\t<div class=\"elementor-post__meta-data\">\n\t\t\t\t\t<span class=\"elementor-post-date\">\n\t\t\t1. octobra 2025\t\t<\/span>\n\t\t\t\t<\/div>\n\t\t\t\t\t<\/div>\n\t\t<\/article>\n\t\t\t\t<article class=\"elementor-post elementor-grid-item post-11727 post type-post status-publish format-standard has-post-thumbnail hentry category-blog category-community\" role=\"listitem\">\n\t\t\t<div class=\"elementor-post__card\">\n\t\t\t\t<a class=\"elementor-post__thumbnail__link\" href=\"https:\/\/gradido.net\/sl\/mutmacher-rolf\/\" tabindex=\"-1\" ><div class=\"elementor-post__thumbnail\"><img loading=\"lazy\" decoding=\"async\" width=\"800\" height=\"450\" src=\"https:\/\/gradido.net\/wp-content\/uploads\/2025\/09\/Rolf-Locher-Banner-1024x576.jpg\" class=\"attachment-large size-large wp-image-11728\" alt=\"\" srcset=\"https:\/\/gradido.net\/wp-content\/uploads\/2025\/09\/Rolf-Locher-Banner-1024x576.jpg 1024w, https:\/\/gradido.net\/wp-content\/uploads\/2025\/09\/Rolf-Locher-Banner-300x169.jpg 300w, https:\/\/gradido.net\/wp-content\/uploads\/2025\/09\/Rolf-Locher-Banner-768x432.jpg 768w, https:\/\/gradido.net\/wp-content\/uploads\/2025\/09\/Rolf-Locher-Banner-18x10.jpg 18w, https:\/\/gradido.net\/wp-content\/uploads\/2025\/09\/Rolf-Locher-Banner.jpg 1280w\" sizes=\"(max-width: 800px) 100vw, 800px\" \/><\/div><\/a>\n\t\t\t\t<div class=\"elementor-post__text\">\n\t\t\t\t<h3 class=\"elementor-post__title\">\n\t\t\t<a href=\"https:\/\/gradido.net\/sl\/mutmacher-rolf\/\" >\n\t\t\t\tV povezanost\t\t\t<\/a>\n\t\t<\/h3>\n\t\t\t\t<div class=\"elementor-post__excerpt\">\n\t\t\t<p>Gradidova vizija je bolj kot kdaj koli prej primerna za dana\u0161nji \u010das. Spominja me, da so spremembe mogo\u010de - ne le \"neko\u010d\", ampak zdaj. Z majhnimi koraki in sodelovanjem lahko za\u010dnemo oblikovati novo Zemljo.<\/p>\n\t\t<\/div>\n\t\t\n\t\t<a class=\"elementor-post__read-more\" href=\"https:\/\/gradido.net\/sl\/mutmacher-rolf\/\" aria-label=\"Preberite ve\u010d o povezovanju\" tabindex=\"-1\" >\n\t\t\tPreberi ve\u010d\t\t<\/a>\n\n\t\t\t\t<\/div>\n\t\t\t\t<div class=\"elementor-post__meta-data\">\n\t\t\t\t\t<span class=\"elementor-post-date\">\n\t\t\t30. septembra 2025\t\t<\/span>\n\t\t\t\t<\/div>\n\t\t\t\t\t<\/div>\n\t\t<\/article>\n\t\t\t\t<article class=\"elementor-post elementor-grid-item post-11642 post type-post status-publish format-standard has-post-thumbnail hentry category-blog category-community\" role=\"listitem\">\n\t\t\t<div class=\"elementor-post__card\">\n\t\t\t\t<a class=\"elementor-post__thumbnail__link\" href=\"https:\/\/gradido.net\/sl\/mutmacher-jean-pierre\/\" tabindex=\"-1\" ><div class=\"elementor-post__thumbnail\"><img loading=\"lazy\" decoding=\"async\" width=\"800\" height=\"450\" src=\"https:\/\/gradido.net\/wp-content\/uploads\/2025\/09\/Jean-Pierre-1024x576.jpg\" class=\"attachment-large size-large wp-image-11643\" alt=\"\" srcset=\"https:\/\/gradido.net\/wp-content\/uploads\/2025\/09\/Jean-Pierre-1024x576.jpg 1024w, https:\/\/gradido.net\/wp-content\/uploads\/2025\/09\/Jean-Pierre-300x169.jpg 300w, https:\/\/gradido.net\/wp-content\/uploads\/2025\/09\/Jean-Pierre-768x432.jpg 768w, https:\/\/gradido.net\/wp-content\/uploads\/2025\/09\/Jean-Pierre-18x10.jpg 18w, https:\/\/gradido.net\/wp-content\/uploads\/2025\/09\/Jean-Pierre.jpg 1280w\" sizes=\"(max-width: 800px) 100vw, 800px\" \/><\/div><\/a>\n\t\t\t\t<div class=\"elementor-post__text\">\n\t\t\t\t<h3 class=\"elementor-post__title\">\n\t\t\t<a href=\"https:\/\/gradido.net\/sl\/mutmacher-jean-pierre\/\" >\n\t\t\t\tKlju\u010dni kamen pri gradnji mostu\t\t\t<\/a>\n\t\t<\/h3>\n\t\t\t\t<div class=\"elementor-post__excerpt\">\n\t\t\t<p>V mnogih letih svojega delovanja sem spoznal, da ima ve\u010dina sistemov v na\u0161i dru\u017ebi notranjo logiko, ki vodi k neza\u017eelenemu razvoju. Zaradi teh ne\u017eelenih dogodkov smo izgubili svoje prave cilje in ....<\/p>\n\t\t<\/div>\n\t\t\n\t\t<a class=\"elementor-post__read-more\" href=\"https:\/\/gradido.net\/sl\/mutmacher-jean-pierre\/\" aria-label=\"Preberi ve\u010d o Klju\u010dni kamen pri gradnji mostu\" tabindex=\"-1\" >\n\t\t\tPreberi ve\u010d\t\t<\/a>\n\n\t\t\t\t<\/div>\n\t\t\t\t<div class=\"elementor-post__meta-data\">\n\t\t\t\t\t<span class=\"elementor-post-date\">\n\t\t\t27 septembra 2025\t\t<\/span>\n\t\t\t\t<\/div>\n\t\t\t\t\t<\/div>\n\t\t<\/article>\n\t\t\t\t<article class=\"elementor-post elementor-grid-item post-11600 post type-post status-publish format-standard has-post-thumbnail hentry category-blog category-community\" role=\"listitem\">\n\t\t\t<div class=\"elementor-post__card\">\n\t\t\t\t<a class=\"elementor-post__thumbnail__link\" href=\"https:\/\/gradido.net\/sl\/mutmacherin-kerstin\/\" tabindex=\"-1\" ><div class=\"elementor-post__thumbnail\"><img loading=\"lazy\" decoding=\"async\" width=\"800\" height=\"450\" src=\"https:\/\/gradido.net\/wp-content\/uploads\/2025\/09\/Kerstin_Banner2-1024x576.jpg\" class=\"attachment-large size-large wp-image-11603\" alt=\"\" srcset=\"https:\/\/gradido.net\/wp-content\/uploads\/2025\/09\/Kerstin_Banner2-1024x576.jpg 1024w, https:\/\/gradido.net\/wp-content\/uploads\/2025\/09\/Kerstin_Banner2-300x169.jpg 300w, https:\/\/gradido.net\/wp-content\/uploads\/2025\/09\/Kerstin_Banner2-768x432.jpg 768w, https:\/\/gradido.net\/wp-content\/uploads\/2025\/09\/Kerstin_Banner2-18x10.jpg 18w, https:\/\/gradido.net\/wp-content\/uploads\/2025\/09\/Kerstin_Banner2.jpg 1280w\" sizes=\"(max-width: 800px) 100vw, 800px\" \/><\/div><\/a>\n\t\t\t\t<div class=\"elementor-post__text\">\n\t\t\t\t<h3 class=\"elementor-post__title\">\n\t\t\t<a href=\"https:\/\/gradido.net\/sl\/mutmacherin-kerstin\/\" >\n\t\t\t\tTako si predstavljam dru\u017eenje\t\t\t<\/a>\n\t\t<\/h3>\n\t\t\t\t<div class=\"elementor-post__excerpt\">\n\t\t\t<p>Ko sem pripravljal kongres \"Spoznaj se\", sem naletel na Gradido in bil takoj navdu\u0161en. Ta energija hvale\u017enosti in naravni primer postajanja in minevanja - s tem sem se lahko poistovetil!<\/p>\n\t\t<\/div>\n\t\t\n\t\t<a class=\"elementor-post__read-more\" href=\"https:\/\/gradido.net\/sl\/mutmacherin-kerstin\/\" aria-label=\"Preberi ve\u010d o Tako si predstavljam dru\u017eenje\" tabindex=\"-1\" >\n\t\t\tPreberi ve\u010d\t\t<\/a>\n\n\t\t\t\t<\/div>\n\t\t\t\t<div class=\"elementor-post__meta-data\">\n\t\t\t\t\t<span class=\"elementor-post-date\">\n\t\t\t17 septembra 2025\t\t<\/span>\n\t\t\t\t<\/div>\n\t\t\t\t\t<\/div>\n\t\t<\/article>\n\t\t\t\t<article class=\"elementor-post elementor-grid-item post-11586 post type-post status-publish format-standard has-post-thumbnail hentry category-blog category-community tag-bild-oben\" role=\"listitem\">\n\t\t\t<div class=\"elementor-post__card\">\n\t\t\t\t<a class=\"elementor-post__thumbnail__link\" href=\"https:\/\/gradido.net\/sl\/welt-mutter-kongress\/\" tabindex=\"-1\" ><div class=\"elementor-post__thumbnail\"><img loading=\"lazy\" decoding=\"async\" width=\"800\" height=\"436\" src=\"https:\/\/gradido.net\/wp-content\/uploads\/2025\/09\/Welt-Mutter-Kongress-1024x558.jpg\" class=\"attachment-large size-large wp-image-11587\" alt=\"\" srcset=\"https:\/\/gradido.net\/wp-content\/uploads\/2025\/09\/Welt-Mutter-Kongress-1024x558.jpg 1024w, https:\/\/gradido.net\/wp-content\/uploads\/2025\/09\/Welt-Mutter-Kongress-300x164.jpg 300w, https:\/\/gradido.net\/wp-content\/uploads\/2025\/09\/Welt-Mutter-Kongress-768x419.jpg 768w, https:\/\/gradido.net\/wp-content\/uploads\/2025\/09\/Welt-Mutter-Kongress-18x10.jpg 18w, https:\/\/gradido.net\/wp-content\/uploads\/2025\/09\/Welt-Mutter-Kongress.jpg 1280w\" sizes=\"(max-width: 800px) 100vw, 800px\" \/><\/div><\/a>\n\t\t\t\t<div class=\"elementor-post__text\">\n\t\t\t\t<h3 class=\"elementor-post__title\">\n\t\t\t<a href=\"https:\/\/gradido.net\/sl\/welt-mutter-kongress\/\" >\n\t\t\t\tVabilo na svetovni materinski kongres 15.-26. september 2025\t\t\t<\/a>\n\t\t<\/h3>\n\t\t\t\t<div class=\"elementor-post__excerpt\">\n\t\t\t<p>Kako bi bilo, \u010de bi se ponovno povezali s seboj, odprli svoje srce za \u017eivljenje in skupaj z drugimi hodili po svobodni, ljube\u010di poti? Svetovni materinski kongres vas vljudno vabi - na dvanajst dni, polnih navdiha, zdravilnih impulzov in \u017eivahne skupnosti.<\/p>\n\t\t<\/div>\n\t\t\n\t\t<a class=\"elementor-post__read-more\" href=\"https:\/\/gradido.net\/sl\/welt-mutter-kongress\/\" aria-label=\"Preberi ve\u010d o Vabilo na svetovni materinski kongres 15.-26. septembra 2025\" tabindex=\"-1\" >\n\t\t\tPreberi ve\u010d\t\t<\/a>\n\n\t\t\t\t<\/div>\n\t\t\t\t<div class=\"elementor-post__meta-data\">\n\t\t\t\t\t<span class=\"elementor-post-date\">\n\t\t\t14 septembra 2025\t\t<\/span>\n\t\t\t\t<\/div>\n\t\t\t\t\t<\/div>\n\t\t<\/article>\n\t\t\t\t<article class=\"elementor-post elementor-grid-item post-11565 post type-post status-publish format-standard has-post-thumbnail hentry category-blog category-community\" role=\"listitem\">\n\t\t\t<div class=\"elementor-post__card\">\n\t\t\t\t<a class=\"elementor-post__thumbnail__link\" href=\"https:\/\/gradido.net\/sl\/mutmacher-dietmar\/\" tabindex=\"-1\" ><div class=\"elementor-post__thumbnail\"><img loading=\"lazy\" decoding=\"async\" width=\"800\" height=\"450\" src=\"https:\/\/gradido.net\/wp-content\/uploads\/2025\/09\/Dietmar-1-1024x576.jpg\" class=\"attachment-large size-large wp-image-11568\" alt=\"\" srcset=\"https:\/\/gradido.net\/wp-content\/uploads\/2025\/09\/Dietmar-1-1024x576.jpg 1024w, https:\/\/gradido.net\/wp-content\/uploads\/2025\/09\/Dietmar-1-300x169.jpg 300w, https:\/\/gradido.net\/wp-content\/uploads\/2025\/09\/Dietmar-1-768x432.jpg 768w, https:\/\/gradido.net\/wp-content\/uploads\/2025\/09\/Dietmar-1-18x10.jpg 18w, https:\/\/gradido.net\/wp-content\/uploads\/2025\/09\/Dietmar-1.jpg 1280w\" sizes=\"(max-width: 800px) 100vw, 800px\" \/><\/div><\/a>\n\t\t\t\t<div class=\"elementor-post__text\">\n\t\t\t\t<h3 class=\"elementor-post__title\">\n\t\t\t<a href=\"https:\/\/gradido.net\/sl\/mutmacher-dietmar\/\" >\n\t\t\t\tZakaj \u017ee dolgo ne \u017eivimo tako?\t\t\t<\/a>\n\t\t<\/h3>\n\t\t\t\t<div class=\"elementor-post__excerpt\">\n\t\t\t<p>Ko sem prebral 100 prednosti Gradida, sem najprej pomislil: Vau, naravnost briljantno! Zakaj \u017ee dolgo ne \u017eivimo tako? Tako sem za\u010del bolje spoznavati Gradido in sodelovati kot ambasador, da bi Gradido ponesel v svet.<\/p>\n\t\t<\/div>\n\t\t\n\t\t<a class=\"elementor-post__read-more\" href=\"https:\/\/gradido.net\/sl\/mutmacher-dietmar\/\" aria-label=\"Preberi ve\u010d o Zakaj \u017ee dolgo ne \u017eivimo tako?\" tabindex=\"-1\" >\n\t\t\tPreberi ve\u010d\t\t<\/a>\n\n\t\t\t\t<\/div>\n\t\t\t\t<div class=\"elementor-post__meta-data\">\n\t\t\t\t\t<span class=\"elementor-post-date\">\n\t\t\t12 septembra 2025\t\t<\/span>\n\t\t\t\t<\/div>\n\t\t\t\t\t<\/div>\n\t\t<\/article>\n\t\t\t\t<article class=\"elementor-post elementor-grid-item post-11542 post type-post status-publish format-standard has-post-thumbnail hentry category-blog category-community\" role=\"listitem\">\n\t\t\t<div class=\"elementor-post__card\">\n\t\t\t\t<a class=\"elementor-post__thumbnail__link\" href=\"https:\/\/gradido.net\/sl\/von-dem-konzept-begeistert\/\" tabindex=\"-1\" ><div class=\"elementor-post__thumbnail\"><img loading=\"lazy\" decoding=\"async\" width=\"800\" height=\"450\" src=\"https:\/\/gradido.net\/wp-content\/uploads\/2025\/09\/Joel_Banner-1024x576.jpg\" class=\"attachment-large size-large wp-image-11544\" alt=\"\" srcset=\"https:\/\/gradido.net\/wp-content\/uploads\/2025\/09\/Joel_Banner-1024x576.jpg 1024w, https:\/\/gradido.net\/wp-content\/uploads\/2025\/09\/Joel_Banner-300x169.jpg 300w, https:\/\/gradido.net\/wp-content\/uploads\/2025\/09\/Joel_Banner-768x432.jpg 768w, https:\/\/gradido.net\/wp-content\/uploads\/2025\/09\/Joel_Banner-18x10.jpg 18w, https:\/\/gradido.net\/wp-content\/uploads\/2025\/09\/Joel_Banner.jpg 1280w\" sizes=\"(max-width: 800px) 100vw, 800px\" \/><\/div><\/a>\n\t\t\t\t<div class=\"elementor-post__text\">\n\t\t\t\t<h3 class=\"elementor-post__title\">\n\t\t\t<a href=\"https:\/\/gradido.net\/sl\/von-dem-konzept-begeistert\/\" >\n\t\t\t\tNavdu\u0161enje nad konceptom\t\t\t<\/a>\n\t\t<\/h3>\n\t\t\t\t<div class=\"elementor-post__excerpt\">\n\t\t\t<p>\u017de dolgo i\u0161\u010dem alternativni, trajnostni \u017eivljenjski slog. Zelo mi je v\u0161e\u010d zamisel o zaslu\u017eku na podlagi hvale\u017enosti. Verjamem, da je na\u0161e \u017eivljenje darilo. Imamo veliko razlogov za hvale\u017enost. \u017divljenje je polno \u010dude\u017eev.<\/p>\n\t\t<\/div>\n\t\t\n\t\t<a class=\"elementor-post__read-more\" href=\"https:\/\/gradido.net\/sl\/von-dem-konzept-begeistert\/\" aria-label=\"Preberite ve\u010d o Navdu\u0161enje nad konceptom\" tabindex=\"-1\" >\n\t\t\tPreberi ve\u010d\t\t<\/a>\n\n\t\t\t\t<\/div>\n\t\t\t\t<div class=\"elementor-post__meta-data\">\n\t\t\t\t\t<span class=\"elementor-post-date\">\n\t\t\t11 septembra 2025\t\t<\/span>\n\t\t\t\t<\/div>\n\t\t\t\t\t<\/div>\n\t\t<\/article>\n\t\t\t\t<article class=\"elementor-post elementor-grid-item post-11520 post type-post status-publish format-standard has-post-thumbnail hentry category-blog category-community\" role=\"listitem\">\n\t\t\t<div class=\"elementor-post__card\">\n\t\t\t\t<a class=\"elementor-post__thumbnail__link\" href=\"https:\/\/gradido.net\/sl\/mutmacherin-claudia\/\" tabindex=\"-1\" ><div class=\"elementor-post__thumbnail\"><img loading=\"lazy\" decoding=\"async\" width=\"800\" height=\"450\" src=\"https:\/\/gradido.net\/wp-content\/uploads\/2025\/09\/Claudia_Banner-1024x576.jpg\" class=\"attachment-large size-large wp-image-11522\" alt=\"\" srcset=\"https:\/\/gradido.net\/wp-content\/uploads\/2025\/09\/Claudia_Banner-1024x576.jpg 1024w, https:\/\/gradido.net\/wp-content\/uploads\/2025\/09\/Claudia_Banner-300x169.jpg 300w, https:\/\/gradido.net\/wp-content\/uploads\/2025\/09\/Claudia_Banner-768x432.jpg 768w, https:\/\/gradido.net\/wp-content\/uploads\/2025\/09\/Claudia_Banner-18x10.jpg 18w, https:\/\/gradido.net\/wp-content\/uploads\/2025\/09\/Claudia_Banner.jpg 1280w\" sizes=\"(max-width: 800px) 100vw, 800px\" \/><\/div><\/a>\n\t\t\t\t<div class=\"elementor-post__text\">\n\t\t\t\t<h3 class=\"elementor-post__title\">\n\t\t\t<a href=\"https:\/\/gradido.net\/sl\/mutmacherin-claudia\/\" >\n\t\t\t\tTo\u010dno to, kar sem si vedno \u017eelel\t\t\t<\/a>\n\t\t<\/h3>\n\t\t\t\t<div class=\"elementor-post__excerpt\">\n\t\t\t<p>Gradido ponuja veliko za vsakogar. Vsak lahko sodeluje po svojih \u017eeljah. Zame so to predvsem konji, kot prostor v Gradidu pa sem uvedla tudi skupnost Horse Human Community, ki je moj otrok. Ker mi Gradido daje prilo\u017enost, da se ljudje tam povezujejo.<\/p>\n\t\t<\/div>\n\t\t\n\t\t<a class=\"elementor-post__read-more\" href=\"https:\/\/gradido.net\/sl\/mutmacherin-claudia\/\" aria-label=\"Preberi ve\u010d o To\u010dno to, kar sem si vedno \u017eelel\" tabindex=\"-1\" >\n\t\t\tPreberi ve\u010d\t\t<\/a>\n\n\t\t\t\t<\/div>\n\t\t\t\t<div class=\"elementor-post__meta-data\">\n\t\t\t\t\t<span class=\"elementor-post-date\">\n\t\t\t8 septembra 2025\t\t<\/span>\n\t\t\t\t<\/div>\n\t\t\t\t\t<\/div>\n\t\t<\/article>\n\t\t\t\t<article class=\"elementor-post elementor-grid-item post-11499 post type-post status-publish format-standard has-post-thumbnail hentry category-blog category-community\" role=\"listitem\">\n\t\t\t<div class=\"elementor-post__card\">\n\t\t\t\t<a class=\"elementor-post__thumbnail__link\" href=\"https:\/\/gradido.net\/sl\/werde-mutmacher-teile-deine-gradido-geschichte\/\" tabindex=\"-1\" ><div class=\"elementor-post__thumbnail\"><img loading=\"lazy\" decoding=\"async\" width=\"800\" height=\"200\" src=\"https:\/\/gradido.net\/wp-content\/uploads\/2023\/12\/AdobeStock_623322374-1024x256.jpeg\" class=\"attachment-large size-large wp-image-8453\" alt=\"\" srcset=\"https:\/\/gradido.net\/wp-content\/uploads\/2023\/12\/AdobeStock_623322374-1024x256.jpeg 1024w, https:\/\/gradido.net\/wp-content\/uploads\/2023\/12\/AdobeStock_623322374-300x75.jpeg 300w, https:\/\/gradido.net\/wp-content\/uploads\/2023\/12\/AdobeStock_623322374-768x192.jpeg 768w, https:\/\/gradido.net\/wp-content\/uploads\/2023\/12\/AdobeStock_623322374-1536x384.jpeg 1536w, https:\/\/gradido.net\/wp-content\/uploads\/2023\/12\/AdobeStock_623322374-2048x512.jpeg 2048w, https:\/\/gradido.net\/wp-content\/uploads\/2023\/12\/AdobeStock_623322374-18x5.jpeg 18w\" sizes=\"(max-width: 800px) 100vw, 800px\" \/><\/div><\/a>\n\t\t\t\t<div class=\"elementor-post__text\">\n\t\t\t\t<h3 class=\"elementor-post__title\">\n\t\t\t<a href=\"https:\/\/gradido.net\/sl\/werde-mutmacher-teile-deine-gradido-geschichte\/\" >\n\t\t\t\tPostanite spodbujevalec: delite svojo zgodbo o Gradidu!\t\t\t<\/a>\n\t\t<\/h3>\n\t\t\t\t<div class=\"elementor-post__excerpt\">\n\t\t\t<p>Va\u0161e najbolj\u0161e in najbolj spodbudne prispevke bomo objavili v prihodnjih glasilih in na na\u0161em blogu. Tako bomo lahko skupaj gojili \u0161opek upanja in resni\u010dnih zgodb, ki bodo navdihnile \u0161e ve\u010d ljudi, da postanejo del tega gibanja.<\/p>\n\t\t<\/div>\n\t\t\n\t\t<a class=\"elementor-post__read-more\" href=\"https:\/\/gradido.net\/sl\/werde-mutmacher-teile-deine-gradido-geschichte\/\" aria-label=\"Preberi ve\u010d o Postanite spodbujevalec: delite svojo zgodbo o Gradidu!\" tabindex=\"-1\" >\n\t\t\tPreberi ve\u010d\t\t<\/a>\n\n\t\t\t\t<\/div>\n\t\t\t\t<div class=\"elementor-post__meta-data\">\n\t\t\t\t\t<span class=\"elementor-post-date\">\n\t\t\t5 septembra 2025\t\t<\/span>\n\t\t\t\t<\/div>\n\t\t\t\t\t<\/div>\n\t\t<\/article>\n\t\t\t\t<article class=\"elementor-post elementor-grid-item post-10429 post type-post status-publish format-standard has-post-thumbnail hentry category-blog category-community\" role=\"listitem\">\n\t\t\t<div class=\"elementor-post__card\">\n\t\t\t\t<a class=\"elementor-post__thumbnail__link\" href=\"https:\/\/gradido.net\/sl\/inspirationsflug-regenerative-wirtschaft\/\" tabindex=\"-1\" ><div class=\"elementor-post__thumbnail\"><img loading=\"lazy\" decoding=\"async\" width=\"800\" height=\"339\" src=\"https:\/\/gradido.net\/wp-content\/uploads\/2025\/06\/Titel-INSPIRATIONSLFUG-short-1024x434.webp\" class=\"attachment-large size-large wp-image-10431\" alt=\"\" srcset=\"https:\/\/gradido.net\/wp-content\/uploads\/2025\/06\/Titel-INSPIRATIONSLFUG-short-1024x434.webp 1024w, https:\/\/gradido.net\/wp-content\/uploads\/2025\/06\/Titel-INSPIRATIONSLFUG-short-300x127.webp 300w, https:\/\/gradido.net\/wp-content\/uploads\/2025\/06\/Titel-INSPIRATIONSLFUG-short-768x326.webp 768w, https:\/\/gradido.net\/wp-content\/uploads\/2025\/06\/Titel-INSPIRATIONSLFUG-short-1536x651.webp 1536w, https:\/\/gradido.net\/wp-content\/uploads\/2025\/06\/Titel-INSPIRATIONSLFUG-short-2048x868.webp 2048w, https:\/\/gradido.net\/wp-content\/uploads\/2025\/06\/Titel-INSPIRATIONSLFUG-short-18x8.webp 18w\" sizes=\"(max-width: 800px) 100vw, 800px\" \/><\/div><\/a>\n\t\t\t\t<div class=\"elementor-post__text\">\n\t\t\t\t<h3 class=\"elementor-post__title\">\n\t\t\t<a href=\"https:\/\/gradido.net\/sl\/inspirationsflug-regenerative-wirtschaft\/\" >\n\t\t\t\tNAVDIHUJO\u010c POLET NA TEMO REGENERATIVNEGA GOSPODARSTVA\t\t\t<\/a>\n\t\t<\/h3>\n\t\t\t\t<div class=\"elementor-post__excerpt\">\n\t\t\t<p>REGENERATIVNO GOSPODARSTVO pomeni \"ekonomski sistem, ki presega idejo \u010distega ustvarjanja vrednosti in se osredoto\u010da na obnovo in izbolj\u0161anje ekosistemov in dru\u017eb. Prizadeva si vrniti ve\u010d, kot vzame, tako z okoljskega kot dru\u017ebenega vidika, ter se osredoto\u010da na ustvarjanje pozitivne vrednosti za naravo in dru\u017ebo.\"<\/p>\n\t\t<\/div>\n\t\t\n\t\t<a class=\"elementor-post__read-more\" href=\"https:\/\/gradido.net\/sl\/inspirationsflug-regenerative-wirtschaft\/\" aria-label=\"Preberi ve\u010d o INSPIRACIJSKI LET NA TEMO REGENERATIVNEGA GOSPODARSTVA\" tabindex=\"-1\" >\n\t\t\tPreberi ve\u010d\t\t<\/a>\n\n\t\t\t\t<\/div>\n\t\t\t\t<div class=\"elementor-post__meta-data\">\n\t\t\t\t\t<span class=\"elementor-post-date\">\n\t\t\t4. junij 2025\t\t<\/span>\n\t\t\t\t<\/div>\n\t\t\t\t\t<\/div>\n\t\t<\/article>\n\t\t\t\t<article class=\"elementor-post elementor-grid-item post-10383 post type-post status-publish format-standard has-post-thumbnail hentry category-blog category-community\" role=\"listitem\">\n\t\t\t<div class=\"elementor-post__card\">\n\t\t\t\t<a class=\"elementor-post__thumbnail__link\" href=\"https:\/\/gradido.net\/sl\/78-tage-die-alles-veraendern-koennten\/\" tabindex=\"-1\" ><div class=\"elementor-post__thumbnail\"><img loading=\"lazy\" decoding=\"async\" width=\"800\" height=\"450\" src=\"https:\/\/gradido.net\/wp-content\/uploads\/2025\/05\/Ketten_sprengen-1024x576.jpg\" class=\"attachment-large size-large wp-image-10385\" alt=\"\" srcset=\"https:\/\/gradido.net\/wp-content\/uploads\/2025\/05\/Ketten_sprengen-1024x576.jpg 1024w, https:\/\/gradido.net\/wp-content\/uploads\/2025\/05\/Ketten_sprengen-300x169.jpg 300w, https:\/\/gradido.net\/wp-content\/uploads\/2025\/05\/Ketten_sprengen-768x432.jpg 768w, https:\/\/gradido.net\/wp-content\/uploads\/2025\/05\/Ketten_sprengen-1536x864.jpg 1536w, https:\/\/gradido.net\/wp-content\/uploads\/2025\/05\/Ketten_sprengen-18x10.jpg 18w, https:\/\/gradido.net\/wp-content\/uploads\/2025\/05\/Ketten_sprengen.jpg 1600w\" sizes=\"(max-width: 800px) 100vw, 800px\" \/><\/div><\/a>\n\t\t\t\t<div class=\"elementor-post__text\">\n\t\t\t\t<h3 class=\"elementor-post__title\">\n\t\t\t<a href=\"https:\/\/gradido.net\/sl\/78-tage-die-alles-veraendern-koennten\/\" >\n\t\t\t\t78 dni, ki lahko spremenijo vse\t\t\t<\/a>\n\t\t<\/h3>\n\t\t\t\t<div class=\"elementor-post__excerpt\">\n\t\t\t<p>Predstavljajte si: S prvimi son\u010dnimi \u017earki se - tako kot \u017eenska na naslovnici - osvobodite nevidnih verig stare matrice in se veselite pustolov\u0161\u010dine novega \u017eivljenja, polnega raziskovalnega duha! To je izhodi\u0161\u010de za eksperiment, ki lahko spremeni vse...<\/p>\n\t\t<\/div>\n\t\t\n\t\t<a class=\"elementor-post__read-more\" href=\"https:\/\/gradido.net\/sl\/78-tage-die-alles-veraendern-koennten\/\" aria-label=\"Preberite ve\u010d o 78 dneh, ki lahko spremenijo vse\" tabindex=\"-1\" >\n\t\t\tPreberi ve\u010d\t\t<\/a>\n\n\t\t\t\t<\/div>\n\t\t\t\t<div class=\"elementor-post__meta-data\">\n\t\t\t\t\t<span class=\"elementor-post-date\">\n\t\t\t18. maja 2025\t\t<\/span>\n\t\t\t\t<\/div>\n\t\t\t\t\t<\/div>\n\t\t<\/article>\n\t\t\t\t<article class=\"elementor-post elementor-grid-item post-10371 post type-post status-publish format-standard has-post-thumbnail hentry category-blog category-community category-gradido-konto\" role=\"listitem\">\n\t\t\t<div class=\"elementor-post__card\">\n\t\t\t\t<a class=\"elementor-post__thumbnail__link\" href=\"https:\/\/gradido.net\/sl\/gemeinsam-wachsen-meilensteine-feiern-und-die-zukunft-gestalten\/\" tabindex=\"-1\" ><div class=\"elementor-post__thumbnail\"><img loading=\"lazy\" decoding=\"async\" width=\"800\" height=\"445\" src=\"https:\/\/gradido.net\/wp-content\/uploads\/2022\/12\/Test_fertig_1920-1024x569.jpg\" class=\"attachment-large size-large wp-image-6018\" alt=\"\" srcset=\"https:\/\/gradido.net\/wp-content\/uploads\/2022\/12\/Test_fertig_1920-1024x569.jpg 1024w, https:\/\/gradido.net\/wp-content\/uploads\/2022\/12\/Test_fertig_1920-300x167.jpg 300w, https:\/\/gradido.net\/wp-content\/uploads\/2022\/12\/Test_fertig_1920-768x427.jpg 768w, https:\/\/gradido.net\/wp-content\/uploads\/2022\/12\/Test_fertig_1920-1536x854.jpg 1536w, https:\/\/gradido.net\/wp-content\/uploads\/2022\/12\/Test_fertig_1920-18x10.jpg 18w, https:\/\/gradido.net\/wp-content\/uploads\/2022\/12\/Test_fertig_1920.jpg 1920w\" sizes=\"(max-width: 800px) 100vw, 800px\" \/><\/div><\/a>\n\t\t\t\t<div class=\"elementor-post__text\">\n\t\t\t\t<h3 class=\"elementor-post__title\">\n\t\t\t<a href=\"https:\/\/gradido.net\/sl\/gemeinsam-wachsen-meilensteine-feiern-und-die-zukunft-gestalten\/\" >\n\t\t\t\tSkupaj rastemo: praznovanje mejnikov in oblikovanje prihodnosti\t\t\t<\/a>\n\t\t<\/h3>\n\t\t\t\t<div class=\"elementor-post__excerpt\">\n\t\t\t<p>Danes bi vas radi seznanili z mejniki, ki smo jih skupaj dosegli v zadnjih letih, in s tem, kaj nas \u010daka v naslednjih dvanajstih mesecih.<\/p>\n\t\t<\/div>\n\t\t\n\t\t<a class=\"elementor-post__read-more\" href=\"https:\/\/gradido.net\/sl\/gemeinsam-wachsen-meilensteine-feiern-und-die-zukunft-gestalten\/\" aria-label=\"Preberite ve\u010d o Rastemo skupaj: praznovanje mejnikov in oblikovanje prihodnosti\" tabindex=\"-1\" >\n\t\t\tPreberi ve\u010d\t\t<\/a>\n\n\t\t\t\t<\/div>\n\t\t\t\t<div class=\"elementor-post__meta-data\">\n\t\t\t\t\t<span class=\"elementor-post-date\">\n\t\t\t11. maja 2025\t\t<\/span>\n\t\t\t\t<\/div>\n\t\t\t\t\t<\/div>\n\t\t<\/article>\n\t\t\t\t<article class=\"elementor-post elementor-grid-item post-10343 post type-post status-publish format-standard has-post-thumbnail hentry category-blog category-community\" role=\"listitem\">\n\t\t\t<div class=\"elementor-post__card\">\n\t\t\t\t<a class=\"elementor-post__thumbnail__link\" href=\"https:\/\/gradido.net\/sl\/spielend-probleme-loesen-entdecke-das-ki-rollenspiel-bei-gradido-delta\/\" tabindex=\"-1\" ><div class=\"elementor-post__thumbnail\"><img loading=\"lazy\" decoding=\"async\" width=\"800\" height=\"375\" src=\"https:\/\/gradido.net\/wp-content\/uploads\/2025\/05\/DELTA-Rollenspiel-1024x480.jpg\" class=\"attachment-large size-large wp-image-10344\" alt=\"\" srcset=\"https:\/\/gradido.net\/wp-content\/uploads\/2025\/05\/DELTA-Rollenspiel-1024x480.jpg 1024w, https:\/\/gradido.net\/wp-content\/uploads\/2025\/05\/DELTA-Rollenspiel-300x141.jpg 300w, https:\/\/gradido.net\/wp-content\/uploads\/2025\/05\/DELTA-Rollenspiel-768x360.jpg 768w, https:\/\/gradido.net\/wp-content\/uploads\/2025\/05\/DELTA-Rollenspiel-1536x720.jpg 1536w, https:\/\/gradido.net\/wp-content\/uploads\/2025\/05\/DELTA-Rollenspiel-18x8.jpg 18w, https:\/\/gradido.net\/wp-content\/uploads\/2025\/05\/DELTA-Rollenspiel.jpg 1600w\" sizes=\"(max-width: 800px) 100vw, 800px\" \/><\/div><\/a>\n\t\t\t\t<div class=\"elementor-post__text\">\n\t\t\t\t<h3 class=\"elementor-post__title\">\n\t\t\t<a href=\"https:\/\/gradido.net\/sl\/spielend-probleme-loesen-entdecke-das-ki-rollenspiel-bei-gradido-delta\/\" >\n\t\t\t\tTe\u017eave re\u0161ujte z igranjem: Odkrijte igro vlog z umetno inteligenco v Gradidu DELTA\t\t\t<\/a>\n\t\t<\/h3>\n\t\t\t\t<div class=\"elementor-post__excerpt\">\n\t\t\t<p>Ste eden od radovednih in pustolovskih \u010dlanov skupnosti Gradido, ki \u017eelijo poskusiti nekaj novega in skupaj raziskati neznane na\u010dine sodelovanja in inovacij? Potem ste pri\u0161li na pravo mesto - in to bo takoooo veliko la\u017eje in bolj zabavno!<\/p>\n\t\t<\/div>\n\t\t\n\t\t<a class=\"elementor-post__read-more\" href=\"https:\/\/gradido.net\/sl\/spielend-probleme-loesen-entdecke-das-ki-rollenspiel-bei-gradido-delta\/\" aria-label=\"Preberi ve\u010d o re\u0161evanju te\u017eav z igranjem: Odkrijte igro vlog z umetno inteligenco v Gradidu DELTA\" tabindex=\"-1\" >\n\t\t\tPreberi ve\u010d\t\t<\/a>\n\n\t\t\t\t<\/div>\n\t\t\t\t<div class=\"elementor-post__meta-data\">\n\t\t\t\t\t<span class=\"elementor-post-date\">\n\t\t\t5. maja 2025\t\t<\/span>\n\t\t\t\t<\/div>\n\t\t\t\t\t<\/div>\n\t\t<\/article>\n\t\t\t\t<article class=\"elementor-post elementor-grid-item post-10304 post type-post status-publish format-standard has-post-thumbnail hentry category-blog category-community\" role=\"listitem\">\n\t\t\t<div class=\"elementor-post__card\">\n\t\t\t\t<a class=\"elementor-post__thumbnail__link\" href=\"https:\/\/gradido.net\/sl\/gemeinsam-staerker-mach-mit-bei-gradido-delta\/\" tabindex=\"-1\" ><div class=\"elementor-post__thumbnail\"><img loading=\"lazy\" decoding=\"async\" width=\"800\" height=\"375\" src=\"https:\/\/gradido.net\/wp-content\/uploads\/2025\/04\/DELTA_Banner_Blog-1024x480.jpg\" class=\"attachment-large size-large wp-image-10305\" alt=\"\" srcset=\"https:\/\/gradido.net\/wp-content\/uploads\/2025\/04\/DELTA_Banner_Blog-1024x480.jpg 1024w, https:\/\/gradido.net\/wp-content\/uploads\/2025\/04\/DELTA_Banner_Blog-300x141.jpg 300w, https:\/\/gradido.net\/wp-content\/uploads\/2025\/04\/DELTA_Banner_Blog-768x360.jpg 768w, https:\/\/gradido.net\/wp-content\/uploads\/2025\/04\/DELTA_Banner_Blog-1536x720.jpg 1536w, https:\/\/gradido.net\/wp-content\/uploads\/2025\/04\/DELTA_Banner_Blog-18x8.jpg 18w, https:\/\/gradido.net\/wp-content\/uploads\/2025\/04\/DELTA_Banner_Blog.jpg 1920w\" sizes=\"(max-width: 800px) 100vw, 800px\" \/><\/div><\/a>\n\t\t\t\t<div class=\"elementor-post__text\">\n\t\t\t\t<h3 class=\"elementor-post__title\">\n\t\t\t<a href=\"https:\/\/gradido.net\/sl\/gemeinsam-staerker-mach-mit-bei-gradido-delta\/\" >\n\t\t\t\tSkupaj mo\u010dnej\u0161i: pridru\u017eite se Gradidu DELTA\t\t\t<\/a>\n\t\t<\/h3>\n\t\t\t\t<div class=\"elementor-post__excerpt\">\n\t\t\t<p>S pomo\u010djo odprtokodnega sporo\u010dilnika Delta Chat in podpornih agentov umetne inteligence lahko zdaj stopite v stik s somi\u0161ljeniki, izmenjujete znanje, pou\u010dujete drug drugega in skupaj ustvarjate prihodnost.<\/p>\n\t\t<\/div>\n\t\t\n\t\t<a class=\"elementor-post__read-more\" href=\"https:\/\/gradido.net\/sl\/gemeinsam-staerker-mach-mit-bei-gradido-delta\/\" aria-label=\"Preberi ve\u010d o Skupaj mo\u010dnej\u0161i: Pridru\u017eite se Gradidu DELTA\" tabindex=\"-1\" >\n\t\t\tPreberi ve\u010d\t\t<\/a>\n\n\t\t\t\t<\/div>\n\t\t\t\t<div class=\"elementor-post__meta-data\">\n\t\t\t\t\t<span class=\"elementor-post-date\">\n\t\t\t28 aprila 2025\t\t<\/span>\n\t\t\t\t<\/div>\n\t\t\t\t\t<\/div>\n\t\t<\/article>\n\t\t\t\t<article class=\"elementor-post elementor-grid-item post-10264 post type-post status-publish format-standard has-post-thumbnail hentry category-blog category-community category-gradido-konto tag-bild-oben\" role=\"listitem\">\n\t\t\t<div class=\"elementor-post__card\">\n\t\t\t\t<a class=\"elementor-post__thumbnail__link\" href=\"https:\/\/gradido.net\/sl\/gms1\/\" tabindex=\"-1\" ><div class=\"elementor-post__thumbnail\"><img loading=\"lazy\" decoding=\"async\" width=\"800\" height=\"366\" src=\"https:\/\/gradido.net\/wp-content\/uploads\/2025\/04\/GMS_Banner-1024x469.jpg\" class=\"attachment-large size-large wp-image-10265\" alt=\"\" srcset=\"https:\/\/gradido.net\/wp-content\/uploads\/2025\/04\/GMS_Banner-1024x469.jpg 1024w, https:\/\/gradido.net\/wp-content\/uploads\/2025\/04\/GMS_Banner-300x138.jpg 300w, https:\/\/gradido.net\/wp-content\/uploads\/2025\/04\/GMS_Banner-768x352.jpg 768w, https:\/\/gradido.net\/wp-content\/uploads\/2025\/04\/GMS_Banner-1536x704.jpg 1536w, https:\/\/gradido.net\/wp-content\/uploads\/2025\/04\/GMS_Banner-18x8.jpg 18w, https:\/\/gradido.net\/wp-content\/uploads\/2025\/04\/GMS_Banner.jpg 1920w\" sizes=\"(max-width: 800px) 100vw, 800px\" \/><\/div><\/a>\n\t\t\t\t<div class=\"elementor-post__text\">\n\t\t\t\t<h3 class=\"elementor-post__title\">\n\t\t\t<a href=\"https:\/\/gradido.net\/sl\/gms1\/\" >\n\t\t\t\tSkupaj in ne sami - poi\u0161\u010dite somi\u0161ljenike v svoji soseski\t\t\t<\/a>\n\t\t<\/h3>\n\t\t\t\t<div class=\"elementor-post__excerpt\">\n\t\t\t<p>Ali tudi vi poznate ta ob\u010dutek? Z vsem srcem se zavzemate za mir, svobodo in prihodnost, vredno \u017eivljenja v so\u017eitju z naravo. Toda v\u010dasih se na svoji poti po\u010dutite osamljene, saj ne veste, kje v va\u0161i okolici \u017eivijo ljudje, ki delijo va\u0161e vrednote in vizije. Zdaj obstaja preprosta re\u0161itev...<\/p>\n\t\t<\/div>\n\t\t\n\t\t<a class=\"elementor-post__read-more\" href=\"https:\/\/gradido.net\/sl\/gms1\/\" aria-label=\"Preberi ve\u010d o Skupaj namesto osamljeni - poi\u0161\u010dite somi\u0161ljenike v svoji soseski\" tabindex=\"-1\" >\n\t\t\tPreberi ve\u010d\t\t<\/a>\n\n\t\t\t\t<\/div>\n\t\t\t\t<div class=\"elementor-post__meta-data\">\n\t\t\t\t\t<span class=\"elementor-post-date\">\n\t\t\t16 aprila 2025\t\t<\/span>\n\t\t\t\t<\/div>\n\t\t\t\t\t<\/div>\n\t\t<\/article>\n\t\t\t\t<article class=\"elementor-post elementor-grid-item post-10280 post type-post status-publish format-standard has-post-thumbnail hentry category-blog category-community tag-bild-oben\" role=\"listitem\">\n\t\t\t<div class=\"elementor-post__card\">\n\t\t\t\t<a class=\"elementor-post__thumbnail__link\" href=\"https:\/\/gradido.net\/sl\/visionen-und-projekte\/\" tabindex=\"-1\" ><div class=\"elementor-post__thumbnail\"><img loading=\"lazy\" decoding=\"async\" width=\"800\" height=\"456\" src=\"https:\/\/gradido.net\/wp-content\/uploads\/2025\/04\/Banner-Visionen-Projekte-1024x584.png\" class=\"attachment-large size-large wp-image-10281\" alt=\"\" srcset=\"https:\/\/gradido.net\/wp-content\/uploads\/2025\/04\/Banner-Visionen-Projekte-1024x584.png 1024w, https:\/\/gradido.net\/wp-content\/uploads\/2025\/04\/Banner-Visionen-Projekte-300x171.png 300w, https:\/\/gradido.net\/wp-content\/uploads\/2025\/04\/Banner-Visionen-Projekte-768x438.png 768w, https:\/\/gradido.net\/wp-content\/uploads\/2025\/04\/Banner-Visionen-Projekte-1536x876.png 1536w, https:\/\/gradido.net\/wp-content\/uploads\/2025\/04\/Banner-Visionen-Projekte-2048x1168.png 2048w, https:\/\/gradido.net\/wp-content\/uploads\/2025\/04\/Banner-Visionen-Projekte-18x10.png 18w\" sizes=\"(max-width: 800px) 100vw, 800px\" \/><\/div><\/a>\n\t\t\t\t<div class=\"elementor-post__text\">\n\t\t\t\t<h3 class=\"elementor-post__title\">\n\t\t\t<a href=\"https:\/\/gradido.net\/sl\/visionen-und-projekte\/\" >\n\t\t\t\tVizije in projekti\t\t\t<\/a>\n\t\t<\/h3>\n\t\t\t\t<div class=\"elementor-post__excerpt\">\n\t\t\t<p>Ali v svojem srcu gojite vizije in sanje o bolj\u0161em svetu? Ali se v\u010dasih po\u010dutite osamljene in si \u017eelite mo\u010dno ukrepati v resni\u010dni skupnosti? Predstavljajte si svet, v katerem se lahko pove\u017eete z enako misle\u010dimi, skupaj uresni\u010dite ideje in sprejmete mo\u010dne ...<\/p>\n\t\t<\/div>\n\t\t\n\t\t<a class=\"elementor-post__read-more\" href=\"https:\/\/gradido.net\/sl\/visionen-und-projekte\/\" aria-label=\"Preberite ve\u010d o vizijah in projektih\" tabindex=\"-1\" >\n\t\t\tPreberi ve\u010d\t\t<\/a>\n\n\t\t\t\t<\/div>\n\t\t\t\t<div class=\"elementor-post__meta-data\">\n\t\t\t\t\t<span class=\"elementor-post-date\">\n\t\t\t25. marca 2025\t\t<\/span>\n\t\t\t\t<\/div>\n\t\t\t\t\t<\/div>\n\t\t<\/article>\n\t\t\t\t<article class=\"elementor-post elementor-grid-item post-9980 post type-post status-publish format-standard has-post-thumbnail hentry category-blog category-community tag-bild-oben\" role=\"listitem\">\n\t\t\t<div class=\"elementor-post__card\">\n\t\t\t\t<a class=\"elementor-post__thumbnail__link\" href=\"https:\/\/gradido.net\/sl\/lasst-uns-2025-zum-jahr-des-gradido-machen\/\" tabindex=\"-1\" ><div class=\"elementor-post__thumbnail\"><img loading=\"lazy\" decoding=\"async\" width=\"727\" height=\"412\" src=\"https:\/\/gradido.net\/wp-content\/uploads\/2025\/01\/Standbild.png\" class=\"attachment-large size-large wp-image-9981\" alt=\"\" srcset=\"https:\/\/gradido.net\/wp-content\/uploads\/2025\/01\/Standbild.png 727w, https:\/\/gradido.net\/wp-content\/uploads\/2025\/01\/Standbild-300x170.png 300w, https:\/\/gradido.net\/wp-content\/uploads\/2025\/01\/Standbild-18x10.png 18w\" sizes=\"(max-width: 727px) 100vw, 727px\" \/><\/div><\/a>\n\t\t\t\t<div class=\"elementor-post__text\">\n\t\t\t\t<h3 class=\"elementor-post__title\">\n\t\t\t<a href=\"https:\/\/gradido.net\/sl\/lasst-uns-2025-zum-jahr-des-gradido-machen\/\" >\n\t\t\t\tNaj bo leto 2025 leto Gradida\t\t\t<\/a>\n\t\t<\/h3>\n\t\t\t\t<div class=\"elementor-post__excerpt\">\n\t\t\t<p>Preprosto: z oblikovanjem kroga z 2-3 zainteresiranimi stranmi. V Potsdamu smo za\u010deli s tako majhno skupino. \u010ce nas bodo posnemali tudi ljudje v drugih krajih, bo nastala mre\u017ea kro\u017ekov Gradido, v kateri se bomo hitreje spoznali in povezali.<\/p>\n\t\t<\/div>\n\t\t\n\t\t<a class=\"elementor-post__read-more\" href=\"https:\/\/gradido.net\/sl\/lasst-uns-2025-zum-jahr-des-gradido-machen\/\" aria-label=\"Preberi ve\u010d o Leto 2025 naj bo leto Gradida\" tabindex=\"-1\" >\n\t\t\tPreberi ve\u010d\t\t<\/a>\n\n\t\t\t\t<\/div>\n\t\t\t\t<div class=\"elementor-post__meta-data\">\n\t\t\t\t\t<span class=\"elementor-post-date\">\n\t\t\t1. januar 2025\t\t<\/span>\n\t\t\t\t<\/div>\n\t\t\t\t\t<\/div>\n\t\t<\/article>\n\t\t\t\t<article class=\"elementor-post elementor-grid-item post-9881 post type-post status-publish format-standard has-post-thumbnail hentry category-blog category-community\" role=\"listitem\">\n\t\t\t<div class=\"elementor-post__card\">\n\t\t\t\t<a class=\"elementor-post__thumbnail__link\" href=\"https:\/\/gradido.net\/sl\/sieben-themenbereiche-wie-du-mitwirken-kannst\/\" tabindex=\"-1\" ><div class=\"elementor-post__thumbnail\"><img loading=\"lazy\" decoding=\"async\" width=\"800\" height=\"334\" src=\"https:\/\/gradido.net\/wp-content\/uploads\/2024\/11\/Mitwirken-1024x427.jpg\" class=\"attachment-large size-large wp-image-9857\" alt=\"\" srcset=\"https:\/\/gradido.net\/wp-content\/uploads\/2024\/11\/Mitwirken-1024x427.jpg 1024w, https:\/\/gradido.net\/wp-content\/uploads\/2024\/11\/Mitwirken-300x125.jpg 300w, https:\/\/gradido.net\/wp-content\/uploads\/2024\/11\/Mitwirken-768x320.jpg 768w, https:\/\/gradido.net\/wp-content\/uploads\/2024\/11\/Mitwirken-1536x640.jpg 1536w, https:\/\/gradido.net\/wp-content\/uploads\/2024\/11\/Mitwirken-18x8.jpg 18w, https:\/\/gradido.net\/wp-content\/uploads\/2024\/11\/Mitwirken.jpg 1920w\" sizes=\"(max-width: 800px) 100vw, 800px\" \/><\/div><\/a>\n\t\t\t\t<div class=\"elementor-post__text\">\n\t\t\t\t<h3 class=\"elementor-post__title\">\n\t\t\t<a href=\"https:\/\/gradido.net\/sl\/sieben-themenbereiche-wie-du-mitwirken-kannst\/\" >\n\t\t\t\tSedem podro\u010dij, na katerih lahko sodelujete\t\t\t<\/a>\n\t\t<\/h3>\n\t\t\t\t<div class=\"elementor-post__excerpt\">\n\t\t\t<p>Vsem vam gre velika zahvala, saj ste v prostoru \"Mit+Wirken\" v krogih Gradido delili toliko znanja, ki ga dajete svetu. Ocenjevanje sem razporedil po vsebinskih podro\u010djih in vas prosim, da z nami delite ideje ...<\/p>\n\t\t<\/div>\n\t\t\n\t\t<a class=\"elementor-post__read-more\" href=\"https:\/\/gradido.net\/sl\/sieben-themenbereiche-wie-du-mitwirken-kannst\/\" aria-label=\"Preberite ve\u010d o sedmih podro\u010djih, na katerih se lahko vklju\u010dite\" tabindex=\"-1\" >\n\t\t\tPreberi ve\u010d\t\t<\/a>\n\n\t\t\t\t<\/div>\n\t\t\t\t<div class=\"elementor-post__meta-data\">\n\t\t\t\t\t<span class=\"elementor-post-date\">\n\t\t\t15 decembra 2024\t\t<\/span>\n\t\t\t\t<\/div>\n\t\t\t\t\t<\/div>\n\t\t<\/article>\n\t\t\t\t<article class=\"elementor-post elementor-grid-item post-9844 post type-post status-publish format-standard has-post-thumbnail hentry category-blog category-community\" role=\"listitem\">\n\t\t\t<div class=\"elementor-post__card\">\n\t\t\t\t<a class=\"elementor-post__thumbnail__link\" href=\"https:\/\/gradido.net\/sl\/dein-mitwirken-ist-gefragt\/\" tabindex=\"-1\" ><div class=\"elementor-post__thumbnail\"><img loading=\"lazy\" decoding=\"async\" width=\"800\" height=\"334\" src=\"https:\/\/gradido.net\/wp-content\/uploads\/2024\/11\/Mitwirken-1024x427.jpg\" class=\"attachment-large size-large wp-image-9857\" alt=\"\" srcset=\"https:\/\/gradido.net\/wp-content\/uploads\/2024\/11\/Mitwirken-1024x427.jpg 1024w, https:\/\/gradido.net\/wp-content\/uploads\/2024\/11\/Mitwirken-300x125.jpg 300w, https:\/\/gradido.net\/wp-content\/uploads\/2024\/11\/Mitwirken-768x320.jpg 768w, https:\/\/gradido.net\/wp-content\/uploads\/2024\/11\/Mitwirken-1536x640.jpg 1536w, https:\/\/gradido.net\/wp-content\/uploads\/2024\/11\/Mitwirken-18x8.jpg 18w, https:\/\/gradido.net\/wp-content\/uploads\/2024\/11\/Mitwirken.jpg 1920w\" sizes=\"(max-width: 800px) 100vw, 800px\" \/><\/div><\/a>\n\t\t\t\t<div class=\"elementor-post__text\">\n\t\t\t\t<h3 class=\"elementor-post__title\">\n\t\t\t<a href=\"https:\/\/gradido.net\/sl\/dein-mitwirken-ist-gefragt\/\" >\n\t\t\t\tPotrebno je va\u0161e \"sodelovanje+ukrepanje\".\t\t\t<\/a>\n\t\t<\/h3>\n\t\t\t\t<div class=\"elementor-post__excerpt\">\n\t\t\t<p>\u017delite tudi vi vzpostaviti \u0161e bolj\u0161i stik z nami in drugimi \u010dlani dru\u0161tva Gradido ter poskrbeti, da bo na\u0161a medsebojna povezanost oprijemljiva? In \u010de bi radi uporabili svoje posebne darove, da bi ...<\/p>\n\t\t<\/div>\n\t\t\n\t\t<a class=\"elementor-post__read-more\" href=\"https:\/\/gradido.net\/sl\/dein-mitwirken-ist-gefragt\/\" aria-label=\"Preberite ve\u010d o Va\u0161 &quot;Mit+Wirken&quot; je za\u017eelen\" tabindex=\"-1\" >\n\t\t\tPreberi ve\u010d\t\t<\/a>\n\n\t\t\t\t<\/div>\n\t\t\t\t<div class=\"elementor-post__meta-data\">\n\t\t\t\t\t<span class=\"elementor-post-date\">\n\t\t\t27 novembra 2024\t\t<\/span>\n\t\t\t\t<\/div>\n\t\t\t\t\t<\/div>\n\t\t<\/article>\n\t\t\t\t<article class=\"elementor-post elementor-grid-item post-9805 post type-post status-publish format-standard has-post-thumbnail hentry category-blog category-community\" role=\"listitem\">\n\t\t\t<div class=\"elementor-post__card\">\n\t\t\t\t<a class=\"elementor-post__thumbnail__link\" href=\"https:\/\/gradido.net\/sl\/wir-wirken-zusammen\/\" tabindex=\"-1\" ><div class=\"elementor-post__thumbnail\"><img loading=\"lazy\" decoding=\"async\" width=\"800\" height=\"450\" src=\"https:\/\/gradido.net\/wp-content\/uploads\/2024\/11\/Neustart-1024x576.jpg\" class=\"attachment-large size-large wp-image-9806\" alt=\"\" srcset=\"https:\/\/gradido.net\/wp-content\/uploads\/2024\/11\/Neustart-1024x576.jpg 1024w, https:\/\/gradido.net\/wp-content\/uploads\/2024\/11\/Neustart-300x169.jpg 300w, https:\/\/gradido.net\/wp-content\/uploads\/2024\/11\/Neustart-768x432.jpg 768w, https:\/\/gradido.net\/wp-content\/uploads\/2024\/11\/Neustart-18x10.jpg 18w, https:\/\/gradido.net\/wp-content\/uploads\/2024\/11\/Neustart.jpg 1280w\" sizes=\"(max-width: 800px) 100vw, 800px\" \/><\/div><\/a>\n\t\t\t\t<div class=\"elementor-post__text\">\n\t\t\t\t<h3 class=\"elementor-post__title\">\n\t\t\t<a href=\"https:\/\/gradido.net\/sl\/wir-wirken-zusammen\/\" >\n\t\t\t\tDelamo skupaj!\t\t\t<\/a>\n\t\t<\/h3>\n\t\t\t\t<div class=\"elementor-post__excerpt\">\n\t\t\t<p>INSTITUT NEUSTART (kratka oblika) ima namen obstoja, ki se glasi: \"Prispevamo k delovnemu svetu, v katerem podjetja, podjetniki in zaposleni skupaj uresni\u010dujejo uspe\u0161no in sre\u010dno delovno \u017eivljenje - v korist vsakega posameznika in dru\u017ebe.\"<\/p>\n\t\t<\/div>\n\t\t\n\t\t<a class=\"elementor-post__read-more\" href=\"https:\/\/gradido.net\/sl\/wir-wirken-zusammen\/\" aria-label=\"Preberite ve\u010d o Sodelujemo!\" tabindex=\"-1\" >\n\t\t\tPreberi ve\u010d\t\t<\/a>\n\n\t\t\t\t<\/div>\n\t\t\t\t<div class=\"elementor-post__meta-data\">\n\t\t\t\t\t<span class=\"elementor-post-date\">\n\t\t\t23 novembra 2024\t\t<\/span>\n\t\t\t\t<\/div>\n\t\t\t\t\t<\/div>\n\t\t<\/article>\n\t\t\t\t<article class=\"elementor-post elementor-grid-item post-9649 post type-post status-publish format-standard has-post-thumbnail hentry category-blog category-community category-gradido-konto\" role=\"listitem\">\n\t\t\t<div class=\"elementor-post__card\">\n\t\t\t\t<a class=\"elementor-post__thumbnail__link\" href=\"https:\/\/gradido.net\/sl\/welches-grundeinkommen-ist-das-richtige\/\" tabindex=\"-1\" ><div class=\"elementor-post__thumbnail\"><img loading=\"lazy\" decoding=\"async\" width=\"800\" height=\"300\" src=\"https:\/\/gradido.net\/wp-content\/uploads\/2020\/09\/grundeinkommen-statt-existenzangst-1024x384.jpg\" class=\"attachment-large size-large wp-image-833\" alt=\"\" srcset=\"https:\/\/gradido.net\/wp-content\/uploads\/2020\/09\/grundeinkommen-statt-existenzangst-1024x384.jpg 1024w, https:\/\/gradido.net\/wp-content\/uploads\/2020\/09\/grundeinkommen-statt-existenzangst-300x113.jpg 300w, https:\/\/gradido.net\/wp-content\/uploads\/2020\/09\/grundeinkommen-statt-existenzangst-768x288.jpg 768w, https:\/\/gradido.net\/wp-content\/uploads\/2020\/09\/grundeinkommen-statt-existenzangst.jpg 1344w\" sizes=\"(max-width: 800px) 100vw, 800px\" \/><\/div><\/a>\n\t\t\t\t<div class=\"elementor-post__text\">\n\t\t\t\t<h3 class=\"elementor-post__title\">\n\t\t\t<a href=\"https:\/\/gradido.net\/sl\/welches-grundeinkommen-ist-das-richtige\/\" >\n\t\t\t\tKateri temeljni dohodek je pravi?\t\t\t<\/a>\n\t\t<\/h3>\n\t\t\t\t<div class=\"elementor-post__excerpt\">\n\t\t\t<p>Zaradi globokega zadovoljstva, ki ga prina\u0161a mo\u017enost prispevati k skupnemu dobremu, in s tem povezanih pozitivnih u\u010dinkov na razvoj potenciala, kakovost \u017eivljenja, sre\u010do in zdravje, smo jasno naklonjeni aktivnemu temeljnemu dohodku.<\/p>\n\t\t<\/div>\n\t\t\n\t\t<a class=\"elementor-post__read-more\" href=\"https:\/\/gradido.net\/sl\/welches-grundeinkommen-ist-das-richtige\/\" aria-label=\"Preberi ve\u010d o Kateri temeljni dohodek je pravi?\" tabindex=\"-1\" >\n\t\t\tPreberi ve\u010d\t\t<\/a>\n\n\t\t\t\t<\/div>\n\t\t\t\t<div class=\"elementor-post__meta-data\">\n\t\t\t\t\t<span class=\"elementor-post-date\">\n\t\t\t18 octobre 2024\t\t<\/span>\n\t\t\t\t<\/div>\n\t\t\t\t\t<\/div>\n\t\t<\/article>\n\t\t\t\t<article class=\"elementor-post elementor-grid-item post-9621 post type-post status-publish format-standard has-post-thumbnail hentry category-blog category-community category-gradido-konto tag-bild-oben\" role=\"listitem\">\n\t\t\t<div class=\"elementor-post__card\">\n\t\t\t\t<a class=\"elementor-post__thumbnail__link\" href=\"https:\/\/gradido.net\/sl\/sichere-video-meetings-in-den-gradido-kreisen\/\" tabindex=\"-1\" ><div class=\"elementor-post__thumbnail\"><img loading=\"lazy\" decoding=\"async\" width=\"800\" height=\"416\" src=\"https:\/\/gradido.net\/wp-content\/uploads\/2024\/10\/Video-Meeting-1024x533.jpg\" class=\"attachment-large size-large wp-image-9622\" alt=\"\" srcset=\"https:\/\/gradido.net\/wp-content\/uploads\/2024\/10\/Video-Meeting-1024x533.jpg 1024w, https:\/\/gradido.net\/wp-content\/uploads\/2024\/10\/Video-Meeting-300x156.jpg 300w, https:\/\/gradido.net\/wp-content\/uploads\/2024\/10\/Video-Meeting-768x400.jpg 768w, https:\/\/gradido.net\/wp-content\/uploads\/2024\/10\/Video-Meeting-1536x800.jpg 1536w, https:\/\/gradido.net\/wp-content\/uploads\/2024\/10\/Video-Meeting-18x9.jpg 18w, https:\/\/gradido.net\/wp-content\/uploads\/2024\/10\/Video-Meeting.jpg 1920w\" sizes=\"(max-width: 800px) 100vw, 800px\" \/><\/div><\/a>\n\t\t\t\t<div class=\"elementor-post__text\">\n\t\t\t\t<h3 class=\"elementor-post__title\">\n\t\t\t<a href=\"https:\/\/gradido.net\/sl\/sichere-video-meetings-in-den-gradido-kreisen\/\" >\n\t\t\t\tVarni video sestanki v krogih Gradido\t\t\t<\/a>\n\t\t<\/h3>\n\t\t\t\t<div class=\"elementor-post__excerpt\">\n\t\t\t<p>V Gradidu pripisujemo velik pomen varstvu va\u0161ih podatkov. Odslej lahko na nem\u0161kih ali avstrijskih stre\u017enikih dru\u017ebe Fairkom organizirate varne videokonference v skladu z uredbo GDPR znotraj krogov Gradido, ne da bi kdo drug prislu\u0161koval. <\/p>\n\t\t<\/div>\n\t\t\n\t\t<a class=\"elementor-post__read-more\" href=\"https:\/\/gradido.net\/sl\/sichere-video-meetings-in-den-gradido-kreisen\/\" aria-label=\"Preberite ve\u010d o varnih video sre\u010danjih v krogih Gradido\" tabindex=\"-1\" >\n\t\t\tPreberi ve\u010d\t\t<\/a>\n\n\t\t\t\t<\/div>\n\t\t\t\t<div class=\"elementor-post__meta-data\">\n\t\t\t\t\t<span class=\"elementor-post-date\">\n\t\t\t10. octobra 2024\t\t<\/span>\n\t\t\t\t<\/div>\n\t\t\t\t\t<\/div>\n\t\t<\/article>\n\t\t\t\t<article class=\"elementor-post elementor-grid-item post-9595 post type-post status-publish format-standard has-post-thumbnail hentry category-blog category-community\" role=\"listitem\">\n\t\t\t<div class=\"elementor-post__card\">\n\t\t\t\t<a class=\"elementor-post__thumbnail__link\" href=\"https:\/\/gradido.net\/sl\/studienkreis-gradido-botschafter-n-e-u\/\" tabindex=\"-1\" ><div class=\"elementor-post__thumbnail\"><img loading=\"lazy\" decoding=\"async\" width=\"800\" height=\"375\" src=\"https:\/\/gradido.net\/wp-content\/uploads\/2024\/10\/Friedenstaube_Gradido-1024x480.jpg\" class=\"attachment-large size-large wp-image-9597\" alt=\"\" srcset=\"https:\/\/gradido.net\/wp-content\/uploads\/2024\/10\/Friedenstaube_Gradido-1024x480.jpg 1024w, https:\/\/gradido.net\/wp-content\/uploads\/2024\/10\/Friedenstaube_Gradido-300x141.jpg 300w, https:\/\/gradido.net\/wp-content\/uploads\/2024\/10\/Friedenstaube_Gradido-768x360.jpg 768w, https:\/\/gradido.net\/wp-content\/uploads\/2024\/10\/Friedenstaube_Gradido-1536x720.jpg 1536w, https:\/\/gradido.net\/wp-content\/uploads\/2024\/10\/Friedenstaube_Gradido-18x8.jpg 18w, https:\/\/gradido.net\/wp-content\/uploads\/2024\/10\/Friedenstaube_Gradido.jpg 1920w\" sizes=\"(max-width: 800px) 100vw, 800px\" \/><\/div><\/a>\n\t\t\t\t<div class=\"elementor-post__text\">\n\t\t\t\t<h3 class=\"elementor-post__title\">\n\t\t\t<a href=\"https:\/\/gradido.net\/sl\/studienkreis-gradido-botschafter-n-e-u\/\" >\n\t\t\t\t\u0160tudijski kro\u017eek: Gradido ambassador N.E.U.\t\t\t<\/a>\n\t\t<\/h3>\n\t\t\t\t<div class=\"elementor-post__excerpt\">\n\t\t\t<p>Kako lahko svoje \u017eelje in sanje uresni\u010dite \u017ee zdaj, medtem ko z nami delate za dosego velikega cilja? To smo raziskovali ve\u010d let. Re\u0161itev je v bistvu preprosta:<\/p>\n\t\t<\/div>\n\t\t\n\t\t<a class=\"elementor-post__read-more\" href=\"https:\/\/gradido.net\/sl\/studienkreis-gradido-botschafter-n-e-u\/\" aria-label=\"Preberite ve\u010d o \u0161tudijskem kro\u017eku: Gradido Ambassador N.E.U.\" tabindex=\"-1\" >\n\t\t\tPreberi ve\u010d\t\t<\/a>\n\n\t\t\t\t<\/div>\n\t\t\t\t<div class=\"elementor-post__meta-data\">\n\t\t\t\t\t<span class=\"elementor-post-date\">\n\t\t\t7. octobra 2024\t\t<\/span>\n\t\t\t\t<\/div>\n\t\t\t\t\t<\/div>\n\t\t<\/article>\n\t\t\t\t<article class=\"elementor-post elementor-grid-item post-9486 post type-post status-publish format-standard has-post-thumbnail hentry category-blog category-community\" role=\"listitem\">\n\t\t\t<div class=\"elementor-post__card\">\n\t\t\t\t<a class=\"elementor-post__thumbnail__link\" href=\"https:\/\/gradido.net\/sl\/selbstorganisation-in-organisationen-der-neuen-zeit\/\" tabindex=\"-1\" ><div class=\"elementor-post__thumbnail\"><img loading=\"lazy\" decoding=\"async\" width=\"800\" height=\"400\" src=\"https:\/\/gradido.net\/wp-content\/uploads\/2024\/09\/SWARM-1024x512.jpg\" class=\"attachment-large size-large wp-image-9487\" alt=\"\" srcset=\"https:\/\/gradido.net\/wp-content\/uploads\/2024\/09\/SWARM-1024x512.jpg 1024w, https:\/\/gradido.net\/wp-content\/uploads\/2024\/09\/SWARM-300x150.jpg 300w, https:\/\/gradido.net\/wp-content\/uploads\/2024\/09\/SWARM-768x384.jpg 768w, https:\/\/gradido.net\/wp-content\/uploads\/2024\/09\/SWARM-18x9.jpg 18w, https:\/\/gradido.net\/wp-content\/uploads\/2024\/09\/SWARM.jpg 1200w\" sizes=\"(max-width: 800px) 100vw, 800px\" \/><\/div><\/a>\n\t\t\t\t<div class=\"elementor-post__text\">\n\t\t\t\t<h3 class=\"elementor-post__title\">\n\t\t\t<a href=\"https:\/\/gradido.net\/sl\/selbstorganisation-in-organisationen-der-neuen-zeit\/\" >\n\t\t\t\tSamoorganizacija v organizacijah nove dobe\t\t\t<\/a>\n\t\t<\/h3>\n\t\t\t\t<div class=\"elementor-post__excerpt\">\n\t\t\t<p>Doba hierarhi\u010dnih organizacij se je kon\u010dala. Ljudje v \"novi dobi\" si mo\u010dno \u017eelijo, da bi se sre\u010dali z drugimi na ravni o\u010di, se organizirali in to po mo\u017enosti brez hierarhije.<\/p>\n\t\t<\/div>\n\t\t\n\t\t<a class=\"elementor-post__read-more\" href=\"https:\/\/gradido.net\/sl\/selbstorganisation-in-organisationen-der-neuen-zeit\/\" aria-label=\"Preberi ve\u010d o samoorganizaciji v organizacijah nove dobe\" tabindex=\"-1\" >\n\t\t\tPreberi ve\u010d\t\t<\/a>\n\n\t\t\t\t<\/div>\n\t\t\t\t<div class=\"elementor-post__meta-data\">\n\t\t\t\t\t<span class=\"elementor-post-date\">\n\t\t\t2. septembra 2024\t\t<\/span>\n\t\t\t\t<\/div>\n\t\t\t\t\t<\/div>\n\t\t<\/article>\n\t\t\t\t<article class=\"elementor-post elementor-grid-item post-9470 post type-post status-publish format-standard has-post-thumbnail hentry category-blog category-community category-gradido-konto\" role=\"listitem\">\n\t\t\t<div class=\"elementor-post__card\">\n\t\t\t\t<a class=\"elementor-post__thumbnail__link\" href=\"https:\/\/gradido.net\/sl\/entdecke-die-neuen-gradido-kreise\/\" tabindex=\"-1\" ><div class=\"elementor-post__thumbnail\"><img loading=\"lazy\" decoding=\"async\" width=\"800\" height=\"450\" src=\"https:\/\/gradido.net\/wp-content\/uploads\/2024\/09\/Gradido-Kreise-1024x576.jpg\" class=\"attachment-large size-large wp-image-9472\" alt=\"\" srcset=\"https:\/\/gradido.net\/wp-content\/uploads\/2024\/09\/Gradido-Kreise-1024x576.jpg 1024w, https:\/\/gradido.net\/wp-content\/uploads\/2024\/09\/Gradido-Kreise-300x169.jpg 300w, https:\/\/gradido.net\/wp-content\/uploads\/2024\/09\/Gradido-Kreise-768x432.jpg 768w, https:\/\/gradido.net\/wp-content\/uploads\/2024\/09\/Gradido-Kreise-18x10.jpg 18w, https:\/\/gradido.net\/wp-content\/uploads\/2024\/09\/Gradido-Kreise.jpg 1280w\" sizes=\"(max-width: 800px) 100vw, 800px\" \/><\/div><\/a>\n\t\t\t\t<div class=\"elementor-post__text\">\n\t\t\t\t<h3 class=\"elementor-post__title\">\n\t\t\t<a href=\"https:\/\/gradido.net\/sl\/entdecke-die-neuen-gradido-kreise\/\" >\n\t\t\t\tOdkrijte nove kroge Gradido\t\t\t<\/a>\n\t\t<\/h3>\n\t\t\t\t<div class=\"elementor-post__excerpt\">\n\t\t\t<p>Ste ga \u017ee videli? Od konca maja uporabljamo novo platformo skupnosti, ki jo imenujemo Gradido Circles. Zdaj lahko v varnih prostorih (imenovanih \"Prostori\") komunicirate z drugimi udele\u017eenci projekta Gradido in ste vedno bolj v stiku.<\/p>\n\t\t<\/div>\n\t\t\n\t\t<a class=\"elementor-post__read-more\" href=\"https:\/\/gradido.net\/sl\/entdecke-die-neuen-gradido-kreise\/\" aria-label=\"Preberite ve\u010d o Odkrijte nove kroge Gradido\" tabindex=\"-1\" >\n\t\t\tPreberi ve\u010d\t\t<\/a>\n\n\t\t\t\t<\/div>\n\t\t\t\t<div class=\"elementor-post__meta-data\">\n\t\t\t\t\t<span class=\"elementor-post-date\">\n\t\t\t30. avgusta 2024\t\t<\/span>\n\t\t\t\t<\/div>\n\t\t\t\t\t<\/div>\n\t\t<\/article>\n\t\t\t\t<article class=\"elementor-post elementor-grid-item post-9286 post type-post status-publish format-standard has-post-thumbnail hentry category-blog category-community\" role=\"listitem\">\n\t\t\t<div class=\"elementor-post__card\">\n\t\t\t\t<a class=\"elementor-post__thumbnail__link\" href=\"https:\/\/gradido.net\/sl\/society-4-0\/\" tabindex=\"-1\" ><div class=\"elementor-post__thumbnail\"><img loading=\"lazy\" decoding=\"async\" width=\"800\" height=\"439\" src=\"https:\/\/gradido.net\/wp-content\/uploads\/2024\/08\/Bildschirmfoto-2024-08-26-um-14.12.48-1024x562.png\" class=\"attachment-large size-large wp-image-9287\" alt=\"\" srcset=\"https:\/\/gradido.net\/wp-content\/uploads\/2024\/08\/Bildschirmfoto-2024-08-26-um-14.12.48-1024x562.png 1024w, https:\/\/gradido.net\/wp-content\/uploads\/2024\/08\/Bildschirmfoto-2024-08-26-um-14.12.48-300x165.png 300w, https:\/\/gradido.net\/wp-content\/uploads\/2024\/08\/Bildschirmfoto-2024-08-26-um-14.12.48-768x422.png 768w, https:\/\/gradido.net\/wp-content\/uploads\/2024\/08\/Bildschirmfoto-2024-08-26-um-14.12.48-1536x843.png 1536w, https:\/\/gradido.net\/wp-content\/uploads\/2024\/08\/Bildschirmfoto-2024-08-26-um-14.12.48-2048x1124.png 2048w, https:\/\/gradido.net\/wp-content\/uploads\/2024\/08\/Bildschirmfoto-2024-08-26-um-14.12.48-18x10.png 18w\" sizes=\"(max-width: 800px) 100vw, 800px\" \/><\/div><\/a>\n\t\t\t\t<div class=\"elementor-post__text\">\n\t\t\t\t<h3 class=\"elementor-post__title\">\n\t\t\t<a href=\"https:\/\/gradido.net\/sl\/society-4-0\/\" >\n\t\t\t\tSodelovanje z dru\u017ebo 4.0\t\t\t<\/a>\n\t\t<\/h3>\n\t\t\t\t<div class=\"elementor-post__excerpt\">\n\t\t\t<p>\"Veliko sodelovanje\" se \u0161e naprej razvija. Christiane L\u00fcpken, ki se zavzema za dru\u017ebo 4.0 in ustrezne nehierarhi\u010dne oblike samoorganizacije v Nem\u010diji, je aktivna \u010dlanica na\u0161ega kroga vizije, katerega naloga je spodbujati sodelovanje z enako misle\u010dimi ali podobnimi organizacijami, projekti in pobudami.<\/p>\n\t\t<\/div>\n\t\t\n\t\t<a class=\"elementor-post__read-more\" href=\"https:\/\/gradido.net\/sl\/society-4-0\/\" aria-label=\"Preberite ve\u010d o sodelovanju z dru\u017ebo 4.0\" tabindex=\"-1\" >\n\t\t\tPreberi ve\u010d\t\t<\/a>\n\n\t\t\t\t<\/div>\n\t\t\t\t<div class=\"elementor-post__meta-data\">\n\t\t\t\t\t<span class=\"elementor-post-date\">\n\t\t\t26. avgusta 2024\t\t<\/span>\n\t\t\t\t<\/div>\n\t\t\t\t\t<\/div>\n\t\t<\/article>\n\t\t\t\t<article class=\"elementor-post elementor-grid-item post-8590 post type-post status-publish format-standard has-post-thumbnail hentry category-blog category-community tag-bild-oben\" role=\"listitem\">\n\t\t\t<div class=\"elementor-post__card\">\n\t\t\t\t<a class=\"elementor-post__thumbnail__link\" href=\"https:\/\/gradido.net\/sl\/gradido-community-voraussichtlich-im-maerz\/\" tabindex=\"-1\" ><div class=\"elementor-post__thumbnail\"><img loading=\"lazy\" decoding=\"async\" width=\"800\" height=\"491\" src=\"https:\/\/gradido.net\/wp-content\/uploads\/2024\/01\/Bildschirmfoto-2024-04-14-um-11.43.45-1024x628.png\" class=\"attachment-large size-large wp-image-8849\" alt=\"\" srcset=\"https:\/\/gradido.net\/wp-content\/uploads\/2024\/01\/Bildschirmfoto-2024-04-14-um-11.43.45-1024x628.png 1024w, https:\/\/gradido.net\/wp-content\/uploads\/2024\/01\/Bildschirmfoto-2024-04-14-um-11.43.45-300x184.png 300w, https:\/\/gradido.net\/wp-content\/uploads\/2024\/01\/Bildschirmfoto-2024-04-14-um-11.43.45-768x471.png 768w, https:\/\/gradido.net\/wp-content\/uploads\/2024\/01\/Bildschirmfoto-2024-04-14-um-11.43.45-1536x943.png 1536w, https:\/\/gradido.net\/wp-content\/uploads\/2024\/01\/Bildschirmfoto-2024-04-14-um-11.43.45-2048x1257.png 2048w, https:\/\/gradido.net\/wp-content\/uploads\/2024\/01\/Bildschirmfoto-2024-04-14-um-11.43.45-18x12.png 18w\" sizes=\"(max-width: 800px) 100vw, 800px\" \/><\/div><\/a>\n\t\t\t\t<div class=\"elementor-post__text\">\n\t\t\t\t<h3 class=\"elementor-post__title\">\n\t\t\t<a href=\"https:\/\/gradido.net\/sl\/gradido-community-voraussichtlich-im-maerz\/\" >\n\t\t\t\tIntegrirana platforma za sodelovanje predvidoma maja\t\t\t<\/a>\n\t\t<\/h3>\n\t\t\t\t<div class=\"elementor-post__excerpt\">\n\t\t\t<p>Novo platformo za sodelovanje nameravamo vzpostaviti maja 2024. Vklju\u010dena je v ra\u010dun Gradido. Po testni fazi v Akademiji Gradido bo postala stalna sestavina vseh decentraliziranih stre\u017enikov Gradido.<\/p>\n\t\t<\/div>\n\t\t\n\t\t<a class=\"elementor-post__read-more\" href=\"https:\/\/gradido.net\/sl\/gradido-community-voraussichtlich-im-maerz\/\" aria-label=\"Preberite ve\u010d o integrirani platformi za sodelovanje, ki se pri\u010dakuje v maju\" tabindex=\"-1\" >\n\t\t\tPreberi ve\u010d\t\t<\/a>\n\n\t\t\t\t<\/div>\n\t\t\t\t<div class=\"elementor-post__meta-data\">\n\t\t\t\t\t<span class=\"elementor-post-date\">\n\t\t\t26. januar 2024\t\t<\/span>\n\t\t\t\t<\/div>\n\t\t\t\t\t<\/div>\n\t\t<\/article>\n\t\t\t\t<article class=\"elementor-post elementor-grid-item post-8362 post type-post status-publish format-standard has-post-thumbnail hentry category-blog category-community\" role=\"listitem\">\n\t\t\t<div class=\"elementor-post__card\">\n\t\t\t\t<a class=\"elementor-post__thumbnail__link\" href=\"https:\/\/gradido.net\/sl\/gradido-kreise-gemeinsam-mit-freunden-die-zukunft-gestalten\/\" tabindex=\"-1\" ><div class=\"elementor-post__thumbnail\"><img loading=\"lazy\" decoding=\"async\" width=\"800\" height=\"450\" src=\"https:\/\/gradido.net\/wp-content\/uploads\/2023\/12\/Freundeskreis-1024x576.jpg\" class=\"attachment-large size-large wp-image-8364\" alt=\"\" srcset=\"https:\/\/gradido.net\/wp-content\/uploads\/2023\/12\/Freundeskreis-1024x576.jpg 1024w, https:\/\/gradido.net\/wp-content\/uploads\/2023\/12\/Freundeskreis-300x169.jpg 300w, https:\/\/gradido.net\/wp-content\/uploads\/2023\/12\/Freundeskreis-768x432.jpg 768w, https:\/\/gradido.net\/wp-content\/uploads\/2023\/12\/Freundeskreis-1536x864.jpg 1536w, https:\/\/gradido.net\/wp-content\/uploads\/2023\/12\/Freundeskreis-18x10.jpg 18w, https:\/\/gradido.net\/wp-content\/uploads\/2023\/12\/Freundeskreis.jpg 1920w\" sizes=\"(max-width: 800px) 100vw, 800px\" \/><\/div><\/a>\n\t\t\t\t<div class=\"elementor-post__text\">\n\t\t\t\t<h3 class=\"elementor-post__title\">\n\t\t\t<a href=\"https:\/\/gradido.net\/sl\/gradido-kreise-gemeinsam-mit-freunden-die-zukunft-gestalten\/\" >\n\t\t\t\tKro\u017eki Gradido - Skupaj s prijatelji oblikujemo prihodnost\t\t\t<\/a>\n\t\t<\/h3>\n\t\t\t\t<div class=\"elementor-post__excerpt\">\n\t\t\t<p>Ne glede na to, ali \u017ee pripadate skupini ali ste se na\u0161li prek Gradida - \u010de \u017eelite skupaj uporabljati Gradido, ne potrebujete lastnega stre\u017enika Gradido.<\/p>\n\t\t<\/div>\n\t\t\n\t\t<a class=\"elementor-post__read-more\" href=\"https:\/\/gradido.net\/sl\/gradido-kreise-gemeinsam-mit-freunden-die-zukunft-gestalten\/\" aria-label=\"Preberi ve\u010d o Gradido kro\u017ekih - skupaj s prijatelji oblikujemo prihodnost\" tabindex=\"-1\" >\n\t\t\tPreberi ve\u010d\t\t<\/a>\n\n\t\t\t\t<\/div>\n\t\t\t\t<div class=\"elementor-post__meta-data\">\n\t\t\t\t\t<span class=\"elementor-post-date\">\n\t\t\t14 decembra 2023\t\t<\/span>\n\t\t\t\t<\/div>\n\t\t\t\t\t<\/div>\n\t\t<\/article>\n\t\t\t\t<article class=\"elementor-post elementor-grid-item post-6837 post type-post status-publish format-standard has-post-thumbnail hentry category-blog category-community category-gradido-konto tag-bild-oben\" role=\"listitem\">\n\t\t\t<div class=\"elementor-post__card\">\n\t\t\t\t<a class=\"elementor-post__thumbnail__link\" href=\"https:\/\/gradido.net\/sl\/webinar-wohlstand-und-frieden-fuer-die-menschheitsfamilie\/\" tabindex=\"-1\" ><div class=\"elementor-post__thumbnail\"><img loading=\"lazy\" decoding=\"async\" width=\"800\" height=\"377\" src=\"https:\/\/gradido.net\/wp-content\/uploads\/2023\/06\/Webinar-1024x482.png\" class=\"attachment-large size-large wp-image-6838\" alt=\"\" srcset=\"https:\/\/gradido.net\/wp-content\/uploads\/2023\/06\/Webinar-1024x482.png 1024w, https:\/\/gradido.net\/wp-content\/uploads\/2023\/06\/Webinar-300x141.png 300w, https:\/\/gradido.net\/wp-content\/uploads\/2023\/06\/Webinar-768x362.png 768w, https:\/\/gradido.net\/wp-content\/uploads\/2023\/06\/Webinar-1536x723.png 1536w, https:\/\/gradido.net\/wp-content\/uploads\/2023\/06\/Webinar-2048x964.png 2048w, https:\/\/gradido.net\/wp-content\/uploads\/2023\/06\/Webinar-18x8.png 18w\" sizes=\"(max-width: 800px) 100vw, 800px\" \/><\/div><\/a>\n\t\t\t\t<div class=\"elementor-post__text\">\n\t\t\t\t<h3 class=\"elementor-post__title\">\n\t\t\t<a href=\"https:\/\/gradido.net\/sl\/webinar-wohlstand-und-frieden-fuer-die-menschheitsfamilie\/\" >\n\t\t\t\tSpletni seminar: Blaginja in mir za \u010dlove\u0161ko dru\u017eino\t\t\t<\/a>\n\t\t<\/h3>\n\t\t\t\t<div class=\"elementor-post__excerpt\">\n\t\t\t<p>Legendarni spletni seminar z ustanoviteljem Gradida: dobili boste poglobljeno znanje o usodnih napakah starega denarnega sistema, edino smiselno re\u0161itev, ki temelji na modelu narave, in popoln vodnik, kako aktivno in radostno oblikovati prihodnost. - NOVI DATUMI!<\/p>\n\t\t<\/div>\n\t\t\n\t\t<a class=\"elementor-post__read-more\" href=\"https:\/\/gradido.net\/sl\/webinar-wohlstand-und-frieden-fuer-die-menschheitsfamilie\/\" aria-label=\"Preberite ve\u010d o spletnem seminarju: Blaginja in mir za \u010dlove\u0161ko dru\u017eino\" tabindex=\"-1\" >\n\t\t\tPreberi ve\u010d\t\t<\/a>\n\n\t\t\t\t<\/div>\n\t\t\t\t<div class=\"elementor-post__meta-data\">\n\t\t\t\t\t<span class=\"elementor-post-date\">\n\t\t\t10. junij 2023\t\t<\/span>\n\t\t\t\t<\/div>\n\t\t\t\t\t<\/div>\n\t\t<\/article>\n\t\t\t\t<article class=\"elementor-post elementor-grid-item post-6619 post type-post status-publish format-standard has-post-thumbnail hentry category-blog category-community\" role=\"listitem\">\n\t\t\t<div class=\"elementor-post__card\">\n\t\t\t\t<a class=\"elementor-post__thumbnail__link\" href=\"https:\/\/gradido.net\/sl\/gradidocafe\/\" tabindex=\"-1\" ><div class=\"elementor-post__thumbnail\"><img loading=\"lazy\" decoding=\"async\" width=\"800\" height=\"450\" src=\"https:\/\/gradido.net\/wp-content\/uploads\/2023\/05\/GradidoCaf\u00e9_WP-1024x576.jpg\" class=\"attachment-large size-large wp-image-6621\" alt=\"\" srcset=\"\" sizes=\"(max-width: 800px) 100vw, 800px\" data-srcset=\"\" \/><\/div><\/a>\n\t\t\t\t<div class=\"elementor-post__text\">\n\t\t\t\t<h3 class=\"elementor-post__title\">\n\t\t\t<a href=\"https:\/\/gradido.net\/sl\/gradidocafe\/\" >\n\t\t\t\tGradidoCaf\u00e9\t\t\t<\/a>\n\t\t<\/h3>\n\t\t\t\t<div class=\"elementor-post__excerpt\">\n\t\t\t<p>Se radi odpravite ven s prijatelji, npr. v restavracijo, pivnico ali kavarno? Kako bi bilo, \u010de bi se jim lahko na koncu zahvalili z Gradidom ali DankBarjem? To je ideja kavarn GradidoCaf\u00e9s.<\/p>\n\t\t<\/div>\n\t\t\n\t\t<a class=\"elementor-post__read-more\" href=\"https:\/\/gradido.net\/sl\/gradidocafe\/\" aria-label=\"Preberite ve\u010d o GradidoCaf\u00e9\" tabindex=\"-1\" >\n\t\t\tPreberi ve\u010d\t\t<\/a>\n\n\t\t\t\t<\/div>\n\t\t\t\t<div class=\"elementor-post__meta-data\">\n\t\t\t\t\t<span class=\"elementor-post-date\">\n\t\t\t5. maj 2023\t\t<\/span>\n\t\t\t\t<\/div>\n\t\t\t\t\t<\/div>\n\t\t<\/article>\n\t\t\t\t<article class=\"elementor-post elementor-grid-item post-5954 post type-post status-publish format-standard has-post-thumbnail hentry category-blog category-community\" role=\"listitem\">\n\t\t\t<div class=\"elementor-post__card\">\n\t\t\t\t<a class=\"elementor-post__thumbnail__link\" href=\"https:\/\/gradido.net\/sl\/great-cooperation-gradido-und-unternehmernetzwerke\/\" tabindex=\"-1\" ><div class=\"elementor-post__thumbnail\"><img loading=\"lazy\" decoding=\"async\" width=\"800\" height=\"453\" src=\"https:\/\/gradido.net\/wp-content\/uploads\/2022\/11\/Unternehmer-Netzwerk-1-1024x580.jpg\" class=\"attachment-large size-large wp-image-5956\" alt=\"\" srcset=\"https:\/\/gradido.net\/wp-content\/uploads\/2022\/11\/Unternehmer-Netzwerk-1-1024x580.jpg 1024w, https:\/\/gradido.net\/wp-content\/uploads\/2022\/11\/Unternehmer-Netzwerk-1-300x170.jpg 300w, https:\/\/gradido.net\/wp-content\/uploads\/2022\/11\/Unternehmer-Netzwerk-1-768x435.jpg 768w, https:\/\/gradido.net\/wp-content\/uploads\/2022\/11\/Unternehmer-Netzwerk-1-18x10.jpg 18w, https:\/\/gradido.net\/wp-content\/uploads\/2022\/11\/Unternehmer-Netzwerk-1.jpg 1500w\" sizes=\"(max-width: 800px) 100vw, 800px\" \/><\/div><\/a>\n\t\t\t\t<div class=\"elementor-post__text\">\n\t\t\t\t<h3 class=\"elementor-post__title\">\n\t\t\t<a href=\"https:\/\/gradido.net\/sl\/great-cooperation-gradido-und-unternehmernetzwerke\/\" >\n\t\t\t\tOdli\u010dno sodelovanje - Gradido in podjetni\u0161ke mre\u017ee\t\t\t<\/a>\n\t\t<\/h3>\n\t\t\t\t<div class=\"elementor-post__excerpt\">\n\t\t\t<p>Zdaj, ko postajajo usodne posledice sistema dol\u017eni\u0161kega denarja o\u010ditne, se vse ve\u010d ljudi prebuja in za\u010denja oblikovati alternativne strukture. V skupnostih, ki nastajajo na ta na\u010din, imamo zgodovinsko prilo\u017enost, da skupaj ustvarimo nov monetarni sistem, ki bo temeljil na hvale\u017enosti, spo\u0161tovanju in ljubezni.<\/p>\n\t\t<\/div>\n\t\t\n\t\t<a class=\"elementor-post__read-more\" href=\"https:\/\/gradido.net\/sl\/great-cooperation-gradido-und-unternehmernetzwerke\/\" aria-label=\"Preberite ve\u010d o Velikem sodelovanju - Gradido in podjetni\u0161ke mre\u017ee\" tabindex=\"-1\" >\n\t\t\tPreberi ve\u010d\t\t<\/a>\n\n\t\t\t\t<\/div>\n\t\t\t\t<div class=\"elementor-post__meta-data\">\n\t\t\t\t\t<span class=\"elementor-post-date\">\n\t\t\t26 novembra 2022\t\t<\/span>\n\t\t\t\t<\/div>\n\t\t\t\t\t<\/div>\n\t\t<\/article>\n\t\t\t\t<article class=\"elementor-post elementor-grid-item post-5821 post type-post status-publish format-standard has-post-thumbnail hentry category-blog category-community category-psychologie\" role=\"listitem\">\n\t\t\t<div class=\"elementor-post__card\">\n\t\t\t\t<a class=\"elementor-post__thumbnail__link\" href=\"https:\/\/gradido.net\/sl\/10-wochen-voller-dankbarkeit\/\" tabindex=\"-1\" ><div class=\"elementor-post__thumbnail\"><img loading=\"lazy\" decoding=\"async\" width=\"800\" height=\"534\" src=\"https:\/\/gradido.net\/wp-content\/uploads\/2022\/10\/10WDankbarkeit-1024x683.jpg\" class=\"attachment-large size-large wp-image-5822\" alt=\"\" srcset=\"https:\/\/gradido.net\/wp-content\/uploads\/2022\/10\/10WDankbarkeit-1024x683.jpg 1024w, https:\/\/gradido.net\/wp-content\/uploads\/2022\/10\/10WDankbarkeit-300x200.jpg 300w, https:\/\/gradido.net\/wp-content\/uploads\/2022\/10\/10WDankbarkeit-768x512.jpg 768w, https:\/\/gradido.net\/wp-content\/uploads\/2022\/10\/10WDankbarkeit-18x12.jpg 18w, https:\/\/gradido.net\/wp-content\/uploads\/2022\/10\/10WDankbarkeit.jpg 1500w\" sizes=\"(max-width: 800px) 100vw, 800px\" \/><\/div><\/a>\n\t\t\t\t<div class=\"elementor-post__text\">\n\t\t\t\t<h3 class=\"elementor-post__title\">\n\t\t\t<a href=\"https:\/\/gradido.net\/sl\/10-wochen-voller-dankbarkeit\/\" >\n\t\t\t\t10 tednov, polnih hvale\u017enosti\t\t\t<\/a>\n\t\t<\/h3>\n\t\t\t\t<div class=\"elementor-post__excerpt\">\n\t\t\t<p>Vsaki\u010d, ko po\u0161ljete Gradidos drugim ljudem, vnesete hvale\u017enost v njihovo in svoje \u017eivljenje. Hvale\u017enost je \u010dudovit ob\u010dutek. Z vsakodnevnim priklicem, negovanjem in u\u017eivanjem v njej krepimo svoje dobro po\u010dutje in ustvarjalno mo\u010d. <\/p>\n\t\t<\/div>\n\t\t\n\t\t<a class=\"elementor-post__read-more\" href=\"https:\/\/gradido.net\/sl\/10-wochen-voller-dankbarkeit\/\" aria-label=\"Preberite ve\u010d o 10 tednih, polnih hvale\u017enosti\" tabindex=\"-1\" >\n\t\t\tPreberi ve\u010d\t\t<\/a>\n\n\t\t\t\t<\/div>\n\t\t\t\t<div class=\"elementor-post__meta-data\">\n\t\t\t\t\t<span class=\"elementor-post-date\">\n\t\t\t25 octobre 2022\t\t<\/span>\n\t\t\t\t<\/div>\n\t\t\t\t\t<\/div>\n\t\t<\/article>\n\t\t\t\t<article class=\"elementor-post elementor-grid-item post-5802 post type-post status-publish format-standard has-post-thumbnail hentry category-blog category-community category-psychologie\" role=\"listitem\">\n\t\t\t<div class=\"elementor-post__card\">\n\t\t\t\t<a class=\"elementor-post__thumbnail__link\" href=\"https:\/\/gradido.net\/sl\/gradido-potenzialentfaltung-im-herbst-2022\/\" tabindex=\"-1\" ><div class=\"elementor-post__thumbnail\"><img loading=\"lazy\" decoding=\"async\" width=\"800\" height=\"534\" src=\"https:\/\/gradido.net\/wp-content\/uploads\/2022\/10\/Potenzialentfaltung-1024x683.jpg\" class=\"attachment-large size-large wp-image-5803\" alt=\"\" srcset=\"https:\/\/gradido.net\/wp-content\/uploads\/2022\/10\/Potenzialentfaltung-1024x683.jpg 1024w, https:\/\/gradido.net\/wp-content\/uploads\/2022\/10\/Potenzialentfaltung-300x200.jpg 300w, https:\/\/gradido.net\/wp-content\/uploads\/2022\/10\/Potenzialentfaltung-768x512.jpg 768w, https:\/\/gradido.net\/wp-content\/uploads\/2022\/10\/Potenzialentfaltung-18x12.jpg 18w, https:\/\/gradido.net\/wp-content\/uploads\/2022\/10\/Potenzialentfaltung.jpg 1500w\" sizes=\"(max-width: 800px) 100vw, 800px\" \/><\/div><\/a>\n\t\t\t\t<div class=\"elementor-post__text\">\n\t\t\t\t<h3 class=\"elementor-post__title\">\n\t\t\t<a href=\"https:\/\/gradido.net\/sl\/gradido-potenzialentfaltung-im-herbst-2022\/\" >\n\t\t\t\tGradido potencialni razvoj jeseni 2022\t\t\t<\/a>\n\t\t<\/h3>\n\t\t\t\t<div class=\"elementor-post__excerpt\">\n\t\t\t<p>Zaradi velikega uspeha nadaljujemo: Na podlagi velikega povpra\u0161evanja nadaljujemo z razvojem potenciala Gradido. 2 uri na teden vlo\u017eite vase - in videli boste, kak\u0161ne pozitivne spremembe boste do\u017eiveli v 12 tednih.<\/p>\n\t\t<\/div>\n\t\t\n\t\t<a class=\"elementor-post__read-more\" href=\"https:\/\/gradido.net\/sl\/gradido-potenzialentfaltung-im-herbst-2022\/\" aria-label=\"Preberite ve\u010d o potencialnem razvoju Gradida jeseni 2022\" tabindex=\"-1\" >\n\t\t\tPreberi ve\u010d\t\t<\/a>\n\n\t\t\t\t<\/div>\n\t\t\t\t<div class=\"elementor-post__meta-data\">\n\t\t\t\t\t<span class=\"elementor-post-date\">\n\t\t\t23 octobre 2022\t\t<\/span>\n\t\t\t\t<\/div>\n\t\t\t\t\t<\/div>\n\t\t<\/article>\n\t\t\t\t<article class=\"elementor-post elementor-grid-item post-5711 post type-post status-publish format-standard has-post-thumbnail hentry category-blog category-community\" role=\"listitem\">\n\t\t\t<div class=\"elementor-post__card\">\n\t\t\t\t<a class=\"elementor-post__thumbnail__link\" href=\"https:\/\/gradido.net\/sl\/great-cooperation-gradido-akademie-international-und-plasmatec\/\" tabindex=\"-1\" ><div class=\"elementor-post__thumbnail\"><img loading=\"lazy\" decoding=\"async\" width=\"800\" height=\"500\" src=\"https:\/\/gradido.net\/wp-content\/uploads\/2022\/10\/Pustritz_2-1024x640.jpg\" class=\"attachment-large size-large wp-image-5713\" alt=\"\" srcset=\"https:\/\/gradido.net\/wp-content\/uploads\/2022\/10\/Pustritz_2-1024x640.jpg 1024w, https:\/\/gradido.net\/wp-content\/uploads\/2022\/10\/Pustritz_2-300x188.jpg 300w, https:\/\/gradido.net\/wp-content\/uploads\/2022\/10\/Pustritz_2-768x480.jpg 768w, https:\/\/gradido.net\/wp-content\/uploads\/2022\/10\/Pustritz_2-1536x960.jpg 1536w, https:\/\/gradido.net\/wp-content\/uploads\/2022\/10\/Pustritz_2-18x12.jpg 18w, https:\/\/gradido.net\/wp-content\/uploads\/2022\/10\/Pustritz_2.jpg 1600w\" sizes=\"(max-width: 800px) 100vw, 800px\" \/><\/div><\/a>\n\t\t\t\t<div class=\"elementor-post__text\">\n\t\t\t\t<h3 class=\"elementor-post__title\">\n\t\t\t<a href=\"https:\/\/gradido.net\/sl\/great-cooperation-gradido-akademie-international-und-plasmatec\/\" >\n\t\t\t\tOdli\u010dno sodelovanje: Gradido Academy International in PLASMA TEC\t\t\t<\/a>\n\t\t<\/h3>\n\t\t\t\t<div class=\"elementor-post__excerpt\">\n\t\t\t<p>Med obiskom sede\u017ea na\u0161ega zdru\u017eenja v Pustritzu na avstrijskem Koro\u0161kem smo pre\u017eiveli \u010dudovit \u010das ob sre\u010danju z zanimivimi ljudmi, ki si prizadevajo za dobro prihodnost. Med drugim smo se sre\u010dali s predsednikom raziskovalnega in\u0161tituta PLASMA TEC Haraldom Reichlom in se pogovarjali o nadaljnjih korakih na\u0161ega skupnega sodelovanja.<\/p>\n\t\t<\/div>\n\t\t\n\t\t<a class=\"elementor-post__read-more\" href=\"https:\/\/gradido.net\/sl\/great-cooperation-gradido-akademie-international-und-plasmatec\/\" aria-label=\"Preberite ve\u010d o odli\u010dnem sodelovanju: Gradido Akademie International in PLASMA TEC\" tabindex=\"-1\" >\n\t\t\tPreberi ve\u010d\t\t<\/a>\n\n\t\t\t\t<\/div>\n\t\t\t\t<div class=\"elementor-post__meta-data\">\n\t\t\t\t\t<span class=\"elementor-post-date\">\n\t\t\t10. oktober 2022\t\t<\/span>\n\t\t\t\t<\/div>\n\t\t\t\t\t<\/div>\n\t\t<\/article>\n\t\t\t\t<article class=\"elementor-post elementor-grid-item post-5764 post type-post status-publish format-standard has-post-thumbnail hentry category-blog category-community category-psychologie\" role=\"listitem\">\n\t\t\t<div class=\"elementor-post__card\">\n\t\t\t\t<a class=\"elementor-post__thumbnail__link\" href=\"https:\/\/gradido.net\/sl\/prenow-das-spiel-das-mitdenkt-und-kreative-loesungen-hervorbringt\/\" tabindex=\"-1\" ><div class=\"elementor-post__thumbnail\"><img loading=\"lazy\" decoding=\"async\" width=\"800\" height=\"450\" src=\"https:\/\/gradido.net\/wp-content\/uploads\/2022\/10\/PreNow1.jpg\" class=\"attachment-large size-large wp-image-5765\" alt=\"\" srcset=\"https:\/\/gradido.net\/wp-content\/uploads\/2022\/10\/PreNow1.jpg 800w, https:\/\/gradido.net\/wp-content\/uploads\/2022\/10\/PreNow1-300x169.jpg 300w, https:\/\/gradido.net\/wp-content\/uploads\/2022\/10\/PreNow1-768x432.jpg 768w, https:\/\/gradido.net\/wp-content\/uploads\/2022\/10\/PreNow1-18x10.jpg 18w\" sizes=\"(max-width: 800px) 100vw, 800px\" \/><\/div><\/a>\n\t\t\t\t<div class=\"elementor-post__text\">\n\t\t\t\t<h3 class=\"elementor-post__title\">\n\t\t\t<a href=\"https:\/\/gradido.net\/sl\/prenow-das-spiel-das-mitdenkt-und-kreative-loesungen-hervorbringt\/\" >\n\t\t\t\tPreNow - igra, ki razmi\u0161lja in ustvarja ustvarjalne re\u0161itve\t\t\t<\/a>\n\t\t<\/h3>\n\t\t\t\t<div class=\"elementor-post__excerpt\">\n\t\t\t<p>Brainstorming je bil v\u010deraj! Danes lahko vsak v skupini nekaj naredi sam in poka\u017ee, kak\u0161ne mo\u017enosti ima. V petek se na Zoomu za\u010dne Gradidova PreNow kavarna - tema: Gradidova skupnost in njene mo\u017enosti - Nadaljnje PreNow kavarne vsak petek ob 16:00 (Zoom).<\/p>\n\t\t<\/div>\n\t\t\n\t\t<a class=\"elementor-post__read-more\" href=\"https:\/\/gradido.net\/sl\/prenow-das-spiel-das-mitdenkt-und-kreative-loesungen-hervorbringt\/\" aria-label=\"Preberi ve\u010d o PreNow - igri, ki razmi\u0161lja in ustvarja ustvarjalne re\u0161itve\" tabindex=\"-1\" >\n\t\t\tPreberi ve\u010d\t\t<\/a>\n\n\t\t\t\t<\/div>\n\t\t\t\t<div class=\"elementor-post__meta-data\">\n\t\t\t\t\t<span class=\"elementor-post-date\">\n\t\t\t30 september 2022\t\t<\/span>\n\t\t\t\t<\/div>\n\t\t\t\t\t<\/div>\n\t\t<\/article>\n\t\t\t\t<article class=\"elementor-post elementor-grid-item post-5422 post type-post status-publish format-standard has-post-thumbnail hentry category-blog category-community category-gradido-konto category-psychologie\" role=\"listitem\">\n\t\t\t<div class=\"elementor-post__card\">\n\t\t\t\t<a class=\"elementor-post__thumbnail__link\" href=\"https:\/\/gradido.net\/sl\/gemeinwohl-was-ist-das\/\" tabindex=\"-1\" ><div class=\"elementor-post__thumbnail\"><img loading=\"lazy\" decoding=\"async\" width=\"800\" height=\"534\" src=\"https:\/\/gradido.net\/wp-content\/uploads\/2022\/08\/Gemeinwohl-Blog2-1024x683.jpg\" class=\"attachment-large size-large wp-image-5476\" alt=\"\" srcset=\"https:\/\/gradido.net\/wp-content\/uploads\/2022\/08\/Gemeinwohl-Blog2-1024x683.jpg 1024w, https:\/\/gradido.net\/wp-content\/uploads\/2022\/08\/Gemeinwohl-Blog2-300x200.jpg 300w, https:\/\/gradido.net\/wp-content\/uploads\/2022\/08\/Gemeinwohl-Blog2-768x512.jpg 768w, https:\/\/gradido.net\/wp-content\/uploads\/2022\/08\/Gemeinwohl-Blog2-1536x1024.jpg 1536w, https:\/\/gradido.net\/wp-content\/uploads\/2022\/08\/Gemeinwohl-Blog2-18x12.jpg 18w, https:\/\/gradido.net\/wp-content\/uploads\/2022\/08\/Gemeinwohl-Blog2.jpg 1800w\" sizes=\"(max-width: 800px) 100vw, 800px\" \/><\/div><\/a>\n\t\t\t\t<div class=\"elementor-post__text\">\n\t\t\t\t<h3 class=\"elementor-post__title\">\n\t\t\t<a href=\"https:\/\/gradido.net\/sl\/gemeinwohl-was-ist-das\/\" >\n\t\t\t\tKaj je skupno dobro?\t\t\t<\/a>\n\t\t<\/h3>\n\t\t\t\t<div class=\"elementor-post__excerpt\">\n\t\t\t<p>Prispevki v skupno dobro so vse, kar bi po zdravi pameti imenovali prostovoljstvo, prostovoljno delo itd. - v nasprotju s posameznimi prispevki ene osebe drugi.<\/p>\n\t\t<\/div>\n\t\t\n\t\t<a class=\"elementor-post__read-more\" href=\"https:\/\/gradido.net\/sl\/gemeinwohl-was-ist-das\/\" aria-label=\"Preberi ve\u010d o Skupno dobro - kaj je to?\" tabindex=\"-1\" >\n\t\t\tPreberi ve\u010d\t\t<\/a>\n\n\t\t\t\t<\/div>\n\t\t\t\t<div class=\"elementor-post__meta-data\">\n\t\t\t\t\t<span class=\"elementor-post-date\">\n\t\t\t9. avgusta 2022\t\t<\/span>\n\t\t\t\t<\/div>\n\t\t\t\t\t<\/div>\n\t\t<\/article>\n\t\t\t\t<article class=\"elementor-post elementor-grid-item post-4464 post type-post status-publish format-standard has-post-thumbnail hentry category-blog category-community category-psychologie tag-bild-oben tag-grosse-kooperation\" role=\"listitem\">\n\t\t\t<div class=\"elementor-post__card\">\n\t\t\t\t<a class=\"elementor-post__thumbnail__link\" href=\"https:\/\/gradido.net\/sl\/weltbevoelkerung-wir-sind-viele-das-ist-gut\/\" tabindex=\"-1\" ><div class=\"elementor-post__thumbnail\"><img loading=\"lazy\" decoding=\"async\" width=\"800\" height=\"534\" src=\"https:\/\/gradido.net\/wp-content\/uploads\/2022\/05\/Weltbevoelkerung-1024x683.jpg\" class=\"attachment-large size-large wp-image-4465\" alt=\"\" srcset=\"https:\/\/gradido.net\/wp-content\/uploads\/2022\/05\/Weltbevoelkerung-1024x683.jpg 1024w, https:\/\/gradido.net\/wp-content\/uploads\/2022\/05\/Weltbevoelkerung-300x200.jpg 300w, https:\/\/gradido.net\/wp-content\/uploads\/2022\/05\/Weltbevoelkerung-768x512.jpg 768w, https:\/\/gradido.net\/wp-content\/uploads\/2022\/05\/Weltbevoelkerung-18x12.jpg 18w, https:\/\/gradido.net\/wp-content\/uploads\/2022\/05\/Weltbevoelkerung.jpg 1200w\" sizes=\"(max-width: 800px) 100vw, 800px\" \/><\/div><\/a>\n\t\t\t\t<div class=\"elementor-post__text\">\n\t\t\t\t<h3 class=\"elementor-post__title\">\n\t\t\t<a href=\"https:\/\/gradido.net\/sl\/weltbevoelkerung-wir-sind-viele-das-ist-gut\/\" >\n\t\t\t\tSvetovno prebivalstvo: veliko nas je. To je dobro.\t\t\t<\/a>\n\t\t<\/h3>\n\t\t\t\t<div class=\"elementor-post__excerpt\">\n\t\t\t<p>8 milijard ljudi je re\u0161itev, ne problem. Hvale\u017eni smo lahko vsakemu \u010dlove\u0161kemu bitju, saj prispeva k temu, da lahko \u010dlove\u0161tvo preide na naslednjo, vi\u0161jo stopnjo razvoja.<\/p>\n\t\t<\/div>\n\t\t\n\t\t<a class=\"elementor-post__read-more\" href=\"https:\/\/gradido.net\/sl\/weltbevoelkerung-wir-sind-viele-das-ist-gut\/\" aria-label=\"Preberi ve\u010d o svetovnem prebivalstvu: veliko nas je. To je dobro.\" tabindex=\"-1\" >\n\t\t\tPreberi ve\u010d\t\t<\/a>\n\n\t\t\t\t<\/div>\n\t\t\t\t<div class=\"elementor-post__meta-data\">\n\t\t\t\t\t<span class=\"elementor-post-date\">\n\t\t\t24. maj 2022\t\t<\/span>\n\t\t\t\t<\/div>\n\t\t\t\t\t<\/div>\n\t\t<\/article>\n\t\t\t\t<article class=\"elementor-post elementor-grid-item post-4410 post type-post status-publish format-standard has-post-thumbnail hentry category-blog category-community category-pressemitteilung category-psychologie tag-bild-oben\" role=\"listitem\">\n\t\t\t<div class=\"elementor-post__card\">\n\t\t\t\t<a class=\"elementor-post__thumbnail__link\" href=\"https:\/\/gradido.net\/sl\/gradido-interview-im-walnussblatt\/\" tabindex=\"-1\" ><div class=\"elementor-post__thumbnail\"><img loading=\"lazy\" decoding=\"async\" width=\"800\" height=\"534\" src=\"https:\/\/gradido.net\/wp-content\/uploads\/2022\/05\/Walnussblatt_Blog4-1024x683.jpg\" class=\"attachment-large size-large wp-image-4428\" alt=\"\" srcset=\"https:\/\/gradido.net\/wp-content\/uploads\/2022\/05\/Walnussblatt_Blog4-1024x683.jpg 1024w, https:\/\/gradido.net\/wp-content\/uploads\/2022\/05\/Walnussblatt_Blog4-300x200.jpg 300w, https:\/\/gradido.net\/wp-content\/uploads\/2022\/05\/Walnussblatt_Blog4-768x512.jpg 768w, https:\/\/gradido.net\/wp-content\/uploads\/2022\/05\/Walnussblatt_Blog4-18x12.jpg 18w, https:\/\/gradido.net\/wp-content\/uploads\/2022\/05\/Walnussblatt_Blog4.jpg 1500w\" sizes=\"(max-width: 800px) 100vw, 800px\" \/><\/div><\/a>\n\t\t\t\t<div class=\"elementor-post__text\">\n\t\t\t\t<h3 class=\"elementor-post__title\">\n\t\t\t<a href=\"https:\/\/gradido.net\/sl\/gradido-interview-im-walnussblatt\/\" >\n\t\t\t\tIntervju z Gradidom v \"WALNUSSblatt\t\t\t<\/a>\n\t\t<\/h3>\n\t\t\t\t<div class=\"elementor-post__excerpt\">\n\t\t\t<p>Aktualna \u0161tevilka obravnava veliko temo: \"Pot do miru: ljubezen\". Z naslovom \"Gradido - nova valuta se imenuje hvale\u017enost\" Pedro prina\u0161a intervju z Berndom, ki ga je vredno prebrati o novi usmeritvi in trenutnem stanju Gradida kot osnovnega mirovnega orodja.<\/p>\n\t\t<\/div>\n\t\t\n\t\t<a class=\"elementor-post__read-more\" href=\"https:\/\/gradido.net\/sl\/gradido-interview-im-walnussblatt\/\" aria-label=\"Preberite ve\u010d o intervjuju za Gradido v \u010dasopisu WALNUSSblatt\" tabindex=\"-1\" >\n\t\t\tPreberi ve\u010d\t\t<\/a>\n\n\t\t\t\t<\/div>\n\t\t\t\t<div class=\"elementor-post__meta-data\">\n\t\t\t\t\t<span class=\"elementor-post-date\">\n\t\t\t15. maj 2022\t\t<\/span>\n\t\t\t\t<\/div>\n\t\t\t\t\t<\/div>\n\t\t<\/article>\n\t\t\t\t<article class=\"elementor-post elementor-grid-item post-4228 post type-post status-publish format-standard has-post-thumbnail hentry category-blog category-community category-gradido-konto\" role=\"listitem\">\n\t\t\t<div class=\"elementor-post__card\">\n\t\t\t\t<a class=\"elementor-post__thumbnail__link\" href=\"https:\/\/gradido.net\/sl\/gradido-link-erfahrungen-und-textvorschlaege\/\" tabindex=\"-1\" ><div class=\"elementor-post__thumbnail\"><img loading=\"lazy\" decoding=\"async\" width=\"800\" height=\"354\" src=\"https:\/\/gradido.net\/wp-content\/uploads\/2022\/04\/DANKE-1-1024x453.jpg\" class=\"attachment-large size-large wp-image-4231\" alt=\"\" srcset=\"https:\/\/gradido.net\/wp-content\/uploads\/2022\/04\/DANKE-1-1024x453.jpg 1024w, https:\/\/gradido.net\/wp-content\/uploads\/2022\/04\/DANKE-1-300x133.jpg 300w, https:\/\/gradido.net\/wp-content\/uploads\/2022\/04\/DANKE-1-768x340.jpg 768w, https:\/\/gradido.net\/wp-content\/uploads\/2022\/04\/DANKE-1-1536x680.jpg 1536w, https:\/\/gradido.net\/wp-content\/uploads\/2022\/04\/DANKE-1-18x8.jpg 18w, https:\/\/gradido.net\/wp-content\/uploads\/2022\/04\/DANKE-1.jpg 1600w\" sizes=\"(max-width: 800px) 100vw, 800px\" \/><\/div><\/a>\n\t\t\t\t<div class=\"elementor-post__text\">\n\t\t\t\t<h3 class=\"elementor-post__title\">\n\t\t\t<a href=\"https:\/\/gradido.net\/sl\/gradido-link-erfahrungen-und-textvorschlaege\/\" >\n\t\t\t\tGradido Link - Izku\u0161nje in predlogi besedil\t\t\t<\/a>\n\t\t<\/h3>\n\t\t\t\t<div class=\"elementor-post__excerpt\">\n\t\t\t<p>Da bi vam to \u010dim bolj olaj\u0161ali, smo pripravili predloge besedil za razli\u010dne primere. Prilagodite jih po svojih \u017eeljah in zamislih.<\/p>\n\t\t<\/div>\n\t\t\n\t\t<a class=\"elementor-post__read-more\" href=\"https:\/\/gradido.net\/sl\/gradido-link-erfahrungen-und-textvorschlaege\/\" aria-label=\"Preberite ve\u010d o Gradido link - izku\u0161nje in predlogi besedil\" tabindex=\"-1\" >\n\t\t\tPreberi ve\u010d\t\t<\/a>\n\n\t\t\t\t<\/div>\n\t\t\t\t<div class=\"elementor-post__meta-data\">\n\t\t\t\t\t<span class=\"elementor-post-date\">\n\t\t\t24 april 2022\t\t<\/span>\n\t\t\t\t<\/div>\n\t\t\t\t\t<\/div>\n\t\t<\/article>\n\t\t\t\t<article class=\"elementor-post elementor-grid-item post-4024 post type-post status-publish format-standard has-post-thumbnail hentry category-blog category-community\" role=\"listitem\">\n\t\t\t<div class=\"elementor-post__card\">\n\t\t\t\t<a class=\"elementor-post__thumbnail__link\" href=\"https:\/\/gradido.net\/sl\/freunde-finden-und-neue-wirklichkeit-gestalten\/\" tabindex=\"-1\" ><div class=\"elementor-post__thumbnail\"><img loading=\"lazy\" decoding=\"async\" width=\"800\" height=\"534\" src=\"https:\/\/gradido.net\/wp-content\/uploads\/2022\/02\/AdobeStock_79579109-1024x683.jpeg\" class=\"attachment-large size-large wp-image-4216\" alt=\"\" srcset=\"https:\/\/gradido.net\/wp-content\/uploads\/2022\/02\/AdobeStock_79579109-1024x683.jpeg 1024w, https:\/\/gradido.net\/wp-content\/uploads\/2022\/02\/AdobeStock_79579109-300x200.jpeg 300w, https:\/\/gradido.net\/wp-content\/uploads\/2022\/02\/AdobeStock_79579109-768x512.jpeg 768w, https:\/\/gradido.net\/wp-content\/uploads\/2022\/02\/AdobeStock_79579109-1536x1024.jpeg 1536w, https:\/\/gradido.net\/wp-content\/uploads\/2022\/02\/AdobeStock_79579109-2048x1365.jpeg 2048w, https:\/\/gradido.net\/wp-content\/uploads\/2022\/02\/AdobeStock_79579109-18x12.jpeg 18w\" sizes=\"(max-width: 800px) 100vw, 800px\" \/><\/div><\/a>\n\t\t\t\t<div class=\"elementor-post__text\">\n\t\t\t\t<h3 class=\"elementor-post__title\">\n\t\t\t<a href=\"https:\/\/gradido.net\/sl\/freunde-finden-und-neue-wirklichkeit-gestalten\/\" >\n\t\t\t\tSklepanje prijateljstev in oblikovanje nove resni\u010dnosti\t\t\t<\/a>\n\t\t<\/h3>\n\t\t\t\t<div class=\"elementor-post__excerpt\">\n\t\t\t<p>Z Gradidom se vsak dan zahvaljujete drugim in tako pridobivate vedno ve\u010d prijateljev. Krepimo drug drugega, oblikujemo alternativne \"otoke Gradido\" in postajamo vse bolj neodvisni od starega sistema.<\/p>\n\t\t<\/div>\n\t\t\n\t\t<a class=\"elementor-post__read-more\" href=\"https:\/\/gradido.net\/sl\/freunde-finden-und-neue-wirklichkeit-gestalten\/\" aria-label=\"Preberi ve\u010d o Sklepanju prijateljstev in ustvarjanju nove resni\u010dnosti\" tabindex=\"-1\" >\n\t\t\tPreberi ve\u010d\t\t<\/a>\n\n\t\t\t\t<\/div>\n\t\t\t\t<div class=\"elementor-post__meta-data\">\n\t\t\t\t\t<span class=\"elementor-post-date\">\n\t\t\t20 april 2022\t\t<\/span>\n\t\t\t\t<\/div>\n\t\t\t\t\t<\/div>\n\t\t<\/article>\n\t\t\t\t<\/div>\n\t\t\n\t\t\t\t\t\t<\/div>\n\t\t\t\t<\/div>\n\t\t\t\t\t<\/div>\n\t\t<\/div>\n\t\t\t\t\t<\/div>\n\t\t<\/section>\n\t\t\t\t<\/div>","protected":false},"excerpt":{"rendered":"<p>Skupnost<\/p>","protected":false},"author":2,"featured_media":3960,"parent":704,"menu_order":0,"comment_status":"closed","ping_status":"closed","template":"","meta":{"footnotes":""},"class_list":["post-13614","page","type-page","status-publish","has-post-thumbnail","hentry"],"yoast_head":"<!-- This site is optimized with the Yoast SEO plugin v27.4 - https:\/\/yoast.com\/product\/yoast-seo-wordpress\/ -->\n<title>Community - Gradido<\/title>\n<meta name=\"description\" content=\"Aktuelles und Wissenswertes \u00fcber die neue Dankbarkeitsw\u00e4hrung\" \/>\n<meta name=\"robots\" content=\"index, follow, max-snippet:-1, max-image-preview:large, max-video-preview:-1\" \/>\n<link rel=\"canonical\" href=\"https:\/\/gradido.net\/sl\/blog\/community\/\" \/>\n<meta property=\"og:locale\" content=\"sl_SI\" \/>\n<meta property=\"og:type\" content=\"article\" \/>\n<meta property=\"og:title\" content=\"Community - Gradido\" \/>\n<meta property=\"og:description\" content=\"Aktuelles und Wissenswertes \u00fcber die neue Dankbarkeitsw\u00e4hrung\" \/>\n<meta property=\"og:url\" content=\"https:\/\/gradido.net\/sl\/blog\/community\/\" \/>\n<meta property=\"og:site_name\" content=\"Gradido\" \/>\n<meta property=\"article:modified_time\" content=\"2026-04-24T06:36:55+00:00\" \/>\n<meta property=\"og:image\" content=\"https:\/\/gradido.net\/wp-content\/uploads\/2022\/02\/blog.jpg\" \/>\n\t<meta property=\"og:image:width\" content=\"1920\" \/>\n\t<meta property=\"og:image:height\" content=\"450\" \/>\n\t<meta property=\"og:image:type\" content=\"image\/jpeg\" \/>\n<meta name=\"twitter:card\" content=\"summary_large_image\" \/>\n<meta name=\"twitter:label1\" content=\"Est. reading time\" \/>\n\t<meta name=\"twitter:data1\" content=\"20 minut\" \/>\n<script type=\"application\/ld+json\" class=\"yoast-schema-graph\">{\"@context\":\"https:\\\/\\\/schema.org\",\"@graph\":[{\"@type\":\"WebPage\",\"@id\":\"https:\\\/\\\/gradido.net\\\/de\\\/blog\\\/community\\\/\",\"url\":\"https:\\\/\\\/gradido.net\\\/de\\\/blog\\\/community\\\/\",\"name\":\"Community - Gradido\",\"isPartOf\":{\"@id\":\"https:\\\/\\\/gradido.net\\\/de\\\/#website\"},\"primaryImageOfPage\":{\"@id\":\"https:\\\/\\\/gradido.net\\\/de\\\/blog\\\/community\\\/#primaryimage\"},\"image\":{\"@id\":\"https:\\\/\\\/gradido.net\\\/de\\\/blog\\\/community\\\/#primaryimage\"},\"thumbnailUrl\":\"https:\\\/\\\/gradido.net\\\/wp-content\\\/uploads\\\/2022\\\/02\\\/blog.jpg\",\"datePublished\":\"2026-04-24T06:24:38+00:00\",\"dateModified\":\"2026-04-24T06:36:55+00:00\",\"description\":\"Aktuelles und Wissenswertes \u00fcber die neue Dankbarkeitsw\u00e4hrung\",\"breadcrumb\":{\"@id\":\"https:\\\/\\\/gradido.net\\\/de\\\/blog\\\/community\\\/#breadcrumb\"},\"inLanguage\":\"sl-SI\",\"potentialAction\":[{\"@type\":\"ReadAction\",\"target\":[\"https:\\\/\\\/gradido.net\\\/de\\\/blog\\\/community\\\/\"]}]},{\"@type\":\"ImageObject\",\"inLanguage\":\"sl-SI\",\"@id\":\"https:\\\/\\\/gradido.net\\\/de\\\/blog\\\/community\\\/#primaryimage\",\"url\":\"https:\\\/\\\/gradido.net\\\/wp-content\\\/uploads\\\/2022\\\/02\\\/blog.jpg\",\"contentUrl\":\"https:\\\/\\\/gradido.net\\\/wp-content\\\/uploads\\\/2022\\\/02\\\/blog.jpg\",\"width\":1920,\"height\":450},{\"@type\":\"BreadcrumbList\",\"@id\":\"https:\\\/\\\/gradido.net\\\/de\\\/blog\\\/community\\\/#breadcrumb\",\"itemListElement\":[{\"@type\":\"ListItem\",\"position\":1,\"name\":\"Startseite\",\"item\":\"https:\\\/\\\/gradido.net\\\/\"},{\"@type\":\"ListItem\",\"position\":2,\"name\":\"Blog\",\"item\":\"https:\\\/\\\/gradido.net\\\/blog\\\/\"},{\"@type\":\"ListItem\",\"position\":3,\"name\":\"Community\"}]},{\"@type\":\"WebSite\",\"@id\":\"https:\\\/\\\/gradido.net\\\/de\\\/#website\",\"url\":\"https:\\\/\\\/gradido.net\\\/de\\\/\",\"name\":\"Gradido\",\"description\":\"Die neue W\u00e4hrung hei\u00dft Dankbarkeit\",\"publisher\":{\"@id\":\"https:\\\/\\\/gradido.net\\\/de\\\/#organization\"},\"potentialAction\":[{\"@type\":\"SearchAction\",\"target\":{\"@type\":\"EntryPoint\",\"urlTemplate\":\"https:\\\/\\\/gradido.net\\\/de\\\/?s={search_term_string}\"},\"query-input\":{\"@type\":\"PropertyValueSpecification\",\"valueRequired\":true,\"valueName\":\"search_term_string\"}}],\"inLanguage\":\"sl-SI\"},{\"@type\":\"Organization\",\"@id\":\"https:\\\/\\\/gradido.net\\\/de\\\/#organization\",\"name\":\"Gradido\",\"url\":\"https:\\\/\\\/gradido.net\\\/de\\\/\",\"logo\":{\"@type\":\"ImageObject\",\"inLanguage\":\"sl-SI\",\"@id\":\"https:\\\/\\\/gradido.net\\\/de\\\/#\\\/schema\\\/logo\\\/image\\\/\",\"url\":\"https:\\\/\\\/gradido.net\\\/wp-content\\\/uploads\\\/2022\\\/04\\\/gradido-social.jpg\",\"contentUrl\":\"https:\\\/\\\/gradido.net\\\/wp-content\\\/uploads\\\/2022\\\/04\\\/gradido-social.jpg\",\"width\":527,\"height\":273,\"caption\":\"Gradido\"},\"image\":{\"@id\":\"https:\\\/\\\/gradido.net\\\/de\\\/#\\\/schema\\\/logo\\\/image\\\/\"}}]}<\/script>\n<!-- \/ Yoast SEO plugin. -->","yoast_head_json":{"title":"Skupnost - Gradido","description":"Novice in zanimivosti o novi valuti hvale\u017enosti","robots":{"index":"index","follow":"follow","max-snippet":"max-snippet:-1","max-image-preview":"max-image-preview:large","max-video-preview":"max-video-preview:-1"},"canonical":"https:\/\/gradido.net\/sl\/blog\/community\/","og_locale":"sl_SI","og_type":"article","og_title":"Community - Gradido","og_description":"Aktuelles und Wissenswertes \u00fcber die neue Dankbarkeitsw\u00e4hrung","og_url":"https:\/\/gradido.net\/sl\/blog\/community\/","og_site_name":"Gradido","article_modified_time":"2026-04-24T06:36:55+00:00","og_image":[{"width":1920,"height":450,"url":"https:\/\/gradido.net\/wp-content\/uploads\/2022\/02\/blog.jpg","type":"image\/jpeg"}],"twitter_card":"summary_large_image","twitter_misc":{"Est. reading time":"20 minut"},"schema":{"@context":"https:\/\/schema.org","@graph":[{"@type":"WebPage","@id":"https:\/\/gradido.net\/de\/blog\/community\/","url":"https:\/\/gradido.net\/de\/blog\/community\/","name":"Skupnost - Gradido","isPartOf":{"@id":"https:\/\/gradido.net\/de\/#website"},"primaryImageOfPage":{"@id":"https:\/\/gradido.net\/de\/blog\/community\/#primaryimage"},"image":{"@id":"https:\/\/gradido.net\/de\/blog\/community\/#primaryimage"},"thumbnailUrl":"https:\/\/gradido.net\/wp-content\/uploads\/2022\/02\/blog.jpg","datePublished":"2026-04-24T06:24:38+00:00","dateModified":"2026-04-24T06:36:55+00:00","description":"Novice in zanimivosti o novi valuti hvale\u017enosti","breadcrumb":{"@id":"https:\/\/gradido.net\/de\/blog\/community\/#breadcrumb"},"inLanguage":"sl-SI","potentialAction":[{"@type":"ReadAction","target":["https:\/\/gradido.net\/de\/blog\/community\/"]}]},{"@type":"ImageObject","inLanguage":"sl-SI","@id":"https:\/\/gradido.net\/de\/blog\/community\/#primaryimage","url":"https:\/\/gradido.net\/wp-content\/uploads\/2022\/02\/blog.jpg","contentUrl":"https:\/\/gradido.net\/wp-content\/uploads\/2022\/02\/blog.jpg","width":1920,"height":450},{"@type":"BreadcrumbList","@id":"https:\/\/gradido.net\/de\/blog\/community\/#breadcrumb","itemListElement":[{"@type":"ListItem","position":1,"name":"Startseite","item":"https:\/\/gradido.net\/"},{"@type":"ListItem","position":2,"name":"Blog","item":"https:\/\/gradido.net\/blog\/"},{"@type":"ListItem","position":3,"name":"Community"}]},{"@type":"WebSite","@id":"https:\/\/gradido.net\/de\/#website","url":"https:\/\/gradido.net\/de\/","name":"Gradido","description":"Nova valuta je hvale\u017enost","publisher":{"@id":"https:\/\/gradido.net\/de\/#organization"},"potentialAction":[{"@type":"SearchAction","target":{"@type":"EntryPoint","urlTemplate":"https:\/\/gradido.net\/de\/?s={search_term_string}"},"query-input":{"@type":"PropertyValueSpecification","valueRequired":true,"valueName":"search_term_string"}}],"inLanguage":"sl-SI"},{"@type":"Organization","@id":"https:\/\/gradido.net\/de\/#organization","name":"Gradido","url":"https:\/\/gradido.net\/de\/","logo":{"@type":"ImageObject","inLanguage":"sl-SI","@id":"https:\/\/gradido.net\/de\/#\/schema\/logo\/image\/","url":"https:\/\/gradido.net\/wp-content\/uploads\/2022\/04\/gradido-social.jpg","contentUrl":"https:\/\/gradido.net\/wp-content\/uploads\/2022\/04\/gradido-social.jpg","width":527,"height":273,"caption":"Gradido"},"image":{"@id":"https:\/\/gradido.net\/de\/#\/schema\/logo\/image\/"}}]}},"_links":{"self":[{"href":"https:\/\/gradido.net\/sl\/wp-json\/wp\/v2\/pages\/13614","targetHints":{"allow":["GET"]}}],"collection":[{"href":"https:\/\/gradido.net\/sl\/wp-json\/wp\/v2\/pages"}],"about":[{"href":"https:\/\/gradido.net\/sl\/wp-json\/wp\/v2\/types\/page"}],"author":[{"embeddable":true,"href":"https:\/\/gradido.net\/sl\/wp-json\/wp\/v2\/users\/2"}],"replies":[{"embeddable":true,"href":"https:\/\/gradido.net\/sl\/wp-json\/wp\/v2\/comments?post=13614"}],"version-history":[{"count":7,"href":"https:\/\/gradido.net\/sl\/wp-json\/wp\/v2\/pages\/13614\/revisions"}],"predecessor-version":[{"id":13622,"href":"https:\/\/gradido.net\/sl\/wp-json\/wp\/v2\/pages\/13614\/revisions\/13622"}],"up":[{"embeddable":true,"href":"https:\/\/gradido.net\/sl\/wp-json\/wp\/v2\/pages\/704"}],"wp:featuredmedia":[{"embeddable":true,"href":"https:\/\/gradido.net\/sl\/wp-json\/wp\/v2\/media\/3960"}],"wp:attachment":[{"href":"https:\/\/gradido.net\/sl\/wp-json\/wp\/v2\/media?parent=13614"}],"curies":[{"name":"wp","href":"https:\/\/api.w.org\/{rel}","templated":true}]}}