{"id":11085,"date":"2025-08-13T10:13:17","date_gmt":"2025-08-13T08:13:17","guid":{"rendered":"https:\/\/gradido.net\/?page_id=11085"},"modified":"2025-10-04T12:07:28","modified_gmt":"2025-10-04T10:07:28","slug":"equality-for-women-and-minorities","status":"publish","type":"page","link":"https:\/\/gradido.net\/sv\/countries\/saudi-arabia\/equality-for-women-and-minorities\/","title":{"rendered":"J\u00e4mst\u00e4lldhet f\u00f6r kvinnor och minoriteter i Saudiarabien"},"content":{"rendered":"<div data-elementor-type=\"wp-page\" data-elementor-id=\"11085\" class=\"elementor elementor-11085\" data-elementor-post-type=\"page\">\n\t\t\t\t\t\t<section class=\"elementor-section elementor-top-section elementor-element elementor-element-4ce3e8af elementor-section-full_width elementor-section-height-default elementor-section-height-default\" data-id=\"4ce3e8af\" data-element_type=\"section\" data-e-type=\"section\">\n\t\t\t\t\t\t<div class=\"elementor-container elementor-column-gap-no\">\n\t\t\t\t\t<div class=\"elementor-column elementor-col-100 elementor-top-column elementor-element elementor-element-efa8c8c\" data-id=\"efa8c8c\" data-element_type=\"column\" data-e-type=\"column\">\n\t\t\t<div class=\"elementor-widget-wrap elementor-element-populated\">\n\t\t\t\t\t\t<div class=\"elementor-element elementor-element-e088aa4 elementor--h-position-center elementor--v-position-middle elementor-arrows-position-inside elementor-widget elementor-widget-slides\" data-id=\"e088aa4\" data-element_type=\"widget\" data-e-type=\"widget\" data-settings=\"{&quot;navigation&quot;:&quot;arrows&quot;,&quot;autoplay&quot;:&quot;yes&quot;,&quot;pause_on_hover&quot;:&quot;yes&quot;,&quot;pause_on_interaction&quot;:&quot;yes&quot;,&quot;autoplay_speed&quot;:5000,&quot;infinite&quot;:&quot;yes&quot;,&quot;transition&quot;:&quot;slide&quot;,&quot;transition_speed&quot;:500}\" data-widget_type=\"slides.default\">\n\t\t\t\t<div class=\"elementor-widget-container\">\n\t\t\t\t\t\t\t\t\t<div class=\"elementor-swiper\">\n\t\t\t\t\t<div class=\"elementor-slides-wrapper elementor-main-swiper swiper\" role=\"region\" aria-roledescription=\"carousel\" aria-label=\"Skjutreglaget\" dir=\"ltr\" data-animation=\"fadeInUp\">\n\t\t\t\t<div class=\"swiper-wrapper elementor-slides\">\n\t\t\t\t\t\t\t\t\t\t<div class=\"elementor-repeater-item-2de4990 swiper-slide\" role=\"group\" aria-roledescription=\"slide\"><div class=\"swiper-slide-bg\" role=\"img\" aria-label=\"saudi-arabia-7375729_1280\"><\/div><div class=\"swiper-slide-inner\" ><div class=\"swiper-slide-contents\"><\/div><\/div><\/div><div class=\"elementor-repeater-item-28f126e swiper-slide\" role=\"group\" aria-roledescription=\"slide\"><div class=\"swiper-slide-bg\" role=\"img\" aria-label=\"mecca-66966_1280\"><\/div><div class=\"swiper-slide-inner\" ><div class=\"swiper-slide-contents\"><\/div><\/div><\/div><div class=\"elementor-repeater-item-992da35 swiper-slide\" role=\"group\" aria-roledescription=\"slide\"><div class=\"swiper-slide-bg\" role=\"img\" aria-label=\"mecca-1050478_1280\"><\/div><div class=\"swiper-slide-inner\" ><div class=\"swiper-slide-contents\"><\/div><\/div><\/div><div class=\"elementor-repeater-item-1a67a9d swiper-slide\" role=\"group\" aria-roledescription=\"slide\"><div class=\"swiper-slide-bg\" role=\"img\" aria-label=\"profet-2249759_1280\"><\/div><div class=\"swiper-slide-inner\" ><div class=\"swiper-slide-contents\"><\/div><\/div><\/div><div class=\"elementor-repeater-item-2799f50 swiper-slide\" role=\"group\" aria-roledescription=\"slide\"><div class=\"swiper-slide-bg\" role=\"img\" aria-label=\"saudi-arabia-8880043_1280\"><\/div><div class=\"swiper-slide-inner\" ><div class=\"swiper-slide-contents\"><\/div><\/div><\/div><div class=\"elementor-repeater-item-22adf08 swiper-slide\" role=\"group\" aria-roledescription=\"slide\"><div class=\"swiper-slide-bg\" role=\"img\" aria-label=\"camel-train-3408458_1280\"><\/div><div class=\"swiper-slide-inner\" ><div class=\"swiper-slide-contents\"><\/div><\/div><\/div>\t\t\t\t<\/div>\n\t\t\t\t\t\t\t\t\t\t\t\t\t\t\t<div class=\"elementor-swiper-button elementor-swiper-button-prev\" role=\"button\" tabindex=\"0\" aria-label=\"\u00d6nceki slayt\" data-no-translation-aria-label=\"\">\n\t\t\t\t\t\t\t<i aria-hidden=\"true\" class=\"eicon-chevron-left\"><\/i>\t\t\t\t\t\t<\/div>\n\t\t\t\t\t\t<div class=\"elementor-swiper-button elementor-swiper-button-next\" role=\"button\" tabindex=\"0\" aria-label=\"Sonraki slayt\" data-no-translation-aria-label=\"\">\n\t\t\t\t\t\t\t<i aria-hidden=\"true\" class=\"eicon-chevron-right\"><\/i>\t\t\t\t\t\t<\/div>\n\t\t\t\t\t\t\t\t\t\t\t\t\t\t\t\t\t<\/div>\n\t\t\t\t<\/div>\n\t\t\t\t\t\t\t\t<\/div>\n\t\t\t\t<\/div>\n\t\t\t\t\t<\/div>\n\t\t<\/div>\n\t\t\t\t\t<\/div>\n\t\t<\/section>\n\t\t\t\t<section class=\"elementor-section elementor-top-section elementor-element elementor-element-240baa7a elementor-section-boxed elementor-section-height-default elementor-section-height-default\" data-id=\"240baa7a\" data-element_type=\"section\" data-e-type=\"section\" data-settings=\"{&quot;background_background&quot;:&quot;classic&quot;}\">\n\t\t\t\t\t\t<div class=\"elementor-container elementor-column-gap-default\">\n\t\t\t\t\t<div class=\"elementor-column elementor-col-100 elementor-top-column elementor-element elementor-element-1afe9e42\" data-id=\"1afe9e42\" data-element_type=\"column\" data-e-type=\"column\">\n\t\t\t<div class=\"elementor-widget-wrap elementor-element-populated\">\n\t\t\t\t\t\t<div class=\"elementor-element elementor-element-65bd50ae elementor-widget elementor-widget-heading\" data-id=\"65bd50ae\" data-element_type=\"widget\" data-e-type=\"widget\" data-widget_type=\"heading.default\">\n\t\t\t\t<div class=\"elementor-widget-container\">\n\t\t\t\t\t<h1 class=\"elementor-heading-title elementor-size-default\">J\u00e4mst\u00e4lldhet f\u00f6r kvinnor och minoriteter<\/h1>\t\t\t\t<\/div>\n\t\t\t\t<\/div>\n\t\t\t\t\t<\/div>\n\t\t<\/div>\n\t\t\t\t\t<\/div>\n\t\t<\/section>\n\t\t\t\t<section class=\"elementor-section elementor-top-section elementor-element elementor-element-446540f elementor-section-boxed elementor-section-height-default elementor-section-height-default\" data-id=\"446540f\" data-element_type=\"section\" data-e-type=\"section\">\n\t\t\t\t\t\t<div class=\"elementor-container elementor-column-gap-default\">\n\t\t\t\t\t<div class=\"elementor-column elementor-col-100 elementor-top-column elementor-element elementor-element-312a2d3\" data-id=\"312a2d3\" data-element_type=\"column\" data-e-type=\"column\">\n\t\t\t<div class=\"elementor-widget-wrap elementor-element-populated\">\n\t\t\t\t\t\t<div class=\"elementor-element elementor-element-274ae97 elementor-nav-menu--dropdown-tablet elementor-nav-menu__text-align-aside elementor-nav-menu--toggle elementor-nav-menu--burger elementor-widget elementor-widget-nav-menu\" data-id=\"274ae97\" data-element_type=\"widget\" data-e-type=\"widget\" data-settings=\"{&quot;layout&quot;:&quot;horizontal&quot;,&quot;submenu_icon&quot;:{&quot;value&quot;:&quot;&lt;i class=\\&quot;fas fa-caret-down\\&quot; aria-hidden=\\&quot;true\\&quot;&gt;&lt;\\\/i&gt;&quot;,&quot;library&quot;:&quot;fa-solid&quot;},&quot;toggle&quot;:&quot;burger&quot;}\" data-widget_type=\"nav-menu.default\">\n\t\t\t\t<div class=\"elementor-widget-container\">\n\t\t\t\t\t\t\t\t<nav aria-label=\"Forskning om l\u00e4nder\" class=\"elementor-nav-menu--main elementor-nav-menu__container elementor-nav-menu--layout-horizontal e--pointer-underline e--animation-grow\">\n\t\t\t\t<ul id=\"menu-1-274ae97\" class=\"elementor-nav-menu\"><li class=\"menu-item menu-item-type-custom menu-item-object-custom menu-item-has-children menu-item-12305\"><a class=\"elementor-item\">Afrika<\/a>\n<ul class=\"sub-menu elementor-nav-menu--dropdown\">\n\t<li class=\"menu-item menu-item-type-post_type menu-item-object-page menu-item-12253\"><a href=\"https:\/\/gradido.net\/sv\/countries\/afrika\/\" class=\"elementor-sub-item\">Afrika, hela kontinenten<\/a><\/li>\n\t<li class=\"menu-item menu-item-type-post_type menu-item-object-page menu-item-13097\"><a href=\"https:\/\/gradido.net\/sv\/countries\/afrika\/dr-congo\/\" class=\"elementor-sub-item\">Demokratiska republiken Kongo<\/a><\/li>\n\t<li class=\"menu-item menu-item-type-post_type menu-item-object-page menu-item-12414\"><a href=\"https:\/\/gradido.net\/sv\/countries\/afrika\/kenya\/\" class=\"elementor-sub-item\">Kenya<\/a><\/li>\n\t<li class=\"menu-item menu-item-type-post_type menu-item-object-page menu-item-12737\"><a href=\"https:\/\/gradido.net\/sv\/countries\/afrika\/madagascar\/\" class=\"elementor-sub-item\">Madagaskar<\/a><\/li>\n\t<li class=\"menu-item menu-item-type-post_type menu-item-object-page menu-item-12148\"><a href=\"https:\/\/gradido.net\/sv\/countries\/afrika\/namibia\/\" class=\"elementor-sub-item\">Namibia<\/a><\/li>\n\t<li class=\"menu-item menu-item-type-post_type menu-item-object-page menu-item-12839\"><a href=\"https:\/\/gradido.net\/sv\/countries\/afrika\/rwanda\/\" class=\"elementor-sub-item\">Rwanda<\/a><\/li>\n<\/ul>\n<\/li>\n<li class=\"menu-item menu-item-type-custom menu-item-object-custom menu-item-has-children menu-item-11798\"><a class=\"elementor-item\">Amerika<\/a>\n<ul class=\"sub-menu elementor-nav-menu--dropdown\">\n\t<li class=\"menu-item menu-item-type-post_type menu-item-object-page menu-item-12463\"><a href=\"https:\/\/gradido.net\/sv\/countries\/usa\/\" class=\"elementor-sub-item\">USA<\/a><\/li>\n\t<li class=\"menu-item menu-item-type-post_type menu-item-object-page menu-item-11791\"><a href=\"https:\/\/gradido.net\/sv\/countries\/mexico\/\" class=\"elementor-sub-item\">Mexiko<\/a><\/li>\n<\/ul>\n<\/li>\n<li class=\"menu-item menu-item-type-custom menu-item-object-custom menu-item-has-children menu-item-11800\"><a class=\"elementor-item\">Asien<\/a>\n<ul class=\"sub-menu elementor-nav-menu--dropdown\">\n\t<li class=\"menu-item menu-item-type-post_type menu-item-object-page menu-item-11794\"><a href=\"https:\/\/gradido.net\/sv\/countries\/maledives\/\" class=\"elementor-sub-item\">Maldiverna<\/a><\/li>\n\t<li class=\"menu-item menu-item-type-post_type menu-item-object-page menu-item-11790\"><a href=\"https:\/\/gradido.net\/sv\/countries\/philippines\/\" class=\"elementor-sub-item\">Filippinerna<\/a><\/li>\n\t<li class=\"menu-item menu-item-type-post_type menu-item-object-page menu-item-11802\"><a href=\"https:\/\/gradido.net\/sv\/countries\/saudi-arabia\/\" class=\"elementor-sub-item\">Saudiarabien<\/a><\/li>\n<\/ul>\n<\/li>\n<li class=\"menu-item menu-item-type-custom menu-item-object-custom menu-item-has-children menu-item-11797\"><a class=\"elementor-item\">Europa<\/a>\n<ul class=\"sub-menu elementor-nav-menu--dropdown\">\n\t<li class=\"menu-item menu-item-type-post_type menu-item-object-page menu-item-11805\"><a href=\"https:\/\/gradido.net\/sv\/countries\/germany\/\" class=\"elementor-sub-item\">Tyskland<\/a><\/li>\n\t<li class=\"menu-item menu-item-type-post_type menu-item-object-page menu-item-11803\"><a href=\"https:\/\/gradido.net\/sv\/countries\/greece\/\" class=\"elementor-sub-item\">Grekland<\/a><\/li>\n\t<li class=\"menu-item menu-item-type-post_type menu-item-object-page menu-item-11788\"><a href=\"https:\/\/gradido.net\/sv\/countries\/spain\/\" class=\"elementor-sub-item\">Spanien<\/a><\/li>\n<\/ul>\n<\/li>\n<li class=\"menu-item menu-item-type-custom menu-item-object-custom menu-item-has-children menu-item-11801\"><a class=\"elementor-item\">Oceanien<\/a>\n<ul class=\"sub-menu elementor-nav-menu--dropdown\">\n\t<li class=\"menu-item menu-item-type-post_type menu-item-object-page menu-item-11793\"><a href=\"https:\/\/gradido.net\/sv\/countries\/marshall-islands\/\" class=\"elementor-sub-item\">Marshall\u00f6arna<\/a><\/li>\n\t<li class=\"menu-item menu-item-type-post_type menu-item-object-page menu-item-11795\"><a href=\"https:\/\/gradido.net\/sv\/countries\/tahiti\/\" class=\"elementor-sub-item\">Tahiti<\/a><\/li>\n<\/ul>\n<\/li>\n<\/ul>\t\t\t<\/nav>\n\t\t\t\t\t<div class=\"elementor-menu-toggle\" role=\"button\" tabindex=\"0\" aria-label=\"Sl\u00e5 p\u00e5\/av meny\" aria-expanded=\"false\">\n\t\t\t<i aria-hidden=\"true\" role=\"presentation\" class=\"elementor-menu-toggle__icon--open eicon-menu-bar\"><\/i><i aria-hidden=\"true\" role=\"presentation\" class=\"elementor-menu-toggle__icon--close eicon-close\"><\/i>\t\t<\/div>\n\t\t\t\t\t<nav class=\"elementor-nav-menu--dropdown elementor-nav-menu__container\" aria-hidden=\"true\">\n\t\t\t\t<ul id=\"menu-2-274ae97\" class=\"elementor-nav-menu\"><li class=\"menu-item menu-item-type-custom menu-item-object-custom menu-item-has-children menu-item-12305\"><a class=\"elementor-item\" tabindex=\"-1\">Afrika<\/a>\n<ul class=\"sub-menu elementor-nav-menu--dropdown\">\n\t<li class=\"menu-item menu-item-type-post_type menu-item-object-page menu-item-12253\"><a href=\"https:\/\/gradido.net\/sv\/countries\/afrika\/\" class=\"elementor-sub-item\" tabindex=\"-1\">Afrika, hela kontinenten<\/a><\/li>\n\t<li class=\"menu-item menu-item-type-post_type menu-item-object-page menu-item-13097\"><a href=\"https:\/\/gradido.net\/sv\/countries\/afrika\/dr-congo\/\" class=\"elementor-sub-item\" tabindex=\"-1\">Demokratiska republiken Kongo<\/a><\/li>\n\t<li class=\"menu-item menu-item-type-post_type menu-item-object-page menu-item-12414\"><a href=\"https:\/\/gradido.net\/sv\/countries\/afrika\/kenya\/\" class=\"elementor-sub-item\" tabindex=\"-1\">Kenya<\/a><\/li>\n\t<li class=\"menu-item menu-item-type-post_type menu-item-object-page menu-item-12737\"><a href=\"https:\/\/gradido.net\/sv\/countries\/afrika\/madagascar\/\" class=\"elementor-sub-item\" tabindex=\"-1\">Madagaskar<\/a><\/li>\n\t<li class=\"menu-item menu-item-type-post_type menu-item-object-page menu-item-12148\"><a href=\"https:\/\/gradido.net\/sv\/countries\/afrika\/namibia\/\" class=\"elementor-sub-item\" tabindex=\"-1\">Namibia<\/a><\/li>\n\t<li class=\"menu-item menu-item-type-post_type menu-item-object-page menu-item-12839\"><a href=\"https:\/\/gradido.net\/sv\/countries\/afrika\/rwanda\/\" class=\"elementor-sub-item\" tabindex=\"-1\">Rwanda<\/a><\/li>\n<\/ul>\n<\/li>\n<li class=\"menu-item menu-item-type-custom menu-item-object-custom menu-item-has-children menu-item-11798\"><a class=\"elementor-item\" tabindex=\"-1\">Amerika<\/a>\n<ul class=\"sub-menu elementor-nav-menu--dropdown\">\n\t<li class=\"menu-item menu-item-type-post_type menu-item-object-page menu-item-12463\"><a href=\"https:\/\/gradido.net\/sv\/countries\/usa\/\" class=\"elementor-sub-item\" tabindex=\"-1\">USA<\/a><\/li>\n\t<li class=\"menu-item menu-item-type-post_type menu-item-object-page menu-item-11791\"><a href=\"https:\/\/gradido.net\/sv\/countries\/mexico\/\" class=\"elementor-sub-item\" tabindex=\"-1\">Mexiko<\/a><\/li>\n<\/ul>\n<\/li>\n<li class=\"menu-item menu-item-type-custom menu-item-object-custom menu-item-has-children menu-item-11800\"><a class=\"elementor-item\" tabindex=\"-1\">Asien<\/a>\n<ul class=\"sub-menu elementor-nav-menu--dropdown\">\n\t<li class=\"menu-item menu-item-type-post_type menu-item-object-page menu-item-11794\"><a href=\"https:\/\/gradido.net\/sv\/countries\/maledives\/\" class=\"elementor-sub-item\" tabindex=\"-1\">Maldiverna<\/a><\/li>\n\t<li class=\"menu-item menu-item-type-post_type menu-item-object-page menu-item-11790\"><a href=\"https:\/\/gradido.net\/sv\/countries\/philippines\/\" class=\"elementor-sub-item\" tabindex=\"-1\">Filippinerna<\/a><\/li>\n\t<li class=\"menu-item menu-item-type-post_type menu-item-object-page menu-item-11802\"><a href=\"https:\/\/gradido.net\/sv\/countries\/saudi-arabia\/\" class=\"elementor-sub-item\" tabindex=\"-1\">Saudiarabien<\/a><\/li>\n<\/ul>\n<\/li>\n<li class=\"menu-item menu-item-type-custom menu-item-object-custom menu-item-has-children menu-item-11797\"><a class=\"elementor-item\" tabindex=\"-1\">Europa<\/a>\n<ul class=\"sub-menu elementor-nav-menu--dropdown\">\n\t<li class=\"menu-item menu-item-type-post_type menu-item-object-page menu-item-11805\"><a href=\"https:\/\/gradido.net\/sv\/countries\/germany\/\" class=\"elementor-sub-item\" tabindex=\"-1\">Tyskland<\/a><\/li>\n\t<li class=\"menu-item menu-item-type-post_type menu-item-object-page menu-item-11803\"><a href=\"https:\/\/gradido.net\/sv\/countries\/greece\/\" class=\"elementor-sub-item\" tabindex=\"-1\">Grekland<\/a><\/li>\n\t<li class=\"menu-item menu-item-type-post_type menu-item-object-page menu-item-11788\"><a href=\"https:\/\/gradido.net\/sv\/countries\/spain\/\" class=\"elementor-sub-item\" tabindex=\"-1\">Spanien<\/a><\/li>\n<\/ul>\n<\/li>\n<li class=\"menu-item menu-item-type-custom menu-item-object-custom menu-item-has-children menu-item-11801\"><a class=\"elementor-item\" tabindex=\"-1\">Oceanien<\/a>\n<ul class=\"sub-menu elementor-nav-menu--dropdown\">\n\t<li class=\"menu-item menu-item-type-post_type menu-item-object-page menu-item-11793\"><a href=\"https:\/\/gradido.net\/sv\/countries\/marshall-islands\/\" class=\"elementor-sub-item\" tabindex=\"-1\">Marshall\u00f6arna<\/a><\/li>\n\t<li class=\"menu-item menu-item-type-post_type menu-item-object-page menu-item-11795\"><a href=\"https:\/\/gradido.net\/sv\/countries\/tahiti\/\" class=\"elementor-sub-item\" tabindex=\"-1\">Tahiti<\/a><\/li>\n<\/ul>\n<\/li>\n<\/ul>\t\t\t<\/nav>\n\t\t\t\t\t\t<\/div>\n\t\t\t\t<\/div>\n\t\t\t\t<div class=\"elementor-element elementor-element-6e730ed elementor-widget elementor-widget-breadcrumbs\" data-id=\"6e730ed\" data-element_type=\"widget\" data-e-type=\"widget\" data-widget_type=\"breadcrumbs.default\">\n\t\t\t\t<div class=\"elementor-widget-container\">\n\t\t\t\t\t<p id=\"breadcrumbs\"><span><span><a href=\"https:\/\/gradido.net\/sv\/\">Hemsidan<\/a><\/span><\/span><\/p>\t\t\t\t<\/div>\n\t\t\t\t<\/div>\n\t\t\t\t<div class=\"elementor-element elementor-element-a9db9a5 elementor-widget elementor-widget-text-editor\" data-id=\"a9db9a5\" data-element_type=\"widget\" data-e-type=\"widget\" data-widget_type=\"text-editor.default\">\n\t\t\t\t<div class=\"elementor-widget-container\">\n\t\t\t\t\t\t\t\t\t<h2 style=\"text-align: center;\">\u00a0 \u00a0<a href=\"https:\/\/gradido.net\/sv\/countries\/saudi-arabia\/\"><strong>Huvudsida: Saudiarabien<\/strong><\/a><\/h2><p style=\"text-align: center;\"><a href=\"https:\/\/gradido.net\/sv\/countries\/saudi-arabia\/social-and-economic-challenges\/\">1. Sociala och ekonomiska utmaningar<\/a><br \/><a href=\"https:\/\/gradido.net\/sv\/countries\/saudi-arabia\/education-system\/\">2. Utbildningssystem<\/a><br \/><a href=\"https:\/\/gradido.net\/sv\/countries\/saudi-arabia\/environmental-initiatives\/\">3. Milj\u00f6initiativ<\/a><br \/><strong>4. J\u00e4mst\u00e4lldhet f\u00f6r kvinnor och minoriteter<\/strong><br \/><a href=\"https:\/\/gradido.net\/sv\/countries\/saudi-arabia\/artificial-intelligence-and-robotics\/\">5 Artificiell intelligens och robotteknik<\/a><br \/><a href=\"https:\/\/gradido.net\/sv\/countries\/saudi-arabia\/religion-and-ethical-values\/\">6 Religion och etiska v\u00e4rderingar<\/a><br \/><a href=\"https:\/\/gradido.net\/sv\/countries\/saudi-arabia\/tax-system-and-zakat\/\">7 Skattesystem och Zakat<\/a><br \/><a href=\"https:\/\/gradido.net\/sv\/countries\/saudi-arabia\/soft-power\/\">8:e internationella prestigevinsten (Soft Power)<\/a><br \/><a href=\"https:\/\/gradido.net\/sv\/countries\/saudi-arabia\/integration-and-conflict-management\/\">9. Integration och konflikthantering<\/a><br \/><a href=\"https:\/\/gradido.net\/sv\/countries\/saudi-arabia\/ai-nation-for-public-welfare-oriented-cooperation\/\">10:e AI-nationen f\u00f6r samarbete f\u00f6r det gemensamma b\u00e4sta?<\/a><\/p>\t\t\t\t\t\t\t\t<\/div>\n\t\t\t\t<\/div>\n\t\t\t\t<div class=\"elementor-element elementor-element-d7bb196 elementor-widget-divider--view-line elementor-widget elementor-widget-divider\" data-id=\"d7bb196\" data-element_type=\"widget\" data-e-type=\"widget\" data-widget_type=\"divider.default\">\n\t\t\t\t<div class=\"elementor-widget-container\">\n\t\t\t\t\t\t\t<div class=\"elementor-divider\">\n\t\t\t<span class=\"elementor-divider-separator\">\n\t\t\t\t\t\t<\/span>\n\t\t<\/div>\n\t\t\t\t\t\t<\/div>\n\t\t\t\t<\/div>\n\t\t\t\t<div class=\"elementor-element elementor-element-146ff9d elementor-widget elementor-widget-text-editor\" data-id=\"146ff9d\" data-element_type=\"widget\" data-e-type=\"widget\" data-widget_type=\"text-editor.default\">\n\t\t\t\t<div class=\"elementor-widget-container\">\n\t\t\t\t\t\t\t\t\t<div class=\"wiki-page-header-wrapper\"><div class=\"wiki-page-header-wrapper\"><h1 data-pm-slice=\"0 0 []\">Hur upplever kvinnor och minoriteter i Saudiarabien egentligen delaktighet och m\u00f6jligheter i dag?<\/h1><h2>Betydande framsteg, men strukturell diskriminering kvarst\u00e5r<\/h2><p>Saudiarabien befinner sig i en <strong>Fas av f\u00f6r\u00e4ndring<\/strong>som drivs av Vision 2030 och som kommer att leda till <strong>Anm\u00e4rkningsv\u00e4rda f\u00f6rb\u00e4ttringar<\/strong> f\u00f6r kvinnor, medan religi\u00f6sa och etniska minoriteter fortfarande \u00e4r f\u00f6rem\u00e5l f\u00f6r betydande restriktioner.<\/p><h3>Kvinnor: Dramatisk f\u00f6r\u00e4ndring med fortsatta restriktioner<\/h3><h4>Framg\u00e5ngar p\u00e5 arbetsmarknaden<\/h4><p>Den <strong>Kvinnors deltagande p\u00e5 arbetsmarknaden<\/strong> har \u00f6kat mellan 2017 och 2024 <strong>mer \u00e4n f\u00f6rdubblats<\/strong>. Medan den fortfarande l\u00e5g p\u00e5 17,4% under 2017 steg den till <strong>35,8% \u00e5r 2024<\/strong><a href=\"https:\/\/www.talentspring.de\/content\/selbst-saudi-arabien-versteht-allmahlich-ohne-frauen-gehts-nicht-voran\">^1<\/a>. Saudiarabien har d\u00e4rmed redan avsev\u00e4rt \u00f6vertr\u00e4ffat det ursprungliga Vision 2030-m\u00e5let p\u00e5 30%<a href=\"https:\/\/www.focus.de\/politik\/ausland\/saudi-arabien-frauen-starten-durch_id_195100244.html\">^3<\/a>.<\/p><p>S\u00e4rskilt imponerande \u00e4r stigningen i <strong>Ledande befattningar<\/strong>: <strong>44% mellanchefs- och h\u00f6gre chefsbefattningar<\/strong> \u00e4r nu ockuperade av kvinnor<a href=\"https:\/\/www.talentspring.de\/content\/selbst-saudi-arabien-versteht-allmahlich-ohne-frauen-gehts-nicht-voran\">^2<\/a>. Inom f\u00f6rsvarsindustrin, som \u00e4r en traditionellt manlig sektor, finns det redan <strong>22% av anst\u00e4llda kvinnor<\/strong><a href=\"https:\/\/www.cassis.uni-bonn.de\/pdfs\/publikationsverzeichnis-ulrich-schlie-november-2023.pdf\">^4<\/a>.<\/p><p>Den <strong>Arbetsl\u00f6shet bland kvinnor<\/strong> har minskat fr\u00e5n 20,5% till 15,4% inom sex m\u00e5nader<a href=\"https:\/\/www.focus.de\/politik\/ausland\/saudi-arabien-frauen-starten-durch_id_195100244.html\">^3<\/a>. F\u00f6r ungdomsarbetsl\u00f6sheten (15-24 \u00e5r) \u00e4r den 22,2%, j\u00e4mf\u00f6rt med 10,6% f\u00f6r unga m\u00e4n<a href=\"https:\/\/de.statista.com\/statistik\/daten\/studie\/1409895\/umfrage\/jugendarbeitslosenquote-in-saudi-arabien\/\">^5<\/a>.<\/p><h4>Framg\u00e5ngsrik utbildning<\/h4><p>Kvinnor dominerar nu i <strong>Universitetslandskap<\/strong>: <strong>Fler kvinnliga studenter \u00e4n manliga studenter f\u00f6r f\u00f6rsta g\u00e5ngen 2020<\/strong> inskrivna vid saudiska universitet<a href=\"https:\/\/www.welt-sichten.org\/artikel\/43739\/im-koenigreich-der-widersprueche\">^6<\/a>. \u00c5r 2014 studerade studenterna redan <strong>37% av alla kvinnor mellan 18 och 24 \u00e5r<\/strong><a href=\"https:\/\/de.statista.com\/statistik\/daten\/studie\/385843\/umfrage\/anteil-der-studentinnen-und-studenten-in-ausgewaehlten-arabischen-laendern\/\">^7<\/a>.<\/p><p>S\u00e4rskilt anm\u00e4rkningsv\u00e4rt \u00e4r framg\u00e5ngen i <strong>MINT-\u00e4mnen<\/strong>: <strong>41,6% av akademiker inom vetenskap, teknik, ingenj\u00f6rsvetenskap och matematik \u00e4r kvinnor<\/strong> - den fj\u00e4rde h\u00f6gsta i v\u00e4rlden enligt OECD:s uppgifter<a href=\"https:\/\/www.constructionbriefing.com\/de\/news\/eine-bessere-zukunft-fur-frauen-in-saudi-arabien-schaffen\/8041009.article\">^8<\/a>.<\/p><h4>Entrepren\u00f6riella aktiviteter<\/h4><p>Das <strong>Ekosystem f\u00f6r nystartade f\u00f6retag<\/strong> pr\u00e4glas i allt h\u00f6gre grad av kvinnor. <strong>95% av saudiska kvinnor<\/strong> har en mycket h\u00f6g uppfattning om entrepren\u00f6rsyrket, enligt Storbritanniens Women's Report 2021\/22<a href=\"https:\/\/qantara.de\/artikel\/saudi-arabien-frauen-treiben-start-szene\">^9<\/a>. V\u00e4rldsbanken intygar att Saudiarabien har skapat alla n\u00f6dv\u00e4ndiga f\u00f6ruts\u00e4ttningar f\u00f6r att \u00f6ppna upp arbetsmarknaden<a href=\"https:\/\/www.dw.com\/de\/saudi-arabien-frauen-treiben-start-up-szene-an\/a-68625849\">^10<\/a>.<\/p><h3>Ih\u00e5llande strukturell diskriminering<\/h3><h4>Systemet med f\u00f6rmyndare forts\u00e4tter att existera<\/h4><p>Trots alla framsteg som gjorts har <strong>manligt f\u00f6rmyndarskapssystem<\/strong> den centrala punkten i kritiken. 2022 antogs <strong>Lag om civilst\u00e5nd<\/strong> forts\u00e4tter att kodifiera diskriminering av kvinnor i \u00e4ktenskaps-, skilsm\u00e4sso- och v\u00e5rdnadsfr\u00e5gor<a href=\"https:\/\/www.mena-watch.com\/saudi-arabien-vorsitz-un-frauenrechtskommission\/\">^11<\/a>.<\/p><p>Kvinnor beh\u00f6ver fortfarande <strong>Godk\u00e4nnande av en manlig f\u00f6rmyndare f\u00f6r \u00e4ktenskapet<\/strong><a href=\"https:\/\/www.amnesty.de\/informieren\/amnesty-report\/saudi-arabien-2024\">^13<\/a>. V\u00e5ldt\u00e4kt inom \u00e4ktenskapet \u00e4r inte straffbart och skilsm\u00e4ssor godtas ofta inte av domstolarna<a href=\"https:\/\/taz.de\/Saudi-Arabien-und-die-Frauenrechte\/!5998877\/\">^15<\/a>.<\/p><h4>F\u00f6rtryck mot aktivister<\/h4><p>Paradoxalt nog <strong>Aktivister f\u00f6r kvinnors r\u00e4ttigheter systematiskt f\u00f6rf\u00f6ljda<\/strong>. Loujain al-Hathloul, som k\u00e4mpade f\u00f6r r\u00e4tten att k\u00f6ra bil, greps och torterades 2018 av alla \u00e5r - \u00e5ret d\u00e5 k\u00f6rf\u00f6rbudet upph\u00e4vdes<a href=\"https:\/\/www.amnesty.ch\/de\/ueber-amnesty\/publikationen\/magazin-amnesty\/2024-3\/die-doppelzuengigkeit-gegenueber-frauen\">^11<\/a>. I augusti 2022 uts\u00e5gs doktoranden Salma al-Shehab till <strong>34 \u00e5rs f\u00e4ngelse<\/strong> d\u00f6md enbart f\u00f6r att hon hade retweetat m\u00e4nniskor\u00e4ttsupprop<a href=\"https:\/\/www.focus.de\/politik\/ausland\/frauenrechte-am-golf-trotz-reformen-bleibt-viel-zu-tun_id_181078779.html\">^16<\/a>.<\/p><h4>K\u00f6nsrelaterade l\u00f6neskillnader<\/h4><p>\u00c4ven om arbetslagstiftningen f\u00f6rbjuder k\u00f6nsbaserad diskriminering i l\u00f6ner, <strong>Kvinnor tj\u00e4nar fortfarande mindre \u00e4n m\u00e4n<\/strong>. Skillnaden varierar mellan 4% i den offentliga sektorn och <strong>36% i privata f\u00f6retag<\/strong><a href=\"https:\/\/www.focus.de\/politik\/ausland\/saudi-arabien-frauen-starten-durch_id_195100244.html\">^3<\/a>.<\/p><h3>Internationellt erk\u00e4nnande med kritiska restriktioner<\/h3><h4>Globalt index f\u00f6r k\u00f6nsskillnader<\/h4><p>Saudiarabien har <strong>Globalt index f\u00f6r k\u00f6nsskillnader<\/strong> fr\u00e5n plats 147 (2021) till <strong>Rank 126 (2024)<\/strong> f\u00f6rb\u00e4ttrad<a href=\"https:\/\/countryeconomy.com\/demography\/global-gender-gap-index\/saudi-arabia\">^17<\/a>. I MENA-regionen \u00e4r det <strong>64,3%<\/strong> p\u00e5 fj\u00e4rde plats, efter F\u00f6renade Arabemiraten (72,4%)<a href=\"https:\/\/de.statista.com\/statistik\/daten\/studie\/1329909\/umfrage\/laender-in-der-mena-region-nach-dem-gender-gap-index\/\">^18<\/a>.<\/p><p>Utv\u00e4rderingen visar p\u00e5 tydliga avvikelser: Medan <strong>Utbildning och h\u00e4lsa<\/strong> n\u00e5 n\u00e4stan paritet med 0,99 po\u00e4ng vardera, och <strong>Politiskt deltagande<\/strong> p\u00e5 endast 0,077 po\u00e4ng<a href=\"https:\/\/www.statista.com\/statistics\/1614119\/saudi-arabia-gender-gap-index-by-category\/\">^19<\/a>.<\/p><h4>FN-kontrovers<\/h4><p>Utn\u00e4mningen av Saudiarabien till <strong>Ordf\u00f6rande i FN:s kommission f\u00f6r kvinnors st\u00e4llning 2025<\/strong> orsakade internationell uppr\u00f6rdhet<a href=\"https:\/\/www.tagesschau.de\/ausland\/saudi-arabien-vorsitz-frauenfoerderung-100.html\">^20<\/a>. Amnesty International beskrev detta som en \"chock\" och h\u00e4nvisade till landets \"avgrundsdjupa meritlista\" n\u00e4r det g\u00e4ller kvinnors r\u00e4ttigheter<a href=\"https:\/\/www.mena-watch.com\/saudi-arabien-vorsitz-un-frauenrechtskommission\/\">^12<\/a>.<\/p><h2>Religi\u00f6sa och etniska minoriteter: Systematisk marginalisering<\/h2><h3>Shiamuslimer<\/h3><p>Den <strong>Shiitisk minoritet<\/strong> (ca 10-16% av befolkningen) uts\u00e4tts f\u00f6r systematisk diskriminering<a href=\"https:\/\/eterna.unibas.ch\/bulletin\/article\/download\/1305\/1537\">^22<\/a>. De bor fr\u00e4mst i den oljerika \u00f6stra provinsen, men erk\u00e4nns av statliga pr\u00e4ster som <strong>\"K\u00e4ttare\" och \"avf\u00e4llingar\"<\/strong> m\u00e4rkt<a href=\"https:\/\/www.hrw.org\/de\/news\/2017\/09\/26\/saudi-arabien-offizielle-hassreden-gegen-minderheiten\">^24<\/a>.<\/p><p><strong>Statligt pr\u00e4sterskap<\/strong> anv\u00e4nder neds\u00e4ttande termer som \"rafidha\" (f\u00f6rnekare) och stigmatiserar shiitiska sedv\u00e4njor<a href=\"https:\/\/www.hrw.org\/de\/news\/2017\/09\/26\/saudi-arabien-offizielle-hassreden-gegen-minderheiten\">^24<\/a>. Utbildningssystemet sprider f\u00f6rdomar mot shia och shia \u00e4r praktiskt taget utest\u00e4ngda fr\u00e5n h\u00f6gre statliga befattningar.<a href=\"https:\/\/www.hrw.org\/de\/news\/2009\/09\/03\/saudi-arabien-gleichbehandlung-fur-schiiten\">^25<\/a>.<\/p><p>Human Rights Watch dokumenterade <strong>starka religi\u00f6sa sp\u00e4nningar<\/strong> efter sammandrabbningar mellan shiitiska pilgrimer och den religi\u00f6sa polisen i Medina 2009<a href=\"https:\/\/www.hrw.org\/de\/news\/2009\/09\/03\/saudi-arabien-gleichbehandlung-fur-schiiten\">^25<\/a>. Privata shiitiska b\u00f6nerum st\u00e4ngdes och religi\u00f6sa ledare f\u00e4ngslades.<\/p><h3>Kristen minoritet<\/h3><p>Den <strong>offentlig ut\u00f6vning av kristendomen<\/strong> \u00e4r helt f\u00f6rbjudet<a href=\"https:\/\/de.wikipedia.org\/wiki\/Christentum_in_Saudi-Arabien\">^26<\/a>. Av de cirka <strong>2,2 miljoner kristna<\/strong> I Saudiarabien \u00e4r majoriteten av de utl\u00e4ndska arbetskraftsinvandrarna<a href=\"https:\/\/www.opendoors.de\/sites\/default\/files\/country_dossier\/saudi-arabien_wvi_2024_laenderprofil.pdf\">^27<\/a>.<\/p><p>Innehav av religi\u00f6sa symboler s\u00e5som kors eller biblar \u00e4r <strong>f\u00f6rbjudet under straffr\u00e4ttslig p\u00e5f\u00f6ljd<\/strong>. Kyrkor eller andra icke-islamiska gudstj\u00e4nstlokaler f\u00e5r inte uppf\u00f6ras<a href=\"https:\/\/de.wikipedia.org\/wiki\/Christentum_in_Saudi-Arabien\">^26<\/a>. <strong>Apostasi<\/strong> (konvertering fr\u00e5n islam) hotas teoretiskt av d\u00f6dsstraff.<\/p><p>I <strong>Index f\u00f6r f\u00f6rf\u00f6ljelse i v\u00e4rlden 2024<\/strong> Saudiarabien st\u00e5r <strong>13:e plats<\/strong> av de l\u00e4nder d\u00e4r kristna \u00e4r mest f\u00f6rf\u00f6ljda<a href=\"https:\/\/www.opendoors.de\/sites\/default\/files\/country_dossier\/saudi-arabien_wvi_2024_laenderprofil.pdf\">^27<\/a>. Konvertiter i Saudiarabien m\u00e5ste h\u00e5lla sin tro helt hemlig.<\/p><h3>HBTQ+-personer<\/h3><p><strong>Homosexualitet \u00e4r ett socialt tabu<\/strong> och bestraffas med f\u00e4ngelse, kroppsstraff och upp till <strong>D\u00f6dsstraff<\/strong> straffad<a href=\"https:\/\/de.wikipedia.org\/wiki\/Homosexualit%C3%A4t_in_Saudi-Arabien\">^28<\/a>. Saudiarabien \u00e4r ett av de sex l\u00e4nder i v\u00e4rlden som utd\u00f6mer d\u00f6dsstraff f\u00f6r homosexuella handlingar<a href=\"https:\/\/www.lsvd.de\/de\/ct\/1245-LGBT-Rechte-weltweit\">^29<\/a>.<\/p><p>\u00c5r 2007 d\u00f6mdes tv\u00e5 m\u00e4n vardera till <strong>7 000 fransar<\/strong> d\u00f6md f\u00f6r homosexuellt samlag<a href=\"https:\/\/de.wikipedia.org\/wiki\/Homosexualit%C3%A4t_in_Saudi-Arabien\">^28<\/a>. I april 2019 avr\u00e4ttades fem m\u00e4n i detta sammanhang<a href=\"https:\/\/www.bamf.de\/SharedDocs\/Anlagen\/DE\/Behoerde\/Informationszentrum\/Laenderreporte\/2024\/laenderreport-65-Saudi-Arabien.pdf?__blob=publicationFile&amp;v=7\">^30<\/a>.<\/p><p><strong>HBTQ-samh\u00e4llen<\/strong> inte kan existera p\u00e5 grund av deras olaglighet. En islamisk religi\u00f6s polisstyrka \u00f6vervakar samh\u00e4llslivet och tvingar hbtq+-personer till social osynlighet.<\/p><h3>Arbetskraftsinvandrare<\/h3><p>Om <strong>4 miljoner m\u00e4nniskor<\/strong> arbetar som hush\u00e5llsanst\u00e4llda i Saudiarabien, uteslutande migrantarbetare<a href=\"https:\/\/www.amnesty.de\/pressemitteilung\/saudi-arabien-kenianische-arbeitsmigrantinnen-ausbeutung-rassismus\">^31<\/a>. Den <strong>Kafala-systemet<\/strong> g\u00f6r dem extremt beroende av sina arbetsgivare och gynnar systematisk rasism.<\/p><p>Amnesty International dokumenterade 2025 <strong>allvarlig exploatering<\/strong> Kenyansk hush\u00e5llsarbetare: de arbetar mer \u00e4n 16 timmar om dagen, har ingen ledig dag och f\u00e5r inte l\u00e4mna huset<a href=\"https:\/\/www.amnesty.de\/pressemitteilung\/saudi-arabien-kenianische-arbeitsmigrantinnen-ausbeutung-rassismus\">^31<\/a>. Deras pass konfiskeras och de f\u00e5r ofta ingen l\u00f6n.<\/p><p>Den genomsnittliga l\u00f6nen \u00e4r cirka <strong>0,45 euro per timme<\/strong>eftersom \u00f6vertid inte betalas ut<a href=\"https:\/\/www.amnesty.at\/presse\/saudi-arabien-arbeitsmigrantinnen-erfahren-schwere-ausbeutung-missbrauch-und-rassismus\/\">^32<\/a>. Praktiskt taget alla kvinnor som intervjuades rapporterade att de under sin vistelse <strong>inte en enda ledig dag<\/strong> att ha haft.<\/p><h2>H\u00e4lso- och sjukv\u00e5rdssystem: selektiv uteslutning<\/h2><p>H\u00e4lso- och sjukv\u00e5rdssystemet visar <strong>Systematisk diskriminering<\/strong> socialt missgynnade m\u00e4nniskor. S\u00e4rskilt drabbade \u00e4r den shiitiska minoriteten, utl\u00e4ndska g\u00e4starbetare fr\u00e5n asiatiska l\u00e4nder, HIV-smittade, homosexuella samt fysiskt och psykiskt funktionshindrade.<a href=\"https:\/\/deutsches-orient-institut.de\/wp-content\/uploads\/2021\/06\/DOI-Studie-Gesundheitssystem-in-Saudi-Arabien.pdf\">^33<\/a>.<\/p><p>Den <strong>Social stigmatisering<\/strong> av dessa grupper leder till brist p\u00e5 medicinsk v\u00e5rd. Det finns ingen \u00f6ppen diskurs om marginaliserade grupper, \u00e4ven om den genomf\u00f6rda \"nationella dialogen\" skulle kunna leda till f\u00f6rb\u00e4ttringar h\u00e4r<a href=\"https:\/\/deutsches-orient-institut.de\/wp-content\/uploads\/2021\/06\/DOI-Studie-Gesundheitssystem-in-Saudi-Arabien.pdf\">^33<\/a>.<\/p><h2>Tecken p\u00e5 hopp och mots\u00e4gelser<\/h2><h3>Positiv utveckling<\/h3><p>Der <strong>Fortune Most Powerful Women International Summit<\/strong> kommer att h\u00e5llas i Riyadh f\u00f6r f\u00f6rsta g\u00e5ngen 2025, vilket visar p\u00e5 ett internationellt erk\u00e4nnande av framsteg n\u00e4r det g\u00e4ller kvinnors r\u00e4ttigheter<a href=\"https:\/\/www.presseportal.de\/pm\/179146\/6001043\">^34<\/a>. Saudiarabiska kvinnor \u00e4ger nu <strong>45% av alla patent<\/strong> i landet.<\/p><p>Den <strong>F\u00f6rsta kvinnliga saudiarabiska astronauten<\/strong> Rayyanah Barnawi arbetade p\u00e5 den internationella rymdstationen ISS \u00e5r 2023 och blev en symbol f\u00f6r f\u00f6r\u00e4ndring<a href=\"https:\/\/www.focus.de\/politik\/ausland\/saudi-arabien-frauen-starten-durch_id_195100244.html\">^3<\/a>. S\u00e5dana framg\u00e5ngshistorier skapar f\u00f6rebilder f\u00f6r unga kvinnor.<\/p><h3>Strukturella mots\u00e4gelser<\/h3><p>Den <strong>Modernisering \u00e4r auktorit\u00e4r<\/strong> fr\u00e5n ovan, utan social diskurs. Medan kvinnor flyger ut i rymden tillbringar kvinnor\u00e4ttsaktivister \u00e5rtionden i f\u00e4ngelse<a href=\"https:\/\/www.focus.de\/politik\/ausland\/frauenrechte-am-golf-trotz-reformen-bleibt-viel-zu-tun_id_181078779.html\">^16<\/a>.<\/p><p>Den <strong>Vision 2030<\/strong> Beskriver kvinnor som en \"stor tillg\u00e5ng\" som hon vill \"st\u00e4rka\"<a href=\"https:\/\/www.amnesty.ch\/de\/ueber-amnesty\/publikationen\/magazin-amnesty\/2024-3\">^35<\/a>. Kritiker ser detta fr\u00e4mst som <strong>Ekonomiska motiv<\/strong> ist\u00e4llet f\u00f6r ett genuint engagemang f\u00f6r j\u00e4mst\u00e4lldhet.<\/p><h2>Slutsats: Mellan framsteg och f\u00f6rtryck<\/h2><p>Saudiarabien genomg\u00e5r just nu en <strong>En omvandling utan motstycke<\/strong> n\u00e4r det g\u00e4ller kvinnors r\u00e4ttigheter, vilket \u00e5terspeglas i dramatiskt \u00f6kande syssels\u00e4ttning, utbildningsframg\u00e5ngar och f\u00f6retagande. Dessa framsteg \u00e4r <strong>verklig och m\u00e4tbar<\/strong>\u00e4ven om de \u00f6verskuggas av auktorit\u00e4ra strukturer och ih\u00e5llande diskriminering.<\/p><p>F\u00f6r <strong>Religi\u00f6sa och etniska minoriteter<\/strong> situationen kvarst\u00e5r <strong>Kritisk<\/strong>. Shiamuslimer, kristna, hbtq-personer och migrantarbetare uts\u00e4tts f\u00f6r systematisk utest\u00e4ngning och f\u00f6rf\u00f6ljelse, vilket inte har f\u00f6rb\u00e4ttrats trots moderniseringen av samh\u00e4llet.<\/p><p>F\u00f6r\u00e4ndringen f\u00f6ljer p\u00e5 en <strong>instrumentell logik<\/strong>Kvinnor befordras eftersom landet beh\u00f6ver deras arbetskraft f\u00f6r Vision 2030. Men en verklig samh\u00e4llsf\u00f6r\u00e4ndring skulle ocks\u00e5 inkludera alla andra minoriteters r\u00e4ttigheter - ett steg som Saudiarabien \u00e4nnu inte v\u00e5gat ta.<\/p><p>Den <strong>det internationella samfundet<\/strong> st\u00e5r inf\u00f6r dilemmat att erk\u00e4nna de obestridliga framsteg som gjorts n\u00e4r det g\u00e4ller kvinnors r\u00e4ttigheter utan att bortse fr\u00e5n de p\u00e5g\u00e5ende kr\u00e4nkningarna av de m\u00e4nskliga r\u00e4ttigheterna. Saudiarabiens v\u00e4g visar att \u00e4ven auktorit\u00e4ra system kan \u00e5stadkomma dramatiska sociala f\u00f6r\u00e4ndringar - men bara inom omr\u00e5den som tj\u00e4nar deras strategiska m\u00e5l.<\/p><p>\u00a0<\/p><div><hr \/><\/div><h1>Kompletterande bed\u00f6mning ur ett Gradido-perspektiv<\/h1><p>Analysen utg\u00f6r en v\u00e4rdefull grund f\u00f6r Gradidos landsprojekt - \u00e4ven utanf\u00f6r \u00e4mnet j\u00e4mst\u00e4lldhet.<\/p><div><hr \/><\/div><h3>Kvinnor: Mellan anm\u00e4rkningsv\u00e4rda framsteg och ih\u00e5llande diskriminering<\/h3><ul data-tight=\"true\"><li><p><strong>Arbetsliv &amp; utbildning:<\/strong><br \/>Det kvinnliga arbetskraftsdeltagandet har mer \u00e4n f\u00f6rdubblats p\u00e5 bara n\u00e5gra \u00e5r och ligger nu p\u00e5 cirka 36 %. Kvinnor n\u00e5r nu ocks\u00e5 anm\u00e4rkningsv\u00e4rda niv\u00e5er i ledande befattningar och STEM-utbildning \u00f6ver hela v\u00e4rlden. Kvinnor formar start-up-scenen och denna utveckling erk\u00e4nns ocks\u00e5 internationellt.<\/p><\/li><li><p><strong>Strukturella gr\u00e4nser:<\/strong><br \/>Trots denna dynamik kvarst\u00e5r det manliga f\u00f6rmyndarsystemet och m\u00e5nga juridiska begr\u00e4nsningar. L\u00f6neskillnader, strukturella hinder och f\u00f6rf\u00f6ljelse av kvinnliga aktivister st\u00e5r fortfarande i v\u00e4gen f\u00f6r lika r\u00e4ttigheter.<\/p><\/li><\/ul><div><hr \/><\/div><h3>Minoriteter: Ih\u00e5llande marginalisering och diskriminering<\/h3><ul data-tight=\"true\"><li><p><strong>Religi\u00f6sa minoriteter<\/strong> (s\u00e4rskilt shiamuslimer och kristna) uts\u00e4tts f\u00f6r omfattande diskriminering och ibland \u00f6ppet f\u00f6rtryck. Offentlig religionsut\u00f6vning \u00e4r de facto inte till\u00e5ten - utom inom sunniislam.<\/p><\/li><li><p><strong>HBTQ+-personer<\/strong> p\u00e5verkas av socialt och statligt f\u00f6rtryck, inklusive d\u00f6dsstraff.<\/p><\/li><li><p><strong>Arbetskraftsinvandrare<\/strong> (s\u00e4rskilt hush\u00e5llsarbetare) \u00e4r i h\u00f6g grad beroende av andra och utnyttjas ofta; skyddsmekanismer och r\u00e4ttigheter saknas i stor utstr\u00e4ckning.<\/p><\/li><\/ul><div><hr \/><\/div><h3>Strukturella mots\u00e4ttningar &amp; internationell utv\u00e4rdering<\/h3><p>Den enorma moderniseringsivern (t.ex. n\u00e4r det g\u00e4ller kvinnors r\u00e4ttigheter, utbildning, nystartade f\u00f6retag) motiveras starkt av ekonomiska och politiska m\u00e5l och sker utan l\u00e5ngtg\u00e5ende sociala liberaliseringar. Framg\u00e5ngarna \u00e4r verkliga, men inte fria fr\u00e5n ambivalens: Samtidigt som ekonomisk frig\u00f6relse och f\u00f6rebilder skapas, \u00e4r j\u00e4mst\u00e4lldheten fortfarande oj\u00e4mn p\u00e5 m\u00e5nga omr\u00e5den och de politiska friheterna \u00e4r starkt begr\u00e4nsade.<\/p><div><hr \/><\/div><h3>Hopp och drivkraft f\u00f6r Gradido<\/h3><ul data-tight=\"true\"><li><p><strong>Jag tar fasta p\u00e5 det positiva:<\/strong><br \/>Gradido kan ta vid d\u00e4r framstegen redan har burit frukt: i fr\u00e4mjandet av tryggad f\u00f6rs\u00f6rjning, utbildning, socialt deltagande och j\u00e4mst\u00e4lldhet i praktiken.<\/p><\/li><li><p><strong>Empati och erk\u00e4nnande:<\/strong><br \/>Det \u00e4r viktigt att erk\u00e4nna befintliga reformer, men ocks\u00e5 att ha modet att peka p\u00e5 kvarvarande antaganden och \u00f6ppna s\u00e5r.<\/p><\/li><li><p><strong>Bygga broar:<\/strong><br \/>Broar mellan tradition och nystart, mellan ekonomisk modernisering och verklig social integration, \u00e4r nyckeln - Gradido kan ge impulser till deltagande och uppskattning av alla m\u00e4nniskor p\u00e5 grundval av det gemensamma b\u00e4sta och universell m\u00e4nsklig v\u00e4rdighet.<\/p><\/li><\/ul><div><hr \/><\/div><p>Denna forskning visar p\u00e5 ett imponerande s\u00e4tt att mycket h\u00e4nder och att det fortfarande finns mycket att g\u00f6ra. Ambivalensen mellan snabb modernisering och p\u00e5g\u00e5ende kontrollmekanismer utmanar ocks\u00e5 v\u00e5r uppskattande uppm\u00e4rksamhet och kreativitet.<\/p><\/div><\/div>\t\t\t\t\t\t\t\t<\/div>\n\t\t\t\t<\/div>\n\t\t\t\t\t<\/div>\n\t\t<\/div>\n\t\t\t\t\t<\/div>\n\t\t<\/section>\n\t\t\t\t<\/div>","protected":false},"excerpt":{"rendered":"<p>Gleichstellung von Frauen und Minderheiten \u00a0 \u00a0Hauptseite: Saudi-Arabien 1. Soziale und wirtschaftliche Herausforderungen2. Bildungssystem3. Umweltinitiativen4. Gleichstellung von Frauen und Minderheiten5. K\u00fcnstliche Intelligenz und Robotik6. Religion und ethische Werte7. Steuersystem und Zakat8. Internationaler Prestigegewinn (Soft Power)9. Integration und Konfliktmanagement10. KI-Nation f\u00fcr gemeinwohlorientiertes Miteinander? Wie erleben Frauen und Minderheiten in Saudi-Arabien heute wirklich Teilhabe und Chancen? Deutliche [&hellip;]<\/p>\n","protected":false},"author":2,"featured_media":10458,"parent":11034,"menu_order":0,"comment_status":"closed","ping_status":"closed","template":"","meta":{"footnotes":""},"class_list":["post-11085","page","type-page","status-publish","has-post-thumbnail","hentry"],"yoast_head":"<!-- This site is optimized with the Yoast SEO plugin v27.5 - https:\/\/yoast.com\/product\/yoast-seo-wordpress\/ -->\n<title>Gleichstellung von Frauen und Minderheiten in Saudi-Arabien - Gradido<\/title>\n<meta name=\"description\" content=\"Sei Teil der Bewegung!Gemeinsam bringen wir Gradido in die Welt.\" \/>\n<meta name=\"robots\" content=\"index, follow, max-snippet:-1, max-image-preview:large, max-video-preview:-1\" \/>\n<link rel=\"canonical\" href=\"https:\/\/gradido.net\/sv\/countries\/saudi-arabia\/equality-for-women-and-minorities\/\" \/>\n<meta property=\"og:locale\" content=\"sv_SE\" \/>\n<meta property=\"og:type\" content=\"article\" \/>\n<meta property=\"og:title\" content=\"Gleichstellung von Frauen und Minderheiten in Saudi-Arabien - Gradido\" \/>\n<meta property=\"og:description\" content=\"Sei Teil der Bewegung!Gemeinsam bringen wir Gradido in die Welt.\" \/>\n<meta property=\"og:url\" content=\"https:\/\/gradido.net\/sv\/countries\/saudi-arabia\/equality-for-women-and-minorities\/\" \/>\n<meta property=\"og:site_name\" content=\"Gradido\" \/>\n<meta property=\"article:modified_time\" content=\"2025-10-04T10:07:28+00:00\" \/>\n<meta property=\"og:image\" content=\"https:\/\/gradido.net\/wp-content\/uploads\/2025\/07\/AdobeStock_3210827871-scaled.jpeg\" \/>\n\t<meta property=\"og:image:width\" content=\"2560\" \/>\n\t<meta property=\"og:image:height\" content=\"790\" \/>\n\t<meta property=\"og:image:type\" content=\"image\/jpeg\" \/>\n<meta name=\"twitter:card\" content=\"summary_large_image\" \/>\n<meta name=\"twitter:label1\" content=\"Ber\u00e4knad l\u00e4stid\" \/>\n\t<meta name=\"twitter:data1\" content=\"9 minuter\" \/>\n<script type=\"application\/ld+json\" class=\"yoast-schema-graph\">{\"@context\":\"https:\\\/\\\/schema.org\",\"@graph\":[{\"@type\":\"WebPage\",\"@id\":\"https:\\\/\\\/gradido.net\\\/countries\\\/saudi-arabia\\\/equality-for-women-and-minorities\\\/\",\"url\":\"https:\\\/\\\/gradido.net\\\/countries\\\/saudi-arabia\\\/equality-for-women-and-minorities\\\/\",\"name\":\"Gleichstellung von Frauen und Minderheiten in Saudi-Arabien - Gradido\",\"isPartOf\":{\"@id\":\"https:\\\/\\\/gradido.net\\\/de\\\/#website\"},\"primaryImageOfPage\":{\"@id\":\"https:\\\/\\\/gradido.net\\\/countries\\\/saudi-arabia\\\/equality-for-women-and-minorities\\\/#primaryimage\"},\"image\":{\"@id\":\"https:\\\/\\\/gradido.net\\\/countries\\\/saudi-arabia\\\/equality-for-women-and-minorities\\\/#primaryimage\"},\"thumbnailUrl\":\"https:\\\/\\\/gradido.net\\\/wp-content\\\/uploads\\\/2025\\\/07\\\/AdobeStock_3210827871-scaled.jpeg\",\"datePublished\":\"2025-08-13T08:13:17+00:00\",\"dateModified\":\"2025-10-04T10:07:28+00:00\",\"description\":\"Sei Teil der Bewegung!Gemeinsam bringen wir Gradido in die Welt.\",\"breadcrumb\":{\"@id\":\"https:\\\/\\\/gradido.net\\\/countries\\\/saudi-arabia\\\/equality-for-women-and-minorities\\\/#breadcrumb\"},\"inLanguage\":\"sv-SE\",\"potentialAction\":[{\"@type\":\"ReadAction\",\"target\":[\"https:\\\/\\\/gradido.net\\\/countries\\\/saudi-arabia\\\/equality-for-women-and-minorities\\\/\"]}]},{\"@type\":\"ImageObject\",\"inLanguage\":\"sv-SE\",\"@id\":\"https:\\\/\\\/gradido.net\\\/countries\\\/saudi-arabia\\\/equality-for-women-and-minorities\\\/#primaryimage\",\"url\":\"https:\\\/\\\/gradido.net\\\/wp-content\\\/uploads\\\/2025\\\/07\\\/AdobeStock_3210827871-scaled.jpeg\",\"contentUrl\":\"https:\\\/\\\/gradido.net\\\/wp-content\\\/uploads\\\/2025\\\/07\\\/AdobeStock_3210827871-scaled.jpeg\",\"width\":2560,\"height\":790,\"caption\":\"world globe planet earth 3d-illustration. elements of this image furnished by NASA\"},{\"@type\":\"BreadcrumbList\",\"@id\":\"https:\\\/\\\/gradido.net\\\/countries\\\/saudi-arabia\\\/equality-for-women-and-minorities\\\/#breadcrumb\",\"itemListElement\":[{\"@type\":\"ListItem\",\"position\":1,\"name\":\"Startseite\",\"item\":\"https:\\\/\\\/gradido.net\\\/\"},{\"@type\":\"ListItem\",\"position\":2,\"name\":\"L\u00e4nderforschung\",\"item\":\"https:\\\/\\\/gradido.net\\\/countries\\\/\"},{\"@type\":\"ListItem\",\"position\":3,\"name\":\"Saudi-Arabien\",\"item\":\"https:\\\/\\\/gradido.net\\\/countries\\\/saudi-arabia\\\/\"},{\"@type\":\"ListItem\",\"position\":4,\"name\":\"Gleichstellung von Frauen und Minderheiten in Saudi-Arabien\"}]},{\"@type\":\"WebSite\",\"@id\":\"https:\\\/\\\/gradido.net\\\/de\\\/#website\",\"url\":\"https:\\\/\\\/gradido.net\\\/de\\\/\",\"name\":\"Gradido\",\"description\":\"Die neue W\u00e4hrung hei\u00dft Dankbarkeit\",\"publisher\":{\"@id\":\"https:\\\/\\\/gradido.net\\\/de\\\/#organization\"},\"potentialAction\":[{\"@type\":\"SearchAction\",\"target\":{\"@type\":\"EntryPoint\",\"urlTemplate\":\"https:\\\/\\\/gradido.net\\\/de\\\/?s={search_term_string}\"},\"query-input\":{\"@type\":\"PropertyValueSpecification\",\"valueRequired\":true,\"valueName\":\"search_term_string\"}}],\"inLanguage\":\"sv-SE\"},{\"@type\":\"Organization\",\"@id\":\"https:\\\/\\\/gradido.net\\\/de\\\/#organization\",\"name\":\"Gradido\",\"url\":\"https:\\\/\\\/gradido.net\\\/de\\\/\",\"logo\":{\"@type\":\"ImageObject\",\"inLanguage\":\"sv-SE\",\"@id\":\"https:\\\/\\\/gradido.net\\\/de\\\/#\\\/schema\\\/logo\\\/image\\\/\",\"url\":\"https:\\\/\\\/gradido.net\\\/wp-content\\\/uploads\\\/2022\\\/04\\\/gradido-social.jpg\",\"contentUrl\":\"https:\\\/\\\/gradido.net\\\/wp-content\\\/uploads\\\/2022\\\/04\\\/gradido-social.jpg\",\"width\":527,\"height\":273,\"caption\":\"Gradido\"},\"image\":{\"@id\":\"https:\\\/\\\/gradido.net\\\/de\\\/#\\\/schema\\\/logo\\\/image\\\/\"}}]}<\/script>\n<!-- \/ Yoast SEO plugin. -->","yoast_head_json":{"title":"J\u00e4mst\u00e4lldhet f\u00f6r kvinnor och minoriteter i Saudiarabien - Gradido","description":"Bli en del av r\u00f6relsen! Tillsammans f\u00f6r vi Gradido ut i v\u00e4rlden.","robots":{"index":"index","follow":"follow","max-snippet":"max-snippet:-1","max-image-preview":"max-image-preview:large","max-video-preview":"max-video-preview:-1"},"canonical":"https:\/\/gradido.net\/sv\/countries\/saudi-arabia\/equality-for-women-and-minorities\/","og_locale":"sv_SE","og_type":"article","og_title":"Gleichstellung von Frauen und Minderheiten in Saudi-Arabien - Gradido","og_description":"Sei Teil der Bewegung!Gemeinsam bringen wir Gradido in die Welt.","og_url":"https:\/\/gradido.net\/sv\/countries\/saudi-arabia\/equality-for-women-and-minorities\/","og_site_name":"Gradido","article_modified_time":"2025-10-04T10:07:28+00:00","og_image":[{"width":2560,"height":790,"url":"https:\/\/gradido.net\/wp-content\/uploads\/2025\/07\/AdobeStock_3210827871-scaled.jpeg","type":"image\/jpeg"}],"twitter_card":"summary_large_image","twitter_misc":{"Ber\u00e4knad l\u00e4stid":"9 minuter"},"schema":{"@context":"https:\/\/schema.org","@graph":[{"@type":"WebPage","@id":"https:\/\/gradido.net\/countries\/saudi-arabia\/equality-for-women-and-minorities\/","url":"https:\/\/gradido.net\/countries\/saudi-arabia\/equality-for-women-and-minorities\/","name":"J\u00e4mst\u00e4lldhet f\u00f6r kvinnor och minoriteter i Saudiarabien - Gradido","isPartOf":{"@id":"https:\/\/gradido.net\/de\/#website"},"primaryImageOfPage":{"@id":"https:\/\/gradido.net\/countries\/saudi-arabia\/equality-for-women-and-minorities\/#primaryimage"},"image":{"@id":"https:\/\/gradido.net\/countries\/saudi-arabia\/equality-for-women-and-minorities\/#primaryimage"},"thumbnailUrl":"https:\/\/gradido.net\/wp-content\/uploads\/2025\/07\/AdobeStock_3210827871-scaled.jpeg","datePublished":"2025-08-13T08:13:17+00:00","dateModified":"2025-10-04T10:07:28+00:00","description":"Bli en del av r\u00f6relsen! Tillsammans f\u00f6r vi Gradido ut i v\u00e4rlden.","breadcrumb":{"@id":"https:\/\/gradido.net\/countries\/saudi-arabia\/equality-for-women-and-minorities\/#breadcrumb"},"inLanguage":"sv-SE","potentialAction":[{"@type":"ReadAction","target":["https:\/\/gradido.net\/countries\/saudi-arabia\/equality-for-women-and-minorities\/"]}]},{"@type":"ImageObject","inLanguage":"sv-SE","@id":"https:\/\/gradido.net\/countries\/saudi-arabia\/equality-for-women-and-minorities\/#primaryimage","url":"https:\/\/gradido.net\/wp-content\/uploads\/2025\/07\/AdobeStock_3210827871-scaled.jpeg","contentUrl":"https:\/\/gradido.net\/wp-content\/uploads\/2025\/07\/AdobeStock_3210827871-scaled.jpeg","width":2560,"height":790,"caption":"world globe planet earth 3d-illustration. elements of this image furnished by NASA"},{"@type":"BreadcrumbList","@id":"https:\/\/gradido.net\/countries\/saudi-arabia\/equality-for-women-and-minorities\/#breadcrumb","itemListElement":[{"@type":"ListItem","position":1,"name":"Startseite","item":"https:\/\/gradido.net\/"},{"@type":"ListItem","position":2,"name":"L\u00e4nderforschung","item":"https:\/\/gradido.net\/countries\/"},{"@type":"ListItem","position":3,"name":"Saudi-Arabien","item":"https:\/\/gradido.net\/countries\/saudi-arabia\/"},{"@type":"ListItem","position":4,"name":"Gleichstellung von Frauen und Minderheiten in Saudi-Arabien"}]},{"@type":"WebSite","@id":"https:\/\/gradido.net\/de\/#website","url":"https:\/\/gradido.net\/de\/","name":"Gradido","description":"Den nya valutan \u00e4r tacksamhet","publisher":{"@id":"https:\/\/gradido.net\/de\/#organization"},"potentialAction":[{"@type":"SearchAction","target":{"@type":"EntryPoint","urlTemplate":"https:\/\/gradido.net\/de\/?s={search_term_string}"},"query-input":{"@type":"PropertyValueSpecification","valueRequired":true,"valueName":"search_term_string"}}],"inLanguage":"sv-SE"},{"@type":"Organization","@id":"https:\/\/gradido.net\/de\/#organization","name":"Gradido","url":"https:\/\/gradido.net\/de\/","logo":{"@type":"ImageObject","inLanguage":"sv-SE","@id":"https:\/\/gradido.net\/de\/#\/schema\/logo\/image\/","url":"https:\/\/gradido.net\/wp-content\/uploads\/2022\/04\/gradido-social.jpg","contentUrl":"https:\/\/gradido.net\/wp-content\/uploads\/2022\/04\/gradido-social.jpg","width":527,"height":273,"caption":"Gradido"},"image":{"@id":"https:\/\/gradido.net\/de\/#\/schema\/logo\/image\/"}}]}},"_links":{"self":[{"href":"https:\/\/gradido.net\/sv\/wp-json\/wp\/v2\/pages\/11085","targetHints":{"allow":["GET"]}}],"collection":[{"href":"https:\/\/gradido.net\/sv\/wp-json\/wp\/v2\/pages"}],"about":[{"href":"https:\/\/gradido.net\/sv\/wp-json\/wp\/v2\/types\/page"}],"author":[{"embeddable":true,"href":"https:\/\/gradido.net\/sv\/wp-json\/wp\/v2\/users\/2"}],"replies":[{"embeddable":true,"href":"https:\/\/gradido.net\/sv\/wp-json\/wp\/v2\/comments?post=11085"}],"version-history":[{"count":13,"href":"https:\/\/gradido.net\/sv\/wp-json\/wp\/v2\/pages\/11085\/revisions"}],"predecessor-version":[{"id":12007,"href":"https:\/\/gradido.net\/sv\/wp-json\/wp\/v2\/pages\/11085\/revisions\/12007"}],"up":[{"embeddable":true,"href":"https:\/\/gradido.net\/sv\/wp-json\/wp\/v2\/pages\/11034"}],"wp:featuredmedia":[{"embeddable":true,"href":"https:\/\/gradido.net\/sv\/wp-json\/wp\/v2\/media\/10458"}],"wp:attachment":[{"href":"https:\/\/gradido.net\/sv\/wp-json\/wp\/v2\/media?parent=11085"}],"curies":[{"name":"wp","href":"https:\/\/api.w.org\/{rel}","templated":true}]}}