{"id":11335,"date":"2025-08-15T13:52:57","date_gmt":"2025-08-15T11:52:57","guid":{"rendered":"https:\/\/gradido.net\/?page_id=11335"},"modified":"2025-11-09T19:33:20","modified_gmt":"2025-11-09T18:33:20","slug":"pilot-projects-in-german-cities","status":"publish","type":"page","link":"https:\/\/gradido.net\/sv\/countries\/germany\/pilot-projects-in-german-cities\/","title":{"rendered":"Tyskland: Pilotprojekt i tyska st\u00e4der"},"content":{"rendered":"<div data-elementor-type=\"wp-page\" data-elementor-id=\"11335\" class=\"elementor elementor-11335\" data-elementor-post-type=\"page\">\n\t\t\t\t\t\t<section class=\"elementor-section elementor-top-section elementor-element elementor-element-4ce3e8af elementor-section-full_width elementor-section-height-default elementor-section-height-default\" data-id=\"4ce3e8af\" data-element_type=\"section\" data-e-type=\"section\">\n\t\t\t\t\t\t<div class=\"elementor-container elementor-column-gap-no\">\n\t\t\t\t\t<div class=\"elementor-column elementor-col-100 elementor-top-column elementor-element elementor-element-efa8c8c\" data-id=\"efa8c8c\" data-element_type=\"column\" data-e-type=\"column\">\n\t\t\t<div class=\"elementor-widget-wrap elementor-element-populated\">\n\t\t\t\t\t\t<div class=\"elementor-element elementor-element-e088aa4 elementor--h-position-center elementor--v-position-middle elementor-arrows-position-inside elementor-widget elementor-widget-slides\" data-id=\"e088aa4\" data-element_type=\"widget\" data-e-type=\"widget\" data-settings=\"{&quot;navigation&quot;:&quot;arrows&quot;,&quot;autoplay&quot;:&quot;yes&quot;,&quot;pause_on_hover&quot;:&quot;yes&quot;,&quot;pause_on_interaction&quot;:&quot;yes&quot;,&quot;autoplay_speed&quot;:5000,&quot;infinite&quot;:&quot;yes&quot;,&quot;transition&quot;:&quot;slide&quot;,&quot;transition_speed&quot;:500}\" data-widget_type=\"slides.default\">\n\t\t\t\t<div class=\"elementor-widget-container\">\n\t\t\t\t\t\t\t\t\t<div class=\"elementor-swiper\">\n\t\t\t\t\t<div class=\"elementor-slides-wrapper elementor-main-swiper swiper\" role=\"region\" aria-roledescription=\"carousel\" aria-label=\"Skjutreglaget\" dir=\"ltr\" data-animation=\"fadeInUp\">\n\t\t\t\t<div class=\"swiper-wrapper elementor-slides\">\n\t\t\t\t\t\t\t\t\t\t<div class=\"elementor-repeater-item-2de4990 swiper-slide\" role=\"group\" aria-roledescription=\"slide\"><div class=\"swiper-slide-bg\" role=\"img\" aria-label=\"neuschwanstein-2602208_1280\"><\/div><div class=\"swiper-slide-inner\" ><div class=\"swiper-slide-contents\"><\/div><\/div><\/div><div class=\"elementor-repeater-item-28f126e swiper-slide\" role=\"group\" aria-roledescription=\"slide\"><div class=\"swiper-slide-bg\" role=\"img\" aria-label=\"building-6994803_1280\"><\/div><div class=\"swiper-slide-inner\" ><div class=\"swiper-slide-contents\"><\/div><\/div><\/div><div class=\"elementor-repeater-item-992da35 swiper-slide\" role=\"group\" aria-roledescription=\"slide\"><div class=\"swiper-slide-bg\" role=\"img\" aria-label=\"fl\u00f6de-9587488_1280\"><\/div><div class=\"swiper-slide-inner\" ><div class=\"swiper-slide-contents\"><\/div><\/div><\/div><div class=\"elementor-repeater-item-1a67a9d swiper-slide\" role=\"group\" aria-roledescription=\"slide\"><div class=\"swiper-slide-bg\" role=\"img\" aria-label=\"hamburg-4570577_1280\"><\/div><div class=\"swiper-slide-inner\" ><div class=\"swiper-slide-contents\"><\/div><\/div><\/div><div class=\"elementor-repeater-item-2799f50 swiper-slide\" role=\"group\" aria-roledescription=\"slide\"><div class=\"swiper-slide-bg\" role=\"img\" aria-label=\"berlin-8429780_1280\"><\/div><div class=\"swiper-slide-inner\" ><div class=\"swiper-slide-contents\"><\/div><\/div><\/div><div class=\"elementor-repeater-item-22adf08 swiper-slide\" role=\"group\" aria-roledescription=\"slide\"><div class=\"swiper-slide-bg\" role=\"img\" aria-label=\"cologne-cathedral-1846338_1280\"><\/div><div class=\"swiper-slide-inner\" ><div class=\"swiper-slide-contents\"><\/div><\/div><\/div>\t\t\t\t<\/div>\n\t\t\t\t\t\t\t\t\t\t\t\t\t\t\t<div class=\"elementor-swiper-button elementor-swiper-button-prev\" role=\"button\" tabindex=\"0\" aria-label=\"Predch\u00e1dzaj\u00faci sn\u00edmok\" data-no-translation-aria-label=\"\">\n\t\t\t\t\t\t\t<i aria-hidden=\"true\" class=\"eicon-chevron-left\"><\/i>\t\t\t\t\t\t<\/div>\n\t\t\t\t\t\t<div class=\"elementor-swiper-button elementor-swiper-button-next\" role=\"button\" tabindex=\"0\" aria-label=\"\u010eal\u0161ia sn\u00edmka\" data-no-translation-aria-label=\"\">\n\t\t\t\t\t\t\t<i aria-hidden=\"true\" class=\"eicon-chevron-right\"><\/i>\t\t\t\t\t\t<\/div>\n\t\t\t\t\t\t\t\t\t\t\t\t\t\t\t\t\t<\/div>\n\t\t\t\t<\/div>\n\t\t\t\t\t\t\t\t<\/div>\n\t\t\t\t<\/div>\n\t\t\t\t\t<\/div>\n\t\t<\/div>\n\t\t\t\t\t<\/div>\n\t\t<\/section>\n\t\t\t\t<section class=\"elementor-section elementor-top-section elementor-element elementor-element-240baa7a elementor-section-boxed elementor-section-height-default elementor-section-height-default\" data-id=\"240baa7a\" data-element_type=\"section\" data-e-type=\"section\" data-settings=\"{&quot;background_background&quot;:&quot;classic&quot;}\">\n\t\t\t\t\t\t<div class=\"elementor-container elementor-column-gap-default\">\n\t\t\t\t\t<div class=\"elementor-column elementor-col-100 elementor-top-column elementor-element elementor-element-1afe9e42\" data-id=\"1afe9e42\" data-element_type=\"column\" data-e-type=\"column\">\n\t\t\t<div class=\"elementor-widget-wrap elementor-element-populated\">\n\t\t\t\t\t\t<div class=\"elementor-element elementor-element-65bd50ae elementor-widget elementor-widget-heading\" data-id=\"65bd50ae\" data-element_type=\"widget\" data-e-type=\"widget\" data-widget_type=\"heading.default\">\n\t\t\t\t<div class=\"elementor-widget-container\">\n\t\t\t\t\t<h1 class=\"elementor-heading-title elementor-size-default\">Pilotprojekt i tyska st\u00e4der<\/h1>\t\t\t\t<\/div>\n\t\t\t\t<\/div>\n\t\t\t\t\t<\/div>\n\t\t<\/div>\n\t\t\t\t\t<\/div>\n\t\t<\/section>\n\t\t\t\t<section class=\"elementor-section elementor-top-section elementor-element elementor-element-446540f elementor-section-boxed elementor-section-height-default elementor-section-height-default\" data-id=\"446540f\" data-element_type=\"section\" data-e-type=\"section\">\n\t\t\t\t\t\t<div class=\"elementor-container elementor-column-gap-default\">\n\t\t\t\t\t<div class=\"elementor-column elementor-col-100 elementor-top-column elementor-element elementor-element-312a2d3\" data-id=\"312a2d3\" data-element_type=\"column\" data-e-type=\"column\">\n\t\t\t<div class=\"elementor-widget-wrap elementor-element-populated\">\n\t\t\t\t\t\t<div class=\"elementor-element elementor-element-8071a6f elementor-nav-menu--dropdown-tablet elementor-nav-menu__text-align-aside elementor-nav-menu--toggle elementor-nav-menu--burger elementor-widget elementor-widget-nav-menu\" data-id=\"8071a6f\" data-element_type=\"widget\" data-e-type=\"widget\" data-settings=\"{&quot;layout&quot;:&quot;horizontal&quot;,&quot;submenu_icon&quot;:{&quot;value&quot;:&quot;&lt;i class=\\&quot;fas fa-caret-down\\&quot; aria-hidden=\\&quot;true\\&quot;&gt;&lt;\\\/i&gt;&quot;,&quot;library&quot;:&quot;fa-solid&quot;},&quot;toggle&quot;:&quot;burger&quot;}\" data-widget_type=\"nav-menu.default\">\n\t\t\t\t<div class=\"elementor-widget-container\">\n\t\t\t\t\t\t\t\t<nav aria-label=\"Forskning om l\u00e4nder\" class=\"elementor-nav-menu--main elementor-nav-menu__container elementor-nav-menu--layout-horizontal e--pointer-underline e--animation-grow\">\n\t\t\t\t<ul id=\"menu-1-8071a6f\" class=\"elementor-nav-menu\"><li class=\"menu-item menu-item-type-custom menu-item-object-custom menu-item-has-children menu-item-12305\"><a class=\"elementor-item\">Afrika<\/a>\n<ul class=\"sub-menu elementor-nav-menu--dropdown\">\n\t<li class=\"menu-item menu-item-type-post_type menu-item-object-page menu-item-12253\"><a href=\"https:\/\/gradido.net\/sv\/countries\/afrika\/\" class=\"elementor-sub-item\">Afrika, hela kontinenten<\/a><\/li>\n\t<li class=\"menu-item menu-item-type-post_type menu-item-object-page menu-item-13097\"><a href=\"https:\/\/gradido.net\/sv\/countries\/afrika\/dr-congo\/\" class=\"elementor-sub-item\">Demokratiska republiken Kongo<\/a><\/li>\n\t<li class=\"menu-item menu-item-type-post_type menu-item-object-page menu-item-12414\"><a href=\"https:\/\/gradido.net\/sv\/countries\/afrika\/kenya\/\" class=\"elementor-sub-item\">Kenya<\/a><\/li>\n\t<li class=\"menu-item menu-item-type-post_type menu-item-object-page menu-item-12737\"><a href=\"https:\/\/gradido.net\/sv\/countries\/afrika\/madagascar\/\" class=\"elementor-sub-item\">Madagaskar<\/a><\/li>\n\t<li class=\"menu-item menu-item-type-post_type menu-item-object-page menu-item-12148\"><a href=\"https:\/\/gradido.net\/sv\/countries\/afrika\/namibia\/\" class=\"elementor-sub-item\">Namibia<\/a><\/li>\n\t<li class=\"menu-item menu-item-type-post_type menu-item-object-page menu-item-12839\"><a href=\"https:\/\/gradido.net\/sv\/countries\/afrika\/rwanda\/\" class=\"elementor-sub-item\">Rwanda<\/a><\/li>\n<\/ul>\n<\/li>\n<li class=\"menu-item menu-item-type-custom menu-item-object-custom menu-item-has-children menu-item-11798\"><a class=\"elementor-item\">Amerika<\/a>\n<ul class=\"sub-menu elementor-nav-menu--dropdown\">\n\t<li class=\"menu-item menu-item-type-post_type menu-item-object-page menu-item-12463\"><a href=\"https:\/\/gradido.net\/sv\/countries\/usa\/\" class=\"elementor-sub-item\">USA<\/a><\/li>\n\t<li class=\"menu-item menu-item-type-post_type menu-item-object-page menu-item-11791\"><a href=\"https:\/\/gradido.net\/sv\/countries\/mexico\/\" class=\"elementor-sub-item\">Mexiko<\/a><\/li>\n<\/ul>\n<\/li>\n<li class=\"menu-item menu-item-type-custom menu-item-object-custom menu-item-has-children menu-item-11800\"><a class=\"elementor-item\">Asien<\/a>\n<ul class=\"sub-menu elementor-nav-menu--dropdown\">\n\t<li class=\"menu-item menu-item-type-post_type menu-item-object-page menu-item-11794\"><a href=\"https:\/\/gradido.net\/sv\/countries\/maledives\/\" class=\"elementor-sub-item\">Maldiverna<\/a><\/li>\n\t<li class=\"menu-item menu-item-type-post_type menu-item-object-page menu-item-11790\"><a href=\"https:\/\/gradido.net\/sv\/countries\/philippines\/\" class=\"elementor-sub-item\">Filippinerna<\/a><\/li>\n\t<li class=\"menu-item menu-item-type-post_type menu-item-object-page menu-item-11802\"><a href=\"https:\/\/gradido.net\/sv\/countries\/saudi-arabia\/\" class=\"elementor-sub-item\">Saudiarabien<\/a><\/li>\n<\/ul>\n<\/li>\n<li class=\"menu-item menu-item-type-custom menu-item-object-custom menu-item-has-children menu-item-11797\"><a class=\"elementor-item\">Europa<\/a>\n<ul class=\"sub-menu elementor-nav-menu--dropdown\">\n\t<li class=\"menu-item menu-item-type-post_type menu-item-object-page menu-item-11805\"><a href=\"https:\/\/gradido.net\/sv\/countries\/germany\/\" class=\"elementor-sub-item\">Tyskland<\/a><\/li>\n\t<li class=\"menu-item menu-item-type-post_type menu-item-object-page menu-item-11803\"><a href=\"https:\/\/gradido.net\/sv\/countries\/greece\/\" class=\"elementor-sub-item\">Grekland<\/a><\/li>\n\t<li class=\"menu-item menu-item-type-post_type menu-item-object-page menu-item-11788\"><a href=\"https:\/\/gradido.net\/sv\/countries\/spain\/\" class=\"elementor-sub-item\">Spanien<\/a><\/li>\n<\/ul>\n<\/li>\n<li class=\"menu-item menu-item-type-custom menu-item-object-custom menu-item-has-children menu-item-11801\"><a class=\"elementor-item\">Oceanien<\/a>\n<ul class=\"sub-menu elementor-nav-menu--dropdown\">\n\t<li class=\"menu-item menu-item-type-post_type menu-item-object-page menu-item-11793\"><a href=\"https:\/\/gradido.net\/sv\/countries\/marshall-islands\/\" class=\"elementor-sub-item\">Marshall\u00f6arna<\/a><\/li>\n\t<li class=\"menu-item menu-item-type-post_type menu-item-object-page menu-item-11795\"><a href=\"https:\/\/gradido.net\/sv\/countries\/tahiti\/\" class=\"elementor-sub-item\">Tahiti<\/a><\/li>\n<\/ul>\n<\/li>\n<\/ul>\t\t\t<\/nav>\n\t\t\t\t\t<div class=\"elementor-menu-toggle\" role=\"button\" tabindex=\"0\" aria-label=\"Sl\u00e5 p\u00e5\/av meny\" aria-expanded=\"false\">\n\t\t\t<i aria-hidden=\"true\" role=\"presentation\" class=\"elementor-menu-toggle__icon--open eicon-menu-bar\"><\/i><i aria-hidden=\"true\" role=\"presentation\" class=\"elementor-menu-toggle__icon--close eicon-close\"><\/i>\t\t<\/div>\n\t\t\t\t\t<nav class=\"elementor-nav-menu--dropdown elementor-nav-menu__container\" aria-hidden=\"true\">\n\t\t\t\t<ul id=\"menu-2-8071a6f\" class=\"elementor-nav-menu\"><li class=\"menu-item menu-item-type-custom menu-item-object-custom menu-item-has-children menu-item-12305\"><a class=\"elementor-item\" tabindex=\"-1\">Afrika<\/a>\n<ul class=\"sub-menu elementor-nav-menu--dropdown\">\n\t<li class=\"menu-item menu-item-type-post_type menu-item-object-page menu-item-12253\"><a href=\"https:\/\/gradido.net\/sv\/countries\/afrika\/\" class=\"elementor-sub-item\" tabindex=\"-1\">Afrika, hela kontinenten<\/a><\/li>\n\t<li class=\"menu-item menu-item-type-post_type menu-item-object-page menu-item-13097\"><a href=\"https:\/\/gradido.net\/sv\/countries\/afrika\/dr-congo\/\" class=\"elementor-sub-item\" tabindex=\"-1\">Demokratiska republiken Kongo<\/a><\/li>\n\t<li class=\"menu-item menu-item-type-post_type menu-item-object-page menu-item-12414\"><a href=\"https:\/\/gradido.net\/sv\/countries\/afrika\/kenya\/\" class=\"elementor-sub-item\" tabindex=\"-1\">Kenya<\/a><\/li>\n\t<li class=\"menu-item menu-item-type-post_type menu-item-object-page menu-item-12737\"><a href=\"https:\/\/gradido.net\/sv\/countries\/afrika\/madagascar\/\" class=\"elementor-sub-item\" tabindex=\"-1\">Madagaskar<\/a><\/li>\n\t<li class=\"menu-item menu-item-type-post_type menu-item-object-page menu-item-12148\"><a href=\"https:\/\/gradido.net\/sv\/countries\/afrika\/namibia\/\" class=\"elementor-sub-item\" tabindex=\"-1\">Namibia<\/a><\/li>\n\t<li class=\"menu-item menu-item-type-post_type menu-item-object-page menu-item-12839\"><a href=\"https:\/\/gradido.net\/sv\/countries\/afrika\/rwanda\/\" class=\"elementor-sub-item\" tabindex=\"-1\">Rwanda<\/a><\/li>\n<\/ul>\n<\/li>\n<li class=\"menu-item menu-item-type-custom menu-item-object-custom menu-item-has-children menu-item-11798\"><a class=\"elementor-item\" tabindex=\"-1\">Amerika<\/a>\n<ul class=\"sub-menu elementor-nav-menu--dropdown\">\n\t<li class=\"menu-item menu-item-type-post_type menu-item-object-page menu-item-12463\"><a href=\"https:\/\/gradido.net\/sv\/countries\/usa\/\" class=\"elementor-sub-item\" tabindex=\"-1\">USA<\/a><\/li>\n\t<li class=\"menu-item menu-item-type-post_type menu-item-object-page menu-item-11791\"><a href=\"https:\/\/gradido.net\/sv\/countries\/mexico\/\" class=\"elementor-sub-item\" tabindex=\"-1\">Mexiko<\/a><\/li>\n<\/ul>\n<\/li>\n<li class=\"menu-item menu-item-type-custom menu-item-object-custom menu-item-has-children menu-item-11800\"><a class=\"elementor-item\" tabindex=\"-1\">Asien<\/a>\n<ul class=\"sub-menu elementor-nav-menu--dropdown\">\n\t<li class=\"menu-item menu-item-type-post_type menu-item-object-page menu-item-11794\"><a href=\"https:\/\/gradido.net\/sv\/countries\/maledives\/\" class=\"elementor-sub-item\" tabindex=\"-1\">Maldiverna<\/a><\/li>\n\t<li class=\"menu-item menu-item-type-post_type menu-item-object-page menu-item-11790\"><a href=\"https:\/\/gradido.net\/sv\/countries\/philippines\/\" class=\"elementor-sub-item\" tabindex=\"-1\">Filippinerna<\/a><\/li>\n\t<li class=\"menu-item menu-item-type-post_type menu-item-object-page menu-item-11802\"><a href=\"https:\/\/gradido.net\/sv\/countries\/saudi-arabia\/\" class=\"elementor-sub-item\" tabindex=\"-1\">Saudiarabien<\/a><\/li>\n<\/ul>\n<\/li>\n<li class=\"menu-item menu-item-type-custom menu-item-object-custom menu-item-has-children menu-item-11797\"><a class=\"elementor-item\" tabindex=\"-1\">Europa<\/a>\n<ul class=\"sub-menu elementor-nav-menu--dropdown\">\n\t<li class=\"menu-item menu-item-type-post_type menu-item-object-page menu-item-11805\"><a href=\"https:\/\/gradido.net\/sv\/countries\/germany\/\" class=\"elementor-sub-item\" tabindex=\"-1\">Tyskland<\/a><\/li>\n\t<li class=\"menu-item menu-item-type-post_type menu-item-object-page menu-item-11803\"><a href=\"https:\/\/gradido.net\/sv\/countries\/greece\/\" class=\"elementor-sub-item\" tabindex=\"-1\">Grekland<\/a><\/li>\n\t<li class=\"menu-item menu-item-type-post_type menu-item-object-page menu-item-11788\"><a href=\"https:\/\/gradido.net\/sv\/countries\/spain\/\" class=\"elementor-sub-item\" tabindex=\"-1\">Spanien<\/a><\/li>\n<\/ul>\n<\/li>\n<li class=\"menu-item menu-item-type-custom menu-item-object-custom menu-item-has-children menu-item-11801\"><a class=\"elementor-item\" tabindex=\"-1\">Oceanien<\/a>\n<ul class=\"sub-menu elementor-nav-menu--dropdown\">\n\t<li class=\"menu-item menu-item-type-post_type menu-item-object-page menu-item-11793\"><a href=\"https:\/\/gradido.net\/sv\/countries\/marshall-islands\/\" class=\"elementor-sub-item\" tabindex=\"-1\">Marshall\u00f6arna<\/a><\/li>\n\t<li class=\"menu-item menu-item-type-post_type menu-item-object-page menu-item-11795\"><a href=\"https:\/\/gradido.net\/sv\/countries\/tahiti\/\" class=\"elementor-sub-item\" tabindex=\"-1\">Tahiti<\/a><\/li>\n<\/ul>\n<\/li>\n<\/ul>\t\t\t<\/nav>\n\t\t\t\t\t\t<\/div>\n\t\t\t\t<\/div>\n\t\t\t\t<div class=\"elementor-element elementor-element-b31390b elementor-widget elementor-widget-breadcrumbs\" data-id=\"b31390b\" data-element_type=\"widget\" data-e-type=\"widget\" data-widget_type=\"breadcrumbs.default\">\n\t\t\t\t<div class=\"elementor-widget-container\">\n\t\t\t\t\t<p id=\"breadcrumbs\"><span><span><a href=\"https:\/\/gradido.net\/sv\/\">Hemsidan<\/a><\/span><\/span><\/p>\t\t\t\t<\/div>\n\t\t\t\t<\/div>\n\t\t\t\t<div class=\"elementor-element elementor-element-a9db9a5 elementor-widget elementor-widget-text-editor\" data-id=\"a9db9a5\" data-element_type=\"widget\" data-e-type=\"widget\" data-widget_type=\"text-editor.default\">\n\t\t\t\t<div class=\"elementor-widget-container\">\n\t\t\t\t\t\t\t\t\t<h2 style=\"text-align: center;\"><a href=\"https:\/\/gradido.net\/sv\/countries\/germany\/\"><strong>Huvudsida: Tyskland<\/strong><\/a><\/h2><p style=\"text-align: center;\"><a href=\"https:\/\/gradido.net\/sv\/countries\/germany\/vision-2032-de\/\">Vision-2032-DE - Hur Gradido f\u00f6r\u00e4ndrade Tyskland<\/a><br \/><a href=\"https:\/\/gradido.net\/sv\/countries\/germany\/supplementary-assessment-from-a-gradido-perspective\/\">Kompletterande bed\u00f6mning ur ett Gradido-perspektiv<\/a><br \/><strong>Pilotprojekt i tyska st\u00e4der<\/strong><\/p>\t\t\t\t\t\t\t\t<\/div>\n\t\t\t\t<\/div>\n\t\t\t\t<div class=\"elementor-element elementor-element-d7bb196 elementor-widget-divider--view-line elementor-widget elementor-widget-divider\" data-id=\"d7bb196\" data-element_type=\"widget\" data-e-type=\"widget\" data-widget_type=\"divider.default\">\n\t\t\t\t<div class=\"elementor-widget-container\">\n\t\t\t\t\t\t\t<div class=\"elementor-divider\">\n\t\t\t<span class=\"elementor-divider-separator\">\n\t\t\t\t\t\t<\/span>\n\t\t<\/div>\n\t\t\t\t\t\t<\/div>\n\t\t\t\t<\/div>\n\t\t\t\t<div class=\"elementor-element elementor-element-146ff9d elementor-widget elementor-widget-text-editor\" data-id=\"146ff9d\" data-element_type=\"widget\" data-e-type=\"widget\" data-widget_type=\"text-editor.default\">\n\t\t\t\t<div class=\"elementor-widget-container\">\n\t\t\t\t\t\t\t\t\t<div class=\"wiki-page-header-wrapper\"><div class=\"wiki-page-header-wrapper\"><p data-pm-slice=\"0 0 []\"><em>Inneh\u00e5llet \u00e5terspeglar resultaten av Perplexitys forskning och analyser och utg\u00f6r inte ett uttryck f\u00f6r Gradidos uppfattning. De \u00e4r avsedda att ge information och stimulera till vidare diskussion.<\/em><\/p><h1>Gradido-pilotprojekt i tyska st\u00e4der: Vetenskaplig utv\u00e4rdering och rekommendationer f\u00f6r \u00e5tg\u00e4rder<\/h1><h2>Betydelsen av den direkta stadsstrategin<\/h2><h3>Gynnsamma ramvillkor<\/h3><p>Den aktuella situationen f\u00f6r tyska kommuner skapar <strong>exceptionellt gynnsamma f\u00f6rh\u00e5llanden<\/strong> f\u00f6r innovativa metoder som Gradido. Kommunernas finanser \u00e4r i <strong>v\u00e4rsta krisen i efterkrigstidens historia<\/strong>: \u00c5r 2024 noterade st\u00e4derna och kommunerna ett rekordstort underskott p\u00e5 24,8 miljarder euro, som v\u00e4ntas stiga till \u00f6ver 30 miljarder euro 2025. <strong>85% f\u00f6r de tyska kommunerna<\/strong> inte kan l\u00e4gga fram en balanserad budget.<a href=\"https:\/\/www.marktundmittelstand.de\/finanzen\/kommunen-am-finanziellen-abgrund-droht-der-kollaps-unserer-staedte\">^1<\/a><a href=\"https:\/\/www.bertelsmann-stiftung.de\/de\/themen\/aktuelle-meldungen\/2025\/juli\/kommunale-finanzen-groesstes-defizit-in-der-geschichte-der-bundesrepublik\">^3<\/a><\/p><p>Denna finansiella brist skapar en <strong>ett enormt tryck p\u00e5 innovation<\/strong>. Kommunerna tvingas s\u00f6ka nya v\u00e4gar eftersom de traditionella l\u00f6sningarna inte h\u00e5ller m\u00e5ttet. De scenarier som beskrivs i dokumentet om favoritstaden - att r\u00e4dda f\u00f6retag, f\u00f6rb\u00e4ttra den kommunala ekonomin, st\u00e4rka frivilligarbetet - tar upp f\u00f6ljande fr\u00e5gor <strong>konkreta sm\u00e4rtpunkter<\/strong> Tyska kommuner.<\/p><h3>Befintlig \u00f6ppenhet f\u00f6r alternativa tillv\u00e4gag\u00e5ngss\u00e4tt<\/h3><p>Tyskland har redan <strong>46 aktiva regionala valutor<\/strong>fr\u00e5n den framg\u00e5ngsrika Chiemgauer (700.000 sedlar i omlopp, 600 acceptanspunkter) till mindre lokala projekt. Kommunen Langenegg i Vorarlberg \u00e4r ett exempel p\u00e5 hur Regionalweld binder upp 680.000 euro per \u00e5r i ett samh\u00e4lle med 450 hush\u00e5ll och skapar 150 arbetstillf\u00e4llen.<a href=\"https:\/\/www.focus.de\/politik\/finanzkrise-der-kommunen-kein-geld-fuer-kitas-schulen-klimaschutz-so-steht-es-um-unsere-pleite-gemeinden_id_201366037.html\">^4<\/a><a href=\"https:\/\/antenne.nrw\/nrw\/kommunalfinanzen-in-deutschland-rekorddefizit-in-den-staedten\/\">^6<\/a><\/p><p><strong>Initiativ f\u00f6r smarta st\u00e4der<\/strong> Den federala regeringen finansierar f\u00f6r n\u00e4rvarande 73 pilotprojekt med 820 miljoner euro. Dessa program visar hur <strong>Grundl\u00e4ggande beredskap<\/strong> av politik och administration f\u00f6r systemiska innovationer, s\u00e4rskilt om de kombinerar medborgardeltagande och h\u00e5llbarhet.<a href=\"https:\/\/www.staedtetag.de\/publikationen\/weitere-publikationen\/2024\/handreichung-beteiligungskultur-in-der-stadtplanung-und-stadtentwicklung\">^7<\/a><\/p><h2>M\u00e5lgrupper f\u00f6r projektet: Optimala stadstyper f\u00f6r Gradido-pilotprojekt<\/h2><h3>Sm\u00e5 st\u00e4der (5.000-20.000 inv\u00e5nare): St\u00f6rst chans att lyckas<\/h3><p><strong>Sm\u00e5 st\u00e4der<\/strong> erbjuda <strong>mest idealiska f\u00f6rh\u00e5llanden<\/strong> f\u00f6r Gradido-pilotprojekt:<\/p><ul data-tight=\"true\"><li><p><strong>Hanterbara strukturer<\/strong>Korta kommunikationskanaler mellan medborgare, administration och lokala f\u00f6retag<\/p><\/li><li><p><strong>H\u00f6g ekonomisk press<\/strong>: Sm\u00e5st\u00e4derna \u00e4r s\u00e4rskilt drabbade av den kommunala finanskrisen<\/p><\/li><li><p><strong>Stark kultur av volont\u00e4rarbete<\/strong>40% av tyskarna \u00e4r engagerade i frivilligt arbete, s\u00e4rskilt i mindre samh\u00e4llen<a href=\"https:\/\/www.staedtetag.de\/positionen\/beschluesse\/2025\/241-hauptausschuss-kommunale-finanzkrise\">^8<\/a><\/p><\/li><li><p><strong>Pragmatiskt beslutsfattande<\/strong>Mindre byr\u00e5kratiska hinder \u00e4n i storst\u00e4der<\/p><\/li><\/ul><p><strong>Konkreta utg\u00e5ngspunkter<\/strong> fr\u00e5n dokumentet om favoritstaden:<\/p><ul data-tight=\"true\"><li><p>Lokal pizzeria som multiplikator (intr\u00e4de med l\u00e5g tr\u00f6skel)<\/p><\/li><li><p>Frivillig brandk\u00e5r som en etablerad frivilligstruktur<\/p><\/li><li><p>R\u00e4dda lokala f\u00f6retag (exempel p\u00e5 skotillverkning)<\/p><\/li><\/ul><h3>Strukturellt svaga regioner: St\u00f6rst vilja att f\u00f6rnya sig<\/h3><p><strong>S\u00e4rskilt l\u00e4mpliga<\/strong> \u00e4r kommuner i strukturellt svaga omr\u00e5den:<\/p><ul data-tight=\"true\"><li><p>\u00d6sttyska kommuner med <strong>43% l\u00e4gre tillg\u00e5ngsniv\u00e5<\/strong><a href=\"https:\/\/www.dstgb.de\/publikationen\/dokumentationen\/bilanz-2024-und-ausblick-2025\/bilanz-24-25-final.pdf\">^9<\/a><\/p><\/li><li><p>Regioner med <strong>Befolkningsminskning<\/strong> och d\u00f6dsfall i n\u00e4ringslivet<\/p><\/li><li><p>Kommuner med <strong>Budgetn\u00f6dl\u00e4ge<\/strong> eller under kommunal tillsyn<\/p><\/li><\/ul><p>Dessa kommuner har <strong>\"inget att f\u00f6rlora\"<\/strong> och \u00e4r <strong>mer \u00f6ppna f\u00f6r radikala alternativ<\/strong>. Exemplet Langenegg visar att regionala valutor kan <strong>D\u00f6ende by<\/strong> framg\u00e5ngsrikt.<a href=\"https:\/\/www.bertelsmann-stiftung.de\/fileadmin\/files\/Projekte\/Vielfaeltige_Demokratie_gestalten\/Buergerbeteiligung_in_Kommunen_verankern.pdf\">^4<\/a><\/p><h3>Landsbygdssamh\u00e4llen med en stark identitet<\/h3><p><strong>Samh\u00e4llen p\u00e5 landsbygden<\/strong> med en stark lokal identitet erbjuder idealiska f\u00f6ruts\u00e4ttningar:<\/p><ul data-tight=\"true\"><li><p><strong>H\u00f6g densitet av klubbar<\/strong> och traditionell grannhj\u00e4lp<\/p><\/li><li><p><strong>Korta sociala n\u00e4tverk<\/strong> (\"alla k\u00e4nner alla\")<\/p><\/li><li><p><strong>Stark lokal sammanh\u00e5llning<\/strong> som grund f\u00f6r samarbetsprojekt<\/p><\/li><li><p><strong>Solidariskt jordbruk<\/strong> redan tillg\u00e4nglig som utg\u00e5ngspunkt<\/p><\/li><\/ul><p>Dokumentet beskriver de <strong>Permakultur och solidariskt jordbruk<\/strong> redan finns i landsbygdssamh\u00e4llen.<\/p><h2>Framg\u00e5ngsfaktorer f\u00f6r implementering av Gradido<\/h2><h3>Kritiska framg\u00e5ngsfaktorer (i prioritetsordning)<\/h3><p><strong>1:a borgm\u00e4staren som supporter<\/strong> (Betydelse: 9\/10)<\/p><ul data-tight=\"true\"><li><p><strong>Tillg\u00e4nglighet: S\u00e4llsynt<\/strong> - Detta \u00e4r den viktigaste men ocks\u00e5 sv\u00e5raste faktorn<\/p><\/li><li><p>Borgm\u00e4starna m\u00e5ste agera som <strong>\"V\u00e5rdare\"<\/strong> och vision\u00e4rer (som \"borgm\u00e4stare Miteinand\" i dokumentet)<\/p><\/li><li><p>Kr\u00e4vs <strong>politiskt mod<\/strong> f\u00f6r innovativa experiment<\/p><\/li><\/ul><p><strong>2. hanterbar storlek p\u00e5 samh\u00e4llet<\/strong> (Betydelse: 9\/10)<\/p><ul data-tight=\"true\"><li><p><strong>Tillg\u00e4nglighet: H\u00f6g<\/strong> - M\u00e5nga sm\u00e5 kommuner i Tyskland<\/p><\/li><li><p>Aktiverar <strong>Personliga relationer<\/strong> och <strong>Direkt kommunikation<\/strong><\/p><\/li><\/ul><p><strong>3. Befintliga strukturer f\u00f6r volont\u00e4rarbete<\/strong> (Betydelse: 8\/10)<\/p><ul data-tight=\"true\"><li><p><strong>Tillg\u00e4nglighet: H\u00f6g<\/strong> - Tyskland har en stark klubbkultur<\/p><\/li><li><p>28,8 miljoner m\u00e4nniskor utf\u00f6r frivilligt arbete<a href=\"https:\/\/www.staedtetag.de\/positionen\/beschluesse\/2025\/241-hauptausschuss-kommunale-finanzkrise\">^8<\/a><\/p><\/li><li><p>Brandk\u00e5r, idrottsklubbar, grannhj\u00e4lp som <strong>F\u00f6rankringspunkter<\/strong><\/p><\/li><\/ul><p><strong>4. Kommunens ekonomiska sv\u00e5righeter.<\/strong> (Betydelse: 8\/10)<\/p><ul data-tight=\"true\"><li><p><strong>Tillg\u00e4nglighet: Mycket h\u00f6g<\/strong> - 85% av de ber\u00f6rda kommunerna<a href=\"#\">^1<\/a><\/p><\/li><li><p>Skapar <strong>Press att f\u00f6rnya sig<\/strong> och <strong>Villighet att experimentera<\/strong><\/p><\/li><\/ul><h3>Hinder och risker<\/h3><p><strong>Huvudsakliga hinder:<\/strong><\/p><ol data-tight=\"true\"><li><p><strong>R\u00e4ttslig os\u00e4kerhet<\/strong>Kommunalr\u00e4tt, budgetr\u00e4tt, skatter\u00e4tt<\/p><\/li><li><p><strong>Byr\u00e5kratisk tr\u00f6ghet<\/strong>\"Vi har alltid gjort p\u00e5 det h\u00e4r s\u00e4ttet\"<\/p><\/li><li><p><strong>Aversion mot politisk risk<\/strong>: R\u00e4dsla f\u00f6r misslyckande och valnederlag<\/p><\/li><li><p><strong>Det federala systemets komplexitet<\/strong>: Olika kommunala lagar i de federala staterna<\/p><\/li><li><p><strong>Lobbymotst\u00e5nd<\/strong>Etablerade intressegrupper (banker, stora handelsf\u00f6retag)<\/p><\/li><\/ol><p><strong>Risker:<\/strong><\/p><ul data-tight=\"true\"><li><p><strong>Pilotprojektet misslyckades<\/strong> misskrediterar hela konceptet<\/p><\/li><li><p><strong>Uppm\u00e4rksamhet i media<\/strong> kan leda till politiska p\u00e5tryckningar<\/p><\/li><li><p><strong>R\u00e4ttsliga utmaningar<\/strong> av konkurrenter eller tillsynsmyndigheter<\/p><\/li><\/ul><h2>Konkreta rekommendationer f\u00f6r \u00e5tg\u00e4rder<\/h2><h3>Fas 1: Strategiska f\u00f6rberedelser (6-12 m\u00e5nader)<\/h3><p><strong>1. R\u00e4ttsligt skydd<\/strong><\/p><ul data-tight=\"true\"><li><p><strong>Juridiskt yttrande<\/strong> om Gradido i tysk kommunalr\u00e4tt<\/p><\/li><li><p><strong>Modeller f\u00f6r samarbete<\/strong> utvecklas med etablerade strukturer (kooperativ, f\u00f6reningar)<\/p><\/li><li><p><strong>Pilotprojekt f\u00f6r r\u00e4ttslig ram<\/strong> F\u00f6rhandla med ministerier p\u00e5 delstatsniv\u00e5<\/p><\/li><\/ul><p><strong>2. Vetenskaplig legitimering<\/strong><\/p><ul data-tight=\"true\"><li><p><strong>Samarbete med universitet<\/strong> f\u00f6r \u00e5tf\u00f6ljande utv\u00e4rdering<\/p><\/li><li><p><strong>Genomf\u00f6rbarhetsstudie<\/strong> av v\u00e4lrenommerade institut (Bertelsmann Foundation etc.)<\/p><\/li><li><p><strong>Referensprojekt<\/strong> dokument fr\u00e5n andra l\u00e4nder<\/p><\/li><\/ul><p><strong>3. Kartl\u00e4ggning av intressenter<\/strong><\/p><ul data-tight=\"true\"><li><p><strong>Progressiva borgm\u00e4stare<\/strong> i strukturellt svaga regioner<\/p><\/li><li><p><strong>Kommunala f\u00f6reningar<\/strong> som multiplikatorer<\/p><\/li><li><p><strong>Frivilligorganisationer<\/strong> Bygg upp som partner<\/p><\/li><\/ul><h3>Fas 2: F\u00f6rv\u00e4rv av pilotpartner (3-6 m\u00e5nader)<\/h3><p><strong>Riktad strategi enligt prioriteringar:<\/strong><\/p><p><strong>1:a prioritet A: kommuner i behov av st\u00f6d<\/strong><\/p><ul data-tight=\"true\"><li><p><strong>Budgetn\u00f6dl\u00e4ge - kommuner<\/strong> Adress direkt<\/p><\/li><li><p><strong>Argumentationslinje<\/strong>\"Gradido som komplement till renovering\"<\/p><\/li><li><p><strong>Samarbetserbjudande<\/strong>Fullst\u00e4ndig vetenskaplig \u00f6vervakning och r\u00e4ttsligt skydd<\/p><\/li><\/ul><p><strong>2:a prioritet B: Innovativa sm\u00e5st\u00e4der<\/strong><\/p><ul data-tight=\"true\"><li><p><strong>Deltagare i Smart City<\/strong> av federal finansiering<\/p><\/li><li><p><strong>Vinnare av h\u00e5llbarhetspris<\/strong> kontakt (t.ex. vinnare av det tyska h\u00e5llbarhetspriset)<\/p><\/li><li><p><strong>Resonemang<\/strong>Gradido som \"n\u00e4sta evolution\u00e4ra steg\" i den smarta staden<\/p><\/li><\/ul><p><strong>3:e prioritet C: Engagerade landsbygdssamh\u00e4llen<\/strong><\/p><ul data-tight=\"true\"><li><p><strong>Vinnare av pris f\u00f6r byf\u00f6rnyelse<\/strong> och <strong>Our Village nationell t\u00e4vling<\/strong> Deltagare<\/p><\/li><li><p><strong>Solidariska jordbruksplatser<\/strong> som utg\u00e5ngspunkter<\/p><\/li><\/ul><h3>Fas 3: Utformning av pilotprojekt (2-4 m\u00e5nader)<\/h3><p><strong>Strategi f\u00f6r gradvis introduktion:<\/strong><\/p><p><strong>Niv\u00e5 1: Honorary Gradido (3 m\u00e5nader)<\/strong><\/p><ul data-tight=\"true\"><li><p>B\u00f6rja med <strong>Hedersbetygelser till volont\u00e4rer<\/strong> (20 Gradido\/timme som i dokumentet)<\/p><\/li><li><p><strong>Brandk\u00e5ren, THW, idrottsf\u00f6reningar<\/strong> som de f\u00f6rsta deltagarna<\/p><\/li><li><p><strong>Gradido caf\u00e9er<\/strong> f\u00f6r acceptanspunkter med l\u00e5g tr\u00f6skel<\/p><\/li><\/ul><p><strong>Niv\u00e5 2: Lokal ekonomi (6 m\u00e5nader)<\/strong><\/p><ul data-tight=\"true\"><li><p><strong>Frivilligt deltagande<\/strong> lokala butiker<\/p><\/li><li><p><strong>3% Rabatt<\/strong> vid v\u00e4xling av Euro\u2192Gradido (bepr\u00f6vad modell)<\/p><\/li><li><p><strong>Gradido dagar<\/strong> som i exemplet med pizzerian<\/p><\/li><\/ul><p><strong>Steg 3: Kommunal integration (12 m\u00e5nader)<\/strong><\/p><ul data-tight=\"true\"><li><p><strong>Kommunala bidrag<\/strong> utg\u00e5ngar i Gradido<\/p><\/li><li><p><strong>Gemenskapsprojekt<\/strong> hur man f\u00f6rverkligar skotillverkning<\/p><\/li><li><p><strong>Komplett cykelst\u00e4ngning<\/strong><\/p><\/li><\/ul><h3>Fas 4: Professionell kommunikation<\/h3><p><strong>Intern kommunikation:<\/strong><\/p><ul data-tight=\"true\"><li><p><strong>Administrativ utbildning<\/strong> f\u00f6r alla ber\u00f6rda medarbetare<\/p><\/li><li><p><strong>Medborgarm\u00f6ten<\/strong> med transparent information<\/p><\/li><li><p><strong>Kontinuerlig dialog<\/strong> med skeptiker<\/p><\/li><\/ul><p><strong>Extern kommunikation:<\/strong><\/p><ul data-tight=\"true\"><li><p><strong>Samarbeten inom media<\/strong> med lokaltidningar\/radio<\/p><\/li><li><p><strong>Vetenskapliga publikationer<\/strong> f\u00f6r legitimering<\/p><\/li><li><p><strong>Utbyte av b\u00e4sta praxis<\/strong> mellan pilotkommuner<\/p><\/li><\/ul><p><strong>F\u00f6rebyggande av kriser:<\/strong><\/p><ul data-tight=\"true\"><li><p><strong>Planer f\u00f6r n\u00f6dsituationer<\/strong> f\u00f6r juridiska eller mediala problem<\/p><\/li><li><p><strong>Exit-scenarier<\/strong> om pilotprojektet misslyckas<\/p><\/li><li><p><strong>Regelbunden kommunikation av framg\u00e5ngar<\/strong> till alla intressenter<\/p><\/li><\/ul><h2>Slutsatser och prioriterade \u00e5tg\u00e4rder<\/h2><p>De tyska st\u00e4dernas direktanslutning till Gradido-pilotprojekt \u00e4r inte bara <strong>f\u00f6rnuftig, men strategiskt optimal timing<\/strong>. Den historiskt sett o\u00f6vertr\u00e4ffade kommunala finanskrisen skapar <strong>Unikt \u00f6ppningsbart f\u00f6nster<\/strong> f\u00f6r systemiska innovationer.<\/p><p><strong>St\u00f6rst chans att lyckas<\/strong> har:<\/p><ol data-tight=\"true\"><li><p><strong>Sm\u00e5 strukturellt svaga kommuner<\/strong> (500-5.000 p.e.) i \u00f6stra Tyskland<\/p><\/li><li><p><strong>Innovativa sm\u00e5st\u00e4der<\/strong> (5.000-15.000 p.e.) med \u00f6ppensinnade borgm\u00e4stare<\/p><\/li><li><p><strong>Samh\u00e4llen p\u00e5 landsbygden<\/strong> med en stark tradition av volont\u00e4rarbete och lokal identitet<\/p><\/li><\/ol><p><strong>Kritisk framg\u00e5ngsfaktor<\/strong> \u00e4r <strong>Kvaliteten p\u00e5 f\u00f6rberedelserna<\/strong>R\u00e4ttss\u00e4kerhet, vetenskaplig \u00f6vervakning och politiskt st\u00f6d \u00e4r avg\u00f6rande. A <strong>Misslyckat pilotprojekt<\/strong> skulle misskreditera hela Gradido-konceptet f\u00f6r m\u00e5nga \u00e5r fram\u00f6ver.<\/p><p><strong>Rekommendation<\/strong>: B\u00f6rja med <strong>2-3 noggrant utvalda pilotkommuner<\/strong>som uppfyller alla kritiska framg\u00e5ngsfaktorer. Favoritstadens scenario \u00e4r <strong>Realistiskt realiserbara<\/strong>om ramvillkoren \u00e4r de r\u00e4tta. Tiden f\u00f6r transformativa kommunala experiment \u00e4r <strong>nu<\/strong>.<\/p><p>\u00a0<\/p><\/div><\/div>\t\t\t\t\t\t\t\t<\/div>\n\t\t\t\t<\/div>\n\t\t\t\t\t<\/div>\n\t\t<\/div>\n\t\t\t\t\t<\/div>\n\t\t<\/section>\n\t\t\t\t<\/div>","protected":false},"excerpt":{"rendered":"<p>Pilotprojekte in deutschen St\u00e4dten Hauptseite: Deutschland Vision-2032-DE \u2013 Wie Gradido Deutschland transformierteErg\u00e4nzende Einsch\u00e4tzung aus Gradido-PerspektivePilotprojekte in deutschen St\u00e4dten Die Inhalte spiegeln die Recherche- und Analyseergebnisse von Perplexity wider und stellen keine Meinungs\u00e4u\u00dferung von Gradido dar. Sie dienen der Information und als Impuls zur weiteren Diskussion. Gradido-Pilotprojekte in deutschen St\u00e4dten: Wissenschaftliche Bewertung und Handlungsempfehlungen Sinnhaftigkeit der [&hellip;]<\/p>\n","protected":false},"author":2,"featured_media":10458,"parent":11280,"menu_order":0,"comment_status":"closed","ping_status":"closed","template":"","meta":{"footnotes":""},"class_list":["post-11335","page","type-page","status-publish","has-post-thumbnail","hentry"],"yoast_head":"<!-- This site is optimized with the Yoast SEO plugin v27.4 - https:\/\/yoast.com\/product\/yoast-seo-wordpress\/ -->\n<title>Deutschland: Pilotprojekte in deutschen St\u00e4dten - Gradido<\/title>\n<meta name=\"description\" content=\"Sei Teil der Bewegung!Gemeinsam bringen wir Gradido in die Welt.\" \/>\n<meta name=\"robots\" content=\"index, follow, max-snippet:-1, max-image-preview:large, max-video-preview:-1\" \/>\n<link rel=\"canonical\" href=\"https:\/\/gradido.net\/sv\/countries\/germany\/pilot-projects-in-german-cities\/\" \/>\n<meta property=\"og:locale\" content=\"sv_SE\" \/>\n<meta property=\"og:type\" content=\"article\" \/>\n<meta property=\"og:title\" content=\"Deutschland: Pilotprojekte in deutschen St\u00e4dten - Gradido\" \/>\n<meta property=\"og:description\" content=\"Sei Teil der Bewegung!Gemeinsam bringen wir Gradido in die Welt.\" \/>\n<meta property=\"og:url\" content=\"https:\/\/gradido.net\/sv\/countries\/germany\/pilot-projects-in-german-cities\/\" \/>\n<meta property=\"og:site_name\" content=\"Gradido\" \/>\n<meta property=\"article:modified_time\" content=\"2025-11-09T18:33:20+00:00\" \/>\n<meta property=\"og:image\" content=\"https:\/\/gradido.net\/wp-content\/uploads\/2025\/07\/AdobeStock_3210827871-scaled.jpeg\" \/>\n\t<meta property=\"og:image:width\" content=\"2560\" \/>\n\t<meta property=\"og:image:height\" content=\"790\" \/>\n\t<meta property=\"og:image:type\" content=\"image\/jpeg\" \/>\n<meta name=\"twitter:card\" content=\"summary_large_image\" \/>\n<meta name=\"twitter:label1\" content=\"Ber\u00e4knad l\u00e4stid\" \/>\n\t<meta name=\"twitter:data1\" content=\"6 minuter\" \/>\n<script type=\"application\/ld+json\" class=\"yoast-schema-graph\">{\"@context\":\"https:\\\/\\\/schema.org\",\"@graph\":[{\"@type\":\"WebPage\",\"@id\":\"https:\\\/\\\/gradido.net\\\/countries\\\/germany\\\/pilot-projects-in-german-cities\\\/\",\"url\":\"https:\\\/\\\/gradido.net\\\/countries\\\/germany\\\/pilot-projects-in-german-cities\\\/\",\"name\":\"Deutschland: Pilotprojekte in deutschen St\u00e4dten - Gradido\",\"isPartOf\":{\"@id\":\"https:\\\/\\\/gradido.net\\\/de\\\/#website\"},\"primaryImageOfPage\":{\"@id\":\"https:\\\/\\\/gradido.net\\\/countries\\\/germany\\\/pilot-projects-in-german-cities\\\/#primaryimage\"},\"image\":{\"@id\":\"https:\\\/\\\/gradido.net\\\/countries\\\/germany\\\/pilot-projects-in-german-cities\\\/#primaryimage\"},\"thumbnailUrl\":\"https:\\\/\\\/gradido.net\\\/wp-content\\\/uploads\\\/2025\\\/07\\\/AdobeStock_3210827871-scaled.jpeg\",\"datePublished\":\"2025-08-15T11:52:57+00:00\",\"dateModified\":\"2025-11-09T18:33:20+00:00\",\"description\":\"Sei Teil der Bewegung!Gemeinsam bringen wir Gradido in die Welt.\",\"breadcrumb\":{\"@id\":\"https:\\\/\\\/gradido.net\\\/countries\\\/germany\\\/pilot-projects-in-german-cities\\\/#breadcrumb\"},\"inLanguage\":\"sv-SE\",\"potentialAction\":[{\"@type\":\"ReadAction\",\"target\":[\"https:\\\/\\\/gradido.net\\\/countries\\\/germany\\\/pilot-projects-in-german-cities\\\/\"]}]},{\"@type\":\"ImageObject\",\"inLanguage\":\"sv-SE\",\"@id\":\"https:\\\/\\\/gradido.net\\\/countries\\\/germany\\\/pilot-projects-in-german-cities\\\/#primaryimage\",\"url\":\"https:\\\/\\\/gradido.net\\\/wp-content\\\/uploads\\\/2025\\\/07\\\/AdobeStock_3210827871-scaled.jpeg\",\"contentUrl\":\"https:\\\/\\\/gradido.net\\\/wp-content\\\/uploads\\\/2025\\\/07\\\/AdobeStock_3210827871-scaled.jpeg\",\"width\":2560,\"height\":790,\"caption\":\"world globe planet earth 3d-illustration. elements of this image furnished by NASA\"},{\"@type\":\"BreadcrumbList\",\"@id\":\"https:\\\/\\\/gradido.net\\\/countries\\\/germany\\\/pilot-projects-in-german-cities\\\/#breadcrumb\",\"itemListElement\":[{\"@type\":\"ListItem\",\"position\":1,\"name\":\"Startseite\",\"item\":\"https:\\\/\\\/gradido.net\\\/\"},{\"@type\":\"ListItem\",\"position\":2,\"name\":\"L\u00e4nderforschung\",\"item\":\"https:\\\/\\\/gradido.net\\\/countries\\\/\"},{\"@type\":\"ListItem\",\"position\":3,\"name\":\"Deutschland\",\"item\":\"https:\\\/\\\/gradido.net\\\/countries\\\/germany\\\/\"},{\"@type\":\"ListItem\",\"position\":4,\"name\":\"Deutschland: Pilotprojekte in deutschen St\u00e4dten\"}]},{\"@type\":\"WebSite\",\"@id\":\"https:\\\/\\\/gradido.net\\\/de\\\/#website\",\"url\":\"https:\\\/\\\/gradido.net\\\/de\\\/\",\"name\":\"Gradido\",\"description\":\"Die neue W\u00e4hrung hei\u00dft Dankbarkeit\",\"publisher\":{\"@id\":\"https:\\\/\\\/gradido.net\\\/de\\\/#organization\"},\"potentialAction\":[{\"@type\":\"SearchAction\",\"target\":{\"@type\":\"EntryPoint\",\"urlTemplate\":\"https:\\\/\\\/gradido.net\\\/de\\\/?s={search_term_string}\"},\"query-input\":{\"@type\":\"PropertyValueSpecification\",\"valueRequired\":true,\"valueName\":\"search_term_string\"}}],\"inLanguage\":\"sv-SE\"},{\"@type\":\"Organization\",\"@id\":\"https:\\\/\\\/gradido.net\\\/de\\\/#organization\",\"name\":\"Gradido\",\"url\":\"https:\\\/\\\/gradido.net\\\/de\\\/\",\"logo\":{\"@type\":\"ImageObject\",\"inLanguage\":\"sv-SE\",\"@id\":\"https:\\\/\\\/gradido.net\\\/de\\\/#\\\/schema\\\/logo\\\/image\\\/\",\"url\":\"https:\\\/\\\/gradido.net\\\/wp-content\\\/uploads\\\/2022\\\/04\\\/gradido-social.jpg\",\"contentUrl\":\"https:\\\/\\\/gradido.net\\\/wp-content\\\/uploads\\\/2022\\\/04\\\/gradido-social.jpg\",\"width\":527,\"height\":273,\"caption\":\"Gradido\"},\"image\":{\"@id\":\"https:\\\/\\\/gradido.net\\\/de\\\/#\\\/schema\\\/logo\\\/image\\\/\"}}]}<\/script>\n<!-- \/ Yoast SEO plugin. -->","yoast_head_json":{"title":"Tyskland: Pilotprojekt i tyska st\u00e4der - Gradido","description":"Bli en del av r\u00f6relsen! Tillsammans f\u00f6r vi Gradido ut i v\u00e4rlden.","robots":{"index":"index","follow":"follow","max-snippet":"max-snippet:-1","max-image-preview":"max-image-preview:large","max-video-preview":"max-video-preview:-1"},"canonical":"https:\/\/gradido.net\/sv\/countries\/germany\/pilot-projects-in-german-cities\/","og_locale":"sv_SE","og_type":"article","og_title":"Deutschland: Pilotprojekte in deutschen St\u00e4dten - Gradido","og_description":"Sei Teil der Bewegung!Gemeinsam bringen wir Gradido in die Welt.","og_url":"https:\/\/gradido.net\/sv\/countries\/germany\/pilot-projects-in-german-cities\/","og_site_name":"Gradido","article_modified_time":"2025-11-09T18:33:20+00:00","og_image":[{"width":2560,"height":790,"url":"https:\/\/gradido.net\/wp-content\/uploads\/2025\/07\/AdobeStock_3210827871-scaled.jpeg","type":"image\/jpeg"}],"twitter_card":"summary_large_image","twitter_misc":{"Ber\u00e4knad l\u00e4stid":"6 minuter"},"schema":{"@context":"https:\/\/schema.org","@graph":[{"@type":"WebPage","@id":"https:\/\/gradido.net\/countries\/germany\/pilot-projects-in-german-cities\/","url":"https:\/\/gradido.net\/countries\/germany\/pilot-projects-in-german-cities\/","name":"Tyskland: Pilotprojekt i tyska st\u00e4der - Gradido","isPartOf":{"@id":"https:\/\/gradido.net\/de\/#website"},"primaryImageOfPage":{"@id":"https:\/\/gradido.net\/countries\/germany\/pilot-projects-in-german-cities\/#primaryimage"},"image":{"@id":"https:\/\/gradido.net\/countries\/germany\/pilot-projects-in-german-cities\/#primaryimage"},"thumbnailUrl":"https:\/\/gradido.net\/wp-content\/uploads\/2025\/07\/AdobeStock_3210827871-scaled.jpeg","datePublished":"2025-08-15T11:52:57+00:00","dateModified":"2025-11-09T18:33:20+00:00","description":"Bli en del av r\u00f6relsen! Tillsammans f\u00f6r vi Gradido ut i v\u00e4rlden.","breadcrumb":{"@id":"https:\/\/gradido.net\/countries\/germany\/pilot-projects-in-german-cities\/#breadcrumb"},"inLanguage":"sv-SE","potentialAction":[{"@type":"ReadAction","target":["https:\/\/gradido.net\/countries\/germany\/pilot-projects-in-german-cities\/"]}]},{"@type":"ImageObject","inLanguage":"sv-SE","@id":"https:\/\/gradido.net\/countries\/germany\/pilot-projects-in-german-cities\/#primaryimage","url":"https:\/\/gradido.net\/wp-content\/uploads\/2025\/07\/AdobeStock_3210827871-scaled.jpeg","contentUrl":"https:\/\/gradido.net\/wp-content\/uploads\/2025\/07\/AdobeStock_3210827871-scaled.jpeg","width":2560,"height":790,"caption":"world globe planet earth 3d-illustration. elements of this image furnished by NASA"},{"@type":"BreadcrumbList","@id":"https:\/\/gradido.net\/countries\/germany\/pilot-projects-in-german-cities\/#breadcrumb","itemListElement":[{"@type":"ListItem","position":1,"name":"Startseite","item":"https:\/\/gradido.net\/"},{"@type":"ListItem","position":2,"name":"L\u00e4nderforschung","item":"https:\/\/gradido.net\/countries\/"},{"@type":"ListItem","position":3,"name":"Deutschland","item":"https:\/\/gradido.net\/countries\/germany\/"},{"@type":"ListItem","position":4,"name":"Deutschland: Pilotprojekte in deutschen St\u00e4dten"}]},{"@type":"WebSite","@id":"https:\/\/gradido.net\/de\/#website","url":"https:\/\/gradido.net\/de\/","name":"Gradido","description":"Den nya valutan \u00e4r tacksamhet","publisher":{"@id":"https:\/\/gradido.net\/de\/#organization"},"potentialAction":[{"@type":"SearchAction","target":{"@type":"EntryPoint","urlTemplate":"https:\/\/gradido.net\/de\/?s={search_term_string}"},"query-input":{"@type":"PropertyValueSpecification","valueRequired":true,"valueName":"search_term_string"}}],"inLanguage":"sv-SE"},{"@type":"Organization","@id":"https:\/\/gradido.net\/de\/#organization","name":"Gradido","url":"https:\/\/gradido.net\/de\/","logo":{"@type":"ImageObject","inLanguage":"sv-SE","@id":"https:\/\/gradido.net\/de\/#\/schema\/logo\/image\/","url":"https:\/\/gradido.net\/wp-content\/uploads\/2022\/04\/gradido-social.jpg","contentUrl":"https:\/\/gradido.net\/wp-content\/uploads\/2022\/04\/gradido-social.jpg","width":527,"height":273,"caption":"Gradido"},"image":{"@id":"https:\/\/gradido.net\/de\/#\/schema\/logo\/image\/"}}]}},"_links":{"self":[{"href":"https:\/\/gradido.net\/sv\/wp-json\/wp\/v2\/pages\/11335","targetHints":{"allow":["GET"]}}],"collection":[{"href":"https:\/\/gradido.net\/sv\/wp-json\/wp\/v2\/pages"}],"about":[{"href":"https:\/\/gradido.net\/sv\/wp-json\/wp\/v2\/types\/page"}],"author":[{"embeddable":true,"href":"https:\/\/gradido.net\/sv\/wp-json\/wp\/v2\/users\/2"}],"replies":[{"embeddable":true,"href":"https:\/\/gradido.net\/sv\/wp-json\/wp\/v2\/comments?post=11335"}],"version-history":[{"count":13,"href":"https:\/\/gradido.net\/sv\/wp-json\/wp\/v2\/pages\/11335\/revisions"}],"predecessor-version":[{"id":12536,"href":"https:\/\/gradido.net\/sv\/wp-json\/wp\/v2\/pages\/11335\/revisions\/12536"}],"up":[{"embeddable":true,"href":"https:\/\/gradido.net\/sv\/wp-json\/wp\/v2\/pages\/11280"}],"wp:featuredmedia":[{"embeddable":true,"href":"https:\/\/gradido.net\/sv\/wp-json\/wp\/v2\/media\/10458"}],"wp:attachment":[{"href":"https:\/\/gradido.net\/sv\/wp-json\/wp\/v2\/media?parent=11335"}],"curies":[{"name":"wp","href":"https:\/\/api.w.org\/{rel}","templated":true}]}}