{"id":128,"date":"2020-08-12T12:21:31","date_gmt":"2020-08-12T10:21:31","guid":{"rendered":"http:\/\/neu.gradido.net\/?page_id=128"},"modified":"2025-11-12T09:43:00","modified_gmt":"2025-11-12T08:43:00","slug":"basic-income","status":"publish","type":"page","link":"https:\/\/gradido.net\/sv\/what-is-gradido\/basic-income\/","title":{"rendered":"Basinkomst"},"content":{"rendered":"<div data-elementor-type=\"wp-page\" data-elementor-id=\"128\" class=\"elementor elementor-128\" data-elementor-post-type=\"page\">\n\t\t\t\t\t\t<section class=\"elementor-section elementor-top-section elementor-element elementor-element-2b9f24ec elementor-section-full_width elementor-section-height-default elementor-section-height-default\" data-id=\"2b9f24ec\" data-element_type=\"section\" data-e-type=\"section\">\n\t\t\t\t\t\t<div class=\"elementor-container elementor-column-gap-no\">\n\t\t\t\t\t<div class=\"elementor-column elementor-col-100 elementor-top-column elementor-element elementor-element-619e04d3\" data-id=\"619e04d3\" data-element_type=\"column\" data-e-type=\"column\">\n\t\t\t<div class=\"elementor-widget-wrap elementor-element-populated\">\n\t\t\t\t\t\t<div class=\"elementor-element elementor-element-1bc4f5f elementor--h-position-center elementor--v-position-middle elementor-arrows-position-inside elementor-widget elementor-widget-slides\" data-id=\"1bc4f5f\" data-element_type=\"widget\" data-e-type=\"widget\" data-settings=\"{&quot;navigation&quot;:&quot;arrows&quot;,&quot;autoplay&quot;:&quot;yes&quot;,&quot;pause_on_hover&quot;:&quot;yes&quot;,&quot;pause_on_interaction&quot;:&quot;yes&quot;,&quot;autoplay_speed&quot;:5000,&quot;infinite&quot;:&quot;yes&quot;,&quot;transition&quot;:&quot;slide&quot;,&quot;transition_speed&quot;:500}\" data-widget_type=\"slides.default\">\n\t\t\t\t<div class=\"elementor-widget-container\">\n\t\t\t\t\t\t\t\t\t<div class=\"elementor-swiper\">\n\t\t\t\t\t<div class=\"elementor-slides-wrapper elementor-main-swiper swiper\" role=\"region\" aria-roledescription=\"carousel\" aria-label=\"Skjutreglaget\" dir=\"ltr\" data-animation=\"fadeInUp\">\n\t\t\t\t<div class=\"swiper-wrapper elementor-slides\">\n\t\t\t\t\t\t\t\t\t\t<div class=\"elementor-repeater-item-2de4990 swiper-slide\" role=\"group\" aria-roledescription=\"slide\"><div class=\"swiper-slide-bg\" role=\"img\" aria-label=\"aktiv basinkomst\"><\/div><div class=\"swiper-slide-inner\" ><div class=\"swiper-slide-contents\"><\/div><\/div><\/div>\t\t\t\t<\/div>\n\t\t\t\t\t\t\t<\/div>\n\t\t\t\t<\/div>\n\t\t\t\t\t\t\t\t<\/div>\n\t\t\t\t<\/div>\n\t\t\t\t\t<\/div>\n\t\t<\/div>\n\t\t\t\t\t<\/div>\n\t\t<\/section>\n\t\t\t\t<section class=\"elementor-section elementor-top-section elementor-element elementor-element-50f04cd8 elementor-section-boxed elementor-section-height-default elementor-section-height-default\" data-id=\"50f04cd8\" data-element_type=\"section\" data-e-type=\"section\" data-settings=\"{&quot;background_background&quot;:&quot;classic&quot;}\">\n\t\t\t\t\t\t<div class=\"elementor-container elementor-column-gap-default\">\n\t\t\t\t\t<div class=\"elementor-column elementor-col-100 elementor-top-column elementor-element elementor-element-2532d799\" data-id=\"2532d799\" data-element_type=\"column\" data-e-type=\"column\">\n\t\t\t<div class=\"elementor-widget-wrap elementor-element-populated\">\n\t\t\t\t\t\t<div class=\"elementor-element elementor-element-3352e0dc elementor-widget elementor-widget-heading\" data-id=\"3352e0dc\" data-element_type=\"widget\" data-e-type=\"widget\" data-widget_type=\"heading.default\">\n\t\t\t\t<div class=\"elementor-widget-container\">\n\t\t\t\t\t<h1 class=\"elementor-heading-title elementor-size-default\">Aktiv basinkomst<br>\nVillkorsl\u00f6st deltagande f\u00f6r alla<\/h1>\t\t\t\t<\/div>\n\t\t\t\t<\/div>\n\t\t\t\t\t<\/div>\n\t\t<\/div>\n\t\t\t\t\t<\/div>\n\t\t<\/section>\n\t\t\t\t<section class=\"elementor-section elementor-top-section elementor-element elementor-element-5dc2a32c elementor-section-boxed elementor-section-height-default elementor-section-height-default\" data-id=\"5dc2a32c\" data-element_type=\"section\" data-e-type=\"section\" data-settings=\"{&quot;background_background&quot;:&quot;classic&quot;}\">\n\t\t\t\t\t\t<div class=\"elementor-container elementor-column-gap-default\">\n\t\t\t\t\t<div class=\"elementor-column elementor-col-100 elementor-top-column elementor-element elementor-element-48d5c4a6\" data-id=\"48d5c4a6\" data-element_type=\"column\" data-e-type=\"column\">\n\t\t\t<div class=\"elementor-widget-wrap elementor-element-populated\">\n\t\t\t\t\t\t<div class=\"elementor-element elementor-element-0c00c74 elementor-nav-menu--dropdown-tablet elementor-nav-menu__text-align-aside elementor-nav-menu--toggle elementor-nav-menu--burger elementor-widget elementor-widget-nav-menu\" data-id=\"0c00c74\" data-element_type=\"widget\" data-e-type=\"widget\" data-settings=\"{&quot;layout&quot;:&quot;horizontal&quot;,&quot;submenu_icon&quot;:{&quot;value&quot;:&quot;&lt;i class=\\&quot;fas fa-caret-down\\&quot; aria-hidden=\\&quot;true\\&quot;&gt;&lt;\\\/i&gt;&quot;,&quot;library&quot;:&quot;fa-solid&quot;},&quot;toggle&quot;:&quot;burger&quot;}\" data-widget_type=\"nav-menu.default\">\n\t\t\t\t<div class=\"elementor-widget-container\">\n\t\t\t\t\t\t\t\t<nav aria-label=\"Forskning om v\u00e4lst\u00e5nd\" class=\"elementor-nav-menu--main elementor-nav-menu__container elementor-nav-menu--layout-horizontal e--pointer-underline e--animation-grow\">\n\t\t\t\t<ul id=\"menu-1-0c00c74\" class=\"elementor-nav-menu\"><li class=\"menu-item menu-item-type-custom menu-item-object-custom menu-item-has-children menu-item-12050\"><a class=\"elementor-item\">Monet\u00e4rt och ekonomiskt system<\/a>\n<ul class=\"sub-menu elementor-nav-menu--dropdown\">\n\t<li class=\"menu-item menu-item-type-post_type menu-item-object-page menu-item-12640\"><a href=\"https:\/\/gradido.net\/sv\/what-is-gradido\/vergleich-der-waehrungssysteme\/\" class=\"elementor-sub-item\">J\u00e4mf\u00f6relse av valutasystem<\/a><\/li>\n\t<li class=\"menu-item menu-item-type-post_type menu-item-object-page menu-item-12047\"><a href=\"https:\/\/gradido.net\/sv\/what-is-gradido\/economic-bionics\/\" class=\"elementor-sub-item\">Aff\u00e4rsbionik<\/a><\/li>\n\t<li class=\"menu-item menu-item-type-post_type menu-item-object-page menu-item-12046\"><a href=\"https:\/\/gradido.net\/sv\/what-is-gradido\/financial-system\/\" class=\"elementor-sub-item\">Fatala brister i det finansiella systemet<\/a><\/li>\n\t<li class=\"menu-item menu-item-type-post_type menu-item-object-page menu-item-12049\"><a href=\"https:\/\/gradido.net\/sv\/what-is-gradido\/basic-income\/\" class=\"elementor-sub-item\">Basinkomst<\/a><\/li>\n<\/ul>\n<\/li>\n<li class=\"menu-item menu-item-type-custom menu-item-object-custom menu-item-has-children menu-item-12052\"><a class=\"elementor-item\">Vision 2050<\/a>\n<ul class=\"sub-menu elementor-nav-menu--dropdown\">\n\t<li class=\"menu-item menu-item-type-post_type menu-item-object-page menu-item-12583\"><a href=\"https:\/\/gradido.net\/sv\/what-is-gradido\/vision-2050\/\" class=\"elementor-sub-item\">Vision 2050<\/a><\/li>\n<\/ul>\n<\/li>\n<li class=\"menu-item menu-item-type-custom menu-item-object-custom menu-item-has-children menu-item-12051\"><a class=\"elementor-item\">Samarbete<\/a>\n<ul class=\"sub-menu elementor-nav-menu--dropdown\">\n\t<li class=\"menu-item menu-item-type-post_type menu-item-object-page menu-item-12048\"><a href=\"https:\/\/gradido.net\/sv\/what-is-gradido\/greatcooperation\/\" class=\"elementor-sub-item\">Bra samarbete<\/a><\/li>\n<\/ul>\n<\/li>\n<\/ul>\t\t\t<\/nav>\n\t\t\t\t\t<div class=\"elementor-menu-toggle\" role=\"button\" tabindex=\"0\" aria-label=\"Sl\u00e5 p\u00e5\/av meny\" aria-expanded=\"false\">\n\t\t\t<i aria-hidden=\"true\" role=\"presentation\" class=\"elementor-menu-toggle__icon--open eicon-menu-bar\"><\/i><i aria-hidden=\"true\" role=\"presentation\" class=\"elementor-menu-toggle__icon--close eicon-close\"><\/i>\t\t<\/div>\n\t\t\t\t\t<nav class=\"elementor-nav-menu--dropdown elementor-nav-menu__container\" aria-hidden=\"true\">\n\t\t\t\t<ul id=\"menu-2-0c00c74\" class=\"elementor-nav-menu\"><li class=\"menu-item menu-item-type-custom menu-item-object-custom menu-item-has-children menu-item-12050\"><a class=\"elementor-item\" tabindex=\"-1\">Monet\u00e4rt och ekonomiskt system<\/a>\n<ul class=\"sub-menu elementor-nav-menu--dropdown\">\n\t<li class=\"menu-item menu-item-type-post_type menu-item-object-page menu-item-12640\"><a href=\"https:\/\/gradido.net\/sv\/what-is-gradido\/vergleich-der-waehrungssysteme\/\" class=\"elementor-sub-item\" tabindex=\"-1\">J\u00e4mf\u00f6relse av valutasystem<\/a><\/li>\n\t<li class=\"menu-item menu-item-type-post_type menu-item-object-page menu-item-12047\"><a href=\"https:\/\/gradido.net\/sv\/what-is-gradido\/economic-bionics\/\" class=\"elementor-sub-item\" tabindex=\"-1\">Aff\u00e4rsbionik<\/a><\/li>\n\t<li class=\"menu-item menu-item-type-post_type menu-item-object-page menu-item-12046\"><a href=\"https:\/\/gradido.net\/sv\/what-is-gradido\/financial-system\/\" class=\"elementor-sub-item\" tabindex=\"-1\">Fatala brister i det finansiella systemet<\/a><\/li>\n\t<li class=\"menu-item menu-item-type-post_type menu-item-object-page menu-item-12049\"><a href=\"https:\/\/gradido.net\/sv\/what-is-gradido\/basic-income\/\" class=\"elementor-sub-item\" tabindex=\"-1\">Basinkomst<\/a><\/li>\n<\/ul>\n<\/li>\n<li class=\"menu-item menu-item-type-custom menu-item-object-custom menu-item-has-children menu-item-12052\"><a class=\"elementor-item\" tabindex=\"-1\">Vision 2050<\/a>\n<ul class=\"sub-menu elementor-nav-menu--dropdown\">\n\t<li class=\"menu-item menu-item-type-post_type menu-item-object-page menu-item-12583\"><a href=\"https:\/\/gradido.net\/sv\/what-is-gradido\/vision-2050\/\" class=\"elementor-sub-item\" tabindex=\"-1\">Vision 2050<\/a><\/li>\n<\/ul>\n<\/li>\n<li class=\"menu-item menu-item-type-custom menu-item-object-custom menu-item-has-children menu-item-12051\"><a class=\"elementor-item\" tabindex=\"-1\">Samarbete<\/a>\n<ul class=\"sub-menu elementor-nav-menu--dropdown\">\n\t<li class=\"menu-item menu-item-type-post_type menu-item-object-page menu-item-12048\"><a href=\"https:\/\/gradido.net\/sv\/what-is-gradido\/greatcooperation\/\" class=\"elementor-sub-item\" tabindex=\"-1\">Bra samarbete<\/a><\/li>\n<\/ul>\n<\/li>\n<\/ul>\t\t\t<\/nav>\n\t\t\t\t\t\t<\/div>\n\t\t\t\t<\/div>\n\t\t\t\t<div class=\"elementor-element elementor-element-b8692e8 elementor-widget elementor-widget-breadcrumbs\" data-id=\"b8692e8\" data-element_type=\"widget\" data-e-type=\"widget\" data-widget_type=\"breadcrumbs.default\">\n\t\t\t\t<div class=\"elementor-widget-container\">\n\t\t\t\t\t<p id=\"breadcrumbs\"><span><span><a href=\"https:\/\/gradido.net\/sv\/\">Hemsidan<\/a><\/span><\/span><\/p>\t\t\t\t<\/div>\n\t\t\t\t<\/div>\n\t\t\t\t<div class=\"elementor-element elementor-element-5462cbab elementor-widget elementor-widget-text-editor\" data-id=\"5462cbab\" data-element_type=\"widget\" data-e-type=\"widget\" data-widget_type=\"text-editor.default\">\n\t\t\t\t<div class=\"elementor-widget-container\">\n\t\t\t\t\t\t\t\t\t<p>Gradido-modellen inneb\u00e4r en basinkomst f\u00f6r alla m\u00e4nniskor p\u00e5 jorden. Vi ser v\u00e5r \"aktiva basinkomst\" som en optimerad vidareutveckling av den mycket diskuterade \"ovillkorliga basinkomsten\". Den f\u00f6renar argumenten fr\u00e5n dess motst\u00e5ndare och f\u00f6respr\u00e5kare och erbjuder b\u00e5de f\u00f6rs\u00f6rjningstrygghet och utveckling av potential f\u00f6r alla m\u00e4nniskor. Den aktiva basinkomsten garanterar \"ovillkorligt deltagande\" i samh\u00e4llet.<\/p>\t\t\t\t\t\t\t\t<\/div>\n\t\t\t\t<\/div>\n\t\t\t\t\t<\/div>\n\t\t<\/div>\n\t\t\t\t\t<\/div>\n\t\t<\/section>\n\t\t\t\t<section class=\"elementor-section elementor-top-section elementor-element elementor-element-2c15de1 elementor-section-boxed elementor-section-height-default elementor-section-height-default\" data-id=\"2c15de1\" data-element_type=\"section\" data-e-type=\"section\">\n\t\t\t\t\t\t<div class=\"elementor-container elementor-column-gap-default\">\n\t\t\t\t\t<div class=\"elementor-column elementor-col-50 elementor-top-column elementor-element elementor-element-0930acd\" data-id=\"0930acd\" data-element_type=\"column\" data-e-type=\"column\">\n\t\t\t<div class=\"elementor-widget-wrap elementor-element-populated\">\n\t\t\t\t\t\t<div class=\"elementor-element elementor-element-33bb014 elementor-widget elementor-widget-image\" data-id=\"33bb014\" data-element_type=\"widget\" data-e-type=\"widget\" data-widget_type=\"image.default\">\n\t\t\t\t<div class=\"elementor-widget-container\">\n\t\t\t\t\t\t\t\t\t\t\t\t<figure class=\"wp-caption\">\n\t\t\t\t\t\t\t\t\t\t<img fetchpriority=\"high\" decoding=\"async\" width=\"800\" height=\"300\" src=\"https:\/\/gradido.net\/wp-content\/uploads\/2020\/09\/grundeinkommen-statt-existenzangst-1024x384.jpg\" class=\"attachment-large size-large wp-image-833\" alt=\"\" srcset=\"https:\/\/gradido.net\/wp-content\/uploads\/2020\/09\/grundeinkommen-statt-existenzangst-1024x384.jpg 1024w, https:\/\/gradido.net\/wp-content\/uploads\/2020\/09\/grundeinkommen-statt-existenzangst-300x113.jpg 300w, https:\/\/gradido.net\/wp-content\/uploads\/2020\/09\/grundeinkommen-statt-existenzangst-768x288.jpg 768w, https:\/\/gradido.net\/wp-content\/uploads\/2020\/09\/grundeinkommen-statt-existenzangst.jpg 1344w\" sizes=\"(max-width: 800px) 100vw, 800px\" \/>\t\t\t\t\t\t\t\t\t\t\t<figcaption class=\"widget-image-caption wp-caption-text\">Bildr\u00e4ttigheter: Imago\/Seeliger<\/figcaption>\n\t\t\t\t\t\t\t\t\t\t<\/figure>\n\t\t\t\t\t\t\t\t\t<\/div>\n\t\t\t\t<\/div>\n\t\t\t\t<div class=\"elementor-element elementor-element-9df9474 elementor-widget elementor-widget-text-editor\" data-id=\"9df9474\" data-element_type=\"widget\" data-e-type=\"widget\" data-widget_type=\"text-editor.default\">\n\t\t\t\t<div class=\"elementor-widget-container\">\n\t\t\t\t\t\t\t\t\t<h2>M\u00e5ngfald i frihet<\/h2><p>Den aktiva basinkomsten har sitt ursprung i id\u00e9n om \"ovillkorligt deltagande\". I geng\u00e4ld bidrar de som vill anv\u00e4nda sig av den till samh\u00e4llet med sina talanger och sin l\u00e4ggning - \u00e4ven barn och \u00e4ldre, beroende p\u00e5 deras \u00e5lder, i l\u00e4mplig form. Alla f\u00e5r ta p\u00e5 sig en uppgift som de tycker om att g\u00f6ra. P\u00e5 s\u00e5 s\u00e4tt skapar systemet de b\u00e4sta f\u00f6ruts\u00e4ttningarna f\u00f6r att lyckas p\u00e5 alla niv\u00e5er.<\/p><p>Det finns inga gr\u00e4nser f\u00f6r hur m\u00e5nga olika verksamhetsomr\u00e5den det finns. Alla bidrag \u00e4r lika v\u00e4lkomna, fr\u00e5n att hj\u00e4lpa till inom den sociala sektorn till att utforma offentliga platser, konstn\u00e4rliga framtr\u00e4danden och administrativ verksamhet. Varje person arbetar h\u00f6gst 50 timmar per m\u00e5nad f\u00f6r sin aktiva basinkomst. Den genomsnittliga timl\u00f6nen \u00e4r 20 Gradido (GDD), vilket inneb\u00e4r att varje person kan tj\u00e4na 1000 Gradido (GDD) per m\u00e5nad.<\/p><p>De flesta m\u00e4nniskor anv\u00e4nder den \u00e5terst\u00e5ende tiden till att ta p\u00e5 sig nya uppgifter eller till att avancera i karri\u00e4ren. Oron f\u00f6r att samh\u00e4llets produktivitet skulle kunna sjunka till ett orov\u00e4ckande minimum \u00e4r obefogad, eftersom den friska och n\u00f6jda m\u00e4nniskan har en naturligt uttalad \u00f6nskan om tillv\u00e4xt och utveckling. Gradidogemenskapen str\u00e4var efter att fr\u00e4mja varje medlem med sina intressen och talanger p\u00e5 b\u00e4sta m\u00f6jliga s\u00e4tt och p\u00e5 s\u00e5 s\u00e4tt l\u00e4gga en idealisk grund f\u00f6r att hela gemenskapen ska lyckas s\u00e5 bra som m\u00f6jligt.<\/p>\t\t\t\t\t\t\t\t<\/div>\n\t\t\t\t<\/div>\n\t\t\t\t<div class=\"elementor-element elementor-element-99ede4e elementor-widget elementor-widget-text-editor\" data-id=\"99ede4e\" data-element_type=\"widget\" data-e-type=\"widget\" data-widget_type=\"text-editor.default\">\n\t\t\t\t<div class=\"elementor-widget-container\">\n\t\t\t\t\t\t\t\t\t<h2>Den aktiva basinkomsten som bygger p\u00e5 villkorsl\u00f6st deltagande<\/h2><ol><li>\u00e4r en integrerad del av penningskapandet och beh\u00f6ver d\u00e4rf\u00f6r inga ytterligare finansieringsbegrepp.<\/li><li>garanterar oss alla ett v\u00e4rdigt liv och ger oss det materiella incitamentet att bidra till samh\u00e4llet.<\/li><li>ger oss coachning i st\u00e4llet f\u00f6r en pr\u00f6vning av v\u00e5ra resurser och det st\u00f6d som kr\u00e4vs f\u00f6r att vi ska kunna utveckla och utnyttja v\u00e5r potential p\u00e5 b\u00e4sta m\u00f6jliga s\u00e4tt.<\/li><li>ger oss frihet att v\u00e4lja hur vi vill bidra till samh\u00e4llet och ger oss m\u00f6jlighet att f\u00e5 en rimligt h\u00f6g l\u00f6n f\u00f6r obehagligt arbete.<\/li><li>garanterar oss alla en god inkomst och ger oss anledning att gl\u00e4dja oss \u00e5t att fler och fler tunga arbetsuppgifter \u00f6verl\u00e5ts till maskinerna.<\/li><li>s\u00e4krar v\u00e5r \u00e5ldersf\u00f6rs\u00f6rjning och \u00e5l\u00e4gger oss alla (\u00e4ven invandrare) att g\u00f6ra v\u00e5r del f\u00f6r det gemensamma b\u00e4sta.<\/li><li>m\u00f6jligg\u00f6r en enorm minskning av byr\u00e5kratin och \u00e4r frivillig.<\/li><\/ol>\t\t\t\t\t\t\t\t<\/div>\n\t\t\t\t<\/div>\n\t\t\t\t<div class=\"elementor-element elementor-element-078000f elementor-widget elementor-widget-text-editor\" data-id=\"078000f\" data-element_type=\"widget\" data-e-type=\"widget\" data-widget_type=\"text-editor.default\">\n\t\t\t\t<div class=\"elementor-widget-container\">\n\t\t\t\t\t\t\t\t\t<p><strong>Den djupa tillfredsst\u00e4llelse som varje individ f\u00e5r av att kunna bidra till samh\u00e4llet och de positiva effekterna p\u00e5 livskvalitet, lycka och h\u00e4lsa g\u00f6r att vi klart f\u00f6redrar aktiv basinkomst framf\u00f6r ovillkorlig basinkomst. <\/strong><\/p>\n<p>De som av h\u00e4lsosk\u00e4l eller \u00e5lderssk\u00e4l inte kan bidra till det gemensamma b\u00e4sta kommer naturligtvis att f\u00e5 sin basinkomst utan villkor.<\/p>\n<p>Basinkomsten \u00e4r ett basbelopp som l\u00e4ggs till andra inkomstk\u00e4llor. Det \u00e4r frivilligt att delta i den aktiva basinkomsten. De som f\u00f6redrar att anv\u00e4nda sin tid p\u00e5 annat h\u00e5ll, t.ex. f\u00f6r att de tj\u00e4nar mer pengar i den fria ekonomin, \u00e4r v\u00e4lkomna att g\u00f6ra det.<\/p>\t\t\t\t\t\t\t\t<\/div>\n\t\t\t\t<\/div>\n\t\t\t\t\t<\/div>\n\t\t<\/div>\n\t\t\t\t<div class=\"elementor-column elementor-col-50 elementor-top-column elementor-element elementor-element-9e2c897\" data-id=\"9e2c897\" data-element_type=\"column\" data-e-type=\"column\">\n\t\t\t<div class=\"elementor-widget-wrap elementor-element-populated\">\n\t\t\t\t\t\t<div class=\"elementor-element elementor-element-4c66072 elementor-widget elementor-widget-text-editor\" data-id=\"4c66072\" data-element_type=\"widget\" data-e-type=\"widget\" data-widget_type=\"text-editor.default\">\n\t\t\t\t<div class=\"elementor-widget-container\">\n\t\t\t\t\t\t\t\t\t<h3>Erbjudande utan begr\u00e4nsningar<\/h3><p>Deltagande i aktiv basinkomst \u00e4r en r\u00e4ttighet, inte en skyldighet. De som f\u00f6redrar att \u00e4gna all sin tid \u00e5t att g\u00f6ra karri\u00e4r kan forts\u00e4tta att g\u00f6ra det.<\/p>\t\t\t\t\t\t\t\t<\/div>\n\t\t\t\t<\/div>\n\t\t\t\t<div class=\"elementor-element elementor-element-5df4799 elementor-widget elementor-widget-text-editor\" data-id=\"5df4799\" data-element_type=\"widget\" data-e-type=\"widget\" data-widget_type=\"text-editor.default\">\n\t\t\t\t<div class=\"elementor-widget-container\">\n\t\t\t\t\t\t\t\t\t<h3>Principen med tre pelare<\/h3><p>Ut\u00f6ver de 1 000 Gradido som ing\u00e5r i den aktiva basinkomsten f\u00e5r varje person ytterligare 2 000 Gradido per m\u00e5nad. Den andra tredjedelen g\u00e5r till staten f\u00f6r dess tj\u00e4nster till samh\u00e4llet och den tredje delen g\u00e5r till en kompensations- och milj\u00f6fond f\u00f6r att m\u00f6jligg\u00f6ra \u00e5terst\u00e4llande av det ekonomiska och ekologiska arvet.<\/p>\t\t\t\t\t\t\t\t<\/div>\n\t\t\t\t<\/div>\n\t\t\t\t<div class=\"elementor-element elementor-element-b1ad347 elementor-widget elementor-widget-image\" data-id=\"b1ad347\" data-element_type=\"widget\" data-e-type=\"widget\" data-widget_type=\"image.default\">\n\t\t\t\t<div class=\"elementor-widget-container\">\n\t\t\t\t\t\t\t\t\t\t\t\t\t\t\t<img decoding=\"async\" width=\"768\" height=\"548\" src=\"https:\/\/gradido.net\/wp-content\/uploads\/2020\/09\/das-drei-saeulen-prinzip.jpg\" class=\"attachment-large size-large wp-image-835\" alt=\"\" srcset=\"https:\/\/gradido.net\/wp-content\/uploads\/2020\/09\/das-drei-saeulen-prinzip.jpg 768w, https:\/\/gradido.net\/wp-content\/uploads\/2020\/09\/das-drei-saeulen-prinzip-300x214.jpg 300w\" sizes=\"(max-width: 768px) 100vw, 768px\" \/>\t\t\t\t\t\t\t\t\t\t\t\t\t\t\t<\/div>\n\t\t\t\t<\/div>\n\t\t\t\t<div class=\"elementor-element elementor-element-e0d00c7 elementor-widget elementor-widget-image\" data-id=\"e0d00c7\" data-element_type=\"widget\" data-e-type=\"widget\" data-widget_type=\"image.default\">\n\t\t\t\t<div class=\"elementor-widget-container\">\n\t\t\t\t\t\t\t\t\t\t\t\t\t\t\t<img decoding=\"async\" width=\"768\" height=\"548\" src=\"https:\/\/gradido.net\/wp-content\/uploads\/2020\/09\/das-dreifache-wohl.jpg\" class=\"attachment-large size-large wp-image-836\" alt=\"\" srcset=\"https:\/\/gradido.net\/wp-content\/uploads\/2020\/09\/das-dreifache-wohl.jpg 768w, https:\/\/gradido.net\/wp-content\/uploads\/2020\/09\/das-dreifache-wohl-300x214.jpg 300w\" sizes=\"(max-width: 768px) 100vw, 768px\" \/>\t\t\t\t\t\t\t\t\t\t\t\t\t\t\t<\/div>\n\t\t\t\t<\/div>\n\t\t\t\t<div class=\"elementor-element elementor-element-13c5174 elementor-widget elementor-widget-text-editor\" data-id=\"13c5174\" data-element_type=\"widget\" data-e-type=\"widget\" data-widget_type=\"text-editor.default\">\n\t\t\t\t<div class=\"elementor-widget-container\">\n\t\t\t\t\t\t\t\t\t<h3>Det trefaldigt goda skyddar m\u00e4nniskor och natur<\/h3><p>Gradidos etiska grundprincip bygger p\u00e5 att harmonisera individens v\u00e4lbefinnande med samh\u00e4llets och den st\u00f6rre helhetens v\u00e4lbefinnande - i betydelsen natur och milj\u00f6. Individen \u00e4r en del av samh\u00e4llet, staten, som i sin tur \u00e4r en del av den \"stora bilden\", ekosystemet. Om en av dessa tre aspekter f\u00f6rsummas, blir hela systemet lidande.<\/p>\t\t\t\t\t\t\t\t<\/div>\n\t\t\t\t<\/div>\n\t\t\t\t\t<\/div>\n\t\t<\/div>\n\t\t\t\t\t<\/div>\n\t\t<\/section>\n\t\t\t\t<section class=\"elementor-section elementor-top-section elementor-element elementor-element-06a38b6 elementor-section-boxed elementor-section-height-default elementor-section-height-default\" data-id=\"06a38b6\" data-element_type=\"section\" data-e-type=\"section\">\n\t\t\t\t\t\t<div class=\"elementor-container elementor-column-gap-default\">\n\t\t\t\t\t<div class=\"elementor-column elementor-col-100 elementor-top-column elementor-element elementor-element-7492748\" data-id=\"7492748\" data-element_type=\"column\" data-e-type=\"column\">\n\t\t\t<div class=\"elementor-widget-wrap elementor-element-populated\">\n\t\t\t\t\t\t<div class=\"elementor-element elementor-element-a85ad5b elementor-widget elementor-widget-heading\" data-id=\"a85ad5b\" data-element_type=\"widget\" data-e-type=\"widget\" data-widget_type=\"heading.default\">\n\t\t\t\t<div class=\"elementor-widget-container\">\n\t\t\t\t\t<h3 class=\"elementor-heading-title elementor-size-default\">Fler bidrag<\/h3>\t\t\t\t<\/div>\n\t\t\t\t<\/div>\n\t\t\t\t<div class=\"elementor-element elementor-element-577b2b1 elementor-grid-tablet-3 elementor-grid-3 elementor-grid-mobile-1 elementor-posts--thumbnail-top elementor-posts__hover-gradient elementor-widget elementor-widget-posts\" data-id=\"577b2b1\" data-element_type=\"widget\" data-e-type=\"widget\" data-settings=\"{&quot;cards_columns_tablet&quot;:&quot;3&quot;,&quot;cards_columns&quot;:&quot;3&quot;,&quot;cards_columns_mobile&quot;:&quot;1&quot;,&quot;cards_row_gap&quot;:{&quot;unit&quot;:&quot;px&quot;,&quot;size&quot;:35,&quot;sizes&quot;:[]},&quot;cards_row_gap_tablet&quot;:{&quot;unit&quot;:&quot;px&quot;,&quot;size&quot;:&quot;&quot;,&quot;sizes&quot;:[]},&quot;cards_row_gap_mobile&quot;:{&quot;unit&quot;:&quot;px&quot;,&quot;size&quot;:&quot;&quot;,&quot;sizes&quot;:[]}}\" data-widget_type=\"posts.cards\">\n\t\t\t\t<div class=\"elementor-widget-container\">\n\t\t\t\t\t\t\t<div class=\"elementor-posts-container elementor-posts elementor-posts--skin-cards elementor-grid\" role=\"list\">\n\t\t\t\t<article class=\"elementor-post elementor-grid-item post-6240 post type-post status-publish format-standard has-post-thumbnail hentry category-podcast tag-betriebswirtschaft tag-finanzsystem tag-geldsystem tag-gesundheit tag-grundeinkommen tag-lachen tag-lachyoga\" role=\"listitem\">\n\t\t\t<div class=\"elementor-post__card\">\n\t\t\t\t<a class=\"elementor-post__thumbnail__link\" href=\"https:\/\/gradido.net\/sv\/episode-45\/\" tabindex=\"-1\" ><div class=\"elementor-post__thumbnail\"><img loading=\"lazy\" decoding=\"async\" width=\"700\" height=\"475\" src=\"https:\/\/gradido.net\/wp-content\/uploads\/2023\/01\/podcast_www_klaus.jpg\" class=\"attachment-large size-large wp-image-6203\" alt=\"\" srcset=\"https:\/\/gradido.net\/wp-content\/uploads\/2023\/01\/podcast_www_klaus.jpg 700w, https:\/\/gradido.net\/wp-content\/uploads\/2023\/01\/podcast_www_klaus-300x204.jpg 300w, https:\/\/gradido.net\/wp-content\/uploads\/2023\/01\/podcast_www_klaus-18x12.jpg 18w\" sizes=\"(max-width: 700px) 100vw, 700px\" \/><\/div><\/a>\n\t\t\t\t<div class=\"elementor-post__text\">\n\t\t\t\t<h3 class=\"elementor-post__title\">\n\t\t\t<a href=\"https:\/\/gradido.net\/sv\/episode-45\/\" >\n\t\t\t\tR\u00f6rande varandras hj\u00e4rtan med skratt\t\t\t<\/a>\n\t\t<\/h3>\n\t\t\n\t\t<a class=\"elementor-post__read-more\" href=\"https:\/\/gradido.net\/sv\/episode-45\/\" aria-label=\"L\u00e5t oss ber\u00f6ra varandras hj\u00e4rtan med skratt\" tabindex=\"-1\" >\n\t\t\tL\u00e4s mer\t\t<\/a>\n\n\t\t\t\t<\/div>\n\t\t\t\t\t<\/div>\n\t\t<\/article>\n\t\t\t\t<article class=\"elementor-post elementor-grid-item post-5918 post type-post status-publish format-standard has-post-thumbnail hentry category-podcast tag-grundeinkommen\" role=\"listitem\">\n\t\t\t<div class=\"elementor-post__card\">\n\t\t\t\t<a class=\"elementor-post__thumbnail__link\" href=\"https:\/\/gradido.net\/sv\/episode-44\/\" tabindex=\"-1\" ><div class=\"elementor-post__thumbnail\"><img loading=\"lazy\" decoding=\"async\" width=\"700\" height=\"475\" src=\"https:\/\/gradido.net\/wp-content\/uploads\/2022\/11\/podcast_www_mai.jpg\" class=\"attachment-large size-large wp-image-5916\" alt=\"\" srcset=\"https:\/\/gradido.net\/wp-content\/uploads\/2022\/11\/podcast_www_mai.jpg 700w, https:\/\/gradido.net\/wp-content\/uploads\/2022\/11\/podcast_www_mai-300x204.jpg 300w, https:\/\/gradido.net\/wp-content\/uploads\/2022\/11\/podcast_www_mai-18x12.jpg 18w\" sizes=\"(max-width: 700px) 100vw, 700px\" \/><\/div><\/a>\n\t\t\t\t<div class=\"elementor-post__text\">\n\t\t\t\t<h3 class=\"elementor-post__title\">\n\t\t\t<a href=\"https:\/\/gradido.net\/sv\/episode-44\/\" >\n\t\t\t\tBra samarbete: Village Forge - St\u00e4rka f\u00f6rbindelserna - Ekonomiskt och socialt\t\t\t<\/a>\n\t\t<\/h3>\n\t\t\n\t\t<a class=\"elementor-post__read-more\" href=\"https:\/\/gradido.net\/sv\/episode-44\/\" aria-label=\"L\u00e4s mer om Great Cooperation: bysmidet - att st\u00e4rka banden - ekonomiskt &amp; socialt\" tabindex=\"-1\" >\n\t\t\tL\u00e4s mer\t\t<\/a>\n\n\t\t\t\t<\/div>\n\t\t\t\t\t<\/div>\n\t\t<\/article>\n\t\t\t\t<article class=\"elementor-post elementor-grid-item post-4132 post type-post status-publish format-standard has-post-thumbnail hentry category-podcast tag-grundeinkommen\" role=\"listitem\">\n\t\t\t<div class=\"elementor-post__card\">\n\t\t\t\t<a class=\"elementor-post__thumbnail__link\" href=\"https:\/\/gradido.net\/sv\/episode-43\/\" tabindex=\"-1\" ><div class=\"elementor-post__thumbnail\"><img loading=\"lazy\" decoding=\"async\" width=\"700\" height=\"475\" src=\"https:\/\/gradido.net\/wp-content\/uploads\/2022\/03\/podcast_www_rettenmund-1.jpg\" class=\"attachment-large size-large wp-image-4075\" alt=\"\" srcset=\"https:\/\/gradido.net\/wp-content\/uploads\/2022\/03\/podcast_www_rettenmund-1.jpg 700w, https:\/\/gradido.net\/wp-content\/uploads\/2022\/03\/podcast_www_rettenmund-1-300x204.jpg 300w, https:\/\/gradido.net\/wp-content\/uploads\/2022\/03\/podcast_www_rettenmund-1-18x12.jpg 18w\" sizes=\"(max-width: 700px) 100vw, 700px\" \/><\/div><\/a>\n\t\t\t\t<div class=\"elementor-post__text\">\n\t\t\t\t<h3 class=\"elementor-post__title\">\n\t\t\t<a href=\"https:\/\/gradido.net\/sv\/episode-43\/\" >\n\t\t\t\tStort samarbete: Elektroodling s\u00e4krar v\u00e4rldens livsmedelsf\u00f6rs\u00f6rjning i ekologisk kvalitet\t\t\t<\/a>\n\t\t<\/h3>\n\t\t\n\t\t<a class=\"elementor-post__read-more\" href=\"https:\/\/gradido.net\/sv\/episode-43\/\" aria-label=\"L\u00e4s mer om Great Cooperation: Elektrokultur s\u00e4krar v\u00e4rldens livsmedelsf\u00f6rs\u00f6rjning i ekologisk kvalitet\" tabindex=\"-1\" >\n\t\t\tL\u00e4s mer\t\t<\/a>\n\n\t\t\t\t<\/div>\n\t\t\t\t\t<\/div>\n\t\t<\/article>\n\t\t\t\t<\/div>\n\t\t\n\t\t\t\t\t\t<\/div>\n\t\t\t\t<\/div>\n\t\t\t\t\t<\/div>\n\t\t<\/div>\n\t\t\t\t\t<\/div>\n\t\t<\/section>\n\t\t\t\t<\/div>","protected":false},"excerpt":{"rendered":"<p>Aktiv basinkomst Villkorsl\u00f6st deltagande f\u00f6r alla Gradido-modellen inneb\u00e4r en basinkomst f\u00f6r alla m\u00e4nniskor p\u00e5 jorden. Vi f\u00f6rst\u00e5r v\u00e5r \"aktiva basinkomst\" som den optimerade<\/p>","protected":false},"author":1,"featured_media":833,"parent":2118,"menu_order":0,"comment_status":"closed","ping_status":"closed","template":"","meta":{"footnotes":""},"class_list":["post-128","page","type-page","status-publish","has-post-thumbnail","hentry"],"yoast_head":"<!-- This site is optimized with the Yoast SEO plugin v27.4 - https:\/\/yoast.com\/product\/yoast-seo-wordpress\/ -->\n<title>Grundeinkommen - Gradido<\/title>\n<meta name=\"description\" content=\"Unser \u201aAktives Grundeinkommen\u2018 verstehen wir als die optimierte Weiterentwicklung des viel diskutierten \u201aBedingungslosen Grundeinkommens\u2018. Es vereinigt die Argumente von dessen Gegnern und Bef\u00fcrwortern und bietet gleicherma\u00dfen Existenzssicherung wie Potentialentfaltung aller Menschen.\" \/>\n<meta name=\"robots\" content=\"index, follow, max-snippet:-1, max-image-preview:large, max-video-preview:-1\" \/>\n<link rel=\"canonical\" href=\"https:\/\/gradido.net\/sv\/what-is-gradido\/basic-income\/\" \/>\n<meta property=\"og:locale\" content=\"sv_SE\" \/>\n<meta property=\"og:type\" content=\"article\" \/>\n<meta property=\"og:title\" content=\"Grundeinkommen - Gradido\" \/>\n<meta property=\"og:description\" content=\"Unser \u201aAktives Grundeinkommen\u2018 verstehen wir als die optimierte Weiterentwicklung des viel diskutierten \u201aBedingungslosen Grundeinkommens\u2018. Es vereinigt die Argumente von dessen Gegnern und Bef\u00fcrwortern und bietet gleicherma\u00dfen Existenzssicherung wie Potentialentfaltung aller Menschen.\" \/>\n<meta property=\"og:url\" content=\"https:\/\/gradido.net\/sv\/what-is-gradido\/basic-income\/\" \/>\n<meta property=\"og:site_name\" content=\"Gradido\" \/>\n<meta property=\"article:modified_time\" content=\"2025-11-12T08:43:00+00:00\" \/>\n<meta property=\"og:image\" content=\"https:\/\/gradido.net\/wp-content\/uploads\/2020\/09\/grundeinkommen-statt-existenzangst.jpg\" \/>\n\t<meta property=\"og:image:width\" content=\"1344\" \/>\n\t<meta property=\"og:image:height\" content=\"504\" \/>\n\t<meta property=\"og:image:type\" content=\"image\/jpeg\" \/>\n<meta name=\"twitter:card\" content=\"summary_large_image\" \/>\n<meta name=\"twitter:label1\" content=\"Ber\u00e4knad l\u00e4stid\" \/>\n\t<meta name=\"twitter:data1\" content=\"5 minuter\" \/>\n<script type=\"application\/ld+json\" class=\"yoast-schema-graph\">{\"@context\":\"https:\\\/\\\/schema.org\",\"@graph\":[{\"@type\":\"WebPage\",\"@id\":\"https:\\\/\\\/gradido.net\\\/what-is-gradido\\\/basic-income\\\/\",\"url\":\"https:\\\/\\\/gradido.net\\\/what-is-gradido\\\/basic-income\\\/\",\"name\":\"Grundeinkommen - Gradido\",\"isPartOf\":{\"@id\":\"https:\\\/\\\/gradido.net\\\/de\\\/#website\"},\"primaryImageOfPage\":{\"@id\":\"https:\\\/\\\/gradido.net\\\/what-is-gradido\\\/basic-income\\\/#primaryimage\"},\"image\":{\"@id\":\"https:\\\/\\\/gradido.net\\\/what-is-gradido\\\/basic-income\\\/#primaryimage\"},\"thumbnailUrl\":\"https:\\\/\\\/gradido.net\\\/wp-content\\\/uploads\\\/2020\\\/09\\\/grundeinkommen-statt-existenzangst.jpg\",\"datePublished\":\"2020-08-12T10:21:31+00:00\",\"dateModified\":\"2025-11-12T08:43:00+00:00\",\"description\":\"Unser \u201aAktives Grundeinkommen\u2018 verstehen wir als die optimierte Weiterentwicklung des viel diskutierten \u201aBedingungslosen Grundeinkommens\u2018. Es vereinigt die Argumente von dessen Gegnern und Bef\u00fcrwortern und bietet gleicherma\u00dfen Existenzssicherung wie Potentialentfaltung aller Menschen.\",\"breadcrumb\":{\"@id\":\"https:\\\/\\\/gradido.net\\\/what-is-gradido\\\/basic-income\\\/#breadcrumb\"},\"inLanguage\":\"sv-SE\",\"potentialAction\":[{\"@type\":\"ReadAction\",\"target\":[\"https:\\\/\\\/gradido.net\\\/what-is-gradido\\\/basic-income\\\/\"]}]},{\"@type\":\"ImageObject\",\"inLanguage\":\"sv-SE\",\"@id\":\"https:\\\/\\\/gradido.net\\\/what-is-gradido\\\/basic-income\\\/#primaryimage\",\"url\":\"https:\\\/\\\/gradido.net\\\/wp-content\\\/uploads\\\/2020\\\/09\\\/grundeinkommen-statt-existenzangst.jpg\",\"contentUrl\":\"https:\\\/\\\/gradido.net\\\/wp-content\\\/uploads\\\/2020\\\/09\\\/grundeinkommen-statt-existenzangst.jpg\",\"width\":1344,\"height\":504},{\"@type\":\"BreadcrumbList\",\"@id\":\"https:\\\/\\\/gradido.net\\\/what-is-gradido\\\/basic-income\\\/#breadcrumb\",\"itemListElement\":[{\"@type\":\"ListItem\",\"position\":1,\"name\":\"Startseite\",\"item\":\"https:\\\/\\\/gradido.net\\\/\"},{\"@type\":\"ListItem\",\"position\":2,\"name\":\"Wohlstand\",\"item\":\"https:\\\/\\\/gradido.net\\\/what-is-gradido\\\/\"},{\"@type\":\"ListItem\",\"position\":3,\"name\":\"Grundeinkommen\"}]},{\"@type\":\"WebSite\",\"@id\":\"https:\\\/\\\/gradido.net\\\/de\\\/#website\",\"url\":\"https:\\\/\\\/gradido.net\\\/de\\\/\",\"name\":\"Gradido\",\"description\":\"Die neue W\u00e4hrung hei\u00dft Dankbarkeit\",\"publisher\":{\"@id\":\"https:\\\/\\\/gradido.net\\\/de\\\/#organization\"},\"potentialAction\":[{\"@type\":\"SearchAction\",\"target\":{\"@type\":\"EntryPoint\",\"urlTemplate\":\"https:\\\/\\\/gradido.net\\\/de\\\/?s={search_term_string}\"},\"query-input\":{\"@type\":\"PropertyValueSpecification\",\"valueRequired\":true,\"valueName\":\"search_term_string\"}}],\"inLanguage\":\"sv-SE\"},{\"@type\":\"Organization\",\"@id\":\"https:\\\/\\\/gradido.net\\\/de\\\/#organization\",\"name\":\"Gradido\",\"url\":\"https:\\\/\\\/gradido.net\\\/de\\\/\",\"logo\":{\"@type\":\"ImageObject\",\"inLanguage\":\"sv-SE\",\"@id\":\"https:\\\/\\\/gradido.net\\\/de\\\/#\\\/schema\\\/logo\\\/image\\\/\",\"url\":\"https:\\\/\\\/gradido.net\\\/wp-content\\\/uploads\\\/2022\\\/04\\\/gradido-social.jpg\",\"contentUrl\":\"https:\\\/\\\/gradido.net\\\/wp-content\\\/uploads\\\/2022\\\/04\\\/gradido-social.jpg\",\"width\":527,\"height\":273,\"caption\":\"Gradido\"},\"image\":{\"@id\":\"https:\\\/\\\/gradido.net\\\/de\\\/#\\\/schema\\\/logo\\\/image\\\/\"}}]}<\/script>\n<!-- \/ Yoast SEO plugin. -->","yoast_head_json":{"title":"Grundl\u00e4ggande inkomst - Gradido","description":"Vi ser v\u00e5r \"aktiva basinkomst\" som en optimerad vidareutveckling av den mycket omdiskuterade \"ovillkorliga basinkomsten\". Det f\u00f6renar argumenten fr\u00e5n dess motst\u00e5ndare och f\u00f6respr\u00e5kare och erbjuder f\u00f6rs\u00f6rjningstrygghet samt utveckling av potential f\u00f6r alla m\u00e4nniskor.","robots":{"index":"index","follow":"follow","max-snippet":"max-snippet:-1","max-image-preview":"max-image-preview:large","max-video-preview":"max-video-preview:-1"},"canonical":"https:\/\/gradido.net\/sv\/what-is-gradido\/basic-income\/","og_locale":"sv_SE","og_type":"article","og_title":"Grundeinkommen - Gradido","og_description":"Unser \u201aAktives Grundeinkommen\u2018 verstehen wir als die optimierte Weiterentwicklung des viel diskutierten \u201aBedingungslosen Grundeinkommens\u2018. Es vereinigt die Argumente von dessen Gegnern und Bef\u00fcrwortern und bietet gleicherma\u00dfen Existenzssicherung wie Potentialentfaltung aller Menschen.","og_url":"https:\/\/gradido.net\/sv\/what-is-gradido\/basic-income\/","og_site_name":"Gradido","article_modified_time":"2025-11-12T08:43:00+00:00","og_image":[{"width":1344,"height":504,"url":"https:\/\/gradido.net\/wp-content\/uploads\/2020\/09\/grundeinkommen-statt-existenzangst.jpg","type":"image\/jpeg"}],"twitter_card":"summary_large_image","twitter_misc":{"Ber\u00e4knad l\u00e4stid":"5 minuter"},"schema":{"@context":"https:\/\/schema.org","@graph":[{"@type":"WebPage","@id":"https:\/\/gradido.net\/what-is-gradido\/basic-income\/","url":"https:\/\/gradido.net\/what-is-gradido\/basic-income\/","name":"Grundl\u00e4ggande inkomst - Gradido","isPartOf":{"@id":"https:\/\/gradido.net\/de\/#website"},"primaryImageOfPage":{"@id":"https:\/\/gradido.net\/what-is-gradido\/basic-income\/#primaryimage"},"image":{"@id":"https:\/\/gradido.net\/what-is-gradido\/basic-income\/#primaryimage"},"thumbnailUrl":"https:\/\/gradido.net\/wp-content\/uploads\/2020\/09\/grundeinkommen-statt-existenzangst.jpg","datePublished":"2020-08-12T10:21:31+00:00","dateModified":"2025-11-12T08:43:00+00:00","description":"Vi ser v\u00e5r \"aktiva basinkomst\" som en optimerad vidareutveckling av den mycket omdiskuterade \"ovillkorliga basinkomsten\". Det f\u00f6renar argumenten fr\u00e5n dess motst\u00e5ndare och f\u00f6respr\u00e5kare och erbjuder f\u00f6rs\u00f6rjningstrygghet samt utveckling av potential f\u00f6r alla m\u00e4nniskor.","breadcrumb":{"@id":"https:\/\/gradido.net\/what-is-gradido\/basic-income\/#breadcrumb"},"inLanguage":"sv-SE","potentialAction":[{"@type":"ReadAction","target":["https:\/\/gradido.net\/what-is-gradido\/basic-income\/"]}]},{"@type":"ImageObject","inLanguage":"sv-SE","@id":"https:\/\/gradido.net\/what-is-gradido\/basic-income\/#primaryimage","url":"https:\/\/gradido.net\/wp-content\/uploads\/2020\/09\/grundeinkommen-statt-existenzangst.jpg","contentUrl":"https:\/\/gradido.net\/wp-content\/uploads\/2020\/09\/grundeinkommen-statt-existenzangst.jpg","width":1344,"height":504},{"@type":"BreadcrumbList","@id":"https:\/\/gradido.net\/what-is-gradido\/basic-income\/#breadcrumb","itemListElement":[{"@type":"ListItem","position":1,"name":"Startseite","item":"https:\/\/gradido.net\/"},{"@type":"ListItem","position":2,"name":"Wohlstand","item":"https:\/\/gradido.net\/what-is-gradido\/"},{"@type":"ListItem","position":3,"name":"Grundeinkommen"}]},{"@type":"WebSite","@id":"https:\/\/gradido.net\/de\/#website","url":"https:\/\/gradido.net\/de\/","name":"Gradido","description":"Den nya valutan \u00e4r tacksamhet","publisher":{"@id":"https:\/\/gradido.net\/de\/#organization"},"potentialAction":[{"@type":"SearchAction","target":{"@type":"EntryPoint","urlTemplate":"https:\/\/gradido.net\/de\/?s={search_term_string}"},"query-input":{"@type":"PropertyValueSpecification","valueRequired":true,"valueName":"search_term_string"}}],"inLanguage":"sv-SE"},{"@type":"Organization","@id":"https:\/\/gradido.net\/de\/#organization","name":"Gradido","url":"https:\/\/gradido.net\/de\/","logo":{"@type":"ImageObject","inLanguage":"sv-SE","@id":"https:\/\/gradido.net\/de\/#\/schema\/logo\/image\/","url":"https:\/\/gradido.net\/wp-content\/uploads\/2022\/04\/gradido-social.jpg","contentUrl":"https:\/\/gradido.net\/wp-content\/uploads\/2022\/04\/gradido-social.jpg","width":527,"height":273,"caption":"Gradido"},"image":{"@id":"https:\/\/gradido.net\/de\/#\/schema\/logo\/image\/"}}]}},"_links":{"self":[{"href":"https:\/\/gradido.net\/sv\/wp-json\/wp\/v2\/pages\/128","targetHints":{"allow":["GET"]}}],"collection":[{"href":"https:\/\/gradido.net\/sv\/wp-json\/wp\/v2\/pages"}],"about":[{"href":"https:\/\/gradido.net\/sv\/wp-json\/wp\/v2\/types\/page"}],"author":[{"embeddable":true,"href":"https:\/\/gradido.net\/sv\/wp-json\/wp\/v2\/users\/1"}],"replies":[{"embeddable":true,"href":"https:\/\/gradido.net\/sv\/wp-json\/wp\/v2\/comments?post=128"}],"version-history":[{"count":25,"href":"https:\/\/gradido.net\/sv\/wp-json\/wp\/v2\/pages\/128\/revisions"}],"predecessor-version":[{"id":12615,"href":"https:\/\/gradido.net\/sv\/wp-json\/wp\/v2\/pages\/128\/revisions\/12615"}],"up":[{"embeddable":true,"href":"https:\/\/gradido.net\/sv\/wp-json\/wp\/v2\/pages\/2118"}],"wp:featuredmedia":[{"embeddable":true,"href":"https:\/\/gradido.net\/sv\/wp-json\/wp\/v2\/media\/833"}],"wp:attachment":[{"href":"https:\/\/gradido.net\/sv\/wp-json\/wp\/v2\/media?parent=128"}],"curies":[{"name":"wp","href":"https:\/\/api.w.org\/{rel}","templated":true}]}}