{"id":13614,"date":"2026-04-24T08:24:38","date_gmt":"2026-04-24T06:24:38","guid":{"rendered":"https:\/\/gradido.net\/?page_id=13614"},"modified":"2026-04-24T08:36:55","modified_gmt":"2026-04-24T06:36:55","slug":"community","status":"publish","type":"page","link":"https:\/\/gradido.net\/sv\/blog\/community\/","title":{"rendered":"Gemenskapen"},"content":{"rendered":"<div data-elementor-type=\"wp-page\" data-elementor-id=\"13614\" class=\"elementor elementor-13614\" data-elementor-post-type=\"page\">\n\t\t\t\t\t\t<section class=\"elementor-section elementor-top-section elementor-element elementor-element-2cac71f elementor-section-full_width elementor-section-height-default elementor-section-height-default\" data-id=\"2cac71f\" data-element_type=\"section\" data-e-type=\"section\">\n\t\t\t\t\t\t<div class=\"elementor-container elementor-column-gap-no\">\n\t\t\t\t\t<div class=\"elementor-column elementor-col-100 elementor-top-column elementor-element elementor-element-cef0c8b\" data-id=\"cef0c8b\" data-element_type=\"column\" data-e-type=\"column\">\n\t\t\t<div class=\"elementor-widget-wrap elementor-element-populated\">\n\t\t\t\t\t\t<div class=\"elementor-element elementor-element-cd0fa05 elementor--h-position-center elementor--v-position-middle elementor-arrows-position-inside elementor-widget elementor-widget-slides\" data-id=\"cd0fa05\" data-element_type=\"widget\" data-e-type=\"widget\" data-settings=\"{&quot;navigation&quot;:&quot;arrows&quot;,&quot;autoplay&quot;:&quot;yes&quot;,&quot;pause_on_hover&quot;:&quot;yes&quot;,&quot;pause_on_interaction&quot;:&quot;yes&quot;,&quot;autoplay_speed&quot;:5000,&quot;infinite&quot;:&quot;yes&quot;,&quot;transition&quot;:&quot;slide&quot;,&quot;transition_speed&quot;:500}\" data-widget_type=\"slides.default\">\n\t\t\t\t<div class=\"elementor-widget-container\">\n\t\t\t\t\t\t\t\t\t<div class=\"elementor-swiper\">\n\t\t\t\t\t<div class=\"elementor-slides-wrapper elementor-main-swiper swiper\" role=\"region\" aria-roledescription=\"carousel\" aria-label=\"Skjutreglaget\" dir=\"ltr\" data-animation=\"fadeInUp\">\n\t\t\t\t<div class=\"swiper-wrapper elementor-slides\">\n\t\t\t\t\t\t\t\t\t\t<div class=\"elementor-repeater-item-2de4990 swiper-slide\" role=\"group\" aria-roledescription=\"slide\"><div class=\"swiper-slide-bg\" role=\"img\" aria-label=\"blogg\"><\/div><div class=\"swiper-slide-inner\" ><div class=\"swiper-slide-contents\"><\/div><\/div><\/div>\t\t\t\t<\/div>\n\t\t\t\t\t\t\t<\/div>\n\t\t\t\t<\/div>\n\t\t\t\t\t\t\t\t<\/div>\n\t\t\t\t<\/div>\n\t\t\t\t\t<\/div>\n\t\t<\/div>\n\t\t\t\t\t<\/div>\n\t\t<\/section>\n\t\t\t\t<section class=\"elementor-section elementor-top-section elementor-element elementor-element-cec2a5b elementor-section-boxed elementor-section-height-default elementor-section-height-default\" data-id=\"cec2a5b\" data-element_type=\"section\" data-e-type=\"section\" data-settings=\"{&quot;background_background&quot;:&quot;classic&quot;}\">\n\t\t\t\t\t\t<div class=\"elementor-container elementor-column-gap-default\">\n\t\t\t\t\t<div class=\"elementor-column elementor-col-100 elementor-top-column elementor-element elementor-element-2bca127\" data-id=\"2bca127\" data-element_type=\"column\" data-e-type=\"column\">\n\t\t\t<div class=\"elementor-widget-wrap elementor-element-populated\">\n\t\t\t\t\t\t<div class=\"elementor-element elementor-element-e504e40 elementor-widget elementor-widget-heading\" data-id=\"e504e40\" data-element_type=\"widget\" data-e-type=\"widget\" data-widget_type=\"heading.default\">\n\t\t\t\t<div class=\"elementor-widget-container\">\n\t\t\t\t\t<h1 class=\"elementor-heading-title elementor-size-default\">Gemenskapen<\/h1>\t\t\t\t<\/div>\n\t\t\t\t<\/div>\n\t\t\t\t\t<\/div>\n\t\t<\/div>\n\t\t\t\t\t<\/div>\n\t\t<\/section>\n\t\t\t\t<section class=\"elementor-section elementor-top-section elementor-element elementor-element-e4f56b5 elementor-section-boxed elementor-section-height-default elementor-section-height-default\" data-id=\"e4f56b5\" data-element_type=\"section\" data-e-type=\"section\">\n\t\t\t\t\t\t<div class=\"elementor-container elementor-column-gap-default\">\n\t\t\t\t\t<div class=\"elementor-column elementor-col-100 elementor-top-column elementor-element elementor-element-93ee9fb\" data-id=\"93ee9fb\" data-element_type=\"column\" data-e-type=\"column\">\n\t\t\t<div class=\"elementor-widget-wrap elementor-element-populated\">\n\t\t\t\t\t\t<div class=\"elementor-element elementor-element-7bbe7d9 elementor-nav-menu--dropdown-tablet elementor-nav-menu__text-align-aside elementor-nav-menu--toggle elementor-nav-menu--burger elementor-widget elementor-widget-nav-menu\" data-id=\"7bbe7d9\" data-element_type=\"widget\" data-e-type=\"widget\" data-settings=\"{&quot;layout&quot;:&quot;horizontal&quot;,&quot;submenu_icon&quot;:{&quot;value&quot;:&quot;&lt;i class=\\&quot;fas fa-caret-down\\&quot; aria-hidden=\\&quot;true\\&quot;&gt;&lt;\\\/i&gt;&quot;,&quot;library&quot;:&quot;fa-solid&quot;},&quot;toggle&quot;:&quot;burger&quot;}\" data-widget_type=\"nav-menu.default\">\n\t\t\t\t<div class=\"elementor-widget-container\">\n\t\t\t\t\t\t\t\t<nav aria-label=\"Meny\" class=\"elementor-nav-menu--main elementor-nav-menu__container elementor-nav-menu--layout-horizontal e--pointer-underline e--animation-fade\">\n\t\t\t\t<ul id=\"menu-1-7bbe7d9\" class=\"elementor-nav-menu\"><li class=\"menu-item menu-item-type-post_type menu-item-object-page menu-item-13532\"><a href=\"https:\/\/gradido.net\/sv\/blog\/\" class=\"elementor-item\">Alla kategorier<\/a><\/li>\n<li class=\"menu-item menu-item-type-post_type menu-item-object-page menu-item-13515\"><a href=\"https:\/\/gradido.net\/sv\/blog\/analysen\/\" class=\"elementor-item\">Analyser<\/a><\/li>\n<li class=\"menu-item menu-item-type-post_type menu-item-object-page menu-item-13559\"><a href=\"https:\/\/gradido.net\/sv\/blog\/lieblingsstadt\/\" class=\"elementor-item\">Favoritstad<\/a><\/li>\n<li class=\"menu-item menu-item-type-post_type menu-item-object-page menu-item-13641\"><a href=\"https:\/\/gradido.net\/sv\/blog\/community\/\" class=\"elementor-item\">Gemenskapen<\/a><\/li>\n<li class=\"menu-item menu-item-type-post_type menu-item-object-page menu-item-13639\"><a href=\"https:\/\/gradido.net\/sv\/blog\/psychologie\/\" class=\"elementor-item\">Psykologi<\/a><\/li>\n<li class=\"menu-item menu-item-type-post_type menu-item-object-page menu-item-13640\"><a href=\"https:\/\/gradido.net\/sv\/blog\/gradido-konto\/\" class=\"elementor-item\">Gradido-konto<\/a><\/li>\n<\/ul>\t\t\t<\/nav>\n\t\t\t\t\t<div class=\"elementor-menu-toggle\" role=\"button\" tabindex=\"0\" aria-label=\"Sl\u00e5 p\u00e5\/av meny\" aria-expanded=\"false\">\n\t\t\t<i aria-hidden=\"true\" role=\"presentation\" class=\"elementor-menu-toggle__icon--open eicon-menu-bar\"><\/i><i aria-hidden=\"true\" role=\"presentation\" class=\"elementor-menu-toggle__icon--close eicon-close\"><\/i>\t\t<\/div>\n\t\t\t\t\t<nav class=\"elementor-nav-menu--dropdown elementor-nav-menu__container\" aria-hidden=\"true\">\n\t\t\t\t<ul id=\"menu-2-7bbe7d9\" class=\"elementor-nav-menu\"><li class=\"menu-item menu-item-type-post_type menu-item-object-page menu-item-13532\"><a href=\"https:\/\/gradido.net\/sv\/blog\/\" class=\"elementor-item\" tabindex=\"-1\">Alla kategorier<\/a><\/li>\n<li class=\"menu-item menu-item-type-post_type menu-item-object-page menu-item-13515\"><a href=\"https:\/\/gradido.net\/sv\/blog\/analysen\/\" class=\"elementor-item\" tabindex=\"-1\">Analyser<\/a><\/li>\n<li class=\"menu-item menu-item-type-post_type menu-item-object-page menu-item-13559\"><a href=\"https:\/\/gradido.net\/sv\/blog\/lieblingsstadt\/\" class=\"elementor-item\" tabindex=\"-1\">Favoritstad<\/a><\/li>\n<li class=\"menu-item menu-item-type-post_type menu-item-object-page menu-item-13641\"><a href=\"https:\/\/gradido.net\/sv\/blog\/community\/\" class=\"elementor-item\" tabindex=\"-1\">Gemenskapen<\/a><\/li>\n<li class=\"menu-item menu-item-type-post_type menu-item-object-page menu-item-13639\"><a href=\"https:\/\/gradido.net\/sv\/blog\/psychologie\/\" class=\"elementor-item\" tabindex=\"-1\">Psykologi<\/a><\/li>\n<li class=\"menu-item menu-item-type-post_type menu-item-object-page menu-item-13640\"><a href=\"https:\/\/gradido.net\/sv\/blog\/gradido-konto\/\" class=\"elementor-item\" tabindex=\"-1\">Gradido-konto<\/a><\/li>\n<\/ul>\t\t\t<\/nav>\n\t\t\t\t\t\t<\/div>\n\t\t\t\t<\/div>\n\t\t\t\t<div class=\"elementor-element elementor-element-1c7d36d elementor-grid-tablet-3 elementor-grid-3 elementor-grid-mobile-1 elementor-posts--thumbnail-top elementor-posts__hover-gradient elementor-widget elementor-widget-posts\" data-id=\"1c7d36d\" data-element_type=\"widget\" data-e-type=\"widget\" data-settings=\"{&quot;cards_columns_tablet&quot;:&quot;3&quot;,&quot;cards_columns&quot;:&quot;3&quot;,&quot;cards_columns_mobile&quot;:&quot;1&quot;,&quot;cards_row_gap&quot;:{&quot;unit&quot;:&quot;px&quot;,&quot;size&quot;:35,&quot;sizes&quot;:[]},&quot;cards_row_gap_tablet&quot;:{&quot;unit&quot;:&quot;px&quot;,&quot;size&quot;:&quot;&quot;,&quot;sizes&quot;:[]},&quot;cards_row_gap_mobile&quot;:{&quot;unit&quot;:&quot;px&quot;,&quot;size&quot;:&quot;&quot;,&quot;sizes&quot;:[]}}\" data-widget_type=\"posts.cards\">\n\t\t\t\t<div class=\"elementor-widget-container\">\n\t\t\t\t\t\t\t<div class=\"elementor-posts-container elementor-posts elementor-posts--skin-cards elementor-grid\" role=\"list\">\n\t\t\t\t<article class=\"elementor-post elementor-grid-item post-12352 post type-post status-publish format-standard has-post-thumbnail hentry category-blog category-community\" role=\"listitem\">\n\t\t\t<div class=\"elementor-post__card\">\n\t\t\t\t<a class=\"elementor-post__thumbnail__link\" href=\"https:\/\/gradido.net\/sv\/mutmacher-stefan-nathan\/\" tabindex=\"-1\" ><div class=\"elementor-post__thumbnail\"><img fetchpriority=\"high\" decoding=\"async\" width=\"800\" height=\"450\" src=\"https:\/\/gradido.net\/wp-content\/uploads\/2025\/10\/Stefan_Nathan_Lange-1024x576.jpg\" class=\"attachment-large size-large wp-image-12354\" alt=\"\" srcset=\"https:\/\/gradido.net\/wp-content\/uploads\/2025\/10\/Stefan_Nathan_Lange-1024x576.jpg 1024w, https:\/\/gradido.net\/wp-content\/uploads\/2025\/10\/Stefan_Nathan_Lange-300x169.jpg 300w, https:\/\/gradido.net\/wp-content\/uploads\/2025\/10\/Stefan_Nathan_Lange-768x432.jpg 768w, https:\/\/gradido.net\/wp-content\/uploads\/2025\/10\/Stefan_Nathan_Lange-1536x864.jpg 1536w, https:\/\/gradido.net\/wp-content\/uploads\/2025\/10\/Stefan_Nathan_Lange-18x10.jpg 18w, https:\/\/gradido.net\/wp-content\/uploads\/2025\/10\/Stefan_Nathan_Lange.jpg 1920w\" sizes=\"(max-width: 800px) 100vw, 800px\" \/><\/div><\/a>\n\t\t\t\t<div class=\"elementor-post__text\">\n\t\t\t\t<h3 class=\"elementor-post__title\">\n\t\t\t<a href=\"https:\/\/gradido.net\/sv\/mutmacher-stefan-nathan\/\" >\n\t\t\t\tP\u00e5 v\u00e4gen mot en v\u00e4rld utan pengar ligger Gradido\t\t\t<\/a>\n\t\t<\/h3>\n\t\t\t\t<div class=\"elementor-post__excerpt\">\n\t\t\t<p>Gradido \u00e4r den b\u00e4sta m\u00f6jligheten jag hittills har hittat f\u00f6r att ta ett stort steg fram\u00e5t p\u00e5 den h\u00e4r v\u00e4gen. Och det \u00e4r d\u00e4rf\u00f6r jag \u00e4r engagerad h\u00e4r!<\/p>\n\t\t<\/div>\n\t\t\n\t\t<a class=\"elementor-post__read-more\" href=\"https:\/\/gradido.net\/sv\/mutmacher-stefan-nathan\/\" aria-label=\"L\u00e4s mer om P\u00e5 v\u00e4g mot en v\u00e4rld utan pengar ligger Gradido\" tabindex=\"-1\" >\n\t\t\tL\u00e4s mer\t\t<\/a>\n\n\t\t\t\t<\/div>\n\t\t\t\t<div class=\"elementor-post__meta-data\">\n\t\t\t\t\t<span class=\"elementor-post-date\">\n\t\t\t26 oktober 2025\t\t<\/span>\n\t\t\t\t<\/div>\n\t\t\t\t\t<\/div>\n\t\t<\/article>\n\t\t\t\t<article class=\"elementor-post elementor-grid-item post-12183 post type-post status-publish format-standard has-post-thumbnail hentry category-blog category-community\" role=\"listitem\">\n\t\t\t<div class=\"elementor-post__card\">\n\t\t\t\t<a class=\"elementor-post__thumbnail__link\" href=\"https:\/\/gradido.net\/sv\/mutmacher-konrad\/\" tabindex=\"-1\" ><div class=\"elementor-post__thumbnail\"><img decoding=\"async\" width=\"800\" height=\"450\" src=\"https:\/\/gradido.net\/wp-content\/uploads\/2025\/10\/Konrad_Funk-1024x576.jpg\" class=\"attachment-large size-large wp-image-12185\" alt=\"\" srcset=\"https:\/\/gradido.net\/wp-content\/uploads\/2025\/10\/Konrad_Funk-1024x576.jpg 1024w, https:\/\/gradido.net\/wp-content\/uploads\/2025\/10\/Konrad_Funk-300x169.jpg 300w, https:\/\/gradido.net\/wp-content\/uploads\/2025\/10\/Konrad_Funk-768x432.jpg 768w, https:\/\/gradido.net\/wp-content\/uploads\/2025\/10\/Konrad_Funk-1536x864.jpg 1536w, https:\/\/gradido.net\/wp-content\/uploads\/2025\/10\/Konrad_Funk-18x10.jpg 18w, https:\/\/gradido.net\/wp-content\/uploads\/2025\/10\/Konrad_Funk.jpg 1920w\" sizes=\"(max-width: 800px) 100vw, 800px\" \/><\/div><\/a>\n\t\t\t\t<div class=\"elementor-post__text\">\n\t\t\t\t<h3 class=\"elementor-post__title\">\n\t\t\t<a href=\"https:\/\/gradido.net\/sv\/mutmacher-konrad\/\" >\n\t\t\t\tThaler, thaler, du m\u00e5ste vandra - fr\u00e5n den ena handen till den andra\t\t\t<\/a>\n\t\t<\/h3>\n\t\t\t\t<div class=\"elementor-post__excerpt\">\n\t\t\t<p>Gradidos kan skapas och f\u00f6ras vidare, de finns i \u00f6verfl\u00f6d - men inte inflationsdrivande - p\u00e5 grund av sin f\u00f6rg\u00e4nglighet. Detta \u00f6verfl\u00f6d kan fl\u00f6da in i v\u00e5r st\u00f6rsta g\u00e5va: v\u00e5rt hj\u00e4rtf\u00e4lt.<\/p>\n\t\t<\/div>\n\t\t\n\t\t<a class=\"elementor-post__read-more\" href=\"https:\/\/gradido.net\/sv\/mutmacher-konrad\/\" aria-label=\"L\u00e4s mer om Taler, Taler, du m\u00e5ste vandra - fr\u00e5n den ena handen till den andra\" tabindex=\"-1\" >\n\t\t\tL\u00e4s mer\t\t<\/a>\n\n\t\t\t\t<\/div>\n\t\t\t\t<div class=\"elementor-post__meta-data\">\n\t\t\t\t\t<span class=\"elementor-post-date\">\n\t\t\t13 oktober 2025\t\t<\/span>\n\t\t\t\t<\/div>\n\t\t\t\t\t<\/div>\n\t\t<\/article>\n\t\t\t\t<article class=\"elementor-post elementor-grid-item post-12082 post type-post status-publish format-standard has-post-thumbnail hentry category-blog category-community\" role=\"listitem\">\n\t\t\t<div class=\"elementor-post__card\">\n\t\t\t\t<a class=\"elementor-post__thumbnail__link\" href=\"https:\/\/gradido.net\/sv\/mutmacher-hartmut\/\" tabindex=\"-1\" ><div class=\"elementor-post__thumbnail\"><img decoding=\"async\" width=\"800\" height=\"450\" src=\"https:\/\/gradido.net\/wp-content\/uploads\/2025\/10\/Hartmut_Zipperlen-1024x576.jpg\" class=\"attachment-large size-large wp-image-12084\" alt=\"\" srcset=\"https:\/\/gradido.net\/wp-content\/uploads\/2025\/10\/Hartmut_Zipperlen-1024x576.jpg 1024w, https:\/\/gradido.net\/wp-content\/uploads\/2025\/10\/Hartmut_Zipperlen-300x169.jpg 300w, https:\/\/gradido.net\/wp-content\/uploads\/2025\/10\/Hartmut_Zipperlen-768x432.jpg 768w, https:\/\/gradido.net\/wp-content\/uploads\/2025\/10\/Hartmut_Zipperlen-18x10.jpg 18w, https:\/\/gradido.net\/wp-content\/uploads\/2025\/10\/Hartmut_Zipperlen.jpg 1280w\" sizes=\"(max-width: 800px) 100vw, 800px\" \/><\/div><\/a>\n\t\t\t\t<div class=\"elementor-post__text\">\n\t\t\t\t<h3 class=\"elementor-post__title\">\n\t\t\t<a href=\"https:\/\/gradido.net\/sv\/mutmacher-hartmut\/\" >\n\t\t\t\tIdealv\u00e4rden som valuta\t\t\t<\/a>\n\t\t<\/h3>\n\t\t\t\t<div class=\"elementor-post__excerpt\">\n\t\t\t<p>Den nya jorden kommer inte att komma fr\u00e5n en yttre kraft. M\u00e4nskligheten \u00e4r ansvarig f\u00f6r Gaia och m\u00e5ste sj\u00e4lv \u00e5stadkomma f\u00f6r\u00e4ndringarna. Jag \u00e4r tacksam f\u00f6r att allt fler m\u00e4nniskor engagerar sig f\u00f6r detta m\u00e5l i k\u00e4rlek och respekt f\u00f6r de eviga naturlagarna.<\/p>\n\t\t<\/div>\n\t\t\n\t\t<a class=\"elementor-post__read-more\" href=\"https:\/\/gradido.net\/sv\/mutmacher-hartmut\/\" aria-label=\"L\u00e4s mer om Idealv\u00e4rden som valuta\" tabindex=\"-1\" >\n\t\t\tL\u00e4s mer\t\t<\/a>\n\n\t\t\t\t<\/div>\n\t\t\t\t<div class=\"elementor-post__meta-data\">\n\t\t\t\t\t<span class=\"elementor-post-date\">\n\t\t\t5 oktober 2025\t\t<\/span>\n\t\t\t\t<\/div>\n\t\t\t\t\t<\/div>\n\t\t<\/article>\n\t\t\t\t<article class=\"elementor-post elementor-grid-item post-11747 post type-post status-publish format-standard has-post-thumbnail hentry category-blog category-community\" role=\"listitem\">\n\t\t\t<div class=\"elementor-post__card\">\n\t\t\t\t<a class=\"elementor-post__thumbnail__link\" href=\"https:\/\/gradido.net\/sv\/mutmacher-michael\/\" tabindex=\"-1\" ><div class=\"elementor-post__thumbnail\"><img loading=\"lazy\" decoding=\"async\" width=\"800\" height=\"450\" src=\"https:\/\/gradido.net\/wp-content\/uploads\/2025\/10\/Michael_Rothe_Banner-1024x576.jpg\" class=\"attachment-large size-large wp-image-11749\" alt=\"\" srcset=\"https:\/\/gradido.net\/wp-content\/uploads\/2025\/10\/Michael_Rothe_Banner-1024x576.jpg 1024w, https:\/\/gradido.net\/wp-content\/uploads\/2025\/10\/Michael_Rothe_Banner-300x169.jpg 300w, https:\/\/gradido.net\/wp-content\/uploads\/2025\/10\/Michael_Rothe_Banner-768x432.jpg 768w, https:\/\/gradido.net\/wp-content\/uploads\/2025\/10\/Michael_Rothe_Banner-18x10.jpg 18w, https:\/\/gradido.net\/wp-content\/uploads\/2025\/10\/Michael_Rothe_Banner.jpg 1280w\" sizes=\"(max-width: 800px) 100vw, 800px\" \/><\/div><\/a>\n\t\t\t\t<div class=\"elementor-post__text\">\n\t\t\t\t<h3 class=\"elementor-post__title\">\n\t\t\t<a href=\"https:\/\/gradido.net\/sv\/mutmacher-michael\/\" >\n\t\t\t\tDr\u00f6mmen om en r\u00e4ttvis och fredlig v\u00e4rld\t\t\t<\/a>\n\t\t<\/h3>\n\t\t\t\t<div class=\"elementor-post__excerpt\">\n\t\t\t<p>Det som tilltalar mig mest med Gradido \u00e4r principen om tacksamhet - och visionen om en fredlig ekonomi. Jag skulle vilja se en v\u00e4rld d\u00e4r samarbete g\u00e5r f\u00f6re konkurrens och d\u00e4r sunda samh\u00e4llen v\u00e4xer fram. Med Gradido k\u00e4nns den dr\u00f6mmen p\u00e5taglig.<\/p>\n\t\t<\/div>\n\t\t\n\t\t<a class=\"elementor-post__read-more\" href=\"https:\/\/gradido.net\/sv\/mutmacher-michael\/\" aria-label=\"L\u00e4s mer om Dr\u00f6mmen om en r\u00e4ttvis och fredlig v\u00e4rld\" tabindex=\"-1\" >\n\t\t\tL\u00e4s mer\t\t<\/a>\n\n\t\t\t\t<\/div>\n\t\t\t\t<div class=\"elementor-post__meta-data\">\n\t\t\t\t\t<span class=\"elementor-post-date\">\n\t\t\t1 oktober 2025\t\t<\/span>\n\t\t\t\t<\/div>\n\t\t\t\t\t<\/div>\n\t\t<\/article>\n\t\t\t\t<article class=\"elementor-post elementor-grid-item post-11727 post type-post status-publish format-standard has-post-thumbnail hentry category-blog category-community\" role=\"listitem\">\n\t\t\t<div class=\"elementor-post__card\">\n\t\t\t\t<a class=\"elementor-post__thumbnail__link\" href=\"https:\/\/gradido.net\/sv\/mutmacher-rolf\/\" tabindex=\"-1\" ><div class=\"elementor-post__thumbnail\"><img loading=\"lazy\" decoding=\"async\" width=\"800\" height=\"450\" src=\"https:\/\/gradido.net\/wp-content\/uploads\/2025\/09\/Rolf-Locher-Banner-1024x576.jpg\" class=\"attachment-large size-large wp-image-11728\" alt=\"\" srcset=\"https:\/\/gradido.net\/wp-content\/uploads\/2025\/09\/Rolf-Locher-Banner-1024x576.jpg 1024w, https:\/\/gradido.net\/wp-content\/uploads\/2025\/09\/Rolf-Locher-Banner-300x169.jpg 300w, https:\/\/gradido.net\/wp-content\/uploads\/2025\/09\/Rolf-Locher-Banner-768x432.jpg 768w, https:\/\/gradido.net\/wp-content\/uploads\/2025\/09\/Rolf-Locher-Banner-18x10.jpg 18w, https:\/\/gradido.net\/wp-content\/uploads\/2025\/09\/Rolf-Locher-Banner.jpg 1280w\" sizes=\"(max-width: 800px) 100vw, 800px\" \/><\/div><\/a>\n\t\t\t\t<div class=\"elementor-post__text\">\n\t\t\t\t<h3 class=\"elementor-post__title\">\n\t\t\t<a href=\"https:\/\/gradido.net\/sv\/mutmacher-rolf\/\" >\n\t\t\t\tIn i samh\u00f6righeten\t\t\t<\/a>\n\t\t<\/h3>\n\t\t\t\t<div class=\"elementor-post__excerpt\">\n\t\t\t<p>Gradidos vision passar v\u00e5r tid mer \u00e4n n\u00e5gonsin. Den p\u00e5minner mig om att f\u00f6r\u00e4ndring \u00e4r m\u00f6jlig - inte bara \"n\u00e5gon dag\", utan nu. Att vi kan b\u00f6rja forma den nya jorden genom att ta sm\u00e5 steg och arbeta tillsammans.<\/p>\n\t\t<\/div>\n\t\t\n\t\t<a class=\"elementor-post__read-more\" href=\"https:\/\/gradido.net\/sv\/mutmacher-rolf\/\" aria-label=\"L\u00e4s mer om Into the connectedness\" tabindex=\"-1\" >\n\t\t\tL\u00e4s mer\t\t<\/a>\n\n\t\t\t\t<\/div>\n\t\t\t\t<div class=\"elementor-post__meta-data\">\n\t\t\t\t\t<span class=\"elementor-post-date\">\n\t\t\t30 september 2025\t\t<\/span>\n\t\t\t\t<\/div>\n\t\t\t\t\t<\/div>\n\t\t<\/article>\n\t\t\t\t<article class=\"elementor-post elementor-grid-item post-11642 post type-post status-publish format-standard has-post-thumbnail hentry category-blog category-community\" role=\"listitem\">\n\t\t\t<div class=\"elementor-post__card\">\n\t\t\t\t<a class=\"elementor-post__thumbnail__link\" href=\"https:\/\/gradido.net\/sv\/mutmacher-jean-pierre\/\" tabindex=\"-1\" ><div class=\"elementor-post__thumbnail\"><img loading=\"lazy\" decoding=\"async\" width=\"800\" height=\"450\" src=\"https:\/\/gradido.net\/wp-content\/uploads\/2025\/09\/Jean-Pierre-1024x576.jpg\" class=\"attachment-large size-large wp-image-11643\" alt=\"\" srcset=\"https:\/\/gradido.net\/wp-content\/uploads\/2025\/09\/Jean-Pierre-1024x576.jpg 1024w, https:\/\/gradido.net\/wp-content\/uploads\/2025\/09\/Jean-Pierre-300x169.jpg 300w, https:\/\/gradido.net\/wp-content\/uploads\/2025\/09\/Jean-Pierre-768x432.jpg 768w, https:\/\/gradido.net\/wp-content\/uploads\/2025\/09\/Jean-Pierre-18x10.jpg 18w, https:\/\/gradido.net\/wp-content\/uploads\/2025\/09\/Jean-Pierre.jpg 1280w\" sizes=\"(max-width: 800px) 100vw, 800px\" \/><\/div><\/a>\n\t\t\t\t<div class=\"elementor-post__text\">\n\t\t\t\t<h3 class=\"elementor-post__title\">\n\t\t\t<a href=\"https:\/\/gradido.net\/sv\/mutmacher-jean-pierre\/\" >\n\t\t\t\tNyckelstenen i byggandet av en bro\t\t\t<\/a>\n\t\t<\/h3>\n\t\t\t\t<div class=\"elementor-post__excerpt\">\n\t\t\t<p>Under mina m\u00e5nga \u00e5r i olika verksamheter har jag insett att de flesta system i v\u00e5rt samh\u00e4lle har en inneboende logik som leder till en o\u00f6nskad utveckling. Som ett resultat av denna o\u00f6nskade utveckling har vi f\u00f6rlorat v\u00e5ra verkliga m\u00e5l ur sikte och ....<\/p>\n\t\t<\/div>\n\t\t\n\t\t<a class=\"elementor-post__read-more\" href=\"https:\/\/gradido.net\/sv\/mutmacher-jean-pierre\/\" aria-label=\"L\u00e4s mer om Nyckelstenen vid byggandet av en bro\" tabindex=\"-1\" >\n\t\t\tL\u00e4s mer\t\t<\/a>\n\n\t\t\t\t<\/div>\n\t\t\t\t<div class=\"elementor-post__meta-data\">\n\t\t\t\t\t<span class=\"elementor-post-date\">\n\t\t\t27 september 2025\t\t<\/span>\n\t\t\t\t<\/div>\n\t\t\t\t\t<\/div>\n\t\t<\/article>\n\t\t\t\t<article class=\"elementor-post elementor-grid-item post-11600 post type-post status-publish format-standard has-post-thumbnail hentry category-blog category-community\" role=\"listitem\">\n\t\t\t<div class=\"elementor-post__card\">\n\t\t\t\t<a class=\"elementor-post__thumbnail__link\" href=\"https:\/\/gradido.net\/sv\/mutmacherin-kerstin\/\" tabindex=\"-1\" ><div class=\"elementor-post__thumbnail\"><img loading=\"lazy\" decoding=\"async\" width=\"800\" height=\"450\" src=\"https:\/\/gradido.net\/wp-content\/uploads\/2025\/09\/Kerstin_Banner2-1024x576.jpg\" class=\"attachment-large size-large wp-image-11603\" alt=\"\" srcset=\"https:\/\/gradido.net\/wp-content\/uploads\/2025\/09\/Kerstin_Banner2-1024x576.jpg 1024w, https:\/\/gradido.net\/wp-content\/uploads\/2025\/09\/Kerstin_Banner2-300x169.jpg 300w, https:\/\/gradido.net\/wp-content\/uploads\/2025\/09\/Kerstin_Banner2-768x432.jpg 768w, https:\/\/gradido.net\/wp-content\/uploads\/2025\/09\/Kerstin_Banner2-18x10.jpg 18w, https:\/\/gradido.net\/wp-content\/uploads\/2025\/09\/Kerstin_Banner2.jpg 1280w\" sizes=\"(max-width: 800px) 100vw, 800px\" \/><\/div><\/a>\n\t\t\t\t<div class=\"elementor-post__text\">\n\t\t\t\t<h3 class=\"elementor-post__title\">\n\t\t\t<a href=\"https:\/\/gradido.net\/sv\/mutmacherin-kerstin\/\" >\n\t\t\t\tS\u00e5 h\u00e4r f\u00f6rest\u00e4ller jag mig samh\u00f6righet\t\t\t<\/a>\n\t\t<\/h3>\n\t\t\t\t<div class=\"elementor-post__excerpt\">\n\t\t\t<p>N\u00e4r jag skulle s\u00e4tta upp min \"K\u00e4nn igen dig\"-kongress st\u00f6tte jag p\u00e5 Gradido och blev genast entusiastisk. Den h\u00e4r energin av tacksamhet och det naturliga exemplet att bli till och g\u00e5 bort - det kunde jag relatera till!<\/p>\n\t\t<\/div>\n\t\t\n\t\t<a class=\"elementor-post__read-more\" href=\"https:\/\/gradido.net\/sv\/mutmacherin-kerstin\/\" aria-label=\"L\u00e4s mer om S\u00e5 h\u00e4r f\u00f6rest\u00e4ller jag mig samh\u00f6righet\" tabindex=\"-1\" >\n\t\t\tL\u00e4s mer\t\t<\/a>\n\n\t\t\t\t<\/div>\n\t\t\t\t<div class=\"elementor-post__meta-data\">\n\t\t\t\t\t<span class=\"elementor-post-date\">\n\t\t\t17 september 2025\t\t<\/span>\n\t\t\t\t<\/div>\n\t\t\t\t\t<\/div>\n\t\t<\/article>\n\t\t\t\t<article class=\"elementor-post elementor-grid-item post-11586 post type-post status-publish format-standard has-post-thumbnail hentry category-blog category-community tag-bild-oben\" role=\"listitem\">\n\t\t\t<div class=\"elementor-post__card\">\n\t\t\t\t<a class=\"elementor-post__thumbnail__link\" href=\"https:\/\/gradido.net\/sv\/welt-mutter-kongress\/\" tabindex=\"-1\" ><div class=\"elementor-post__thumbnail\"><img loading=\"lazy\" decoding=\"async\" width=\"800\" height=\"436\" src=\"https:\/\/gradido.net\/wp-content\/uploads\/2025\/09\/Welt-Mutter-Kongress-1024x558.jpg\" class=\"attachment-large size-large wp-image-11587\" alt=\"\" srcset=\"https:\/\/gradido.net\/wp-content\/uploads\/2025\/09\/Welt-Mutter-Kongress-1024x558.jpg 1024w, https:\/\/gradido.net\/wp-content\/uploads\/2025\/09\/Welt-Mutter-Kongress-300x164.jpg 300w, https:\/\/gradido.net\/wp-content\/uploads\/2025\/09\/Welt-Mutter-Kongress-768x419.jpg 768w, https:\/\/gradido.net\/wp-content\/uploads\/2025\/09\/Welt-Mutter-Kongress-18x10.jpg 18w, https:\/\/gradido.net\/wp-content\/uploads\/2025\/09\/Welt-Mutter-Kongress.jpg 1280w\" sizes=\"(max-width: 800px) 100vw, 800px\" \/><\/div><\/a>\n\t\t\t\t<div class=\"elementor-post__text\">\n\t\t\t\t<h3 class=\"elementor-post__title\">\n\t\t\t<a href=\"https:\/\/gradido.net\/sv\/welt-mutter-kongress\/\" >\n\t\t\t\tInbjudan till World Mother Congress 15-26 september 2025\t\t\t<\/a>\n\t\t<\/h3>\n\t\t\t\t<div class=\"elementor-post__excerpt\">\n\t\t\t<p>Hur skulle det vara att \u00e5terknyta kontakten med dig sj\u00e4lv, \u00f6ppna ditt hj\u00e4rta f\u00f6r livet och vandra en fri, k\u00e4rleksfull v\u00e4g tillsammans med andra? World Mother Congress bjuder in dig - till tolv dagar fyllda av inspiration, helande impulser och livlig gemenskap.<\/p>\n\t\t<\/div>\n\t\t\n\t\t<a class=\"elementor-post__read-more\" href=\"https:\/\/gradido.net\/sv\/welt-mutter-kongress\/\" aria-label=\"L\u00e4s mer om Inbjudan till World Mother Congress 15-26 september 2025\" tabindex=\"-1\" >\n\t\t\tL\u00e4s mer\t\t<\/a>\n\n\t\t\t\t<\/div>\n\t\t\t\t<div class=\"elementor-post__meta-data\">\n\t\t\t\t\t<span class=\"elementor-post-date\">\n\t\t\t14 september 2025\t\t<\/span>\n\t\t\t\t<\/div>\n\t\t\t\t\t<\/div>\n\t\t<\/article>\n\t\t\t\t<article class=\"elementor-post elementor-grid-item post-11565 post type-post status-publish format-standard has-post-thumbnail hentry category-blog category-community\" role=\"listitem\">\n\t\t\t<div class=\"elementor-post__card\">\n\t\t\t\t<a class=\"elementor-post__thumbnail__link\" href=\"https:\/\/gradido.net\/sv\/mutmacher-dietmar\/\" tabindex=\"-1\" ><div class=\"elementor-post__thumbnail\"><img loading=\"lazy\" decoding=\"async\" width=\"800\" height=\"450\" src=\"https:\/\/gradido.net\/wp-content\/uploads\/2025\/09\/Dietmar-1-1024x576.jpg\" class=\"attachment-large size-large wp-image-11568\" alt=\"\" srcset=\"https:\/\/gradido.net\/wp-content\/uploads\/2025\/09\/Dietmar-1-1024x576.jpg 1024w, https:\/\/gradido.net\/wp-content\/uploads\/2025\/09\/Dietmar-1-300x169.jpg 300w, https:\/\/gradido.net\/wp-content\/uploads\/2025\/09\/Dietmar-1-768x432.jpg 768w, https:\/\/gradido.net\/wp-content\/uploads\/2025\/09\/Dietmar-1-18x10.jpg 18w, https:\/\/gradido.net\/wp-content\/uploads\/2025\/09\/Dietmar-1.jpg 1280w\" sizes=\"(max-width: 800px) 100vw, 800px\" \/><\/div><\/a>\n\t\t\t\t<div class=\"elementor-post__text\">\n\t\t\t\t<h3 class=\"elementor-post__title\">\n\t\t\t<a href=\"https:\/\/gradido.net\/sv\/mutmacher-dietmar\/\" >\n\t\t\t\tVarf\u00f6r har vi inte levt s\u00e5 h\u00e4r under en l\u00e4ngre tid?\t\t\t<\/a>\n\t\t<\/h3>\n\t\t\t\t<div class=\"elementor-post__excerpt\">\n\t\t\t<p>N\u00e4r jag l\u00e4ste de 100 f\u00f6rdelarna med Gradido var min f\u00f6rsta tanke: Wow, helt briljant! Varf\u00f6r har vi inte levt s\u00e5 h\u00e4r l\u00e4nge? Det var min start f\u00f6r att l\u00e4ra k\u00e4nna Gradido b\u00e4ttre och att delta som ambassad\u00f6r f\u00f6r att f\u00f6ra Gradido ut i v\u00e4rlden.<\/p>\n\t\t<\/div>\n\t\t\n\t\t<a class=\"elementor-post__read-more\" href=\"https:\/\/gradido.net\/sv\/mutmacher-dietmar\/\" aria-label=\"L\u00e4s mer om Varf\u00f6r har vi inte levt s\u00e5 h\u00e4r l\u00e4nge?\" tabindex=\"-1\" >\n\t\t\tL\u00e4s mer\t\t<\/a>\n\n\t\t\t\t<\/div>\n\t\t\t\t<div class=\"elementor-post__meta-data\">\n\t\t\t\t\t<span class=\"elementor-post-date\">\n\t\t\t12 september 2025\t\t<\/span>\n\t\t\t\t<\/div>\n\t\t\t\t\t<\/div>\n\t\t<\/article>\n\t\t\t\t<article class=\"elementor-post elementor-grid-item post-11542 post type-post status-publish format-standard has-post-thumbnail hentry category-blog category-community\" role=\"listitem\">\n\t\t\t<div class=\"elementor-post__card\">\n\t\t\t\t<a class=\"elementor-post__thumbnail__link\" href=\"https:\/\/gradido.net\/sv\/von-dem-konzept-begeistert\/\" tabindex=\"-1\" ><div class=\"elementor-post__thumbnail\"><img loading=\"lazy\" decoding=\"async\" width=\"800\" height=\"450\" src=\"https:\/\/gradido.net\/wp-content\/uploads\/2025\/09\/Joel_Banner-1024x576.jpg\" class=\"attachment-large size-large wp-image-11544\" alt=\"\" srcset=\"https:\/\/gradido.net\/wp-content\/uploads\/2025\/09\/Joel_Banner-1024x576.jpg 1024w, https:\/\/gradido.net\/wp-content\/uploads\/2025\/09\/Joel_Banner-300x169.jpg 300w, https:\/\/gradido.net\/wp-content\/uploads\/2025\/09\/Joel_Banner-768x432.jpg 768w, https:\/\/gradido.net\/wp-content\/uploads\/2025\/09\/Joel_Banner-18x10.jpg 18w, https:\/\/gradido.net\/wp-content\/uploads\/2025\/09\/Joel_Banner.jpg 1280w\" sizes=\"(max-width: 800px) 100vw, 800px\" \/><\/div><\/a>\n\t\t\t\t<div class=\"elementor-post__text\">\n\t\t\t\t<h3 class=\"elementor-post__title\">\n\t\t\t<a href=\"https:\/\/gradido.net\/sv\/von-dem-konzept-begeistert\/\" >\n\t\t\t\tEntusiastisk inf\u00f6r konceptet\t\t\t<\/a>\n\t\t<\/h3>\n\t\t\t\t<div class=\"elementor-post__excerpt\">\n\t\t\t<p>Jag har l\u00e4nge letat efter en alternativ, h\u00e5llbar livsstil. Jag gillar verkligen tanken p\u00e5 att tj\u00e4na pengar baserat p\u00e5 tacksamhet. Jag tror att v\u00e5rt liv \u00e4r en g\u00e5va. Vi har m\u00e5nga anledningar att vara tacksamma. Livet \u00e4r fullt av mirakel.<\/p>\n\t\t<\/div>\n\t\t\n\t\t<a class=\"elementor-post__read-more\" href=\"https:\/\/gradido.net\/sv\/von-dem-konzept-begeistert\/\" aria-label=\"L\u00e5t oss bli entusiastiska \u00f6ver konceptet\" tabindex=\"-1\" >\n\t\t\tL\u00e4s mer\t\t<\/a>\n\n\t\t\t\t<\/div>\n\t\t\t\t<div class=\"elementor-post__meta-data\">\n\t\t\t\t\t<span class=\"elementor-post-date\">\n\t\t\t11 september 2025\t\t<\/span>\n\t\t\t\t<\/div>\n\t\t\t\t\t<\/div>\n\t\t<\/article>\n\t\t\t\t<article class=\"elementor-post elementor-grid-item post-11520 post type-post status-publish format-standard has-post-thumbnail hentry category-blog category-community\" role=\"listitem\">\n\t\t\t<div class=\"elementor-post__card\">\n\t\t\t\t<a class=\"elementor-post__thumbnail__link\" href=\"https:\/\/gradido.net\/sv\/mutmacherin-claudia\/\" tabindex=\"-1\" ><div class=\"elementor-post__thumbnail\"><img loading=\"lazy\" decoding=\"async\" width=\"800\" height=\"450\" src=\"https:\/\/gradido.net\/wp-content\/uploads\/2025\/09\/Claudia_Banner-1024x576.jpg\" class=\"attachment-large size-large wp-image-11522\" alt=\"\" srcset=\"https:\/\/gradido.net\/wp-content\/uploads\/2025\/09\/Claudia_Banner-1024x576.jpg 1024w, https:\/\/gradido.net\/wp-content\/uploads\/2025\/09\/Claudia_Banner-300x169.jpg 300w, https:\/\/gradido.net\/wp-content\/uploads\/2025\/09\/Claudia_Banner-768x432.jpg 768w, https:\/\/gradido.net\/wp-content\/uploads\/2025\/09\/Claudia_Banner-18x10.jpg 18w, https:\/\/gradido.net\/wp-content\/uploads\/2025\/09\/Claudia_Banner.jpg 1280w\" sizes=\"(max-width: 800px) 100vw, 800px\" \/><\/div><\/a>\n\t\t\t\t<div class=\"elementor-post__text\">\n\t\t\t\t<h3 class=\"elementor-post__title\">\n\t\t\t<a href=\"https:\/\/gradido.net\/sv\/mutmacherin-claudia\/\" >\n\t\t\t\tExakt vad jag alltid hade \u00f6nskat mig\t\t\t<\/a>\n\t\t<\/h3>\n\t\t\t\t<div class=\"elementor-post__excerpt\">\n\t\t\t<p>Gradido erbjuder mycket till alla. Alla kan engagera sig som de vill. F\u00f6r mig \u00e4r det specifikt h\u00e4starna, och jag har ocks\u00e5 introducerat Horse Human Community, min baby, som ett utrymme p\u00e5 Gradido. F\u00f6r Gradido ger mig m\u00f6jlighet att l\u00e5ta m\u00e4nniskor n\u00e4tverka d\u00e4r.<\/p>\n\t\t<\/div>\n\t\t\n\t\t<a class=\"elementor-post__read-more\" href=\"https:\/\/gradido.net\/sv\/mutmacherin-claudia\/\" aria-label=\"L\u00e4s mer om Exakt vad jag alltid hade \u00f6nskat mig\" tabindex=\"-1\" >\n\t\t\tL\u00e4s mer\t\t<\/a>\n\n\t\t\t\t<\/div>\n\t\t\t\t<div class=\"elementor-post__meta-data\">\n\t\t\t\t\t<span class=\"elementor-post-date\">\n\t\t\t8 september 2025\t\t<\/span>\n\t\t\t\t<\/div>\n\t\t\t\t\t<\/div>\n\t\t<\/article>\n\t\t\t\t<article class=\"elementor-post elementor-grid-item post-11499 post type-post status-publish format-standard has-post-thumbnail hentry category-blog category-community\" role=\"listitem\">\n\t\t\t<div class=\"elementor-post__card\">\n\t\t\t\t<a class=\"elementor-post__thumbnail__link\" href=\"https:\/\/gradido.net\/sv\/werde-mutmacher-teile-deine-gradido-geschichte\/\" tabindex=\"-1\" ><div class=\"elementor-post__thumbnail\"><img loading=\"lazy\" decoding=\"async\" width=\"800\" height=\"200\" src=\"https:\/\/gradido.net\/wp-content\/uploads\/2023\/12\/AdobeStock_623322374-1024x256.jpeg\" class=\"attachment-large size-large wp-image-8453\" alt=\"\" srcset=\"https:\/\/gradido.net\/wp-content\/uploads\/2023\/12\/AdobeStock_623322374-1024x256.jpeg 1024w, https:\/\/gradido.net\/wp-content\/uploads\/2023\/12\/AdobeStock_623322374-300x75.jpeg 300w, https:\/\/gradido.net\/wp-content\/uploads\/2023\/12\/AdobeStock_623322374-768x192.jpeg 768w, https:\/\/gradido.net\/wp-content\/uploads\/2023\/12\/AdobeStock_623322374-1536x384.jpeg 1536w, https:\/\/gradido.net\/wp-content\/uploads\/2023\/12\/AdobeStock_623322374-2048x512.jpeg 2048w, https:\/\/gradido.net\/wp-content\/uploads\/2023\/12\/AdobeStock_623322374-18x5.jpeg 18w\" sizes=\"(max-width: 800px) 100vw, 800px\" \/><\/div><\/a>\n\t\t\t\t<div class=\"elementor-post__text\">\n\t\t\t\t<h3 class=\"elementor-post__title\">\n\t\t\t<a href=\"https:\/\/gradido.net\/sv\/werde-mutmacher-teile-deine-gradido-geschichte\/\" >\n\t\t\t\tBli en uppmuntrare: dela med dig av din Gradido-ber\u00e4ttelse!\t\t\t<\/a>\n\t\t<\/h3>\n\t\t\t\t<div class=\"elementor-post__excerpt\">\n\t\t\t<p>Vi kommer att publicera dina b\u00e4sta och mest uppmuntrande bidrag i kommande nyhetsbrev och p\u00e5 v\u00e5r blogg. P\u00e5 s\u00e5 s\u00e4tt kan vi tillsammans skapa en bukett av hopp och verkliga ber\u00e4ttelser som kommer att inspirera m\u00e5nga fler att bli en del av den h\u00e4r r\u00f6relsen.<\/p>\n\t\t<\/div>\n\t\t\n\t\t<a class=\"elementor-post__read-more\" href=\"https:\/\/gradido.net\/sv\/werde-mutmacher-teile-deine-gradido-geschichte\/\" aria-label=\"L\u00e4s mer om Bli en uppmuntrare: Dela med dig av din Gradido-ber\u00e4ttelse!\" tabindex=\"-1\" >\n\t\t\tL\u00e4s mer\t\t<\/a>\n\n\t\t\t\t<\/div>\n\t\t\t\t<div class=\"elementor-post__meta-data\">\n\t\t\t\t\t<span class=\"elementor-post-date\">\n\t\t\t5 september 2025\t\t<\/span>\n\t\t\t\t<\/div>\n\t\t\t\t\t<\/div>\n\t\t<\/article>\n\t\t\t\t<article class=\"elementor-post elementor-grid-item post-10429 post type-post status-publish format-standard has-post-thumbnail hentry category-blog category-community\" role=\"listitem\">\n\t\t\t<div class=\"elementor-post__card\">\n\t\t\t\t<a class=\"elementor-post__thumbnail__link\" href=\"https:\/\/gradido.net\/sv\/inspirationsflug-regenerative-wirtschaft\/\" tabindex=\"-1\" ><div class=\"elementor-post__thumbnail\"><img loading=\"lazy\" decoding=\"async\" width=\"800\" height=\"339\" src=\"https:\/\/gradido.net\/wp-content\/uploads\/2025\/06\/Titel-INSPIRATIONSLFUG-short-1024x434.webp\" class=\"attachment-large size-large wp-image-10431\" alt=\"\" srcset=\"https:\/\/gradido.net\/wp-content\/uploads\/2025\/06\/Titel-INSPIRATIONSLFUG-short-1024x434.webp 1024w, https:\/\/gradido.net\/wp-content\/uploads\/2025\/06\/Titel-INSPIRATIONSLFUG-short-300x127.webp 300w, https:\/\/gradido.net\/wp-content\/uploads\/2025\/06\/Titel-INSPIRATIONSLFUG-short-768x326.webp 768w, https:\/\/gradido.net\/wp-content\/uploads\/2025\/06\/Titel-INSPIRATIONSLFUG-short-1536x651.webp 1536w, https:\/\/gradido.net\/wp-content\/uploads\/2025\/06\/Titel-INSPIRATIONSLFUG-short-2048x868.webp 2048w, https:\/\/gradido.net\/wp-content\/uploads\/2025\/06\/Titel-INSPIRATIONSLFUG-short-18x8.webp 18w\" sizes=\"(max-width: 800px) 100vw, 800px\" \/><\/div><\/a>\n\t\t\t\t<div class=\"elementor-post__text\">\n\t\t\t\t<h3 class=\"elementor-post__title\">\n\t\t\t<a href=\"https:\/\/gradido.net\/sv\/inspirationsflug-regenerative-wirtschaft\/\" >\n\t\t\t\tINSPIRATIONSFLYGNING P\u00c5 TEMAT REGENERATIV EKONOMI\t\t\t<\/a>\n\t\t<\/h3>\n\t\t\t\t<div class=\"elementor-post__excerpt\">\n\t\t\t<p>REGENERATIV EKONOMI inneb\u00e4r \"ett ekonomiskt system som g\u00e5r bortom tanken p\u00e5 rent v\u00e4rdeskapande och fokuserar p\u00e5 att \u00e5terst\u00e4lla och f\u00f6rb\u00e4ttra ekosystem och samh\u00e4llen. Det str\u00e4var efter att ge tillbaka mer \u00e4n det tar, b\u00e5de milj\u00f6m\u00e4ssigt och socialt, och fokuserar p\u00e5 att skapa positivt v\u00e4rde f\u00f6r natur och samh\u00e4lle.\"<\/p>\n\t\t<\/div>\n\t\t\n\t\t<a class=\"elementor-post__read-more\" href=\"https:\/\/gradido.net\/sv\/inspirationsflug-regenerative-wirtschaft\/\" aria-label=\"L\u00e4s mer om INSPIRATIONELL FLYGNING P\u00c5 TEMA REGENERATIV EKONOMI\" tabindex=\"-1\" >\n\t\t\tL\u00e4s mer\t\t<\/a>\n\n\t\t\t\t<\/div>\n\t\t\t\t<div class=\"elementor-post__meta-data\">\n\t\t\t\t\t<span class=\"elementor-post-date\">\n\t\t\t4 juni 2025\t\t<\/span>\n\t\t\t\t<\/div>\n\t\t\t\t\t<\/div>\n\t\t<\/article>\n\t\t\t\t<article class=\"elementor-post elementor-grid-item post-10383 post type-post status-publish format-standard has-post-thumbnail hentry category-blog category-community\" role=\"listitem\">\n\t\t\t<div class=\"elementor-post__card\">\n\t\t\t\t<a class=\"elementor-post__thumbnail__link\" href=\"https:\/\/gradido.net\/sv\/78-tage-die-alles-veraendern-koennten\/\" tabindex=\"-1\" ><div class=\"elementor-post__thumbnail\"><img loading=\"lazy\" decoding=\"async\" width=\"800\" height=\"450\" src=\"https:\/\/gradido.net\/wp-content\/uploads\/2025\/05\/Ketten_sprengen-1024x576.jpg\" class=\"attachment-large size-large wp-image-10385\" alt=\"\" srcset=\"https:\/\/gradido.net\/wp-content\/uploads\/2025\/05\/Ketten_sprengen-1024x576.jpg 1024w, https:\/\/gradido.net\/wp-content\/uploads\/2025\/05\/Ketten_sprengen-300x169.jpg 300w, https:\/\/gradido.net\/wp-content\/uploads\/2025\/05\/Ketten_sprengen-768x432.jpg 768w, https:\/\/gradido.net\/wp-content\/uploads\/2025\/05\/Ketten_sprengen-1536x864.jpg 1536w, https:\/\/gradido.net\/wp-content\/uploads\/2025\/05\/Ketten_sprengen-18x10.jpg 18w, https:\/\/gradido.net\/wp-content\/uploads\/2025\/05\/Ketten_sprengen.jpg 1600w\" sizes=\"(max-width: 800px) 100vw, 800px\" \/><\/div><\/a>\n\t\t\t\t<div class=\"elementor-post__text\">\n\t\t\t\t<h3 class=\"elementor-post__title\">\n\t\t\t<a href=\"https:\/\/gradido.net\/sv\/78-tage-die-alles-veraendern-koennten\/\" >\n\t\t\t\t78 dagar som kan f\u00f6r\u00e4ndra allt\t\t\t<\/a>\n\t\t<\/h3>\n\t\t\t\t<div class=\"elementor-post__excerpt\">\n\t\t\t<p>F\u00f6rest\u00e4ll dig det: Med de f\u00f6rsta solstr\u00e5larna bryter du - precis som kvinnan p\u00e5 v\u00e5r omslagsbild - de osynliga kedjorna i den gamla matrisen och ser fram emot \u00e4ventyret i ett nytt liv fullt av uppt\u00e4ckargl\u00e4dje! Det \u00e4r startpunkten f\u00f6r ett experiment som kan f\u00f6r\u00e4ndra allt ...<\/p>\n\t\t<\/div>\n\t\t\n\t\t<a class=\"elementor-post__read-more\" href=\"https:\/\/gradido.net\/sv\/78-tage-die-alles-veraendern-koennten\/\" aria-label=\"L\u00e4s mer om 78 dagar som kan f\u00f6r\u00e4ndra allt\" tabindex=\"-1\" >\n\t\t\tL\u00e4s mer\t\t<\/a>\n\n\t\t\t\t<\/div>\n\t\t\t\t<div class=\"elementor-post__meta-data\">\n\t\t\t\t\t<span class=\"elementor-post-date\">\n\t\t\t18. maj 2025\t\t<\/span>\n\t\t\t\t<\/div>\n\t\t\t\t\t<\/div>\n\t\t<\/article>\n\t\t\t\t<article class=\"elementor-post elementor-grid-item post-10371 post type-post status-publish format-standard has-post-thumbnail hentry category-blog category-community category-gradido-konto\" role=\"listitem\">\n\t\t\t<div class=\"elementor-post__card\">\n\t\t\t\t<a class=\"elementor-post__thumbnail__link\" href=\"https:\/\/gradido.net\/sv\/gemeinsam-wachsen-meilensteine-feiern-und-die-zukunft-gestalten\/\" tabindex=\"-1\" ><div class=\"elementor-post__thumbnail\"><img loading=\"lazy\" decoding=\"async\" width=\"800\" height=\"445\" src=\"https:\/\/gradido.net\/wp-content\/uploads\/2022\/12\/Test_fertig_1920-1024x569.jpg\" class=\"attachment-large size-large wp-image-6018\" alt=\"\" srcset=\"https:\/\/gradido.net\/wp-content\/uploads\/2022\/12\/Test_fertig_1920-1024x569.jpg 1024w, https:\/\/gradido.net\/wp-content\/uploads\/2022\/12\/Test_fertig_1920-300x167.jpg 300w, https:\/\/gradido.net\/wp-content\/uploads\/2022\/12\/Test_fertig_1920-768x427.jpg 768w, https:\/\/gradido.net\/wp-content\/uploads\/2022\/12\/Test_fertig_1920-1536x854.jpg 1536w, https:\/\/gradido.net\/wp-content\/uploads\/2022\/12\/Test_fertig_1920-18x10.jpg 18w, https:\/\/gradido.net\/wp-content\/uploads\/2022\/12\/Test_fertig_1920.jpg 1920w\" sizes=\"(max-width: 800px) 100vw, 800px\" \/><\/div><\/a>\n\t\t\t\t<div class=\"elementor-post__text\">\n\t\t\t\t<h3 class=\"elementor-post__title\">\n\t\t\t<a href=\"https:\/\/gradido.net\/sv\/gemeinsam-wachsen-meilensteine-feiern-und-die-zukunft-gestalten\/\" >\n\t\t\t\tV\u00e4xa tillsammans: fira milstolpar och forma framtiden\t\t\t<\/a>\n\t\t<\/h3>\n\t\t\t\t<div class=\"elementor-post__excerpt\">\n\t\t\t<p>Idag vill vi g\u00f6ra dig - och oss alla - medvetna om de milstolpar vi tillsammans har uppn\u00e5tt under de senaste \u00e5ren och vad som v\u00e4ntar oss under de kommande tolv m\u00e5naderna<\/p>\n\t\t<\/div>\n\t\t\n\t\t<a class=\"elementor-post__read-more\" href=\"https:\/\/gradido.net\/sv\/gemeinsam-wachsen-meilensteine-feiern-und-die-zukunft-gestalten\/\" aria-label=\"L\u00e4s mer om Growing together: celebrating milestones and shaping the future\" tabindex=\"-1\" >\n\t\t\tL\u00e4s mer\t\t<\/a>\n\n\t\t\t\t<\/div>\n\t\t\t\t<div class=\"elementor-post__meta-data\">\n\t\t\t\t\t<span class=\"elementor-post-date\">\n\t\t\t11. maj 2025\t\t<\/span>\n\t\t\t\t<\/div>\n\t\t\t\t\t<\/div>\n\t\t<\/article>\n\t\t\t\t<article class=\"elementor-post elementor-grid-item post-10343 post type-post status-publish format-standard has-post-thumbnail hentry category-blog category-community\" role=\"listitem\">\n\t\t\t<div class=\"elementor-post__card\">\n\t\t\t\t<a class=\"elementor-post__thumbnail__link\" href=\"https:\/\/gradido.net\/sv\/spielend-probleme-loesen-entdecke-das-ki-rollenspiel-bei-gradido-delta\/\" tabindex=\"-1\" ><div class=\"elementor-post__thumbnail\"><img loading=\"lazy\" decoding=\"async\" width=\"800\" height=\"375\" src=\"https:\/\/gradido.net\/wp-content\/uploads\/2025\/05\/DELTA-Rollenspiel-1024x480.jpg\" class=\"attachment-large size-large wp-image-10344\" alt=\"\" srcset=\"https:\/\/gradido.net\/wp-content\/uploads\/2025\/05\/DELTA-Rollenspiel-1024x480.jpg 1024w, https:\/\/gradido.net\/wp-content\/uploads\/2025\/05\/DELTA-Rollenspiel-300x141.jpg 300w, https:\/\/gradido.net\/wp-content\/uploads\/2025\/05\/DELTA-Rollenspiel-768x360.jpg 768w, https:\/\/gradido.net\/wp-content\/uploads\/2025\/05\/DELTA-Rollenspiel-1536x720.jpg 1536w, https:\/\/gradido.net\/wp-content\/uploads\/2025\/05\/DELTA-Rollenspiel-18x8.jpg 18w, https:\/\/gradido.net\/wp-content\/uploads\/2025\/05\/DELTA-Rollenspiel.jpg 1600w\" sizes=\"(max-width: 800px) 100vw, 800px\" \/><\/div><\/a>\n\t\t\t\t<div class=\"elementor-post__text\">\n\t\t\t\t<h3 class=\"elementor-post__title\">\n\t\t\t<a href=\"https:\/\/gradido.net\/sv\/spielend-probleme-loesen-entdecke-das-ki-rollenspiel-bei-gradido-delta\/\" >\n\t\t\t\tL\u00f6s problem genom att spela: Uppt\u00e4ck AI-rollspelet p\u00e5 Gradido DELTA\t\t\t<\/a>\n\t\t<\/h3>\n\t\t\t\t<div class=\"elementor-post__excerpt\">\n\t\t\t<p>\u00c4r du en av de nyfikna, \u00e4ventyrliga medlemmarna i Gradido-communityn som vill prova n\u00e5got nytt och utforska ok\u00e4nda s\u00e4tt att samarbeta och innovera tillsammans? D\u00e5 har du kommit till r\u00e4tt st\u00e4lle - och det kommer att bli s\u00e5\u00e5\u00e5\u00e5 mycket enklare och roligare!<\/p>\n\t\t<\/div>\n\t\t\n\t\t<a class=\"elementor-post__read-more\" href=\"https:\/\/gradido.net\/sv\/spielend-probleme-loesen-entdecke-das-ki-rollenspiel-bei-gradido-delta\/\" aria-label=\"L\u00e5t oss l\u00f6sa problem genom att spela: Uppt\u00e4ck AI-rollspelet p\u00e5 Gradido DELTA\" tabindex=\"-1\" >\n\t\t\tL\u00e4s mer\t\t<\/a>\n\n\t\t\t\t<\/div>\n\t\t\t\t<div class=\"elementor-post__meta-data\">\n\t\t\t\t\t<span class=\"elementor-post-date\">\n\t\t\t5. maj 2025\t\t<\/span>\n\t\t\t\t<\/div>\n\t\t\t\t\t<\/div>\n\t\t<\/article>\n\t\t\t\t<article class=\"elementor-post elementor-grid-item post-10304 post type-post status-publish format-standard has-post-thumbnail hentry category-blog category-community\" role=\"listitem\">\n\t\t\t<div class=\"elementor-post__card\">\n\t\t\t\t<a class=\"elementor-post__thumbnail__link\" href=\"https:\/\/gradido.net\/sv\/gemeinsam-staerker-mach-mit-bei-gradido-delta\/\" tabindex=\"-1\" ><div class=\"elementor-post__thumbnail\"><img loading=\"lazy\" decoding=\"async\" width=\"800\" height=\"375\" src=\"https:\/\/gradido.net\/wp-content\/uploads\/2025\/04\/DELTA_Banner_Blog-1024x480.jpg\" class=\"attachment-large size-large wp-image-10305\" alt=\"\" srcset=\"https:\/\/gradido.net\/wp-content\/uploads\/2025\/04\/DELTA_Banner_Blog-1024x480.jpg 1024w, https:\/\/gradido.net\/wp-content\/uploads\/2025\/04\/DELTA_Banner_Blog-300x141.jpg 300w, https:\/\/gradido.net\/wp-content\/uploads\/2025\/04\/DELTA_Banner_Blog-768x360.jpg 768w, https:\/\/gradido.net\/wp-content\/uploads\/2025\/04\/DELTA_Banner_Blog-1536x720.jpg 1536w, https:\/\/gradido.net\/wp-content\/uploads\/2025\/04\/DELTA_Banner_Blog-18x8.jpg 18w, https:\/\/gradido.net\/wp-content\/uploads\/2025\/04\/DELTA_Banner_Blog.jpg 1920w\" sizes=\"(max-width: 800px) 100vw, 800px\" \/><\/div><\/a>\n\t\t\t\t<div class=\"elementor-post__text\">\n\t\t\t\t<h3 class=\"elementor-post__title\">\n\t\t\t<a href=\"https:\/\/gradido.net\/sv\/gemeinsam-staerker-mach-mit-bei-gradido-delta\/\" >\n\t\t\t\tStarkare tillsammans: g\u00e5 med i Gradido DELTA\t\t\t<\/a>\n\t\t<\/h3>\n\t\t\t\t<div class=\"elementor-post__excerpt\">\n\t\t\t<p>Med hj\u00e4lp av Delta Chat, en open source messenger, och st\u00f6djande AI-agenter kan du nu komma i kontakt med likasinnade, utbyta kunskap, coacha varandra och skapa framtiden tillsammans.<\/p>\n\t\t<\/div>\n\t\t\n\t\t<a class=\"elementor-post__read-more\" href=\"https:\/\/gradido.net\/sv\/gemeinsam-staerker-mach-mit-bei-gradido-delta\/\" aria-label=\"L\u00e4s mer om Starkare tillsammans: G\u00e5 med i Gradido DELTA\" tabindex=\"-1\" >\n\t\t\tL\u00e4s mer\t\t<\/a>\n\n\t\t\t\t<\/div>\n\t\t\t\t<div class=\"elementor-post__meta-data\">\n\t\t\t\t\t<span class=\"elementor-post-date\">\n\t\t\t28 april 2025\t\t<\/span>\n\t\t\t\t<\/div>\n\t\t\t\t\t<\/div>\n\t\t<\/article>\n\t\t\t\t<article class=\"elementor-post elementor-grid-item post-10264 post type-post status-publish format-standard has-post-thumbnail hentry category-blog category-community category-gradido-konto tag-bild-oben\" role=\"listitem\">\n\t\t\t<div class=\"elementor-post__card\">\n\t\t\t\t<a class=\"elementor-post__thumbnail__link\" href=\"https:\/\/gradido.net\/sv\/gms1\/\" tabindex=\"-1\" ><div class=\"elementor-post__thumbnail\"><img loading=\"lazy\" decoding=\"async\" width=\"800\" height=\"366\" src=\"https:\/\/gradido.net\/wp-content\/uploads\/2025\/04\/GMS_Banner-1024x469.jpg\" class=\"attachment-large size-large wp-image-10265\" alt=\"\" srcset=\"https:\/\/gradido.net\/wp-content\/uploads\/2025\/04\/GMS_Banner-1024x469.jpg 1024w, https:\/\/gradido.net\/wp-content\/uploads\/2025\/04\/GMS_Banner-300x138.jpg 300w, https:\/\/gradido.net\/wp-content\/uploads\/2025\/04\/GMS_Banner-768x352.jpg 768w, https:\/\/gradido.net\/wp-content\/uploads\/2025\/04\/GMS_Banner-1536x704.jpg 1536w, https:\/\/gradido.net\/wp-content\/uploads\/2025\/04\/GMS_Banner-18x8.jpg 18w, https:\/\/gradido.net\/wp-content\/uploads\/2025\/04\/GMS_Banner.jpg 1920w\" sizes=\"(max-width: 800px) 100vw, 800px\" \/><\/div><\/a>\n\t\t\t\t<div class=\"elementor-post__text\">\n\t\t\t\t<h3 class=\"elementor-post__title\">\n\t\t\t<a href=\"https:\/\/gradido.net\/sv\/gms1\/\" >\n\t\t\t\tTillsammans ist\u00e4llet f\u00f6r ensam - hitta likasinnade i ditt bostadsomr\u00e5de\t\t\t<\/a>\n\t\t<\/h3>\n\t\t\t\t<div class=\"elementor-post__excerpt\">\n\t\t\t<p>K\u00e4nner du ocks\u00e5 igen dig i den h\u00e4r k\u00e4nslan? Du \u00e4r helhj\u00e4rtat engagerad i fred, frihet och en framtid som \u00e4r v\u00e4rd att leva i harmoni med naturen. Men ibland k\u00e4nner du dig ensam p\u00e5 din v\u00e4g eftersom du inte vet var m\u00e4nniskor som delar dina v\u00e4rderingar och visioner bor i ditt grannskap. Nu finns det en enkel l\u00f6sning...<\/p>\n\t\t<\/div>\n\t\t\n\t\t<a class=\"elementor-post__read-more\" href=\"https:\/\/gradido.net\/sv\/gms1\/\" aria-label=\"L\u00e4s mer om Together instead of lonely - Hitta likasinnade i ditt n\u00e4romr\u00e5de\" tabindex=\"-1\" >\n\t\t\tL\u00e4s mer\t\t<\/a>\n\n\t\t\t\t<\/div>\n\t\t\t\t<div class=\"elementor-post__meta-data\">\n\t\t\t\t\t<span class=\"elementor-post-date\">\n\t\t\t16 april 2025\t\t<\/span>\n\t\t\t\t<\/div>\n\t\t\t\t\t<\/div>\n\t\t<\/article>\n\t\t\t\t<article class=\"elementor-post elementor-grid-item post-10280 post type-post status-publish format-standard has-post-thumbnail hentry category-blog category-community tag-bild-oben\" role=\"listitem\">\n\t\t\t<div class=\"elementor-post__card\">\n\t\t\t\t<a class=\"elementor-post__thumbnail__link\" href=\"https:\/\/gradido.net\/sv\/visionen-und-projekte\/\" tabindex=\"-1\" ><div class=\"elementor-post__thumbnail\"><img loading=\"lazy\" decoding=\"async\" width=\"800\" height=\"456\" src=\"https:\/\/gradido.net\/wp-content\/uploads\/2025\/04\/Banner-Visionen-Projekte-1024x584.png\" class=\"attachment-large size-large wp-image-10281\" alt=\"\" srcset=\"https:\/\/gradido.net\/wp-content\/uploads\/2025\/04\/Banner-Visionen-Projekte-1024x584.png 1024w, https:\/\/gradido.net\/wp-content\/uploads\/2025\/04\/Banner-Visionen-Projekte-300x171.png 300w, https:\/\/gradido.net\/wp-content\/uploads\/2025\/04\/Banner-Visionen-Projekte-768x438.png 768w, https:\/\/gradido.net\/wp-content\/uploads\/2025\/04\/Banner-Visionen-Projekte-1536x876.png 1536w, https:\/\/gradido.net\/wp-content\/uploads\/2025\/04\/Banner-Visionen-Projekte-2048x1168.png 2048w, https:\/\/gradido.net\/wp-content\/uploads\/2025\/04\/Banner-Visionen-Projekte-18x10.png 18w\" sizes=\"(max-width: 800px) 100vw, 800px\" \/><\/div><\/a>\n\t\t\t\t<div class=\"elementor-post__text\">\n\t\t\t\t<h3 class=\"elementor-post__title\">\n\t\t\t<a href=\"https:\/\/gradido.net\/sv\/visionen-und-projekte\/\" >\n\t\t\t\tVisioner och projekt\t\t\t<\/a>\n\t\t<\/h3>\n\t\t\t\t<div class=\"elementor-post__excerpt\">\n\t\t\t<p>Har du visioner och dr\u00f6mmar om en b\u00e4ttre v\u00e4rld i ditt hj\u00e4rta? K\u00e4nner du dig ibland ensam och vill g\u00f6ra kraftfulla insatser i en verklig gemenskap? F\u00f6rest\u00e4ll dig en v\u00e4rld d\u00e4r du kan f\u00e5 kontakt med likasinnade m\u00e4nniskor, f\u00f6rverkliga id\u00e9er tillsammans och vidta kraftfulla ...<\/p>\n\t\t<\/div>\n\t\t\n\t\t<a class=\"elementor-post__read-more\" href=\"https:\/\/gradido.net\/sv\/visionen-und-projekte\/\" aria-label=\"L\u00e4s mer om visioner och projekt\" tabindex=\"-1\" >\n\t\t\tL\u00e4s mer\t\t<\/a>\n\n\t\t\t\t<\/div>\n\t\t\t\t<div class=\"elementor-post__meta-data\">\n\t\t\t\t\t<span class=\"elementor-post-date\">\n\t\t\t25 mars 2025\t\t<\/span>\n\t\t\t\t<\/div>\n\t\t\t\t\t<\/div>\n\t\t<\/article>\n\t\t\t\t<article class=\"elementor-post elementor-grid-item post-9980 post type-post status-publish format-standard has-post-thumbnail hentry category-blog category-community tag-bild-oben\" role=\"listitem\">\n\t\t\t<div class=\"elementor-post__card\">\n\t\t\t\t<a class=\"elementor-post__thumbnail__link\" href=\"https:\/\/gradido.net\/sv\/lasst-uns-2025-zum-jahr-des-gradido-machen\/\" tabindex=\"-1\" ><div class=\"elementor-post__thumbnail\"><img loading=\"lazy\" decoding=\"async\" width=\"727\" height=\"412\" src=\"https:\/\/gradido.net\/wp-content\/uploads\/2025\/01\/Standbild.png\" class=\"attachment-large size-large wp-image-9981\" alt=\"\" srcset=\"https:\/\/gradido.net\/wp-content\/uploads\/2025\/01\/Standbild.png 727w, https:\/\/gradido.net\/wp-content\/uploads\/2025\/01\/Standbild-300x170.png 300w, https:\/\/gradido.net\/wp-content\/uploads\/2025\/01\/Standbild-18x10.png 18w\" sizes=\"(max-width: 727px) 100vw, 727px\" \/><\/div><\/a>\n\t\t\t\t<div class=\"elementor-post__text\">\n\t\t\t\t<h3 class=\"elementor-post__title\">\n\t\t\t<a href=\"https:\/\/gradido.net\/sv\/lasst-uns-2025-zum-jahr-des-gradido-machen\/\" >\n\t\t\t\tL\u00e5t oss g\u00f6ra 2025 till \u00e5ret f\u00f6r Gradido\t\t\t<\/a>\n\t\t<\/h3>\n\t\t\t\t<div class=\"elementor-post__excerpt\">\n\t\t\t<p>Helt enkelt: genom att skapa en cirkel med 2-3 intresserade parter. Vi b\u00f6rjade i Potsdam med en s\u00e5 liten grupp. Om m\u00e4nniskor p\u00e5 andra platser kopierar oss, kommer ett n\u00e4tverk av Gradido-cirklar att skapas och vi kommer att l\u00e4ra k\u00e4nna varandra och f\u00e5 kontakt snabbare.<\/p>\n\t\t<\/div>\n\t\t\n\t\t<a class=\"elementor-post__read-more\" href=\"https:\/\/gradido.net\/sv\/lasst-uns-2025-zum-jahr-des-gradido-machen\/\" aria-label=\"L\u00e4s mer om L\u00e5t oss g\u00f6ra 2025 till Gradidons \u00e5r\" tabindex=\"-1\" >\n\t\t\tL\u00e4s mer\t\t<\/a>\n\n\t\t\t\t<\/div>\n\t\t\t\t<div class=\"elementor-post__meta-data\">\n\t\t\t\t\t<span class=\"elementor-post-date\">\n\t\t\t1 januari 2025\t\t<\/span>\n\t\t\t\t<\/div>\n\t\t\t\t\t<\/div>\n\t\t<\/article>\n\t\t\t\t<article class=\"elementor-post elementor-grid-item post-9881 post type-post status-publish format-standard has-post-thumbnail hentry category-blog category-community\" role=\"listitem\">\n\t\t\t<div class=\"elementor-post__card\">\n\t\t\t\t<a class=\"elementor-post__thumbnail__link\" href=\"https:\/\/gradido.net\/sv\/sieben-themenbereiche-wie-du-mitwirken-kannst\/\" tabindex=\"-1\" ><div class=\"elementor-post__thumbnail\"><img loading=\"lazy\" decoding=\"async\" width=\"800\" height=\"334\" src=\"https:\/\/gradido.net\/wp-content\/uploads\/2024\/11\/Mitwirken-1024x427.jpg\" class=\"attachment-large size-large wp-image-9857\" alt=\"\" srcset=\"https:\/\/gradido.net\/wp-content\/uploads\/2024\/11\/Mitwirken-1024x427.jpg 1024w, https:\/\/gradido.net\/wp-content\/uploads\/2024\/11\/Mitwirken-300x125.jpg 300w, https:\/\/gradido.net\/wp-content\/uploads\/2024\/11\/Mitwirken-768x320.jpg 768w, https:\/\/gradido.net\/wp-content\/uploads\/2024\/11\/Mitwirken-1536x640.jpg 1536w, https:\/\/gradido.net\/wp-content\/uploads\/2024\/11\/Mitwirken-18x8.jpg 18w, https:\/\/gradido.net\/wp-content\/uploads\/2024\/11\/Mitwirken.jpg 1920w\" sizes=\"(max-width: 800px) 100vw, 800px\" \/><\/div><\/a>\n\t\t\t\t<div class=\"elementor-post__text\">\n\t\t\t\t<h3 class=\"elementor-post__title\">\n\t\t\t<a href=\"https:\/\/gradido.net\/sv\/sieben-themenbereiche-wie-du-mitwirken-kannst\/\" >\n\t\t\t\tSju omr\u00e5den d\u00e4r du kan engagera dig\t\t\t<\/a>\n\t\t<\/h3>\n\t\t\t\t<div class=\"elementor-post__excerpt\">\n\t\t\t<p>Ett stort tack till er alla, ni har delat med er av s\u00e5 m\u00e5nga f\u00e4rdigheter i utrymmet \"Mit+Wirken\" i Gradido-cirklarna, som ni ger till v\u00e4rlden. Jag har organiserat utv\u00e4rderingen i \u00e4mnesomr\u00e5den och ber er att dela med er av id\u00e9er ...<\/p>\n\t\t<\/div>\n\t\t\n\t\t<a class=\"elementor-post__read-more\" href=\"https:\/\/gradido.net\/sv\/sieben-themenbereiche-wie-du-mitwirken-kannst\/\" aria-label=\"L\u00e4s mer om Sju \u00e4mnen f\u00f6r hur du kan engagera dig\" tabindex=\"-1\" >\n\t\t\tL\u00e4s mer\t\t<\/a>\n\n\t\t\t\t<\/div>\n\t\t\t\t<div class=\"elementor-post__meta-data\">\n\t\t\t\t\t<span class=\"elementor-post-date\">\n\t\t\t15 december 2024\t\t<\/span>\n\t\t\t\t<\/div>\n\t\t\t\t\t<\/div>\n\t\t<\/article>\n\t\t\t\t<article class=\"elementor-post elementor-grid-item post-9844 post type-post status-publish format-standard has-post-thumbnail hentry category-blog category-community\" role=\"listitem\">\n\t\t\t<div class=\"elementor-post__card\">\n\t\t\t\t<a class=\"elementor-post__thumbnail__link\" href=\"https:\/\/gradido.net\/sv\/dein-mitwirken-ist-gefragt\/\" tabindex=\"-1\" ><div class=\"elementor-post__thumbnail\"><img loading=\"lazy\" decoding=\"async\" width=\"800\" height=\"334\" src=\"https:\/\/gradido.net\/wp-content\/uploads\/2024\/11\/Mitwirken-1024x427.jpg\" class=\"attachment-large size-large wp-image-9857\" alt=\"\" srcset=\"https:\/\/gradido.net\/wp-content\/uploads\/2024\/11\/Mitwirken-1024x427.jpg 1024w, https:\/\/gradido.net\/wp-content\/uploads\/2024\/11\/Mitwirken-300x125.jpg 300w, https:\/\/gradido.net\/wp-content\/uploads\/2024\/11\/Mitwirken-768x320.jpg 768w, https:\/\/gradido.net\/wp-content\/uploads\/2024\/11\/Mitwirken-1536x640.jpg 1536w, https:\/\/gradido.net\/wp-content\/uploads\/2024\/11\/Mitwirken-18x8.jpg 18w, https:\/\/gradido.net\/wp-content\/uploads\/2024\/11\/Mitwirken.jpg 1920w\" sizes=\"(max-width: 800px) 100vw, 800px\" \/><\/div><\/a>\n\t\t\t\t<div class=\"elementor-post__text\">\n\t\t\t\t<h3 class=\"elementor-post__title\">\n\t\t\t<a href=\"https:\/\/gradido.net\/sv\/dein-mitwirken-ist-gefragt\/\" >\n\t\t\t\tDin \"medverkan+handling\" \u00e4r n\u00f6dv\u00e4ndig\t\t\t<\/a>\n\t\t<\/h3>\n\t\t\t\t<div class=\"elementor-post__excerpt\">\n\t\t\t<p>Vill du ocks\u00e5 komma i \u00e4nnu b\u00e4ttre kontakt med oss och andra Gradido-medlemmar och g\u00f6ra v\u00e5r koppling till varandra p\u00e5taglig? Och skulle du vilja anv\u00e4nda dina mycket speciella g\u00e5vor f\u00f6r att ...<\/p>\n\t\t<\/div>\n\t\t\n\t\t<a class=\"elementor-post__read-more\" href=\"https:\/\/gradido.net\/sv\/dein-mitwirken-ist-gefragt\/\" aria-label=\"L\u00e4s mer om Din &quot;Mit+Wirken&quot; \u00e4r efterfr\u00e5gad\" tabindex=\"-1\" >\n\t\t\tL\u00e4s mer\t\t<\/a>\n\n\t\t\t\t<\/div>\n\t\t\t\t<div class=\"elementor-post__meta-data\">\n\t\t\t\t\t<span class=\"elementor-post-date\">\n\t\t\t27 november 2024\t\t<\/span>\n\t\t\t\t<\/div>\n\t\t\t\t\t<\/div>\n\t\t<\/article>\n\t\t\t\t<article class=\"elementor-post elementor-grid-item post-9805 post type-post status-publish format-standard has-post-thumbnail hentry category-blog category-community\" role=\"listitem\">\n\t\t\t<div class=\"elementor-post__card\">\n\t\t\t\t<a class=\"elementor-post__thumbnail__link\" href=\"https:\/\/gradido.net\/sv\/wir-wirken-zusammen\/\" tabindex=\"-1\" ><div class=\"elementor-post__thumbnail\"><img loading=\"lazy\" decoding=\"async\" width=\"800\" height=\"450\" src=\"https:\/\/gradido.net\/wp-content\/uploads\/2024\/11\/Neustart-1024x576.jpg\" class=\"attachment-large size-large wp-image-9806\" alt=\"\" srcset=\"https:\/\/gradido.net\/wp-content\/uploads\/2024\/11\/Neustart-1024x576.jpg 1024w, https:\/\/gradido.net\/wp-content\/uploads\/2024\/11\/Neustart-300x169.jpg 300w, https:\/\/gradido.net\/wp-content\/uploads\/2024\/11\/Neustart-768x432.jpg 768w, https:\/\/gradido.net\/wp-content\/uploads\/2024\/11\/Neustart-18x10.jpg 18w, https:\/\/gradido.net\/wp-content\/uploads\/2024\/11\/Neustart.jpg 1280w\" sizes=\"(max-width: 800px) 100vw, 800px\" \/><\/div><\/a>\n\t\t\t\t<div class=\"elementor-post__text\">\n\t\t\t\t<h3 class=\"elementor-post__title\">\n\t\t\t<a href=\"https:\/\/gradido.net\/sv\/wir-wirken-zusammen\/\" >\n\t\t\t\tVi arbetar tillsammans!\t\t\t<\/a>\n\t\t<\/h3>\n\t\t\t\t<div class=\"elementor-post__excerpt\">\n\t\t\t<p>INSTITUT NEUSTART (kortform) har ett syfte med sin existens och det \u00e4r: \"Vi bidrar till ett arbetsliv d\u00e4r f\u00f6retag, entrepren\u00f6rer och medarbetare gemensamt f\u00f6rverkligar ett framg\u00e5ngsrikt och lyckligt arbetsliv - till gagn f\u00f6r varje individ och samh\u00e4llet.\"<\/p>\n\t\t<\/div>\n\t\t\n\t\t<a class=\"elementor-post__read-more\" href=\"https:\/\/gradido.net\/sv\/wir-wirken-zusammen\/\" aria-label=\"L\u00e4s mer om Vi jobbar tillsammans!\" tabindex=\"-1\" >\n\t\t\tL\u00e4s mer\t\t<\/a>\n\n\t\t\t\t<\/div>\n\t\t\t\t<div class=\"elementor-post__meta-data\">\n\t\t\t\t\t<span class=\"elementor-post-date\">\n\t\t\t23 november 2024\t\t<\/span>\n\t\t\t\t<\/div>\n\t\t\t\t\t<\/div>\n\t\t<\/article>\n\t\t\t\t<article class=\"elementor-post elementor-grid-item post-9649 post type-post status-publish format-standard has-post-thumbnail hentry category-blog category-community category-gradido-konto\" role=\"listitem\">\n\t\t\t<div class=\"elementor-post__card\">\n\t\t\t\t<a class=\"elementor-post__thumbnail__link\" href=\"https:\/\/gradido.net\/sv\/welches-grundeinkommen-ist-das-richtige\/\" tabindex=\"-1\" ><div class=\"elementor-post__thumbnail\"><img loading=\"lazy\" decoding=\"async\" width=\"800\" height=\"300\" src=\"https:\/\/gradido.net\/wp-content\/uploads\/2020\/09\/grundeinkommen-statt-existenzangst-1024x384.jpg\" class=\"attachment-large size-large wp-image-833\" alt=\"\" srcset=\"https:\/\/gradido.net\/wp-content\/uploads\/2020\/09\/grundeinkommen-statt-existenzangst-1024x384.jpg 1024w, https:\/\/gradido.net\/wp-content\/uploads\/2020\/09\/grundeinkommen-statt-existenzangst-300x113.jpg 300w, https:\/\/gradido.net\/wp-content\/uploads\/2020\/09\/grundeinkommen-statt-existenzangst-768x288.jpg 768w, https:\/\/gradido.net\/wp-content\/uploads\/2020\/09\/grundeinkommen-statt-existenzangst.jpg 1344w\" sizes=\"(max-width: 800px) 100vw, 800px\" \/><\/div><\/a>\n\t\t\t\t<div class=\"elementor-post__text\">\n\t\t\t\t<h3 class=\"elementor-post__title\">\n\t\t\t<a href=\"https:\/\/gradido.net\/sv\/welches-grundeinkommen-ist-das-richtige\/\" >\n\t\t\t\tVilken basinkomst \u00e4r den r\u00e4tta?\t\t\t<\/a>\n\t\t<\/h3>\n\t\t\t\t<div class=\"elementor-post__excerpt\">\n\t\t\t<p>Den djupa tillfredsst\u00e4llelse som kommer av att kunna bidra till det gemensamma b\u00e4sta och de d\u00e4rmed sammanh\u00e4ngande positiva effekterna p\u00e5 utvecklingen av potential, livskvalitet, lycka och h\u00e4lsa g\u00f6r att vi tydligt f\u00f6respr\u00e5kar en aktiv basinkomst.<\/p>\n\t\t<\/div>\n\t\t\n\t\t<a class=\"elementor-post__read-more\" href=\"https:\/\/gradido.net\/sv\/welches-grundeinkommen-ist-das-richtige\/\" aria-label=\"L\u00e4s mer om Vilken basinkomst \u00e4r den r\u00e4tta?\" tabindex=\"-1\" >\n\t\t\tL\u00e4s mer\t\t<\/a>\n\n\t\t\t\t<\/div>\n\t\t\t\t<div class=\"elementor-post__meta-data\">\n\t\t\t\t\t<span class=\"elementor-post-date\">\n\t\t\t18 oktober 2024\t\t<\/span>\n\t\t\t\t<\/div>\n\t\t\t\t\t<\/div>\n\t\t<\/article>\n\t\t\t\t<article class=\"elementor-post elementor-grid-item post-9621 post type-post status-publish format-standard has-post-thumbnail hentry category-blog category-community category-gradido-konto tag-bild-oben\" role=\"listitem\">\n\t\t\t<div class=\"elementor-post__card\">\n\t\t\t\t<a class=\"elementor-post__thumbnail__link\" href=\"https:\/\/gradido.net\/sv\/sichere-video-meetings-in-den-gradido-kreisen\/\" tabindex=\"-1\" ><div class=\"elementor-post__thumbnail\"><img loading=\"lazy\" decoding=\"async\" width=\"800\" height=\"416\" src=\"https:\/\/gradido.net\/wp-content\/uploads\/2024\/10\/Video-Meeting-1024x533.jpg\" class=\"attachment-large size-large wp-image-9622\" alt=\"\" srcset=\"https:\/\/gradido.net\/wp-content\/uploads\/2024\/10\/Video-Meeting-1024x533.jpg 1024w, https:\/\/gradido.net\/wp-content\/uploads\/2024\/10\/Video-Meeting-300x156.jpg 300w, https:\/\/gradido.net\/wp-content\/uploads\/2024\/10\/Video-Meeting-768x400.jpg 768w, https:\/\/gradido.net\/wp-content\/uploads\/2024\/10\/Video-Meeting-1536x800.jpg 1536w, https:\/\/gradido.net\/wp-content\/uploads\/2024\/10\/Video-Meeting-18x9.jpg 18w, https:\/\/gradido.net\/wp-content\/uploads\/2024\/10\/Video-Meeting.jpg 1920w\" sizes=\"(max-width: 800px) 100vw, 800px\" \/><\/div><\/a>\n\t\t\t\t<div class=\"elementor-post__text\">\n\t\t\t\t<h3 class=\"elementor-post__title\">\n\t\t\t<a href=\"https:\/\/gradido.net\/sv\/sichere-video-meetings-in-den-gradido-kreisen\/\" >\n\t\t\t\tS\u00e4kra videom\u00f6ten i Gradido-cirklarna\t\t\t<\/a>\n\t\t<\/h3>\n\t\t\t\t<div class=\"elementor-post__excerpt\">\n\t\t\t<p>P\u00e5 Gradido l\u00e4gger vi stor vikt vid att skydda dina uppgifter. Fr\u00e5n och med nu kan du h\u00e5lla s\u00e4kra GDPR-kompatibla videokonferenser inom Gradido-cirklarna p\u00e5 Fairkoms tyska eller \u00f6sterrikiska servrar utan att n\u00e5gon annan lyssnar. <\/p>\n\t\t<\/div>\n\t\t\n\t\t<a class=\"elementor-post__read-more\" href=\"https:\/\/gradido.net\/sv\/sichere-video-meetings-in-den-gradido-kreisen\/\" aria-label=\"L\u00e4s mer om S\u00e4kra videom\u00f6ten i Gradido-cirklarna\" tabindex=\"-1\" >\n\t\t\tL\u00e4s mer\t\t<\/a>\n\n\t\t\t\t<\/div>\n\t\t\t\t<div class=\"elementor-post__meta-data\">\n\t\t\t\t\t<span class=\"elementor-post-date\">\n\t\t\t10 oktober 2024\t\t<\/span>\n\t\t\t\t<\/div>\n\t\t\t\t\t<\/div>\n\t\t<\/article>\n\t\t\t\t<article class=\"elementor-post elementor-grid-item post-9595 post type-post status-publish format-standard has-post-thumbnail hentry category-blog category-community\" role=\"listitem\">\n\t\t\t<div class=\"elementor-post__card\">\n\t\t\t\t<a class=\"elementor-post__thumbnail__link\" href=\"https:\/\/gradido.net\/sv\/studienkreis-gradido-botschafter-n-e-u\/\" tabindex=\"-1\" ><div class=\"elementor-post__thumbnail\"><img loading=\"lazy\" decoding=\"async\" width=\"800\" height=\"375\" src=\"https:\/\/gradido.net\/wp-content\/uploads\/2024\/10\/Friedenstaube_Gradido-1024x480.jpg\" class=\"attachment-large size-large wp-image-9597\" alt=\"\" srcset=\"https:\/\/gradido.net\/wp-content\/uploads\/2024\/10\/Friedenstaube_Gradido-1024x480.jpg 1024w, https:\/\/gradido.net\/wp-content\/uploads\/2024\/10\/Friedenstaube_Gradido-300x141.jpg 300w, https:\/\/gradido.net\/wp-content\/uploads\/2024\/10\/Friedenstaube_Gradido-768x360.jpg 768w, https:\/\/gradido.net\/wp-content\/uploads\/2024\/10\/Friedenstaube_Gradido-1536x720.jpg 1536w, https:\/\/gradido.net\/wp-content\/uploads\/2024\/10\/Friedenstaube_Gradido-18x8.jpg 18w, https:\/\/gradido.net\/wp-content\/uploads\/2024\/10\/Friedenstaube_Gradido.jpg 1920w\" sizes=\"(max-width: 800px) 100vw, 800px\" \/><\/div><\/a>\n\t\t\t\t<div class=\"elementor-post__text\">\n\t\t\t\t<h3 class=\"elementor-post__title\">\n\t\t\t<a href=\"https:\/\/gradido.net\/sv\/studienkreis-gradido-botschafter-n-e-u\/\" >\n\t\t\t\tStudiecirkel: Gradido ambassad\u00f6r N.E.U.\t\t\t<\/a>\n\t\t<\/h3>\n\t\t\t\t<div class=\"elementor-post__excerpt\">\n\t\t\t<p>Hur kan du leva ut dina \u00f6nskningar och dr\u00f6mmar nu samtidigt som du arbetar med oss mot det stora m\u00e5let? Vi har forskat kring detta i flera \u00e5r. L\u00f6sningen \u00e4r i grund och botten enkel:<\/p>\n\t\t<\/div>\n\t\t\n\t\t<a class=\"elementor-post__read-more\" href=\"https:\/\/gradido.net\/sv\/studienkreis-gradido-botschafter-n-e-u\/\" aria-label=\"L\u00e4s mer om Studien-Kreis: Gradido ambassador N.E.U.\" tabindex=\"-1\" >\n\t\t\tL\u00e4s mer\t\t<\/a>\n\n\t\t\t\t<\/div>\n\t\t\t\t<div class=\"elementor-post__meta-data\">\n\t\t\t\t\t<span class=\"elementor-post-date\">\n\t\t\t7 oktober 2024\t\t<\/span>\n\t\t\t\t<\/div>\n\t\t\t\t\t<\/div>\n\t\t<\/article>\n\t\t\t\t<article class=\"elementor-post elementor-grid-item post-9486 post type-post status-publish format-standard has-post-thumbnail hentry category-blog category-community\" role=\"listitem\">\n\t\t\t<div class=\"elementor-post__card\">\n\t\t\t\t<a class=\"elementor-post__thumbnail__link\" href=\"https:\/\/gradido.net\/sv\/selbstorganisation-in-organisationen-der-neuen-zeit\/\" tabindex=\"-1\" ><div class=\"elementor-post__thumbnail\"><img loading=\"lazy\" decoding=\"async\" width=\"800\" height=\"400\" src=\"https:\/\/gradido.net\/wp-content\/uploads\/2024\/09\/SWARM-1024x512.jpg\" class=\"attachment-large size-large wp-image-9487\" alt=\"\" srcset=\"https:\/\/gradido.net\/wp-content\/uploads\/2024\/09\/SWARM-1024x512.jpg 1024w, https:\/\/gradido.net\/wp-content\/uploads\/2024\/09\/SWARM-300x150.jpg 300w, https:\/\/gradido.net\/wp-content\/uploads\/2024\/09\/SWARM-768x384.jpg 768w, https:\/\/gradido.net\/wp-content\/uploads\/2024\/09\/SWARM-18x9.jpg 18w, https:\/\/gradido.net\/wp-content\/uploads\/2024\/09\/SWARM.jpg 1200w\" sizes=\"(max-width: 800px) 100vw, 800px\" \/><\/div><\/a>\n\t\t\t\t<div class=\"elementor-post__text\">\n\t\t\t\t<h3 class=\"elementor-post__title\">\n\t\t\t<a href=\"https:\/\/gradido.net\/sv\/selbstorganisation-in-organisationen-der-neuen-zeit\/\" >\n\t\t\t\tSj\u00e4lvorganisering i den nya tidens organisationer\t\t\t<\/a>\n\t\t<\/h3>\n\t\t\t\t<div class=\"elementor-post__excerpt\">\n\t\t\t<p>De hierarkiska organisationernas tid \u00e4r f\u00f6rbi. M\u00e4nniskor i den \"nya tiden\" har en stark \u00f6nskan att m\u00f6tas i \u00f6gonh\u00f6jd, att organisera sig och att g\u00f6ra det utan hierarkier d\u00e4r det \u00e4r m\u00f6jligt.<\/p>\n\t\t<\/div>\n\t\t\n\t\t<a class=\"elementor-post__read-more\" href=\"https:\/\/gradido.net\/sv\/selbstorganisation-in-organisationen-der-neuen-zeit\/\" aria-label=\"L\u00e4s mer om Sj\u00e4lvorganisering i den nya tidens organisationer\" tabindex=\"-1\" >\n\t\t\tL\u00e4s mer\t\t<\/a>\n\n\t\t\t\t<\/div>\n\t\t\t\t<div class=\"elementor-post__meta-data\">\n\t\t\t\t\t<span class=\"elementor-post-date\">\n\t\t\t2 september 2024\t\t<\/span>\n\t\t\t\t<\/div>\n\t\t\t\t\t<\/div>\n\t\t<\/article>\n\t\t\t\t<article class=\"elementor-post elementor-grid-item post-9470 post type-post status-publish format-standard has-post-thumbnail hentry category-blog category-community category-gradido-konto\" role=\"listitem\">\n\t\t\t<div class=\"elementor-post__card\">\n\t\t\t\t<a class=\"elementor-post__thumbnail__link\" href=\"https:\/\/gradido.net\/sv\/entdecke-die-neuen-gradido-kreise\/\" tabindex=\"-1\" ><div class=\"elementor-post__thumbnail\"><img loading=\"lazy\" decoding=\"async\" width=\"800\" height=\"450\" src=\"https:\/\/gradido.net\/wp-content\/uploads\/2024\/09\/Gradido-Kreise-1024x576.jpg\" class=\"attachment-large size-large wp-image-9472\" alt=\"\" srcset=\"https:\/\/gradido.net\/wp-content\/uploads\/2024\/09\/Gradido-Kreise-1024x576.jpg 1024w, https:\/\/gradido.net\/wp-content\/uploads\/2024\/09\/Gradido-Kreise-300x169.jpg 300w, https:\/\/gradido.net\/wp-content\/uploads\/2024\/09\/Gradido-Kreise-768x432.jpg 768w, https:\/\/gradido.net\/wp-content\/uploads\/2024\/09\/Gradido-Kreise-18x10.jpg 18w, https:\/\/gradido.net\/wp-content\/uploads\/2024\/09\/Gradido-Kreise.jpg 1280w\" sizes=\"(max-width: 800px) 100vw, 800px\" \/><\/div><\/a>\n\t\t\t\t<div class=\"elementor-post__text\">\n\t\t\t\t<h3 class=\"elementor-post__title\">\n\t\t\t<a href=\"https:\/\/gradido.net\/sv\/entdecke-die-neuen-gradido-kreise\/\" >\n\t\t\t\tUppt\u00e4ck de nya Gradido-cirklarna\t\t\t<\/a>\n\t\t<\/h3>\n\t\t\t\t<div class=\"elementor-post__excerpt\">\n\t\t\t<p>Har du sett den \u00e4nnu? Sedan slutet av maj har vi haft v\u00e5r nya community-plattform som vi kallar Gradido Circles. Nu kan du kommunicera med andra Gradido-deltagare i s\u00e4kra utrymmen (kallade \"Spaces\") och komma mer och mer i kontakt med varandra.<\/p>\n\t\t<\/div>\n\t\t\n\t\t<a class=\"elementor-post__read-more\" href=\"https:\/\/gradido.net\/sv\/entdecke-die-neuen-gradido-kreise\/\" aria-label=\"L\u00e4s mer om Uppt\u00e4ck de nya Gradido-cirklarna\" tabindex=\"-1\" >\n\t\t\tL\u00e4s mer\t\t<\/a>\n\n\t\t\t\t<\/div>\n\t\t\t\t<div class=\"elementor-post__meta-data\">\n\t\t\t\t\t<span class=\"elementor-post-date\">\n\t\t\t30 augusti 2024\t\t<\/span>\n\t\t\t\t<\/div>\n\t\t\t\t\t<\/div>\n\t\t<\/article>\n\t\t\t\t<article class=\"elementor-post elementor-grid-item post-9286 post type-post status-publish format-standard has-post-thumbnail hentry category-blog category-community\" role=\"listitem\">\n\t\t\t<div class=\"elementor-post__card\">\n\t\t\t\t<a class=\"elementor-post__thumbnail__link\" href=\"https:\/\/gradido.net\/sv\/society-4-0\/\" tabindex=\"-1\" ><div class=\"elementor-post__thumbnail\"><img loading=\"lazy\" decoding=\"async\" width=\"800\" height=\"439\" src=\"https:\/\/gradido.net\/wp-content\/uploads\/2024\/08\/Bildschirmfoto-2024-08-26-um-14.12.48-1024x562.png\" class=\"attachment-large size-large wp-image-9287\" alt=\"\" srcset=\"https:\/\/gradido.net\/wp-content\/uploads\/2024\/08\/Bildschirmfoto-2024-08-26-um-14.12.48-1024x562.png 1024w, https:\/\/gradido.net\/wp-content\/uploads\/2024\/08\/Bildschirmfoto-2024-08-26-um-14.12.48-300x165.png 300w, https:\/\/gradido.net\/wp-content\/uploads\/2024\/08\/Bildschirmfoto-2024-08-26-um-14.12.48-768x422.png 768w, https:\/\/gradido.net\/wp-content\/uploads\/2024\/08\/Bildschirmfoto-2024-08-26-um-14.12.48-1536x843.png 1536w, https:\/\/gradido.net\/wp-content\/uploads\/2024\/08\/Bildschirmfoto-2024-08-26-um-14.12.48-2048x1124.png 2048w, https:\/\/gradido.net\/wp-content\/uploads\/2024\/08\/Bildschirmfoto-2024-08-26-um-14.12.48-18x10.png 18w\" sizes=\"(max-width: 800px) 100vw, 800px\" \/><\/div><\/a>\n\t\t\t\t<div class=\"elementor-post__text\">\n\t\t\t\t<h3 class=\"elementor-post__title\">\n\t\t\t<a href=\"https:\/\/gradido.net\/sv\/society-4-0\/\" >\n\t\t\t\tSamarbete med samh\u00e4llet 4.0\t\t\t<\/a>\n\t\t<\/h3>\n\t\t\t\t<div class=\"elementor-post__excerpt\">\n\t\t\t<p>Det \"stora samarbetet\" forts\u00e4tter att utvecklas. Christiane L\u00fcpken, som \u00e4r engagerad i Society 4.0 och l\u00e4mpliga icke-hierarkiska former av sj\u00e4lvorganisering i Tyskland, \u00e4r en aktiv medlem i v\u00e5r Vision Circle, vars uppgift \u00e4r att fr\u00e4mja samarbete med likasinnade eller liknande organisationer, projekt och initiativ.<\/p>\n\t\t<\/div>\n\t\t\n\t\t<a class=\"elementor-post__read-more\" href=\"https:\/\/gradido.net\/sv\/society-4-0\/\" aria-label=\"L\u00e4s mer om Samarbete med samh\u00e4llet 4.0\" tabindex=\"-1\" >\n\t\t\tL\u00e4s mer\t\t<\/a>\n\n\t\t\t\t<\/div>\n\t\t\t\t<div class=\"elementor-post__meta-data\">\n\t\t\t\t\t<span class=\"elementor-post-date\">\n\t\t\t26 augusti 2024\t\t<\/span>\n\t\t\t\t<\/div>\n\t\t\t\t\t<\/div>\n\t\t<\/article>\n\t\t\t\t<article class=\"elementor-post elementor-grid-item post-8590 post type-post status-publish format-standard has-post-thumbnail hentry category-blog category-community tag-bild-oben\" role=\"listitem\">\n\t\t\t<div class=\"elementor-post__card\">\n\t\t\t\t<a class=\"elementor-post__thumbnail__link\" href=\"https:\/\/gradido.net\/sv\/gradido-community-voraussichtlich-im-maerz\/\" tabindex=\"-1\" ><div class=\"elementor-post__thumbnail\"><img loading=\"lazy\" decoding=\"async\" width=\"800\" height=\"491\" src=\"https:\/\/gradido.net\/wp-content\/uploads\/2024\/01\/Bildschirmfoto-2024-04-14-um-11.43.45-1024x628.png\" class=\"attachment-large size-large wp-image-8849\" alt=\"\" srcset=\"https:\/\/gradido.net\/wp-content\/uploads\/2024\/01\/Bildschirmfoto-2024-04-14-um-11.43.45-1024x628.png 1024w, https:\/\/gradido.net\/wp-content\/uploads\/2024\/01\/Bildschirmfoto-2024-04-14-um-11.43.45-300x184.png 300w, https:\/\/gradido.net\/wp-content\/uploads\/2024\/01\/Bildschirmfoto-2024-04-14-um-11.43.45-768x471.png 768w, https:\/\/gradido.net\/wp-content\/uploads\/2024\/01\/Bildschirmfoto-2024-04-14-um-11.43.45-1536x943.png 1536w, https:\/\/gradido.net\/wp-content\/uploads\/2024\/01\/Bildschirmfoto-2024-04-14-um-11.43.45-2048x1257.png 2048w, https:\/\/gradido.net\/wp-content\/uploads\/2024\/01\/Bildschirmfoto-2024-04-14-um-11.43.45-18x12.png 18w\" sizes=\"(max-width: 800px) 100vw, 800px\" \/><\/div><\/a>\n\t\t\t\t<div class=\"elementor-post__text\">\n\t\t\t\t<h3 class=\"elementor-post__title\">\n\t\t\t<a href=\"https:\/\/gradido.net\/sv\/gradido-community-voraussichtlich-im-maerz\/\" >\n\t\t\t\tIntegrerad samarbetsplattform v\u00e4ntas i maj\t\t\t<\/a>\n\t\t<\/h3>\n\t\t\t\t<div class=\"elementor-post__excerpt\">\n\t\t\t<p>Vi planerar att lansera v\u00e5r nya samarbetsplattform i maj 2024. Den \u00e4r integrerad i Gradido-kontot. Efter en testfas i Gradido Academy kommer den att bli en fast komponent i alla decentraliserade Gradido-servrar.<\/p>\n\t\t<\/div>\n\t\t\n\t\t<a class=\"elementor-post__read-more\" href=\"https:\/\/gradido.net\/sv\/gradido-community-voraussichtlich-im-maerz\/\" aria-label=\"L\u00e4s mer om Integrerad samarbetsplattform v\u00e4ntas i maj\" tabindex=\"-1\" >\n\t\t\tL\u00e4s mer\t\t<\/a>\n\n\t\t\t\t<\/div>\n\t\t\t\t<div class=\"elementor-post__meta-data\">\n\t\t\t\t\t<span class=\"elementor-post-date\">\n\t\t\t26 januari 2024\t\t<\/span>\n\t\t\t\t<\/div>\n\t\t\t\t\t<\/div>\n\t\t<\/article>\n\t\t\t\t<article class=\"elementor-post elementor-grid-item post-8362 post type-post status-publish format-standard has-post-thumbnail hentry category-blog category-community\" role=\"listitem\">\n\t\t\t<div class=\"elementor-post__card\">\n\t\t\t\t<a class=\"elementor-post__thumbnail__link\" href=\"https:\/\/gradido.net\/sv\/gradido-kreise-gemeinsam-mit-freunden-die-zukunft-gestalten\/\" tabindex=\"-1\" ><div class=\"elementor-post__thumbnail\"><img loading=\"lazy\" decoding=\"async\" width=\"800\" height=\"450\" src=\"https:\/\/gradido.net\/wp-content\/uploads\/2023\/12\/Freundeskreis-1024x576.jpg\" class=\"attachment-large size-large wp-image-8364\" alt=\"\" srcset=\"https:\/\/gradido.net\/wp-content\/uploads\/2023\/12\/Freundeskreis-1024x576.jpg 1024w, https:\/\/gradido.net\/wp-content\/uploads\/2023\/12\/Freundeskreis-300x169.jpg 300w, https:\/\/gradido.net\/wp-content\/uploads\/2023\/12\/Freundeskreis-768x432.jpg 768w, https:\/\/gradido.net\/wp-content\/uploads\/2023\/12\/Freundeskreis-1536x864.jpg 1536w, https:\/\/gradido.net\/wp-content\/uploads\/2023\/12\/Freundeskreis-18x10.jpg 18w, https:\/\/gradido.net\/wp-content\/uploads\/2023\/12\/Freundeskreis.jpg 1920w\" sizes=\"(max-width: 800px) 100vw, 800px\" \/><\/div><\/a>\n\t\t\t\t<div class=\"elementor-post__text\">\n\t\t\t\t<h3 class=\"elementor-post__title\">\n\t\t\t<a href=\"https:\/\/gradido.net\/sv\/gradido-kreise-gemeinsam-mit-freunden-die-zukunft-gestalten\/\" >\n\t\t\t\tGradido-cirklar - forma framtiden tillsammans med v\u00e4nner\t\t\t<\/a>\n\t\t<\/h3>\n\t\t\t\t<div class=\"elementor-post__excerpt\">\n\t\t\t<p>Oavsett om ni redan tillh\u00f6r en grupp eller om ni hittade varandra via Gradido - om ni vill anv\u00e4nda Gradido tillsammans beh\u00f6ver ni ingen egen Gradido-server.<\/p>\n\t\t<\/div>\n\t\t\n\t\t<a class=\"elementor-post__read-more\" href=\"https:\/\/gradido.net\/sv\/gradido-kreise-gemeinsam-mit-freunden-die-zukunft-gestalten\/\" aria-label=\"L\u00e4s mer om Gradido-Kreise - Att forma framtiden tillsammans med v\u00e4nner\" tabindex=\"-1\" >\n\t\t\tL\u00e4s mer\t\t<\/a>\n\n\t\t\t\t<\/div>\n\t\t\t\t<div class=\"elementor-post__meta-data\">\n\t\t\t\t\t<span class=\"elementor-post-date\">\n\t\t\t14 december 2023\t\t<\/span>\n\t\t\t\t<\/div>\n\t\t\t\t\t<\/div>\n\t\t<\/article>\n\t\t\t\t<article class=\"elementor-post elementor-grid-item post-6837 post type-post status-publish format-standard has-post-thumbnail hentry category-blog category-community category-gradido-konto tag-bild-oben\" role=\"listitem\">\n\t\t\t<div class=\"elementor-post__card\">\n\t\t\t\t<a class=\"elementor-post__thumbnail__link\" href=\"https:\/\/gradido.net\/sv\/webinar-wohlstand-und-frieden-fuer-die-menschheitsfamilie\/\" tabindex=\"-1\" ><div class=\"elementor-post__thumbnail\"><img loading=\"lazy\" decoding=\"async\" width=\"800\" height=\"377\" src=\"https:\/\/gradido.net\/wp-content\/uploads\/2023\/06\/Webinar-1024x482.png\" class=\"attachment-large size-large wp-image-6838\" alt=\"\" srcset=\"https:\/\/gradido.net\/wp-content\/uploads\/2023\/06\/Webinar-1024x482.png 1024w, https:\/\/gradido.net\/wp-content\/uploads\/2023\/06\/Webinar-300x141.png 300w, https:\/\/gradido.net\/wp-content\/uploads\/2023\/06\/Webinar-768x362.png 768w, https:\/\/gradido.net\/wp-content\/uploads\/2023\/06\/Webinar-1536x723.png 1536w, https:\/\/gradido.net\/wp-content\/uploads\/2023\/06\/Webinar-2048x964.png 2048w, https:\/\/gradido.net\/wp-content\/uploads\/2023\/06\/Webinar-18x8.png 18w\" sizes=\"(max-width: 800px) 100vw, 800px\" \/><\/div><\/a>\n\t\t\t\t<div class=\"elementor-post__text\">\n\t\t\t\t<h3 class=\"elementor-post__title\">\n\t\t\t<a href=\"https:\/\/gradido.net\/sv\/webinar-wohlstand-und-frieden-fuer-die-menschheitsfamilie\/\" >\n\t\t\t\tWebbinarium: V\u00e4lst\u00e5nd och fred f\u00f6r den m\u00e4nskliga familjen\t\t\t<\/a>\n\t\t<\/h3>\n\t\t\t\t<div class=\"elementor-post__excerpt\">\n\t\t\t<p>Det legendariska webbinariet med Gradidos grundare: Du kommer att f\u00e5 djupg\u00e5ende kunskap om det gamla penningsystemets fatala misstag, den enda vettiga l\u00f6sningen baserad p\u00e5 naturens modell och den perfekta guiden till hur du aktivt och med gl\u00e4dje formar framtiden. - DET FINNS NYA DATUM!<\/p>\n\t\t<\/div>\n\t\t\n\t\t<a class=\"elementor-post__read-more\" href=\"https:\/\/gradido.net\/sv\/webinar-wohlstand-und-frieden-fuer-die-menschheitsfamilie\/\" aria-label=\"L\u00e4s mer om Webinar: V\u00e4lst\u00e5nd och fred f\u00f6r den m\u00e4nskliga familjen\" tabindex=\"-1\" >\n\t\t\tL\u00e4s mer\t\t<\/a>\n\n\t\t\t\t<\/div>\n\t\t\t\t<div class=\"elementor-post__meta-data\">\n\t\t\t\t\t<span class=\"elementor-post-date\">\n\t\t\t10 juni 2023\t\t<\/span>\n\t\t\t\t<\/div>\n\t\t\t\t\t<\/div>\n\t\t<\/article>\n\t\t\t\t<article class=\"elementor-post elementor-grid-item post-6619 post type-post status-publish format-standard has-post-thumbnail hentry category-blog category-community\" role=\"listitem\">\n\t\t\t<div class=\"elementor-post__card\">\n\t\t\t\t<a class=\"elementor-post__thumbnail__link\" href=\"https:\/\/gradido.net\/sv\/gradidocafe\/\" tabindex=\"-1\" ><div class=\"elementor-post__thumbnail\"><img loading=\"lazy\" decoding=\"async\" width=\"800\" height=\"450\" src=\"https:\/\/gradido.net\/wp-content\/uploads\/2023\/05\/GradidoCaf\u00e9_WP-1024x576.jpg\" class=\"attachment-large size-large wp-image-6621\" alt=\"\" srcset=\"\" sizes=\"(max-width: 800px) 100vw, 800px\" data-srcset=\"\" \/><\/div><\/a>\n\t\t\t\t<div class=\"elementor-post__text\">\n\t\t\t\t<h3 class=\"elementor-post__title\">\n\t\t\t<a href=\"https:\/\/gradido.net\/sv\/gradidocafe\/\" >\n\t\t\t\tGradidoCaf\u00e9\t\t\t<\/a>\n\t\t<\/h3>\n\t\t\t\t<div class=\"elementor-post__excerpt\">\n\t\t\t<p>Gillar du ocks\u00e5 att g\u00e5 ut med v\u00e4nner, t.ex. p\u00e5 restaurang, \u00f6ltr\u00e4dg\u00e5rd eller caf\u00e9? Hur skulle det vara att kunna tacka dem i slutet med Gradido eller DankBar? Det \u00e4r tanken med GradidoCaf\u00e9s.<\/p>\n\t\t<\/div>\n\t\t\n\t\t<a class=\"elementor-post__read-more\" href=\"https:\/\/gradido.net\/sv\/gradidocafe\/\" aria-label=\"L\u00e4s mer om GradidoCaf\u00e9\" tabindex=\"-1\" >\n\t\t\tL\u00e4s mer\t\t<\/a>\n\n\t\t\t\t<\/div>\n\t\t\t\t<div class=\"elementor-post__meta-data\">\n\t\t\t\t\t<span class=\"elementor-post-date\">\n\t\t\t5 maj 2023\t\t<\/span>\n\t\t\t\t<\/div>\n\t\t\t\t\t<\/div>\n\t\t<\/article>\n\t\t\t\t<article class=\"elementor-post elementor-grid-item post-5954 post type-post status-publish format-standard has-post-thumbnail hentry category-blog category-community\" role=\"listitem\">\n\t\t\t<div class=\"elementor-post__card\">\n\t\t\t\t<a class=\"elementor-post__thumbnail__link\" href=\"https:\/\/gradido.net\/sv\/great-cooperation-gradido-und-unternehmernetzwerke\/\" tabindex=\"-1\" ><div class=\"elementor-post__thumbnail\"><img loading=\"lazy\" decoding=\"async\" width=\"800\" height=\"453\" src=\"https:\/\/gradido.net\/wp-content\/uploads\/2022\/11\/Unternehmer-Netzwerk-1-1024x580.jpg\" class=\"attachment-large size-large wp-image-5956\" alt=\"\" srcset=\"https:\/\/gradido.net\/wp-content\/uploads\/2022\/11\/Unternehmer-Netzwerk-1-1024x580.jpg 1024w, https:\/\/gradido.net\/wp-content\/uploads\/2022\/11\/Unternehmer-Netzwerk-1-300x170.jpg 300w, https:\/\/gradido.net\/wp-content\/uploads\/2022\/11\/Unternehmer-Netzwerk-1-768x435.jpg 768w, https:\/\/gradido.net\/wp-content\/uploads\/2022\/11\/Unternehmer-Netzwerk-1-18x10.jpg 18w, https:\/\/gradido.net\/wp-content\/uploads\/2022\/11\/Unternehmer-Netzwerk-1.jpg 1500w\" sizes=\"(max-width: 800px) 100vw, 800px\" \/><\/div><\/a>\n\t\t\t\t<div class=\"elementor-post__text\">\n\t\t\t\t<h3 class=\"elementor-post__title\">\n\t\t\t<a href=\"https:\/\/gradido.net\/sv\/great-cooperation-gradido-und-unternehmernetzwerke\/\" >\n\t\t\t\tEtt bra samarbete - Gradido och entrepren\u00f6rsn\u00e4tverk\t\t\t<\/a>\n\t\t<\/h3>\n\t\t\t\t<div class=\"elementor-post__excerpt\">\n\t\t\t<p>Nu n\u00e4r de \u00f6desdigra konsekvenserna av skuldpengssystemet blir uppenbara, vaknar allt fler m\u00e4nniskor upp och b\u00f6rjar bilda alternativa strukturer. I de samh\u00e4llen som v\u00e4xer fram p\u00e5 detta s\u00e4tt har vi en historisk m\u00f6jlighet att tillsammans skapa ett nytt monet\u00e4rt system som bygger p\u00e5 uppskattning, tacksamhet och k\u00e4rlek.<\/p>\n\t\t<\/div>\n\t\t\n\t\t<a class=\"elementor-post__read-more\" href=\"https:\/\/gradido.net\/sv\/great-cooperation-gradido-und-unternehmernetzwerke\/\" aria-label=\"L\u00e4s mer om Great Cooperation - Gradido och aff\u00e4rsn\u00e4tverk\" tabindex=\"-1\" >\n\t\t\tL\u00e4s mer\t\t<\/a>\n\n\t\t\t\t<\/div>\n\t\t\t\t<div class=\"elementor-post__meta-data\">\n\t\t\t\t\t<span class=\"elementor-post-date\">\n\t\t\t26 november 2022\t\t<\/span>\n\t\t\t\t<\/div>\n\t\t\t\t\t<\/div>\n\t\t<\/article>\n\t\t\t\t<article class=\"elementor-post elementor-grid-item post-5821 post type-post status-publish format-standard has-post-thumbnail hentry category-blog category-community category-psychologie\" role=\"listitem\">\n\t\t\t<div class=\"elementor-post__card\">\n\t\t\t\t<a class=\"elementor-post__thumbnail__link\" href=\"https:\/\/gradido.net\/sv\/10-wochen-voller-dankbarkeit\/\" tabindex=\"-1\" ><div class=\"elementor-post__thumbnail\"><img loading=\"lazy\" decoding=\"async\" width=\"800\" height=\"534\" src=\"https:\/\/gradido.net\/wp-content\/uploads\/2022\/10\/10WDankbarkeit-1024x683.jpg\" class=\"attachment-large size-large wp-image-5822\" alt=\"\" srcset=\"https:\/\/gradido.net\/wp-content\/uploads\/2022\/10\/10WDankbarkeit-1024x683.jpg 1024w, https:\/\/gradido.net\/wp-content\/uploads\/2022\/10\/10WDankbarkeit-300x200.jpg 300w, https:\/\/gradido.net\/wp-content\/uploads\/2022\/10\/10WDankbarkeit-768x512.jpg 768w, https:\/\/gradido.net\/wp-content\/uploads\/2022\/10\/10WDankbarkeit-18x12.jpg 18w, https:\/\/gradido.net\/wp-content\/uploads\/2022\/10\/10WDankbarkeit.jpg 1500w\" sizes=\"(max-width: 800px) 100vw, 800px\" \/><\/div><\/a>\n\t\t\t\t<div class=\"elementor-post__text\">\n\t\t\t\t<h3 class=\"elementor-post__title\">\n\t\t\t<a href=\"https:\/\/gradido.net\/sv\/10-wochen-voller-dankbarkeit\/\" >\n\t\t\t\t10 veckor fulla av tacksamhet\t\t\t<\/a>\n\t\t<\/h3>\n\t\t\t\t<div class=\"elementor-post__excerpt\">\n\t\t\t<p>Varje g\u00e5ng du skickar Gradidos till andra m\u00e4nniskor ger du dem tacksamhet i deras liv och \u00e4ven i ditt eget. Tacksamhet \u00e4r en underbar k\u00e4nsla. Genom att dagligen \u00e5beropa, v\u00e5rda och njuta av den st\u00e4rker vi v\u00e5rt v\u00e4lbefinnande och v\u00e5r kreativa kraft. <\/p>\n\t\t<\/div>\n\t\t\n\t\t<a class=\"elementor-post__read-more\" href=\"https:\/\/gradido.net\/sv\/10-wochen-voller-dankbarkeit\/\" aria-label=\"L\u00e4s mer om 10 veckor fulla av tacksamhet\" tabindex=\"-1\" >\n\t\t\tL\u00e4s mer\t\t<\/a>\n\n\t\t\t\t<\/div>\n\t\t\t\t<div class=\"elementor-post__meta-data\">\n\t\t\t\t\t<span class=\"elementor-post-date\">\n\t\t\t25 oktober 2022\t\t<\/span>\n\t\t\t\t<\/div>\n\t\t\t\t\t<\/div>\n\t\t<\/article>\n\t\t\t\t<article class=\"elementor-post elementor-grid-item post-5802 post type-post status-publish format-standard has-post-thumbnail hentry category-blog category-community category-psychologie\" role=\"listitem\">\n\t\t\t<div class=\"elementor-post__card\">\n\t\t\t\t<a class=\"elementor-post__thumbnail__link\" href=\"https:\/\/gradido.net\/sv\/gradido-potenzialentfaltung-im-herbst-2022\/\" tabindex=\"-1\" ><div class=\"elementor-post__thumbnail\"><img loading=\"lazy\" decoding=\"async\" width=\"800\" height=\"534\" src=\"https:\/\/gradido.net\/wp-content\/uploads\/2022\/10\/Potenzialentfaltung-1024x683.jpg\" class=\"attachment-large size-large wp-image-5803\" alt=\"\" srcset=\"https:\/\/gradido.net\/wp-content\/uploads\/2022\/10\/Potenzialentfaltung-1024x683.jpg 1024w, https:\/\/gradido.net\/wp-content\/uploads\/2022\/10\/Potenzialentfaltung-300x200.jpg 300w, https:\/\/gradido.net\/wp-content\/uploads\/2022\/10\/Potenzialentfaltung-768x512.jpg 768w, https:\/\/gradido.net\/wp-content\/uploads\/2022\/10\/Potenzialentfaltung-18x12.jpg 18w, https:\/\/gradido.net\/wp-content\/uploads\/2022\/10\/Potenzialentfaltung.jpg 1500w\" sizes=\"(max-width: 800px) 100vw, 800px\" \/><\/div><\/a>\n\t\t\t\t<div class=\"elementor-post__text\">\n\t\t\t\t<h3 class=\"elementor-post__title\">\n\t\t\t<a href=\"https:\/\/gradido.net\/sv\/gradido-potenzialentfaltung-im-herbst-2022\/\" >\n\t\t\t\tGradido potentiell utveckling h\u00f6sten 2022\t\t\t<\/a>\n\t\t<\/h3>\n\t\t\t\t<div class=\"elementor-post__excerpt\">\n\t\t\t<p>P\u00e5 grund av den stora framg\u00e5ngen forts\u00e4tter vi: P\u00e5 allm\u00e4n beg\u00e4ran forts\u00e4tter nu utvecklingen av Gradido-potentialen. Investera 2 timmar i veckan i dig sj\u00e4lv - och du kommer att se vilka positiva f\u00f6r\u00e4ndringar du kommer att uppleva inom 12 veckor.<\/p>\n\t\t<\/div>\n\t\t\n\t\t<a class=\"elementor-post__read-more\" href=\"https:\/\/gradido.net\/sv\/gradido-potenzialentfaltung-im-herbst-2022\/\" aria-label=\"L\u00e4s mer om Gradido potentiell utveckling under h\u00f6sten 2022\" tabindex=\"-1\" >\n\t\t\tL\u00e4s mer\t\t<\/a>\n\n\t\t\t\t<\/div>\n\t\t\t\t<div class=\"elementor-post__meta-data\">\n\t\t\t\t\t<span class=\"elementor-post-date\">\n\t\t\t23 oktober 2022\t\t<\/span>\n\t\t\t\t<\/div>\n\t\t\t\t\t<\/div>\n\t\t<\/article>\n\t\t\t\t<article class=\"elementor-post elementor-grid-item post-5711 post type-post status-publish format-standard has-post-thumbnail hentry category-blog category-community\" role=\"listitem\">\n\t\t\t<div class=\"elementor-post__card\">\n\t\t\t\t<a class=\"elementor-post__thumbnail__link\" href=\"https:\/\/gradido.net\/sv\/great-cooperation-gradido-akademie-international-und-plasmatec\/\" tabindex=\"-1\" ><div class=\"elementor-post__thumbnail\"><img loading=\"lazy\" decoding=\"async\" width=\"800\" height=\"500\" src=\"https:\/\/gradido.net\/wp-content\/uploads\/2022\/10\/Pustritz_2-1024x640.jpg\" class=\"attachment-large size-large wp-image-5713\" alt=\"\" srcset=\"https:\/\/gradido.net\/wp-content\/uploads\/2022\/10\/Pustritz_2-1024x640.jpg 1024w, https:\/\/gradido.net\/wp-content\/uploads\/2022\/10\/Pustritz_2-300x188.jpg 300w, https:\/\/gradido.net\/wp-content\/uploads\/2022\/10\/Pustritz_2-768x480.jpg 768w, https:\/\/gradido.net\/wp-content\/uploads\/2022\/10\/Pustritz_2-1536x960.jpg 1536w, https:\/\/gradido.net\/wp-content\/uploads\/2022\/10\/Pustritz_2-18x12.jpg 18w, https:\/\/gradido.net\/wp-content\/uploads\/2022\/10\/Pustritz_2.jpg 1600w\" sizes=\"(max-width: 800px) 100vw, 800px\" \/><\/div><\/a>\n\t\t\t\t<div class=\"elementor-post__text\">\n\t\t\t\t<h3 class=\"elementor-post__title\">\n\t\t\t<a href=\"https:\/\/gradido.net\/sv\/great-cooperation-gradido-akademie-international-und-plasmatec\/\" >\n\t\t\t\tEtt bra samarbete: Gradido Academy International och PLASMA TEC\t\t\t<\/a>\n\t\t<\/h3>\n\t\t\t\t<div class=\"elementor-post__excerpt\">\n\t\t\t<p>Under bes\u00f6ket p\u00e5 v\u00e5r f\u00f6renings huvudkontor i Pustritz i K\u00e4rnten\/\u00d6sterrike upplevde vi en underbar tid av m\u00f6ten med intressanta m\u00e4nniskor som arbetar f\u00f6r en god framtid. Vi tr\u00e4ffade bland annat ordf\u00f6randen f\u00f6r forskningsinstitutet PLASMA TEC, Harald Reichl, och diskuterade ytterligare steg i v\u00e5rt gemensamma samarbete.<\/p>\n\t\t<\/div>\n\t\t\n\t\t<a class=\"elementor-post__read-more\" href=\"https:\/\/gradido.net\/sv\/great-cooperation-gradido-akademie-international-und-plasmatec\/\" aria-label=\"L\u00e4s mer om Great Cooperation: Gradido Akademie International und PLASMA TEC\" tabindex=\"-1\" >\n\t\t\tL\u00e4s mer\t\t<\/a>\n\n\t\t\t\t<\/div>\n\t\t\t\t<div class=\"elementor-post__meta-data\">\n\t\t\t\t\t<span class=\"elementor-post-date\">\n\t\t\t10 oktober 2022\t\t<\/span>\n\t\t\t\t<\/div>\n\t\t\t\t\t<\/div>\n\t\t<\/article>\n\t\t\t\t<article class=\"elementor-post elementor-grid-item post-5764 post type-post status-publish format-standard has-post-thumbnail hentry category-blog category-community category-psychologie\" role=\"listitem\">\n\t\t\t<div class=\"elementor-post__card\">\n\t\t\t\t<a class=\"elementor-post__thumbnail__link\" href=\"https:\/\/gradido.net\/sv\/prenow-das-spiel-das-mitdenkt-und-kreative-loesungen-hervorbringt\/\" tabindex=\"-1\" ><div class=\"elementor-post__thumbnail\"><img loading=\"lazy\" decoding=\"async\" width=\"800\" height=\"450\" src=\"https:\/\/gradido.net\/wp-content\/uploads\/2022\/10\/PreNow1.jpg\" class=\"attachment-large size-large wp-image-5765\" alt=\"\" srcset=\"https:\/\/gradido.net\/wp-content\/uploads\/2022\/10\/PreNow1.jpg 800w, https:\/\/gradido.net\/wp-content\/uploads\/2022\/10\/PreNow1-300x169.jpg 300w, https:\/\/gradido.net\/wp-content\/uploads\/2022\/10\/PreNow1-768x432.jpg 768w, https:\/\/gradido.net\/wp-content\/uploads\/2022\/10\/PreNow1-18x10.jpg 18w\" sizes=\"(max-width: 800px) 100vw, 800px\" \/><\/div><\/a>\n\t\t\t\t<div class=\"elementor-post__text\">\n\t\t\t\t<h3 class=\"elementor-post__title\">\n\t\t\t<a href=\"https:\/\/gradido.net\/sv\/prenow-das-spiel-das-mitdenkt-und-kreative-loesungen-hervorbringt\/\" >\n\t\t\t\tPreNow - spelet som t\u00e4nker och skapar kreativa l\u00f6sningar\t\t\t<\/a>\n\t\t<\/h3>\n\t\t\t\t<div class=\"elementor-post__excerpt\">\n\t\t\t<p>Brainstorming var ig\u00e5r! I dag f\u00e5r alla i gruppen g\u00f6ra n\u00e5got p\u00e5 egen hand och visa vilka m\u00f6jligheter de har. P\u00e5 fredag startar Gradido PreNow Caf\u00e9 p\u00e5 Zoom - tema: Gradido-gemenskapen och dess m\u00f6jligheter - Fler PreNow Caf\u00e9er varje fredag kl. 16.00 (Zoom).<\/p>\n\t\t<\/div>\n\t\t\n\t\t<a class=\"elementor-post__read-more\" href=\"https:\/\/gradido.net\/sv\/prenow-das-spiel-das-mitdenkt-und-kreative-loesungen-hervorbringt\/\" aria-label=\"L\u00e4s mer om PreNow - spelet som t\u00e4nker sj\u00e4lv och skapar kreativa l\u00f6sningar\" tabindex=\"-1\" >\n\t\t\tL\u00e4s mer\t\t<\/a>\n\n\t\t\t\t<\/div>\n\t\t\t\t<div class=\"elementor-post__meta-data\">\n\t\t\t\t\t<span class=\"elementor-post-date\">\n\t\t\t30 september 2022\t\t<\/span>\n\t\t\t\t<\/div>\n\t\t\t\t\t<\/div>\n\t\t<\/article>\n\t\t\t\t<article class=\"elementor-post elementor-grid-item post-5422 post type-post status-publish format-standard has-post-thumbnail hentry category-blog category-community category-gradido-konto category-psychologie\" role=\"listitem\">\n\t\t\t<div class=\"elementor-post__card\">\n\t\t\t\t<a class=\"elementor-post__thumbnail__link\" href=\"https:\/\/gradido.net\/sv\/gemeinwohl-was-ist-das\/\" tabindex=\"-1\" ><div class=\"elementor-post__thumbnail\"><img loading=\"lazy\" decoding=\"async\" width=\"800\" height=\"534\" src=\"https:\/\/gradido.net\/wp-content\/uploads\/2022\/08\/Gemeinwohl-Blog2-1024x683.jpg\" class=\"attachment-large size-large wp-image-5476\" alt=\"\" srcset=\"https:\/\/gradido.net\/wp-content\/uploads\/2022\/08\/Gemeinwohl-Blog2-1024x683.jpg 1024w, https:\/\/gradido.net\/wp-content\/uploads\/2022\/08\/Gemeinwohl-Blog2-300x200.jpg 300w, https:\/\/gradido.net\/wp-content\/uploads\/2022\/08\/Gemeinwohl-Blog2-768x512.jpg 768w, https:\/\/gradido.net\/wp-content\/uploads\/2022\/08\/Gemeinwohl-Blog2-1536x1024.jpg 1536w, https:\/\/gradido.net\/wp-content\/uploads\/2022\/08\/Gemeinwohl-Blog2-18x12.jpg 18w, https:\/\/gradido.net\/wp-content\/uploads\/2022\/08\/Gemeinwohl-Blog2.jpg 1800w\" sizes=\"(max-width: 800px) 100vw, 800px\" \/><\/div><\/a>\n\t\t\t\t<div class=\"elementor-post__text\">\n\t\t\t\t<h3 class=\"elementor-post__title\">\n\t\t\t<a href=\"https:\/\/gradido.net\/sv\/gemeinwohl-was-ist-das\/\" >\n\t\t\t\tVad \u00e4r det gemensamma b\u00e4sta?\t\t\t<\/a>\n\t\t<\/h3>\n\t\t\t\t<div class=\"elementor-post__excerpt\">\n\t\t\t<p>Bidrag till det allm\u00e4nnas b\u00e4sta \u00e4r allt det som man med sunt f\u00f6rnuft skulle kalla frivilligt arbete, volont\u00e4rarbete osv. - till skillnad fr\u00e5n individuella bidrag fr\u00e5n en person till en annan.<\/p>\n\t\t<\/div>\n\t\t\n\t\t<a class=\"elementor-post__read-more\" href=\"https:\/\/gradido.net\/sv\/gemeinwohl-was-ist-das\/\" aria-label=\"L\u00e4s mer om Gemeinwohl - vad \u00e4r det d\u00e4r?\" tabindex=\"-1\" >\n\t\t\tL\u00e4s mer\t\t<\/a>\n\n\t\t\t\t<\/div>\n\t\t\t\t<div class=\"elementor-post__meta-data\">\n\t\t\t\t\t<span class=\"elementor-post-date\">\n\t\t\t9 augusti 2022\t\t<\/span>\n\t\t\t\t<\/div>\n\t\t\t\t\t<\/div>\n\t\t<\/article>\n\t\t\t\t<article class=\"elementor-post elementor-grid-item post-4464 post type-post status-publish format-standard has-post-thumbnail hentry category-blog category-community category-psychologie tag-bild-oben tag-grosse-kooperation\" role=\"listitem\">\n\t\t\t<div class=\"elementor-post__card\">\n\t\t\t\t<a class=\"elementor-post__thumbnail__link\" href=\"https:\/\/gradido.net\/sv\/weltbevoelkerung-wir-sind-viele-das-ist-gut\/\" tabindex=\"-1\" ><div class=\"elementor-post__thumbnail\"><img loading=\"lazy\" decoding=\"async\" width=\"800\" height=\"534\" src=\"https:\/\/gradido.net\/wp-content\/uploads\/2022\/05\/Weltbevoelkerung-1024x683.jpg\" class=\"attachment-large size-large wp-image-4465\" alt=\"\" srcset=\"https:\/\/gradido.net\/wp-content\/uploads\/2022\/05\/Weltbevoelkerung-1024x683.jpg 1024w, https:\/\/gradido.net\/wp-content\/uploads\/2022\/05\/Weltbevoelkerung-300x200.jpg 300w, https:\/\/gradido.net\/wp-content\/uploads\/2022\/05\/Weltbevoelkerung-768x512.jpg 768w, https:\/\/gradido.net\/wp-content\/uploads\/2022\/05\/Weltbevoelkerung-18x12.jpg 18w, https:\/\/gradido.net\/wp-content\/uploads\/2022\/05\/Weltbevoelkerung.jpg 1200w\" sizes=\"(max-width: 800px) 100vw, 800px\" \/><\/div><\/a>\n\t\t\t\t<div class=\"elementor-post__text\">\n\t\t\t\t<h3 class=\"elementor-post__title\">\n\t\t\t<a href=\"https:\/\/gradido.net\/sv\/weltbevoelkerung-wir-sind-viele-das-ist-gut\/\" >\n\t\t\t\tV\u00e4rldsbefolkningen: Vi \u00e4r m\u00e5nga. Det \u00e4r bra.\t\t\t<\/a>\n\t\t<\/h3>\n\t\t\t\t<div class=\"elementor-post__excerpt\">\n\t\t\t<p>8 miljarder m\u00e4nniskor \u00e4r l\u00f6sningen, inte problemet. Vi kan vara tacksamma mot varje enskild m\u00e4nniska eftersom hon eller han bidrar till att m\u00e4nskligheten kan g\u00e5 vidare till n\u00e4sta h\u00f6gre utvecklingsstadium.<\/p>\n\t\t<\/div>\n\t\t\n\t\t<a class=\"elementor-post__read-more\" href=\"https:\/\/gradido.net\/sv\/weltbevoelkerung-wir-sind-viele-das-ist-gut\/\" aria-label=\"L\u00e4s mer om Weltbev\u00f6lkerung: Vi \u00e4r m\u00e5nga. Det \u00e4r bra.\" tabindex=\"-1\" >\n\t\t\tL\u00e4s mer\t\t<\/a>\n\n\t\t\t\t<\/div>\n\t\t\t\t<div class=\"elementor-post__meta-data\">\n\t\t\t\t\t<span class=\"elementor-post-date\">\n\t\t\t24 maj 2022\t\t<\/span>\n\t\t\t\t<\/div>\n\t\t\t\t\t<\/div>\n\t\t<\/article>\n\t\t\t\t<article class=\"elementor-post elementor-grid-item post-4410 post type-post status-publish format-standard has-post-thumbnail hentry category-blog category-community category-pressemitteilung category-psychologie tag-bild-oben\" role=\"listitem\">\n\t\t\t<div class=\"elementor-post__card\">\n\t\t\t\t<a class=\"elementor-post__thumbnail__link\" href=\"https:\/\/gradido.net\/sv\/gradido-interview-im-walnussblatt\/\" tabindex=\"-1\" ><div class=\"elementor-post__thumbnail\"><img loading=\"lazy\" decoding=\"async\" width=\"800\" height=\"534\" src=\"https:\/\/gradido.net\/wp-content\/uploads\/2022\/05\/Walnussblatt_Blog4-1024x683.jpg\" class=\"attachment-large size-large wp-image-4428\" alt=\"\" srcset=\"https:\/\/gradido.net\/wp-content\/uploads\/2022\/05\/Walnussblatt_Blog4-1024x683.jpg 1024w, https:\/\/gradido.net\/wp-content\/uploads\/2022\/05\/Walnussblatt_Blog4-300x200.jpg 300w, https:\/\/gradido.net\/wp-content\/uploads\/2022\/05\/Walnussblatt_Blog4-768x512.jpg 768w, https:\/\/gradido.net\/wp-content\/uploads\/2022\/05\/Walnussblatt_Blog4-18x12.jpg 18w, https:\/\/gradido.net\/wp-content\/uploads\/2022\/05\/Walnussblatt_Blog4.jpg 1500w\" sizes=\"(max-width: 800px) 100vw, 800px\" \/><\/div><\/a>\n\t\t\t\t<div class=\"elementor-post__text\">\n\t\t\t\t<h3 class=\"elementor-post__title\">\n\t\t\t<a href=\"https:\/\/gradido.net\/sv\/gradido-interview-im-walnussblatt\/\" >\n\t\t\t\tIntervju med Gradido i WALNUSSblatt\t\t\t<\/a>\n\t\t<\/h3>\n\t\t\t\t<div class=\"elementor-post__excerpt\">\n\t\t\t<p>Det aktuella numret handlar om det stora \u00e4mnet: \"V\u00e4gen till fred: k\u00e4rleken\". Med titeln \"Gradido - den nya valutan heter tacksamhet\" ger Pedro h\u00e4r en l\u00e4sv\u00e4rd intervju med Bernd om den nya inriktningen och Gradidos nuvarande status som ett element\u00e4rt fredsverktyg.<\/p>\n\t\t<\/div>\n\t\t\n\t\t<a class=\"elementor-post__read-more\" href=\"https:\/\/gradido.net\/sv\/gradido-interview-im-walnussblatt\/\" aria-label=\"L\u00e4s mer om Gradido-intervju i &quot;WALNUSSblatt\" tabindex=\"-1\" >\n\t\t\tL\u00e4s mer\t\t<\/a>\n\n\t\t\t\t<\/div>\n\t\t\t\t<div class=\"elementor-post__meta-data\">\n\t\t\t\t\t<span class=\"elementor-post-date\">\n\t\t\t15 maj 2022\t\t<\/span>\n\t\t\t\t<\/div>\n\t\t\t\t\t<\/div>\n\t\t<\/article>\n\t\t\t\t<article class=\"elementor-post elementor-grid-item post-4228 post type-post status-publish format-standard has-post-thumbnail hentry category-blog category-community category-gradido-konto\" role=\"listitem\">\n\t\t\t<div class=\"elementor-post__card\">\n\t\t\t\t<a class=\"elementor-post__thumbnail__link\" href=\"https:\/\/gradido.net\/sv\/gradido-link-erfahrungen-und-textvorschlaege\/\" tabindex=\"-1\" ><div class=\"elementor-post__thumbnail\"><img loading=\"lazy\" decoding=\"async\" width=\"800\" height=\"354\" src=\"https:\/\/gradido.net\/wp-content\/uploads\/2022\/04\/DANKE-1-1024x453.jpg\" class=\"attachment-large size-large wp-image-4231\" alt=\"\" srcset=\"https:\/\/gradido.net\/wp-content\/uploads\/2022\/04\/DANKE-1-1024x453.jpg 1024w, https:\/\/gradido.net\/wp-content\/uploads\/2022\/04\/DANKE-1-300x133.jpg 300w, https:\/\/gradido.net\/wp-content\/uploads\/2022\/04\/DANKE-1-768x340.jpg 768w, https:\/\/gradido.net\/wp-content\/uploads\/2022\/04\/DANKE-1-1536x680.jpg 1536w, https:\/\/gradido.net\/wp-content\/uploads\/2022\/04\/DANKE-1-18x8.jpg 18w, https:\/\/gradido.net\/wp-content\/uploads\/2022\/04\/DANKE-1.jpg 1600w\" sizes=\"(max-width: 800px) 100vw, 800px\" \/><\/div><\/a>\n\t\t\t\t<div class=\"elementor-post__text\">\n\t\t\t\t<h3 class=\"elementor-post__title\">\n\t\t\t<a href=\"https:\/\/gradido.net\/sv\/gradido-link-erfahrungen-und-textvorschlaege\/\" >\n\t\t\t\tGradido Link - Erfarenheter och textf\u00f6rslag\t\t\t<\/a>\n\t\t<\/h3>\n\t\t\t\t<div class=\"elementor-post__excerpt\">\n\t\t\t<p>F\u00f6r att g\u00f6ra det s\u00e5 enkelt som m\u00f6jligt f\u00f6r dig har vi f\u00f6rberett textf\u00f6rslag f\u00f6r de olika fallen. Anpassa dem g\u00e4rna efter dina \u00f6nskem\u00e5l och id\u00e9er.<\/p>\n\t\t<\/div>\n\t\t\n\t\t<a class=\"elementor-post__read-more\" href=\"https:\/\/gradido.net\/sv\/gradido-link-erfahrungen-und-textvorschlaege\/\" aria-label=\"L\u00e4s mer om Gradido-Link - erfarenheter och textf\u00f6rslag\" tabindex=\"-1\" >\n\t\t\tL\u00e4s mer\t\t<\/a>\n\n\t\t\t\t<\/div>\n\t\t\t\t<div class=\"elementor-post__meta-data\">\n\t\t\t\t\t<span class=\"elementor-post-date\">\n\t\t\t24 april 2022\t\t<\/span>\n\t\t\t\t<\/div>\n\t\t\t\t\t<\/div>\n\t\t<\/article>\n\t\t\t\t<article class=\"elementor-post elementor-grid-item post-4024 post type-post status-publish format-standard has-post-thumbnail hentry category-blog category-community\" role=\"listitem\">\n\t\t\t<div class=\"elementor-post__card\">\n\t\t\t\t<a class=\"elementor-post__thumbnail__link\" href=\"https:\/\/gradido.net\/sv\/freunde-finden-und-neue-wirklichkeit-gestalten\/\" tabindex=\"-1\" ><div class=\"elementor-post__thumbnail\"><img loading=\"lazy\" decoding=\"async\" width=\"800\" height=\"534\" src=\"https:\/\/gradido.net\/wp-content\/uploads\/2022\/02\/AdobeStock_79579109-1024x683.jpeg\" class=\"attachment-large size-large wp-image-4216\" alt=\"\" srcset=\"https:\/\/gradido.net\/wp-content\/uploads\/2022\/02\/AdobeStock_79579109-1024x683.jpeg 1024w, https:\/\/gradido.net\/wp-content\/uploads\/2022\/02\/AdobeStock_79579109-300x200.jpeg 300w, https:\/\/gradido.net\/wp-content\/uploads\/2022\/02\/AdobeStock_79579109-768x512.jpeg 768w, https:\/\/gradido.net\/wp-content\/uploads\/2022\/02\/AdobeStock_79579109-1536x1024.jpeg 1536w, https:\/\/gradido.net\/wp-content\/uploads\/2022\/02\/AdobeStock_79579109-2048x1365.jpeg 2048w, https:\/\/gradido.net\/wp-content\/uploads\/2022\/02\/AdobeStock_79579109-18x12.jpeg 18w\" sizes=\"(max-width: 800px) 100vw, 800px\" \/><\/div><\/a>\n\t\t\t\t<div class=\"elementor-post__text\">\n\t\t\t\t<h3 class=\"elementor-post__title\">\n\t\t\t<a href=\"https:\/\/gradido.net\/sv\/freunde-finden-und-neue-wirklichkeit-gestalten\/\" >\n\t\t\t\tSkaffa v\u00e4nner och skapa en ny verklighet\t\t\t<\/a>\n\t\t<\/h3>\n\t\t\t\t<div class=\"elementor-post__excerpt\">\n\t\t\t<p>Att tacka andra varje dag med Gradido inneb\u00e4r att du f\u00e5r fler och fler v\u00e4nner. Vi st\u00e4rker varandra, bildar alternativa \"Gradido-\u00f6ar\" och g\u00f6r oss mer och mer oberoende av det gamla systemet.<\/p>\n\t\t<\/div>\n\t\t\n\t\t<a class=\"elementor-post__read-more\" href=\"https:\/\/gradido.net\/sv\/freunde-finden-und-neue-wirklichkeit-gestalten\/\" aria-label=\"L\u00e5t oss bli v\u00e4nner och skapa en ny verklighet\" tabindex=\"-1\" >\n\t\t\tL\u00e4s mer\t\t<\/a>\n\n\t\t\t\t<\/div>\n\t\t\t\t<div class=\"elementor-post__meta-data\">\n\t\t\t\t\t<span class=\"elementor-post-date\">\n\t\t\t20 april 2022\t\t<\/span>\n\t\t\t\t<\/div>\n\t\t\t\t\t<\/div>\n\t\t<\/article>\n\t\t\t\t<\/div>\n\t\t\n\t\t\t\t\t\t<\/div>\n\t\t\t\t<\/div>\n\t\t\t\t\t<\/div>\n\t\t<\/div>\n\t\t\t\t\t<\/div>\n\t\t<\/section>\n\t\t\t\t<\/div>","protected":false},"excerpt":{"rendered":"<p>Gemenskapen<\/p>","protected":false},"author":2,"featured_media":3960,"parent":704,"menu_order":0,"comment_status":"closed","ping_status":"closed","template":"","meta":{"footnotes":""},"class_list":["post-13614","page","type-page","status-publish","has-post-thumbnail","hentry"],"yoast_head":"<!-- This site is optimized with the Yoast SEO plugin v27.4 - https:\/\/yoast.com\/product\/yoast-seo-wordpress\/ -->\n<title>Community - Gradido<\/title>\n<meta name=\"description\" content=\"Aktuelles und Wissenswertes \u00fcber die neue Dankbarkeitsw\u00e4hrung\" \/>\n<meta name=\"robots\" content=\"index, follow, max-snippet:-1, max-image-preview:large, max-video-preview:-1\" \/>\n<link rel=\"canonical\" href=\"https:\/\/gradido.net\/sv\/blog\/community\/\" \/>\n<meta property=\"og:locale\" content=\"sv_SE\" \/>\n<meta property=\"og:type\" content=\"article\" \/>\n<meta property=\"og:title\" content=\"Community - Gradido\" \/>\n<meta property=\"og:description\" content=\"Aktuelles und Wissenswertes \u00fcber die neue Dankbarkeitsw\u00e4hrung\" \/>\n<meta property=\"og:url\" content=\"https:\/\/gradido.net\/sv\/blog\/community\/\" \/>\n<meta property=\"og:site_name\" content=\"Gradido\" \/>\n<meta property=\"article:modified_time\" content=\"2026-04-24T06:36:55+00:00\" \/>\n<meta property=\"og:image\" content=\"https:\/\/gradido.net\/wp-content\/uploads\/2022\/02\/blog.jpg\" \/>\n\t<meta property=\"og:image:width\" content=\"1920\" \/>\n\t<meta property=\"og:image:height\" content=\"450\" \/>\n\t<meta property=\"og:image:type\" content=\"image\/jpeg\" \/>\n<meta name=\"twitter:card\" content=\"summary_large_image\" \/>\n<meta name=\"twitter:label1\" content=\"Ber\u00e4knad l\u00e4stid\" \/>\n\t<meta name=\"twitter:data1\" content=\"20 minuter\" \/>\n<script type=\"application\/ld+json\" class=\"yoast-schema-graph\">{\"@context\":\"https:\\\/\\\/schema.org\",\"@graph\":[{\"@type\":\"WebPage\",\"@id\":\"https:\\\/\\\/gradido.net\\\/de\\\/blog\\\/community\\\/\",\"url\":\"https:\\\/\\\/gradido.net\\\/de\\\/blog\\\/community\\\/\",\"name\":\"Community - Gradido\",\"isPartOf\":{\"@id\":\"https:\\\/\\\/gradido.net\\\/de\\\/#website\"},\"primaryImageOfPage\":{\"@id\":\"https:\\\/\\\/gradido.net\\\/de\\\/blog\\\/community\\\/#primaryimage\"},\"image\":{\"@id\":\"https:\\\/\\\/gradido.net\\\/de\\\/blog\\\/community\\\/#primaryimage\"},\"thumbnailUrl\":\"https:\\\/\\\/gradido.net\\\/wp-content\\\/uploads\\\/2022\\\/02\\\/blog.jpg\",\"datePublished\":\"2026-04-24T06:24:38+00:00\",\"dateModified\":\"2026-04-24T06:36:55+00:00\",\"description\":\"Aktuelles und Wissenswertes \u00fcber die neue Dankbarkeitsw\u00e4hrung\",\"breadcrumb\":{\"@id\":\"https:\\\/\\\/gradido.net\\\/de\\\/blog\\\/community\\\/#breadcrumb\"},\"inLanguage\":\"sv-SE\",\"potentialAction\":[{\"@type\":\"ReadAction\",\"target\":[\"https:\\\/\\\/gradido.net\\\/de\\\/blog\\\/community\\\/\"]}]},{\"@type\":\"ImageObject\",\"inLanguage\":\"sv-SE\",\"@id\":\"https:\\\/\\\/gradido.net\\\/de\\\/blog\\\/community\\\/#primaryimage\",\"url\":\"https:\\\/\\\/gradido.net\\\/wp-content\\\/uploads\\\/2022\\\/02\\\/blog.jpg\",\"contentUrl\":\"https:\\\/\\\/gradido.net\\\/wp-content\\\/uploads\\\/2022\\\/02\\\/blog.jpg\",\"width\":1920,\"height\":450},{\"@type\":\"BreadcrumbList\",\"@id\":\"https:\\\/\\\/gradido.net\\\/de\\\/blog\\\/community\\\/#breadcrumb\",\"itemListElement\":[{\"@type\":\"ListItem\",\"position\":1,\"name\":\"Startseite\",\"item\":\"https:\\\/\\\/gradido.net\\\/\"},{\"@type\":\"ListItem\",\"position\":2,\"name\":\"Blog\",\"item\":\"https:\\\/\\\/gradido.net\\\/blog\\\/\"},{\"@type\":\"ListItem\",\"position\":3,\"name\":\"Community\"}]},{\"@type\":\"WebSite\",\"@id\":\"https:\\\/\\\/gradido.net\\\/de\\\/#website\",\"url\":\"https:\\\/\\\/gradido.net\\\/de\\\/\",\"name\":\"Gradido\",\"description\":\"Die neue W\u00e4hrung hei\u00dft Dankbarkeit\",\"publisher\":{\"@id\":\"https:\\\/\\\/gradido.net\\\/de\\\/#organization\"},\"potentialAction\":[{\"@type\":\"SearchAction\",\"target\":{\"@type\":\"EntryPoint\",\"urlTemplate\":\"https:\\\/\\\/gradido.net\\\/de\\\/?s={search_term_string}\"},\"query-input\":{\"@type\":\"PropertyValueSpecification\",\"valueRequired\":true,\"valueName\":\"search_term_string\"}}],\"inLanguage\":\"sv-SE\"},{\"@type\":\"Organization\",\"@id\":\"https:\\\/\\\/gradido.net\\\/de\\\/#organization\",\"name\":\"Gradido\",\"url\":\"https:\\\/\\\/gradido.net\\\/de\\\/\",\"logo\":{\"@type\":\"ImageObject\",\"inLanguage\":\"sv-SE\",\"@id\":\"https:\\\/\\\/gradido.net\\\/de\\\/#\\\/schema\\\/logo\\\/image\\\/\",\"url\":\"https:\\\/\\\/gradido.net\\\/wp-content\\\/uploads\\\/2022\\\/04\\\/gradido-social.jpg\",\"contentUrl\":\"https:\\\/\\\/gradido.net\\\/wp-content\\\/uploads\\\/2022\\\/04\\\/gradido-social.jpg\",\"width\":527,\"height\":273,\"caption\":\"Gradido\"},\"image\":{\"@id\":\"https:\\\/\\\/gradido.net\\\/de\\\/#\\\/schema\\\/logo\\\/image\\\/\"}}]}<\/script>\n<!-- \/ Yoast SEO plugin. -->","yoast_head_json":{"title":"Gemenskap - Gradido","description":"Nyheter och intressanta fakta om den nya tackvalutan","robots":{"index":"index","follow":"follow","max-snippet":"max-snippet:-1","max-image-preview":"max-image-preview:large","max-video-preview":"max-video-preview:-1"},"canonical":"https:\/\/gradido.net\/sv\/blog\/community\/","og_locale":"sv_SE","og_type":"article","og_title":"Community - Gradido","og_description":"Aktuelles und Wissenswertes \u00fcber die neue Dankbarkeitsw\u00e4hrung","og_url":"https:\/\/gradido.net\/sv\/blog\/community\/","og_site_name":"Gradido","article_modified_time":"2026-04-24T06:36:55+00:00","og_image":[{"width":1920,"height":450,"url":"https:\/\/gradido.net\/wp-content\/uploads\/2022\/02\/blog.jpg","type":"image\/jpeg"}],"twitter_card":"summary_large_image","twitter_misc":{"Ber\u00e4knad l\u00e4stid":"20 minuter"},"schema":{"@context":"https:\/\/schema.org","@graph":[{"@type":"WebPage","@id":"https:\/\/gradido.net\/de\/blog\/community\/","url":"https:\/\/gradido.net\/de\/blog\/community\/","name":"Gemenskap - Gradido","isPartOf":{"@id":"https:\/\/gradido.net\/de\/#website"},"primaryImageOfPage":{"@id":"https:\/\/gradido.net\/de\/blog\/community\/#primaryimage"},"image":{"@id":"https:\/\/gradido.net\/de\/blog\/community\/#primaryimage"},"thumbnailUrl":"https:\/\/gradido.net\/wp-content\/uploads\/2022\/02\/blog.jpg","datePublished":"2026-04-24T06:24:38+00:00","dateModified":"2026-04-24T06:36:55+00:00","description":"Nyheter och intressanta fakta om den nya tackvalutan","breadcrumb":{"@id":"https:\/\/gradido.net\/de\/blog\/community\/#breadcrumb"},"inLanguage":"sv-SE","potentialAction":[{"@type":"ReadAction","target":["https:\/\/gradido.net\/de\/blog\/community\/"]}]},{"@type":"ImageObject","inLanguage":"sv-SE","@id":"https:\/\/gradido.net\/de\/blog\/community\/#primaryimage","url":"https:\/\/gradido.net\/wp-content\/uploads\/2022\/02\/blog.jpg","contentUrl":"https:\/\/gradido.net\/wp-content\/uploads\/2022\/02\/blog.jpg","width":1920,"height":450},{"@type":"BreadcrumbList","@id":"https:\/\/gradido.net\/de\/blog\/community\/#breadcrumb","itemListElement":[{"@type":"ListItem","position":1,"name":"Startseite","item":"https:\/\/gradido.net\/"},{"@type":"ListItem","position":2,"name":"Blog","item":"https:\/\/gradido.net\/blog\/"},{"@type":"ListItem","position":3,"name":"Community"}]},{"@type":"WebSite","@id":"https:\/\/gradido.net\/de\/#website","url":"https:\/\/gradido.net\/de\/","name":"Gradido","description":"Den nya valutan \u00e4r tacksamhet","publisher":{"@id":"https:\/\/gradido.net\/de\/#organization"},"potentialAction":[{"@type":"SearchAction","target":{"@type":"EntryPoint","urlTemplate":"https:\/\/gradido.net\/de\/?s={search_term_string}"},"query-input":{"@type":"PropertyValueSpecification","valueRequired":true,"valueName":"search_term_string"}}],"inLanguage":"sv-SE"},{"@type":"Organization","@id":"https:\/\/gradido.net\/de\/#organization","name":"Gradido","url":"https:\/\/gradido.net\/de\/","logo":{"@type":"ImageObject","inLanguage":"sv-SE","@id":"https:\/\/gradido.net\/de\/#\/schema\/logo\/image\/","url":"https:\/\/gradido.net\/wp-content\/uploads\/2022\/04\/gradido-social.jpg","contentUrl":"https:\/\/gradido.net\/wp-content\/uploads\/2022\/04\/gradido-social.jpg","width":527,"height":273,"caption":"Gradido"},"image":{"@id":"https:\/\/gradido.net\/de\/#\/schema\/logo\/image\/"}}]}},"_links":{"self":[{"href":"https:\/\/gradido.net\/sv\/wp-json\/wp\/v2\/pages\/13614","targetHints":{"allow":["GET"]}}],"collection":[{"href":"https:\/\/gradido.net\/sv\/wp-json\/wp\/v2\/pages"}],"about":[{"href":"https:\/\/gradido.net\/sv\/wp-json\/wp\/v2\/types\/page"}],"author":[{"embeddable":true,"href":"https:\/\/gradido.net\/sv\/wp-json\/wp\/v2\/users\/2"}],"replies":[{"embeddable":true,"href":"https:\/\/gradido.net\/sv\/wp-json\/wp\/v2\/comments?post=13614"}],"version-history":[{"count":7,"href":"https:\/\/gradido.net\/sv\/wp-json\/wp\/v2\/pages\/13614\/revisions"}],"predecessor-version":[{"id":13622,"href":"https:\/\/gradido.net\/sv\/wp-json\/wp\/v2\/pages\/13614\/revisions\/13622"}],"up":[{"embeddable":true,"href":"https:\/\/gradido.net\/sv\/wp-json\/wp\/v2\/pages\/704"}],"wp:featuredmedia":[{"embeddable":true,"href":"https:\/\/gradido.net\/sv\/wp-json\/wp\/v2\/media\/3960"}],"wp:attachment":[{"href":"https:\/\/gradido.net\/sv\/wp-json\/wp\/v2\/media?parent=13614"}],"curies":[{"name":"wp","href":"https:\/\/api.w.org\/{rel}","templated":true}]}}