{"id":3,"date":"2020-07-20T14:01:02","date_gmt":"2020-07-20T12:01:02","guid":{"rendered":"http:\/\/neu.gradido.net\/?page_id=3"},"modified":"2024-10-19T17:29:28","modified_gmt":"2024-10-19T15:29:28","slug":"datenschutz","status":"publish","type":"page","link":"https:\/\/gradido.net\/sv\/datenschutz\/","title":{"rendered":"Uppgiftsskydd"},"content":{"rendered":"<div data-elementor-type=\"wp-page\" data-elementor-id=\"3\" class=\"elementor elementor-3\" data-elementor-post-type=\"page\">\n\t\t\t\t\t\t<section class=\"elementor-section elementor-top-section elementor-element elementor-element-5b5f22d elementor-section-full_width elementor-section-height-default elementor-section-height-default\" data-id=\"5b5f22d\" data-element_type=\"section\" data-e-type=\"section\">\n\t\t\t\t\t\t<div class=\"elementor-container elementor-column-gap-no\">\n\t\t\t\t\t<div class=\"elementor-column elementor-col-100 elementor-top-column elementor-element elementor-element-3b16e50\" data-id=\"3b16e50\" data-element_type=\"column\" data-e-type=\"column\">\n\t\t\t<div class=\"elementor-widget-wrap elementor-element-populated\">\n\t\t\t\t\t\t<div class=\"elementor-element elementor-element-c16d214 elementor--h-position-center elementor--v-position-middle elementor-arrows-position-inside elementor-widget elementor-widget-slides\" data-id=\"c16d214\" data-element_type=\"widget\" data-e-type=\"widget\" data-settings=\"{&quot;navigation&quot;:&quot;arrows&quot;,&quot;autoplay&quot;:&quot;yes&quot;,&quot;pause_on_hover&quot;:&quot;yes&quot;,&quot;pause_on_interaction&quot;:&quot;yes&quot;,&quot;autoplay_speed&quot;:5000,&quot;infinite&quot;:&quot;yes&quot;,&quot;transition&quot;:&quot;slide&quot;,&quot;transition_speed&quot;:500}\" data-widget_type=\"slides.default\">\n\t\t\t\t<div class=\"elementor-widget-container\">\n\t\t\t\t\t\t\t\t\t<div class=\"elementor-swiper\">\n\t\t\t\t\t<div class=\"elementor-slides-wrapper elementor-main-swiper swiper\" role=\"region\" aria-roledescription=\"carousel\" aria-label=\"\u0421\u043b\u0430\u0439\u0434\u043e\u0432\u0435\" dir=\"ltr\" data-animation=\"fadeInUp\" data-no-translation-aria-label=\"\">\n\t\t\t\t<div class=\"swiper-wrapper elementor-slides\">\n\t\t\t\t\t\t\t\t\t\t<div class=\"elementor-repeater-item-2de4990 swiper-slide\" role=\"group\" aria-roledescription=\"slide\"><div class=\"swiper-slide-bg\" role=\"img\" aria-label=\"slide-1\"><\/div><div class=\"swiper-slide-inner\" ><div class=\"swiper-slide-contents\"><\/div><\/div><\/div>\t\t\t\t<\/div>\n\t\t\t\t\t\t\t<\/div>\n\t\t\t\t<\/div>\n\t\t\t\t\t\t\t\t<\/div>\n\t\t\t\t<\/div>\n\t\t\t\t\t<\/div>\n\t\t<\/div>\n\t\t\t\t\t<\/div>\n\t\t<\/section>\n\t\t\t\t<section class=\"elementor-section elementor-top-section elementor-element elementor-element-2e8357b elementor-section-boxed elementor-section-height-default elementor-section-height-default\" data-id=\"2e8357b\" data-element_type=\"section\" data-e-type=\"section\" data-settings=\"{&quot;background_background&quot;:&quot;classic&quot;}\">\n\t\t\t\t\t\t<div class=\"elementor-container elementor-column-gap-default\">\n\t\t\t\t\t<div class=\"elementor-column elementor-col-100 elementor-top-column elementor-element elementor-element-205e0e7\" data-id=\"205e0e7\" data-element_type=\"column\" data-e-type=\"column\">\n\t\t\t<div class=\"elementor-widget-wrap elementor-element-populated\">\n\t\t\t\t\t\t<div class=\"elementor-element elementor-element-45992e9 elementor-widget elementor-widget-heading\" data-id=\"45992e9\" data-element_type=\"widget\" data-e-type=\"widget\" data-widget_type=\"heading.default\">\n\t\t\t\t<div class=\"elementor-widget-container\">\n\t\t\t\t\t<h1 class=\"elementor-heading-title elementor-size-default\">Integritetspolicy<br>\n<br><\/h1>\t\t\t\t<\/div>\n\t\t\t\t<\/div>\n\t\t\t\t\t<\/div>\n\t\t<\/div>\n\t\t\t\t\t<\/div>\n\t\t<\/section>\n\t\t\t\t<section class=\"elementor-section elementor-top-section elementor-element elementor-element-37c862b elementor-section-boxed elementor-section-height-default elementor-section-height-default\" data-id=\"37c862b\" data-element_type=\"section\" data-e-type=\"section\" data-settings=\"{&quot;background_background&quot;:&quot;classic&quot;}\">\n\t\t\t\t\t\t<div class=\"elementor-container elementor-column-gap-default\">\n\t\t\t\t\t<div class=\"elementor-column elementor-col-100 elementor-top-column elementor-element elementor-element-2b9f7e6\" data-id=\"2b9f7e6\" data-element_type=\"column\" data-e-type=\"column\">\n\t\t\t<div class=\"elementor-widget-wrap elementor-element-populated\">\n\t\t\t\t\t\t<div class=\"elementor-element elementor-element-c4106bb elementor-widget elementor-widget-text-editor\" data-id=\"c4106bb\" data-element_type=\"widget\" data-e-type=\"widget\" data-widget_type=\"text-editor.default\">\n\t\t\t\t<div class=\"elementor-widget-container\">\n\t\t\t\t\t\t\t\t\t<h2 class=\"p7\"><span class=\"s1\"><b>INTRODUKTION | F\u00d6RORD<\/b><\/span><\/h2><p class=\"p8\"><span class=\"s1\">Tack f\u00f6r ditt intresse f\u00f6r Gradido Academys webbplats. Alla bes\u00f6kares och kunders f\u00f6rtroende, s\u00e4kerheten f\u00f6r dina uppgifter och skyddet av din integritet \u00e4r viktigt f\u00f6r oss.<\/span><\/p><p class=\"p7\"><span class=\"s1\"><b>INNEH\u00c5LLET I DENNA INTEGRITETSPOLICY<\/b><\/span><\/p><p class=\"p8\"><span class=\"s1\">I det f\u00f6ljande vill vi f\u00f6rklara f\u00f6r dig vilka uppgifter som vi, i egenskap av leverant\u00f6r av denna webbplats, samlar in, behandlar och anv\u00e4nder, n\u00e4r och i vilket syfte. Vi f\u00f6rklarar hur v\u00e5ra digitala produkter och tj\u00e4nster fungerar och hur skyddet av dina personuppgifter garanteras.<\/span><\/p><p class=\"p8\"><span class=\"s1\">V\u00e5r sekretesspolicy \u00e4r uppdelad enligt f\u00f6ljande:<\/span><\/p><p class=\"p8\"><span class=\"s1\">Del 1: ALLM\u00c4NNA ANM\u00c4RKNINGAR<\/span><\/p><p class=\"p8\"><span class=\"s1\">Del 2: ANV\u00c4NDNING AV DENNA WEBBPLATS<\/span><\/p><p class=\"p8\"><span class=\"s1\">Del 3: COOKIES OCH VERKTYG F\u00d6R MARKNADSF\u00d6RING P\u00c5 N\u00c4TTSIDAN<\/span><\/p><p class=\"p8\"><span class=\"s1\">Del 4: INKLUSION AV TJ\u00c4NSTER OCH INNEH\u00c5LL FR\u00c5N TREDJEPARTER (TJ\u00c4NSTER OCH INNEH\u00c5LL FR\u00c5N TREDJEPARTER)<\/span><\/p><p class=\"p8\"><span class=\"s1\">Del 5: Knapparna f\u00f6r SOCIAL MEDIA PART BUTTONS<\/span><\/p><p class=\"p8\"><span class=\"s1\">Del 6: MEDLEMSKAP OCH AFFILIATER<\/span><\/p><p class=\"p8\"><span class=\"s1\">Del 7: S\u00c4KERHET<\/span><\/p><p class=\"p8\"><span class=\"s1\">Del 8: BER\u00d6RDA R\u00c4TTIGHETER<\/span><\/p><h2 class=\"p10\"><span class=\"s1\"><b>DEL 1: ALLM\u00c4N INFORMATION<\/b><\/span><\/h2><p class=\"p7\"><span class=\"s1\"><b>SCOPE<\/b><\/span><\/p><p class=\"p8\"><span class=\"s1\">Denna dataskyddsdeklaration informerar bes\u00f6kare och anv\u00e4ndare om typ, omfattning och syfte med insamling och anv\u00e4ndning av personuppgifter av den ansvariga leverant\u00f6ren av denna webbplats p\u00e5 webbplatsen <a href=\"https:\/\/gradido.net\/sv\/\">https:\/\/gradido.net<\/a>\u00a0(nedan kallat \"erbjudandet\").<\/span><\/p><p class=\"p8\"><span class=\"s1\">Dina personuppgifter kommer att skyddas inom ramen f\u00f6r de lagstadgade dataskyddsbest\u00e4mmelserna och behandlas i enlighet med denna dataskyddsdeklaration - enligt f\u00f6ljande:<\/span><\/p><p class=\"p3\"><span class=\"s1\">Denna dataskyddsdeklaration informerar dig om typen, omfattningen och syftet med behandlingen av personuppgifter (nedan kallade \"uppgifter\") inom v\u00e5rt onlineerbjudande och de webbplatser, funktioner och inneh\u00e5ll som \u00e4r kopplade till det samt externa onlineprestationer, t.ex. v\u00e5ra profiler i sociala medier (nedan gemensamt kallade \"onlineerbjudande\"). N\u00e4r det g\u00e4ller de termer som anv\u00e4nds, s\u00e5som \"behandling\" eller \"registeransvarig\", h\u00e4nvisar vi till f\u00f6ljande definitioner i artikel 4 i den allm\u00e4nna dataskyddsf\u00f6rordningen (GDPR).<\/span><\/p><p class=\"p3\"><span class=\"s1\">\u00a0<\/span><\/p><p class=\"p3\"><span class=\"s1\">Ansvarig f\u00f6r dataskydd<\/span><\/p><p class=\"p3\"><span class=\"s1\">Bernd H\u00fcckst\u00e4dt<\/span><\/p><p class=\"p3\"><span class=\"s1\">\u2105 Gradido Academy - Institutet f\u00f6r aff\u00e4rsbionik<\/span><\/p><p class=\"p3\"><span class=\"s1\">Grundare och utvecklare av Gradido<\/span><\/p><p class=\"p3\"><span class=\"s1\">Pfarrweg 2<\/span><\/p><p class=\"p3\"><span class=\"s1\">D 74653 K\u00fcnzelsau<\/span><\/p><p class=\"p3\"><span class=\"s1\">Tryck: https:\/\/gradido.de\/impressum\/<\/span><\/p><p class=\"p3\"><span class=\"s1\">\u00a0<\/span><\/p><p class=\"p7\"><span class=\"s1\"><b>DEFINITIONER AV TERMER<\/b><\/span><\/p><p class=\"p13\"><span class=\"s1\"><b>DEFINITION AV PERSONUPPGIFTER.<\/b><\/span><\/p><p class=\"p14\"><span class=\"s1\">Personuppgifter \u00e4r information som kan anv\u00e4ndas f\u00f6r att ta reda p\u00e5 din identitet, t.ex. ditt riktiga namn, din adress eller ditt telefonnummer.<\/span><\/p><p class=\"p14\"><span class=\"s1\">Det \u00e4r information med hj\u00e4lp av vilken en person kan fastst\u00e4llas, dvs. identifieras.<\/span><\/p><p class=\"p3\"><span class=\"s1\">En identifierbar fysisk person \u00e4r en person som direkt eller indirekt kan identifieras, s\u00e4rskilt genom h\u00e4nvisning till en identifierare s\u00e5som ett namn, ett identifikationsnummer, lokaliseringsuppgifter, en onlineidentifierare (t.ex. en cookie) eller till en eller flera faktorer som \u00e4r specifika f\u00f6r den fysiska personens fysiska, fysiologiska, genetiska, mentala, ekonomiska, kulturella eller sociala identitet. Personuppgifter omfattar d\u00e4rf\u00f6r ocks\u00e5 till exempel preferenser, hobbies, medlemskap eller vilka webbplatser som n\u00e5gon har bes\u00f6kt.<\/span><\/p><p class=\"p13\"><span class=\"s1\"><b>F\u00d6RARBETNING<\/b><\/span><\/p><p class=\"p3\"><span class=\"s1\"><b>\"Bearbetning\"<\/b>\u00a0\u00e4r varje \u00e5tg\u00e4rd eller upps\u00e4ttning \u00e5tg\u00e4rder som utf\u00f6rs med eller utan hj\u00e4lp av automatiserade processer och som r\u00f6r personuppgifter. Begreppet \u00e4r brett och omfattar praktiskt taget all hantering av data.<\/span><\/p><p class=\"p13\"><span class=\"s1\"><b>TYPER AV PERSONUPPGIFTER SOM BEHANDLAS<\/b><\/span><\/p><p class=\"p3\"><span class=\"s1\">- Inventeringsuppgifter (t.ex. namn, adresser).<\/span><\/p><p class=\"p3\"><span class=\"s1\">- Kontaktuppgifter (t.ex. e-post, telefonnummer).<\/span><\/p><p class=\"p3\"><span class=\"s1\">- Inneh\u00e5llsdata (t.ex. textinmatning, fotografier, videor).<\/span><\/p><p class=\"p3\"><span class=\"s1\">- Anv\u00e4ndaruppgifter (t.ex. bes\u00f6kta webbplatser, intresse f\u00f6r inneh\u00e5ll, \u00e5tkomsttider).<\/span><\/p><p class=\"p3\"><span class=\"s1\">- Metadata\/kommunikationsdata (t.ex. enhetsinformation, IP-adresser).<\/span><\/p><p class=\"p13\"><span class=\"s1\"><b>KATEGORIER AV BER\u00d6RDA PERSONER.<\/b><\/span><\/p><p class=\"p3\"><span class=\"s1\">Bes\u00f6kare och anv\u00e4ndare av online-erbjudandet<\/span><\/p><p class=\"p3\"><span class=\"s1\">I det f\u00f6ljande h\u00e4nvisar vi ocks\u00e5 till de ber\u00f6rda personerna kollektivt som \"anv\u00e4ndare\".<\/span><\/p><p class=\"p13\"><span class=\"s1\"><b>SYFTET MED BEHANDLINGEN.<\/b><\/span><\/p><p class=\"p3\"><span class=\"s1\">- Tillhandah\u00e5llande av onlineerbjudandet, dess funktioner och inneh\u00e5ll.<\/span><\/p><p class=\"p3\"><span class=\"s1\">- Svara p\u00e5 kontaktf\u00f6rfr\u00e5gningar och kommunicera med anv\u00e4ndare.<\/span><\/p><p class=\"p3\"><span class=\"s1\">- S\u00e4kerhets\u00e5tg\u00e4rder.<\/span><\/p><p class=\"p3\"><span class=\"s1\">- M\u00e4tning av r\u00e4ckvidd\/marknadsf\u00f6ring<\/span><\/p><p class=\"p3\"><span class=\"s1\">\u00a0<\/span><\/p><p class=\"p13\"><span class=\"s1\"><b>PERSONUPPGIFTSANSVARIG<\/b><\/span><\/p><p class=\"p3\"><span class=\"s1\">Som\u00a0<b>\"Ansvarig person\"<\/b>\u00a0den fysiska eller juridiska person, myndighet, byr\u00e5 eller annat organ som ensam eller tillsammans med andra best\u00e4mmer \u00e4ndam\u00e5len och medlen f\u00f6r behandlingen av personuppgifter.<\/span><\/p><p class=\"p7\"><span class=\"s1\"><b>R\u00c4TTSLIG GRUND F\u00d6R BEHANDLINGEN AV PERSONUPPGIFTER<\/b><\/span><\/p><p class=\"p14\"><span class=\"s1\">Om den r\u00e4ttsliga grunden f\u00f6r enskilda verktyg inte n\u00e4mns s\u00e4rskilt i denna dataskyddsdeklaration informerar vi dig om den r\u00e4ttsliga grunden f\u00f6r v\u00e5r databehandling i enlighet med artikel 13 i DSGVO p\u00e5 f\u00f6ljande s\u00e4tt:<\/span><\/p><ul class=\"ul1\"><li class=\"li8\"><span class=\"s4\">Den r\u00e4ttsliga grunden f\u00f6r att inh\u00e4mta samtycke \u00e4r artikel 6.1 a och artikel 7 i DSGVO,<\/span><\/li><li class=\"li8\"><span class=\"s4\">Den r\u00e4ttsliga grunden f\u00f6r behandlingen f\u00f6r att uppfylla v\u00e5ra tj\u00e4nster och genomf\u00f6ra avtals\u00e5tg\u00e4rder samt f\u00f6r att svara p\u00e5 f\u00f6rfr\u00e5gningar \u00e4r artikel 6.1 b i DSGVO,<\/span><\/li><li class=\"li8\"><span class=\"s4\">Den r\u00e4ttsliga grunden f\u00f6r behandlingen f\u00f6r att uppfylla v\u00e5ra r\u00e4ttsliga skyldigheter \u00e4r artikel 6.1 c i DSGVO.<\/span><\/li><li class=\"li8\"><span class=\"s4\">Den r\u00e4ttsliga grunden f\u00f6r behandling f\u00f6r att skydda v\u00e5ra legitima intressen \u00e4r artikel 6.1 f i DSGVO.<\/span><\/li><li class=\"li8\"><span class=\"s4\">Om den registrerades eller en annan fysisk persons vitala intressen g\u00f6r det n\u00f6dv\u00e4ndigt att behandla personuppgifter, utg\u00f6r artikel 6.1 d i DSGVO den r\u00e4ttsliga grunden.<\/span><\/li><\/ul><p class=\"p7\"><span class=\"s1\"><b>SAMARBETE MED UPPDRAGSBITR\u00c4DEN OCH TREDJE PARTER.<\/b><\/span><\/p><p class=\"p14\"><span class=\"s1\">Om vi i samband med v\u00e5r behandling l\u00e4mnar ut uppgifter till andra personer och f\u00f6retag (orderbehandlare eller tredje part), \u00f6verf\u00f6r dem till dem eller p\u00e5 annat s\u00e4tt ger dem tillg\u00e5ng till uppgifterna, sker detta endast p\u00e5 grundval av ett lagligt tillst\u00e5nd (t.ex. om \u00f6verf\u00f6ring av uppgifter till tredje part, t.ex. till betaltj\u00e4nstleverant\u00f6rer, \u00e4r n\u00f6dv\u00e4ndig f\u00f6r att fullg\u00f6ra avtalet enligt artikel 6.1 b i DSGVO), om du har gett ditt samtycke, om det finns en r\u00e4ttslig f\u00f6rpliktelse eller om det \u00e4r p\u00e5 grundval av v\u00e5ra legitima intressen (t.ex. vid anv\u00e4ndning av agenter, webbhotell osv.).<\/span><\/p><p class=\"p14\"><span class=\"s1\">Om vi ger tredje part i uppdrag att behandla uppgifter p\u00e5 grundval av ett s\u00e5 kallat \"avtal om orderbehandling\" sker detta p\u00e5 grundval av artikel 28 i DSGVO.<\/span><\/p><p class=\"p7\"><span class=\"s1\"><b>\u00d6VERF\u00d6RING TILL TREDJE LAND<\/b><\/span><\/p><p class=\"p14\"><span class=\"s1\">Om vi behandlar uppgifter i ett tredjeland (dvs. utanf\u00f6r Europeiska unionen (EU) eller Europeiska ekonomiska samarbetsomr\u00e5det (EES)) eller om detta sker i samband med anv\u00e4ndning av tj\u00e4nster fr\u00e5n tredje part eller utl\u00e4mnande eller \u00f6verf\u00f6ring av uppgifter till tredje part, g\u00f6rs detta endast om det sker f\u00f6r att uppfylla v\u00e5ra (f\u00f6r)avtalsenliga skyldigheter, p\u00e5 grundval av ditt samtycke, p\u00e5 grund av en r\u00e4ttslig f\u00f6rpliktelse eller p\u00e5 grundval av v\u00e5ra legitima intressen. Med f\u00f6rbeh\u00e5ll f\u00f6r r\u00e4ttsliga eller avtalsm\u00e4ssiga tillst\u00e5nd behandlar vi eller till\u00e5ter behandling av uppgifter i ett tredje land endast om de s\u00e4rskilda kraven i artikel 44 ff. DSGVO uppfylls. Detta inneb\u00e4r att behandlingen utf\u00f6rs till exempel p\u00e5 grundval av s\u00e4rskilda garantier, s\u00e5som officiellt erk\u00e4nd fastst\u00e4llelse av en uppgiftsskyddsniv\u00e5 som motsvarar EU:s (t.ex. f\u00f6r USA genom \"Privacy Shield\") eller efterlevnad av officiellt erk\u00e4nda s\u00e4rskilda avtalsf\u00f6rpliktelser (s.k. standardavtalsklausuler).<\/span><\/p><p class=\"p14\"><span class=\"s1\"><b>HANTERING AV PERSONUPPGIFTER<\/b><\/span><\/p><p class=\"p14\"><span class=\"s1\">Personuppgifter samlas endast in, anv\u00e4nds och \u00f6verf\u00f6rs till tredje part av leverant\u00f6ren om detta \u00e4r till\u00e5tet enligt lag eller om du som anv\u00e4ndare samtycker till behandlingen.<\/span><\/p><p class=\"p14\"><span class=\"s1\">Vi samlar in personuppgifter - s\u00e5som namn och adress - till exempel n\u00e4r du k\u00f6per en produkt f\u00f6r att kunna fakturera dig. Dessa och andra personuppgifter kommer ocks\u00e5 att \u00f6verf\u00f6ras till tredje part - t.ex. ett finansinstitut - om en motsvarande betalningsmetod har valts, i den m\u00e5n detta \u00e4r n\u00f6dv\u00e4ndigt f\u00f6r att behandla betalningen och hantera avtalet.<\/span><\/p><p class=\"p14\"><span class=\"s1\">Personuppgifter kan ocks\u00e5 endast l\u00e4mnas vidare till tredje part om det finns ett lagstadgat eller r\u00e4ttsligt tillst\u00e5nd eller om vi involverar tredje part som har tystnadsplikt f\u00f6r att h\u00e4vda v\u00e5ra r\u00e4ttigheter.<\/span><\/p><p class=\"p14\"><span class=\"s1\"><b>F\u00d6RETAGSRELATERAD BEARBETNING.<\/b><\/span><\/p><p class=\"p14\"><span class=\"s1\">Dessutom behandlas f\u00f6ljande<span class=\"Apple-converted-space\">\u00a0\u00a0<\/span>- Uppgifter om avtal (t.ex. avtalets f\u00f6rem\u00e5l, villkor, kundkategori). - Betalningsuppgifter (t.ex. bankuppgifter, betalningshistorik) fr\u00e5n v\u00e5ra kunder, intressenter och aff\u00e4rspartner f\u00f6r att tillhandah\u00e5lla avtalstj\u00e4nster, service och kundv\u00e5rd, marknadsf\u00f6ring, reklam och marknadsunders\u00f6kningar.<\/span><\/p><h2 class=\"p10\"><span class=\"s1\"><b>DEL 2: ANV\u00c4NDNING AV V\u00c5R WEBBPLATS<\/b><\/span><\/h2><p class=\"p8\"><span class=\"s1\"><b>BES\u00d6K V\u00c5R WEBBPLATS<\/b><\/span><\/p><p class=\"p17\"><span class=\"s1\">I princip kan du bes\u00f6ka v\u00e5r webbplats utan att l\u00e4mna n\u00e5gra personuppgifter. Vi vill p\u00e5peka att data\u00f6verf\u00f6ring p\u00e5 Internet inte kan skyddas helt mot \u00e5tkomst av tredje part.<\/span><\/p><p class=\"p8\"><span class=\"s1\"><b>LOG DATA<\/b><\/span><\/p><p class=\"p8\"><span class=\"s1\">Den automatiska insamlingen och lagringen av logguppgifter hos v\u00e5r leverant\u00f6r av internettj\u00e4nster (leverant\u00f6r) omfattar f\u00f6ljande information:<\/span><\/p><p class=\"p8\"><span class=\"s1\">-datum och bes\u00f6ksdatum f\u00f6r den webbadress som bes\u00f6karen befinner sig p\u00e5.<\/span><\/p><p class=\"p8\"><span class=\"s1\">-URL som bes\u00f6karen har bes\u00f6kt omedelbart f\u00f6re<\/span><\/p><p class=\"p8\"><span class=\"s1\">-Browser som anv\u00e4nds<\/span><\/p><p class=\"p8\"><span class=\"s1\">-Operationssystem som anv\u00e4nds<\/span><\/p><p class=\"p8\"><span class=\"s1\">Bes\u00f6karens IP-adress och v\u00e4rdnamn.<\/span><\/p><p class=\"p8\"><span class=\"s1\">\u00d6verf\u00f6ringen av dessa uppgifter till oss sker automatiskt. Dina uppgifter kan inte tilldelas din person.<\/span><\/p><p class=\"p8\"><span class=\"s1\"><b>KONTAKTA OSS VIA E-POST ELLER TELEFON<\/b><\/span><\/p><p class=\"p8\"><span class=\"s1\">N\u00e4r du kontaktar oss i egenskap av leverant\u00f6r av webbplatsen (t.ex. via e-post eller telefon) lagras dina uppgifter i v\u00e5rt operativsystem f\u00f6r att kunna behandla f\u00f6rfr\u00e5gan och f\u00f6r att kunna svara p\u00e5 eventuella f\u00f6ljdfr\u00e5gor.<\/span><\/p><p class=\"p8\"><span class=\"s1\">Om din f\u00f6rfr\u00e5gan har besvarats eller om den applikation eller tj\u00e4nst du beg\u00e4rt har tillhandah\u00e5llits, raderas dina uppgifter n\u00e4r applikationen eller tj\u00e4nsten avslutas, s\u00e5vida du inte frivilligt vill f\u00e5 ytterligare produkter eller information fr\u00e5n oss och samtycker till fortsatt anv\u00e4ndning av dina uppgifter f\u00f6r dessa \u00e4ndam\u00e5l. \u00c4ven om du har gett ditt samtycke har du ocks\u00e5 r\u00e4tt att n\u00e4r som helst beg\u00e4ra att dina uppgifter raderas (se del 8<b>\u00a0<\/b>i denna sekretesspolicy).<\/span><\/p><p class=\"p7\"><span class=\"s1\"><b>KOMMENTARER OCH BIDRAG<\/b><\/span><\/p><p class=\"p8\"><span class=\"s1\">Som anv\u00e4ndare kan du skriva kommentarer p\u00e5 bloggen p\u00e5 v\u00e5r webbplats. N\u00e4r du skriver bloggkommentarer anonymiseras den IP-adress du anger omedelbart. Offentligg\u00f6randet av de inkommande kommentarerna \u00e4r dock beroende av att v\u00e5r administrat\u00f6r sl\u00e4pper kommentarerna. Syftet med denna kontroll \u00e4r att f\u00f6rhindra att olagligt inneh\u00e5ll publiceras p\u00e5 v\u00e5ra sidor.<\/span><\/p><p class=\"p8\"><span class=\"s1\">Som f\u00f6rfattare av kommentarer kan du ange ditt riktiga namn eller en pseudonym i f\u00e4ltet f\u00f6r namn. Du kan ocks\u00e5 v\u00e4lja att inte ange n\u00e5got namn alls. Din e-postadress kommer inte att visas n\u00e4r kommentaren publiceras p\u00e5 v\u00e5r webbplats.<\/span><\/p><p class=\"p8\"><span class=\"s1\">De uppgifter som \u00f6verf\u00f6rs n\u00e4r du skickar en kommentar, t.ex. din e-postadress, det namn du anger och i f\u00f6rekommande fall den webbadress du anger och den kommentar du skickar, lagras permanent p\u00e5 v\u00e5r server, varvid endast den utskickade kommentaren, i f\u00f6rekommande fall med namnet, \u00e4r offentligt synlig p\u00e5 v\u00e5r webbplats. Behandlingen av dessa personuppgifter grundar sig p\u00e5 ditt f\u00f6rhandsgodk\u00e4nnande enligt artikel 6.1 S.1 a). Du kan n\u00e4r som helst \u00e5terkalla detta samtycke med verkan f\u00f6r framtiden (se del 8 i denna dataskyddsdeklaration).<\/span><\/p><p class=\"p7\"><span class=\"s1\"><b>INTEGRERING AV TJ\u00c4NSTER OCH INNEH\u00c5LL FR\u00c5N TREDJE PART<\/b><\/span><\/p><p class=\"p8\"><span class=\"s1\">Det kan h\u00e4nda att inneh\u00e5ll fr\u00e5n tredje part, t.ex. videor fr\u00e5n YouTube, kartor fr\u00e5n Google Maps, RSS-fl\u00f6den eller grafik fr\u00e5n andra webbplatser, integreras i detta onlineerbjudande. Detta kr\u00e4ver alltid att leverant\u00f6rerna av detta inneh\u00e5ll (nedan kallade \"tredjepartsleverant\u00f6rer\") \u00e4r medvetna om anv\u00e4ndarens IP-adress. Utan IP-adressen kan de inte skicka inneh\u00e5llet till respektive anv\u00e4ndares webbl\u00e4sare. IP-adressen \u00e4r d\u00e4rf\u00f6r n\u00f6dv\u00e4ndig f\u00f6r att inneh\u00e5llet ska kunna presenteras. Vi str\u00e4var efter att endast anv\u00e4nda inneh\u00e5ll vars respektive leverant\u00f6rer endast anv\u00e4nder IP-adressen f\u00f6r att leverera inneh\u00e5llet. Vi har dock inget inflytande \u00f6ver om tredjepartsleverant\u00f6rerna lagrar IP-adressen, t.ex. f\u00f6r statistiska \u00e4ndam\u00e5l. Om vi f\u00e5r k\u00e4nnedom om detta informerar vi anv\u00e4ndarna om det.<\/span><\/p><p class=\"p8\"><span class=\"s1\"><b>ANV\u00c4NDNING AV EXTERNA L\u00c4NKAR<\/b><\/span><\/p><p class=\"p8\"><span class=\"s1\">Vi anv\u00e4nder l\u00e4nkar p\u00e5 v\u00e5ra webbplatser till externa sidor och deras inneh\u00e5ll finns inte p\u00e5 v\u00e5r server. Det externa inneh\u00e5llet i dessa l\u00e4nkar kontrollerades n\u00e4r l\u00e4nkarna sattes in. Det kan dock inte uteslutas att inneh\u00e5llet senare har \u00e4ndrats av respektive leverant\u00f6r. Om du m\u00e4rker att inneh\u00e5llet hos de externa leverant\u00f6rerna bryter mot g\u00e4llande lagstiftning, var v\u00e4nlig och meddela mig detta. Den h\u00e4r sekretesspolicyn g\u00e4ller endast f\u00f6r inneh\u00e5ll som finns p\u00e5 servrarna hos v\u00e5r leverant\u00f6r av webbutrymme.<\/span><\/p><h2 class=\"p19\"><span class=\"s1\"><b>DEL 3: COOKIES OCH VERKTYG F\u00d6R MARKNADSF\u00d6RING ONLINE<\/b><\/span><\/h2><p class=\"p1\"><span class=\"s1\"><b>Cookies och m\u00e4tning av r\u00e4ckvidd<\/b><\/span><\/p><p class=\"p2\"><span class=\"s1\">Cookies \u00e4r information som \u00f6verf\u00f6rs fr\u00e5n v\u00e5r webbserver eller tredje parts webbserver till anv\u00e4ndarens webbl\u00e4sare och lagras d\u00e4r f\u00f6r att senare h\u00e4mtas. Anv\u00e4ndarna informeras om anv\u00e4ndningen av cookies i samband med pseudonym r\u00e4ckviddsm\u00e4tning inom ramen f\u00f6r denna dataskyddsf\u00f6rklaring.<\/span><\/p><p class=\"p2\"><span class=\"s1\">Det \u00e4r ocks\u00e5 m\u00f6jligt att titta p\u00e5 detta onlineerbjudande utan cookies. Om anv\u00e4ndarna inte vill att cookies ska lagras p\u00e5 deras dator uppmanas de att avaktivera motsvarande alternativ i webbl\u00e4sarens systeminst\u00e4llningar. Lagrade cookies kan raderas i webbl\u00e4sarens systeminst\u00e4llningar. Om du utesluter cookies kan det leda till funktionella begr\u00e4nsningar av detta onlineerbjudande.<\/span><\/p><p class=\"p2\"><span class=\"s1\">Det \u00e4r m\u00f6jligt att se m\u00e5nga annonscookies fr\u00e5n f\u00f6retag via den amerikanska webbplatsen\u00a0<a href=\"http:\/\/www.aboutads.info\/choices\"><span class=\"s2\">http:\/\/www.aboutads.info\/choices<\/span><\/a>\u00a0eller p\u00e5 EU:s sida\u00a0<a href=\"http:\/\/www.youronlinechoices.com\/uk\/your-ad-choices\/\"><span class=\"s2\">http:\/\/www.youronlinechoices.com\/uk\/your-ad-choices\/<\/span><\/a>\u00a0f\u00f6r att hantera.<\/span><\/p><p class=\"p7\"><span class=\"s1\"><b>ANV\u00c4NDNING AV NYHETSBREVSUTSKICK<\/b><\/span><\/p><p class=\"p8\"><span class=\"s1\">F\u00f6r att kunna skicka nyhetsbrev med vilka vi informerar dig om Gradido Academy och v\u00e5ra erbjudanden anv\u00e4nder vi en plattform f\u00f6r distribution av nyhetsbrev via e-post.<\/span><\/p><p class=\"p8\"><span class=\"s1\">Om du vill prenumerera p\u00e5 Gradido Academys nyhetsbrev och l\u00e4sa det regelbundet kr\u00e4vs att du registrerar dig med en giltig e-postadress. Du kan n\u00e4r som helst avregistrera dig fr\u00e5n nyhetsbrevet. Anv\u00e4nd den l\u00e4nk som finns i nyhetsbrevet f\u00f6r detta \u00e4ndam\u00e5l.<\/span><\/p><p class=\"p8\"><span class=\"s1\">Innan nyhetsbrevet skickas m\u00e5ste du uttryckligen bekr\u00e4fta f\u00f6r oss inom ramen f\u00f6r det s\u00e5 kallade dubbla opt-in-f\u00f6rfarandet att vi f\u00e5r aktivera nyhetsbrevstj\u00e4nsten f\u00f6r dig. F\u00f6r detta \u00e4ndam\u00e5l kommer du att f\u00e5 ett bekr\u00e4ftelse- och auktoriseringsmejl fr\u00e5n oss d\u00e4r vi ber dig klicka p\u00e5 l\u00e4nken i mejlet och p\u00e5 s\u00e5 s\u00e4tt bekr\u00e4fta att du vill ta emot v\u00e5rt nyhetsbrev. Inga ytterligare uppgifter kommer att samlas in. Vi anv\u00e4nder denna e-postadress uteslutande f\u00f6r att leverera nyhetsbrevet om du inte uttryckligen har samtyckt till annan anv\u00e4ndning i samband med dubbel opt-in-f\u00f6rfarandet eller senare.<\/span><\/p><p class=\"p8\"><span class=\"s1\">N\u00e4r du registrerar dig f\u00f6r nyhetsbrevet sparar v\u00e5rt system f\u00f6r leverans av nyhetsbrevet din IP-adress och datumet f\u00f6r registreringen. Denna lagring tj\u00e4nar endast som bevis i h\u00e4ndelse av att en tredje part missbrukar en e-postadress och registrerar sig f\u00f6r att f\u00e5 nyhetsbrevet utan den beh\u00f6riga personens vetskap.<\/span><\/p><p class=\"p8\"><span class=\"s1\">Nyhetsbrevet skickas med hj\u00e4lp av \"<b>Klickspets<\/b>\", en plattform f\u00f6r distribution av nyhetsbrev fr\u00e5n leverant\u00f6ren\u00a0<b>KLICK-TIPP LIMITED, 15 Cambridge Court, 210 Shepherd's Bush Road, London W6 7NJ, Storbritannien.<\/b><\/span><\/p><p class=\"p8\"><span class=\"s1\">E-postadresserna till mottagarna av v\u00e5rt nyhetsbrev samt andra uppgifter som beskrivs i detta meddelande lagras p\u00e5 Klick-Tipps servrar. Klick-Tipp anv\u00e4nder denna information f\u00f6r att skicka och utv\u00e4rdera nyhetsbrevet f\u00f6r v\u00e5r r\u00e4kning. Klick-Tipp kan dessutom, enligt egen information, anv\u00e4nda dessa uppgifter f\u00f6r att optimera eller f\u00f6rb\u00e4ttra sina egna tj\u00e4nster, t.ex. f\u00f6r att tekniskt optimera utskick och presentation av nyhetsbreven eller f\u00f6r ekonomiska syften f\u00f6r att fastst\u00e4lla fr\u00e5n vilka l\u00e4nder mottagarna kommer. Klick-Tipp anv\u00e4nder dock inte uppgifterna om mottagarna av v\u00e5ra nyhetsbrev f\u00f6r att skriva till dem eller f\u00f6r att vidarebefordra dem till tredje part.<\/span><\/p><p class=\"p8\"><span class=\"s1\">Vi litar p\u00e5 Klick-Tipps tillf\u00f6rlitlighet och IT- och datas\u00e4kerhet. Klick-Tipp f\u00f6rbinder sig att f\u00f6lja EU:s dataskyddsbest\u00e4mmelser. Dessutom har vi ing\u00e5tt ett avtal om orderhantering med Klick-Tipp. Detta \u00e4r ett avtal d\u00e4r Klick-Tipp f\u00f6rbinder sig att skydda v\u00e5ra anv\u00e4ndares uppgifter, att behandla dem f\u00f6r v\u00e5r r\u00e4kning i enlighet med dess best\u00e4mmelser om dataskydd och i synnerhet att inte l\u00e4mna dem vidare till tredje part. Du kan l\u00e4sa Klick-Tipps sekretesspolicy h\u00e4r:\u00a0<a href=\"https:\/\/www.klick-tipp.com\/datenschutzerkl%C3%A4rung\"><span class=\"s2\">https:\/\/www.klick-tipp.com\/datenschutzerkl\u00e4rung<\/span><\/a><\/span><\/p><p class=\"p7\"><span class=\"s1\"><b>ANV\u00c4NDNING AV STATIFY<\/b><\/span><\/p><p class=\"p8\"><span class=\"s1\">F\u00f6r att kunna m\u00e4ta hur ofta vissa sidor \u00e4r uppringda och hur attraktiva de \u00e4r f\u00f6r anv\u00e4ndaren anv\u00e4nder vi analysverktyget Statify, som utvecklats som \u00f6ppen k\u00e4llkod av Pluginkollektiv (<a href=\"https:\/\/de.wordpress.org\/plugins\/statify\/\">https:\/\/de.wordpress.org\/plugins\/statify\/<\/a>).<\/span><\/p><p class=\"p8\"><span class=\"s1\">Statify ger en kompakt \u00f6versikt \u00f6ver antalet sidvisningar och lagrar eller behandlar inga personuppgifter, t.ex. IP-adresser. Statifys statistiska utv\u00e4rdering av de mest bes\u00f6kta sidorna g\u00f6rs genom att r\u00e4kna sidvisningar, inte genom att r\u00e4kna bes\u00f6kare. Dessutom lagras sidvisningarna endast under en begr\u00e4nsad tidsperiod (standard: tv\u00e5 veckor), som kan justeras individuellt.<\/span><\/p><p class=\"p8\"><span class=\"s1\">Genom att utv\u00e4rdera antalet klick p\u00e5 v\u00e5ra sidor har vi m\u00f6jlighet att kontinuerligt f\u00f6rb\u00e4ttra v\u00e5rt onlineutbud f\u00f6r anv\u00e4ndarna.<\/span><\/p><h2 class=\"p19\"><span class=\"s1\"><b>DEL 4: INTEGRERING AV EXTERNA TJ\u00c4NSTER + INNEH\u00c5LL<\/b><\/span><\/h2><p class=\"p8\"><span class=\"s1\"><b>ANV\u00c4NDNING AV YOUTUBE-VIDEOR.<\/b><\/span><\/p><p class=\"p8\"><span class=\"s1\">Vi anv\u00e4nder bland annat leverant\u00f6ren YouTube f\u00f6r att integrera videor. YouTube drivs av YouTube LLC med huvudkontor p\u00e5 901 Cherry Avenue, San Bruno, CA 94066, USA. YouTube f\u00f6retr\u00e4ds av Google Inc. med huvudkontor p\u00e5 1600 Amphitheatre Parkway, Mountain View, CA 94043, USA.<\/span><\/p><p class=\"p8\"><span class=\"s1\">P\u00e5 vissa av v\u00e5ra webbsidor anv\u00e4nder vi plugins fr\u00e5n leverant\u00f6ren YouTube. N\u00e4r du \u00f6ppnar webbsidor p\u00e5 v\u00e5r webbplats som \u00e4r utrustade med ett s\u00e5dant plugin - till exempel v\u00e5rt mediebibliotek - uppr\u00e4ttas en anslutning till YouTube-servrarna och plugin-modulen visas. P\u00e5 s\u00e5 s\u00e4tt skickas det till YouTube-servern vilka av v\u00e5ra webbsidor du har bes\u00f6kt. Om du \u00e4r inloggad som YouTube-medlem tilldelar YouTube denna information till ditt personliga anv\u00e4ndarkonto. N\u00e4r du anv\u00e4nder insticksprogrammet, t.ex. genom att klicka p\u00e5 startknappen i en video, tilldelas denna information ocks\u00e5 ditt anv\u00e4ndarkonto. Du kan f\u00f6rhindra detta genom att logga ut fr\u00e5n ditt YouTube-anv\u00e4ndarkonto och andra anv\u00e4ndarkonton hos f\u00f6retagen YouTube LLC och Google Inc. innan du anv\u00e4nder v\u00e5r webbplats och genom att radera f\u00f6retagens motsvarande cookies.<\/span><\/p><p class=\"p8\"><span class=\"s1\">Ytterligare information om databehandling och anteckningar om dataskydd fr\u00e5n YouTube (Google) finns p\u00e5 www.google.de\/intl\/de\/policies\/privacy\/.<\/span><\/p><p class=\"p8\"><span class=\"s1\"><b>\u00a0<\/b><\/span><\/p><p class=\"p8\"><span class=\"s1\"><b>ANV\u00c4NDNING AV VIDEOR FR\u00c5N VIMEO<\/b><\/span><\/p><p class=\"p8\"><span class=\"s1\">Vi anv\u00e4nder bland annat leverant\u00f6ren Vimeo f\u00f6r att integrera videor. Vimeo drivs av Vimeo, LLC med huvudkontor p\u00e5 555 West 18th Street, New York, New York 10011.<\/span><\/p><p class=\"p8\"><span class=\"s1\">Vi anv\u00e4nder plugins fr\u00e5n leverant\u00f6ren Vimeo p\u00e5 vissa av v\u00e5ra webbsidor. N\u00e4r du \u00f6ppnar webbsidor p\u00e5 v\u00e5r webbplats som \u00e4r utrustade med ett s\u00e5dant plugin - till exempel v\u00e5rt mediebibliotek - uppr\u00e4ttas en anslutning till Vimeos servrar och plugin-modulen visas. Detta \u00f6verf\u00f6r till Vimeos server vilka av v\u00e5ra webbsidor du har bes\u00f6kt. Om du \u00e4r inloggad som Vimeo-medlem tilldelar Vimeo denna information till ditt personliga anv\u00e4ndarkonto. N\u00e4r du anv\u00e4nder insticksprogrammet, t.ex. genom att klicka p\u00e5 startknappen i en video, tilldelas denna information ocks\u00e5 ditt anv\u00e4ndarkonto. Du kan f\u00f6rhindra detta genom att logga ut fr\u00e5n ditt Vimeo-anv\u00e4ndarkonto innan du anv\u00e4nder v\u00e5r webbplats och radera motsvarande cookies fr\u00e5n Vimeo.<\/span><\/p><p class=\"p8\"><span class=\"s1\">Ytterligare information om databehandling och Vimeos anteckningar om dataskydd finns p\u00e5 https:\/\/vimeo.com\/privacy.<\/span><\/p><h2 class=\"p19\"><span class=\"s1\"><b>DEL 5: KNAPPAR F\u00d6R DELNING I SOCIALA MEDIER<\/b><\/span><\/h2><p class=\"p7\"><span class=\"s1\"><b>N\u00c4RVARO P\u00c5 N\u00c4TET I SOCIALA MEDIER<\/b><\/span><\/p><p class=\"p8\"><span class=\"s1\">Vi uppr\u00e4tth\u00e5ller online-n\u00e4rvaro p\u00e5 sociala n\u00e4tverk och plattformar f\u00f6r att kunna kommunicera med kunder, intressenter och anv\u00e4ndare som \u00e4r aktiva d\u00e4r och informera dem om v\u00e5ra tj\u00e4nster d\u00e4r. N\u00e4r du ringer upp respektive n\u00e4tverk och plattformar g\u00e4ller respektive operat\u00f6rs villkor och riktlinjer f\u00f6r databehandling.<\/span><\/p><p class=\"p8\"><span class=\"s1\">Om inget annat anges i v\u00e5r sekretesspolicy behandlar vi anv\u00e4ndarnas uppgifter om de kommunicerar med oss i sociala n\u00e4tverk och plattformar, t.ex. n\u00e4r de skriver inl\u00e4gg p\u00e5 v\u00e5ra online-n\u00e4tverk eller skickar meddelanden till oss d\u00e4r.<\/span><\/p><p class=\"p8\"><span class=\"s1\"><b>ANV\u00c4NDNING AV DELNINGSFUNKTIONEN F\u00d6R SOCIALA N\u00c4TVERK (SHARIFF)<\/b><\/span><\/p><p class=\"p3\"><span class=\"s1\">Vi anv\u00e4nder c't-projektet \"Shariff\" p\u00e5 v\u00e5r webbplats. \"Shariff ers\u00e4tter de vanliga delningsknapparna i de sociala n\u00e4tverken och skyddar d\u00e4rmed surfbeteendet.<\/span><\/p><p class=\"p3\"><span class=\"s1\">\"Shariff\" integrerar dessa delningsknappar fr\u00e5n de sociala n\u00e4tverken p\u00e5 v\u00e5r webbplats endast som en grafik som inneh\u00e5ller en l\u00e4nk till motsvarande sociala n\u00e4tverk. Genom att klicka p\u00e5 motsvarande bild kommer du att omdirigeras till tj\u00e4nsterna i respektive n\u00e4tverk. Shariff-knappen skapar endast direktkontakt mellan det sociala n\u00e4tverket och v\u00e5ra bes\u00f6kare n\u00e4r bes\u00f6karen aktivt klickar p\u00e5 Share-knappen. F\u00f6rst d\u00e4refter \u00f6verf\u00f6rs dina uppgifter till respektive socialt n\u00e4tverk. Om du d\u00e4remot inte klickar p\u00e5 Shariff-knappen sker inget utbyte mellan dig och de sociala n\u00e4tverken. Mer information om c't-projektet \"Shariff\" finns p\u00e5 https:\/\/www.heise.de\/ct\/artikel\/Shariff-Social-Media-Buttons-mit-Datenschutz-2467514.html.<\/span><\/p><p class=\"p3\"><span class=\"s1\">Vi integrerar f\u00f6ljande sociala n\u00e4tverk med \"Shariff\" p\u00e5 v\u00e5r webbplats:<\/span><\/p><ul class=\"ul1\"><li class=\"li3\"><span class=\"s1\">Facebook Inc. (1601 S. California Ave - Palo Alto - CA 94304 - USA)<\/span><\/li><li class=\"li3\"><span class=\"s1\">Twitter Inc. (795 Folsom St. - Suite 600 - San Francisco - CA 94107 - USA)<\/span><\/li><li class=\"li3\"><span class=\"s1\">Google Plus\/Google Inc. (1600 Amphitheatre Parkway - Mountain View - CA 94043 - USA)<\/span><\/li><li class=\"li3\"><span class=\"s1\">Pinterest (Pinterest Inc. - 635 High Street - Palo Alto - CA, 94301 - USA)<\/span><\/li><\/ul><h2 class=\"p10\"><span class=\"s1\"><b>DEL 6: MEDLEMSOMR\u00c5DEN OCH PARTNERPROGRAM<\/b><\/span><\/h2><p class=\"p7\"><span class=\"s1\"><b>ANV\u00c4NDNING AV ABLEFY F\u00d6R GRADIDO COMMUNITY<\/b><\/span><\/p><p class=\"p7\"><span class=\"s1\">Vi erbjuder ett flerniv\u00e5medlemskap i Gradido-communityn f\u00f6r de som \u00e4r intresserade av att l\u00e4ra sig mer om Gradido-konceptet och bli Gradido-ambassad\u00f6r. F\u00f6r att kunna erbjuda dessa medlemsomr\u00e5den anv\u00e4nder vi tj\u00e4nsten ablefy.<\/span><\/p><p class=\"p7\"><span class=\"s1\">De m\u00f6jliga medlemskapen i Gradido-COMMUNITY beskrivs p\u00e5 v\u00e5r sida \"Community\". S\u00e5 snart du klickar p\u00e5 en knapp p\u00e5 denna sida f\u00f6r att registrera dig f\u00f6r ett av dessa medlemskap, kommer du att l\u00e4mna v\u00e5r webbplats och omdirigeras till v\u00e5ra individuella sidor f\u00f6r ablefy-medlemsomr\u00e5den som skapats f\u00f6r detta \u00e4ndam\u00e5l.<\/span><\/p><p class=\"p7\"><span class=\"s1\">ablefy \u00e4r ett varum\u00e4rke som tillh\u00f6r Elopage GmbH:<\/span><\/p><p class=\"p7\"><span class=\"s1\">elopay GmbH<\/span><\/p><p class=\"p7\"><span class=\"s1\">Joachimsthaler Street 21<\/span><\/p><p class=\"p7\"><span class=\"s1\">10719 Berlin<\/span><\/p><p class=\"p7\"><span class=\"s1\">Alla funktioner p\u00e5 ablefys medlemssidor och den tillh\u00f6rande betalningshanteringen utf\u00f6rs via ablefy. F\u00f6ljaktligen g\u00e4ller dataskyddsbest\u00e4mmelserna f\u00f6r ablefy f\u00f6r dessa processer. Du kan hitta integritetspolicyn f\u00f6r ablefy h\u00e4r: https:\/\/myablefy.com\/privacy<\/span><\/p><p class=\"p7\"><span class=\"s1\">Den r\u00e4ttsliga grunden f\u00f6r behandlingen av personuppgifter vid vidarebefordran fr\u00e5n v\u00e5r webbplats till f\u00f6rs\u00e4ljningssidan via ablefy f\u00f6ljer i det aktuella fallet av artikel 6.1 mening 1 lit. b).<\/span><\/p><p><strong>BETALNINGSHANTERING OCH LEVERANS AV DIGITALA PRODUKTER VIA NAMOTTO.LAB.<\/strong><\/p><p class=\"p1\"><span class=\"s1\">Betalningar behandlas och digitala produkter levereras via namotto.lab. Du hittar namottos integritetspolicy h\u00e4r: https:\/\/namotto.de\/privacy<\/span><\/p><p class=\"p1\"><span class=\"s1\">namotto.lab \u00e4r en tj\u00e4nst av:<\/span><\/p><p class=\"p1\"><span class=\"s1\">namotto.lab<\/span><\/p><p class=\"p1\"><span class=\"s1\">Inv\u00e5nare Tolga Oenal<\/span><\/p><p class=\"p1\"><span class=\"s1\">Uhlandstrasse 154<\/span><\/p><p class=\"p1\"><span class=\"s1\">10719 Berlin<\/span><\/p><p class=\"p1\"><span class=\"s1\">Vi har ing\u00e5tt ett motsvarande avtal med namotto.lab som v\u00e5r processor i enlighet med artikel 28 i GDPR. Den r\u00e4ttsliga grunden f\u00f6r behandlingen av personuppgifter vid vidarebefordran fr\u00e5n v\u00e5r webbplats till f\u00f6rs\u00e4ljningssidan via ablefy f\u00f6ljer i det aktuella fallet av artikel 6.1 mening 1 lit. b).<\/span><\/p><p class=\"p7\"><span class=\"s1\"><b>Utnyttjande av f\u00f6rm\u00e5ner f\u00f6r affilierade partner (partnerprogram)<\/b><\/span><\/p><p class=\"p7\"><span class=\"s1\">Vi erbjuder ocks\u00e5 ett partnerprogram f\u00f6r annonseringspartner. Om du lyckas annonsera f\u00f6r ett medlemskap i Gradido Academy f\u00e5r annonseringspartnerna en provision.<\/span><\/p><p class=\"p7\"><span class=\"s1\">F\u00f6r att kunna erbjuda dig detta affiliateprogram anv\u00e4nder vi oss av tj\u00e4nsten ablefy.<span class=\"Apple-converted-space\">\u00a0 \u00a0<\/span><\/span><\/p><p class=\"p7\"><span class=\"s1\">Gradidos affiliateprogram beskrivs p\u00e5 v\u00e5r sida \"Affiliateprogram\". S\u00e5 snart du klickar p\u00e5 en knapp p\u00e5 denna sida med vilken du vill registrera dig f\u00f6r affiliateprogrammet som annonspartner, kommer du att l\u00e4mna v\u00e5r webbplats och omdirigeras till v\u00e5ra individuella sidor som har skapats av ablefy f\u00f6r detta \u00e4ndam\u00e5l.<\/span><\/p><p class=\"p7\"><span class=\"s1\">ablefy \u00e4r en tj\u00e4nst fr\u00e5n:<\/span><\/p><p class=\"p7\"><span class=\"s1\">elopay GmbH<\/span><\/p><p class=\"p7\"><span class=\"s1\">Joachimsthaler Street 21<\/span><\/p><p class=\"p7\"><span class=\"s1\">10719 Berlin<\/span><\/p><p class=\"p7\"><span class=\"s1\">Alla funktioner p\u00e5 ablefys affiliate-sidor och den tillh\u00f6rande betalningshanteringen utf\u00f6rs via ablefy. F\u00f6ljaktligen g\u00e4ller dataskyddsbest\u00e4mmelserna f\u00f6r ablefy f\u00f6r dessa processer. Integritetspolicyn f\u00f6r ablefy kan hittas <\/span><span class=\"s2\">h\u00e4r.<span class=\"Apple-converted-space\"> https:\/\/myablefy.com\/privacy<\/span><\/span><\/p><p class=\"p7\"><span class=\"s1\">Den r\u00e4ttsliga grunden f\u00f6r behandlingen av personuppgifter vid vidarebefordran fr\u00e5n v\u00e5r webbplats till affiliate-sidan p\u00e5 ablefy f\u00f6ljer i det aktuella fallet av den frivilliga karakt\u00e4ren av deltagande i partnerprogrammet och av artikel 6.1 mening 1 lit. f).<\/span><\/p><h2 class=\"p10\"><span class=\"s1\"><b>DEL 7: S\u00c4KERHET<\/b><\/span><\/h2><p class=\"p7\"><span class=\"s1\"><b>SYSTEM- OCH INFORMATIONSS\u00c4KERHET<\/b><\/span><\/p><p class=\"p8\"><span class=\"s1\">Vi skyddar v\u00e5r webbplats och andra system genom tekniska och organisatoriska \u00e5tg\u00e4rder mot f\u00f6rlust, f\u00f6rst\u00f6relse, \u00e5tkomst, \u00e4ndring eller spridning av lagrade uppgifter av obeh\u00f6riga personer. Trots kontrollerna \u00e4r det dock inte m\u00f6jligt att skydda sig fullst\u00e4ndigt mot alla faror. P\u00e5 grund av enbart anslutningen till Internet och de tekniska m\u00f6jligheter som f\u00f6ljer av detta kan ingen garanti ges f\u00f6r att inneh\u00e5llet och informationsfl\u00f6det inte kommer att ses och registreras av tredje part.<\/span><\/p><p class=\"p7\"><span class=\"s1\"><b>KRYPTERING GENOM SSL<\/b><\/span><\/p><p class=\"p8\"><span class=\"s1\">Av s\u00e4kerhetssk\u00e4l anv\u00e4nder vi SSL-kryptering (Secure Sockets Layer) f\u00f6r v\u00e5r webbplats. Detta skyddar de \u00f6verf\u00f6rda uppgifterna och f\u00f6rhindrar att de kan l\u00e4sas av tredje part. Du kan k\u00e4nna igen en lyckad kryptering genom att protokollbeteckningen i webbl\u00e4sarens statusf\u00e4lt \u00e4ndras fr\u00e5n \"http:\/\/\" till \"https:\/\/\" och att en st\u00e4ngd l\u00e5ssymbol syns d\u00e4r.<\/span><\/p><h2 class=\"p10\"><span class=\"s1\"><b>DEL 8: DEN REGISTRERADES R\u00c4TTIGHETER<\/b><\/span><\/h2><p class=\"p8\"><span class=\"s1\"><b>RADERING AV UPPGIFTER<\/b><\/span><\/p><p class=\"p3\"><span class=\"s1\">De uppgifter som behandlas av oss kommer att raderas eller begr\u00e4nsas i sin behandling i enlighet med artiklarna 17 och 18 i DSGVO. Om det inte uttryckligen anges inom ramen f\u00f6r denna dataskyddsdeklaration raderas de uppgifter som vi lagrar s\u00e5 snart de inte l\u00e4ngre beh\u00f6vs f\u00f6r det avsedda \u00e4ndam\u00e5let och raderingen inte strider mot eventuella lagstadgade skyldigheter att bevara uppgifter. Om uppgifterna inte raderas eftersom de beh\u00f6vs f\u00f6r andra och lagligt till\u00e5tna \u00e4ndam\u00e5l, kommer behandlingen av dem att begr\u00e4nsas. Det vill s\u00e4ga att uppgifterna blockeras och inte behandlas f\u00f6r andra \u00e4ndam\u00e5l. Detta g\u00e4ller t.ex. uppgifter som m\u00e5ste bevaras av handels- eller skattelagstiftningssk\u00e4l.<\/span><\/p><p class=\"p3\"><span class=\"s1\">Enligt de r\u00e4ttsliga kraven i Tyskland ska lagringen ske i sex \u00e5r enligt \u00a7 257.1 HGB (aff\u00e4rsb\u00f6cker, inventarier, ing\u00e5ende balanser, \u00e5rsbokslut, aff\u00e4rsbrev, bokf\u00f6ringsverifikationer etc.) och i tio \u00e5r enligt \u00a7 147.1 AO (b\u00f6cker, register, f\u00f6rvaltningsber\u00e4ttelser, bokf\u00f6ringsverifikationer, handels- och aff\u00e4rsbrev, dokument som \u00e4r relevanta f\u00f6r beskattning etc.).<\/span><\/p><p class=\"p8\"><span class=\"s1\"><b>BER\u00d6RDA PERSONERS R\u00c4TTIGHETER<\/b><\/span><\/p><p class=\"p8\"><span class=\"s1\"><b>R\u00c4TT TILL INFORMATION<\/b><\/span><\/p><p class=\"p3\"><span class=\"s1\">Du har r\u00e4tt att beg\u00e4ra en bekr\u00e4ftelse p\u00e5 om uppgifterna i fr\u00e5ga behandlas och att f\u00e5 information om dessa uppgifter samt ytterligare information och en kopia av uppgifterna i enlighet med artikel 15 i DSGVO.<\/span><\/p><p class=\"p8\"><span class=\"s1\"><b>R\u00c4TT TILL R\u00c4TTELSE<\/b><\/span><\/p><p class=\"p3\"><span class=\"s1\">I enlighet med artikel 16 i DSGVO har du r\u00e4tt att beg\u00e4ra att uppgifterna om dig kompletteras eller att felaktiga uppgifter om dig korrigeras.<\/span><\/p><p class=\"p8\"><span class=\"s1\"><b>R\u00c4TT TILL \u00c5TERKALLELSE<\/b><\/span><\/p><p class=\"p3\"><span class=\"s1\">Du har r\u00e4tt att \u00e5terkalla det samtycke som beviljats i enlighet med artikel 7.3 i DSGVO med verkan f\u00f6r framtiden.<\/span><\/p><p class=\"p8\"><span class=\"s1\"><b>R\u00c4TT TILL INV\u00c4NDNINGAR<\/b><\/span><\/p><p class=\"p3\"><span class=\"s1\">Du kan n\u00e4r som helst inv\u00e4nda mot framtida behandling av uppgifter om dig i enlighet med artikel 21 i DSGVO. Inv\u00e4ndningen kan s\u00e4rskilt g\u00f6ras mot behandling f\u00f6r direkt marknadsf\u00f6ring.<\/span><\/p><p class=\"p8\"><span class=\"s1\"><b>L\u00c5SNINGS- OCH CLEARANCE-R\u00c4TTIGHETER.<\/b><\/span><\/p><p class=\"p3\"><span class=\"s1\">I enlighet med artikel 17 i GDPR har du r\u00e4tt att kr\u00e4va att de ber\u00f6rda uppgifterna raderas utan dr\u00f6jsm\u00e5l eller alternativt att kr\u00e4va att behandlingen av uppgifterna begr\u00e4nsas i enlighet med artikel 18 i GDPR. Anv\u00e4ndaren har r\u00e4tt att sp\u00e4rra och radera sina personuppgifter, i den m\u00e5n detta inte strider mot n\u00e5gon r\u00e4ttslig skyldighet att beh\u00e5lla uppgifter.<\/span><\/p><p class=\"p8\"><span class=\"s1\"><b>R\u00c4TT TILL \u00d6VERF\u00d6RING<\/b><\/span><\/p><p class=\"p3\"><span class=\"s1\">Du har r\u00e4tt att beg\u00e4ra att f\u00e5 de uppgifter om dig som du har l\u00e4mnat till oss i enlighet med artikel 20 i GDPR och att beg\u00e4ra att de \u00f6verf\u00f6rs till andra registeransvariga.<\/span><\/p><p class=\"p8\"><span class=\"s1\"><b>R\u00c4TT ATT \u00d6VERKLAGA<\/b><\/span><\/p><p class=\"p3\"><span class=\"s1\">Du har ocks\u00e5 r\u00e4tt att l\u00e4mna in ett klagom\u00e5l till den beh\u00f6riga tillsynsmyndigheten i enlighet med artikel 77 i DSGVO.<\/span><\/p><p class=\"p8\"><span class=\"s1\"><b>UT\u00d6VANDE AV ANV\u00c4NDARR\u00c4TTIGHETER<\/b><\/span><\/p><p class=\"p8\"><span class=\"s1\">Anv\u00e4ndaren kan ocks\u00e5 kontakta oss via e-post f\u00f6r att ut\u00f6va sina r\u00e4ttigheter, t.ex. f\u00f6r att \u00e5terkalla ett l\u00e4mnat samtycke eller f\u00f6r att inv\u00e4nda mot en viss anv\u00e4ndning av uppgifter:<\/span><\/p><p class=\"p8\"><span class=\"s1\"><b>akademie@gradido.net<\/b><\/span><\/p><p class=\"p8\"><span class=\"s1\">Ansvarig f\u00f6r dataskydd:<\/span><\/p><p class=\"p8\"><span class=\"s1\">Bernd H\u00fcckst\u00e4dt<\/span><\/p><p class=\"p8\"><span class=\"s1\">Pfarrweg 2<\/span><\/p><p class=\"p8\"><span class=\"s1\">74653 K\u00fcnzelsau<\/span><\/p><p class=\"p8\"><span class=\"s1\">E-post: support{\u00e4t}<span class=\"s2\">gradido.net<\/span><\/span><\/p><p class=\"p8\"><span class=\"s1\"><b>INV\u00c4NDNINGAR P\u00c5 DINA EGNA V\u00c4GNAR MOT REKLAMMEJL<\/b><\/span><\/p><p class=\"p8\"><span class=\"s1\">Som en del av den obligatoriska leverant\u00f6rsidentifieringen enligt \u00a7 5 TMG (tysk telemedielag) har vi publicerat allm\u00e4nna kontaktuppgifter och en e-postadress i avtrycket p\u00e5 v\u00e5r webbplats. Vi mots\u00e4tter oss h\u00e4rmed anv\u00e4ndningen av dessa kontaktuppgifter f\u00f6r o\u00f6nskad s\u00e4ndning av informationsmaterial, reklam eller skr\u00e4ppost som vi inte uttryckligen har beg\u00e4rt.<\/span><\/p><p class=\"p8\">Vi anv&auml;nder samtyckesverktyget &quot;Real Cookie Banner&quot; f&ouml;r att hantera de cookies och liknande tekniker (sp&aring;rningspixlar, webbfyrar etc.) som anv&auml;nds och de relaterade samtyckena. Detaljer om hur &quot;Real Cookie Banner&quot; fungerar finns p&aring; &lt;a href=&quot;\/sv\/&ldquo;https:\/\/devowl.io\/de\/rcb\/datenverarbeitung\/&ldquo;\/&quot; rel=&quot;&ldquo;noreferrer&ldquo;&quot; target=&quot;&ldquo;_blank&ldquo;&quot;&gt;https:\/\/devowl.io\/de\/rcb\/datenverarbeitung\/&lt;\/a&gt;.<\/p><p class=\"p8\">Den r\u00e4ttsliga grunden f\u00f6r behandlingen av personuppgifter i detta sammanhang \u00e4r artikel 6.1 c i DS-GVO och artikel 6.1 f i DS-GVO. V\u00e5rt legitima intresse \u00e4r hanteringen av de cookies och liknande tekniker som anv\u00e4nds och de relaterade samtyckena.<\/p><p class=\"p8\">Tillhandah\u00e5llandet av personuppgifter \u00e4r varken avtalsenligt eller n\u00f6dv\u00e4ndigt f\u00f6r att ing\u00e5 ett avtal. Du \u00e4r inte skyldig att tillhandah\u00e5lla personuppgifterna. Om du inte l\u00e4mnar personuppgifterna kommer vi inte att kunna hantera dina samtycken.<\/p><p class=\"p8\"><span class=\"s1\">Senast uppdaterad den: 2.11.2023<\/span><\/p>\t\t\t\t\t\t\t\t<\/div>\n\t\t\t\t<\/div>\n\t\t\t\t\t<\/div>\n\t\t<\/div>\n\t\t\t\t\t<\/div>\n\t\t<\/section>\n\t\t\t\t<\/div>","protected":false},"excerpt":{"rendered":"<p>Datenschutzerkl\u00e4rung EINLEITUNG | VORWORT Wir freuen uns \u00fcber Ihr Interesse an dem Internetauftritt der Gradido Akademie. Das Vertrauen aller Besucher und Kunden und die Sicherheit Ihrer Daten und der Schutz Ihrer Privatsph\u00e4re sind uns ein wichtiges Anliegen. INHALT DIESER DATENSCHUTZERKL\u00c4RUNG Nachfolgend m\u00f6chten wir Ihnen erl\u00e4utern, welche Daten wir als Anbieter dieser Web-Site wann und zu [&hellip;]<\/p>\n","protected":false},"author":1,"featured_media":233,"parent":0,"menu_order":0,"comment_status":"closed","ping_status":"closed","template":"","meta":{"footnotes":""},"class_list":["post-3","page","type-page","status-publish","has-post-thumbnail","hentry"],"yoast_head":"<!-- This site is optimized with the Yoast SEO plugin v27.5 - https:\/\/yoast.com\/product\/yoast-seo-wordpress\/ -->\n<title>Datenschutz - Gradido<\/title>\n<meta name=\"description\" content=\"Wir freuen uns \u00fcber Ihr Interesse an dem Internetauftritt der Gradido Akademie. Das Vertrauen aller Besucher und Kunden und die Sicherheit Ihrer Daten und der Schutz Ihrer Privatsph\u00e4re sind uns ein wichtiges Anliegen\" \/>\n<meta name=\"robots\" content=\"index, follow, max-snippet:-1, max-image-preview:large, max-video-preview:-1\" \/>\n<link rel=\"canonical\" href=\"https:\/\/gradido.net\/sv\/datenschutz\/\" \/>\n<meta property=\"og:locale\" content=\"sv_SE\" \/>\n<meta property=\"og:type\" content=\"article\" \/>\n<meta property=\"og:title\" content=\"Datenschutz - Gradido\" \/>\n<meta property=\"og:description\" content=\"Wir freuen uns \u00fcber Ihr Interesse an dem Internetauftritt der Gradido Akademie. Das Vertrauen aller Besucher und Kunden und die Sicherheit Ihrer Daten und der Schutz Ihrer Privatsph\u00e4re sind uns ein wichtiges Anliegen\" \/>\n<meta property=\"og:url\" content=\"https:\/\/gradido.net\/sv\/datenschutz\/\" \/>\n<meta property=\"og:site_name\" content=\"Gradido\" \/>\n<meta property=\"article:modified_time\" content=\"2024-10-19T15:29:28+00:00\" \/>\n<meta property=\"og:image\" content=\"https:\/\/gradido.net\/wp-content\/uploads\/2020\/08\/slide-1.jpg\" \/>\n\t<meta property=\"og:image:width\" content=\"1920\" \/>\n\t<meta property=\"og:image:height\" content=\"900\" \/>\n\t<meta property=\"og:image:type\" content=\"image\/jpeg\" \/>\n<meta name=\"twitter:card\" content=\"summary_large_image\" \/>\n<meta name=\"twitter:label1\" content=\"Ber\u00e4knad l\u00e4stid\" \/>\n\t<meta name=\"twitter:data1\" content=\"23 minuter\" \/>\n<script type=\"application\/ld+json\" class=\"yoast-schema-graph\">{\"@context\":\"https:\\\/\\\/schema.org\",\"@graph\":[{\"@type\":\"WebPage\",\"@id\":\"https:\\\/\\\/gradido.net\\\/en\\\/datenschutz\\\/\",\"url\":\"https:\\\/\\\/gradido.net\\\/en\\\/datenschutz\\\/\",\"name\":\"Datenschutz - Gradido\",\"isPartOf\":{\"@id\":\"https:\\\/\\\/gradido.net\\\/de\\\/#website\"},\"primaryImageOfPage\":{\"@id\":\"https:\\\/\\\/gradido.net\\\/en\\\/datenschutz\\\/#primaryimage\"},\"image\":{\"@id\":\"https:\\\/\\\/gradido.net\\\/en\\\/datenschutz\\\/#primaryimage\"},\"thumbnailUrl\":\"https:\\\/\\\/gradido.net\\\/wp-content\\\/uploads\\\/2020\\\/08\\\/slide-1.jpg\",\"datePublished\":\"2020-07-20T12:01:02+00:00\",\"dateModified\":\"2024-10-19T15:29:28+00:00\",\"description\":\"Wir freuen uns \u00fcber Ihr Interesse an dem Internetauftritt der Gradido Akademie. Das Vertrauen aller Besucher und Kunden und die Sicherheit Ihrer Daten und der Schutz Ihrer Privatsph\u00e4re sind uns ein wichtiges Anliegen\",\"breadcrumb\":{\"@id\":\"https:\\\/\\\/gradido.net\\\/en\\\/datenschutz\\\/#breadcrumb\"},\"inLanguage\":\"sv-SE\",\"potentialAction\":[{\"@type\":\"ReadAction\",\"target\":[\"https:\\\/\\\/gradido.net\\\/en\\\/datenschutz\\\/\"]}]},{\"@type\":\"ImageObject\",\"inLanguage\":\"sv-SE\",\"@id\":\"https:\\\/\\\/gradido.net\\\/en\\\/datenschutz\\\/#primaryimage\",\"url\":\"https:\\\/\\\/gradido.net\\\/wp-content\\\/uploads\\\/2020\\\/08\\\/slide-1.jpg\",\"contentUrl\":\"https:\\\/\\\/gradido.net\\\/wp-content\\\/uploads\\\/2020\\\/08\\\/slide-1.jpg\",\"width\":1920,\"height\":900},{\"@type\":\"BreadcrumbList\",\"@id\":\"https:\\\/\\\/gradido.net\\\/en\\\/datenschutz\\\/#breadcrumb\",\"itemListElement\":[{\"@type\":\"ListItem\",\"position\":1,\"name\":\"Startseite\",\"item\":\"https:\\\/\\\/gradido.net\\\/\"},{\"@type\":\"ListItem\",\"position\":2,\"name\":\"Datenschutz\"}]},{\"@type\":\"WebSite\",\"@id\":\"https:\\\/\\\/gradido.net\\\/de\\\/#website\",\"url\":\"https:\\\/\\\/gradido.net\\\/de\\\/\",\"name\":\"Gradido\",\"description\":\"Die neue W\u00e4hrung hei\u00dft Dankbarkeit\",\"publisher\":{\"@id\":\"https:\\\/\\\/gradido.net\\\/de\\\/#organization\"},\"potentialAction\":[{\"@type\":\"SearchAction\",\"target\":{\"@type\":\"EntryPoint\",\"urlTemplate\":\"https:\\\/\\\/gradido.net\\\/de\\\/?s={search_term_string}\"},\"query-input\":{\"@type\":\"PropertyValueSpecification\",\"valueRequired\":true,\"valueName\":\"search_term_string\"}}],\"inLanguage\":\"sv-SE\"},{\"@type\":\"Organization\",\"@id\":\"https:\\\/\\\/gradido.net\\\/de\\\/#organization\",\"name\":\"Gradido\",\"url\":\"https:\\\/\\\/gradido.net\\\/de\\\/\",\"logo\":{\"@type\":\"ImageObject\",\"inLanguage\":\"sv-SE\",\"@id\":\"https:\\\/\\\/gradido.net\\\/de\\\/#\\\/schema\\\/logo\\\/image\\\/\",\"url\":\"https:\\\/\\\/gradido.net\\\/wp-content\\\/uploads\\\/2022\\\/04\\\/gradido-social.jpg\",\"contentUrl\":\"https:\\\/\\\/gradido.net\\\/wp-content\\\/uploads\\\/2022\\\/04\\\/gradido-social.jpg\",\"width\":527,\"height\":273,\"caption\":\"Gradido\"},\"image\":{\"@id\":\"https:\\\/\\\/gradido.net\\\/de\\\/#\\\/schema\\\/logo\\\/image\\\/\"}}]}<\/script>\n<!-- \/ Yoast SEO plugin. -->","yoast_head_json":{"title":"Sekretess - Gradido","description":"Tack f\u00f6r ditt intresse f\u00f6r Gradido Academys webbplats. F\u00f6rtroendet f\u00f6r alla bes\u00f6kare och kunder samt s\u00e4kerheten f\u00f6r dina uppgifter och skyddet av din integritet \u00e4r viktigt f\u00f6r oss.","robots":{"index":"index","follow":"follow","max-snippet":"max-snippet:-1","max-image-preview":"max-image-preview:large","max-video-preview":"max-video-preview:-1"},"canonical":"https:\/\/gradido.net\/sv\/datenschutz\/","og_locale":"sv_SE","og_type":"article","og_title":"Datenschutz - Gradido","og_description":"Wir freuen uns \u00fcber Ihr Interesse an dem Internetauftritt der Gradido Akademie. Das Vertrauen aller Besucher und Kunden und die Sicherheit Ihrer Daten und der Schutz Ihrer Privatsph\u00e4re sind uns ein wichtiges Anliegen","og_url":"https:\/\/gradido.net\/sv\/datenschutz\/","og_site_name":"Gradido","article_modified_time":"2024-10-19T15:29:28+00:00","og_image":[{"width":1920,"height":900,"url":"https:\/\/gradido.net\/wp-content\/uploads\/2020\/08\/slide-1.jpg","type":"image\/jpeg"}],"twitter_card":"summary_large_image","twitter_misc":{"Ber\u00e4knad l\u00e4stid":"23 minuter"},"schema":{"@context":"https:\/\/schema.org","@graph":[{"@type":"WebPage","@id":"https:\/\/gradido.net\/en\/datenschutz\/","url":"https:\/\/gradido.net\/en\/datenschutz\/","name":"Sekretess - Gradido","isPartOf":{"@id":"https:\/\/gradido.net\/de\/#website"},"primaryImageOfPage":{"@id":"https:\/\/gradido.net\/en\/datenschutz\/#primaryimage"},"image":{"@id":"https:\/\/gradido.net\/en\/datenschutz\/#primaryimage"},"thumbnailUrl":"https:\/\/gradido.net\/wp-content\/uploads\/2020\/08\/slide-1.jpg","datePublished":"2020-07-20T12:01:02+00:00","dateModified":"2024-10-19T15:29:28+00:00","description":"Tack f\u00f6r ditt intresse f\u00f6r Gradido Academys webbplats. F\u00f6rtroendet f\u00f6r alla bes\u00f6kare och kunder samt s\u00e4kerheten f\u00f6r dina uppgifter och skyddet av din integritet \u00e4r viktigt f\u00f6r oss.","breadcrumb":{"@id":"https:\/\/gradido.net\/en\/datenschutz\/#breadcrumb"},"inLanguage":"sv-SE","potentialAction":[{"@type":"ReadAction","target":["https:\/\/gradido.net\/en\/datenschutz\/"]}]},{"@type":"ImageObject","inLanguage":"sv-SE","@id":"https:\/\/gradido.net\/en\/datenschutz\/#primaryimage","url":"https:\/\/gradido.net\/wp-content\/uploads\/2020\/08\/slide-1.jpg","contentUrl":"https:\/\/gradido.net\/wp-content\/uploads\/2020\/08\/slide-1.jpg","width":1920,"height":900},{"@type":"BreadcrumbList","@id":"https:\/\/gradido.net\/en\/datenschutz\/#breadcrumb","itemListElement":[{"@type":"ListItem","position":1,"name":"Startseite","item":"https:\/\/gradido.net\/"},{"@type":"ListItem","position":2,"name":"Datenschutz"}]},{"@type":"WebSite","@id":"https:\/\/gradido.net\/de\/#website","url":"https:\/\/gradido.net\/de\/","name":"Gradido","description":"Den nya valutan \u00e4r tacksamhet","publisher":{"@id":"https:\/\/gradido.net\/de\/#organization"},"potentialAction":[{"@type":"SearchAction","target":{"@type":"EntryPoint","urlTemplate":"https:\/\/gradido.net\/de\/?s={search_term_string}"},"query-input":{"@type":"PropertyValueSpecification","valueRequired":true,"valueName":"search_term_string"}}],"inLanguage":"sv-SE"},{"@type":"Organization","@id":"https:\/\/gradido.net\/de\/#organization","name":"Gradido","url":"https:\/\/gradido.net\/de\/","logo":{"@type":"ImageObject","inLanguage":"sv-SE","@id":"https:\/\/gradido.net\/de\/#\/schema\/logo\/image\/","url":"https:\/\/gradido.net\/wp-content\/uploads\/2022\/04\/gradido-social.jpg","contentUrl":"https:\/\/gradido.net\/wp-content\/uploads\/2022\/04\/gradido-social.jpg","width":527,"height":273,"caption":"Gradido"},"image":{"@id":"https:\/\/gradido.net\/de\/#\/schema\/logo\/image\/"}}]}},"_links":{"self":[{"href":"https:\/\/gradido.net\/sv\/wp-json\/wp\/v2\/pages\/3","targetHints":{"allow":["GET"]}}],"collection":[{"href":"https:\/\/gradido.net\/sv\/wp-json\/wp\/v2\/pages"}],"about":[{"href":"https:\/\/gradido.net\/sv\/wp-json\/wp\/v2\/types\/page"}],"author":[{"embeddable":true,"href":"https:\/\/gradido.net\/sv\/wp-json\/wp\/v2\/users\/1"}],"replies":[{"embeddable":true,"href":"https:\/\/gradido.net\/sv\/wp-json\/wp\/v2\/comments?post=3"}],"version-history":[{"count":22,"href":"https:\/\/gradido.net\/sv\/wp-json\/wp\/v2\/pages\/3\/revisions"}],"predecessor-version":[{"id":9689,"href":"https:\/\/gradido.net\/sv\/wp-json\/wp\/v2\/pages\/3\/revisions\/9689"}],"wp:featuredmedia":[{"embeddable":true,"href":"https:\/\/gradido.net\/sv\/wp-json\/wp\/v2\/media\/233"}],"wp:attachment":[{"href":"https:\/\/gradido.net\/sv\/wp-json\/wp\/v2\/media?parent=3"}],"curies":[{"name":"wp","href":"https:\/\/api.w.org\/{rel}","templated":true}]}}