{"id":10575,"date":"2025-07-27T15:24:41","date_gmt":"2025-07-27T13:24:41","guid":{"rendered":"https:\/\/gradido.net\/?page_id=10575"},"modified":"2025-10-04T11:54:39","modified_gmt":"2025-10-04T09:54:39","slug":"labor-migration-and-foreign-employment","status":"publish","type":"page","link":"https:\/\/gradido.net\/tr\/countries\/philippines\/labor-migration-and-foreign-employment\/","title":{"rendered":"\u0130\u015fg\u00fcc\u00fc g\u00f6\u00e7\u00fc ve yurtd\u0131\u015f\u0131nda istihdam Filipinler"},"content":{"rendered":"<div data-elementor-type=\"wp-page\" data-elementor-id=\"10575\" class=\"elementor elementor-10575\" data-elementor-post-type=\"page\">\n\t\t\t\t\t\t<section class=\"elementor-section elementor-top-section elementor-element elementor-element-4ce3e8af elementor-section-full_width elementor-section-height-default elementor-section-height-default\" data-id=\"4ce3e8af\" data-element_type=\"section\" data-e-type=\"section\">\n\t\t\t\t\t\t<div class=\"elementor-container elementor-column-gap-no\">\n\t\t\t\t\t<div class=\"elementor-column elementor-col-100 elementor-top-column elementor-element elementor-element-efa8c8c\" data-id=\"efa8c8c\" data-element_type=\"column\" data-e-type=\"column\">\n\t\t\t<div class=\"elementor-widget-wrap elementor-element-populated\">\n\t\t\t\t\t\t<div class=\"elementor-element elementor-element-e088aa4 elementor--h-position-center elementor--v-position-middle elementor-arrows-position-inside elementor-widget elementor-widget-slides\" data-id=\"e088aa4\" data-element_type=\"widget\" data-e-type=\"widget\" data-settings=\"{&quot;navigation&quot;:&quot;arrows&quot;,&quot;autoplay&quot;:&quot;yes&quot;,&quot;pause_on_hover&quot;:&quot;yes&quot;,&quot;pause_on_interaction&quot;:&quot;yes&quot;,&quot;autoplay_speed&quot;:5000,&quot;infinite&quot;:&quot;yes&quot;,&quot;transition&quot;:&quot;slide&quot;,&quot;transition_speed&quot;:500}\" data-widget_type=\"slides.default\">\n\t\t\t\t<div class=\"elementor-widget-container\">\n\t\t\t\t\t\t\t\t\t<div class=\"elementor-swiper\">\n\t\t\t\t\t<div class=\"elementor-slides-wrapper elementor-main-swiper swiper\" role=\"region\" aria-roledescription=\"carousel\" aria-label=\"Kayd\u0131r\u0131c\u0131\" dir=\"ltr\" data-animation=\"fadeInUp\">\n\t\t\t\t<div class=\"swiper-wrapper elementor-slides\">\n\t\t\t\t\t\t\t\t\t\t<div class=\"elementor-repeater-item-2de4990 swiper-slide\" role=\"group\" aria-roledescription=\"slide\"><div class=\"swiper-slide-bg\" role=\"img\" aria-label=\"manila-4503501_1280\"><\/div><div class=\"swiper-slide-inner\" ><div class=\"swiper-slide-contents\"><\/div><\/div><\/div><div class=\"elementor-repeater-item-28f126e swiper-slide\" role=\"group\" aria-roledescription=\"slide\"><div class=\"swiper-slide-bg\" role=\"img\" aria-label=\"philippines-4951855_1280\"><\/div><div class=\"swiper-slide-inner\" ><div class=\"swiper-slide-contents\"><\/div><\/div><\/div><div class=\"elementor-repeater-item-992da35 swiper-slide\" role=\"group\" aria-roledescription=\"slide\"><div class=\"swiper-slide-bg\" role=\"img\" aria-label=\"manila-2256322_1280\"><\/div><div class=\"swiper-slide-inner\" ><div class=\"swiper-slide-contents\"><\/div><\/div><\/div>\t\t\t\t<\/div>\n\t\t\t\t\t\t\t\t\t\t\t\t\t\t\t<div class=\"elementor-swiper-button elementor-swiper-button-prev\" role=\"button\" tabindex=\"0\" aria-label=\"F\u00f6reg\u00e5ende bild\" data-no-translation-aria-label=\"\">\n\t\t\t\t\t\t\t<i aria-hidden=\"true\" class=\"eicon-chevron-left\"><\/i>\t\t\t\t\t\t<\/div>\n\t\t\t\t\t\t<div class=\"elementor-swiper-button elementor-swiper-button-next\" role=\"button\" tabindex=\"0\" aria-label=\"N\u00e4sta bild\" data-no-translation-aria-label=\"\">\n\t\t\t\t\t\t\t<i aria-hidden=\"true\" class=\"eicon-chevron-right\"><\/i>\t\t\t\t\t\t<\/div>\n\t\t\t\t\t\t\t\t\t\t\t\t\t\t\t\t\t<\/div>\n\t\t\t\t<\/div>\n\t\t\t\t\t\t\t\t<\/div>\n\t\t\t\t<\/div>\n\t\t\t\t\t<\/div>\n\t\t<\/div>\n\t\t\t\t\t<\/div>\n\t\t<\/section>\n\t\t\t\t<section class=\"elementor-section elementor-top-section elementor-element elementor-element-240baa7a elementor-section-boxed elementor-section-height-default elementor-section-height-default\" data-id=\"240baa7a\" data-element_type=\"section\" data-e-type=\"section\" data-settings=\"{&quot;background_background&quot;:&quot;classic&quot;}\">\n\t\t\t\t\t\t<div class=\"elementor-container elementor-column-gap-default\">\n\t\t\t\t\t<div class=\"elementor-column elementor-col-100 elementor-top-column elementor-element elementor-element-1afe9e42\" data-id=\"1afe9e42\" data-element_type=\"column\" data-e-type=\"column\">\n\t\t\t<div class=\"elementor-widget-wrap elementor-element-populated\">\n\t\t\t\t\t\t<div class=\"elementor-element elementor-element-65bd50ae elementor-widget elementor-widget-heading\" data-id=\"65bd50ae\" data-element_type=\"widget\" data-e-type=\"widget\" data-widget_type=\"heading.default\">\n\t\t\t\t<div class=\"elementor-widget-container\">\n\t\t\t\t\t<h1 class=\"elementor-heading-title elementor-size-default\">\u0130\u015fg\u00fcc\u00fc g\u00f6\u00e7\u00fc ve yurtd\u0131\u015f\u0131nda istihdam<\/h1>\t\t\t\t<\/div>\n\t\t\t\t<\/div>\n\t\t\t\t\t<\/div>\n\t\t<\/div>\n\t\t\t\t\t<\/div>\n\t\t<\/section>\n\t\t\t\t<section class=\"elementor-section elementor-top-section elementor-element elementor-element-446540f elementor-section-boxed elementor-section-height-default elementor-section-height-default\" data-id=\"446540f\" data-element_type=\"section\" data-e-type=\"section\">\n\t\t\t\t\t\t<div class=\"elementor-container elementor-column-gap-default\">\n\t\t\t\t\t<div class=\"elementor-column elementor-col-100 elementor-top-column elementor-element elementor-element-312a2d3\" data-id=\"312a2d3\" data-element_type=\"column\" data-e-type=\"column\">\n\t\t\t<div class=\"elementor-widget-wrap elementor-element-populated\">\n\t\t\t\t\t\t<div class=\"elementor-element elementor-element-3e0ec02 elementor-nav-menu--dropdown-tablet elementor-nav-menu__text-align-aside elementor-nav-menu--toggle elementor-nav-menu--burger elementor-widget elementor-widget-nav-menu\" data-id=\"3e0ec02\" data-element_type=\"widget\" data-e-type=\"widget\" data-settings=\"{&quot;layout&quot;:&quot;horizontal&quot;,&quot;submenu_icon&quot;:{&quot;value&quot;:&quot;&lt;i class=\\&quot;fas fa-caret-down\\&quot; aria-hidden=\\&quot;true\\&quot;&gt;&lt;\\\/i&gt;&quot;,&quot;library&quot;:&quot;fa-solid&quot;},&quot;toggle&quot;:&quot;burger&quot;}\" data-widget_type=\"nav-menu.default\">\n\t\t\t\t<div class=\"elementor-widget-container\">\n\t\t\t\t\t\t\t\t<nav aria-label=\"\u00dclke ara\u015ft\u0131rmas\u0131\" class=\"elementor-nav-menu--main elementor-nav-menu__container elementor-nav-menu--layout-horizontal e--pointer-underline e--animation-grow\">\n\t\t\t\t<ul id=\"menu-1-3e0ec02\" class=\"elementor-nav-menu\"><li class=\"menu-item menu-item-type-custom menu-item-object-custom menu-item-has-children menu-item-12305\"><a class=\"elementor-item\">Afrika<\/a>\n<ul class=\"sub-menu elementor-nav-menu--dropdown\">\n\t<li class=\"menu-item menu-item-type-post_type menu-item-object-page menu-item-12253\"><a href=\"https:\/\/gradido.net\/tr\/countries\/afrika\/\" class=\"elementor-sub-item\">Afrika, t\u00fcm k\u0131ta<\/a><\/li>\n\t<li class=\"menu-item menu-item-type-post_type menu-item-object-page menu-item-13097\"><a href=\"https:\/\/gradido.net\/tr\/countries\/afrika\/dr-congo\/\" class=\"elementor-sub-item\">Demokratik Kongo Cumhuriyeti<\/a><\/li>\n\t<li class=\"menu-item menu-item-type-post_type menu-item-object-page menu-item-12414\"><a href=\"https:\/\/gradido.net\/tr\/countries\/afrika\/kenya\/\" class=\"elementor-sub-item\">Kenya<\/a><\/li>\n\t<li class=\"menu-item menu-item-type-post_type menu-item-object-page menu-item-12737\"><a href=\"https:\/\/gradido.net\/tr\/countries\/afrika\/madagascar\/\" class=\"elementor-sub-item\">Madagaskar<\/a><\/li>\n\t<li class=\"menu-item menu-item-type-post_type menu-item-object-page menu-item-12148\"><a href=\"https:\/\/gradido.net\/tr\/countries\/afrika\/namibia\/\" class=\"elementor-sub-item\">Namibya<\/a><\/li>\n\t<li class=\"menu-item menu-item-type-post_type menu-item-object-page menu-item-12839\"><a href=\"https:\/\/gradido.net\/tr\/countries\/afrika\/rwanda\/\" class=\"elementor-sub-item\">Ruanda<\/a><\/li>\n<\/ul>\n<\/li>\n<li class=\"menu-item menu-item-type-custom menu-item-object-custom menu-item-has-children menu-item-11798\"><a class=\"elementor-item\">Amerika<\/a>\n<ul class=\"sub-menu elementor-nav-menu--dropdown\">\n\t<li class=\"menu-item menu-item-type-post_type menu-item-object-page menu-item-12463\"><a href=\"https:\/\/gradido.net\/tr\/countries\/usa\/\" class=\"elementor-sub-item\">ABD<\/a><\/li>\n\t<li class=\"menu-item menu-item-type-post_type menu-item-object-page menu-item-11791\"><a href=\"https:\/\/gradido.net\/tr\/countries\/mexico\/\" class=\"elementor-sub-item\">Meksika<\/a><\/li>\n<\/ul>\n<\/li>\n<li class=\"menu-item menu-item-type-custom menu-item-object-custom menu-item-has-children menu-item-11800\"><a class=\"elementor-item\">Asya<\/a>\n<ul class=\"sub-menu elementor-nav-menu--dropdown\">\n\t<li class=\"menu-item menu-item-type-post_type menu-item-object-page menu-item-11794\"><a href=\"https:\/\/gradido.net\/tr\/countries\/maledives\/\" class=\"elementor-sub-item\">Maldivler<\/a><\/li>\n\t<li class=\"menu-item menu-item-type-post_type menu-item-object-page menu-item-11790\"><a href=\"https:\/\/gradido.net\/tr\/countries\/philippines\/\" class=\"elementor-sub-item\">Philppines<\/a><\/li>\n\t<li class=\"menu-item menu-item-type-post_type menu-item-object-page menu-item-11802\"><a href=\"https:\/\/gradido.net\/tr\/countries\/saudi-arabia\/\" class=\"elementor-sub-item\">Suudi Arabistan<\/a><\/li>\n<\/ul>\n<\/li>\n<li class=\"menu-item menu-item-type-custom menu-item-object-custom menu-item-has-children menu-item-11797\"><a class=\"elementor-item\">Avrupa<\/a>\n<ul class=\"sub-menu elementor-nav-menu--dropdown\">\n\t<li class=\"menu-item menu-item-type-post_type menu-item-object-page menu-item-11805\"><a href=\"https:\/\/gradido.net\/tr\/countries\/germany\/\" class=\"elementor-sub-item\">Almanya<\/a><\/li>\n\t<li class=\"menu-item menu-item-type-post_type menu-item-object-page menu-item-11803\"><a href=\"https:\/\/gradido.net\/tr\/countries\/greece\/\" class=\"elementor-sub-item\">Yunanistan<\/a><\/li>\n\t<li class=\"menu-item menu-item-type-post_type menu-item-object-page menu-item-11788\"><a href=\"https:\/\/gradido.net\/tr\/countries\/spain\/\" class=\"elementor-sub-item\">\u0130spanya<\/a><\/li>\n<\/ul>\n<\/li>\n<li class=\"menu-item menu-item-type-custom menu-item-object-custom menu-item-has-children menu-item-11801\"><a class=\"elementor-item\">Okyanusya<\/a>\n<ul class=\"sub-menu elementor-nav-menu--dropdown\">\n\t<li class=\"menu-item menu-item-type-post_type menu-item-object-page menu-item-11793\"><a href=\"https:\/\/gradido.net\/tr\/countries\/marshall-islands\/\" class=\"elementor-sub-item\">Marshall Adalar\u0131<\/a><\/li>\n\t<li class=\"menu-item menu-item-type-post_type menu-item-object-page menu-item-11795\"><a href=\"https:\/\/gradido.net\/tr\/countries\/tahiti\/\" class=\"elementor-sub-item\">Tahiti<\/a><\/li>\n<\/ul>\n<\/li>\n<\/ul>\t\t\t<\/nav>\n\t\t\t\t\t<div class=\"elementor-menu-toggle\" role=\"button\" tabindex=\"0\" aria-label=\"Men\u00fc De\u011fi\u015ftirme\" aria-expanded=\"false\">\n\t\t\t<i aria-hidden=\"true\" role=\"presentation\" class=\"elementor-menu-toggle__icon--open eicon-menu-bar\"><\/i><i aria-hidden=\"true\" role=\"presentation\" class=\"elementor-menu-toggle__icon--close eicon-close\"><\/i>\t\t<\/div>\n\t\t\t\t\t<nav class=\"elementor-nav-menu--dropdown elementor-nav-menu__container\" aria-hidden=\"true\">\n\t\t\t\t<ul id=\"menu-2-3e0ec02\" class=\"elementor-nav-menu\"><li class=\"menu-item menu-item-type-custom menu-item-object-custom menu-item-has-children menu-item-12305\"><a class=\"elementor-item\" tabindex=\"-1\">Afrika<\/a>\n<ul class=\"sub-menu elementor-nav-menu--dropdown\">\n\t<li class=\"menu-item menu-item-type-post_type menu-item-object-page menu-item-12253\"><a href=\"https:\/\/gradido.net\/tr\/countries\/afrika\/\" class=\"elementor-sub-item\" tabindex=\"-1\">Afrika, t\u00fcm k\u0131ta<\/a><\/li>\n\t<li class=\"menu-item menu-item-type-post_type menu-item-object-page menu-item-13097\"><a href=\"https:\/\/gradido.net\/tr\/countries\/afrika\/dr-congo\/\" class=\"elementor-sub-item\" tabindex=\"-1\">Demokratik Kongo Cumhuriyeti<\/a><\/li>\n\t<li class=\"menu-item menu-item-type-post_type menu-item-object-page menu-item-12414\"><a href=\"https:\/\/gradido.net\/tr\/countries\/afrika\/kenya\/\" class=\"elementor-sub-item\" tabindex=\"-1\">Kenya<\/a><\/li>\n\t<li class=\"menu-item menu-item-type-post_type menu-item-object-page menu-item-12737\"><a href=\"https:\/\/gradido.net\/tr\/countries\/afrika\/madagascar\/\" class=\"elementor-sub-item\" tabindex=\"-1\">Madagaskar<\/a><\/li>\n\t<li class=\"menu-item menu-item-type-post_type menu-item-object-page menu-item-12148\"><a href=\"https:\/\/gradido.net\/tr\/countries\/afrika\/namibia\/\" class=\"elementor-sub-item\" tabindex=\"-1\">Namibya<\/a><\/li>\n\t<li class=\"menu-item menu-item-type-post_type menu-item-object-page menu-item-12839\"><a href=\"https:\/\/gradido.net\/tr\/countries\/afrika\/rwanda\/\" class=\"elementor-sub-item\" tabindex=\"-1\">Ruanda<\/a><\/li>\n<\/ul>\n<\/li>\n<li class=\"menu-item menu-item-type-custom menu-item-object-custom menu-item-has-children menu-item-11798\"><a class=\"elementor-item\" tabindex=\"-1\">Amerika<\/a>\n<ul class=\"sub-menu elementor-nav-menu--dropdown\">\n\t<li class=\"menu-item menu-item-type-post_type menu-item-object-page menu-item-12463\"><a href=\"https:\/\/gradido.net\/tr\/countries\/usa\/\" class=\"elementor-sub-item\" tabindex=\"-1\">ABD<\/a><\/li>\n\t<li class=\"menu-item menu-item-type-post_type menu-item-object-page menu-item-11791\"><a href=\"https:\/\/gradido.net\/tr\/countries\/mexico\/\" class=\"elementor-sub-item\" tabindex=\"-1\">Meksika<\/a><\/li>\n<\/ul>\n<\/li>\n<li class=\"menu-item menu-item-type-custom menu-item-object-custom menu-item-has-children menu-item-11800\"><a class=\"elementor-item\" tabindex=\"-1\">Asya<\/a>\n<ul class=\"sub-menu elementor-nav-menu--dropdown\">\n\t<li class=\"menu-item menu-item-type-post_type menu-item-object-page menu-item-11794\"><a href=\"https:\/\/gradido.net\/tr\/countries\/maledives\/\" class=\"elementor-sub-item\" tabindex=\"-1\">Maldivler<\/a><\/li>\n\t<li class=\"menu-item menu-item-type-post_type menu-item-object-page menu-item-11790\"><a href=\"https:\/\/gradido.net\/tr\/countries\/philippines\/\" class=\"elementor-sub-item\" tabindex=\"-1\">Philppines<\/a><\/li>\n\t<li class=\"menu-item menu-item-type-post_type menu-item-object-page menu-item-11802\"><a href=\"https:\/\/gradido.net\/tr\/countries\/saudi-arabia\/\" class=\"elementor-sub-item\" tabindex=\"-1\">Suudi Arabistan<\/a><\/li>\n<\/ul>\n<\/li>\n<li class=\"menu-item menu-item-type-custom menu-item-object-custom menu-item-has-children menu-item-11797\"><a class=\"elementor-item\" tabindex=\"-1\">Avrupa<\/a>\n<ul class=\"sub-menu elementor-nav-menu--dropdown\">\n\t<li class=\"menu-item menu-item-type-post_type menu-item-object-page menu-item-11805\"><a href=\"https:\/\/gradido.net\/tr\/countries\/germany\/\" class=\"elementor-sub-item\" tabindex=\"-1\">Almanya<\/a><\/li>\n\t<li class=\"menu-item menu-item-type-post_type menu-item-object-page menu-item-11803\"><a href=\"https:\/\/gradido.net\/tr\/countries\/greece\/\" class=\"elementor-sub-item\" tabindex=\"-1\">Yunanistan<\/a><\/li>\n\t<li class=\"menu-item menu-item-type-post_type menu-item-object-page menu-item-11788\"><a href=\"https:\/\/gradido.net\/tr\/countries\/spain\/\" class=\"elementor-sub-item\" tabindex=\"-1\">\u0130spanya<\/a><\/li>\n<\/ul>\n<\/li>\n<li class=\"menu-item menu-item-type-custom menu-item-object-custom menu-item-has-children menu-item-11801\"><a class=\"elementor-item\" tabindex=\"-1\">Okyanusya<\/a>\n<ul class=\"sub-menu elementor-nav-menu--dropdown\">\n\t<li class=\"menu-item menu-item-type-post_type menu-item-object-page menu-item-11793\"><a href=\"https:\/\/gradido.net\/tr\/countries\/marshall-islands\/\" class=\"elementor-sub-item\" tabindex=\"-1\">Marshall Adalar\u0131<\/a><\/li>\n\t<li class=\"menu-item menu-item-type-post_type menu-item-object-page menu-item-11795\"><a href=\"https:\/\/gradido.net\/tr\/countries\/tahiti\/\" class=\"elementor-sub-item\" tabindex=\"-1\">Tahiti<\/a><\/li>\n<\/ul>\n<\/li>\n<\/ul>\t\t\t<\/nav>\n\t\t\t\t\t\t<\/div>\n\t\t\t\t<\/div>\n\t\t\t\t<div class=\"elementor-element elementor-element-78fe524 elementor-widget elementor-widget-breadcrumbs\" data-id=\"78fe524\" data-element_type=\"widget\" data-e-type=\"widget\" data-widget_type=\"breadcrumbs.default\">\n\t\t\t\t<div class=\"elementor-widget-container\">\n\t\t\t\t\t<p id=\"breadcrumbs\"><span><span><a href=\"https:\/\/gradido.net\/tr\/\">Anasayfa<\/a><\/span><\/span><\/p>\t\t\t\t<\/div>\n\t\t\t\t<\/div>\n\t\t\t\t<div class=\"elementor-element elementor-element-a9db9a5 elementor-widget elementor-widget-text-editor\" data-id=\"a9db9a5\" data-element_type=\"widget\" data-e-type=\"widget\" data-widget_type=\"text-editor.default\">\n\t\t\t\t<div class=\"elementor-widget-container\">\n\t\t\t\t\t\t\t\t\t<h3 style=\"text-align: center;\"><a href=\"https:\/\/gradido.net\/tr\/countries\/philippines\/\"><strong>Ana sayfa: Filipinler<\/strong><\/a><\/h3><p style=\"text-align: center;\"><a href=\"https:\/\/gradido.net\/tr\/countries\/philippines\/economy-and-society\/\">1. ekonomi ve toplum<\/a><br \/><a href=\"https:\/\/gradido.net\/tr\/countries\/philippines\/income-and-standard-of-living\/\">2 Gelir ve ya\u015fam standard\u0131<\/a><br \/><strong>3 \u0130\u015fg\u00fcc\u00fc g\u00f6\u00e7\u00fc ve yurtd\u0131\u015f\u0131nda istihdam<\/strong><br \/><a href=\"https:\/\/gradido.net\/tr\/countries\/philippines\/poverty-and-social-inequality\/\">4 Yoksulluk ve sosyal e\u015fitsizlik<\/a><br \/><a href=\"https:\/\/gradido.net\/tr\/countries\/philippines\/common-good-and-solidarity\/\">5 Kamu yarar\u0131 ve dayan\u0131\u015fma<\/a><br \/><a href=\"https:\/\/gradido.net\/tr\/countries\/philippines\/educational-situation\/\">6 Dezavantajl\u0131 \u00e7ocuklar\u0131n e\u011fitim durumu<\/a><br \/><a href=\"https:\/\/gradido.net\/tr\/countries\/philippines\/health-and-retirement-provision\/\">7 Sa\u011fl\u0131k, sosyal g\u00fcvenlik ve emeklilik h\u00fck\u00fcmleri<\/a><br \/><a href=\"https:\/\/gradido.net\/tr\/countries\/philippines\/care-work-and-commitment\/\">8 Bak\u0131m \u00e7al\u0131\u015fmalar\u0131n\u0131n ve ba\u011fl\u0131l\u0131\u011f\u0131n takdir edilmesi<\/a><br \/><a href=\"https:\/\/gradido.net\/tr\/countries\/philippines\/digitization-and-alternative-models\/\">9. i\u0307novasyon, di\u0307ji\u0307talle\u015fme ve alternati\u0307f ekonomi\u0307k modeller<\/a><br \/><a href=\"https:\/\/gradido.net\/tr\/countries\/philippines\/community-based-economy-and-parallel-currencies\/\">10.toplum temelli\u0307 ekonomi\u0307 ve paralel para bi\u0307ri\u0307mleri\u0307<\/a><br \/><a href=\"https:\/\/gradido.net\/tr\/countries\/philippines\/potential-and-challenges\/\">11 Gradido i\u00e7in potansiyel ve zorluklar<\/a><br \/><a href=\"https:\/\/gradido.net\/tr\/countries\/philippines\/international-cooperation\/\">12. uluslararas\u0131 i\u015fbirli\u011fi, STK'lar ve h\u00fck\u00fcmet kalk\u0131nma projeleri<\/a><\/p>\t\t\t\t\t\t\t\t<\/div>\n\t\t\t\t<\/div>\n\t\t\t\t<div class=\"elementor-element elementor-element-d7bb196 elementor-widget-divider--view-line elementor-widget elementor-widget-divider\" data-id=\"d7bb196\" data-element_type=\"widget\" data-e-type=\"widget\" data-widget_type=\"divider.default\">\n\t\t\t\t<div class=\"elementor-widget-container\">\n\t\t\t\t\t\t\t<div class=\"elementor-divider\">\n\t\t\t<span class=\"elementor-divider-separator\">\n\t\t\t\t\t\t<\/span>\n\t\t<\/div>\n\t\t\t\t\t\t<\/div>\n\t\t\t\t<\/div>\n\t\t\t\t<div class=\"elementor-element elementor-element-146ff9d elementor-widget elementor-widget-text-editor\" data-id=\"146ff9d\" data-element_type=\"widget\" data-e-type=\"widget\" data-widget_type=\"text-editor.default\">\n\t\t\t\t<div class=\"elementor-widget-container\">\n\t\t\t\t\t\t\t\t\t<div class=\"wiki-page-header-wrapper\"><div class=\"wiki-page-header-wrapper\"><div class=\"wiki-page-header-wrapper\"><div class=\"wiki-page-header-wrapper\"><h1 id=\"rolle-der-arbeitsmigration-und-auslandserwerbst%C3%A4tigkeit-in-der-philippinischen-gesellschaft\" tabindex=\"-1\">Filipin toplumunda i\u015fg\u00fcc\u00fc g\u00f6\u00e7\u00fc ve yabanc\u0131 istihdam\u0131n\u0131n rol\u00fc<\/h1><\/div><div class=\"wiki-page-header-wrapper\"><h2 id=\"gesellschaftliche-und-wirtschaftliche-bedeutung\" tabindex=\"-1\">Sosyal ve ekonomik \u00f6nemi<\/h2><p><strong>\u0130\u015fg\u00fcc\u00fc g\u00f6\u00e7\u00fc<\/strong> ve <strong>Yurt d\u0131\u015f\u0131nda istihdam<\/strong> Filipin toplumunun ve ekonomisinin temel direkleridir. Filipinler, i\u015fg\u00fcc\u00fc g\u00f6\u00e7menleri i\u00e7in d\u00fcnyan\u0131n en \u00f6nemli men\u015fe \u00fclkelerinden biri olarak kabul edilmektedir. Bu olgu, ya\u015fam\u0131n neredeyse t\u00fcm alanlar\u0131n\u0131 karakterize etmektedir:<\/p><ul><li><strong>Her y\u0131l bir milyondan fazla Filipinli \u00fclkeyi terk ediyor<\/strong>yurtd\u0131\u015f\u0131nda, \u00f6zellikle bak\u0131m mesleklerinde, ev i\u015flerinde yard\u0131mc\u0131, denizci, in\u015faat i\u015f\u00e7isi, doktor veya m\u00fchendis olarak \u00e7al\u0131\u015fmak<a href=\"https:\/\/www.kirchenzeitung.at\/site\/archiv\/article\/10884.html\" target=\"_blank\" rel=\"noopener noreferrer nofollow\">^1<\/a>.<\/li><li>Filipin h\u00fck\u00fcmeti i\u015fg\u00fcc\u00fc g\u00f6\u00e7\u00fcn\u00fc aktif olarak te\u015fvik etmektedir ve g\u00f6\u00e7menler i\u00e7in kapsaml\u0131 bir destek a\u011f\u0131 kurmu\u015ftur<a href=\"https:\/\/diercke.de\/content\/philippinen-arbeitsmigration-978-3-14-100900-2-297-4-1\" target=\"_blank\" rel=\"noopener noreferrer nofollow\">^1<\/a>.<\/li><li><strong>Havaleler (i\u015f\u00e7i d\u00f6vizleri)<\/strong> \u00fclkenin en \u00f6nemli d\u00f6viz kazanc\u0131d\u0131r ve yakla\u015f\u0131k <strong>Gayri safi yurti\u00e7i has\u0131lan\u0131n (GSY\u0130H) y\u00fczde 9-10'u<\/strong> \u00e7\u0131kt\u0131. 2023 y\u0131l\u0131nda bu miktar yakla\u015f\u0131k <strong>39 milyar ABD dolar\u0131<\/strong><a href=\"https:\/\/www.destatis.de\/DE\/Themen\/Laender-Regionen\/Internationales\/Thema\/wirtschaft-finanzen\/Rueckueberweisungen.html\" target=\"_blank\" rel=\"noopener noreferrer nofollow\">^3<\/a><a href=\"https:\/\/diercke.de\/content\/philippinen-arbeitsmigration-978-3-14-100902-6-297-4-1\" target=\"_blank\" rel=\"noopener noreferrer nofollow\">^5<\/a>.<\/li><\/ul><\/div><div class=\"wiki-page-header-wrapper\"><h2 id=\"soziale-auswirkungen\" tabindex=\"-1\">Sosyal etki<\/h2><ul><li>Pek \u00e7ok aile i\u00e7in i\u015fg\u00fcc\u00fc g\u00f6\u00e7\u00fc yoksulluktan kurtulman\u0131n tek yoludur. \u0130\u015f\u00e7i d\u00f6vizleri ge\u00e7imlerini g\u00fcvence alt\u0131na al\u0131yor, e\u011fitim, sa\u011fl\u0131k ve yat\u0131r\u0131mlar\u0131 finanse ediyor<a href=\"https:\/\/suedostasien.net\/philippinische-arbeitsmigration-weltweit-und-nach-deutschland\/\" target=\"_blank\" rel=\"noopener noreferrer nofollow\">^6<\/a>.<\/li><li>S\u00f6zde toplumsal takdir <strong>\"Deniza\u015f\u0131r\u0131 Filipinli \u0130\u015f\u00e7iler (OFW)<\/strong> y\u00fcksektir; ulusun \"yeni kahramanlar\u0131\" olarak kabul edilirler<a href=\"https:\/\/www.asienhaus.de\/archiv\/china\/user_upload\/OEPK-2019-Factsheet_weltweite_Diaspora.pdf\" target=\"_blank\" rel=\"noopener noreferrer nofollow\">^8<\/a>.<\/li><li>Ancak g\u00f6\u00e7\u00fcn olumsuz yanlar\u0131 da vard\u0131r: Aile i\u00e7i strese, ayr\u0131l\u0131klara ve bireysel durumlarda \u00e7ocuklar aras\u0131nda yaln\u0131zl\u0131k veya kimlik kayb\u0131 gibi sosyal sorunlara yol a\u00e7maktad\u0131r<a href=\"http:\/\/www.fides.org\/de\/news\/64066-ASIEN_PHILIPPINEN_Migration_bringt_soziale_Probleme_mit_sich_und_belastet_Familien\" target=\"_blank\" rel=\"noopener noreferrer nofollow\">^9<\/a>.<\/li><\/ul><\/div><div class=\"wiki-page-header-wrapper\"><h2 id=\"wie-viele-familien-leben-von-r%C3%BCck%C3%BCberweisungen%3F\" tabindex=\"-1\">Ka\u00e7 aile i\u015f\u00e7i d\u00f6vizleriyle ge\u00e7iniyor?<\/h2><p>Do\u011frudan ve dolayl\u0131 olarak etkilenen ailelerin say\u0131s\u0131 \u00e7ok fazlad\u0131r:<\/p><div class=\"table-responsive\"><table><tbody><tr><th><p>Hanelerin pay\u0131<\/p><\/th><th><p>A\u00e7\u0131klama<\/p><\/th><\/tr><tr><td><p>12-15%<\/p><\/td><td><p>En az bir \u00fcye \u015fu anda yurt d\u0131\u015f\u0131nda \u00e7al\u0131\u015f\u0131yor veya yak\u0131n zamanda \u00e7al\u0131\u015fm\u0131\u015f<a href=\"https:\/\/diercke.de\/content\/asiatisch-pazifischer-wirtschaftsraum-arbeitsmigration-978-3-14-100803-6-167-3-1\" target=\"_blank\" rel=\"noopener noreferrer nofollow\">^10<\/a>.<\/p><\/td><\/tr><tr><td><p>yakla\u015f\u0131k. 66%<\/p><\/td><td><p>T\u00fcm hanelerin \u00fc\u00e7te ikisi do\u011frudan veya dolayl\u0131 olarak i\u015f\u00e7i d\u00f6vizlerinden faydalanmaktad\u0131r<a href=\"https:\/\/www.kirchenzeitung.at\/site\/archiv\/article\/10884.html\" target=\"_blank\" rel=\"noopener noreferrer nofollow\">^2<\/a>.<\/p><\/td><\/tr><tr><td><p>60%<\/p><\/td><td><p>Di\u011fer haneler yararlan\u0131c\u0131lar\u0131n \"geni\u015f \u00e7evresine\" aittir (\u00f6rn. akrabalar)<a href=\"https:\/\/diercke.de\/content\/asiatisch-pazifischer-wirtschaftsraum-arbeitsmigration-978-3-14-100803-6-167-3-1\" target=\"_blank\" rel=\"noopener noreferrer nofollow\">^11<\/a>.<\/p><\/td><\/tr><\/tbody><\/table><\/div><ul><li>\u0130\u015f\u00e7i d\u00f6vizleriyle ge\u00e7inen hanelerin oran\u0131 \u00f6zellikle M\u00fcsl\u00fcman Mindanao \u00d6zerk B\u00f6lgesi gibi yap\u0131sal olarak zay\u0131f b\u00f6lgelerde y\u00fcksektir (24%'ye kadar)<a href=\"https:\/\/www.nd-aktuell.de\/artikel\/1163442.philippinische-arbeitsmigration-exportschlager-arbeitskraft.html\" target=\"_blank\" rel=\"noopener noreferrer nofollow\">^10<\/a>.<\/li><li>Fonlar \u00e7o\u011funlukla g\u00fcnl\u00fck harcamalar, e\u011fitim ve bor\u00e7 geri \u00f6demesi i\u00e7in kullan\u0131l\u0131r; yat\u0131r\u0131mlar nadirdir<a href=\"https:\/\/www.kas.de\/c\/document_library\/get_file?uuid=cb7b08e0-16bd-0f02-e212-115f1a067c87&amp;groupId=252038\" target=\"_blank\" rel=\"noopener noreferrer nofollow\">^6<\/a>.<\/li><\/ul><\/div><div class=\"wiki-page-header-wrapper\"><h2 id=\"fazit\" tabindex=\"-1\">Sonu\u00e7<\/h2><p><strong>Yurtd\u0131\u015f\u0131na i\u015fg\u00fcc\u00fc g\u00f6\u00e7\u00fc ve istihdam Filipin toplumu i\u00e7in vazge\u00e7ilmezdir.<\/strong> Milyonlarca ailenin hayatta kalmas\u0131n\u0131 sa\u011flarlar ve ulusal ekonominin merkezi bir unsurudurlar. Ayn\u0131 zamanda sosyal ba\u011f\u0131ml\u0131l\u0131klar yaratarak aileleri ve toplumu b\u00fcy\u00fck zorluklarla kar\u015f\u0131 kar\u015f\u0131ya b\u0131rak\u0131rlar<a href=\"https:\/\/hasp.ub.uni-heidelberg.de\/journals\/soa\/article\/view\/10935\/10759\" target=\"_blank\" rel=\"noopener noreferrer nofollow\">^1<\/a><a href=\"https:\/\/www.kirchenzeitung.at\/site\/archiv\/article\/10884.html\" target=\"_blank\" rel=\"noopener noreferrer nofollow\">^2<\/a>.<\/p><hr \/><\/div><div class=\"wiki-page-header-wrapper\"><h2 id=\"kommentar-von-nea\" tabindex=\"-1\">Gradido perspektifinden tamamlay\u0131c\u0131 de\u011ferlendirme<\/h2><p>Bu derleme, i\u015fg\u00fcc\u00fc g\u00f6\u00e7\u00fc ve yabanc\u0131 istihdam\u0131n\u0131n Filipin toplumu ve ekonomisi i\u00e7in ne kadar \u00f6nemli oldu\u011funu etkileyici bir \u015fekilde ortaya koymaktad\u0131r. Rakamlar her \u015feyi anlat\u0131yor: N\u00fcfusun b\u00fcy\u00fck bir k\u0131sm\u0131 do\u011frudan ya da dolayl\u0131 olarak aile \u00fcyelerinin yurtd\u0131\u015f\u0131nda i\u015f bulmas\u0131na ba\u011f\u0131ml\u0131 - \"Deniza\u015f\u0131r\u0131 Filipinli \u0130\u015f\u00e7iler\" milyonlarca ki\u015finin ge\u00e7im kayna\u011f\u0131n\u0131n belkemi\u011fini olu\u015fturuyor.<\/p><p><strong>Gradido'nun bak\u0131\u015f a\u00e7\u0131s\u0131ndan kilit noktalar:<\/strong><\/p><ul><li><strong>Dayan\u0131\u015fma ve kamu yarar\u0131:<\/strong> \"Yeni kahramanlar\u0131n\" g\u00f6rd\u00fc\u011f\u00fc y\u00fcksek itibar, derin bir kar\u015f\u0131l\u0131kl\u0131 destek k\u00fclt\u00fcr\u00fcn\u00fcn yan\u0131 s\u0131ra kamu yarar\u0131n\u0131n ne kadar d\u0131\u015f etkenlere ba\u011fl\u0131 oldu\u011funu da g\u00f6steriyor. \u0130\u015f\u00e7i d\u00f6vizleri zorluklar\u0131 hafifletiyor ve ya\u015fam kalitesini art\u0131r\u0131yor, ancak - \u00e7o\u011funlukla g\u00fcnl\u00fck masraflar\u0131 kar\u015f\u0131lad\u0131klar\u0131 i\u00e7in - kal\u0131c\u0131 sistemik de\u011fi\u015fim yaratam\u0131yorlar.<\/li><li><strong>Sosyal dezavantajlar:<\/strong> Bir\u00e7ok aile ayr\u0131l\u0131k ve duygusal gerginlik nedeniyle zay\u0131flamakta, \u00e7ocuklar ebeveynsiz b\u00fcy\u00fcmekte ve t\u00fcm nesiller kendilerini \"ge\u00e7ici vedalar d\u00fcnyas\u0131n\u0131n\" bir par\u00e7as\u0131 olarak deneyimlemektedir. Bu ba\u011f\u0131ml\u0131l\u0131\u011f\u0131n insani maliyeti \u00f6l\u00e7\u00fclemez.<\/li><li><strong>Ba\u011f\u0131ml\u0131l\u0131k ve yerel perspektiflerin eksikli\u011fi:<\/strong> Kitlesel i\u015f\u00e7i d\u00f6vizleri k\u0131sa vadeli bir rahatlama sa\u011flayabilir, ancak \u00e7o\u011fu durumda yerel kalk\u0131nmay\u0131 engeller ve yabanc\u0131 \u00fclkelere kal\u0131c\u0131 bir ba\u011f\u0131ml\u0131l\u0131k durumunu te\u015fvik eder.<\/li><\/ul><p><strong>Gradido perspektifinden f\u0131rsatlar:<\/strong> Gradido gibi kamu refah\u0131 odakl\u0131 bir sistem, b\u00f6lgesel de\u011fer yarat\u0131m\u0131n\u0131 g\u00fc\u00e7lendirerek yerel halka daha iyi ya\u015fam ve kalk\u0131nma f\u0131rsatlar\u0131 sunabilir. Filipin dayan\u0131\u015fmas\u0131n\u0131n g\u00fcc\u00fc, yeni perspektifler, yerel topluluk projeleri ve s\u00fcrd\u00fcr\u00fclebilir ekonomik d\u00f6ng\u00fcler olu\u015fturmak i\u00e7in kullan\u0131labilir - b\u00f6ylece daha az insan evlerini terk etmek zorunda kal\u0131r.<\/p><p>Ortak hedefimiz, insanlar\u0131n toplum i\u00e7inde, \u00fclkelerinde ve g\u00fcvenlik i\u00e7inde onurlar\u0131n\u0131 ve ya\u015fam mutluluklar\u0131n\u0131 tam olarak geli\u015ftirebilecekleri ko\u015fullar\u0131 yaratmak olmal\u0131d\u0131r.<\/p><\/div><\/div><\/div><\/div>\t\t\t\t\t\t\t\t<\/div>\n\t\t\t\t<\/div>\n\t\t\t\t\t<\/div>\n\t\t<\/div>\n\t\t\t\t\t<\/div>\n\t\t<\/section>\n\t\t\t\t<\/div>","protected":false},"excerpt":{"rendered":"<p>Arbeitsmigration und Auslandserwerbst\u00e4tigkeit Hauptseite: Philippinen 1. Wirtschaft und Gesellschaft2.Einkommen und Lebensstandard3.Arbeitsmigration und Auslandserwerbst\u00e4tigkeit4.Armut und soziale Ungleichheit5.Gemeinwohl und Solidarit\u00e4t6.Bildungssituation benachteiligter Kinder7.Gesundheit, soziale Sicherung und Altersvorsorge8.Anerkennung von Care-Arbeit und Engagement9.Innovationen, Digitalisierung und alternative Wirtschaftsmodelle10.Gemeinschaftsbasierte \u00d6konomie und Parallelw\u00e4hrungen11.Potenziale und Herausforderungen f\u00fcr Gradido12. Internationale Kooperationen, NGOs und staatliche Entwicklungsprojekte Rolle der Arbeitsmigration und Auslandserwerbst\u00e4tigkeit in der philippinischen Gesellschaft Gesellschaftliche [&hellip;]<\/p>\n","protected":false},"author":2,"featured_media":10458,"parent":10540,"menu_order":0,"comment_status":"closed","ping_status":"closed","template":"","meta":{"footnotes":""},"class_list":["post-10575","page","type-page","status-publish","has-post-thumbnail","hentry"],"yoast_head":"<!-- This site is optimized with the Yoast SEO plugin v27.5 - https:\/\/yoast.com\/product\/yoast-seo-wordpress\/ -->\n<title>Arbeitsmigration und Auslandserwerbst\u00e4tigkeit Philippinen - Gradido<\/title>\n<meta name=\"description\" content=\"Sei Teil der Bewegung!Gemeinsam bringen wir Gradido in die Welt.\" \/>\n<meta name=\"robots\" content=\"index, follow, max-snippet:-1, max-image-preview:large, max-video-preview:-1\" \/>\n<link rel=\"canonical\" href=\"https:\/\/gradido.net\/tr\/countries\/philippines\/labor-migration-and-foreign-employment\/\" \/>\n<meta property=\"og:locale\" content=\"tr_TR\" \/>\n<meta property=\"og:type\" content=\"article\" \/>\n<meta property=\"og:title\" content=\"Arbeitsmigration und Auslandserwerbst\u00e4tigkeit Philippinen - Gradido\" \/>\n<meta property=\"og:description\" content=\"Sei Teil der Bewegung!Gemeinsam bringen wir Gradido in die Welt.\" \/>\n<meta property=\"og:url\" content=\"https:\/\/gradido.net\/tr\/countries\/philippines\/labor-migration-and-foreign-employment\/\" \/>\n<meta property=\"og:site_name\" content=\"Gradido\" \/>\n<meta property=\"article:modified_time\" content=\"2025-10-04T09:54:39+00:00\" \/>\n<meta property=\"og:image\" content=\"https:\/\/gradido.net\/wp-content\/uploads\/2025\/07\/AdobeStock_3210827871-scaled.jpeg\" \/>\n\t<meta property=\"og:image:width\" content=\"2560\" \/>\n\t<meta property=\"og:image:height\" content=\"790\" \/>\n\t<meta property=\"og:image:type\" content=\"image\/jpeg\" \/>\n<meta name=\"twitter:card\" content=\"summary_large_image\" \/>\n<meta name=\"twitter:label1\" content=\"Tahmini okuma s\u00fcresi\" \/>\n\t<meta name=\"twitter:data1\" content=\"4 dakika\" \/>\n<script type=\"application\/ld+json\" class=\"yoast-schema-graph\">{\"@context\":\"https:\\\/\\\/schema.org\",\"@graph\":[{\"@type\":\"WebPage\",\"@id\":\"https:\\\/\\\/gradido.net\\\/countries\\\/philippines\\\/labor-migration-and-foreign-employment\\\/\",\"url\":\"https:\\\/\\\/gradido.net\\\/countries\\\/philippines\\\/labor-migration-and-foreign-employment\\\/\",\"name\":\"Arbeitsmigration und Auslandserwerbst\u00e4tigkeit Philippinen - Gradido\",\"isPartOf\":{\"@id\":\"https:\\\/\\\/gradido.net\\\/de\\\/#website\"},\"primaryImageOfPage\":{\"@id\":\"https:\\\/\\\/gradido.net\\\/countries\\\/philippines\\\/labor-migration-and-foreign-employment\\\/#primaryimage\"},\"image\":{\"@id\":\"https:\\\/\\\/gradido.net\\\/countries\\\/philippines\\\/labor-migration-and-foreign-employment\\\/#primaryimage\"},\"thumbnailUrl\":\"https:\\\/\\\/gradido.net\\\/wp-content\\\/uploads\\\/2025\\\/07\\\/AdobeStock_3210827871-scaled.jpeg\",\"datePublished\":\"2025-07-27T13:24:41+00:00\",\"dateModified\":\"2025-10-04T09:54:39+00:00\",\"description\":\"Sei Teil der Bewegung!Gemeinsam bringen wir Gradido in die Welt.\",\"breadcrumb\":{\"@id\":\"https:\\\/\\\/gradido.net\\\/countries\\\/philippines\\\/labor-migration-and-foreign-employment\\\/#breadcrumb\"},\"inLanguage\":\"tr\",\"potentialAction\":[{\"@type\":\"ReadAction\",\"target\":[\"https:\\\/\\\/gradido.net\\\/countries\\\/philippines\\\/labor-migration-and-foreign-employment\\\/\"]}]},{\"@type\":\"ImageObject\",\"inLanguage\":\"tr\",\"@id\":\"https:\\\/\\\/gradido.net\\\/countries\\\/philippines\\\/labor-migration-and-foreign-employment\\\/#primaryimage\",\"url\":\"https:\\\/\\\/gradido.net\\\/wp-content\\\/uploads\\\/2025\\\/07\\\/AdobeStock_3210827871-scaled.jpeg\",\"contentUrl\":\"https:\\\/\\\/gradido.net\\\/wp-content\\\/uploads\\\/2025\\\/07\\\/AdobeStock_3210827871-scaled.jpeg\",\"width\":2560,\"height\":790,\"caption\":\"world globe planet earth 3d-illustration. elements of this image furnished by NASA\"},{\"@type\":\"BreadcrumbList\",\"@id\":\"https:\\\/\\\/gradido.net\\\/countries\\\/philippines\\\/labor-migration-and-foreign-employment\\\/#breadcrumb\",\"itemListElement\":[{\"@type\":\"ListItem\",\"position\":1,\"name\":\"Startseite\",\"item\":\"https:\\\/\\\/gradido.net\\\/\"},{\"@type\":\"ListItem\",\"position\":2,\"name\":\"L\u00e4nderforschung\",\"item\":\"https:\\\/\\\/gradido.net\\\/countries\\\/\"},{\"@type\":\"ListItem\",\"position\":3,\"name\":\"Philppinen\",\"item\":\"https:\\\/\\\/gradido.net\\\/countries\\\/philippines\\\/\"},{\"@type\":\"ListItem\",\"position\":4,\"name\":\"Arbeitsmigration und Auslandserwerbst\u00e4tigkeit Philippinen\"}]},{\"@type\":\"WebSite\",\"@id\":\"https:\\\/\\\/gradido.net\\\/de\\\/#website\",\"url\":\"https:\\\/\\\/gradido.net\\\/de\\\/\",\"name\":\"Gradido\",\"description\":\"Die neue W\u00e4hrung hei\u00dft Dankbarkeit\",\"publisher\":{\"@id\":\"https:\\\/\\\/gradido.net\\\/de\\\/#organization\"},\"potentialAction\":[{\"@type\":\"SearchAction\",\"target\":{\"@type\":\"EntryPoint\",\"urlTemplate\":\"https:\\\/\\\/gradido.net\\\/de\\\/?s={search_term_string}\"},\"query-input\":{\"@type\":\"PropertyValueSpecification\",\"valueRequired\":true,\"valueName\":\"search_term_string\"}}],\"inLanguage\":\"tr\"},{\"@type\":\"Organization\",\"@id\":\"https:\\\/\\\/gradido.net\\\/de\\\/#organization\",\"name\":\"Gradido\",\"url\":\"https:\\\/\\\/gradido.net\\\/de\\\/\",\"logo\":{\"@type\":\"ImageObject\",\"inLanguage\":\"tr\",\"@id\":\"https:\\\/\\\/gradido.net\\\/de\\\/#\\\/schema\\\/logo\\\/image\\\/\",\"url\":\"https:\\\/\\\/gradido.net\\\/wp-content\\\/uploads\\\/2022\\\/04\\\/gradido-social.jpg\",\"contentUrl\":\"https:\\\/\\\/gradido.net\\\/wp-content\\\/uploads\\\/2022\\\/04\\\/gradido-social.jpg\",\"width\":527,\"height\":273,\"caption\":\"Gradido\"},\"image\":{\"@id\":\"https:\\\/\\\/gradido.net\\\/de\\\/#\\\/schema\\\/logo\\\/image\\\/\"}}]}<\/script>\n<!-- \/ Yoast SEO plugin. -->","yoast_head_json":{"title":"Filipinler'e i\u015fg\u00fcc\u00fc g\u00f6\u00e7\u00fc ve yurtd\u0131\u015f\u0131nda istihdam - Gradido","description":"Hareketin bir par\u00e7as\u0131 olun! Birlikte Gradido'yu d\u00fcnyaya getiriyoruz.","robots":{"index":"index","follow":"follow","max-snippet":"max-snippet:-1","max-image-preview":"max-image-preview:large","max-video-preview":"max-video-preview:-1"},"canonical":"https:\/\/gradido.net\/tr\/countries\/philippines\/labor-migration-and-foreign-employment\/","og_locale":"tr_TR","og_type":"article","og_title":"Arbeitsmigration und Auslandserwerbst\u00e4tigkeit Philippinen - Gradido","og_description":"Sei Teil der Bewegung!Gemeinsam bringen wir Gradido in die Welt.","og_url":"https:\/\/gradido.net\/tr\/countries\/philippines\/labor-migration-and-foreign-employment\/","og_site_name":"Gradido","article_modified_time":"2025-10-04T09:54:39+00:00","og_image":[{"width":2560,"height":790,"url":"https:\/\/gradido.net\/wp-content\/uploads\/2025\/07\/AdobeStock_3210827871-scaled.jpeg","type":"image\/jpeg"}],"twitter_card":"summary_large_image","twitter_misc":{"Tahmini okuma s\u00fcresi":"4 dakika"},"schema":{"@context":"https:\/\/schema.org","@graph":[{"@type":"WebPage","@id":"https:\/\/gradido.net\/countries\/philippines\/labor-migration-and-foreign-employment\/","url":"https:\/\/gradido.net\/countries\/philippines\/labor-migration-and-foreign-employment\/","name":"Filipinler'e i\u015fg\u00fcc\u00fc g\u00f6\u00e7\u00fc ve yurtd\u0131\u015f\u0131nda istihdam - Gradido","isPartOf":{"@id":"https:\/\/gradido.net\/de\/#website"},"primaryImageOfPage":{"@id":"https:\/\/gradido.net\/countries\/philippines\/labor-migration-and-foreign-employment\/#primaryimage"},"image":{"@id":"https:\/\/gradido.net\/countries\/philippines\/labor-migration-and-foreign-employment\/#primaryimage"},"thumbnailUrl":"https:\/\/gradido.net\/wp-content\/uploads\/2025\/07\/AdobeStock_3210827871-scaled.jpeg","datePublished":"2025-07-27T13:24:41+00:00","dateModified":"2025-10-04T09:54:39+00:00","description":"Hareketin bir par\u00e7as\u0131 olun! Birlikte Gradido'yu d\u00fcnyaya getiriyoruz.","breadcrumb":{"@id":"https:\/\/gradido.net\/countries\/philippines\/labor-migration-and-foreign-employment\/#breadcrumb"},"inLanguage":"tr","potentialAction":[{"@type":"ReadAction","target":["https:\/\/gradido.net\/countries\/philippines\/labor-migration-and-foreign-employment\/"]}]},{"@type":"ImageObject","inLanguage":"tr","@id":"https:\/\/gradido.net\/countries\/philippines\/labor-migration-and-foreign-employment\/#primaryimage","url":"https:\/\/gradido.net\/wp-content\/uploads\/2025\/07\/AdobeStock_3210827871-scaled.jpeg","contentUrl":"https:\/\/gradido.net\/wp-content\/uploads\/2025\/07\/AdobeStock_3210827871-scaled.jpeg","width":2560,"height":790,"caption":"world globe planet earth 3d-illustration. elements of this image furnished by NASA"},{"@type":"BreadcrumbList","@id":"https:\/\/gradido.net\/countries\/philippines\/labor-migration-and-foreign-employment\/#breadcrumb","itemListElement":[{"@type":"ListItem","position":1,"name":"Startseite","item":"https:\/\/gradido.net\/"},{"@type":"ListItem","position":2,"name":"L\u00e4nderforschung","item":"https:\/\/gradido.net\/countries\/"},{"@type":"ListItem","position":3,"name":"Philppinen","item":"https:\/\/gradido.net\/countries\/philippines\/"},{"@type":"ListItem","position":4,"name":"Arbeitsmigration und Auslandserwerbst\u00e4tigkeit Philippinen"}]},{"@type":"WebSite","@id":"https:\/\/gradido.net\/de\/#website","url":"https:\/\/gradido.net\/de\/","name":"Gradido","description":"Yeni para birimi minnettarl\u0131k","publisher":{"@id":"https:\/\/gradido.net\/de\/#organization"},"potentialAction":[{"@type":"SearchAction","target":{"@type":"EntryPoint","urlTemplate":"https:\/\/gradido.net\/de\/?s={search_term_string}"},"query-input":{"@type":"PropertyValueSpecification","valueRequired":true,"valueName":"search_term_string"}}],"inLanguage":"tr"},{"@type":"Organization","@id":"https:\/\/gradido.net\/de\/#organization","name":"Gradido","url":"https:\/\/gradido.net\/de\/","logo":{"@type":"ImageObject","inLanguage":"tr","@id":"https:\/\/gradido.net\/de\/#\/schema\/logo\/image\/","url":"https:\/\/gradido.net\/wp-content\/uploads\/2022\/04\/gradido-social.jpg","contentUrl":"https:\/\/gradido.net\/wp-content\/uploads\/2022\/04\/gradido-social.jpg","width":527,"height":273,"caption":"Gradido"},"image":{"@id":"https:\/\/gradido.net\/de\/#\/schema\/logo\/image\/"}}]}},"_links":{"self":[{"href":"https:\/\/gradido.net\/tr\/wp-json\/wp\/v2\/pages\/10575","targetHints":{"allow":["GET"]}}],"collection":[{"href":"https:\/\/gradido.net\/tr\/wp-json\/wp\/v2\/pages"}],"about":[{"href":"https:\/\/gradido.net\/tr\/wp-json\/wp\/v2\/types\/page"}],"author":[{"embeddable":true,"href":"https:\/\/gradido.net\/tr\/wp-json\/wp\/v2\/users\/2"}],"replies":[{"embeddable":true,"href":"https:\/\/gradido.net\/tr\/wp-json\/wp\/v2\/comments?post=10575"}],"version-history":[{"count":16,"href":"https:\/\/gradido.net\/tr\/wp-json\/wp\/v2\/pages\/10575\/revisions"}],"predecessor-version":[{"id":11965,"href":"https:\/\/gradido.net\/tr\/wp-json\/wp\/v2\/pages\/10575\/revisions\/11965"}],"up":[{"embeddable":true,"href":"https:\/\/gradido.net\/tr\/wp-json\/wp\/v2\/pages\/10540"}],"wp:featuredmedia":[{"embeddable":true,"href":"https:\/\/gradido.net\/tr\/wp-json\/wp\/v2\/media\/10458"}],"wp:attachment":[{"href":"https:\/\/gradido.net\/tr\/wp-json\/wp\/v2\/media?parent=10575"}],"curies":[{"name":"wp","href":"https:\/\/api.w.org\/{rel}","templated":true}]}}