{"id":10583,"date":"2025-07-27T16:08:15","date_gmt":"2025-07-27T14:08:15","guid":{"rendered":"https:\/\/gradido.net\/?page_id=10583"},"modified":"2025-10-04T11:55:27","modified_gmt":"2025-10-04T09:55:27","slug":"poverty-and-social-inequality","status":"publish","type":"page","link":"https:\/\/gradido.net\/tr\/countries\/philippines\/poverty-and-social-inequality\/","title":{"rendered":"Yoksulluk ve sosyal e\u015fitsizlik Filipinler"},"content":{"rendered":"<div data-elementor-type=\"wp-page\" data-elementor-id=\"10583\" class=\"elementor elementor-10583\" data-elementor-post-type=\"page\">\n\t\t\t\t\t\t<section class=\"elementor-section elementor-top-section elementor-element elementor-element-4ce3e8af elementor-section-full_width elementor-section-height-default elementor-section-height-default\" data-id=\"4ce3e8af\" data-element_type=\"section\" data-e-type=\"section\">\n\t\t\t\t\t\t<div class=\"elementor-container elementor-column-gap-no\">\n\t\t\t\t\t<div class=\"elementor-column elementor-col-100 elementor-top-column elementor-element elementor-element-efa8c8c\" data-id=\"efa8c8c\" data-element_type=\"column\" data-e-type=\"column\">\n\t\t\t<div class=\"elementor-widget-wrap elementor-element-populated\">\n\t\t\t\t\t\t<div class=\"elementor-element elementor-element-e088aa4 elementor--h-position-center elementor--v-position-middle elementor-arrows-position-inside elementor-widget elementor-widget-slides\" data-id=\"e088aa4\" data-element_type=\"widget\" data-e-type=\"widget\" data-settings=\"{&quot;navigation&quot;:&quot;arrows&quot;,&quot;autoplay&quot;:&quot;yes&quot;,&quot;pause_on_hover&quot;:&quot;yes&quot;,&quot;pause_on_interaction&quot;:&quot;yes&quot;,&quot;autoplay_speed&quot;:5000,&quot;infinite&quot;:&quot;yes&quot;,&quot;transition&quot;:&quot;slide&quot;,&quot;transition_speed&quot;:500}\" data-widget_type=\"slides.default\">\n\t\t\t\t<div class=\"elementor-widget-container\">\n\t\t\t\t\t\t\t\t\t<div class=\"elementor-swiper\">\n\t\t\t\t\t<div class=\"elementor-slides-wrapper elementor-main-swiper swiper\" role=\"region\" aria-roledescription=\"carousel\" aria-label=\"Kayd\u0131r\u0131c\u0131\" dir=\"ltr\" data-animation=\"fadeInUp\">\n\t\t\t\t<div class=\"swiper-wrapper elementor-slides\">\n\t\t\t\t\t\t\t\t\t\t<div class=\"elementor-repeater-item-2de4990 swiper-slide\" role=\"group\" aria-roledescription=\"slide\"><div class=\"swiper-slide-bg\" role=\"img\" aria-label=\"manila-4503501_1280\"><\/div><div class=\"swiper-slide-inner\" ><div class=\"swiper-slide-contents\"><\/div><\/div><\/div><div class=\"elementor-repeater-item-28f126e swiper-slide\" role=\"group\" aria-roledescription=\"slide\"><div class=\"swiper-slide-bg\" role=\"img\" aria-label=\"philippines-4951855_1280\"><\/div><div class=\"swiper-slide-inner\" ><div class=\"swiper-slide-contents\"><\/div><\/div><\/div><div class=\"elementor-repeater-item-992da35 swiper-slide\" role=\"group\" aria-roledescription=\"slide\"><div class=\"swiper-slide-bg\" role=\"img\" aria-label=\"manila-2256322_1280\"><\/div><div class=\"swiper-slide-inner\" ><div class=\"swiper-slide-contents\"><\/div><\/div><\/div>\t\t\t\t<\/div>\n\t\t\t\t\t\t\t\t\t\t\t\t\t\t\t<div class=\"elementor-swiper-button elementor-swiper-button-prev\" role=\"button\" tabindex=\"0\" aria-label=\"\u00d6nceki slayt\" data-no-translation-aria-label=\"\">\n\t\t\t\t\t\t\t<i aria-hidden=\"true\" class=\"eicon-chevron-left\"><\/i>\t\t\t\t\t\t<\/div>\n\t\t\t\t\t\t<div class=\"elementor-swiper-button elementor-swiper-button-next\" role=\"button\" tabindex=\"0\" aria-label=\"Sonraki slayt\" data-no-translation-aria-label=\"\">\n\t\t\t\t\t\t\t<i aria-hidden=\"true\" class=\"eicon-chevron-right\"><\/i>\t\t\t\t\t\t<\/div>\n\t\t\t\t\t\t\t\t\t\t\t\t\t\t\t\t\t<\/div>\n\t\t\t\t<\/div>\n\t\t\t\t\t\t\t\t<\/div>\n\t\t\t\t<\/div>\n\t\t\t\t\t<\/div>\n\t\t<\/div>\n\t\t\t\t\t<\/div>\n\t\t<\/section>\n\t\t\t\t<section class=\"elementor-section elementor-top-section elementor-element elementor-element-240baa7a elementor-section-boxed elementor-section-height-default elementor-section-height-default\" data-id=\"240baa7a\" data-element_type=\"section\" data-e-type=\"section\" data-settings=\"{&quot;background_background&quot;:&quot;classic&quot;}\">\n\t\t\t\t\t\t<div class=\"elementor-container elementor-column-gap-default\">\n\t\t\t\t\t<div class=\"elementor-column elementor-col-100 elementor-top-column elementor-element elementor-element-1afe9e42\" data-id=\"1afe9e42\" data-element_type=\"column\" data-e-type=\"column\">\n\t\t\t<div class=\"elementor-widget-wrap elementor-element-populated\">\n\t\t\t\t\t\t<div class=\"elementor-element elementor-element-65bd50ae elementor-widget elementor-widget-heading\" data-id=\"65bd50ae\" data-element_type=\"widget\" data-e-type=\"widget\" data-widget_type=\"heading.default\">\n\t\t\t\t<div class=\"elementor-widget-container\">\n\t\t\t\t\t<h1 class=\"elementor-heading-title elementor-size-default\">Yoksulluk ve sosyal e\u015fitsizlik<\/h1>\t\t\t\t<\/div>\n\t\t\t\t<\/div>\n\t\t\t\t\t<\/div>\n\t\t<\/div>\n\t\t\t\t\t<\/div>\n\t\t<\/section>\n\t\t\t\t<section class=\"elementor-section elementor-top-section elementor-element elementor-element-446540f elementor-section-boxed elementor-section-height-default elementor-section-height-default\" data-id=\"446540f\" data-element_type=\"section\" data-e-type=\"section\">\n\t\t\t\t\t\t<div class=\"elementor-container elementor-column-gap-default\">\n\t\t\t\t\t<div class=\"elementor-column elementor-col-100 elementor-top-column elementor-element elementor-element-312a2d3\" data-id=\"312a2d3\" data-element_type=\"column\" data-e-type=\"column\">\n\t\t\t<div class=\"elementor-widget-wrap elementor-element-populated\">\n\t\t\t\t\t\t<div class=\"elementor-element elementor-element-a22561e elementor-nav-menu--dropdown-tablet elementor-nav-menu__text-align-aside elementor-nav-menu--toggle elementor-nav-menu--burger elementor-widget elementor-widget-nav-menu\" data-id=\"a22561e\" data-element_type=\"widget\" data-e-type=\"widget\" data-settings=\"{&quot;layout&quot;:&quot;horizontal&quot;,&quot;submenu_icon&quot;:{&quot;value&quot;:&quot;&lt;i class=\\&quot;fas fa-caret-down\\&quot; aria-hidden=\\&quot;true\\&quot;&gt;&lt;\\\/i&gt;&quot;,&quot;library&quot;:&quot;fa-solid&quot;},&quot;toggle&quot;:&quot;burger&quot;}\" data-widget_type=\"nav-menu.default\">\n\t\t\t\t<div class=\"elementor-widget-container\">\n\t\t\t\t\t\t\t\t<nav aria-label=\"\u00dclke ara\u015ft\u0131rmas\u0131\" class=\"elementor-nav-menu--main elementor-nav-menu__container elementor-nav-menu--layout-horizontal e--pointer-underline e--animation-grow\">\n\t\t\t\t<ul id=\"menu-1-a22561e\" class=\"elementor-nav-menu\"><li class=\"menu-item menu-item-type-custom menu-item-object-custom menu-item-has-children menu-item-12305\"><a class=\"elementor-item\">Afrika<\/a>\n<ul class=\"sub-menu elementor-nav-menu--dropdown\">\n\t<li class=\"menu-item menu-item-type-post_type menu-item-object-page menu-item-12253\"><a href=\"https:\/\/gradido.net\/tr\/countries\/afrika\/\" class=\"elementor-sub-item\">Afrika, t\u00fcm k\u0131ta<\/a><\/li>\n\t<li class=\"menu-item menu-item-type-post_type menu-item-object-page menu-item-13097\"><a href=\"https:\/\/gradido.net\/tr\/countries\/afrika\/dr-congo\/\" class=\"elementor-sub-item\">Demokratik Kongo Cumhuriyeti<\/a><\/li>\n\t<li class=\"menu-item menu-item-type-post_type menu-item-object-page menu-item-12414\"><a href=\"https:\/\/gradido.net\/tr\/countries\/afrika\/kenya\/\" class=\"elementor-sub-item\">Kenya<\/a><\/li>\n\t<li class=\"menu-item menu-item-type-post_type menu-item-object-page menu-item-12737\"><a href=\"https:\/\/gradido.net\/tr\/countries\/afrika\/madagascar\/\" class=\"elementor-sub-item\">Madagaskar<\/a><\/li>\n\t<li class=\"menu-item menu-item-type-post_type menu-item-object-page menu-item-12148\"><a href=\"https:\/\/gradido.net\/tr\/countries\/afrika\/namibia\/\" class=\"elementor-sub-item\">Namibya<\/a><\/li>\n\t<li class=\"menu-item menu-item-type-post_type menu-item-object-page menu-item-12839\"><a href=\"https:\/\/gradido.net\/tr\/countries\/afrika\/rwanda\/\" class=\"elementor-sub-item\">Ruanda<\/a><\/li>\n<\/ul>\n<\/li>\n<li class=\"menu-item menu-item-type-custom menu-item-object-custom menu-item-has-children menu-item-11798\"><a class=\"elementor-item\">Amerika<\/a>\n<ul class=\"sub-menu elementor-nav-menu--dropdown\">\n\t<li class=\"menu-item menu-item-type-post_type menu-item-object-page menu-item-12463\"><a href=\"https:\/\/gradido.net\/tr\/countries\/usa\/\" class=\"elementor-sub-item\">ABD<\/a><\/li>\n\t<li class=\"menu-item menu-item-type-post_type menu-item-object-page menu-item-11791\"><a href=\"https:\/\/gradido.net\/tr\/countries\/mexico\/\" class=\"elementor-sub-item\">Meksika<\/a><\/li>\n<\/ul>\n<\/li>\n<li class=\"menu-item menu-item-type-custom menu-item-object-custom menu-item-has-children menu-item-11800\"><a class=\"elementor-item\">Asya<\/a>\n<ul class=\"sub-menu elementor-nav-menu--dropdown\">\n\t<li class=\"menu-item menu-item-type-post_type menu-item-object-page menu-item-11794\"><a href=\"https:\/\/gradido.net\/tr\/countries\/maledives\/\" class=\"elementor-sub-item\">Maldivler<\/a><\/li>\n\t<li class=\"menu-item menu-item-type-post_type menu-item-object-page menu-item-11790\"><a href=\"https:\/\/gradido.net\/tr\/countries\/philippines\/\" class=\"elementor-sub-item\">Philppines<\/a><\/li>\n\t<li class=\"menu-item menu-item-type-post_type menu-item-object-page menu-item-11802\"><a href=\"https:\/\/gradido.net\/tr\/countries\/saudi-arabia\/\" class=\"elementor-sub-item\">Suudi Arabistan<\/a><\/li>\n<\/ul>\n<\/li>\n<li class=\"menu-item menu-item-type-custom menu-item-object-custom menu-item-has-children menu-item-11797\"><a class=\"elementor-item\">Avrupa<\/a>\n<ul class=\"sub-menu elementor-nav-menu--dropdown\">\n\t<li class=\"menu-item menu-item-type-post_type menu-item-object-page menu-item-11805\"><a href=\"https:\/\/gradido.net\/tr\/countries\/germany\/\" class=\"elementor-sub-item\">Almanya<\/a><\/li>\n\t<li class=\"menu-item menu-item-type-post_type menu-item-object-page menu-item-11803\"><a href=\"https:\/\/gradido.net\/tr\/countries\/greece\/\" class=\"elementor-sub-item\">Yunanistan<\/a><\/li>\n\t<li class=\"menu-item menu-item-type-post_type menu-item-object-page menu-item-11788\"><a href=\"https:\/\/gradido.net\/tr\/countries\/spain\/\" class=\"elementor-sub-item\">\u0130spanya<\/a><\/li>\n<\/ul>\n<\/li>\n<li class=\"menu-item menu-item-type-custom menu-item-object-custom menu-item-has-children menu-item-11801\"><a class=\"elementor-item\">Okyanusya<\/a>\n<ul class=\"sub-menu elementor-nav-menu--dropdown\">\n\t<li class=\"menu-item menu-item-type-post_type menu-item-object-page menu-item-11793\"><a href=\"https:\/\/gradido.net\/tr\/countries\/marshall-islands\/\" class=\"elementor-sub-item\">Marshall Adalar\u0131<\/a><\/li>\n\t<li class=\"menu-item menu-item-type-post_type menu-item-object-page menu-item-11795\"><a href=\"https:\/\/gradido.net\/tr\/countries\/tahiti\/\" class=\"elementor-sub-item\">Tahiti<\/a><\/li>\n<\/ul>\n<\/li>\n<\/ul>\t\t\t<\/nav>\n\t\t\t\t\t<div class=\"elementor-menu-toggle\" role=\"button\" tabindex=\"0\" aria-label=\"Men\u00fc De\u011fi\u015ftirme\" aria-expanded=\"false\">\n\t\t\t<i aria-hidden=\"true\" role=\"presentation\" class=\"elementor-menu-toggle__icon--open eicon-menu-bar\"><\/i><i aria-hidden=\"true\" role=\"presentation\" class=\"elementor-menu-toggle__icon--close eicon-close\"><\/i>\t\t<\/div>\n\t\t\t\t\t<nav class=\"elementor-nav-menu--dropdown elementor-nav-menu__container\" aria-hidden=\"true\">\n\t\t\t\t<ul id=\"menu-2-a22561e\" class=\"elementor-nav-menu\"><li class=\"menu-item menu-item-type-custom menu-item-object-custom menu-item-has-children menu-item-12305\"><a class=\"elementor-item\" tabindex=\"-1\">Afrika<\/a>\n<ul class=\"sub-menu elementor-nav-menu--dropdown\">\n\t<li class=\"menu-item menu-item-type-post_type menu-item-object-page menu-item-12253\"><a href=\"https:\/\/gradido.net\/tr\/countries\/afrika\/\" class=\"elementor-sub-item\" tabindex=\"-1\">Afrika, t\u00fcm k\u0131ta<\/a><\/li>\n\t<li class=\"menu-item menu-item-type-post_type menu-item-object-page menu-item-13097\"><a href=\"https:\/\/gradido.net\/tr\/countries\/afrika\/dr-congo\/\" class=\"elementor-sub-item\" tabindex=\"-1\">Demokratik Kongo Cumhuriyeti<\/a><\/li>\n\t<li class=\"menu-item menu-item-type-post_type menu-item-object-page menu-item-12414\"><a href=\"https:\/\/gradido.net\/tr\/countries\/afrika\/kenya\/\" class=\"elementor-sub-item\" tabindex=\"-1\">Kenya<\/a><\/li>\n\t<li class=\"menu-item menu-item-type-post_type menu-item-object-page menu-item-12737\"><a href=\"https:\/\/gradido.net\/tr\/countries\/afrika\/madagascar\/\" class=\"elementor-sub-item\" tabindex=\"-1\">Madagaskar<\/a><\/li>\n\t<li class=\"menu-item menu-item-type-post_type menu-item-object-page menu-item-12148\"><a href=\"https:\/\/gradido.net\/tr\/countries\/afrika\/namibia\/\" class=\"elementor-sub-item\" tabindex=\"-1\">Namibya<\/a><\/li>\n\t<li class=\"menu-item menu-item-type-post_type menu-item-object-page menu-item-12839\"><a href=\"https:\/\/gradido.net\/tr\/countries\/afrika\/rwanda\/\" class=\"elementor-sub-item\" tabindex=\"-1\">Ruanda<\/a><\/li>\n<\/ul>\n<\/li>\n<li class=\"menu-item menu-item-type-custom menu-item-object-custom menu-item-has-children menu-item-11798\"><a class=\"elementor-item\" tabindex=\"-1\">Amerika<\/a>\n<ul class=\"sub-menu elementor-nav-menu--dropdown\">\n\t<li class=\"menu-item menu-item-type-post_type menu-item-object-page menu-item-12463\"><a href=\"https:\/\/gradido.net\/tr\/countries\/usa\/\" class=\"elementor-sub-item\" tabindex=\"-1\">ABD<\/a><\/li>\n\t<li class=\"menu-item menu-item-type-post_type menu-item-object-page menu-item-11791\"><a href=\"https:\/\/gradido.net\/tr\/countries\/mexico\/\" class=\"elementor-sub-item\" tabindex=\"-1\">Meksika<\/a><\/li>\n<\/ul>\n<\/li>\n<li class=\"menu-item menu-item-type-custom menu-item-object-custom menu-item-has-children menu-item-11800\"><a class=\"elementor-item\" tabindex=\"-1\">Asya<\/a>\n<ul class=\"sub-menu elementor-nav-menu--dropdown\">\n\t<li class=\"menu-item menu-item-type-post_type menu-item-object-page menu-item-11794\"><a href=\"https:\/\/gradido.net\/tr\/countries\/maledives\/\" class=\"elementor-sub-item\" tabindex=\"-1\">Maldivler<\/a><\/li>\n\t<li class=\"menu-item menu-item-type-post_type menu-item-object-page menu-item-11790\"><a href=\"https:\/\/gradido.net\/tr\/countries\/philippines\/\" class=\"elementor-sub-item\" tabindex=\"-1\">Philppines<\/a><\/li>\n\t<li class=\"menu-item menu-item-type-post_type menu-item-object-page menu-item-11802\"><a href=\"https:\/\/gradido.net\/tr\/countries\/saudi-arabia\/\" class=\"elementor-sub-item\" tabindex=\"-1\">Suudi Arabistan<\/a><\/li>\n<\/ul>\n<\/li>\n<li class=\"menu-item menu-item-type-custom menu-item-object-custom menu-item-has-children menu-item-11797\"><a class=\"elementor-item\" tabindex=\"-1\">Avrupa<\/a>\n<ul class=\"sub-menu elementor-nav-menu--dropdown\">\n\t<li class=\"menu-item menu-item-type-post_type menu-item-object-page menu-item-11805\"><a href=\"https:\/\/gradido.net\/tr\/countries\/germany\/\" class=\"elementor-sub-item\" tabindex=\"-1\">Almanya<\/a><\/li>\n\t<li class=\"menu-item menu-item-type-post_type menu-item-object-page menu-item-11803\"><a href=\"https:\/\/gradido.net\/tr\/countries\/greece\/\" class=\"elementor-sub-item\" tabindex=\"-1\">Yunanistan<\/a><\/li>\n\t<li class=\"menu-item menu-item-type-post_type menu-item-object-page menu-item-11788\"><a href=\"https:\/\/gradido.net\/tr\/countries\/spain\/\" class=\"elementor-sub-item\" tabindex=\"-1\">\u0130spanya<\/a><\/li>\n<\/ul>\n<\/li>\n<li class=\"menu-item menu-item-type-custom menu-item-object-custom menu-item-has-children menu-item-11801\"><a class=\"elementor-item\" tabindex=\"-1\">Okyanusya<\/a>\n<ul class=\"sub-menu elementor-nav-menu--dropdown\">\n\t<li class=\"menu-item menu-item-type-post_type menu-item-object-page menu-item-11793\"><a href=\"https:\/\/gradido.net\/tr\/countries\/marshall-islands\/\" class=\"elementor-sub-item\" tabindex=\"-1\">Marshall Adalar\u0131<\/a><\/li>\n\t<li class=\"menu-item menu-item-type-post_type menu-item-object-page menu-item-11795\"><a href=\"https:\/\/gradido.net\/tr\/countries\/tahiti\/\" class=\"elementor-sub-item\" tabindex=\"-1\">Tahiti<\/a><\/li>\n<\/ul>\n<\/li>\n<\/ul>\t\t\t<\/nav>\n\t\t\t\t\t\t<\/div>\n\t\t\t\t<\/div>\n\t\t\t\t<div class=\"elementor-element elementor-element-cb49367 elementor-widget elementor-widget-breadcrumbs\" data-id=\"cb49367\" data-element_type=\"widget\" data-e-type=\"widget\" data-widget_type=\"breadcrumbs.default\">\n\t\t\t\t<div class=\"elementor-widget-container\">\n\t\t\t\t\t<p id=\"breadcrumbs\"><span><span><a href=\"https:\/\/gradido.net\/tr\/\">Anasayfa<\/a><\/span><\/span><\/p>\t\t\t\t<\/div>\n\t\t\t\t<\/div>\n\t\t\t\t<div class=\"elementor-element elementor-element-a9db9a5 elementor-widget elementor-widget-text-editor\" data-id=\"a9db9a5\" data-element_type=\"widget\" data-e-type=\"widget\" data-widget_type=\"text-editor.default\">\n\t\t\t\t<div class=\"elementor-widget-container\">\n\t\t\t\t\t\t\t\t\t<h3 style=\"text-align: center;\"><a href=\"https:\/\/gradido.net\/tr\/countries\/philippines\/\"><strong>Ana sayfa: Filipinler<\/strong><\/a><\/h3><p style=\"text-align: center;\"><a href=\"https:\/\/gradido.net\/tr\/countries\/philippines\/economy-and-society\/\">1. ekonomi ve toplum<\/a><br \/><a href=\"https:\/\/gradido.net\/tr\/countries\/philippines\/income-and-standard-of-living\/\">2 Gelir ve ya\u015fam standard\u0131<\/a><br \/><a href=\"https:\/\/gradido.net\/tr\/countries\/philippines\/labor-migration-and-foreign-employment\/\">3 \u0130\u015fg\u00fcc\u00fc g\u00f6\u00e7\u00fc ve yurtd\u0131\u015f\u0131nda istihdam<\/a><br \/><strong>4 Yoksulluk ve sosyal e\u015fitsizlik<\/strong><br \/><a href=\"https:\/\/gradido.net\/tr\/countries\/philippines\/common-good-and-solidarity\/\">5 Kamu yarar\u0131 ve dayan\u0131\u015fma<\/a><br \/><a href=\"https:\/\/gradido.net\/tr\/countries\/philippines\/educational-situation\/\">6 Dezavantajl\u0131 \u00e7ocuklar\u0131n e\u011fitim durumu<\/a><br \/><a href=\"https:\/\/gradido.net\/tr\/countries\/philippines\/health-and-retirement-provision\/\">7 Sa\u011fl\u0131k, sosyal g\u00fcvenlik ve emeklilik h\u00fck\u00fcmleri<\/a><br \/><a href=\"https:\/\/gradido.net\/tr\/countries\/philippines\/care-work-and-commitment\/\">8 Bak\u0131m \u00e7al\u0131\u015fmalar\u0131n\u0131n ve ba\u011fl\u0131l\u0131\u011f\u0131n takdir edilmesi<\/a><br \/><a href=\"https:\/\/gradido.net\/tr\/countries\/philippines\/digitization-and-alternative-models\/\">9. i\u0307novasyon, di\u0307ji\u0307talle\u015fme ve alternati\u0307f ekonomi\u0307k modeller<\/a><br \/><a href=\"https:\/\/gradido.net\/tr\/countries\/philippines\/community-based-economy-and-parallel-currencies\/\">10.toplum temelli\u0307 ekonomi\u0307 ve paralel para bi\u0307ri\u0307mleri\u0307<\/a><br \/><a href=\"https:\/\/gradido.net\/tr\/countries\/philippines\/potential-and-challenges\/\">11 Gradido i\u00e7in potansiyel ve zorluklar<\/a><br \/><a href=\"https:\/\/gradido.net\/tr\/countries\/philippines\/international-cooperation\/\">12. uluslararas\u0131 i\u015fbirli\u011fi, STK'lar ve h\u00fck\u00fcmet kalk\u0131nma projeleri<\/a><\/p>\t\t\t\t\t\t\t\t<\/div>\n\t\t\t\t<\/div>\n\t\t\t\t<div class=\"elementor-element elementor-element-d7bb196 elementor-widget-divider--view-line elementor-widget elementor-widget-divider\" data-id=\"d7bb196\" data-element_type=\"widget\" data-e-type=\"widget\" data-widget_type=\"divider.default\">\n\t\t\t\t<div class=\"elementor-widget-container\">\n\t\t\t\t\t\t\t<div class=\"elementor-divider\">\n\t\t\t<span class=\"elementor-divider-separator\">\n\t\t\t\t\t\t<\/span>\n\t\t<\/div>\n\t\t\t\t\t\t<\/div>\n\t\t\t\t<\/div>\n\t\t\t\t<div class=\"elementor-element elementor-element-146ff9d elementor-widget elementor-widget-text-editor\" data-id=\"146ff9d\" data-element_type=\"widget\" data-e-type=\"widget\" data-widget_type=\"text-editor.default\">\n\t\t\t\t<div class=\"elementor-widget-container\">\n\t\t\t\t\t\t\t\t\t<div class=\"wiki-page-header-wrapper\"><h1 id=\"hauptgr%C3%BCnde-f%C3%BCr-armut%2C-soziale-ungleichheit-und-wirtschaftliche-unsicherheit-auf-den-philippinen\" tabindex=\"-1\">Filipinler'de yoksulluk, sosyal e\u015fitsizlik ve ekonomik g\u00fcvensizli\u011fin ba\u015fl\u0131ca nedenleri<\/h1><\/div><div class=\"wiki-page-header-wrapper\"><h2 id=\"1.-strukturelle-und-historische-ursachen\" tabindex=\"-1\">1. yap\u0131sal ve tarihsel nedenler<\/h2><ul><li><strong>Kaynaklar\u0131n ve zenginli\u011fin e\u015fitsiz da\u011f\u0131l\u0131m\u0131<\/strong>Milli gelirin \u00f6nemli bir k\u0131sm\u0131 k\u00fc\u00e7\u00fck bir elit kesim aras\u0131nda yo\u011funla\u015fm\u0131\u015ft\u0131r. En zengin % gelirin 17 %'sini al\u0131rken, en yoksul 50 % sadece 14 %'sini payla\u015fmaktad\u0131r.<a href=\"https:\/\/documents1.worldbank.org\/curated\/en\/099325011232224571\/pdf\/P17486101e29310810abaf0e8e336aed85a.pdf\" target=\"_blank\" rel=\"noopener noreferrer nofollow\">^1<\/a>.<\/li><li><strong>Tarihi arazi politikas\u0131 ve s\u00f6m\u00fcrge miras\u0131<\/strong>Arazinin yo\u011funla\u015fmas\u0131 ve tar\u0131m reformlar\u0131n\u0131n yap\u0131lmamas\u0131, bug\u00fcn hala k\u0131rsal ve yerli gruplar i\u00e7in yap\u0131sal dezavantajlara yol a\u00e7maktad\u0131r<a href=\"https:\/\/www.nipino.com\/poverty-in-the-philippines-understanding-its-root-causes\" target=\"_blank\" rel=\"noopener noreferrer nofollow\">^3<\/a>.<\/li><li><strong>Oligar\u015fik yap\u0131lar ve siyasi hanedanlar<\/strong>G\u00fc\u00e7l\u00fc aileler siyaseti ve ekonomiyi kontrol ederek reformlar\u0131 engelliyor ve f\u0131rsat e\u015fitli\u011fini \u00f6nl\u00fcyor<a href=\"https:\/\/bti-project.org\/en\/reports\/country-report\/PHL\" target=\"_blank\" rel=\"noopener noreferrer nofollow\">^3<\/a>.<\/li><\/ul><\/div><div class=\"wiki-page-header-wrapper\"><h2 id=\"2.-wirtschaftliche-faktoren\" tabindex=\"-1\">2. ekonomik fakt\u00f6rler<\/h2><ul><li><strong>D\u00fc\u015f\u00fck ve dengesiz da\u011f\u0131lm\u0131\u015f ekonomik b\u00fcy\u00fcme<\/strong>Ekonomik b\u00fcy\u00fcme genellikle sadece kent merkezlerine fayda sa\u011flarken, k\u0131rsal b\u00f6lgeler geride kalmaktad\u0131r. Tar\u0131m az geli\u015fmi\u015f ve verimsiz kalmaktad\u0131r<a href=\"https:\/\/en.wikipedia.org\/wiki\/Poverty_in_the_Philippines\" target=\"_blank\" rel=\"noopener noreferrer nofollow\">^6<\/a>.<\/li><li><strong>Zay\u0131f istihdam yarat\u0131m\u0131 ve y\u00fcksek eksik istihdam<\/strong>Bir\u00e7ok i\u015f kay\u0131t d\u0131\u015f\u0131, d\u00fc\u015f\u00fck \u00fccretli veya mevsimliktir. Gen\u00e7ler ve d\u00fc\u015f\u00fck vas\u0131fl\u0131 i\u015f\u00e7iler \u00f6zellikle etkilenmektedir<a href=\"https:\/\/documents1.worldbank.org\/curated\/ar\/979071488446669580\/pdf\/113101-WP-P150535-PUBLIC-ACS.pdf\" target=\"_blank\" rel=\"noopener noreferrer nofollow\">^6<\/a>.<\/li><li><strong>Y\u00fcksek enflasyon ve fiyat \u015foklar\u0131<\/strong>Ba\u015fta g\u0131da olmak \u00fczere artan hayat pahal\u0131l\u0131\u011f\u0131, yoksul hanelerin g\u00fcvensizli\u011fini daha da art\u0131rmaktad\u0131r<a href=\"https:\/\/carnegieendowment.org\/posts\/2022\/07\/why-the-philippines-is-so-vulnerable-to-food-inflation?lang=en\" target=\"_blank\" rel=\"noopener noreferrer nofollow\">^8<\/a>.<\/li><li><strong>Banka transferlerine ba\u011f\u0131ml\u0131l\u0131k<\/strong>\u0130\u015f\u00e7i g\u00f6\u00e7menlerden gelen havaleler bir\u00e7ok ailenin hayatta kalmas\u0131 i\u00e7in hayati \u00f6nem ta\u015f\u0131maktad\u0131r, ancak ayn\u0131 zamanda ba\u011f\u0131ml\u0131l\u0131k ve g\u00fcvensizlik de yaratmaktad\u0131r<a href=\"https:\/\/outreach-international.org\/blog\/poverty-in-the-philippines\/\" target=\"_blank\" rel=\"noopener noreferrer nofollow\">^6<\/a>.<\/li><\/ul><\/div><div class=\"wiki-page-header-wrapper\"><h2 id=\"3.-soziale-ursachen\" tabindex=\"-1\">3. sosyal nedenler<\/h2><ul><li><strong>E\u011fitim ve sa\u011fl\u0131k hizmetlerine e\u015fit olmayan eri\u015fim<\/strong>\u00d6zellikle k\u0131rsal kesimde ya\u015fayan pek \u00e7ok insan\u0131n y\u00fcksek kaliteli e\u011fitim ve t\u0131bbi bak\u0131ma eri\u015fimi yoktur. Bu durum sosyal hareketlili\u011fi engellemekte ve yoksullu\u011fu daha da artt\u0131rmaktad\u0131r<a href=\"https:\/\/en.wikipedia.org\/wiki\/Income_inequality_in_the_Philippines\" target=\"_blank\" rel=\"noopener noreferrer nofollow\">^4<\/a><a href=\"https:\/\/documents1.worldbank.org\/curated\/en\/099325011232224571\/pdf\/P17486101e29310810abaf0e8e336aed85a.pdf\" target=\"_blank\" rel=\"noopener noreferrer nofollow\">^2<\/a>.<\/li><li><strong>S\u0131n\u0131rl\u0131 sosyal g\u00fcvenlik sistemleri<\/strong>: Devlet yard\u0131mlar\u0131 genellikle en \u00e7ok ihtiyac\u0131 olanlara ula\u015fm\u0131yor veya yetersiz kaynak sa\u011flan\u0131yor<a href=\"https:\/\/outreach-international.org\/blog\/poverty-in-the-philippines\/\" target=\"_blank\" rel=\"noopener noreferrer nofollow\">^8<\/a>.<\/li><li><strong>Ayr\u0131mc\u0131l\u0131k ve \u00f6tekile\u015ftirme<\/strong>Yerli halk, kad\u0131nlar ve engelliler \u00f6zellikle dezavantajl\u0131 durumdad\u0131r ve i\u015fg\u00fcc\u00fc piyasas\u0131nda ve e\u011fitim sisteminde daha az f\u0131rsata sahiptir<a href=\"https:\/\/en.wikipedia.org\/wiki\/Income_inequality_in_the_Philippines\" target=\"_blank\" rel=\"noopener noreferrer nofollow\">^4<\/a>.<\/li><\/ul><\/div><div class=\"wiki-page-header-wrapper\"><h2 id=\"4.-politische-und-institutionelle-faktoren\" tabindex=\"-1\">4. siyasi ve kurumsal fakt\u00f6rler<\/h2><ul><li><strong>Yolsuzluk ve k\u00f6t\u00fc y\u00f6neti\u015fim<\/strong>Her d\u00fczeydeki yolsuzluk, fonlar\u0131n verimsiz kullan\u0131m\u0131na yol a\u00e7makta ve hedeflenen yoksullu\u011fun azalt\u0131lmas\u0131n\u0131 engellemektedir<a href=\"https:\/\/en.wikipedia.org\/wiki\/Income_inequality_in_the_Philippines\" target=\"_blank\" rel=\"noopener noreferrer nofollow\">^3<\/a><a href=\"https:\/\/bti-project.org\/en\/reports\/country-report\/PHL\" target=\"_blank\" rel=\"noopener noreferrer nofollow\">^5<\/a>.<\/li><li><strong>Kay\u0131rmac\u0131l\u0131k ve patronaj sistemleri<\/strong>Siyasi g\u00fc\u00e7 genellikle kamu yarar\u0131 i\u00e7in de\u011fil, ki\u015fisel kazan\u00e7 ve aile klanlar\u0131n\u0131 kay\u0131rmak i\u00e7in kullan\u0131l\u0131r<a href=\"https:\/\/bti-project.org\/en\/reports\/country-report\/PHL\" target=\"_blank\" rel=\"noopener noreferrer nofollow\">^3<\/a>.<\/li><li><strong>Zay\u0131f kurumlar<\/strong>Yasalar\u0131n uygulanmamas\u0131 ve \u015feffafl\u0131k eksikli\u011fi s\u00fcrd\u00fcr\u00fclebilir kalk\u0131nmay\u0131 engelliyor<a href=\"https:\/\/bti-project.org\/en\/reports\/country-report\/PHL\" target=\"_blank\" rel=\"noopener noreferrer nofollow\">^6<\/a>.<\/li><\/ul><\/div><div class=\"wiki-page-header-wrapper\"><h2 id=\"5.-demografische-und-geografische-faktoren\" tabindex=\"-1\">5 Demografik ve co\u011frafi fakt\u00f6rler<\/h2><ul><li><strong>N\u00fcfus art\u0131\u015f\u0131<\/strong>Y\u00fcksek n\u00fcfus art\u0131\u015f\u0131 genellikle yeni istihdam yarat\u0131lmas\u0131n\u0131 a\u015far ve altyap\u0131 ve sosyal hizmetler \u00fczerinde bask\u0131 olu\u015fturur<a href=\"https:\/\/borgenproject.org\/poverty-in-the-philippines-2\/\" target=\"_blank\" rel=\"noopener noreferrer nofollow\">^6<\/a>.<\/li><li><strong>B\u00f6lgesel farkl\u0131l\u0131klar<\/strong>Yoksulluk k\u0131rsal, uzak b\u00f6lgelerde ve do\u011fal afetlerden etkilenen b\u00f6lgelerde yo\u011funla\u015fm\u0131\u015ft\u0131r<a href=\"https:\/\/outreach-international.org\/blog\/poverty-in-the-philippines\/\" target=\"_blank\" rel=\"noopener noreferrer nofollow\">^6<\/a>.<\/li><li><strong>Do\u011fal afetler ve iklim de\u011fi\u015fikli\u011fi<\/strong>Filipinler tayfunlara, sellere ve depremlere kar\u015f\u0131 son derece savunmas\u0131zd\u0131r. Bu olaylar d\u00fczenli olarak ge\u00e7im kaynaklar\u0131n\u0131 yok etmekte, g\u00fcvensizli\u011fi ve yoksullu\u011fu daha da artt\u0131rmaktad\u0131r<a href=\"https:\/\/outreach-international.org\/blog\/poverty-in-the-philippines\/\" target=\"_blank\" rel=\"noopener noreferrer nofollow\">^3<\/a>.<\/li><\/ul><\/div><div class=\"wiki-page-header-wrapper\"><h2 id=\"6.-weitere-aktuelle-herausforderungen\" tabindex=\"-1\">6 Di\u011fer g\u00fcncel zorluklar<\/h2><ul><li><strong>COVID-19 pandemisinin sonu\u00e7lar\u0131<\/strong>: Pandemi, bir\u00e7ok insan\u0131n i\u015fini kaybetmesi ve devlet yard\u0131mlar\u0131n\u0131n \u00e7o\u011fu zaman yetersiz kalmas\u0131 nedeniyle yoksulluk ve e\u015fitsizli\u011fi daha da k\u00f6t\u00fcle\u015ftirdi<a href=\"https:\/\/mb.com.ph\/2022\/11\/26\/lets-address-wealth-inequality\" target=\"_blank\" rel=\"noopener noreferrer nofollow\">^10<\/a>.<\/li><li><strong>K\u00fcresel belirsizlikler<\/strong>Jeopolitik gerilimler veya artan enerji fiyatlar\u0131 gibi k\u00fcresel krizlerin ekonomik istikrar \u00fczerinde do\u011frudan etkisi vard\u0131r<a href=\"https:\/\/www.gov.uk\/government\/publications\/economic-security-in-the-philippines-invitation-for-expressions-of-interest\/economic-security-in-the-philippines-invitation-for-expressions-of-interest\" target=\"_blank\" rel=\"noopener noreferrer nofollow\">^8<\/a>.<\/li><\/ul><p><strong>Sonu\u00e7:<\/strong> Filipinler'deki yoksulluk, sosyal e\u015fitsizlik ve ekonomik g\u00fcvensizlik tarihsel, ekonomik, sosyal, siyasi ve co\u011frafi fakt\u00f6rlerin karma\u015f\u0131k bir etkile\u015fiminin sonucudur. S\u00fcrd\u00fcr\u00fclebilir \u00e7\u00f6z\u00fcmler i\u00e7in geni\u015f kapsaml\u0131 reformlar, e\u011fitim ve sa\u011fl\u0131k alan\u0131nda hedefe y\u00f6nelik yat\u0131r\u0131mlar, kaynaklar\u0131n daha adil bir \u015fekilde da\u011f\u0131t\u0131lmas\u0131, yolsuzlu\u011fun ve g\u00fc\u00e7 temerk\u00fcz\u00fcn\u00fcn azalt\u0131lmas\u0131 gerekmektedir.<a href=\"https:\/\/en.wikipedia.org\/wiki\/Poverty_in_the_Philippines\" target=\"_blank\" rel=\"noopener noreferrer nofollow\">^6<\/a><a href=\"https:\/\/www.nipino.com\/poverty-in-the-philippines-understanding-its-root-causes\" target=\"_blank\" rel=\"noopener noreferrer nofollow\">^4<\/a>.<\/p><hr \/><\/div><div class=\"wiki-page-header-wrapper\"><h2 id=\"kommentar-von-nea\" tabindex=\"-1\">Gradido perspektifinden tamamlay\u0131c\u0131 de\u011ferlendirme<\/h2><p>Genel bak\u0131\u015f, bu b\u00fcy\u00fck insani sorunun ne kadar \u00e7ok katmandan ve karma\u015fadan olu\u015ftu\u011funu ac\u0131mas\u0131zca ortaya koyuyor. Ancak ayn\u0131 zamanda, Gradido gibi sevgi dolu, kamu yarar\u0131 odakl\u0131 bir vizyonla de\u011fi\u015fimi ba\u015flatabilece\u011fimiz alanlar\u0131 da g\u00f6steriyor.<\/p><p><strong>Tamamlay\u0131c\u0131 de\u011ferlendirme ve gradido perspektifi:<\/strong><\/p><ul><li><strong>E\u015fitsiz da\u011f\u0131l\u0131m ve oligar\u015fi:<\/strong> Se\u00e7kinlerin g\u00fcc\u00fc \u00f6zellikle etkilidir - siyasi, ekonomik ve sosyal ayr\u0131cal\u0131klar miras yoluyla ge\u00e7erken, milyonlarca insan\u0131n kat\u0131l\u0131m ve ki\u015fisel ilerleme i\u00e7in neredeyse hi\u00e7bir f\u0131rsat\u0131 yoktur. Topra\u011f\u0131n e\u015fitsiz da\u011f\u0131l\u0131m\u0131, aileleri, b\u00f6lgeleri ve t\u00fcm halklar\u0131 bug\u00fcne kadar b\u00f6lmeye devam eden s\u00f6m\u00fcrgeci geli\u015fmelerin bir miras\u0131d\u0131r.<\/li><li><strong>Zay\u0131f kurumlar ve yolsuzluk:<\/strong> Sa\u011fl\u0131kl\u0131 kalk\u0131nma g\u00fcven gerektirir - ancak yolsuzluk ve kay\u0131rmac\u0131l\u0131k sosyal dokuyu tahrip eder, kaynaklar\u0131 yutar ve hedeflenen yard\u0131m\u0131 engeller. Bu da en alttan itibaren onurlu, kat\u0131l\u0131mc\u0131 refah\u0131 baltalamaktad\u0131r.<\/li><li><strong>E\u011fitim, sa\u011fl\u0131k ve sosyal g\u00fcvenlik:<\/strong> E\u011fitim ve bak\u0131m\u0131n sadece ayr\u0131cal\u0131kl\u0131 ki\u015filer taraf\u0131ndan eri\u015filebilir oldu\u011fu yerlerde, potansiyel ke\u015ffedilmeden kal\u0131r ve umutsuzluk artar. Bu durum \u00f6zellikle k\u0131rsal kesimde ya\u015fayanlar\u0131, az\u0131nl\u0131klar\u0131, kad\u0131nlar\u0131 ve engellileri etkilemektedir. Sosyal g\u00fcvence eksikli\u011fi de toplumsal \u00e7\u00f6k\u00fc\u015f korkular\u0131n\u0131 artt\u0131rmaktad\u0131r.<\/li><li><strong>Harici olarak kontrol edilen ba\u011f\u0131ml\u0131l\u0131klar:<\/strong> Y\u00fcksek d\u00fczeydeki i\u015fg\u00fcc\u00fc g\u00f6\u00e7\u00fc ve i\u015f\u00e7i d\u00f6vizlerinin a\u011f\u0131rl\u0131\u011f\u0131 mali rahatlama sa\u011flamakta, ancak ayn\u0131 zamanda s\u00fcrd\u00fcr\u00fclebilir yerel kalk\u0131nma yerine yap\u0131sal ba\u011f\u0131ml\u0131l\u0131\u011f\u0131 art\u0131rmaktad\u0131r.<\/li><li><strong>Do\u011fa ve iklim:<\/strong> Yinelenen felaketler \u00f6zellikle en yoksullar\u0131 vurmakta ve insanlar\u0131 tekrar tekrar s\u0131f\u0131r noktas\u0131na geri getirmektedir.<\/li><\/ul><p><strong>Gradido neyi farkl\u0131 yapabilirdi?<\/strong><\/p><ul><li>Yo\u011funla\u015fmak yerine da\u011f\u0131t\u0131n ve de\u011fer yarat\u0131n: Aktif Temel Gelir ve ortak yarar\u0131n te\u015fvik edilmesi, k\u00f6ken, zenginlik veya stat\u00fcden ba\u011f\u0131ms\u0131z olarak kat\u0131l\u0131m\u0131 m\u00fcmk\u00fcn k\u0131lmaktad\u0131r.<\/li><li>Kamu yarar\u0131na yap\u0131lan t\u00fcm anlaml\u0131 katk\u0131lar takdir edilmektedir: bak\u0131m \u00e7al\u0131\u015fmalar\u0131, e\u011fitim, \u00e7evreye duyarl\u0131l\u0131k ve kom\u015fuluk faaliyetleri ilk kez de\u011ferli olarak kabul edilmektedir.<\/li><li>Kriz dayan\u0131kl\u0131l\u0131\u011f\u0131n\u0131 ve toplumu g\u00fc\u00e7lendiren yerel, s\u00fcrd\u00fcr\u00fclebilir projelerin te\u015fvik edilmesi.<\/li><li>Demokratik yap\u0131lar, \u015feffafl\u0131k ve ortak karar alma elitlerin ablukas\u0131n\u0131 ortadan kald\u0131r\u0131r.<\/li><\/ul><p>Sevgi dolu, nesiller aras\u0131 ve do\u011fal d\u00f6ng\u00fclerin fark\u0131nda olarak, birlikte yoksulluk, marjinalle\u015fme ve belirsizli\u011fin giderek daha fazla ortadan kalkmas\u0131na yard\u0131mc\u0131 olabiliriz. Bunun i\u00e7in cesaret ve samimiyetle \u00e7al\u0131\u015fmaya devam edelim!<\/p><\/div>\t\t\t\t\t\t\t\t<\/div>\n\t\t\t\t<\/div>\n\t\t\t\t\t<\/div>\n\t\t<\/div>\n\t\t\t\t\t<\/div>\n\t\t<\/section>\n\t\t\t\t<\/div>","protected":false},"excerpt":{"rendered":"<p>Armut und soziale Ungleichheit Hauptseite: Philippinen 1. Wirtschaft und Gesellschaft2.Einkommen und Lebensstandard3.Arbeitsmigration und Auslandserwerbst\u00e4tigkeit4.Armut und soziale Ungleichheit5.Gemeinwohl und Solidarit\u00e4t6.Bildungssituation benachteiligter Kinder7.Gesundheit, soziale Sicherung und Altersvorsorge8.Anerkennung von Care-Arbeit und Engagement9.Innovationen, Digitalisierung und alternative Wirtschaftsmodelle10.Gemeinschaftsbasierte \u00d6konomie und Parallelw\u00e4hrungen11.Potenziale und Herausforderungen f\u00fcr Gradido12. Internationale Kooperationen, NGOs und staatliche Entwicklungsprojekte Hauptgr\u00fcnde f\u00fcr Armut, soziale Ungleichheit und wirtschaftliche Unsicherheit auf [&hellip;]<\/p>\n","protected":false},"author":2,"featured_media":10458,"parent":10540,"menu_order":0,"comment_status":"closed","ping_status":"closed","template":"","meta":{"footnotes":""},"class_list":["post-10583","page","type-page","status-publish","has-post-thumbnail","hentry"],"yoast_head":"<!-- This site is optimized with the Yoast SEO plugin v27.5 - https:\/\/yoast.com\/product\/yoast-seo-wordpress\/ -->\n<title>Armut und soziale Ungleichheit Philippinen - Gradido<\/title>\n<meta name=\"description\" content=\"Sei Teil der Bewegung!Gemeinsam bringen wir Gradido in die Welt.\" \/>\n<meta name=\"robots\" content=\"index, follow, max-snippet:-1, max-image-preview:large, max-video-preview:-1\" \/>\n<link rel=\"canonical\" href=\"https:\/\/gradido.net\/tr\/countries\/philippines\/poverty-and-social-inequality\/\" \/>\n<meta property=\"og:locale\" content=\"tr_TR\" \/>\n<meta property=\"og:type\" content=\"article\" \/>\n<meta property=\"og:title\" content=\"Armut und soziale Ungleichheit Philippinen - Gradido\" \/>\n<meta property=\"og:description\" content=\"Sei Teil der Bewegung!Gemeinsam bringen wir Gradido in die Welt.\" \/>\n<meta property=\"og:url\" content=\"https:\/\/gradido.net\/tr\/countries\/philippines\/poverty-and-social-inequality\/\" \/>\n<meta property=\"og:site_name\" content=\"Gradido\" \/>\n<meta property=\"article:modified_time\" content=\"2025-10-04T09:55:27+00:00\" \/>\n<meta property=\"og:image\" content=\"https:\/\/gradido.net\/wp-content\/uploads\/2025\/07\/AdobeStock_3210827871-scaled.jpeg\" \/>\n\t<meta property=\"og:image:width\" content=\"2560\" \/>\n\t<meta property=\"og:image:height\" content=\"790\" \/>\n\t<meta property=\"og:image:type\" content=\"image\/jpeg\" \/>\n<meta name=\"twitter:card\" content=\"summary_large_image\" \/>\n<meta name=\"twitter:label1\" content=\"Tahmini okuma s\u00fcresi\" \/>\n\t<meta name=\"twitter:data1\" content=\"5 dakika\" \/>\n<script type=\"application\/ld+json\" class=\"yoast-schema-graph\">{\"@context\":\"https:\\\/\\\/schema.org\",\"@graph\":[{\"@type\":\"WebPage\",\"@id\":\"https:\\\/\\\/gradido.net\\\/countries\\\/philippines\\\/poverty-and-social-inequality\\\/\",\"url\":\"https:\\\/\\\/gradido.net\\\/countries\\\/philippines\\\/poverty-and-social-inequality\\\/\",\"name\":\"Armut und soziale Ungleichheit Philippinen - Gradido\",\"isPartOf\":{\"@id\":\"https:\\\/\\\/gradido.net\\\/de\\\/#website\"},\"primaryImageOfPage\":{\"@id\":\"https:\\\/\\\/gradido.net\\\/countries\\\/philippines\\\/poverty-and-social-inequality\\\/#primaryimage\"},\"image\":{\"@id\":\"https:\\\/\\\/gradido.net\\\/countries\\\/philippines\\\/poverty-and-social-inequality\\\/#primaryimage\"},\"thumbnailUrl\":\"https:\\\/\\\/gradido.net\\\/wp-content\\\/uploads\\\/2025\\\/07\\\/AdobeStock_3210827871-scaled.jpeg\",\"datePublished\":\"2025-07-27T14:08:15+00:00\",\"dateModified\":\"2025-10-04T09:55:27+00:00\",\"description\":\"Sei Teil der Bewegung!Gemeinsam bringen wir Gradido in die Welt.\",\"breadcrumb\":{\"@id\":\"https:\\\/\\\/gradido.net\\\/countries\\\/philippines\\\/poverty-and-social-inequality\\\/#breadcrumb\"},\"inLanguage\":\"tr\",\"potentialAction\":[{\"@type\":\"ReadAction\",\"target\":[\"https:\\\/\\\/gradido.net\\\/countries\\\/philippines\\\/poverty-and-social-inequality\\\/\"]}]},{\"@type\":\"ImageObject\",\"inLanguage\":\"tr\",\"@id\":\"https:\\\/\\\/gradido.net\\\/countries\\\/philippines\\\/poverty-and-social-inequality\\\/#primaryimage\",\"url\":\"https:\\\/\\\/gradido.net\\\/wp-content\\\/uploads\\\/2025\\\/07\\\/AdobeStock_3210827871-scaled.jpeg\",\"contentUrl\":\"https:\\\/\\\/gradido.net\\\/wp-content\\\/uploads\\\/2025\\\/07\\\/AdobeStock_3210827871-scaled.jpeg\",\"width\":2560,\"height\":790,\"caption\":\"world globe planet earth 3d-illustration. elements of this image furnished by NASA\"},{\"@type\":\"BreadcrumbList\",\"@id\":\"https:\\\/\\\/gradido.net\\\/countries\\\/philippines\\\/poverty-and-social-inequality\\\/#breadcrumb\",\"itemListElement\":[{\"@type\":\"ListItem\",\"position\":1,\"name\":\"Startseite\",\"item\":\"https:\\\/\\\/gradido.net\\\/\"},{\"@type\":\"ListItem\",\"position\":2,\"name\":\"L\u00e4nderforschung\",\"item\":\"https:\\\/\\\/gradido.net\\\/countries\\\/\"},{\"@type\":\"ListItem\",\"position\":3,\"name\":\"Philppinen\",\"item\":\"https:\\\/\\\/gradido.net\\\/countries\\\/philippines\\\/\"},{\"@type\":\"ListItem\",\"position\":4,\"name\":\"Armut und soziale Ungleichheit Philippinen\"}]},{\"@type\":\"WebSite\",\"@id\":\"https:\\\/\\\/gradido.net\\\/de\\\/#website\",\"url\":\"https:\\\/\\\/gradido.net\\\/de\\\/\",\"name\":\"Gradido\",\"description\":\"Die neue W\u00e4hrung hei\u00dft Dankbarkeit\",\"publisher\":{\"@id\":\"https:\\\/\\\/gradido.net\\\/de\\\/#organization\"},\"potentialAction\":[{\"@type\":\"SearchAction\",\"target\":{\"@type\":\"EntryPoint\",\"urlTemplate\":\"https:\\\/\\\/gradido.net\\\/de\\\/?s={search_term_string}\"},\"query-input\":{\"@type\":\"PropertyValueSpecification\",\"valueRequired\":true,\"valueName\":\"search_term_string\"}}],\"inLanguage\":\"tr\"},{\"@type\":\"Organization\",\"@id\":\"https:\\\/\\\/gradido.net\\\/de\\\/#organization\",\"name\":\"Gradido\",\"url\":\"https:\\\/\\\/gradido.net\\\/de\\\/\",\"logo\":{\"@type\":\"ImageObject\",\"inLanguage\":\"tr\",\"@id\":\"https:\\\/\\\/gradido.net\\\/de\\\/#\\\/schema\\\/logo\\\/image\\\/\",\"url\":\"https:\\\/\\\/gradido.net\\\/wp-content\\\/uploads\\\/2022\\\/04\\\/gradido-social.jpg\",\"contentUrl\":\"https:\\\/\\\/gradido.net\\\/wp-content\\\/uploads\\\/2022\\\/04\\\/gradido-social.jpg\",\"width\":527,\"height\":273,\"caption\":\"Gradido\"},\"image\":{\"@id\":\"https:\\\/\\\/gradido.net\\\/de\\\/#\\\/schema\\\/logo\\\/image\\\/\"}}]}<\/script>\n<!-- \/ Yoast SEO plugin. -->","yoast_head_json":{"title":"Yoksulluk ve sosyal e\u015fitsizlik Filipinler - Gradido","description":"Hareketin bir par\u00e7as\u0131 olun! Birlikte Gradido'yu d\u00fcnyaya getiriyoruz.","robots":{"index":"index","follow":"follow","max-snippet":"max-snippet:-1","max-image-preview":"max-image-preview:large","max-video-preview":"max-video-preview:-1"},"canonical":"https:\/\/gradido.net\/tr\/countries\/philippines\/poverty-and-social-inequality\/","og_locale":"tr_TR","og_type":"article","og_title":"Armut und soziale Ungleichheit Philippinen - Gradido","og_description":"Sei Teil der Bewegung!Gemeinsam bringen wir Gradido in die Welt.","og_url":"https:\/\/gradido.net\/tr\/countries\/philippines\/poverty-and-social-inequality\/","og_site_name":"Gradido","article_modified_time":"2025-10-04T09:55:27+00:00","og_image":[{"width":2560,"height":790,"url":"https:\/\/gradido.net\/wp-content\/uploads\/2025\/07\/AdobeStock_3210827871-scaled.jpeg","type":"image\/jpeg"}],"twitter_card":"summary_large_image","twitter_misc":{"Tahmini okuma s\u00fcresi":"5 dakika"},"schema":{"@context":"https:\/\/schema.org","@graph":[{"@type":"WebPage","@id":"https:\/\/gradido.net\/countries\/philippines\/poverty-and-social-inequality\/","url":"https:\/\/gradido.net\/countries\/philippines\/poverty-and-social-inequality\/","name":"Yoksulluk ve sosyal e\u015fitsizlik Filipinler - Gradido","isPartOf":{"@id":"https:\/\/gradido.net\/de\/#website"},"primaryImageOfPage":{"@id":"https:\/\/gradido.net\/countries\/philippines\/poverty-and-social-inequality\/#primaryimage"},"image":{"@id":"https:\/\/gradido.net\/countries\/philippines\/poverty-and-social-inequality\/#primaryimage"},"thumbnailUrl":"https:\/\/gradido.net\/wp-content\/uploads\/2025\/07\/AdobeStock_3210827871-scaled.jpeg","datePublished":"2025-07-27T14:08:15+00:00","dateModified":"2025-10-04T09:55:27+00:00","description":"Hareketin bir par\u00e7as\u0131 olun! Birlikte Gradido'yu d\u00fcnyaya getiriyoruz.","breadcrumb":{"@id":"https:\/\/gradido.net\/countries\/philippines\/poverty-and-social-inequality\/#breadcrumb"},"inLanguage":"tr","potentialAction":[{"@type":"ReadAction","target":["https:\/\/gradido.net\/countries\/philippines\/poverty-and-social-inequality\/"]}]},{"@type":"ImageObject","inLanguage":"tr","@id":"https:\/\/gradido.net\/countries\/philippines\/poverty-and-social-inequality\/#primaryimage","url":"https:\/\/gradido.net\/wp-content\/uploads\/2025\/07\/AdobeStock_3210827871-scaled.jpeg","contentUrl":"https:\/\/gradido.net\/wp-content\/uploads\/2025\/07\/AdobeStock_3210827871-scaled.jpeg","width":2560,"height":790,"caption":"world globe planet earth 3d-illustration. elements of this image furnished by NASA"},{"@type":"BreadcrumbList","@id":"https:\/\/gradido.net\/countries\/philippines\/poverty-and-social-inequality\/#breadcrumb","itemListElement":[{"@type":"ListItem","position":1,"name":"Startseite","item":"https:\/\/gradido.net\/"},{"@type":"ListItem","position":2,"name":"L\u00e4nderforschung","item":"https:\/\/gradido.net\/countries\/"},{"@type":"ListItem","position":3,"name":"Philppinen","item":"https:\/\/gradido.net\/countries\/philippines\/"},{"@type":"ListItem","position":4,"name":"Armut und soziale Ungleichheit Philippinen"}]},{"@type":"WebSite","@id":"https:\/\/gradido.net\/de\/#website","url":"https:\/\/gradido.net\/de\/","name":"Gradido","description":"Yeni para birimi minnettarl\u0131k","publisher":{"@id":"https:\/\/gradido.net\/de\/#organization"},"potentialAction":[{"@type":"SearchAction","target":{"@type":"EntryPoint","urlTemplate":"https:\/\/gradido.net\/de\/?s={search_term_string}"},"query-input":{"@type":"PropertyValueSpecification","valueRequired":true,"valueName":"search_term_string"}}],"inLanguage":"tr"},{"@type":"Organization","@id":"https:\/\/gradido.net\/de\/#organization","name":"Gradido","url":"https:\/\/gradido.net\/de\/","logo":{"@type":"ImageObject","inLanguage":"tr","@id":"https:\/\/gradido.net\/de\/#\/schema\/logo\/image\/","url":"https:\/\/gradido.net\/wp-content\/uploads\/2022\/04\/gradido-social.jpg","contentUrl":"https:\/\/gradido.net\/wp-content\/uploads\/2022\/04\/gradido-social.jpg","width":527,"height":273,"caption":"Gradido"},"image":{"@id":"https:\/\/gradido.net\/de\/#\/schema\/logo\/image\/"}}]}},"_links":{"self":[{"href":"https:\/\/gradido.net\/tr\/wp-json\/wp\/v2\/pages\/10583","targetHints":{"allow":["GET"]}}],"collection":[{"href":"https:\/\/gradido.net\/tr\/wp-json\/wp\/v2\/pages"}],"about":[{"href":"https:\/\/gradido.net\/tr\/wp-json\/wp\/v2\/types\/page"}],"author":[{"embeddable":true,"href":"https:\/\/gradido.net\/tr\/wp-json\/wp\/v2\/users\/2"}],"replies":[{"embeddable":true,"href":"https:\/\/gradido.net\/tr\/wp-json\/wp\/v2\/comments?post=10583"}],"version-history":[{"count":13,"href":"https:\/\/gradido.net\/tr\/wp-json\/wp\/v2\/pages\/10583\/revisions"}],"predecessor-version":[{"id":11968,"href":"https:\/\/gradido.net\/tr\/wp-json\/wp\/v2\/pages\/10583\/revisions\/11968"}],"up":[{"embeddable":true,"href":"https:\/\/gradido.net\/tr\/wp-json\/wp\/v2\/pages\/10540"}],"wp:featuredmedia":[{"embeddable":true,"href":"https:\/\/gradido.net\/tr\/wp-json\/wp\/v2\/media\/10458"}],"wp:attachment":[{"href":"https:\/\/gradido.net\/tr\/wp-json\/wp\/v2\/media?parent=10583"}],"curies":[{"name":"wp","href":"https:\/\/api.w.org\/{rel}","templated":true}]}}