{"id":10594,"date":"2025-07-27T16:15:40","date_gmt":"2025-07-27T14:15:40","guid":{"rendered":"https:\/\/gradido.net\/?page_id=10594"},"modified":"2025-10-04T11:56:13","modified_gmt":"2025-10-04T09:56:13","slug":"common-good-and-solidarity","status":"publish","type":"page","link":"https:\/\/gradido.net\/tr\/countries\/philippines\/common-good-and-solidarity\/","title":{"rendered":"Kamu yarar\u0131 ve dayan\u0131\u015fma Filipinler"},"content":{"rendered":"<div data-elementor-type=\"wp-page\" data-elementor-id=\"10594\" class=\"elementor elementor-10594\" data-elementor-post-type=\"page\">\n\t\t\t\t\t\t<section class=\"elementor-section elementor-top-section elementor-element elementor-element-4ce3e8af elementor-section-full_width elementor-section-height-default elementor-section-height-default\" data-id=\"4ce3e8af\" data-element_type=\"section\" data-e-type=\"section\">\n\t\t\t\t\t\t<div class=\"elementor-container elementor-column-gap-no\">\n\t\t\t\t\t<div class=\"elementor-column elementor-col-100 elementor-top-column elementor-element elementor-element-efa8c8c\" data-id=\"efa8c8c\" data-element_type=\"column\" data-e-type=\"column\">\n\t\t\t<div class=\"elementor-widget-wrap elementor-element-populated\">\n\t\t\t\t\t\t<div class=\"elementor-element elementor-element-e088aa4 elementor--h-position-center elementor--v-position-middle elementor-arrows-position-inside elementor-widget elementor-widget-slides\" data-id=\"e088aa4\" data-element_type=\"widget\" data-e-type=\"widget\" data-settings=\"{&quot;navigation&quot;:&quot;arrows&quot;,&quot;autoplay&quot;:&quot;yes&quot;,&quot;pause_on_hover&quot;:&quot;yes&quot;,&quot;pause_on_interaction&quot;:&quot;yes&quot;,&quot;autoplay_speed&quot;:5000,&quot;infinite&quot;:&quot;yes&quot;,&quot;transition&quot;:&quot;slide&quot;,&quot;transition_speed&quot;:500}\" data-widget_type=\"slides.default\">\n\t\t\t\t<div class=\"elementor-widget-container\">\n\t\t\t\t\t\t\t\t\t<div class=\"elementor-swiper\">\n\t\t\t\t\t<div class=\"elementor-slides-wrapper elementor-main-swiper swiper\" role=\"region\" aria-roledescription=\"carousel\" aria-label=\"Kayd\u0131r\u0131c\u0131\" dir=\"ltr\" data-animation=\"fadeInUp\">\n\t\t\t\t<div class=\"swiper-wrapper elementor-slides\">\n\t\t\t\t\t\t\t\t\t\t<div class=\"elementor-repeater-item-2de4990 swiper-slide\" role=\"group\" aria-roledescription=\"slide\"><div class=\"swiper-slide-bg\" role=\"img\" aria-label=\"manila-4503501_1280\"><\/div><div class=\"swiper-slide-inner\" ><div class=\"swiper-slide-contents\"><\/div><\/div><\/div><div class=\"elementor-repeater-item-28f126e swiper-slide\" role=\"group\" aria-roledescription=\"slide\"><div class=\"swiper-slide-bg\" role=\"img\" aria-label=\"philippines-4951855_1280\"><\/div><div class=\"swiper-slide-inner\" ><div class=\"swiper-slide-contents\"><\/div><\/div><\/div><div class=\"elementor-repeater-item-992da35 swiper-slide\" role=\"group\" aria-roledescription=\"slide\"><div class=\"swiper-slide-bg\" role=\"img\" aria-label=\"manila-2256322_1280\"><\/div><div class=\"swiper-slide-inner\" ><div class=\"swiper-slide-contents\"><\/div><\/div><\/div>\t\t\t\t<\/div>\n\t\t\t\t\t\t\t\t\t\t\t\t\t\t\t<div class=\"elementor-swiper-button elementor-swiper-button-prev\" role=\"button\" tabindex=\"0\" aria-label=\"\u00d6nceki slayt\">\n\t\t\t\t\t\t\t<i aria-hidden=\"true\" class=\"eicon-chevron-left\"><\/i>\t\t\t\t\t\t<\/div>\n\t\t\t\t\t\t<div class=\"elementor-swiper-button elementor-swiper-button-next\" role=\"button\" tabindex=\"0\" aria-label=\"Sonraki slayt\">\n\t\t\t\t\t\t\t<i aria-hidden=\"true\" class=\"eicon-chevron-right\"><\/i>\t\t\t\t\t\t<\/div>\n\t\t\t\t\t\t\t\t\t\t\t\t\t\t\t\t\t<\/div>\n\t\t\t\t<\/div>\n\t\t\t\t\t\t\t\t<\/div>\n\t\t\t\t<\/div>\n\t\t\t\t\t<\/div>\n\t\t<\/div>\n\t\t\t\t\t<\/div>\n\t\t<\/section>\n\t\t\t\t<section class=\"elementor-section elementor-top-section elementor-element elementor-element-240baa7a elementor-section-boxed elementor-section-height-default elementor-section-height-default\" data-id=\"240baa7a\" data-element_type=\"section\" data-e-type=\"section\" data-settings=\"{&quot;background_background&quot;:&quot;classic&quot;}\">\n\t\t\t\t\t\t<div class=\"elementor-container elementor-column-gap-default\">\n\t\t\t\t\t<div class=\"elementor-column elementor-col-100 elementor-top-column elementor-element elementor-element-1afe9e42\" data-id=\"1afe9e42\" data-element_type=\"column\" data-e-type=\"column\">\n\t\t\t<div class=\"elementor-widget-wrap elementor-element-populated\">\n\t\t\t\t\t\t<div class=\"elementor-element elementor-element-65bd50ae elementor-widget elementor-widget-heading\" data-id=\"65bd50ae\" data-element_type=\"widget\" data-e-type=\"widget\" data-widget_type=\"heading.default\">\n\t\t\t\t<div class=\"elementor-widget-container\">\n\t\t\t\t\t<h1 class=\"elementor-heading-title elementor-size-default\">Ortak fayda ve dayan\u0131\u015fma<\/h1>\t\t\t\t<\/div>\n\t\t\t\t<\/div>\n\t\t\t\t\t<\/div>\n\t\t<\/div>\n\t\t\t\t\t<\/div>\n\t\t<\/section>\n\t\t\t\t<section class=\"elementor-section elementor-top-section elementor-element elementor-element-446540f elementor-section-boxed elementor-section-height-default elementor-section-height-default\" data-id=\"446540f\" data-element_type=\"section\" data-e-type=\"section\">\n\t\t\t\t\t\t<div class=\"elementor-container elementor-column-gap-default\">\n\t\t\t\t\t<div class=\"elementor-column elementor-col-100 elementor-top-column elementor-element elementor-element-312a2d3\" data-id=\"312a2d3\" data-element_type=\"column\" data-e-type=\"column\">\n\t\t\t<div class=\"elementor-widget-wrap elementor-element-populated\">\n\t\t\t\t\t\t<div class=\"elementor-element elementor-element-92bd6e2 elementor-nav-menu--dropdown-tablet elementor-nav-menu__text-align-aside elementor-nav-menu--toggle elementor-nav-menu--burger elementor-widget elementor-widget-nav-menu\" data-id=\"92bd6e2\" data-element_type=\"widget\" data-e-type=\"widget\" data-settings=\"{&quot;layout&quot;:&quot;horizontal&quot;,&quot;submenu_icon&quot;:{&quot;value&quot;:&quot;&lt;i class=\\&quot;fas fa-caret-down\\&quot; aria-hidden=\\&quot;true\\&quot;&gt;&lt;\\\/i&gt;&quot;,&quot;library&quot;:&quot;fa-solid&quot;},&quot;toggle&quot;:&quot;burger&quot;}\" data-widget_type=\"nav-menu.default\">\n\t\t\t\t<div class=\"elementor-widget-container\">\n\t\t\t\t\t\t\t\t<nav aria-label=\"\u00dclke ara\u015ft\u0131rmas\u0131\" class=\"elementor-nav-menu--main elementor-nav-menu__container elementor-nav-menu--layout-horizontal e--pointer-underline e--animation-grow\">\n\t\t\t\t<ul id=\"menu-1-92bd6e2\" class=\"elementor-nav-menu\"><li class=\"menu-item menu-item-type-custom menu-item-object-custom menu-item-has-children menu-item-12305\"><a class=\"elementor-item\">Afrika<\/a>\n<ul class=\"sub-menu elementor-nav-menu--dropdown\">\n\t<li class=\"menu-item menu-item-type-post_type menu-item-object-page menu-item-12253\"><a href=\"https:\/\/gradido.net\/tr\/countries\/afrika\/\" class=\"elementor-sub-item\">Afrika, t\u00fcm k\u0131ta<\/a><\/li>\n\t<li class=\"menu-item menu-item-type-post_type menu-item-object-page menu-item-13097\"><a href=\"https:\/\/gradido.net\/tr\/countries\/afrika\/dr-congo\/\" class=\"elementor-sub-item\">Demokratik Kongo Cumhuriyeti<\/a><\/li>\n\t<li class=\"menu-item menu-item-type-post_type menu-item-object-page menu-item-12414\"><a href=\"https:\/\/gradido.net\/tr\/countries\/afrika\/kenya\/\" class=\"elementor-sub-item\">Kenya<\/a><\/li>\n\t<li class=\"menu-item menu-item-type-post_type menu-item-object-page menu-item-12737\"><a href=\"https:\/\/gradido.net\/tr\/countries\/afrika\/madagascar\/\" class=\"elementor-sub-item\">Madagaskar<\/a><\/li>\n\t<li class=\"menu-item menu-item-type-post_type menu-item-object-page menu-item-12148\"><a href=\"https:\/\/gradido.net\/tr\/countries\/afrika\/namibia\/\" class=\"elementor-sub-item\">Namibya<\/a><\/li>\n\t<li class=\"menu-item menu-item-type-post_type menu-item-object-page menu-item-12839\"><a href=\"https:\/\/gradido.net\/tr\/countries\/afrika\/rwanda\/\" class=\"elementor-sub-item\">Ruanda<\/a><\/li>\n<\/ul>\n<\/li>\n<li class=\"menu-item menu-item-type-custom menu-item-object-custom menu-item-has-children menu-item-11798\"><a class=\"elementor-item\">Amerika<\/a>\n<ul class=\"sub-menu elementor-nav-menu--dropdown\">\n\t<li class=\"menu-item menu-item-type-post_type menu-item-object-page menu-item-12463\"><a href=\"https:\/\/gradido.net\/tr\/countries\/usa\/\" class=\"elementor-sub-item\">ABD<\/a><\/li>\n\t<li class=\"menu-item menu-item-type-post_type menu-item-object-page menu-item-11791\"><a href=\"https:\/\/gradido.net\/tr\/countries\/mexico\/\" class=\"elementor-sub-item\">Meksika<\/a><\/li>\n<\/ul>\n<\/li>\n<li class=\"menu-item menu-item-type-custom menu-item-object-custom menu-item-has-children menu-item-11800\"><a class=\"elementor-item\">Asya<\/a>\n<ul class=\"sub-menu elementor-nav-menu--dropdown\">\n\t<li class=\"menu-item menu-item-type-post_type menu-item-object-page menu-item-11794\"><a href=\"https:\/\/gradido.net\/tr\/countries\/maledives\/\" class=\"elementor-sub-item\">Maldivler<\/a><\/li>\n\t<li class=\"menu-item menu-item-type-post_type menu-item-object-page menu-item-11790\"><a href=\"https:\/\/gradido.net\/tr\/countries\/philippines\/\" class=\"elementor-sub-item\">Philppines<\/a><\/li>\n\t<li class=\"menu-item menu-item-type-post_type menu-item-object-page menu-item-11802\"><a href=\"https:\/\/gradido.net\/tr\/countries\/saudi-arabia\/\" class=\"elementor-sub-item\">Suudi Arabistan<\/a><\/li>\n<\/ul>\n<\/li>\n<li class=\"menu-item menu-item-type-custom menu-item-object-custom menu-item-has-children menu-item-11797\"><a class=\"elementor-item\">Avrupa<\/a>\n<ul class=\"sub-menu elementor-nav-menu--dropdown\">\n\t<li class=\"menu-item menu-item-type-post_type menu-item-object-page menu-item-11805\"><a href=\"https:\/\/gradido.net\/tr\/countries\/germany\/\" class=\"elementor-sub-item\">Almanya<\/a><\/li>\n\t<li class=\"menu-item menu-item-type-post_type menu-item-object-page menu-item-11803\"><a href=\"https:\/\/gradido.net\/tr\/countries\/greece\/\" class=\"elementor-sub-item\">Yunanistan<\/a><\/li>\n\t<li class=\"menu-item menu-item-type-post_type menu-item-object-page menu-item-11788\"><a href=\"https:\/\/gradido.net\/tr\/countries\/spain\/\" class=\"elementor-sub-item\">\u0130spanya<\/a><\/li>\n<\/ul>\n<\/li>\n<li class=\"menu-item menu-item-type-custom menu-item-object-custom menu-item-has-children menu-item-11801\"><a class=\"elementor-item\">Okyanusya<\/a>\n<ul class=\"sub-menu elementor-nav-menu--dropdown\">\n\t<li class=\"menu-item menu-item-type-post_type menu-item-object-page menu-item-11793\"><a href=\"https:\/\/gradido.net\/tr\/countries\/marshall-islands\/\" class=\"elementor-sub-item\">Marshall Adalar\u0131<\/a><\/li>\n\t<li class=\"menu-item menu-item-type-post_type menu-item-object-page menu-item-11795\"><a href=\"https:\/\/gradido.net\/tr\/countries\/tahiti\/\" class=\"elementor-sub-item\">Tahiti<\/a><\/li>\n<\/ul>\n<\/li>\n<\/ul>\t\t\t<\/nav>\n\t\t\t\t\t<div class=\"elementor-menu-toggle\" role=\"button\" tabindex=\"0\" aria-label=\"Men\u00fc De\u011fi\u015ftirme\" aria-expanded=\"false\">\n\t\t\t<i aria-hidden=\"true\" role=\"presentation\" class=\"elementor-menu-toggle__icon--open eicon-menu-bar\"><\/i><i aria-hidden=\"true\" role=\"presentation\" class=\"elementor-menu-toggle__icon--close eicon-close\"><\/i>\t\t<\/div>\n\t\t\t\t\t<nav class=\"elementor-nav-menu--dropdown elementor-nav-menu__container\" aria-hidden=\"true\">\n\t\t\t\t<ul id=\"menu-2-92bd6e2\" class=\"elementor-nav-menu\"><li class=\"menu-item menu-item-type-custom menu-item-object-custom menu-item-has-children menu-item-12305\"><a class=\"elementor-item\" tabindex=\"-1\">Afrika<\/a>\n<ul class=\"sub-menu elementor-nav-menu--dropdown\">\n\t<li class=\"menu-item menu-item-type-post_type menu-item-object-page menu-item-12253\"><a href=\"https:\/\/gradido.net\/tr\/countries\/afrika\/\" class=\"elementor-sub-item\" tabindex=\"-1\">Afrika, t\u00fcm k\u0131ta<\/a><\/li>\n\t<li class=\"menu-item menu-item-type-post_type menu-item-object-page menu-item-13097\"><a href=\"https:\/\/gradido.net\/tr\/countries\/afrika\/dr-congo\/\" class=\"elementor-sub-item\" tabindex=\"-1\">Demokratik Kongo Cumhuriyeti<\/a><\/li>\n\t<li class=\"menu-item menu-item-type-post_type menu-item-object-page menu-item-12414\"><a href=\"https:\/\/gradido.net\/tr\/countries\/afrika\/kenya\/\" class=\"elementor-sub-item\" tabindex=\"-1\">Kenya<\/a><\/li>\n\t<li class=\"menu-item menu-item-type-post_type menu-item-object-page menu-item-12737\"><a href=\"https:\/\/gradido.net\/tr\/countries\/afrika\/madagascar\/\" class=\"elementor-sub-item\" tabindex=\"-1\">Madagaskar<\/a><\/li>\n\t<li class=\"menu-item menu-item-type-post_type menu-item-object-page menu-item-12148\"><a href=\"https:\/\/gradido.net\/tr\/countries\/afrika\/namibia\/\" class=\"elementor-sub-item\" tabindex=\"-1\">Namibya<\/a><\/li>\n\t<li class=\"menu-item menu-item-type-post_type menu-item-object-page menu-item-12839\"><a href=\"https:\/\/gradido.net\/tr\/countries\/afrika\/rwanda\/\" class=\"elementor-sub-item\" tabindex=\"-1\">Ruanda<\/a><\/li>\n<\/ul>\n<\/li>\n<li class=\"menu-item menu-item-type-custom menu-item-object-custom menu-item-has-children menu-item-11798\"><a class=\"elementor-item\" tabindex=\"-1\">Amerika<\/a>\n<ul class=\"sub-menu elementor-nav-menu--dropdown\">\n\t<li class=\"menu-item menu-item-type-post_type menu-item-object-page menu-item-12463\"><a href=\"https:\/\/gradido.net\/tr\/countries\/usa\/\" class=\"elementor-sub-item\" tabindex=\"-1\">ABD<\/a><\/li>\n\t<li class=\"menu-item menu-item-type-post_type menu-item-object-page menu-item-11791\"><a href=\"https:\/\/gradido.net\/tr\/countries\/mexico\/\" class=\"elementor-sub-item\" tabindex=\"-1\">Meksika<\/a><\/li>\n<\/ul>\n<\/li>\n<li class=\"menu-item menu-item-type-custom menu-item-object-custom menu-item-has-children menu-item-11800\"><a class=\"elementor-item\" tabindex=\"-1\">Asya<\/a>\n<ul class=\"sub-menu elementor-nav-menu--dropdown\">\n\t<li class=\"menu-item menu-item-type-post_type menu-item-object-page menu-item-11794\"><a href=\"https:\/\/gradido.net\/tr\/countries\/maledives\/\" class=\"elementor-sub-item\" tabindex=\"-1\">Maldivler<\/a><\/li>\n\t<li class=\"menu-item menu-item-type-post_type menu-item-object-page menu-item-11790\"><a href=\"https:\/\/gradido.net\/tr\/countries\/philippines\/\" class=\"elementor-sub-item\" tabindex=\"-1\">Philppines<\/a><\/li>\n\t<li class=\"menu-item menu-item-type-post_type menu-item-object-page menu-item-11802\"><a href=\"https:\/\/gradido.net\/tr\/countries\/saudi-arabia\/\" class=\"elementor-sub-item\" tabindex=\"-1\">Suudi Arabistan<\/a><\/li>\n<\/ul>\n<\/li>\n<li class=\"menu-item menu-item-type-custom menu-item-object-custom menu-item-has-children menu-item-11797\"><a class=\"elementor-item\" tabindex=\"-1\">Avrupa<\/a>\n<ul class=\"sub-menu elementor-nav-menu--dropdown\">\n\t<li class=\"menu-item menu-item-type-post_type menu-item-object-page menu-item-11805\"><a href=\"https:\/\/gradido.net\/tr\/countries\/germany\/\" class=\"elementor-sub-item\" tabindex=\"-1\">Almanya<\/a><\/li>\n\t<li class=\"menu-item menu-item-type-post_type menu-item-object-page menu-item-11803\"><a href=\"https:\/\/gradido.net\/tr\/countries\/greece\/\" class=\"elementor-sub-item\" tabindex=\"-1\">Yunanistan<\/a><\/li>\n\t<li class=\"menu-item menu-item-type-post_type menu-item-object-page menu-item-11788\"><a href=\"https:\/\/gradido.net\/tr\/countries\/spain\/\" class=\"elementor-sub-item\" tabindex=\"-1\">\u0130spanya<\/a><\/li>\n<\/ul>\n<\/li>\n<li class=\"menu-item menu-item-type-custom menu-item-object-custom menu-item-has-children menu-item-11801\"><a class=\"elementor-item\" tabindex=\"-1\">Okyanusya<\/a>\n<ul class=\"sub-menu elementor-nav-menu--dropdown\">\n\t<li class=\"menu-item menu-item-type-post_type menu-item-object-page menu-item-11793\"><a href=\"https:\/\/gradido.net\/tr\/countries\/marshall-islands\/\" class=\"elementor-sub-item\" tabindex=\"-1\">Marshall Adalar\u0131<\/a><\/li>\n\t<li class=\"menu-item menu-item-type-post_type menu-item-object-page menu-item-11795\"><a href=\"https:\/\/gradido.net\/tr\/countries\/tahiti\/\" class=\"elementor-sub-item\" tabindex=\"-1\">Tahiti<\/a><\/li>\n<\/ul>\n<\/li>\n<\/ul>\t\t\t<\/nav>\n\t\t\t\t\t\t<\/div>\n\t\t\t\t<\/div>\n\t\t\t\t<div class=\"elementor-element elementor-element-720d3c9 elementor-widget elementor-widget-breadcrumbs\" data-id=\"720d3c9\" data-element_type=\"widget\" data-e-type=\"widget\" data-widget_type=\"breadcrumbs.default\">\n\t\t\t\t<div class=\"elementor-widget-container\">\n\t\t\t\t\t<p id=\"breadcrumbs\"><span><span><a href=\"https:\/\/gradido.net\/tr\/\">Anasayfa<\/a><\/span><\/span><\/p>\t\t\t\t<\/div>\n\t\t\t\t<\/div>\n\t\t\t\t<div class=\"elementor-element elementor-element-a9db9a5 elementor-widget elementor-widget-text-editor\" data-id=\"a9db9a5\" data-element_type=\"widget\" data-e-type=\"widget\" data-widget_type=\"text-editor.default\">\n\t\t\t\t<div class=\"elementor-widget-container\">\n\t\t\t\t\t\t\t\t\t<h3 style=\"text-align: center;\"><a href=\"https:\/\/gradido.net\/tr\/countries\/philippines\/\"><strong>Ana sayfa: Filipinler<\/strong><\/a><\/h3><p style=\"text-align: center;\"><a href=\"https:\/\/gradido.net\/tr\/countries\/philippines\/economy-and-society\/\">1. ekonomi ve toplum<\/a><br \/><a href=\"https:\/\/gradido.net\/tr\/countries\/philippines\/income-and-standard-of-living\/\">2 Gelir ve ya\u015fam standard\u0131<\/a><br \/><a href=\"https:\/\/gradido.net\/tr\/countries\/philippines\/labor-migration-and-foreign-employment\/\">3 \u0130\u015fg\u00fcc\u00fc g\u00f6\u00e7\u00fc ve yurtd\u0131\u015f\u0131nda istihdam<\/a><br \/><a href=\"https:\/\/gradido.net\/tr\/countries\/philippines\/poverty-and-social-inequality\/\">4 Yoksulluk ve sosyal e\u015fitsizlik<\/a><br \/><strong>5 Kamu yarar\u0131 ve dayan\u0131\u015fma<\/strong><br \/><a href=\"https:\/\/gradido.net\/tr\/countries\/philippines\/educational-situation\/\">6 Dezavantajl\u0131 \u00e7ocuklar\u0131n e\u011fitim durumu<\/a><br \/><a href=\"https:\/\/gradido.net\/tr\/countries\/philippines\/health-and-retirement-provision\/\">7 Sa\u011fl\u0131k, sosyal g\u00fcvenlik ve emeklilik h\u00fck\u00fcmleri<\/a><br \/><a href=\"https:\/\/gradido.net\/tr\/countries\/philippines\/care-work-and-commitment\/\">8 Bak\u0131m \u00e7al\u0131\u015fmalar\u0131n\u0131n ve ba\u011fl\u0131l\u0131\u011f\u0131n takdir edilmesi<\/a><br \/><a href=\"https:\/\/gradido.net\/tr\/countries\/philippines\/digitization-and-alternative-models\/\">9. i\u0307novasyon, di\u0307ji\u0307talle\u015fme ve alternati\u0307f ekonomi\u0307k modeller<\/a><br \/><a href=\"https:\/\/gradido.net\/tr\/countries\/philippines\/community-based-economy-and-parallel-currencies\/\">10.toplum temelli\u0307 ekonomi\u0307 ve paralel para bi\u0307ri\u0307mleri\u0307<\/a><br \/><a href=\"https:\/\/gradido.net\/tr\/countries\/philippines\/potential-and-challenges\/\">11 Gradido i\u00e7in potansiyel ve zorluklar<\/a><br \/><a href=\"https:\/\/gradido.net\/tr\/countries\/philippines\/international-cooperation\/\">12. uluslararas\u0131 i\u015fbirli\u011fi, STK'lar ve h\u00fck\u00fcmet kalk\u0131nma projeleri<\/a><\/p>\t\t\t\t\t\t\t\t<\/div>\n\t\t\t\t<\/div>\n\t\t\t\t<div class=\"elementor-element elementor-element-d7bb196 elementor-widget-divider--view-line elementor-widget elementor-widget-divider\" data-id=\"d7bb196\" data-element_type=\"widget\" data-e-type=\"widget\" data-widget_type=\"divider.default\">\n\t\t\t\t<div class=\"elementor-widget-container\">\n\t\t\t\t\t\t\t<div class=\"elementor-divider\">\n\t\t\t<span class=\"elementor-divider-separator\">\n\t\t\t\t\t\t<\/span>\n\t\t<\/div>\n\t\t\t\t\t\t<\/div>\n\t\t\t\t<\/div>\n\t\t\t\t<div class=\"elementor-element elementor-element-146ff9d elementor-widget elementor-widget-text-editor\" data-id=\"146ff9d\" data-element_type=\"widget\" data-e-type=\"widget\" data-widget_type=\"text-editor.default\">\n\t\t\t\t<div class=\"elementor-widget-container\">\n\t\t\t\t\t\t\t\t\t<div class=\"wiki-page-header-wrapper\"><div class=\"wiki-page-header-wrapper\"><h1 id=\"stellenwert-von-gemeinwohl%2C-zusammenhalt%2C-familie-und-solidarit%C3%A4t-auf-den-philippinen\" tabindex=\"-1\">Filipinler'de kamu yarar\u0131, uyum, aile ve dayan\u0131\u015fman\u0131n \u00f6nemi<\/h1><\/div><div class=\"wiki-page-header-wrapper\"><h2 id=\"1.-gemeinwohl-und-solidarit%C3%A4t\" tabindex=\"-1\">1. ortak yarar ve dayan\u0131\u015fma<\/h2><p>Bu <strong>Ortak fayda<\/strong> ve <strong>Dayan\u0131\u015fma<\/strong> Filipinler'de \u00e7ok \u00f6nemlidir. \u00d6zellikle kriz zamanlar\u0131nda - \u00f6rne\u011fin do\u011fal afetlerden sonra veya sosyal acil durumlarda - topluluk eylemi ve kar\u015f\u0131l\u0131kl\u0131 destek konusunda g\u00fc\u00e7l\u00fc bir fark\u0131ndal\u0131k vard\u0131r. Dayan\u0131\u015fma sadece aile ortam\u0131nda de\u011fil, ayn\u0131 zamanda kom\u015fuluk ve daha geni\u015f sosyal \u00e7evrede de uygulanan temel bir erdem olarak g\u00f6r\u00fclmektedir<a href=\"https:\/\/www.pressenza.com\/de\/2025\/04\/wurzeln-des-philippinischen-humanismus-teil-2-bayanihan\/\" target=\"_blank\" rel=\"noopener noreferrer nofollow\">^1<\/a>.<\/p><\/div><div class=\"wiki-page-header-wrapper\"><h3 id=\"das-prinzip-des-%E2%80%9Ebayanihan%E2%80%9C\" tabindex=\"-1\">\"Bayanihan\" ilkesi<\/h3><ul><li><strong>Bayanihan<\/strong> eski bir Filipin kavram\u0131d\u0131r ve \u015fu anlama gelir <em>Aktif kom\u015fuluk yard\u0131m\u0131<\/em>i\u015fbirli\u011fi ve topluluk duygusu.<\/li><li>Kelime, \"topluluk\" veya \"millet\" anlam\u0131na gelen \"bayan\" kelimesinden t\u00fcretilmi\u015ftir.<\/li><li>Bayanihan asl\u0131nda bir ailenin evini yeni bir yere ta\u015f\u0131mak i\u00e7in b\u00fct\u00fcn bir k\u00f6y\u00fcn bir araya gelmesi imgesini tan\u0131ml\u0131yor - kar\u015f\u0131l\u0131k beklemeden yap\u0131lan kolektif yard\u0131m\u0131n bir sembol\u00fc<a href=\"https:\/\/mustaqim.com.ph\/the-concept-of-bayanihan-a-timeless-filipino-tradition-of-community-and-cooperation\/\" target=\"_blank\" rel=\"noopener noreferrer nofollow\">^2<\/a>.<\/li><li>Bug\u00fcn Bayanihan, do\u011fal afetler, yer de\u011fi\u015ftirmeler veya di\u011fer acil durumlarda harekete ge\u00e7en i\u015fbirli\u011fi ruhunu temsil etmektedir. Yard\u0131m kendili\u011finden, \u00f6zverili ve kolektif olarak sa\u011flan\u0131r - ister maddi destek, ister i\u015fg\u00fcc\u00fc veya duygusal destek yoluyla olsun<a href=\"https:\/\/www.pressenza.com\/de\/2025\/04\/wurzeln-des-philippinischen-humanismus-teil-2-bayanihan\/\" target=\"_blank\" rel=\"noopener noreferrer nofollow\">^1<\/a><a href=\"https:\/\/mustaqim.com.ph\/the-concept-of-bayanihan-a-timeless-filipino-tradition-of-community-and-cooperation\/\" target=\"_blank\" rel=\"noopener noreferrer nofollow\">^3<\/a>.<\/li><li>Bu ilke, toplumun \u00f6z imaj\u0131nda derin k\u00f6klere sahiptir ve toplumun hayatta kalmas\u0131 ve dayan\u0131kl\u0131l\u0131\u011f\u0131 i\u00e7in gerekli g\u00f6r\u00fclmektedir.<\/li><\/ul><\/div><div class=\"wiki-page-header-wrapper\"><h2 id=\"2.-zusammenhalt-und-familie\" tabindex=\"-1\">2. Uyum ve aile<\/h2><p>Bu <strong>Aile<\/strong> Filipinler'deki merkezi sosyal yap\u0131d\u0131r. Toplumun temelini olu\u015fturur ve \u00e7o\u011fu Filipinli i\u00e7in g\u00fcnl\u00fck ya\u015famda ve kriz durumlar\u0131nda en \u00f6nemli destek kayna\u011f\u0131d\u0131r.<\/p><ul><li>Filipinli aileler genellikle birka\u00e7 nesli kapsar ve uzak akrabalar ile yak\u0131n arkada\u015flar\u0131 da i\u00e7erir<a href=\"https:\/\/www.green-tiger.de\/reisetipps-philippinen\/traditionen-braeuche\/\" target=\"_blank\" rel=\"noopener noreferrer nofollow\">^4<\/a>.<\/li><li><strong>Aile b\u00fct\u00fcnl\u00fc\u011f\u00fc<\/strong> \u00fcyelerin birbirlerini desteklemesi, birbirlerine sayg\u0131 duymas\u0131 ve ortak sorumluluk \u00fcstlenmesi anlam\u0131na gelir.<\/li><li>Aile, \u00f6zellikle zor ekonomik zamanlarda veya hastal\u0131k ya da i\u015fsizlik durumunda en \u00f6nemli sosyal a\u011fd\u0131r.<\/li><li>Ya\u015fl\u0131 aile \u00fcyelerine sayg\u0131 ve onlar\u0131n deste\u011fi k\u00fclt\u00fcrel olarak k\u00f6kle\u015fmi\u015ftir<a href=\"https:\/\/www.green-tiger.de\/reisetipps-philippinen\/traditionen-braeuche\/\" target=\"_blank\" rel=\"noopener noreferrer nofollow\">^5<\/a>.<\/li><li>Aile ayn\u0131 zamanda i\u015f d\u00fcnyas\u0131nda ve siyasette de merkezi bir rol oynamakta, bu da di\u011fer \u015feylerin yan\u0131 s\u0131ra aile hanedanlar\u0131n\u0131n hakimiyetine yans\u0131maktad\u0131r<a href=\"https:\/\/taz.de\/Polit-Dynastien-in-den-Philippinen\/!5851995\/\" target=\"_blank\" rel=\"noopener noreferrer nofollow\">^6<\/a>.<\/li><\/ul><\/div><div class=\"wiki-page-header-wrapper\"><h2 id=\"3.-gemeinschaft-und-nachbarschaftshilfe\" tabindex=\"-1\">3. toplum ve mahalle yard\u0131m\u0131<\/h2><ul><li>Ailenin yan\u0131 s\u0131ra <strong>Kom\u015fuluk<\/strong> \u00f6nemli bir rol oynamaktad\u0131r. Kom\u015fulara ve tan\u0131d\u0131klara yard\u0131m etme iste\u011fi y\u00fcksektir ve do\u011fal kar\u015f\u0131lanmaktad\u0131r.<\/li><li>Bayanihan ilkesi modern ba\u011flamlarda da uygulanmaktad\u0131r, \u00f6rne\u011fin topluluk projelerinde, toplu protestolarda veya afetlerden sonra yeniden yap\u0131lanmada<a href=\"https:\/\/www.pressenza.com\/de\/2025\/04\/wurzeln-des-philippinischen-humanismus-teil-2-bayanihan\/\" target=\"_blank\" rel=\"noopener noreferrer nofollow\">^1<\/a><a href=\"https:\/\/mustaqim.com.ph\/the-concept-of-bayanihan-a-timeless-filipino-tradition-of-community-and-cooperation\/\" target=\"_blank\" rel=\"noopener noreferrer nofollow\">^3<\/a>.<\/li><li>Topluluk festivalleri, dini kutlamalar ve yerel giri\u015fimler birliktelik duygusunu g\u00fc\u00e7lendirir ve sosyal uyumu te\u015fvik eder<a href=\"https:\/\/www.green-tiger.de\/reisetipps-philippinen\/traditionen-braeuche\/\" target=\"_blank\" rel=\"noopener noreferrer nofollow\">^5<\/a>.<\/li><\/ul><\/div><div class=\"wiki-page-header-wrapper\"><h2 id=\"4.-bedeutung-f%C3%BCr-die-gesellschaft\" tabindex=\"-1\">4. Toplum i\u00e7in \u00f6nemi<\/h2><ul><li><strong>Kamu yarar\u0131, uyum, aile ve dayan\u0131\u015fma<\/strong> Filipin toplumunun temel direkleridir ve insanlar\u0131n kendilerini g\u00f6rme bi\u00e7imlerini karakterize eder.<\/li><li>Devlet deste\u011finin genellikle yetersiz oldu\u011fu bir \u00fclkede sosyal g\u00fcvenlik mekanizmalar\u0131 olarak hizmet vermektedirler.<\/li><li>Bu de\u011ferler dayan\u0131kl\u0131l\u0131\u011f\u0131, kar\u015f\u0131l\u0131kl\u0131 g\u00fcveni ve krizleri birlikte a\u015fma becerisini te\u015fvik eder.<\/li><\/ul><div class=\"table-responsive\"><table><tbody><tr><th><p>De\u011fer\/Prensip<\/p><\/th><th><p>Anlam\u0131 ve \u00f6zellikleri<\/p><\/th><\/tr><tr><td><p>Ortak fayda<\/p><\/td><td><p>\u00d6zellikle kriz d\u00f6nemlerinde bireysel \u00e7\u0131karlara \u00f6ncelik verilmesi<\/p><\/td><\/tr><tr><td><p>Dayan\u0131\u015fma<\/p><\/td><td><p>Aktif kom\u015fuluk yard\u0131m\u0131, spontane ve \u00f6zverili destek (Bayanihan)<\/p><\/td><\/tr><tr><td><p>Aile<\/p><\/td><td><p>Merkezi sosyal a\u011f, genellikle birka\u00e7 nesli ve arkada\u015flar\u0131 da kapsar<\/p><\/td><\/tr><tr><td><p>Uyum<\/p><\/td><td><p>G\u00fc\u00e7l\u00fc topluluk duygusu, kar\u015f\u0131l\u0131kl\u0131 sorumluluk ve destek<\/p><\/td><\/tr><\/tbody><\/table><\/div><\/div><div class=\"wiki-page-header-wrapper\"><h2 id=\"fazit\" tabindex=\"-1\">Sonu\u00e7<\/h2><p><strong>Kamu yarar\u0131, uyum, aile ve dayan\u0131\u015fma Filipinler'de derin k\u00f6kleri olan de\u011ferlerdir.<\/strong> G\u00fcnl\u00fck ya\u015fam\u0131 karakterize eder, toplumu g\u00fc\u00e7lendirir ve do\u011fal afetlerden sosyal sorunlara kadar zorluklar\u0131n \u00fcstesinden gelmek i\u00e7in kilit kaynaklard\u0131r. Bayanihan ilkesi, kar\u015f\u0131l\u0131kl\u0131 yard\u0131mla\u015fma ve kolektif eylemin do\u011fal kar\u015f\u0131land\u0131\u011f\u0131 Filipin toplumunun \u00f6zel ruhunu sembolize eder<a href=\"https:\/\/www.pressenza.com\/de\/2025\/04\/wurzeln-des-philippinischen-humanismus-teil-2-bayanihan\/\" target=\"_blank\" rel=\"noopener noreferrer nofollow\">^1<\/a><a href=\"https:\/\/www.green-tiger.de\/reisetipps-philippinen\/traditionen-braeuche\/\" target=\"_blank\" rel=\"noopener noreferrer nofollow\">^3<\/a>.<\/p><hr \/><\/div><div class=\"wiki-page-header-wrapper\"><h2 id=\"kommentar-von-nea\" tabindex=\"-1\">Gradido perspektifinden tamamlay\u0131c\u0131 de\u011ferlendirme<\/h2><p>Ortak iyilik i\u00e7in k\u00f6kl\u00fc \u00e7aba, dayan\u0131\u015fman\u0131n apa\u00e7\u0131k do\u011fas\u0131 ve Bayanihan ilkesi Filipin k\u00fclt\u00fcr\u00fcn\u00fcn kalbinde yer alan etkileyici g\u00fc\u00e7 kaynaklar\u0131d\u0131r. Bunlar - \u00f6zellikle de yetersiz devlet g\u00fcvenlik sistemleri kar\u015f\u0131s\u0131nda - bir ya\u015fam iksiri, koruyucu bir kalkan ve ayn\u0131 zamanda bir vizyondur.<\/p><p><strong>Gradido'nun bak\u0131\u015f a\u00e7\u0131s\u0131ndan ilave d\u00fc\u015f\u00fcnceler:<\/strong><\/p><ul><li><strong>Ya\u015fanm\u0131\u015f bir gradido ilkesi olarak Bayanihan:<\/strong> Bayanihan kelimesinin ifade etti\u011fi \u015fey - kar\u015f\u0131l\u0131k beklemeden birbirini savunan bir topluluk - Gradido'nun temel de\u011ferleriyle derinden ili\u015fkilidir: g\u00f6n\u00fcll\u00fcl\u00fck, kar\u015f\u0131l\u0131kl\u0131 destek ve ne kadar k\u00fc\u00e7\u00fck olursa olsun kamu yarar\u0131na yap\u0131lan her katk\u0131n\u0131n kutlanmas\u0131. Bu sadece maddi yard\u0131mla ilgili de\u011fil, ayn\u0131 zamanda duygusal varl\u0131k, birliktelik ve payla\u015f\u0131lan umutla da ilgilidir.<\/li><li><strong>G\u00fc\u00e7l\u00fc aileler - g\u00fc\u00e7l\u00fc birliktelik:<\/strong> \"Geni\u015f bir topluluk\" olarak aile, koruma, kimlik ve zorluklar kar\u015f\u0131s\u0131nda birlikte b\u00fcy\u00fcme alan\u0131 sa\u011flar. Canl\u0131 bir \u00f6rnek gibi di\u011fer sosyal alanlara da yay\u0131labilen dayan\u0131\u015fmac\u0131 bir toplumun arketipidir.<\/li><li><strong>Toplumsal dayan\u0131kl\u0131l\u0131k:<\/strong> Devlet sistemlerinin s\u0131kl\u0131kla ba\u015far\u0131s\u0131z oldu\u011fu bir d\u00fcnyada, g\u00fc\u00e7l\u00fc bir topluluk duygusu say\u0131s\u0131z felakete meydan okuyan bir dayan\u0131kl\u0131l\u0131k yarat\u0131r. Bu potansiyel Gradido ile de g\u00f6rselle\u015ftirilmeli, de\u011ferlendirilmeli ve g\u00fc\u00e7lendirilmelidir.<\/li><li><strong>De\u011fi\u015fim i\u00e7in bir \u00e7ekirdek olarak kom\u015fuluk:<\/strong> Yenilik\u00e7i projeler ve sosyal inovasyon, tayfunlardan sonra toplumun yeniden in\u015fas\u0131ndan marjinal kom\u015fular\u0131n desteklenmesine veya e\u011fitim projelerine kadar dayan\u0131\u015fman\u0131n ya\u015fand\u0131\u011f\u0131 her yerde geli\u015febilir.<\/li><\/ul><p><strong>Gradido i\u00e7in F\u0131rsatlar:<\/strong> Gradido, Bayanihan'\u0131n, topluluk ruhunun ve aile b\u00fct\u00fcnl\u00fc\u011f\u00fcn\u00fcn derin temelleri \u00fczerine in\u015fa edilebilir - takdir, kat\u0131l\u0131m ve minnettarl\u0131\u011f\u0131 geli\u015ftirerek herkes i\u00e7in ger\u00e7ek refah\u0131 m\u00fcmk\u00fcn k\u0131labilir. Filipinler, uyumlu bir dayan\u0131\u015fma gelece\u011fi i\u00e7in bu tohumu zaten kalbinde ta\u015f\u0131yor.<\/p><\/div><\/div>\t\t\t\t\t\t\t\t<\/div>\n\t\t\t\t<\/div>\n\t\t\t\t\t<\/div>\n\t\t<\/div>\n\t\t\t\t\t<\/div>\n\t\t<\/section>\n\t\t\t\t<\/div>","protected":false},"excerpt":{"rendered":"<p>Gemeinwohl und Solidarit\u00e4t Hauptseite: Philippinen 1. Wirtschaft und Gesellschaft2.Einkommen und Lebensstandard3.Arbeitsmigration und Auslandserwerbst\u00e4tigkeit4.Armut und soziale Ungleichheit5.Gemeinwohl und Solidarit\u00e4t6.Bildungssituation benachteiligter Kinder7.Gesundheit, soziale Sicherung und Altersvorsorge8.Anerkennung von Care-Arbeit und Engagement9.Innovationen, Digitalisierung und alternative Wirtschaftsmodelle10.Gemeinschaftsbasierte \u00d6konomie und Parallelw\u00e4hrungen11.Potenziale und Herausforderungen f\u00fcr Gradido12. Internationale Kooperationen, NGOs und staatliche Entwicklungsprojekte Stellenwert von Gemeinwohl, Zusammenhalt, Familie und Solidarit\u00e4t auf den Philippinen [&hellip;]<\/p>\n","protected":false},"author":2,"featured_media":10458,"parent":10540,"menu_order":0,"comment_status":"closed","ping_status":"closed","template":"","meta":{"footnotes":""},"class_list":["post-10594","page","type-page","status-publish","has-post-thumbnail","hentry"],"yoast_head":"<!-- This site is optimized with the Yoast SEO plugin v27.5 - https:\/\/yoast.com\/product\/yoast-seo-wordpress\/ -->\n<title>Gemeinwohl und Solidarit\u00e4t Philippinen - Gradido<\/title>\n<meta name=\"description\" content=\"Sei Teil der Bewegung!Gemeinsam bringen wir Gradido in die Welt.\" \/>\n<meta name=\"robots\" content=\"index, follow, max-snippet:-1, max-image-preview:large, max-video-preview:-1\" \/>\n<link rel=\"canonical\" href=\"https:\/\/gradido.net\/tr\/countries\/philippines\/common-good-and-solidarity\/\" \/>\n<meta property=\"og:locale\" content=\"tr_TR\" \/>\n<meta property=\"og:type\" content=\"article\" \/>\n<meta property=\"og:title\" content=\"Gemeinwohl und Solidarit\u00e4t Philippinen - Gradido\" \/>\n<meta property=\"og:description\" content=\"Sei Teil der Bewegung!Gemeinsam bringen wir Gradido in die Welt.\" \/>\n<meta property=\"og:url\" content=\"https:\/\/gradido.net\/tr\/countries\/philippines\/common-good-and-solidarity\/\" \/>\n<meta property=\"og:site_name\" content=\"Gradido\" \/>\n<meta property=\"article:modified_time\" content=\"2025-10-04T09:56:13+00:00\" \/>\n<meta property=\"og:image\" content=\"https:\/\/gradido.net\/wp-content\/uploads\/2025\/07\/AdobeStock_3210827871-scaled.jpeg\" \/>\n\t<meta property=\"og:image:width\" content=\"2560\" \/>\n\t<meta property=\"og:image:height\" content=\"790\" \/>\n\t<meta property=\"og:image:type\" content=\"image\/jpeg\" \/>\n<meta name=\"twitter:card\" content=\"summary_large_image\" \/>\n<meta name=\"twitter:label1\" content=\"Tahmini okuma s\u00fcresi\" \/>\n\t<meta name=\"twitter:data1\" content=\"5 dakika\" \/>\n<script type=\"application\/ld+json\" class=\"yoast-schema-graph\">{\"@context\":\"https:\\\/\\\/schema.org\",\"@graph\":[{\"@type\":\"WebPage\",\"@id\":\"https:\\\/\\\/gradido.net\\\/countries\\\/philippines\\\/common-good-and-solidarity\\\/\",\"url\":\"https:\\\/\\\/gradido.net\\\/countries\\\/philippines\\\/common-good-and-solidarity\\\/\",\"name\":\"Gemeinwohl und Solidarit\u00e4t Philippinen - Gradido\",\"isPartOf\":{\"@id\":\"https:\\\/\\\/gradido.net\\\/de\\\/#website\"},\"primaryImageOfPage\":{\"@id\":\"https:\\\/\\\/gradido.net\\\/countries\\\/philippines\\\/common-good-and-solidarity\\\/#primaryimage\"},\"image\":{\"@id\":\"https:\\\/\\\/gradido.net\\\/countries\\\/philippines\\\/common-good-and-solidarity\\\/#primaryimage\"},\"thumbnailUrl\":\"https:\\\/\\\/gradido.net\\\/wp-content\\\/uploads\\\/2025\\\/07\\\/AdobeStock_3210827871-scaled.jpeg\",\"datePublished\":\"2025-07-27T14:15:40+00:00\",\"dateModified\":\"2025-10-04T09:56:13+00:00\",\"description\":\"Sei Teil der Bewegung!Gemeinsam bringen wir Gradido in die Welt.\",\"breadcrumb\":{\"@id\":\"https:\\\/\\\/gradido.net\\\/countries\\\/philippines\\\/common-good-and-solidarity\\\/#breadcrumb\"},\"inLanguage\":\"tr\",\"potentialAction\":[{\"@type\":\"ReadAction\",\"target\":[\"https:\\\/\\\/gradido.net\\\/countries\\\/philippines\\\/common-good-and-solidarity\\\/\"]}]},{\"@type\":\"ImageObject\",\"inLanguage\":\"tr\",\"@id\":\"https:\\\/\\\/gradido.net\\\/countries\\\/philippines\\\/common-good-and-solidarity\\\/#primaryimage\",\"url\":\"https:\\\/\\\/gradido.net\\\/wp-content\\\/uploads\\\/2025\\\/07\\\/AdobeStock_3210827871-scaled.jpeg\",\"contentUrl\":\"https:\\\/\\\/gradido.net\\\/wp-content\\\/uploads\\\/2025\\\/07\\\/AdobeStock_3210827871-scaled.jpeg\",\"width\":2560,\"height\":790,\"caption\":\"world globe planet earth 3d-illustration. elements of this image furnished by NASA\"},{\"@type\":\"BreadcrumbList\",\"@id\":\"https:\\\/\\\/gradido.net\\\/countries\\\/philippines\\\/common-good-and-solidarity\\\/#breadcrumb\",\"itemListElement\":[{\"@type\":\"ListItem\",\"position\":1,\"name\":\"Startseite\",\"item\":\"https:\\\/\\\/gradido.net\\\/\"},{\"@type\":\"ListItem\",\"position\":2,\"name\":\"L\u00e4nderforschung\",\"item\":\"https:\\\/\\\/gradido.net\\\/countries\\\/\"},{\"@type\":\"ListItem\",\"position\":3,\"name\":\"Philppinen\",\"item\":\"https:\\\/\\\/gradido.net\\\/countries\\\/philippines\\\/\"},{\"@type\":\"ListItem\",\"position\":4,\"name\":\"Gemeinwohl und Solidarit\u00e4t Philippinen\"}]},{\"@type\":\"WebSite\",\"@id\":\"https:\\\/\\\/gradido.net\\\/de\\\/#website\",\"url\":\"https:\\\/\\\/gradido.net\\\/de\\\/\",\"name\":\"Gradido\",\"description\":\"Die neue W\u00e4hrung hei\u00dft Dankbarkeit\",\"publisher\":{\"@id\":\"https:\\\/\\\/gradido.net\\\/de\\\/#organization\"},\"potentialAction\":[{\"@type\":\"SearchAction\",\"target\":{\"@type\":\"EntryPoint\",\"urlTemplate\":\"https:\\\/\\\/gradido.net\\\/de\\\/?s={search_term_string}\"},\"query-input\":{\"@type\":\"PropertyValueSpecification\",\"valueRequired\":true,\"valueName\":\"search_term_string\"}}],\"inLanguage\":\"tr\"},{\"@type\":\"Organization\",\"@id\":\"https:\\\/\\\/gradido.net\\\/de\\\/#organization\",\"name\":\"Gradido\",\"url\":\"https:\\\/\\\/gradido.net\\\/de\\\/\",\"logo\":{\"@type\":\"ImageObject\",\"inLanguage\":\"tr\",\"@id\":\"https:\\\/\\\/gradido.net\\\/de\\\/#\\\/schema\\\/logo\\\/image\\\/\",\"url\":\"https:\\\/\\\/gradido.net\\\/wp-content\\\/uploads\\\/2022\\\/04\\\/gradido-social.jpg\",\"contentUrl\":\"https:\\\/\\\/gradido.net\\\/wp-content\\\/uploads\\\/2022\\\/04\\\/gradido-social.jpg\",\"width\":527,\"height\":273,\"caption\":\"Gradido\"},\"image\":{\"@id\":\"https:\\\/\\\/gradido.net\\\/de\\\/#\\\/schema\\\/logo\\\/image\\\/\"}}]}<\/script>\n<!-- \/ Yoast SEO plugin. -->","yoast_head_json":{"title":"Kamu yarar\u0131 ve dayan\u0131\u015fma Filipinler - Gradido","description":"Hareketin bir par\u00e7as\u0131 olun! Birlikte Gradido'yu d\u00fcnyaya getiriyoruz.","robots":{"index":"index","follow":"follow","max-snippet":"max-snippet:-1","max-image-preview":"max-image-preview:large","max-video-preview":"max-video-preview:-1"},"canonical":"https:\/\/gradido.net\/tr\/countries\/philippines\/common-good-and-solidarity\/","og_locale":"tr_TR","og_type":"article","og_title":"Gemeinwohl und Solidarit\u00e4t Philippinen - Gradido","og_description":"Sei Teil der Bewegung!Gemeinsam bringen wir Gradido in die Welt.","og_url":"https:\/\/gradido.net\/tr\/countries\/philippines\/common-good-and-solidarity\/","og_site_name":"Gradido","article_modified_time":"2025-10-04T09:56:13+00:00","og_image":[{"width":2560,"height":790,"url":"https:\/\/gradido.net\/wp-content\/uploads\/2025\/07\/AdobeStock_3210827871-scaled.jpeg","type":"image\/jpeg"}],"twitter_card":"summary_large_image","twitter_misc":{"Tahmini okuma s\u00fcresi":"5 dakika"},"schema":{"@context":"https:\/\/schema.org","@graph":[{"@type":"WebPage","@id":"https:\/\/gradido.net\/countries\/philippines\/common-good-and-solidarity\/","url":"https:\/\/gradido.net\/countries\/philippines\/common-good-and-solidarity\/","name":"Kamu yarar\u0131 ve dayan\u0131\u015fma Filipinler - Gradido","isPartOf":{"@id":"https:\/\/gradido.net\/de\/#website"},"primaryImageOfPage":{"@id":"https:\/\/gradido.net\/countries\/philippines\/common-good-and-solidarity\/#primaryimage"},"image":{"@id":"https:\/\/gradido.net\/countries\/philippines\/common-good-and-solidarity\/#primaryimage"},"thumbnailUrl":"https:\/\/gradido.net\/wp-content\/uploads\/2025\/07\/AdobeStock_3210827871-scaled.jpeg","datePublished":"2025-07-27T14:15:40+00:00","dateModified":"2025-10-04T09:56:13+00:00","description":"Hareketin bir par\u00e7as\u0131 olun! Birlikte Gradido'yu d\u00fcnyaya getiriyoruz.","breadcrumb":{"@id":"https:\/\/gradido.net\/countries\/philippines\/common-good-and-solidarity\/#breadcrumb"},"inLanguage":"tr","potentialAction":[{"@type":"ReadAction","target":["https:\/\/gradido.net\/countries\/philippines\/common-good-and-solidarity\/"]}]},{"@type":"ImageObject","inLanguage":"tr","@id":"https:\/\/gradido.net\/countries\/philippines\/common-good-and-solidarity\/#primaryimage","url":"https:\/\/gradido.net\/wp-content\/uploads\/2025\/07\/AdobeStock_3210827871-scaled.jpeg","contentUrl":"https:\/\/gradido.net\/wp-content\/uploads\/2025\/07\/AdobeStock_3210827871-scaled.jpeg","width":2560,"height":790,"caption":"world globe planet earth 3d-illustration. elements of this image furnished by NASA"},{"@type":"BreadcrumbList","@id":"https:\/\/gradido.net\/countries\/philippines\/common-good-and-solidarity\/#breadcrumb","itemListElement":[{"@type":"ListItem","position":1,"name":"Startseite","item":"https:\/\/gradido.net\/"},{"@type":"ListItem","position":2,"name":"L\u00e4nderforschung","item":"https:\/\/gradido.net\/countries\/"},{"@type":"ListItem","position":3,"name":"Philppinen","item":"https:\/\/gradido.net\/countries\/philippines\/"},{"@type":"ListItem","position":4,"name":"Gemeinwohl und Solidarit\u00e4t Philippinen"}]},{"@type":"WebSite","@id":"https:\/\/gradido.net\/de\/#website","url":"https:\/\/gradido.net\/de\/","name":"Gradido","description":"Yeni para birimi minnettarl\u0131k","publisher":{"@id":"https:\/\/gradido.net\/de\/#organization"},"potentialAction":[{"@type":"SearchAction","target":{"@type":"EntryPoint","urlTemplate":"https:\/\/gradido.net\/de\/?s={search_term_string}"},"query-input":{"@type":"PropertyValueSpecification","valueRequired":true,"valueName":"search_term_string"}}],"inLanguage":"tr"},{"@type":"Organization","@id":"https:\/\/gradido.net\/de\/#organization","name":"Gradido","url":"https:\/\/gradido.net\/de\/","logo":{"@type":"ImageObject","inLanguage":"tr","@id":"https:\/\/gradido.net\/de\/#\/schema\/logo\/image\/","url":"https:\/\/gradido.net\/wp-content\/uploads\/2022\/04\/gradido-social.jpg","contentUrl":"https:\/\/gradido.net\/wp-content\/uploads\/2022\/04\/gradido-social.jpg","width":527,"height":273,"caption":"Gradido"},"image":{"@id":"https:\/\/gradido.net\/de\/#\/schema\/logo\/image\/"}}]}},"_links":{"self":[{"href":"https:\/\/gradido.net\/tr\/wp-json\/wp\/v2\/pages\/10594","targetHints":{"allow":["GET"]}}],"collection":[{"href":"https:\/\/gradido.net\/tr\/wp-json\/wp\/v2\/pages"}],"about":[{"href":"https:\/\/gradido.net\/tr\/wp-json\/wp\/v2\/types\/page"}],"author":[{"embeddable":true,"href":"https:\/\/gradido.net\/tr\/wp-json\/wp\/v2\/users\/2"}],"replies":[{"embeddable":true,"href":"https:\/\/gradido.net\/tr\/wp-json\/wp\/v2\/comments?post=10594"}],"version-history":[{"count":19,"href":"https:\/\/gradido.net\/tr\/wp-json\/wp\/v2\/pages\/10594\/revisions"}],"predecessor-version":[{"id":11971,"href":"https:\/\/gradido.net\/tr\/wp-json\/wp\/v2\/pages\/10594\/revisions\/11971"}],"up":[{"embeddable":true,"href":"https:\/\/gradido.net\/tr\/wp-json\/wp\/v2\/pages\/10540"}],"wp:featuredmedia":[{"embeddable":true,"href":"https:\/\/gradido.net\/tr\/wp-json\/wp\/v2\/media\/10458"}],"wp:attachment":[{"href":"https:\/\/gradido.net\/tr\/wp-json\/wp\/v2\/media?parent=10594"}],"curies":[{"name":"wp","href":"https:\/\/api.w.org\/{rel}","templated":true}]}}