{"id":10612,"date":"2025-07-27T16:47:59","date_gmt":"2025-07-27T14:47:59","guid":{"rendered":"https:\/\/gradido.net\/?page_id=10612"},"modified":"2025-10-04T11:57:09","modified_gmt":"2025-10-04T09:57:09","slug":"educational-situation","status":"publish","type":"page","link":"https:\/\/gradido.net\/tr\/countries\/philippines\/educational-situation\/","title":{"rendered":"Dezavantajl\u0131 \u00e7ocuklar\u0131n e\u011fitim durumu Filipinler"},"content":{"rendered":"<div data-elementor-type=\"wp-page\" data-elementor-id=\"10612\" class=\"elementor elementor-10612\" data-elementor-post-type=\"page\">\n\t\t\t\t\t\t<section class=\"elementor-section elementor-top-section elementor-element elementor-element-4ce3e8af elementor-section-full_width elementor-section-height-default elementor-section-height-default\" data-id=\"4ce3e8af\" data-element_type=\"section\" data-e-type=\"section\">\n\t\t\t\t\t\t<div class=\"elementor-container elementor-column-gap-no\">\n\t\t\t\t\t<div class=\"elementor-column elementor-col-100 elementor-top-column elementor-element elementor-element-efa8c8c\" data-id=\"efa8c8c\" data-element_type=\"column\" data-e-type=\"column\">\n\t\t\t<div class=\"elementor-widget-wrap elementor-element-populated\">\n\t\t\t\t\t\t<div class=\"elementor-element elementor-element-e088aa4 elementor--h-position-center elementor--v-position-middle elementor-arrows-position-inside elementor-widget elementor-widget-slides\" data-id=\"e088aa4\" data-element_type=\"widget\" data-e-type=\"widget\" data-settings=\"{&quot;navigation&quot;:&quot;arrows&quot;,&quot;autoplay&quot;:&quot;yes&quot;,&quot;pause_on_hover&quot;:&quot;yes&quot;,&quot;pause_on_interaction&quot;:&quot;yes&quot;,&quot;autoplay_speed&quot;:5000,&quot;infinite&quot;:&quot;yes&quot;,&quot;transition&quot;:&quot;slide&quot;,&quot;transition_speed&quot;:500}\" data-widget_type=\"slides.default\">\n\t\t\t\t<div class=\"elementor-widget-container\">\n\t\t\t\t\t\t\t\t\t<div class=\"elementor-swiper\">\n\t\t\t\t\t<div class=\"elementor-slides-wrapper elementor-main-swiper swiper\" role=\"region\" aria-roledescription=\"carousel\" aria-label=\"Kayd\u0131r\u0131c\u0131\" dir=\"ltr\" data-animation=\"fadeInUp\">\n\t\t\t\t<div class=\"swiper-wrapper elementor-slides\">\n\t\t\t\t\t\t\t\t\t\t<div class=\"elementor-repeater-item-2de4990 swiper-slide\" role=\"group\" aria-roledescription=\"slide\"><div class=\"swiper-slide-bg\" role=\"img\" aria-label=\"manila-4503501_1280\"><\/div><div class=\"swiper-slide-inner\" ><div class=\"swiper-slide-contents\"><\/div><\/div><\/div><div class=\"elementor-repeater-item-28f126e swiper-slide\" role=\"group\" aria-roledescription=\"slide\"><div class=\"swiper-slide-bg\" role=\"img\" aria-label=\"philippines-4951855_1280\"><\/div><div class=\"swiper-slide-inner\" ><div class=\"swiper-slide-contents\"><\/div><\/div><\/div><div class=\"elementor-repeater-item-992da35 swiper-slide\" role=\"group\" aria-roledescription=\"slide\"><div class=\"swiper-slide-bg\" role=\"img\" aria-label=\"manila-2256322_1280\"><\/div><div class=\"swiper-slide-inner\" ><div class=\"swiper-slide-contents\"><\/div><\/div><\/div>\t\t\t\t<\/div>\n\t\t\t\t\t\t\t\t\t\t\t\t\t\t\t<div class=\"elementor-swiper-button elementor-swiper-button-prev\" role=\"button\" tabindex=\"0\" aria-label=\"Prej\u0161nji diapozitiv\" data-no-translation-aria-label=\"\">\n\t\t\t\t\t\t\t<i aria-hidden=\"true\" class=\"eicon-chevron-left\"><\/i>\t\t\t\t\t\t<\/div>\n\t\t\t\t\t\t<div class=\"elementor-swiper-button elementor-swiper-button-next\" role=\"button\" tabindex=\"0\" aria-label=\"Naslednji diapozitiv\" data-no-translation-aria-label=\"\">\n\t\t\t\t\t\t\t<i aria-hidden=\"true\" class=\"eicon-chevron-right\"><\/i>\t\t\t\t\t\t<\/div>\n\t\t\t\t\t\t\t\t\t\t\t\t\t\t\t\t\t<\/div>\n\t\t\t\t<\/div>\n\t\t\t\t\t\t\t\t<\/div>\n\t\t\t\t<\/div>\n\t\t\t\t\t<\/div>\n\t\t<\/div>\n\t\t\t\t\t<\/div>\n\t\t<\/section>\n\t\t\t\t<section class=\"elementor-section elementor-top-section elementor-element elementor-element-240baa7a elementor-section-boxed elementor-section-height-default elementor-section-height-default\" data-id=\"240baa7a\" data-element_type=\"section\" data-e-type=\"section\" data-settings=\"{&quot;background_background&quot;:&quot;classic&quot;}\">\n\t\t\t\t\t\t<div class=\"elementor-container elementor-column-gap-default\">\n\t\t\t\t\t<div class=\"elementor-column elementor-col-100 elementor-top-column elementor-element elementor-element-1afe9e42\" data-id=\"1afe9e42\" data-element_type=\"column\" data-e-type=\"column\">\n\t\t\t<div class=\"elementor-widget-wrap elementor-element-populated\">\n\t\t\t\t\t\t<div class=\"elementor-element elementor-element-65bd50ae elementor-widget elementor-widget-heading\" data-id=\"65bd50ae\" data-element_type=\"widget\" data-e-type=\"widget\" data-widget_type=\"heading.default\">\n\t\t\t\t<div class=\"elementor-widget-container\">\n\t\t\t\t\t<h1 class=\"elementor-heading-title elementor-size-default\">Dezavantajl\u0131 \u00e7ocuklar\u0131n e\u011fitim durumu<\/h1>\t\t\t\t<\/div>\n\t\t\t\t<\/div>\n\t\t\t\t\t<\/div>\n\t\t<\/div>\n\t\t\t\t\t<\/div>\n\t\t<\/section>\n\t\t\t\t<section class=\"elementor-section elementor-top-section elementor-element elementor-element-446540f elementor-section-boxed elementor-section-height-default elementor-section-height-default\" data-id=\"446540f\" data-element_type=\"section\" data-e-type=\"section\">\n\t\t\t\t\t\t<div class=\"elementor-container elementor-column-gap-default\">\n\t\t\t\t\t<div class=\"elementor-column elementor-col-100 elementor-top-column elementor-element elementor-element-312a2d3\" data-id=\"312a2d3\" data-element_type=\"column\" data-e-type=\"column\">\n\t\t\t<div class=\"elementor-widget-wrap elementor-element-populated\">\n\t\t\t\t\t\t<div class=\"elementor-element elementor-element-48c75da elementor-nav-menu--dropdown-tablet elementor-nav-menu__text-align-aside elementor-nav-menu--toggle elementor-nav-menu--burger elementor-widget elementor-widget-nav-menu\" data-id=\"48c75da\" data-element_type=\"widget\" data-e-type=\"widget\" data-settings=\"{&quot;layout&quot;:&quot;horizontal&quot;,&quot;submenu_icon&quot;:{&quot;value&quot;:&quot;&lt;i class=\\&quot;fas fa-caret-down\\&quot; aria-hidden=\\&quot;true\\&quot;&gt;&lt;\\\/i&gt;&quot;,&quot;library&quot;:&quot;fa-solid&quot;},&quot;toggle&quot;:&quot;burger&quot;}\" data-widget_type=\"nav-menu.default\">\n\t\t\t\t<div class=\"elementor-widget-container\">\n\t\t\t\t\t\t\t\t<nav aria-label=\"\u00dclke ara\u015ft\u0131rmas\u0131\" class=\"elementor-nav-menu--main elementor-nav-menu__container elementor-nav-menu--layout-horizontal e--pointer-underline e--animation-grow\">\n\t\t\t\t<ul id=\"menu-1-48c75da\" class=\"elementor-nav-menu\"><li class=\"menu-item menu-item-type-custom menu-item-object-custom menu-item-has-children menu-item-12305\"><a class=\"elementor-item\">Afrika<\/a>\n<ul class=\"sub-menu elementor-nav-menu--dropdown\">\n\t<li class=\"menu-item menu-item-type-post_type menu-item-object-page menu-item-12253\"><a href=\"https:\/\/gradido.net\/tr\/countries\/afrika\/\" class=\"elementor-sub-item\">Afrika, t\u00fcm k\u0131ta<\/a><\/li>\n\t<li class=\"menu-item menu-item-type-post_type menu-item-object-page menu-item-13097\"><a href=\"https:\/\/gradido.net\/tr\/countries\/afrika\/dr-congo\/\" class=\"elementor-sub-item\">Demokratik Kongo Cumhuriyeti<\/a><\/li>\n\t<li class=\"menu-item menu-item-type-post_type menu-item-object-page menu-item-12414\"><a href=\"https:\/\/gradido.net\/tr\/countries\/afrika\/kenya\/\" class=\"elementor-sub-item\">Kenya<\/a><\/li>\n\t<li class=\"menu-item menu-item-type-post_type menu-item-object-page menu-item-12737\"><a href=\"https:\/\/gradido.net\/tr\/countries\/afrika\/madagascar\/\" class=\"elementor-sub-item\">Madagaskar<\/a><\/li>\n\t<li class=\"menu-item menu-item-type-post_type menu-item-object-page menu-item-12148\"><a href=\"https:\/\/gradido.net\/tr\/countries\/afrika\/namibia\/\" class=\"elementor-sub-item\">Namibya<\/a><\/li>\n\t<li class=\"menu-item menu-item-type-post_type menu-item-object-page menu-item-12839\"><a href=\"https:\/\/gradido.net\/tr\/countries\/afrika\/rwanda\/\" class=\"elementor-sub-item\">Ruanda<\/a><\/li>\n<\/ul>\n<\/li>\n<li class=\"menu-item menu-item-type-custom menu-item-object-custom menu-item-has-children menu-item-11798\"><a class=\"elementor-item\">Amerika<\/a>\n<ul class=\"sub-menu elementor-nav-menu--dropdown\">\n\t<li class=\"menu-item menu-item-type-post_type menu-item-object-page menu-item-12463\"><a href=\"https:\/\/gradido.net\/tr\/countries\/usa\/\" class=\"elementor-sub-item\">ABD<\/a><\/li>\n\t<li class=\"menu-item menu-item-type-post_type menu-item-object-page menu-item-11791\"><a href=\"https:\/\/gradido.net\/tr\/countries\/mexico\/\" class=\"elementor-sub-item\">Meksika<\/a><\/li>\n<\/ul>\n<\/li>\n<li class=\"menu-item menu-item-type-custom menu-item-object-custom menu-item-has-children menu-item-11800\"><a class=\"elementor-item\">Asya<\/a>\n<ul class=\"sub-menu elementor-nav-menu--dropdown\">\n\t<li class=\"menu-item menu-item-type-post_type menu-item-object-page menu-item-11794\"><a href=\"https:\/\/gradido.net\/tr\/countries\/maledives\/\" class=\"elementor-sub-item\">Maldivler<\/a><\/li>\n\t<li class=\"menu-item menu-item-type-post_type menu-item-object-page menu-item-11790\"><a href=\"https:\/\/gradido.net\/tr\/countries\/philippines\/\" class=\"elementor-sub-item\">Philppines<\/a><\/li>\n\t<li class=\"menu-item menu-item-type-post_type menu-item-object-page menu-item-11802\"><a href=\"https:\/\/gradido.net\/tr\/countries\/saudi-arabia\/\" class=\"elementor-sub-item\">Suudi Arabistan<\/a><\/li>\n<\/ul>\n<\/li>\n<li class=\"menu-item menu-item-type-custom menu-item-object-custom menu-item-has-children menu-item-11797\"><a class=\"elementor-item\">Avrupa<\/a>\n<ul class=\"sub-menu elementor-nav-menu--dropdown\">\n\t<li class=\"menu-item menu-item-type-post_type menu-item-object-page menu-item-11805\"><a href=\"https:\/\/gradido.net\/tr\/countries\/germany\/\" class=\"elementor-sub-item\">Almanya<\/a><\/li>\n\t<li class=\"menu-item menu-item-type-post_type menu-item-object-page menu-item-11803\"><a href=\"https:\/\/gradido.net\/tr\/countries\/greece\/\" class=\"elementor-sub-item\">Yunanistan<\/a><\/li>\n\t<li class=\"menu-item menu-item-type-post_type menu-item-object-page menu-item-11788\"><a href=\"https:\/\/gradido.net\/tr\/countries\/spain\/\" class=\"elementor-sub-item\">\u0130spanya<\/a><\/li>\n<\/ul>\n<\/li>\n<li class=\"menu-item menu-item-type-custom menu-item-object-custom menu-item-has-children menu-item-11801\"><a class=\"elementor-item\">Okyanusya<\/a>\n<ul class=\"sub-menu elementor-nav-menu--dropdown\">\n\t<li class=\"menu-item menu-item-type-post_type menu-item-object-page menu-item-11793\"><a href=\"https:\/\/gradido.net\/tr\/countries\/marshall-islands\/\" class=\"elementor-sub-item\">Marshall Adalar\u0131<\/a><\/li>\n\t<li class=\"menu-item menu-item-type-post_type menu-item-object-page menu-item-11795\"><a href=\"https:\/\/gradido.net\/tr\/countries\/tahiti\/\" class=\"elementor-sub-item\">Tahiti<\/a><\/li>\n<\/ul>\n<\/li>\n<\/ul>\t\t\t<\/nav>\n\t\t\t\t\t<div class=\"elementor-menu-toggle\" role=\"button\" tabindex=\"0\" aria-label=\"Men\u00fc De\u011fi\u015ftirme\" aria-expanded=\"false\">\n\t\t\t<i aria-hidden=\"true\" role=\"presentation\" class=\"elementor-menu-toggle__icon--open eicon-menu-bar\"><\/i><i aria-hidden=\"true\" role=\"presentation\" class=\"elementor-menu-toggle__icon--close eicon-close\"><\/i>\t\t<\/div>\n\t\t\t\t\t<nav class=\"elementor-nav-menu--dropdown elementor-nav-menu__container\" aria-hidden=\"true\">\n\t\t\t\t<ul id=\"menu-2-48c75da\" class=\"elementor-nav-menu\"><li class=\"menu-item menu-item-type-custom menu-item-object-custom menu-item-has-children menu-item-12305\"><a class=\"elementor-item\" tabindex=\"-1\">Afrika<\/a>\n<ul class=\"sub-menu elementor-nav-menu--dropdown\">\n\t<li class=\"menu-item menu-item-type-post_type menu-item-object-page menu-item-12253\"><a href=\"https:\/\/gradido.net\/tr\/countries\/afrika\/\" class=\"elementor-sub-item\" tabindex=\"-1\">Afrika, t\u00fcm k\u0131ta<\/a><\/li>\n\t<li class=\"menu-item menu-item-type-post_type menu-item-object-page menu-item-13097\"><a href=\"https:\/\/gradido.net\/tr\/countries\/afrika\/dr-congo\/\" class=\"elementor-sub-item\" tabindex=\"-1\">Demokratik Kongo Cumhuriyeti<\/a><\/li>\n\t<li class=\"menu-item menu-item-type-post_type menu-item-object-page menu-item-12414\"><a href=\"https:\/\/gradido.net\/tr\/countries\/afrika\/kenya\/\" class=\"elementor-sub-item\" tabindex=\"-1\">Kenya<\/a><\/li>\n\t<li class=\"menu-item menu-item-type-post_type menu-item-object-page menu-item-12737\"><a href=\"https:\/\/gradido.net\/tr\/countries\/afrika\/madagascar\/\" class=\"elementor-sub-item\" tabindex=\"-1\">Madagaskar<\/a><\/li>\n\t<li class=\"menu-item menu-item-type-post_type menu-item-object-page menu-item-12148\"><a href=\"https:\/\/gradido.net\/tr\/countries\/afrika\/namibia\/\" class=\"elementor-sub-item\" tabindex=\"-1\">Namibya<\/a><\/li>\n\t<li class=\"menu-item menu-item-type-post_type menu-item-object-page menu-item-12839\"><a href=\"https:\/\/gradido.net\/tr\/countries\/afrika\/rwanda\/\" class=\"elementor-sub-item\" tabindex=\"-1\">Ruanda<\/a><\/li>\n<\/ul>\n<\/li>\n<li class=\"menu-item menu-item-type-custom menu-item-object-custom menu-item-has-children menu-item-11798\"><a class=\"elementor-item\" tabindex=\"-1\">Amerika<\/a>\n<ul class=\"sub-menu elementor-nav-menu--dropdown\">\n\t<li class=\"menu-item menu-item-type-post_type menu-item-object-page menu-item-12463\"><a href=\"https:\/\/gradido.net\/tr\/countries\/usa\/\" class=\"elementor-sub-item\" tabindex=\"-1\">ABD<\/a><\/li>\n\t<li class=\"menu-item menu-item-type-post_type menu-item-object-page menu-item-11791\"><a href=\"https:\/\/gradido.net\/tr\/countries\/mexico\/\" class=\"elementor-sub-item\" tabindex=\"-1\">Meksika<\/a><\/li>\n<\/ul>\n<\/li>\n<li class=\"menu-item menu-item-type-custom menu-item-object-custom menu-item-has-children menu-item-11800\"><a class=\"elementor-item\" tabindex=\"-1\">Asya<\/a>\n<ul class=\"sub-menu elementor-nav-menu--dropdown\">\n\t<li class=\"menu-item menu-item-type-post_type menu-item-object-page menu-item-11794\"><a href=\"https:\/\/gradido.net\/tr\/countries\/maledives\/\" class=\"elementor-sub-item\" tabindex=\"-1\">Maldivler<\/a><\/li>\n\t<li class=\"menu-item menu-item-type-post_type menu-item-object-page menu-item-11790\"><a href=\"https:\/\/gradido.net\/tr\/countries\/philippines\/\" class=\"elementor-sub-item\" tabindex=\"-1\">Philppines<\/a><\/li>\n\t<li class=\"menu-item menu-item-type-post_type menu-item-object-page menu-item-11802\"><a href=\"https:\/\/gradido.net\/tr\/countries\/saudi-arabia\/\" class=\"elementor-sub-item\" tabindex=\"-1\">Suudi Arabistan<\/a><\/li>\n<\/ul>\n<\/li>\n<li class=\"menu-item menu-item-type-custom menu-item-object-custom menu-item-has-children menu-item-11797\"><a class=\"elementor-item\" tabindex=\"-1\">Avrupa<\/a>\n<ul class=\"sub-menu elementor-nav-menu--dropdown\">\n\t<li class=\"menu-item menu-item-type-post_type menu-item-object-page menu-item-11805\"><a href=\"https:\/\/gradido.net\/tr\/countries\/germany\/\" class=\"elementor-sub-item\" tabindex=\"-1\">Almanya<\/a><\/li>\n\t<li class=\"menu-item menu-item-type-post_type menu-item-object-page menu-item-11803\"><a href=\"https:\/\/gradido.net\/tr\/countries\/greece\/\" class=\"elementor-sub-item\" tabindex=\"-1\">Yunanistan<\/a><\/li>\n\t<li class=\"menu-item menu-item-type-post_type menu-item-object-page menu-item-11788\"><a href=\"https:\/\/gradido.net\/tr\/countries\/spain\/\" class=\"elementor-sub-item\" tabindex=\"-1\">\u0130spanya<\/a><\/li>\n<\/ul>\n<\/li>\n<li class=\"menu-item menu-item-type-custom menu-item-object-custom menu-item-has-children menu-item-11801\"><a class=\"elementor-item\" tabindex=\"-1\">Okyanusya<\/a>\n<ul class=\"sub-menu elementor-nav-menu--dropdown\">\n\t<li class=\"menu-item menu-item-type-post_type menu-item-object-page menu-item-11793\"><a href=\"https:\/\/gradido.net\/tr\/countries\/marshall-islands\/\" class=\"elementor-sub-item\" tabindex=\"-1\">Marshall Adalar\u0131<\/a><\/li>\n\t<li class=\"menu-item menu-item-type-post_type menu-item-object-page menu-item-11795\"><a href=\"https:\/\/gradido.net\/tr\/countries\/tahiti\/\" class=\"elementor-sub-item\" tabindex=\"-1\">Tahiti<\/a><\/li>\n<\/ul>\n<\/li>\n<\/ul>\t\t\t<\/nav>\n\t\t\t\t\t\t<\/div>\n\t\t\t\t<\/div>\n\t\t\t\t<div class=\"elementor-element elementor-element-dcace62 elementor-widget elementor-widget-breadcrumbs\" data-id=\"dcace62\" data-element_type=\"widget\" data-e-type=\"widget\" data-widget_type=\"breadcrumbs.default\">\n\t\t\t\t<div class=\"elementor-widget-container\">\n\t\t\t\t\t<p id=\"breadcrumbs\"><span><span><a href=\"https:\/\/gradido.net\/tr\/\">Anasayfa<\/a><\/span><\/span><\/p>\t\t\t\t<\/div>\n\t\t\t\t<\/div>\n\t\t\t\t<div class=\"elementor-element elementor-element-a9db9a5 elementor-widget elementor-widget-text-editor\" data-id=\"a9db9a5\" data-element_type=\"widget\" data-e-type=\"widget\" data-widget_type=\"text-editor.default\">\n\t\t\t\t<div class=\"elementor-widget-container\">\n\t\t\t\t\t\t\t\t\t<h3 style=\"text-align: center;\"><a href=\"https:\/\/gradido.net\/tr\/countries\/philippines\/\"><strong>Ana sayfa: Filipinler<\/strong><\/a><\/h3><p style=\"text-align: center;\"><a href=\"https:\/\/gradido.net\/tr\/countries\/philippines\/economy-and-society\/\">1. ekonomi ve toplum<\/a><br \/><a href=\"https:\/\/gradido.net\/tr\/countries\/philippines\/income-and-standard-of-living\/\">2 Gelir ve ya\u015fam standard\u0131<\/a><br \/><a href=\"https:\/\/gradido.net\/tr\/countries\/philippines\/labor-migration-and-foreign-employment\/\">3 \u0130\u015fg\u00fcc\u00fc g\u00f6\u00e7\u00fc ve yurtd\u0131\u015f\u0131nda istihdam<\/a><br \/><a href=\"https:\/\/gradido.net\/tr\/countries\/philippines\/poverty-and-social-inequality\/\">4 Yoksulluk ve sosyal e\u015fitsizlik<\/a><br \/><a href=\"https:\/\/gradido.net\/tr\/countries\/philippines\/common-good-and-solidarity\/\">5 Kamu yarar\u0131 ve dayan\u0131\u015fma<\/a><br \/><strong>6 Dezavantajl\u0131 \u00e7ocuklar\u0131n e\u011fitim durumu<\/strong><br \/><a href=\"https:\/\/gradido.net\/tr\/countries\/philippines\/health-and-retirement-provision\/\">7 Sa\u011fl\u0131k, sosyal g\u00fcvenlik ve emeklilik h\u00fck\u00fcmleri<\/a><br \/><a href=\"https:\/\/gradido.net\/tr\/countries\/philippines\/care-work-and-commitment\/\">8 Bak\u0131m \u00e7al\u0131\u015fmalar\u0131n\u0131n ve ba\u011fl\u0131l\u0131\u011f\u0131n takdir edilmesi<\/a><br \/><a href=\"https:\/\/gradido.net\/tr\/countries\/philippines\/digitization-and-alternative-models\/\">9. i\u0307novasyon, di\u0307ji\u0307talle\u015fme ve alternati\u0307f ekonomi\u0307k modeller<\/a><br \/><a href=\"https:\/\/gradido.net\/tr\/countries\/philippines\/community-based-economy-and-parallel-currencies\/\">10.toplum temelli\u0307 ekonomi\u0307 ve paralel para bi\u0307ri\u0307mleri\u0307<\/a><br \/><a href=\"https:\/\/gradido.net\/tr\/countries\/philippines\/potential-and-challenges\/\">11 Gradido i\u00e7in potansiyel ve zorluklar<\/a><br \/><a href=\"https:\/\/gradido.net\/tr\/countries\/philippines\/international-cooperation\/\">12. uluslararas\u0131 i\u015fbirli\u011fi, STK'lar ve h\u00fck\u00fcmet kalk\u0131nma projeleri<\/a><\/p>\t\t\t\t\t\t\t\t<\/div>\n\t\t\t\t<\/div>\n\t\t\t\t<div class=\"elementor-element elementor-element-d7bb196 elementor-widget-divider--view-line elementor-widget elementor-widget-divider\" data-id=\"d7bb196\" data-element_type=\"widget\" data-e-type=\"widget\" data-widget_type=\"divider.default\">\n\t\t\t\t<div class=\"elementor-widget-container\">\n\t\t\t\t\t\t\t<div class=\"elementor-divider\">\n\t\t\t<span class=\"elementor-divider-separator\">\n\t\t\t\t\t\t<\/span>\n\t\t<\/div>\n\t\t\t\t\t\t<\/div>\n\t\t\t\t<\/div>\n\t\t\t\t<div class=\"elementor-element elementor-element-146ff9d elementor-widget elementor-widget-text-editor\" data-id=\"146ff9d\" data-element_type=\"widget\" data-e-type=\"widget\" data-widget_type=\"text-editor.default\">\n\t\t\t\t<div class=\"elementor-widget-container\">\n\t\t\t\t\t\t\t\t\t<div class=\"wiki-page-header-wrapper\"><div class=\"wiki-page-header-wrapper\"><div class=\"wiki-page-header-wrapper\"><h1 id=\"bildungssituation-f%C3%BCr-kinder-aus-armen%2C-l%C3%A4ndlichen-oder-migrantischen-familien-auf-den-philippinen\" tabindex=\"-1\">Filipinler'de yoksul, k\u0131rsal kesimden veya g\u00f6\u00e7men ailelerin \u00e7ocuklar\u0131n\u0131n e\u011fitim durumu<\/h1><\/div><div class=\"wiki-page-header-wrapper\"><h2 id=\"%C3%BCberblick\" tabindex=\"-1\">Genel Bak\u0131\u015f<\/h2><p>H\u00fck\u00fcmetin kapsay\u0131c\u0131 bir e\u011fitim sistemi olu\u015fturma \u00e7abalar\u0131na ra\u011fmen <strong>Yoksul, k\u0131rsal ve g\u00f6\u00e7men ailelerden gelen \u00e7ocuklar<\/strong> Filipinler'de ciddi \u015fekilde dezavantajl\u0131 durumdad\u0131r. Yoksulluk, altyap\u0131 eksikli\u011fi ve sosyal marjinalle\u015fme, bu \u00e7ocuklar\u0131n \u00e7o\u011funun y\u00fcksek kaliteli e\u011fitime hi\u00e7 eri\u015femedi\u011fi veya \u00e7ok s\u0131n\u0131rl\u0131 eri\u015febildi\u011fi anlam\u0131na gelmektedir.<\/p><\/div><div class=\"wiki-page-header-wrapper\"><h2 id=\"1.-zugang-und-teilnahme-am-bildungssystem\" tabindex=\"-1\">1. e\u011fitim sistemine eri\u015fim ve kat\u0131l\u0131m<\/h2><ul><li><strong>\u0130lkokul resmi olarak \u00fccretsizdir<\/strong>ancak gizli maliyetler (okul malzemeleri, \u00fcniformalar, ula\u015f\u0131m) bir\u00e7ok aileyi bunaltmaktad\u0131r<a href=\"https:\/\/ableistift.de\/zugang-zur-bildung-fuer-20-schueler-auf-den-philippinen\/\" target=\"_blank\" rel=\"noopener noreferrer nofollow\">^1<\/a>.<\/li><li>\u00d6zellikle de <strong>Gecekondu mahalleleri ve k\u0131rsal b\u00f6lgeler<\/strong> genellikle kolay ula\u015f\u0131labilecek okullardan yoksundur. \u00c7ocuklar uzun mesafeleri y\u00fcr\u00fcmek zorunda kalmakta, bu da okula d\u00fczenli devam etmeyi zorla\u015ft\u0131rmaktad\u0131r<a href=\"https:\/\/www.kindernothilfe.de\/weltweit-aktiv\/projekte\/asien\/philippinen-bildung\" target=\"_blank\" rel=\"noopener noreferrer nofollow\">^1<\/a>.<\/li><li><strong>Yoksul ailelerden gelen bir\u00e7ok \u00e7ocuk \u00e7al\u0131\u015f\u0131yor<\/strong> Aile gelirine katk\u0131da bulunmak i\u00e7in okula ek olarak veya okul yerine. Yasa\u011fa ra\u011fmen \u00e7ocuk i\u015f\u00e7ili\u011fi, \u00f6zellikle k\u0131rsal alanlarda ve kay\u0131t d\u0131\u015f\u0131 yerle\u015fim yerlerinde yayg\u0131nd\u0131r<a href=\"https:\/\/www.maninoy.de\/category\/aktuelles\/\" target=\"_blank\" rel=\"noopener noreferrer nofollow\">^4<\/a><a href=\"https:\/\/www.savethechildren.de\/informieren\/einsatzorte\/international\/asien-laenderuebersicht\/philippinen\/\" target=\"_blank\" rel=\"noopener noreferrer nofollow\">^6<\/a>.<\/li><li>Pandemi gibi kriz d\u00f6nemlerinde durum daha da k\u00f6t\u00fcle\u015fmektedir: bir\u00e7ok \u00e7ocuk elektrik, internet veya cihaz eksikli\u011fi nedeniyle dijital \u00f6\u011frenme f\u0131rsatlar\u0131na eri\u015fememektedir<a href=\"https:\/\/ableistift.de\/zugang-zur-bildung-fuer-20-schueler-auf-den-philippinen\/\" target=\"_blank\" rel=\"noopener noreferrer nofollow\">^4<\/a>.<\/li><\/ul><\/div><div class=\"wiki-page-header-wrapper\"><h2 id=\"2.-qualit%C3%A4t-der-bildung-und-lernbedingungen\" tabindex=\"-1\">2. E\u011fitim kalitesi ve \u00f6\u011frenme ko\u015fullar\u0131<\/h2><ul><li><strong>Devlet okullar\u0131 genellikle yetersiz donan\u0131ma sahiptir<\/strong>\u00d6\u011fretim materyalleri, nitelikli \u00f6\u011fretmenler ve altyap\u0131 eksikli\u011fi bulunmaktad\u0131r. \u00d6zellikle k\u0131rsal b\u00f6lgelerde s\u0131n\u0131flar a\u015f\u0131r\u0131 kalabal\u0131kt\u0131r ve \u00f6\u011fretim kalitesi d\u00fc\u015fmektedir<a href=\"https:\/\/www.kinderweltreise.de\/kontinente\/asien\/philippinen\/alltag-kinder\/schule\/\" target=\"_blank\" rel=\"noopener noreferrer nofollow\">^5<\/a>.<\/li><li><strong>Yoksul ailelerden gelen \u00e7ocuklar nadiren hedeflenen deste\u011fi al\u0131r<\/strong>. Yard\u0131m projeleri, okul malzemeleri, \u00f6zel dersler ve burslar sa\u011flayarak bu a\u00e7\u0131\u011f\u0131 kapatmaya \u00e7al\u0131\u015f\u0131r<a href=\"https:\/\/islandkids.ch\" target=\"_blank\" rel=\"noopener noreferrer nofollow\">^3<\/a><a href=\"https:\/\/www.kindernothilfe.at\/informieren\/aktuelles\/ein-blick-in-die-welt\/2023\/philippinen-bildung-als-chance\" target=\"_blank\" rel=\"noopener noreferrer nofollow\">^8<\/a>.<\/li><li><strong>K\u00fclt\u00fcrel ve e\u011flenceli e\u011fitim<\/strong> ki\u015fisel geli\u015fim i\u00e7in \u00f6nemli olsa da, dezavantajl\u0131 gruplar i\u00e7in pek eri\u015filebilir de\u011fildir<a href=\"https:\/\/www.maninoy.de\/category\/aktuelles\/\" target=\"_blank\" rel=\"noopener noreferrer nofollow\">^5<\/a>.<\/li><\/ul><\/div><div class=\"wiki-page-header-wrapper\"><h2 id=\"3.-spezielle-herausforderungen-f%C3%BCr-l%C3%A4ndliche-und-migrantische-kinder\" tabindex=\"-1\">3. k\u0131rsal kesim ve g\u00f6\u00e7men \u00e7ocuklar i\u00e7in \u00f6zel zorluklar<\/h2><ul><li><strong>K\u0131rsal kesim \u00e7ocuklar\u0131<\/strong>:<ul><li>Bir\u00e7o\u011fu ilkokuldan sonra okulu b\u0131rak\u0131yor \u00e7\u00fcnk\u00fc tarlalarda veya ev i\u015flerinde yard\u0131m etmek zorundalar ya da ortaokullar \u00e7ok uzakta<a href=\"https:\/\/www.maninoy.de\/category\/aktuelles\/\" target=\"_blank\" rel=\"noopener noreferrer nofollow\">^1<\/a>.<\/li><li>Uzak b\u00f6lgelerde okullara ula\u015fmak genellikle zordur ve \u00f6\u011fretim kalitesi \u00f6zellikle d\u00fc\u015f\u00fckt\u00fcr<a href=\"https:\/\/www.kinderweltreise.de\/kontinente\/asien\/philippinen\/alltag-kinder\/schule\/\" target=\"_blank\" rel=\"noopener noreferrer nofollow\">^1<\/a>.<\/li><\/ul><\/li><li><strong>G\u00f6\u00e7menlerin ve \u00fclke i\u00e7inde yerinden edilmi\u015f ki\u015filerin \u00e7ocuklar\u0131<\/strong>:<ul><li>G\u00f6\u00e7men \u00e7ocuklar, \u00f6rne\u011fin gayri resmi yerle\u015fim yerlerinden veya do\u011fal afetlerden sonra yeniden yerle\u015ftirilen ailelerden gelenler, \u00f6zellikle okul sistemiyle ba\u011flant\u0131lar\u0131n\u0131 kaybetme riski alt\u0131ndad\u0131r<a href=\"https:\/\/ableistift.de\/zugang-zur-bildung-fuer-20-schueler-auf-den-philippinen\/\" target=\"_blank\" rel=\"noopener noreferrer nofollow\">^2<\/a>.<\/li><li>Dil ve k\u00fclt\u00fcrel engeller, \u00f6zellikle yerli gruplardan veya etnik az\u0131nl\u0131klardan gelen \u00e7ocuklar i\u00e7in entegrasyonu daha da zorla\u015ft\u0131rmaktad\u0131r<a href=\"https:\/\/www.maninoy.de\/category\/aktuelles\/\" target=\"_blank\" rel=\"noopener noreferrer nofollow\">^5<\/a>.<\/li><\/ul><\/li><\/ul><\/div><div class=\"wiki-page-header-wrapper\"><h2 id=\"4.-innovative-ans%C3%A4tze-und-hilfsprojekte\" tabindex=\"-1\">4. yenilik\u00e7i yakla\u015f\u0131mlar ve yard\u0131m projeleri<\/h2><ul><li><strong>Mobil okullar<\/strong> ve alternatif \u00f6\u011frenme programlar\u0131, sokak \u00e7ocuklar\u0131na ve son derece g\u00fcvencesiz ge\u00e7mi\u015flerden gelen \u00e7ocuklara e\u011fitim sa\u011flamaya \u00e7al\u0131\u015fmaktad\u0131r. Onlar\u0131 genel okullara entegrasyona haz\u0131rlar ve \u00e7ocuklar\u0131n g\u00fcnl\u00fck ya\u015famlar\u0131na uyarlanm\u0131\u015f esnek \u00f6\u011frenme f\u0131rsatlar\u0131 sunarlar<a href=\"https:\/\/www.kinder-in-not.de\/projekt\/philippinen\/mobile-schulen-fuer-strassenkinder\" target=\"_blank\" rel=\"noopener noreferrer nofollow\">^9<\/a>.<\/li><li><strong>Yard\u0131m kurulu\u015flar\u0131<\/strong> okul malzemeleri, \u00fcniforma ve yemek sa\u011flamak ve \u00e7ocuklar\u0131n okula d\u00fczenli olarak devam edebilmeleri i\u00e7in aileleri desteklemek<a href=\"https:\/\/islandkids.ch\" target=\"_blank\" rel=\"noopener noreferrer nofollow\">^3<\/a><a href=\"https:\/\/ableistift.de\/zugang-zur-bildung-fuer-20-schueler-auf-den-philippinen\/\" target=\"_blank\" rel=\"noopener noreferrer nofollow\">^8<\/a>.<\/li><\/ul><\/div><div class=\"wiki-page-header-wrapper\"><h2 id=\"5.-fazit-und-ausblick\" tabindex=\"-1\">5 Sonu\u00e7 ve genel bak\u0131\u015f<\/h2><ul><li><strong>Yoksulluk en b\u00fcy\u00fck engel olmaya devam ediyor<\/strong> Filipinler'de e\u011fitim f\u0131rsatlar\u0131 i\u00e7in. Okul sistemi resmi olarak a\u00e7\u0131k olmas\u0131na ra\u011fmen, yoksul, k\u0131rsal kesimden veya g\u00f6\u00e7men ailelerden gelen bir\u00e7ok \u00e7ocuk i\u00e7in eri\u015fim k\u0131s\u0131tl\u0131 kalmaktad\u0131r.<\/li><li>Bu <strong>e\u015fit olmayan ba\u015flang\u0131\u00e7 ko\u015fullar\u0131<\/strong> Bu durum, bu \u00e7ocuklar\u0131n okulu daha s\u0131k b\u0131rakt\u0131\u011f\u0131, daha zay\u0131f \u00f6\u011frenme \u00e7\u0131kt\u0131lar\u0131 elde etti\u011fi ve daha y\u00fcksek e\u011fitim niteliklerine ula\u015fma olas\u0131l\u0131klar\u0131n\u0131n daha d\u00fc\u015f\u00fck oldu\u011fu anlam\u0131na gelmektedir.<\/li><li><strong>Hedefe y\u00f6nelik destek<\/strong> H\u00fck\u00fcmet programlar\u0131 ve yard\u0131m projeleri arac\u0131l\u0131\u011f\u0131yla yoksulluk ve e\u011fitim dezavantaj\u0131 k\u0131s\u0131r d\u00f6ng\u00fcs\u00fcn\u00fc k\u0131rmak ve bu \u00e7ocuklara gelecek i\u00e7in ger\u00e7ek umutlar vermek \u00e7ok \u00f6nemlidir<a href=\"https:\/\/islandkids.ch\" target=\"_blank\" rel=\"noopener noreferrer nofollow\">^3<\/a><a href=\"https:\/\/www.kindernothilfe.at\/informieren\/aktuelles\/ein-blick-in-die-welt\/2023\/philippinen-bildung-als-chance\" target=\"_blank\" rel=\"noopener noreferrer nofollow\">^4<\/a><a href=\"https:\/\/www.kinderweltreise.de\/kontinente\/asien\/philippinen\/alltag-kinder\/schule\/\" target=\"_blank\" rel=\"noopener noreferrer nofollow\">^5<\/a><a href=\"https:\/\/ableistift.de\/zugang-zur-bildung-fuer-20-schueler-auf-den-philippinen\/\" target=\"_blank\" rel=\"noopener noreferrer nofollow\">^9<\/a><a href=\"https:\/\/www.savethechildren.de\/informieren\/einsatzorte\/international\/asien-laenderuebersicht\/philippinen\/\" target=\"_blank\" rel=\"noopener noreferrer nofollow\">^6<\/a>.<\/li><\/ul><hr \/><\/div><div class=\"wiki-page-header-wrapper\"><h2 id=\"kommentar-von-nea\" tabindex=\"-1\">Gradido perspektifinden tamamlay\u0131c\u0131 de\u011ferlendirme<\/h2><p>Analiz, yoksulluk ve marjinalle\u015fmenin e\u011fitime eri\u015fimi ne kadar derinden s\u0131n\u0131rlad\u0131\u011f\u0131n\u0131 ve Filipinler'de e\u011fitimin nas\u0131l t\u00fcm nesiller i\u00e7in bir kader meselesi haline geldi\u011fini g\u00f6stermektedir. Yoksul, k\u0131rsal kesimden veya g\u00f6\u00e7men ailelerin \u00e7ocuklar\u0131 \u00e7ifte dezavantaja maruz kalmaktad\u0131r: Maddi darbo\u011fazlar\u0131n yan\u0131 s\u0131ra sosyal g\u00f6r\u00fcnmezlik de s\u00f6z konusu.<\/p><p><strong>Temel y\u00f6nler ve gradido perspektifi:<\/strong><\/p><ul><li><strong>Yoksulluk tuza\u011f\u0131 ve e\u011fitim:<\/strong> \"Resmi olarak \u00fccretsiz\" okul, gizli maliyetler kar\u015f\u0131s\u0131nda bir\u00e7ok ki\u015fi i\u00e7in bir yan\u0131lsama olmaya devam etmektedir. Yoksullar genellikle temel e\u011fitim masraflar\u0131n\u0131 kar\u015f\u0131layamamaktad\u0131r - bu da yoksullu\u011fu devam ettiren bir k\u0131s\u0131r d\u00f6ng\u00fcd\u00fcr.<\/li><li><strong>\u00dclke ve \u015fehir:<\/strong> Eri\u015fim \u00f6zellikle k\u0131rsal b\u00f6lgelerde ve \u00fclke i\u00e7inde yerinden edilmi\u015f insanlar i\u00e7in zordur. Okul eksikli\u011fi, uzun yolculuklar, \u00e7ocuk i\u015f\u00e7ili\u011fi ve altyap\u0131 eksikli\u011fi, en savunmas\u0131z ki\u015filerin h\u0131zla geride kalmas\u0131 anlam\u0131na gelmektedir.<\/li><li><strong>Kalite ve tan\u0131t\u0131m:<\/strong> A\u015f\u0131r\u0131 kalabal\u0131k s\u0131n\u0131flar, yetersiz ekipman ve bireyselle\u015ftirilmi\u015f destek eksikli\u011fi \u00f6\u011frenmeyi zorla\u015ft\u0131r\u0131yor. Yard\u0131m kurulu\u015flar\u0131 alternatif ve mobil e\u011fitim teklifleriyle \u00e7aba sarf ediyor, ancak sadece belirli alanlardaki yap\u0131sal a\u00e7\u0131\u011f\u0131 hafifletebiliyor.<\/li><li><strong>K\u00fclt\u00fcrel ve sosyal engeller:<\/strong> Dil, k\u00fclt\u00fcrel ve sosyal engeller, \u00f6zellikle yerli, g\u00f6\u00e7men ve etnik az\u0131nl\u0131k \u00e7ocuklar\u0131 i\u00e7in marjinalle\u015fmeyi daha da k\u00f6t\u00fcle\u015ftirmektedir.<\/li><\/ul><p><strong>Gradido ile potansiyel:<\/strong> Gradido gibi kamu refah\u0131 odakl\u0131 bir yakla\u015f\u0131m bunu temelden de\u011fi\u015ftirebilir: Her aile i\u00e7in ger\u00e7ek bir temel gelir, e\u011fitimin \u00f6n\u00fcndeki varolu\u015fsal engelleri azaltabilir. E\u011fitim, kom\u015fuluk yard\u0131m\u0131 ve sosyal kat\u0131l\u0131m \u00f6d\u00fcllendirilirse, dezavantajl\u0131 aileler bile \u00e7ocuklar\u0131 i\u00e7in yeni f\u0131rsatlar yaratabilir - sadece maddi olarak de\u011fil, ayn\u0131 zamanda sosyal tan\u0131nma ve aktif kat\u0131l\u0131m yoluyla.<\/p><p>Bayanihan'\u0131n ruhundan do\u011fan ve Gradido taraf\u0131ndan desteklenen ortak projeler, yarat\u0131c\u0131, sevgi dolu ve anlaml\u0131 \u00f6\u011frenim yerleri i\u00e7in bir zemin olu\u015fturabilir. Kalbe yak\u0131n bir mesele ve potansiyeli ger\u00e7ekle\u015ftirmenin anahtar\u0131 olarak e\u011fitim: birlikte gidebilece\u011fimiz yol budur.<\/p><\/div><\/div><\/div>\t\t\t\t\t\t\t\t<\/div>\n\t\t\t\t<\/div>\n\t\t\t\t\t<\/div>\n\t\t<\/div>\n\t\t\t\t\t<\/div>\n\t\t<\/section>\n\t\t\t\t<\/div>","protected":false},"excerpt":{"rendered":"<p>Bildungssituation benachteiligter Kinder Hauptseite: Philippinen 1. Wirtschaft und Gesellschaft2.Einkommen und Lebensstandard3.Arbeitsmigration und Auslandserwerbst\u00e4tigkeit4.Armut und soziale Ungleichheit5.Gemeinwohl und Solidarit\u00e4t6.Bildungssituation benachteiligter Kinder7.Gesundheit, soziale Sicherung und Altersvorsorge8.Anerkennung von Care-Arbeit und Engagement9.Innovationen, Digitalisierung und alternative Wirtschaftsmodelle10.Gemeinschaftsbasierte \u00d6konomie und Parallelw\u00e4hrungen11.Potenziale und Herausforderungen f\u00fcr Gradido12. Internationale Kooperationen, NGOs und staatliche Entwicklungsprojekte Bildungssituation f\u00fcr Kinder aus armen, l\u00e4ndlichen oder migrantischen Familien auf [&hellip;]<\/p>\n","protected":false},"author":2,"featured_media":10458,"parent":10540,"menu_order":0,"comment_status":"closed","ping_status":"closed","template":"","meta":{"footnotes":""},"class_list":["post-10612","page","type-page","status-publish","has-post-thumbnail","hentry"],"yoast_head":"<!-- This site is optimized with the Yoast SEO plugin v27.5 - https:\/\/yoast.com\/product\/yoast-seo-wordpress\/ -->\n<title>Bildungssituation benachteiligter Kinder Philippinen - Gradido<\/title>\n<meta name=\"description\" content=\"Sei Teil der Bewegung!Gemeinsam bringen wir Gradido in die Welt.\" \/>\n<meta name=\"robots\" content=\"index, follow, max-snippet:-1, max-image-preview:large, max-video-preview:-1\" \/>\n<link rel=\"canonical\" href=\"https:\/\/gradido.net\/tr\/countries\/philippines\/educational-situation\/\" \/>\n<meta property=\"og:locale\" content=\"tr_TR\" \/>\n<meta property=\"og:type\" content=\"article\" \/>\n<meta property=\"og:title\" content=\"Bildungssituation benachteiligter Kinder Philippinen - Gradido\" \/>\n<meta property=\"og:description\" content=\"Sei Teil der Bewegung!Gemeinsam bringen wir Gradido in die Welt.\" \/>\n<meta property=\"og:url\" content=\"https:\/\/gradido.net\/tr\/countries\/philippines\/educational-situation\/\" \/>\n<meta property=\"og:site_name\" content=\"Gradido\" \/>\n<meta property=\"article:modified_time\" content=\"2025-10-04T09:57:09+00:00\" \/>\n<meta property=\"og:image\" content=\"https:\/\/gradido.net\/wp-content\/uploads\/2025\/07\/AdobeStock_3210827871-scaled.jpeg\" \/>\n\t<meta property=\"og:image:width\" content=\"2560\" \/>\n\t<meta property=\"og:image:height\" content=\"790\" \/>\n\t<meta property=\"og:image:type\" content=\"image\/jpeg\" \/>\n<meta name=\"twitter:card\" content=\"summary_large_image\" \/>\n<meta name=\"twitter:label1\" content=\"Tahmini okuma s\u00fcresi\" \/>\n\t<meta name=\"twitter:data1\" content=\"5 dakika\" \/>\n<script type=\"application\/ld+json\" class=\"yoast-schema-graph\">{\"@context\":\"https:\\\/\\\/schema.org\",\"@graph\":[{\"@type\":\"WebPage\",\"@id\":\"https:\\\/\\\/gradido.net\\\/countries\\\/philippines\\\/educational-situation\\\/\",\"url\":\"https:\\\/\\\/gradido.net\\\/countries\\\/philippines\\\/educational-situation\\\/\",\"name\":\"Bildungssituation benachteiligter Kinder Philippinen - Gradido\",\"isPartOf\":{\"@id\":\"https:\\\/\\\/gradido.net\\\/de\\\/#website\"},\"primaryImageOfPage\":{\"@id\":\"https:\\\/\\\/gradido.net\\\/countries\\\/philippines\\\/educational-situation\\\/#primaryimage\"},\"image\":{\"@id\":\"https:\\\/\\\/gradido.net\\\/countries\\\/philippines\\\/educational-situation\\\/#primaryimage\"},\"thumbnailUrl\":\"https:\\\/\\\/gradido.net\\\/wp-content\\\/uploads\\\/2025\\\/07\\\/AdobeStock_3210827871-scaled.jpeg\",\"datePublished\":\"2025-07-27T14:47:59+00:00\",\"dateModified\":\"2025-10-04T09:57:09+00:00\",\"description\":\"Sei Teil der Bewegung!Gemeinsam bringen wir Gradido in die Welt.\",\"breadcrumb\":{\"@id\":\"https:\\\/\\\/gradido.net\\\/countries\\\/philippines\\\/educational-situation\\\/#breadcrumb\"},\"inLanguage\":\"tr\",\"potentialAction\":[{\"@type\":\"ReadAction\",\"target\":[\"https:\\\/\\\/gradido.net\\\/countries\\\/philippines\\\/educational-situation\\\/\"]}]},{\"@type\":\"ImageObject\",\"inLanguage\":\"tr\",\"@id\":\"https:\\\/\\\/gradido.net\\\/countries\\\/philippines\\\/educational-situation\\\/#primaryimage\",\"url\":\"https:\\\/\\\/gradido.net\\\/wp-content\\\/uploads\\\/2025\\\/07\\\/AdobeStock_3210827871-scaled.jpeg\",\"contentUrl\":\"https:\\\/\\\/gradido.net\\\/wp-content\\\/uploads\\\/2025\\\/07\\\/AdobeStock_3210827871-scaled.jpeg\",\"width\":2560,\"height\":790,\"caption\":\"world globe planet earth 3d-illustration. elements of this image furnished by NASA\"},{\"@type\":\"BreadcrumbList\",\"@id\":\"https:\\\/\\\/gradido.net\\\/countries\\\/philippines\\\/educational-situation\\\/#breadcrumb\",\"itemListElement\":[{\"@type\":\"ListItem\",\"position\":1,\"name\":\"Startseite\",\"item\":\"https:\\\/\\\/gradido.net\\\/\"},{\"@type\":\"ListItem\",\"position\":2,\"name\":\"L\u00e4nderforschung\",\"item\":\"https:\\\/\\\/gradido.net\\\/countries\\\/\"},{\"@type\":\"ListItem\",\"position\":3,\"name\":\"Philppinen\",\"item\":\"https:\\\/\\\/gradido.net\\\/countries\\\/philippines\\\/\"},{\"@type\":\"ListItem\",\"position\":4,\"name\":\"Bildungssituation benachteiligter Kinder Philippinen\"}]},{\"@type\":\"WebSite\",\"@id\":\"https:\\\/\\\/gradido.net\\\/de\\\/#website\",\"url\":\"https:\\\/\\\/gradido.net\\\/de\\\/\",\"name\":\"Gradido\",\"description\":\"Die neue W\u00e4hrung hei\u00dft Dankbarkeit\",\"publisher\":{\"@id\":\"https:\\\/\\\/gradido.net\\\/de\\\/#organization\"},\"potentialAction\":[{\"@type\":\"SearchAction\",\"target\":{\"@type\":\"EntryPoint\",\"urlTemplate\":\"https:\\\/\\\/gradido.net\\\/de\\\/?s={search_term_string}\"},\"query-input\":{\"@type\":\"PropertyValueSpecification\",\"valueRequired\":true,\"valueName\":\"search_term_string\"}}],\"inLanguage\":\"tr\"},{\"@type\":\"Organization\",\"@id\":\"https:\\\/\\\/gradido.net\\\/de\\\/#organization\",\"name\":\"Gradido\",\"url\":\"https:\\\/\\\/gradido.net\\\/de\\\/\",\"logo\":{\"@type\":\"ImageObject\",\"inLanguage\":\"tr\",\"@id\":\"https:\\\/\\\/gradido.net\\\/de\\\/#\\\/schema\\\/logo\\\/image\\\/\",\"url\":\"https:\\\/\\\/gradido.net\\\/wp-content\\\/uploads\\\/2022\\\/04\\\/gradido-social.jpg\",\"contentUrl\":\"https:\\\/\\\/gradido.net\\\/wp-content\\\/uploads\\\/2022\\\/04\\\/gradido-social.jpg\",\"width\":527,\"height\":273,\"caption\":\"Gradido\"},\"image\":{\"@id\":\"https:\\\/\\\/gradido.net\\\/de\\\/#\\\/schema\\\/logo\\\/image\\\/\"}}]}<\/script>\n<!-- \/ Yoast SEO plugin. -->","yoast_head_json":{"title":"Dezavantajl\u0131 \u00e7ocuklar\u0131n e\u011fitim durumu Filipinler - Gradido","description":"Hareketin bir par\u00e7as\u0131 olun! Birlikte Gradido'yu d\u00fcnyaya getiriyoruz.","robots":{"index":"index","follow":"follow","max-snippet":"max-snippet:-1","max-image-preview":"max-image-preview:large","max-video-preview":"max-video-preview:-1"},"canonical":"https:\/\/gradido.net\/tr\/countries\/philippines\/educational-situation\/","og_locale":"tr_TR","og_type":"article","og_title":"Bildungssituation benachteiligter Kinder Philippinen - Gradido","og_description":"Sei Teil der Bewegung!Gemeinsam bringen wir Gradido in die Welt.","og_url":"https:\/\/gradido.net\/tr\/countries\/philippines\/educational-situation\/","og_site_name":"Gradido","article_modified_time":"2025-10-04T09:57:09+00:00","og_image":[{"width":2560,"height":790,"url":"https:\/\/gradido.net\/wp-content\/uploads\/2025\/07\/AdobeStock_3210827871-scaled.jpeg","type":"image\/jpeg"}],"twitter_card":"summary_large_image","twitter_misc":{"Tahmini okuma s\u00fcresi":"5 dakika"},"schema":{"@context":"https:\/\/schema.org","@graph":[{"@type":"WebPage","@id":"https:\/\/gradido.net\/countries\/philippines\/educational-situation\/","url":"https:\/\/gradido.net\/countries\/philippines\/educational-situation\/","name":"Dezavantajl\u0131 \u00e7ocuklar\u0131n e\u011fitim durumu Filipinler - Gradido","isPartOf":{"@id":"https:\/\/gradido.net\/de\/#website"},"primaryImageOfPage":{"@id":"https:\/\/gradido.net\/countries\/philippines\/educational-situation\/#primaryimage"},"image":{"@id":"https:\/\/gradido.net\/countries\/philippines\/educational-situation\/#primaryimage"},"thumbnailUrl":"https:\/\/gradido.net\/wp-content\/uploads\/2025\/07\/AdobeStock_3210827871-scaled.jpeg","datePublished":"2025-07-27T14:47:59+00:00","dateModified":"2025-10-04T09:57:09+00:00","description":"Hareketin bir par\u00e7as\u0131 olun! Birlikte Gradido'yu d\u00fcnyaya getiriyoruz.","breadcrumb":{"@id":"https:\/\/gradido.net\/countries\/philippines\/educational-situation\/#breadcrumb"},"inLanguage":"tr","potentialAction":[{"@type":"ReadAction","target":["https:\/\/gradido.net\/countries\/philippines\/educational-situation\/"]}]},{"@type":"ImageObject","inLanguage":"tr","@id":"https:\/\/gradido.net\/countries\/philippines\/educational-situation\/#primaryimage","url":"https:\/\/gradido.net\/wp-content\/uploads\/2025\/07\/AdobeStock_3210827871-scaled.jpeg","contentUrl":"https:\/\/gradido.net\/wp-content\/uploads\/2025\/07\/AdobeStock_3210827871-scaled.jpeg","width":2560,"height":790,"caption":"world globe planet earth 3d-illustration. elements of this image furnished by NASA"},{"@type":"BreadcrumbList","@id":"https:\/\/gradido.net\/countries\/philippines\/educational-situation\/#breadcrumb","itemListElement":[{"@type":"ListItem","position":1,"name":"Startseite","item":"https:\/\/gradido.net\/"},{"@type":"ListItem","position":2,"name":"L\u00e4nderforschung","item":"https:\/\/gradido.net\/countries\/"},{"@type":"ListItem","position":3,"name":"Philppinen","item":"https:\/\/gradido.net\/countries\/philippines\/"},{"@type":"ListItem","position":4,"name":"Bildungssituation benachteiligter Kinder Philippinen"}]},{"@type":"WebSite","@id":"https:\/\/gradido.net\/de\/#website","url":"https:\/\/gradido.net\/de\/","name":"Gradido","description":"Yeni para birimi minnettarl\u0131k","publisher":{"@id":"https:\/\/gradido.net\/de\/#organization"},"potentialAction":[{"@type":"SearchAction","target":{"@type":"EntryPoint","urlTemplate":"https:\/\/gradido.net\/de\/?s={search_term_string}"},"query-input":{"@type":"PropertyValueSpecification","valueRequired":true,"valueName":"search_term_string"}}],"inLanguage":"tr"},{"@type":"Organization","@id":"https:\/\/gradido.net\/de\/#organization","name":"Gradido","url":"https:\/\/gradido.net\/de\/","logo":{"@type":"ImageObject","inLanguage":"tr","@id":"https:\/\/gradido.net\/de\/#\/schema\/logo\/image\/","url":"https:\/\/gradido.net\/wp-content\/uploads\/2022\/04\/gradido-social.jpg","contentUrl":"https:\/\/gradido.net\/wp-content\/uploads\/2022\/04\/gradido-social.jpg","width":527,"height":273,"caption":"Gradido"},"image":{"@id":"https:\/\/gradido.net\/de\/#\/schema\/logo\/image\/"}}]}},"_links":{"self":[{"href":"https:\/\/gradido.net\/tr\/wp-json\/wp\/v2\/pages\/10612","targetHints":{"allow":["GET"]}}],"collection":[{"href":"https:\/\/gradido.net\/tr\/wp-json\/wp\/v2\/pages"}],"about":[{"href":"https:\/\/gradido.net\/tr\/wp-json\/wp\/v2\/types\/page"}],"author":[{"embeddable":true,"href":"https:\/\/gradido.net\/tr\/wp-json\/wp\/v2\/users\/2"}],"replies":[{"embeddable":true,"href":"https:\/\/gradido.net\/tr\/wp-json\/wp\/v2\/comments?post=10612"}],"version-history":[{"count":13,"href":"https:\/\/gradido.net\/tr\/wp-json\/wp\/v2\/pages\/10612\/revisions"}],"predecessor-version":[{"id":11974,"href":"https:\/\/gradido.net\/tr\/wp-json\/wp\/v2\/pages\/10612\/revisions\/11974"}],"up":[{"embeddable":true,"href":"https:\/\/gradido.net\/tr\/wp-json\/wp\/v2\/pages\/10540"}],"wp:featuredmedia":[{"embeddable":true,"href":"https:\/\/gradido.net\/tr\/wp-json\/wp\/v2\/media\/10458"}],"wp:attachment":[{"href":"https:\/\/gradido.net\/tr\/wp-json\/wp\/v2\/media?parent=10612"}],"curies":[{"name":"wp","href":"https:\/\/api.w.org\/{rel}","templated":true}]}}