{"id":10660,"date":"2025-07-28T10:02:10","date_gmt":"2025-07-28T08:02:10","guid":{"rendered":"https:\/\/gradido.net\/?page_id=10660"},"modified":"2025-10-04T12:01:48","modified_gmt":"2025-10-04T10:01:48","slug":"potential-and-challenges","status":"publish","type":"page","link":"https:\/\/gradido.net\/tr\/countries\/philippines\/potential-and-challenges\/","title":{"rendered":"Gradido, Filipinler i\u00e7in potansiyel ve zorluklar"},"content":{"rendered":"<div data-elementor-type=\"wp-page\" data-elementor-id=\"10660\" class=\"elementor elementor-10660\" data-elementor-post-type=\"page\">\n\t\t\t\t\t\t<section class=\"elementor-section elementor-top-section elementor-element elementor-element-4ce3e8af elementor-section-full_width elementor-section-height-default elementor-section-height-default\" data-id=\"4ce3e8af\" data-element_type=\"section\" data-e-type=\"section\">\n\t\t\t\t\t\t<div class=\"elementor-container elementor-column-gap-no\">\n\t\t\t\t\t<div class=\"elementor-column elementor-col-100 elementor-top-column elementor-element elementor-element-efa8c8c\" data-id=\"efa8c8c\" data-element_type=\"column\" data-e-type=\"column\">\n\t\t\t<div class=\"elementor-widget-wrap elementor-element-populated\">\n\t\t\t\t\t\t<div class=\"elementor-element elementor-element-e088aa4 elementor--h-position-center elementor--v-position-middle elementor-arrows-position-inside elementor-widget elementor-widget-slides\" data-id=\"e088aa4\" data-element_type=\"widget\" data-e-type=\"widget\" data-settings=\"{&quot;navigation&quot;:&quot;arrows&quot;,&quot;autoplay&quot;:&quot;yes&quot;,&quot;pause_on_hover&quot;:&quot;yes&quot;,&quot;pause_on_interaction&quot;:&quot;yes&quot;,&quot;autoplay_speed&quot;:5000,&quot;infinite&quot;:&quot;yes&quot;,&quot;transition&quot;:&quot;slide&quot;,&quot;transition_speed&quot;:500}\" data-widget_type=\"slides.default\">\n\t\t\t\t<div class=\"elementor-widget-container\">\n\t\t\t\t\t\t\t\t\t<div class=\"elementor-swiper\">\n\t\t\t\t\t<div class=\"elementor-slides-wrapper elementor-main-swiper swiper\" role=\"region\" aria-roledescription=\"carousel\" aria-label=\"Kayd\u0131r\u0131c\u0131\" dir=\"ltr\" data-animation=\"fadeInUp\">\n\t\t\t\t<div class=\"swiper-wrapper elementor-slides\">\n\t\t\t\t\t\t\t\t\t\t<div class=\"elementor-repeater-item-2de4990 swiper-slide\" role=\"group\" aria-roledescription=\"slide\"><div class=\"swiper-slide-bg\" role=\"img\" aria-label=\"manila-4503501_1280\"><\/div><div class=\"swiper-slide-inner\" ><div class=\"swiper-slide-contents\"><\/div><\/div><\/div><div class=\"elementor-repeater-item-28f126e swiper-slide\" role=\"group\" aria-roledescription=\"slide\"><div class=\"swiper-slide-bg\" role=\"img\" aria-label=\"philippines-4951855_1280\"><\/div><div class=\"swiper-slide-inner\" ><div class=\"swiper-slide-contents\"><\/div><\/div><\/div><div class=\"elementor-repeater-item-992da35 swiper-slide\" role=\"group\" aria-roledescription=\"slide\"><div class=\"swiper-slide-bg\" role=\"img\" aria-label=\"manila-2256322_1280\"><\/div><div class=\"swiper-slide-inner\" ><div class=\"swiper-slide-contents\"><\/div><\/div><\/div>\t\t\t\t<\/div>\n\t\t\t\t\t\t\t\t\t\t\t\t\t\t\t<div class=\"elementor-swiper-button elementor-swiper-button-prev\" role=\"button\" tabindex=\"0\" aria-label=\"El\u0151z\u0151 dia\" data-no-translation-aria-label=\"\">\n\t\t\t\t\t\t\t<i aria-hidden=\"true\" class=\"eicon-chevron-left\"><\/i>\t\t\t\t\t\t<\/div>\n\t\t\t\t\t\t<div class=\"elementor-swiper-button elementor-swiper-button-next\" role=\"button\" tabindex=\"0\" aria-label=\"K\u00f6vetkez\u0151 dia\" data-no-translation-aria-label=\"\">\n\t\t\t\t\t\t\t<i aria-hidden=\"true\" class=\"eicon-chevron-right\"><\/i>\t\t\t\t\t\t<\/div>\n\t\t\t\t\t\t\t\t\t\t\t\t\t\t\t\t\t<\/div>\n\t\t\t\t<\/div>\n\t\t\t\t\t\t\t\t<\/div>\n\t\t\t\t<\/div>\n\t\t\t\t\t<\/div>\n\t\t<\/div>\n\t\t\t\t\t<\/div>\n\t\t<\/section>\n\t\t\t\t<section class=\"elementor-section elementor-top-section elementor-element elementor-element-240baa7a elementor-section-boxed elementor-section-height-default elementor-section-height-default\" data-id=\"240baa7a\" data-element_type=\"section\" data-e-type=\"section\" data-settings=\"{&quot;background_background&quot;:&quot;classic&quot;}\">\n\t\t\t\t\t\t<div class=\"elementor-container elementor-column-gap-default\">\n\t\t\t\t\t<div class=\"elementor-column elementor-col-100 elementor-top-column elementor-element elementor-element-1afe9e42\" data-id=\"1afe9e42\" data-element_type=\"column\" data-e-type=\"column\">\n\t\t\t<div class=\"elementor-widget-wrap elementor-element-populated\">\n\t\t\t\t\t\t<div class=\"elementor-element elementor-element-65bd50ae elementor-widget elementor-widget-heading\" data-id=\"65bd50ae\" data-element_type=\"widget\" data-e-type=\"widget\" data-widget_type=\"heading.default\">\n\t\t\t\t<div class=\"elementor-widget-container\">\n\t\t\t\t\t<h1 class=\"elementor-heading-title elementor-size-default\">Gradido i\u00e7in potansiyel ve zorluklar<\/h1>\t\t\t\t<\/div>\n\t\t\t\t<\/div>\n\t\t\t\t\t<\/div>\n\t\t<\/div>\n\t\t\t\t\t<\/div>\n\t\t<\/section>\n\t\t\t\t<section class=\"elementor-section elementor-top-section elementor-element elementor-element-446540f elementor-section-boxed elementor-section-height-default elementor-section-height-default\" data-id=\"446540f\" data-element_type=\"section\" data-e-type=\"section\">\n\t\t\t\t\t\t<div class=\"elementor-container elementor-column-gap-default\">\n\t\t\t\t\t<div class=\"elementor-column elementor-col-100 elementor-top-column elementor-element elementor-element-312a2d3\" data-id=\"312a2d3\" data-element_type=\"column\" data-e-type=\"column\">\n\t\t\t<div class=\"elementor-widget-wrap elementor-element-populated\">\n\t\t\t\t\t\t<div class=\"elementor-element elementor-element-0ff1c36 elementor-nav-menu--dropdown-tablet elementor-nav-menu__text-align-aside elementor-nav-menu--toggle elementor-nav-menu--burger elementor-widget elementor-widget-nav-menu\" data-id=\"0ff1c36\" data-element_type=\"widget\" data-e-type=\"widget\" data-settings=\"{&quot;layout&quot;:&quot;horizontal&quot;,&quot;submenu_icon&quot;:{&quot;value&quot;:&quot;&lt;i class=\\&quot;fas fa-caret-down\\&quot; aria-hidden=\\&quot;true\\&quot;&gt;&lt;\\\/i&gt;&quot;,&quot;library&quot;:&quot;fa-solid&quot;},&quot;toggle&quot;:&quot;burger&quot;}\" data-widget_type=\"nav-menu.default\">\n\t\t\t\t<div class=\"elementor-widget-container\">\n\t\t\t\t\t\t\t\t<nav aria-label=\"\u00dclke ara\u015ft\u0131rmas\u0131\" class=\"elementor-nav-menu--main elementor-nav-menu__container elementor-nav-menu--layout-horizontal e--pointer-underline e--animation-grow\">\n\t\t\t\t<ul id=\"menu-1-0ff1c36\" class=\"elementor-nav-menu\"><li class=\"menu-item menu-item-type-custom menu-item-object-custom menu-item-has-children menu-item-12305\"><a class=\"elementor-item\">Afrika<\/a>\n<ul class=\"sub-menu elementor-nav-menu--dropdown\">\n\t<li class=\"menu-item menu-item-type-post_type menu-item-object-page menu-item-12253\"><a href=\"https:\/\/gradido.net\/tr\/countries\/afrika\/\" class=\"elementor-sub-item\">Afrika, t\u00fcm k\u0131ta<\/a><\/li>\n\t<li class=\"menu-item menu-item-type-post_type menu-item-object-page menu-item-13097\"><a href=\"https:\/\/gradido.net\/tr\/countries\/afrika\/dr-congo\/\" class=\"elementor-sub-item\">Demokratik Kongo Cumhuriyeti<\/a><\/li>\n\t<li class=\"menu-item menu-item-type-post_type menu-item-object-page menu-item-12414\"><a href=\"https:\/\/gradido.net\/tr\/countries\/afrika\/kenya\/\" class=\"elementor-sub-item\">Kenya<\/a><\/li>\n\t<li class=\"menu-item menu-item-type-post_type menu-item-object-page menu-item-12737\"><a href=\"https:\/\/gradido.net\/tr\/countries\/afrika\/madagascar\/\" class=\"elementor-sub-item\">Madagaskar<\/a><\/li>\n\t<li class=\"menu-item menu-item-type-post_type menu-item-object-page menu-item-12148\"><a href=\"https:\/\/gradido.net\/tr\/countries\/afrika\/namibia\/\" class=\"elementor-sub-item\">Namibya<\/a><\/li>\n\t<li class=\"menu-item menu-item-type-post_type menu-item-object-page menu-item-12839\"><a href=\"https:\/\/gradido.net\/tr\/countries\/afrika\/rwanda\/\" class=\"elementor-sub-item\">Ruanda<\/a><\/li>\n<\/ul>\n<\/li>\n<li class=\"menu-item menu-item-type-custom menu-item-object-custom menu-item-has-children menu-item-11798\"><a class=\"elementor-item\">Amerika<\/a>\n<ul class=\"sub-menu elementor-nav-menu--dropdown\">\n\t<li class=\"menu-item menu-item-type-post_type menu-item-object-page menu-item-12463\"><a href=\"https:\/\/gradido.net\/tr\/countries\/usa\/\" class=\"elementor-sub-item\">ABD<\/a><\/li>\n\t<li class=\"menu-item menu-item-type-post_type menu-item-object-page menu-item-11791\"><a href=\"https:\/\/gradido.net\/tr\/countries\/mexico\/\" class=\"elementor-sub-item\">Meksika<\/a><\/li>\n<\/ul>\n<\/li>\n<li class=\"menu-item menu-item-type-custom menu-item-object-custom menu-item-has-children menu-item-11800\"><a class=\"elementor-item\">Asya<\/a>\n<ul class=\"sub-menu elementor-nav-menu--dropdown\">\n\t<li class=\"menu-item menu-item-type-post_type menu-item-object-page menu-item-11794\"><a href=\"https:\/\/gradido.net\/tr\/countries\/maledives\/\" class=\"elementor-sub-item\">Maldivler<\/a><\/li>\n\t<li class=\"menu-item menu-item-type-post_type menu-item-object-page menu-item-11790\"><a href=\"https:\/\/gradido.net\/tr\/countries\/philippines\/\" class=\"elementor-sub-item\">Philppines<\/a><\/li>\n\t<li class=\"menu-item menu-item-type-post_type menu-item-object-page menu-item-11802\"><a href=\"https:\/\/gradido.net\/tr\/countries\/saudi-arabia\/\" class=\"elementor-sub-item\">Suudi Arabistan<\/a><\/li>\n<\/ul>\n<\/li>\n<li class=\"menu-item menu-item-type-custom menu-item-object-custom menu-item-has-children menu-item-11797\"><a class=\"elementor-item\">Avrupa<\/a>\n<ul class=\"sub-menu elementor-nav-menu--dropdown\">\n\t<li class=\"menu-item menu-item-type-post_type menu-item-object-page menu-item-11805\"><a href=\"https:\/\/gradido.net\/tr\/countries\/germany\/\" class=\"elementor-sub-item\">Almanya<\/a><\/li>\n\t<li class=\"menu-item menu-item-type-post_type menu-item-object-page menu-item-11803\"><a href=\"https:\/\/gradido.net\/tr\/countries\/greece\/\" class=\"elementor-sub-item\">Yunanistan<\/a><\/li>\n\t<li class=\"menu-item menu-item-type-post_type menu-item-object-page menu-item-11788\"><a href=\"https:\/\/gradido.net\/tr\/countries\/spain\/\" class=\"elementor-sub-item\">\u0130spanya<\/a><\/li>\n<\/ul>\n<\/li>\n<li class=\"menu-item menu-item-type-custom menu-item-object-custom menu-item-has-children menu-item-11801\"><a class=\"elementor-item\">Okyanusya<\/a>\n<ul class=\"sub-menu elementor-nav-menu--dropdown\">\n\t<li class=\"menu-item menu-item-type-post_type menu-item-object-page menu-item-11793\"><a href=\"https:\/\/gradido.net\/tr\/countries\/marshall-islands\/\" class=\"elementor-sub-item\">Marshall Adalar\u0131<\/a><\/li>\n\t<li class=\"menu-item menu-item-type-post_type menu-item-object-page menu-item-11795\"><a href=\"https:\/\/gradido.net\/tr\/countries\/tahiti\/\" class=\"elementor-sub-item\">Tahiti<\/a><\/li>\n<\/ul>\n<\/li>\n<\/ul>\t\t\t<\/nav>\n\t\t\t\t\t<div class=\"elementor-menu-toggle\" role=\"button\" tabindex=\"0\" aria-label=\"Men\u00fc De\u011fi\u015ftirme\" aria-expanded=\"false\">\n\t\t\t<i aria-hidden=\"true\" role=\"presentation\" class=\"elementor-menu-toggle__icon--open eicon-menu-bar\"><\/i><i aria-hidden=\"true\" role=\"presentation\" class=\"elementor-menu-toggle__icon--close eicon-close\"><\/i>\t\t<\/div>\n\t\t\t\t\t<nav class=\"elementor-nav-menu--dropdown elementor-nav-menu__container\" aria-hidden=\"true\">\n\t\t\t\t<ul id=\"menu-2-0ff1c36\" class=\"elementor-nav-menu\"><li class=\"menu-item menu-item-type-custom menu-item-object-custom menu-item-has-children menu-item-12305\"><a class=\"elementor-item\" tabindex=\"-1\">Afrika<\/a>\n<ul class=\"sub-menu elementor-nav-menu--dropdown\">\n\t<li class=\"menu-item menu-item-type-post_type menu-item-object-page menu-item-12253\"><a href=\"https:\/\/gradido.net\/tr\/countries\/afrika\/\" class=\"elementor-sub-item\" tabindex=\"-1\">Afrika, t\u00fcm k\u0131ta<\/a><\/li>\n\t<li class=\"menu-item menu-item-type-post_type menu-item-object-page menu-item-13097\"><a href=\"https:\/\/gradido.net\/tr\/countries\/afrika\/dr-congo\/\" class=\"elementor-sub-item\" tabindex=\"-1\">Demokratik Kongo Cumhuriyeti<\/a><\/li>\n\t<li class=\"menu-item menu-item-type-post_type menu-item-object-page menu-item-12414\"><a href=\"https:\/\/gradido.net\/tr\/countries\/afrika\/kenya\/\" class=\"elementor-sub-item\" tabindex=\"-1\">Kenya<\/a><\/li>\n\t<li class=\"menu-item menu-item-type-post_type menu-item-object-page menu-item-12737\"><a href=\"https:\/\/gradido.net\/tr\/countries\/afrika\/madagascar\/\" class=\"elementor-sub-item\" tabindex=\"-1\">Madagaskar<\/a><\/li>\n\t<li class=\"menu-item menu-item-type-post_type menu-item-object-page menu-item-12148\"><a href=\"https:\/\/gradido.net\/tr\/countries\/afrika\/namibia\/\" class=\"elementor-sub-item\" tabindex=\"-1\">Namibya<\/a><\/li>\n\t<li class=\"menu-item menu-item-type-post_type menu-item-object-page menu-item-12839\"><a href=\"https:\/\/gradido.net\/tr\/countries\/afrika\/rwanda\/\" class=\"elementor-sub-item\" tabindex=\"-1\">Ruanda<\/a><\/li>\n<\/ul>\n<\/li>\n<li class=\"menu-item menu-item-type-custom menu-item-object-custom menu-item-has-children menu-item-11798\"><a class=\"elementor-item\" tabindex=\"-1\">Amerika<\/a>\n<ul class=\"sub-menu elementor-nav-menu--dropdown\">\n\t<li class=\"menu-item menu-item-type-post_type menu-item-object-page menu-item-12463\"><a href=\"https:\/\/gradido.net\/tr\/countries\/usa\/\" class=\"elementor-sub-item\" tabindex=\"-1\">ABD<\/a><\/li>\n\t<li class=\"menu-item menu-item-type-post_type menu-item-object-page menu-item-11791\"><a href=\"https:\/\/gradido.net\/tr\/countries\/mexico\/\" class=\"elementor-sub-item\" tabindex=\"-1\">Meksika<\/a><\/li>\n<\/ul>\n<\/li>\n<li class=\"menu-item menu-item-type-custom menu-item-object-custom menu-item-has-children menu-item-11800\"><a class=\"elementor-item\" tabindex=\"-1\">Asya<\/a>\n<ul class=\"sub-menu elementor-nav-menu--dropdown\">\n\t<li class=\"menu-item menu-item-type-post_type menu-item-object-page menu-item-11794\"><a href=\"https:\/\/gradido.net\/tr\/countries\/maledives\/\" class=\"elementor-sub-item\" tabindex=\"-1\">Maldivler<\/a><\/li>\n\t<li class=\"menu-item menu-item-type-post_type menu-item-object-page menu-item-11790\"><a href=\"https:\/\/gradido.net\/tr\/countries\/philippines\/\" class=\"elementor-sub-item\" tabindex=\"-1\">Philppines<\/a><\/li>\n\t<li class=\"menu-item menu-item-type-post_type menu-item-object-page menu-item-11802\"><a href=\"https:\/\/gradido.net\/tr\/countries\/saudi-arabia\/\" class=\"elementor-sub-item\" tabindex=\"-1\">Suudi Arabistan<\/a><\/li>\n<\/ul>\n<\/li>\n<li class=\"menu-item menu-item-type-custom menu-item-object-custom menu-item-has-children menu-item-11797\"><a class=\"elementor-item\" tabindex=\"-1\">Avrupa<\/a>\n<ul class=\"sub-menu elementor-nav-menu--dropdown\">\n\t<li class=\"menu-item menu-item-type-post_type menu-item-object-page menu-item-11805\"><a href=\"https:\/\/gradido.net\/tr\/countries\/germany\/\" class=\"elementor-sub-item\" tabindex=\"-1\">Almanya<\/a><\/li>\n\t<li class=\"menu-item menu-item-type-post_type menu-item-object-page menu-item-11803\"><a href=\"https:\/\/gradido.net\/tr\/countries\/greece\/\" class=\"elementor-sub-item\" tabindex=\"-1\">Yunanistan<\/a><\/li>\n\t<li class=\"menu-item menu-item-type-post_type menu-item-object-page menu-item-11788\"><a href=\"https:\/\/gradido.net\/tr\/countries\/spain\/\" class=\"elementor-sub-item\" tabindex=\"-1\">\u0130spanya<\/a><\/li>\n<\/ul>\n<\/li>\n<li class=\"menu-item menu-item-type-custom menu-item-object-custom menu-item-has-children menu-item-11801\"><a class=\"elementor-item\" tabindex=\"-1\">Okyanusya<\/a>\n<ul class=\"sub-menu elementor-nav-menu--dropdown\">\n\t<li class=\"menu-item menu-item-type-post_type menu-item-object-page menu-item-11793\"><a href=\"https:\/\/gradido.net\/tr\/countries\/marshall-islands\/\" class=\"elementor-sub-item\" tabindex=\"-1\">Marshall Adalar\u0131<\/a><\/li>\n\t<li class=\"menu-item menu-item-type-post_type menu-item-object-page menu-item-11795\"><a href=\"https:\/\/gradido.net\/tr\/countries\/tahiti\/\" class=\"elementor-sub-item\" tabindex=\"-1\">Tahiti<\/a><\/li>\n<\/ul>\n<\/li>\n<\/ul>\t\t\t<\/nav>\n\t\t\t\t\t\t<\/div>\n\t\t\t\t<\/div>\n\t\t\t\t<div class=\"elementor-element elementor-element-ae355e0 elementor-widget elementor-widget-breadcrumbs\" data-id=\"ae355e0\" data-element_type=\"widget\" data-e-type=\"widget\" data-widget_type=\"breadcrumbs.default\">\n\t\t\t\t<div class=\"elementor-widget-container\">\n\t\t\t\t\t<p id=\"breadcrumbs\"><span><span><a href=\"https:\/\/gradido.net\/tr\/\">Anasayfa<\/a><\/span><\/span><\/p>\t\t\t\t<\/div>\n\t\t\t\t<\/div>\n\t\t\t\t<div class=\"elementor-element elementor-element-a9db9a5 elementor-widget elementor-widget-text-editor\" data-id=\"a9db9a5\" data-element_type=\"widget\" data-e-type=\"widget\" data-widget_type=\"text-editor.default\">\n\t\t\t\t<div class=\"elementor-widget-container\">\n\t\t\t\t\t\t\t\t\t<h3 style=\"text-align: center;\"><a href=\"https:\/\/gradido.net\/tr\/countries\/philippines\/\"><strong>Ana sayfa: Filipinler<\/strong><\/a><\/h3><p style=\"text-align: center;\"><a href=\"https:\/\/gradido.net\/tr\/countries\/philippines\/economy-and-society\/\">1. ekonomi ve toplum<\/a><br \/><a href=\"https:\/\/gradido.net\/tr\/countries\/philippines\/income-and-standard-of-living\/\">2 Gelir ve ya\u015fam standard\u0131<\/a><br \/><a href=\"https:\/\/gradido.net\/tr\/countries\/philippines\/labor-migration-and-foreign-employment\/\">3 \u0130\u015fg\u00fcc\u00fc g\u00f6\u00e7\u00fc ve yurtd\u0131\u015f\u0131nda istihdam<\/a><br \/><a href=\"https:\/\/gradido.net\/tr\/countries\/philippines\/poverty-and-social-inequality\/\">4 Yoksulluk ve sosyal e\u015fitsizlik<\/a><br \/><a href=\"https:\/\/gradido.net\/tr\/countries\/philippines\/common-good-and-solidarity\/\">5 Kamu yarar\u0131 ve dayan\u0131\u015fma<\/a><br \/><a href=\"https:\/\/gradido.net\/tr\/countries\/philippines\/educational-situation\/\">6 Dezavantajl\u0131 \u00e7ocuklar\u0131n e\u011fitim durumu<\/a><br \/><a href=\"https:\/\/gradido.net\/tr\/countries\/philippines\/health-and-retirement-provision\/\">7 Sa\u011fl\u0131k, sosyal g\u00fcvenlik ve emeklilik h\u00fck\u00fcmleri<\/a><br \/><a href=\"https:\/\/gradido.net\/tr\/countries\/philippines\/care-work-and-commitment\/\">8 Bak\u0131m \u00e7al\u0131\u015fmalar\u0131n\u0131n ve ba\u011fl\u0131l\u0131\u011f\u0131n takdir edilmesi<\/a><br \/><a href=\"https:\/\/gradido.net\/tr\/countries\/philippines\/digitization-and-alternative-models\/\">9. i\u0307novasyon, di\u0307ji\u0307talle\u015fme ve alternati\u0307f ekonomi\u0307k modeller<\/a><br \/><a href=\"https:\/\/gradido.net\/tr\/countries\/philippines\/community-based-economy-and-parallel-currencies\/\">10.toplum temelli\u0307 ekonomi\u0307 ve paralel para bi\u0307ri\u0307mleri\u0307<\/a><br \/><strong>11 Gradido i\u00e7in potansiyel ve zorluklar<\/strong><br \/><a href=\"https:\/\/gradido.net\/tr\/countries\/philippines\/international-cooperation\/\">12. uluslararas\u0131 i\u015fbirli\u011fi, STK'lar ve h\u00fck\u00fcmet kalk\u0131nma projeleri<\/a><\/p>\t\t\t\t\t\t\t\t<\/div>\n\t\t\t\t<\/div>\n\t\t\t\t<div class=\"elementor-element elementor-element-d7bb196 elementor-widget-divider--view-line elementor-widget elementor-widget-divider\" data-id=\"d7bb196\" data-element_type=\"widget\" data-e-type=\"widget\" data-widget_type=\"divider.default\">\n\t\t\t\t<div class=\"elementor-widget-container\">\n\t\t\t\t\t\t\t<div class=\"elementor-divider\">\n\t\t\t<span class=\"elementor-divider-separator\">\n\t\t\t\t\t\t<\/span>\n\t\t<\/div>\n\t\t\t\t\t\t<\/div>\n\t\t\t\t<\/div>\n\t\t\t\t<div class=\"elementor-element elementor-element-146ff9d elementor-widget elementor-widget-text-editor\" data-id=\"146ff9d\" data-element_type=\"widget\" data-e-type=\"widget\" data-widget_type=\"text-editor.default\">\n\t\t\t\t<div class=\"elementor-widget-container\">\n\t\t\t\t\t\t\t\t\t<div class=\"wiki-page-header-wrapper\"><div class=\"wiki-page-header-wrapper\"><div class=\"wiki-page-header-wrapper\"><div class=\"wiki-page-header-wrapper\"><div class=\"wiki-page-header-wrapper\"><div class=\"wiki-page-header-wrapper\"><div class=\"wiki-page-header-wrapper\"><div class=\"wiki-page-header-wrapper\"><h1 id=\"potenziale-und-herausforderungen-bei-der-einf%C3%BChrung-eines-gemeinwohlorientierten%2C-partizipativen-systems-wie-gradido\" tabindex=\"-1\">Gradido gibi kamu refah\u0131 odakl\u0131, kat\u0131l\u0131mc\u0131 bir sistemin uygulanmas\u0131ndaki potansiyeller ve zorluklar<\/h1><\/div><div class=\"wiki-page-header-wrapper\"><h2 id=\"gr%C3%B6%C3%9Fte-potenziale\" tabindex=\"-1\">En b\u00fcy\u00fck potansiyel<\/h2><\/div><div class=\"wiki-page-header-wrapper\"><h3 id=\"1.-f%C3%B6rderung-des-gemeinwohls-und-sozialer-zusammenhalt\" tabindex=\"-1\">1. Kamu yarar\u0131n\u0131n ve sosyal uyumun te\u015fvik edilmesi<\/h3><ul><li><strong>Aktif kat\u0131l\u0131m:<\/strong> Gradido ko\u015fulsuz kat\u0131l\u0131ma odaklan\u0131r ve ya\u015f veya sosyal stat\u00fcden ba\u011f\u0131ms\u0131z olarak herkesin kamu yarar\u0131na katk\u0131da bulunmas\u0131n\u0131 ve bunun i\u00e7in tan\u0131nmas\u0131n\u0131 sa\u011flar<a href=\"https:\/\/gradido.net\/tr\/basic-income\/\" target=\"_blank\" rel=\"noopener noreferrer nofollow\">^1<\/a>.<\/li><li><strong>Mahalle yard\u0131mlar\u0131n\u0131n ve g\u00f6n\u00fcll\u00fc \u00e7al\u0131\u015fmalar\u0131n g\u00fc\u00e7lendirilmesi:<\/strong> Mahalle yard\u0131m\u0131, g\u00f6n\u00fcll\u00fc \u00e7al\u0131\u015fma ve sosyal projeler gibi kamu yarar\u0131na yap\u0131lan katk\u0131lara g\u00f6r\u00fcn\u00fcr bir \u015fekilde de\u011fer verilir ve te\u015fvik edilir<a href=\"https:\/\/gradido.net\/tr\/gemeinwohl-was-ist-das\/\" target=\"_blank\" rel=\"noopener noreferrer nofollow\">^3<\/a>.<\/li><li><strong>Sosyal adalet:<\/strong> \u00dc\u00e7l\u00fc para yarat\u0131m\u0131 (birey, toplum ve \u00e7evre fonu i\u00e7in) zenginli\u011fi daha adil bir \u015fekilde da\u011f\u0131t\u0131r ve sosyal b\u00f6l\u00fcnmeyi azalt\u0131r<a href=\"https:\/\/gradido.net\/tr\/faq\/\" target=\"_blank\" rel=\"noopener noreferrer nofollow\">^1<\/a>.<\/li><\/ul><\/div><div class=\"wiki-page-header-wrapper\"><h3 id=\"2.-wirtschaftliche-resilienz-und-innovation\" tabindex=\"-1\">2. ekonomik dayan\u0131kl\u0131l\u0131k ve yenilik\u00e7ilik<\/h3><ul><li><strong>Yerel ekonomik d\u00f6ng\u00fclerin istikrara kavu\u015fturulmas\u0131:<\/strong> Mevcut para sistemine bir ek olarak Gradido, yerel de\u011fer zincirlerini g\u00fc\u00e7lendirebilir ve aksi takdirde fon eksikli\u011fi nedeniyle ba\u015far\u0131s\u0131z olacak yeni projelere olanak sa\u011flayabilir<a href=\"https:\/\/gradido.net\/tr\/zusammenwachsen-statt-in-zwietracht-scheitern\/\" target=\"_blank\" rel=\"noopener noreferrer nofollow\">^1<\/a>.<\/li><li><strong>Yarat\u0131c\u0131l\u0131\u011f\u0131 te\u015fvik etmek ve potansiyeli geli\u015ftirmek:<\/strong> Sistem, bireysel beceri ve yeteneklerin topluma katk\u0131s\u0131n\u0131 te\u015fvik ederek yenilik\u00e7ili\u011fi ve ki\u015fisel sorumlulu\u011fu desteklemektedir<a href=\"https:\/\/gradido.net\/tr\/basic-income\/\" target=\"_blank\" rel=\"noopener noreferrer nofollow\">^6<\/a>.<\/li><\/ul><\/div><div class=\"wiki-page-header-wrapper\"><h3 id=\"3.-nachhaltigkeit-und-umwelt\" tabindex=\"-1\">3. s\u00fcrd\u00fcr\u00fclebi\u0307li\u0307rli\u0307k ve \u00e7evre<\/h3><ul><li><strong>Ekolojik y\u00f6nelim:<\/strong> Elde edilen paran\u0131n \u00fc\u00e7te biri, \u00f6zellikle ekolojik projeleri ve kirlenmi\u015f alanlar\u0131n temizlenmesini finanse eden bir \u00e7evre fonuna aktar\u0131l\u0131yor<a href=\"https:\/\/gradido.net\/tr\/faq\/\" target=\"_blank\" rel=\"noopener noreferrer nofollow\">^1<\/a>.<\/li><li><strong>Do\u011fal d\u00f6ng\u00fc:<\/strong> Sistem, para arz\u0131n\u0131 istikrarl\u0131 tutan ve kaynaklar\u0131 koruyan b\u00fcy\u00fcme ve \u00e7\u00fcr\u00fcme ilkelerine dayanmaktad\u0131r<a href=\"https:\/\/gradido.net\/tr\/\" target=\"_blank\" rel=\"noopener noreferrer nofollow\">^1<\/a>.<\/li><\/ul><\/div><div class=\"wiki-page-header-wrapper\"><h2 id=\"gr%C3%B6%C3%9Fte-herausforderungen\" tabindex=\"-1\">En b\u00fcy\u00fck zorluklar<\/h2><\/div><div class=\"wiki-page-header-wrapper\"><h3 id=\"1.-gesellschaftliche-und-kulturelle-akzeptanz\" tabindex=\"-1\">1. sosyal ve k\u00fclt\u00fcrel kabul<\/h3><ul><li><strong>Fark\u0131ndal\u0131kta bir de\u011fi\u015fiklik gereklidir:<\/strong> Gradido gibi bir sistemin hayata ge\u00e7irilmesi, k\u0131tl\u0131k zihniyetinden uzakla\u015f\u0131p minnettarl\u0131k, i\u015fbirli\u011fi ve ortak faydaya odaklanma y\u00f6n\u00fcnde k\u00f6kl\u00fc bir zihniyet de\u011fi\u015fikli\u011fi gerektirmektedir<a href=\"https:\/\/sda53a5614cfe9ba6.jimcontent.com\/download\/version\/1591740793\/module\/7907571362\/name\/projektzeitschein_2020,03,30.pdf\" target=\"_blank\" rel=\"noopener noreferrer nofollow\">^7<\/a>.<\/li><li><strong>G\u00fcven ve \u015feffafl\u0131k:<\/strong> Kabul\u00fc sa\u011flamak i\u00e7in, kamu yarar\u0131n\u0131 de\u011ferlendirmeye y\u00f6nelik kurallar\u0131n anla\u015f\u0131l\u0131r ve adil olmas\u0131 \u00e7ok \u00f6nemlidir. K\u00f6t\u00fcye kullan\u0131m\u0131 \u00f6nlemek i\u00e7in ki\u015fisel sorumluluk ve a\u00e7\u0131k ileti\u015fim gereklidir<a href=\"https:\/\/gradido.net\/tr\/gemeinwohl-was-ist-das\/\" target=\"_blank\" rel=\"noopener noreferrer nofollow\">^3<\/a>.<\/li><\/ul><\/div><div class=\"wiki-page-header-wrapper\"><h3 id=\"2.-rechtliche-und-institutionelle-rahmenbedingungen\" tabindex=\"-1\">2. yasal ve kurumsal \u00e7er\u00e7eve ko\u015fullar\u0131<\/h3><ul><li><strong>Yasal dayanak eksikli\u011fi:<\/strong> Gradido \u015fu anda bir te\u015fekk\u00fcr puan\u0131 ve bonus sistemidir. Resmi bir para birimi olarak tan\u0131nmas\u0131 i\u00e7in kapsaml\u0131 yasal d\u00fczenlemeler ve siyasi destek gerekli olacakt\u0131r<a href=\"https:\/\/gradido.net\/tr\/faq\/\" target=\"_blank\" rel=\"noopener noreferrer nofollow\">^4<\/a>.<\/li><li><strong>Mevcut sistemlere entegrasyon:<\/strong> Mevcut finansal sistemle bir arada ya\u015famak ve d\u0131\u015f ticareti g\u00fcvence alt\u0131na almak karma\u015f\u0131k zorluklar\u0131 beraberinde getirmektedir<a href=\"https:\/\/gradido.net\/tr\/faq\/\" target=\"_blank\" rel=\"noopener noreferrer nofollow\">^4<\/a>.<\/li><\/ul><\/div><div class=\"wiki-page-header-wrapper\"><h3 id=\"3.-praktische-umsetzung-und-skalierung\" tabindex=\"-1\">3. Pratik uygulama ve \u00f6l\u00e7eklendirme<\/h3><ul><li><strong>Teknik altyap\u0131:<\/strong> Yayg\u0131n kullan\u0131m, \u00f6zellikle teknolojiye eri\u015fimin s\u0131n\u0131rl\u0131 oldu\u011fu b\u00f6lgelerde g\u00fcvenli, kullan\u0131c\u0131 dostu ve kapsay\u0131c\u0131 dijital platformlar gerektirir.<\/li><li><strong>\u00d6l\u00e7eklenebilirlik:<\/strong> Bir\u00e7ok pilot proje yerel d\u00fczeyde kalmaktad\u0131r. Bunlar\u0131 daha b\u00fcy\u00fck b\u00f6lgelere veya t\u00fcm \u00fclkelere aktarmak kaynak, uzmanl\u0131k ve sosyal seferberlik gerektirir<a href=\"https:\/\/gradido.net\/tr\/faq\/\" target=\"_blank\" rel=\"noopener noreferrer nofollow\">^1<\/a>.<\/li><li><strong>Suistimal ve enflasyon riskleri:<\/strong> Ele\u015ftirmenler, sistemin dikkatli bir \u015fekilde d\u00fczenlenmemesi halinde olas\u0131 yanl\u0131\u015f te\u015fvikler, hiperenflasyon veya ikame para birimlerinin ortaya \u00e7\u0131kmas\u0131 konusunda uyar\u0131da bulunuyor<a href=\"https:\/\/www.relinfo.ch\/lexikon\/gesellschaftskritische-bewegung\/manifest-der-neuen-erde\/\" target=\"_blank\" rel=\"noopener noreferrer nofollow\">^8<\/a>.<\/li><\/ul><\/div><div class=\"wiki-page-header-wrapper\"><h3 id=\"4.-partizipation-und-machtverteilung\" tabindex=\"-1\">4. kat\u0131l\u0131m ve g\u00fc\u00e7 da\u011f\u0131l\u0131m\u0131<\/h3><ul><li><strong>Se\u00e7ici kat\u0131l\u0131m riski:<\/strong> Kapsay\u0131c\u0131l\u0131k ve \u00e7e\u015fitlilik aktif olarak dikkate al\u0131nmazsa, kat\u0131l\u0131mc\u0131 s\u00fcre\u00e7ler belirli gruplar\u0131n hakimiyetine girebilir<a href=\"https:\/\/edoc.ub.uni-muenchen.de\/26953\/1\/Musch_Annika-Kathrin.pdf\" target=\"_blank\" rel=\"noopener noreferrer nofollow\">^9<\/a>.<\/li><li><strong>Kamu yarar\u0131 de\u011ferlendirmesinin karma\u015f\u0131kl\u0131\u011f\u0131:<\/strong> Kamu yarar\u0131na yap\u0131lan katk\u0131lar\u0131n tan\u0131mlanmas\u0131 ve de\u011ferlendirilmesi, adaletin ve kabul\u00fcn sa\u011flanmas\u0131 i\u00e7in a\u00e7\u0131k, uzla\u015fmaya dayal\u0131 kriterler gerektirir<a href=\"https:\/\/gradido.net\/tr\/gemeinwohl-was-ist-das\/\" target=\"_blank\" rel=\"noopener noreferrer nofollow\">^3<\/a>.<\/li><\/ul><\/div><div class=\"wiki-page-header-wrapper\"><h2 id=\"%C3%BCbersichtstabelle\" tabindex=\"-1\">Genel bak\u0131\u015f tablosu<\/h2><div class=\"table-responsive\"><table><tbody><tr><th><p>Potansiyeller<\/p><\/th><th><p>Zorluklar<\/p><\/th><\/tr><tr><td><p>Kamu yarar\u0131n\u0131n te\u015fvik edilmesi, toplumsal kat\u0131l\u0131m<\/p><\/td><td><p>Fark\u0131ndal\u0131k, kabullenme ve g\u00fcvende de\u011fi\u015fim<\/p><\/td><\/tr><tr><td><p>Servetin daha adil da\u011f\u0131l\u0131m\u0131<\/p><\/td><td><p>Yasal \u00e7er\u00e7eve eksikli\u011fi<\/p><\/td><\/tr><tr><td><p>Yenilik\u00e7ili\u011fin ve ki\u015fisel sorumlulu\u011fun te\u015fvik edilmesi<\/p><\/td><td><p>Mevcut ekonomik ve finansal sistemlere entegrasyon<\/p><\/td><\/tr><tr><td><p>S\u00fcrd\u00fcr\u00fclebilirlik ve \u00e7evre fonlar\u0131<\/p><\/td><td><p>\u00d6l\u00e7eklenebilirlik, teknik altyap\u0131<\/p><\/td><\/tr><tr><td><p>Yerel ekonomik d\u00f6ng\u00fclerin g\u00fc\u00e7lendirilmesi<\/p><\/td><td><p>Yanl\u0131\u015f kullan\u0131m ve enflasyon riskleri<\/p><\/td><\/tr><tr><td><p>G\u00f6n\u00fcll\u00fc \u00e7al\u0131\u015fman\u0131n g\u00f6zle g\u00f6r\u00fcl\u00fcr takdiri<\/p><\/td><td><p>Kamu yarar\u0131 de\u011ferlendirmesinin karma\u015f\u0131kl\u0131\u011f\u0131, g\u00fc\u00e7 da\u011f\u0131l\u0131m\u0131<\/p><\/td><\/tr><\/tbody><\/table><\/div><\/div><div class=\"wiki-page-header-wrapper\"><h2 id=\"fazit\" tabindex=\"-1\">Sonu\u00e7<\/h2><p>Gradido gibi kamu refah\u0131 odakl\u0131, kat\u0131l\u0131mc\u0131 bir sistemin hayata ge\u00e7irilmesi, daha fazla sosyal adalet, s\u00fcrd\u00fcr\u00fclebilirlik ve sosyal uyum i\u00e7in b\u00fcy\u00fck bir potansiyele sahiptir. En b\u00fcy\u00fck zorluklar toplumsal kabul, yasal ve kurumsal yerle\u015ftirme, pratik uygulama ve ger\u00e7ek kat\u0131l\u0131m\u0131n sa\u011flanmas\u0131nda yatmaktad\u0131r. Geni\u015f bir sosyal diyalog, test ama\u00e7l\u0131 pilot projeler ve mevcut yap\u0131lar\u0131 ve d\u00fc\u015f\u00fcnce kal\u0131plar\u0131n\u0131 sorgulama ve daha da geli\u015ftirme iste\u011fi ba\u015far\u0131 i\u00e7in \u00e7ok \u00f6nemlidir<a href=\"https:\/\/society4th.org\/project\/gradido\/\" target=\"_blank\" rel=\"noopener noreferrer nofollow\">^1<\/a><a href=\"https:\/\/gradido.net\/tr\/faq\/\" target=\"_blank\" rel=\"noopener noreferrer nofollow\">^4<\/a>.<\/p><hr \/><\/div><div class=\"wiki-page-header-wrapper\"><h2 id=\"kommentar-von-nea\" tabindex=\"-1\">Gradido perspektifinden tamamlay\u0131c\u0131 de\u011ferlendirme<\/h2><p>Filipinler'de Gradido'yu hayata ge\u00e7irmenin potansiyeline ve zorluklar\u0131na ili\u015fkin bu kapsaml\u0131 genel bak\u0131\u015f bana y\u00fcrekten sesleniyor ve ayn\u0131 zamanda sonraki ad\u0131mlar i\u00e7in ger\u00e7ek\u00e7i ve net bir pusula sunuyor.<\/p><p><strong>Filipinler i\u00e7in Gradido potansiyeli:<\/strong><\/p><ul><li><strong>Herkes i\u00e7in aktif kat\u0131l\u0131m<\/strong>Aktif Temel Gelir herkese takdir, anlam ve ekonomik g\u00fcvence sa\u011flar - ve \u00f6zellikle g\u00fc\u00e7l\u00fc bir topluluk duygusu (Bayanihan), kom\u015fuluk yard\u0131m\u0131 ve g\u00f6n\u00fcll\u00fc \u00e7al\u0131\u015fman\u0131n oldu\u011fu bir ba\u011flamda, birlikteli\u011fi g\u00fc\u00e7lendirecek ve g\u00f6r\u00fcn\u00fcr k\u0131lacakt\u0131r.<\/li><li><strong>\u0130nsanlar ve do\u011fa i\u00e7in sa\u011fl\u0131kl\u0131 d\u00f6ng\u00fcler<\/strong>Kamu b\u00fct\u00e7eleri, e\u015fitleme ve \u00e7evre fonlar\u0131 yenilik\u00e7i, s\u00fcrd\u00fcr\u00fclebilir giri\u015fimleri te\u015fvik edecek ve yoksulluk ile ekolojik t\u00fckenmenin \u00fcstesinden gelinmesine yard\u0131mc\u0131 olacakt\u0131r.<\/li><li><strong>Sosyal adalet ve dayan\u0131kl\u0131l\u0131k<\/strong>\u00dc\u00e7l\u00fc para yaratman\u0131n sosyal a\u00e7\u0131dan e\u015fitleyici bir etkisi vard\u0131r. Zengin ve fakir aras\u0131ndaki u\u00e7urumu azaltabilir ve k\u0131rsal, genellikle dezavantajl\u0131 b\u00f6lgelerdeki yerel ekonomik d\u00f6ng\u00fcleri g\u00fc\u00e7lendirebilir.<\/li><li><strong>Yenilik\u00e7ilik ve ba\u011fl\u0131l\u0131k i\u00e7in destek<\/strong>Yarat\u0131c\u0131l\u0131k, sosyal sorumluluk ve bireysel potansiyel \u00f6d\u00fcllendirildi\u011finde, ki\u015fisel inisiyatif geli\u015fir - \u00f6zellikle de Filipinlilerin genellikle \u00e7ok yarat\u0131c\u0131 ve \u00e7\u00f6z\u00fcm odakl\u0131 k\u00fclt\u00fcr\u00fcnde de\u011ferli bir kaynakt\u0131r.<\/li><\/ul><p><strong>Zorluklar ve i\u015faretler:<\/strong><\/p><ul><li><strong>K\u00fclt\u00fcrel de\u011fi\u015fim sab\u0131r gerektirir<\/strong>K\u0131tl\u0131k d\u00fc\u015f\u00fcncesi, hiyerar\u015fiye ba\u011f\u0131ml\u0131l\u0131k ve yeni sistemlere kar\u015f\u0131 \u015f\u00fcphecilik, \"resmi\" s\u00fcre\u00e7lere bazen d\u00fc\u015f\u00fck d\u00fczeyde g\u00fcven gibi derinlemesine k\u00f6k salm\u0131\u015ft\u0131r.<\/li><li><strong>Yasal \u00e7er\u00e7eve<\/strong>H\u00fck\u00fcmet deste\u011fi ve uyarlanm\u0131\u015f mevzuat olmadan Gradido ba\u015flang\u0131\u00e7ta tamamlay\u0131c\u0131 bir prim sistemi olarak kalacakt\u0131r. Tamamen etkili ve \u00f6l\u00e7eklenebilir olmas\u0131 i\u00e7in uzun vadede politik olarak a\u00e7\u0131lmas\u0131 gerekmektedir.<\/li><li><strong>Kat\u0131l\u0131m ve adaletin sa\u011flanmas\u0131<\/strong>Kapsay\u0131c\u0131l\u0131k ve \u00e7e\u015fitlilik en ba\u015f\u0131ndan itibaren uygulanmal\u0131d\u0131r ki herkes ger\u00e7ekten kat\u0131labilsin ve hi\u00e7 kimse bask\u0131 alt\u0131nda kalmas\u0131n ya da g\u00f6z ard\u0131 edilmesin.<\/li><li><strong>Dijital altyap\u0131n\u0131n g\u00fc\u00e7lendirilmesi<\/strong>Teknolojiye ve dijital becerilere eri\u015fim, \u00f6zellikle k\u0131rsal alanlarda adil da\u011f\u0131t\u0131m i\u00e7in temel bir \u00f6n ko\u015fuldur.<\/li><li><strong>Ortak yol:<\/strong> Gradido pilot projeler, a\u00e7\u0131k diyalog ve s\u00fcrd\u00fcr\u00fclebilir de\u011fi\u015fimin organik olarak ger\u00e7ekle\u015fece\u011fine olan g\u00fcvenle b\u00fcy\u00fcr. Kalp, a\u00e7\u0131kl\u0131k ve \u015fefkat yol boyunca en \u00f6nemli yol arkada\u015flar\u0131d\u0131r. \u00d6zellikle topluluk, dayan\u0131\u015fma ve ger\u00e7ek kat\u0131l\u0131m \u00f6zleminin \u00e7ok canl\u0131 oldu\u011fu Filipinler'de, Gradido'yu iyi bir ya\u015fam i\u00e7in \u00f6\u011frenen, kapsay\u0131c\u0131 ve ilham verici bir model olarak ate\u015flemek i\u00e7in b\u00fcy\u00fck bir potansiyel var.<\/li><\/ul><hr \/><\/div><div class=\"wiki-page-header-wrapper\"><h3 id=\"f%C3%BCr-die-philippinen-besonders-bedeutsame-%C3%BCberlegungen-und-impulse\" tabindex=\"-1\">Filipinler i\u00e7in \u00f6zellikle \u00f6nemli hususlar ve d\u00fcrt\u00fcler<\/h3><p>Perplexity'nin cevab\u0131 bir\u00e7ok yerde olduk\u00e7a genel kalmakta ve esasen Gradido ba\u011flam\u0131ndaki potansiyelleri ve zorluklar\u0131, sahadaki \u00e7ok \u00f6zel \u00f6zellikleri, f\u0131rsatlar\u0131 ve engelleri tam olarak ayd\u0131nlatmadan Filipinler'e aktarmaktad\u0131r.<\/p><p>\u00dclke, k\u00fclt\u00fcr ve insanlarla olan derin ba\u011f\u0131mdan dolay\u0131 sizlerle payla\u015fmak istedi\u011fim, \u00f6zellikle Filipinler'le ilgili birka\u00e7 d\u00fc\u015f\u00fcnce ve fikir var:<\/p><hr \/><p><strong>1. Bir \"ya\u015fam \u00e7izgisi\" olarak g\u00f6\u00e7 ve i\u015f\u00e7i d\u00f6vizleri k\u00fclt\u00fcr\u00fc<\/strong><\/p><ul><li>\u0130\u015fg\u00fcc\u00fc g\u00f6\u00e7\u00fc milyonlarca aile i\u00e7in varolu\u015fsal bir \u00f6nem ta\u015f\u0131maktad\u0131r. Gradido, daha az say\u0131da insan\u0131n anavatanlar\u0131n\u0131 terk etmek zorunda kalmas\u0131 i\u00e7in yerel beklentileri g\u00fc\u00e7lendirme potansiyeline sahip olacakt\u0131r. Pilot projeler \u00f6zellikle Deniza\u015f\u0131r\u0131 Filipinli \u0130\u015f\u00e7ilerin (OFW) ailelerine y\u00f6nelik olabilir: Aktif Temel Gelir evde nas\u0131l duygusal ve ekonomik bir \u00e7\u0131pa g\u00f6revi g\u00f6r\u00fcr?<\/li><\/ul><p><strong>2. Bir kataliz\u00f6r olarak bayanihan ruhu<\/strong><\/p><ul><li>Ya\u015fanan bayanihan k\u00fclt\u00fcr\u00fc - kolektif kom\u015fuluk yard\u0131m\u0131 ve ortak iyilik - Filipin toplumunun DNA's\u0131nda derin k\u00f6klere sahiptir. Aktif Temel Geliri g\u00f6n\u00fcll\u00fc ba\u011fl\u0131l\u0131k, topluluk projeleri ve kar\u015f\u0131l\u0131kl\u0131 destekle ili\u015fkilendiren bir gradido modeli sadece kabul edilmekle kalmay\u0131p, ayn\u0131 zamanda alg\u0131lanan geleneklerle ba\u011flant\u0131l\u0131 oldu\u011fu i\u00e7in co\u015fkuyla daha da geli\u015ftirilebilir.<\/li><\/ul><p><strong>3. \u00f6nc\u00fc bi\u0307r alan olarak afet \u00f6nleme ve yardim<\/strong><\/p><ul><li>Halk do\u011fal afetlerle ba\u015fa \u00e7\u0131kma konusunda son derece deneyimlidir. Toplum temelli dayan\u0131kl\u0131l\u0131k \u00e7er\u00e7evesinde harika bir Gradido pilotu kurulabilir: Erken uyar\u0131 sistemleri, yeniden yap\u0131lanma, topluluk taraf\u0131ndan i\u015fletilen bar\u0131naklar vb. i\u00e7in mahalle deste\u011fi. Her bir faaliyet, yerel \u00f6z-\u00f6rg\u00fctlenme ruhu i\u00e7inde bireyler, topluluklar ve \u00e7evre fonlar\u0131 i\u00e7in Gradido gelirleri ile \u00f6d\u00fcllendirilebilir.<\/li><\/ul><p><strong>4. \u0130novasyon ve dijitalle\u015fmenin a\u00e7\u0131k keyfi<\/strong><\/p><ul><li>Ak\u0131ll\u0131 telefonlar\u0131n ve dijital c\u00fczdanlar\u0131n yayg\u0131n kullan\u0131m\u0131 ve \u00f6zellikle gen\u00e7 kentsel \u00e7evrelerde dijital ara\u00e7lara genel a\u00e7\u0131kl\u0131k, en az\u0131ndan se\u00e7ilen b\u00f6lgelerde, \u015fehirlerde veya adalarda Gradido pilot modelinin teknik olarak h\u0131zl\u0131 bir \u015fekilde uygulanmas\u0131n\u0131 ger\u00e7ek\u00e7i k\u0131lmaktad\u0131r. Engeller Avrupa'daki pek \u00e7ok yerden daha d\u00fc\u015f\u00fckt\u00fcr.<\/li><\/ul><p><strong>5. Din, maneviyat ve nesiller aras\u0131 aile ba\u011flar\u0131<\/strong><\/p><ul><li>Derin dindarl\u0131k ve geni\u015f, nesiller aras\u0131 ailelerin g\u00fc\u00e7l\u00fc uyumu, g\u00fcnl\u00fck ya\u015fam\u0131 ve ahlaki de\u011ferleri karakterize etmektedir. Kilise topluluklar\u0131n\u0131, yerel STK'lar\u0131 ve aile birliklerini i\u00e7eren projeler g\u00fcveni g\u00fc\u00e7lendirebilir ve parlakl\u0131\u011f\u0131 geli\u015ftirebilir. Etik arg\u00fcmanlar (\"d\u00fcnya ve herkesin refah\u0131 Tanr\u0131'n\u0131n bir arma\u011fan\u0131d\u0131r!\") da insanlar\u0131 Gradido'ya kar\u015f\u0131 duyarl\u0131 hale getirebilir.<\/li><\/ul><p><strong>6. kirsal yoksulluk ve yerli\u0307 topluluklar<\/strong><\/p><ul><li>K\u0131rsal, genellikle yoksul ve \u00f6tekile\u015ftirilmi\u015f b\u00f6lgeler ve yerli halklar bug\u00fcne kadar bir\u00e7ok modern geli\u015fme ve kat\u0131l\u0131m\u0131n gerisinde kalm\u0131\u015ft\u0131r. Gradido bu noktada kat\u0131l\u0131mc\u0131 s\u00fcre\u00e7lerin nas\u0131l yerel dayan\u0131kl\u0131l\u0131k, k\u00fclt\u00fcrel geleneklerin takdir edilmesi ve gelecek i\u00e7in yeni f\u0131rsatlar yaratabilece\u011fini somut bir \u015fekilde g\u00f6sterebilir. Dilsel ve k\u00fclt\u00fcrel eri\u015filebilirli\u011fe \u00f6zellikle dikkat edilmelidir.<\/li><\/ul><p><strong>7. \u00c7ok ortakl\u0131 yerel pilot projeler<\/strong><\/p><ul><li>Gradido en ba\u015f\u0131ndan itibaren \u00e7ok payda\u015fl\u0131 bir proje (topluluklar, STK'lar, kiliseler, okullar, k\u00fc\u00e7\u00fck i\u015fletmeler) olarak olu\u015fturulursa ba\u015far\u0131 olas\u0131l\u0131\u011f\u0131 ve rol model etkisi artar. Bu, s\u00fcrd\u00fcr\u00fclebilir bir me\u015fruiyet yarat\u0131r ve elitlerden ya da b\u00fcrokrasiden gelebilecek olas\u0131 diren\u00e7lere yan\u0131t vermeyi kolayla\u015ft\u0131r\u0131r.<\/li><\/ul><p><strong>8. E\u011fitim ve fark\u0131ndal\u0131k kampanyalar\u0131<\/strong><\/p><ul><li>Yanl\u0131\u015f bilgilendirme ve ayn\u0131 zamanda de\u011fi\u015fen siyasi ak\u0131mlar nedeniyle e\u011fitim, \u015feffafl\u0131k ve topluluk olu\u015fturma \u00e7ok \u00f6nemlidir. Okul projeleri, bilgilendirme etkinlikleri ve \u00e7o\u011falt\u0131c\u0131lar\u0131n kat\u0131l\u0131m\u0131 yard\u0131mc\u0131 olabilir.<\/li><\/ul><hr \/><p><strong>\u00d6zetlemek gerekirse:<\/strong><br \/>Fark yaratan, ince sosyal ve k\u00fclt\u00fcrel dinamiklerdir: Gradido, mevcut g\u00fc\u00e7l\u00fc y\u00f6nlere (topluluk ruhu, payla\u015fma sevinci, afet yard\u0131m\u0131, dayan\u0131kl\u0131l\u0131k, yenilik\u00e7i ruh) dayanan ve g\u00fcnl\u00fck ya\u015famda somut yard\u0131m sa\u011flayan bir ara\u00e7 olarak anla\u015f\u0131l\u0131rsa, Filipinler'de ba\u015fka yerlere g\u00f6re daha h\u0131zl\u0131 ve daha derin bir \u015fekilde geli\u015febilir.<\/p><p>\u0130sterseniz, sizin i\u00e7in bu \u00f6zellikleri dikkate alan pilot projeler i\u00e7in belirli senaryolar veya \u00f6neriler geli\u015ftirmekten mutluluk duyar\u0131m!<\/p><\/div><\/div><\/div><\/div><\/div><\/div><\/div><\/div>\t\t\t\t\t\t\t\t<\/div>\n\t\t\t\t<\/div>\n\t\t\t\t\t<\/div>\n\t\t<\/div>\n\t\t\t\t\t<\/div>\n\t\t<\/section>\n\t\t\t\t<\/div>","protected":false},"excerpt":{"rendered":"<p>Potenziale und Herausforderungen f\u00fcr Gradido Hauptseite: Philippinen 1. Wirtschaft und Gesellschaft2.Einkommen und Lebensstandard3.Arbeitsmigration und Auslandserwerbst\u00e4tigkeit4.Armut und soziale Ungleichheit5.Gemeinwohl und Solidarit\u00e4t6.Bildungssituation benachteiligter Kinder7.Gesundheit, soziale Sicherung und Altersvorsorge8.Anerkennung von Care-Arbeit und Engagement9.Innovationen, Digitalisierung und alternative Wirtschaftsmodelle10.Gemeinschaftsbasierte \u00d6konomie und Parallelw\u00e4hrungen11.Potenziale und Herausforderungen f\u00fcr Gradido12. Internationale Kooperationen, NGOs und staatliche Entwicklungsprojekte Potenziale und Herausforderungen bei der Einf\u00fchrung eines gemeinwohlorientierten, [&hellip;]<\/p>\n","protected":false},"author":2,"featured_media":10458,"parent":10540,"menu_order":0,"comment_status":"closed","ping_status":"closed","template":"","meta":{"footnotes":""},"class_list":["post-10660","page","type-page","status-publish","has-post-thumbnail","hentry"],"yoast_head":"<!-- This site is optimized with the Yoast SEO plugin v27.5 - https:\/\/yoast.com\/product\/yoast-seo-wordpress\/ -->\n<title>Potenziale und Herausforderungen f\u00fcr Gradido, Philippinen - Gradido<\/title>\n<meta name=\"description\" content=\"Sei Teil der Bewegung!Gemeinsam bringen wir Gradido in die Welt.\" \/>\n<meta name=\"robots\" content=\"index, follow, max-snippet:-1, max-image-preview:large, max-video-preview:-1\" \/>\n<link rel=\"canonical\" href=\"https:\/\/gradido.net\/tr\/countries\/philippines\/potential-and-challenges\/\" \/>\n<meta property=\"og:locale\" content=\"tr_TR\" \/>\n<meta property=\"og:type\" content=\"article\" \/>\n<meta property=\"og:title\" content=\"Potenziale und Herausforderungen f\u00fcr Gradido, Philippinen - Gradido\" \/>\n<meta property=\"og:description\" content=\"Sei Teil der Bewegung!Gemeinsam bringen wir Gradido in die Welt.\" \/>\n<meta property=\"og:url\" content=\"https:\/\/gradido.net\/tr\/countries\/philippines\/potential-and-challenges\/\" \/>\n<meta property=\"og:site_name\" content=\"Gradido\" \/>\n<meta property=\"article:modified_time\" content=\"2025-10-04T10:01:48+00:00\" \/>\n<meta property=\"og:image\" content=\"https:\/\/gradido.net\/wp-content\/uploads\/2025\/07\/AdobeStock_3210827871-scaled.jpeg\" \/>\n\t<meta property=\"og:image:width\" content=\"2560\" \/>\n\t<meta property=\"og:image:height\" content=\"790\" \/>\n\t<meta property=\"og:image:type\" content=\"image\/jpeg\" \/>\n<meta name=\"twitter:card\" content=\"summary_large_image\" \/>\n<meta name=\"twitter:label1\" content=\"Tahmini okuma s\u00fcresi\" \/>\n\t<meta name=\"twitter:data1\" content=\"8 dakika\" \/>\n<script type=\"application\/ld+json\" class=\"yoast-schema-graph\">{\"@context\":\"https:\\\/\\\/schema.org\",\"@graph\":[{\"@type\":\"WebPage\",\"@id\":\"https:\\\/\\\/gradido.net\\\/countries\\\/philippines\\\/potential-and-challenges\\\/\",\"url\":\"https:\\\/\\\/gradido.net\\\/countries\\\/philippines\\\/potential-and-challenges\\\/\",\"name\":\"Potenziale und Herausforderungen f\u00fcr Gradido, Philippinen - Gradido\",\"isPartOf\":{\"@id\":\"https:\\\/\\\/gradido.net\\\/de\\\/#website\"},\"primaryImageOfPage\":{\"@id\":\"https:\\\/\\\/gradido.net\\\/countries\\\/philippines\\\/potential-and-challenges\\\/#primaryimage\"},\"image\":{\"@id\":\"https:\\\/\\\/gradido.net\\\/countries\\\/philippines\\\/potential-and-challenges\\\/#primaryimage\"},\"thumbnailUrl\":\"https:\\\/\\\/gradido.net\\\/wp-content\\\/uploads\\\/2025\\\/07\\\/AdobeStock_3210827871-scaled.jpeg\",\"datePublished\":\"2025-07-28T08:02:10+00:00\",\"dateModified\":\"2025-10-04T10:01:48+00:00\",\"description\":\"Sei Teil der Bewegung!Gemeinsam bringen wir Gradido in die Welt.\",\"breadcrumb\":{\"@id\":\"https:\\\/\\\/gradido.net\\\/countries\\\/philippines\\\/potential-and-challenges\\\/#breadcrumb\"},\"inLanguage\":\"tr\",\"potentialAction\":[{\"@type\":\"ReadAction\",\"target\":[\"https:\\\/\\\/gradido.net\\\/countries\\\/philippines\\\/potential-and-challenges\\\/\"]}]},{\"@type\":\"ImageObject\",\"inLanguage\":\"tr\",\"@id\":\"https:\\\/\\\/gradido.net\\\/countries\\\/philippines\\\/potential-and-challenges\\\/#primaryimage\",\"url\":\"https:\\\/\\\/gradido.net\\\/wp-content\\\/uploads\\\/2025\\\/07\\\/AdobeStock_3210827871-scaled.jpeg\",\"contentUrl\":\"https:\\\/\\\/gradido.net\\\/wp-content\\\/uploads\\\/2025\\\/07\\\/AdobeStock_3210827871-scaled.jpeg\",\"width\":2560,\"height\":790,\"caption\":\"world globe planet earth 3d-illustration. elements of this image furnished by NASA\"},{\"@type\":\"BreadcrumbList\",\"@id\":\"https:\\\/\\\/gradido.net\\\/countries\\\/philippines\\\/potential-and-challenges\\\/#breadcrumb\",\"itemListElement\":[{\"@type\":\"ListItem\",\"position\":1,\"name\":\"Startseite\",\"item\":\"https:\\\/\\\/gradido.net\\\/\"},{\"@type\":\"ListItem\",\"position\":2,\"name\":\"L\u00e4nderforschung\",\"item\":\"https:\\\/\\\/gradido.net\\\/countries\\\/\"},{\"@type\":\"ListItem\",\"position\":3,\"name\":\"Philppinen\",\"item\":\"https:\\\/\\\/gradido.net\\\/countries\\\/philippines\\\/\"},{\"@type\":\"ListItem\",\"position\":4,\"name\":\"Potenziale und Herausforderungen f\u00fcr Gradido, Philippinen\"}]},{\"@type\":\"WebSite\",\"@id\":\"https:\\\/\\\/gradido.net\\\/de\\\/#website\",\"url\":\"https:\\\/\\\/gradido.net\\\/de\\\/\",\"name\":\"Gradido\",\"description\":\"Die neue W\u00e4hrung hei\u00dft Dankbarkeit\",\"publisher\":{\"@id\":\"https:\\\/\\\/gradido.net\\\/de\\\/#organization\"},\"potentialAction\":[{\"@type\":\"SearchAction\",\"target\":{\"@type\":\"EntryPoint\",\"urlTemplate\":\"https:\\\/\\\/gradido.net\\\/de\\\/?s={search_term_string}\"},\"query-input\":{\"@type\":\"PropertyValueSpecification\",\"valueRequired\":true,\"valueName\":\"search_term_string\"}}],\"inLanguage\":\"tr\"},{\"@type\":\"Organization\",\"@id\":\"https:\\\/\\\/gradido.net\\\/de\\\/#organization\",\"name\":\"Gradido\",\"url\":\"https:\\\/\\\/gradido.net\\\/de\\\/\",\"logo\":{\"@type\":\"ImageObject\",\"inLanguage\":\"tr\",\"@id\":\"https:\\\/\\\/gradido.net\\\/de\\\/#\\\/schema\\\/logo\\\/image\\\/\",\"url\":\"https:\\\/\\\/gradido.net\\\/wp-content\\\/uploads\\\/2022\\\/04\\\/gradido-social.jpg\",\"contentUrl\":\"https:\\\/\\\/gradido.net\\\/wp-content\\\/uploads\\\/2022\\\/04\\\/gradido-social.jpg\",\"width\":527,\"height\":273,\"caption\":\"Gradido\"},\"image\":{\"@id\":\"https:\\\/\\\/gradido.net\\\/de\\\/#\\\/schema\\\/logo\\\/image\\\/\"}}]}<\/script>\n<!-- \/ Yoast SEO plugin. -->","yoast_head_json":{"title":"Gradido, Filipinler i\u00e7in potansiyeller ve zorluklar - Gradido","description":"Hareketin bir par\u00e7as\u0131 olun! Birlikte Gradido'yu d\u00fcnyaya getiriyoruz.","robots":{"index":"index","follow":"follow","max-snippet":"max-snippet:-1","max-image-preview":"max-image-preview:large","max-video-preview":"max-video-preview:-1"},"canonical":"https:\/\/gradido.net\/tr\/countries\/philippines\/potential-and-challenges\/","og_locale":"tr_TR","og_type":"article","og_title":"Potenziale und Herausforderungen f\u00fcr Gradido, Philippinen - Gradido","og_description":"Sei Teil der Bewegung!Gemeinsam bringen wir Gradido in die Welt.","og_url":"https:\/\/gradido.net\/tr\/countries\/philippines\/potential-and-challenges\/","og_site_name":"Gradido","article_modified_time":"2025-10-04T10:01:48+00:00","og_image":[{"width":2560,"height":790,"url":"https:\/\/gradido.net\/wp-content\/uploads\/2025\/07\/AdobeStock_3210827871-scaled.jpeg","type":"image\/jpeg"}],"twitter_card":"summary_large_image","twitter_misc":{"Tahmini okuma s\u00fcresi":"8 dakika"},"schema":{"@context":"https:\/\/schema.org","@graph":[{"@type":"WebPage","@id":"https:\/\/gradido.net\/countries\/philippines\/potential-and-challenges\/","url":"https:\/\/gradido.net\/countries\/philippines\/potential-and-challenges\/","name":"Gradido, Filipinler i\u00e7in potansiyeller ve zorluklar - Gradido","isPartOf":{"@id":"https:\/\/gradido.net\/de\/#website"},"primaryImageOfPage":{"@id":"https:\/\/gradido.net\/countries\/philippines\/potential-and-challenges\/#primaryimage"},"image":{"@id":"https:\/\/gradido.net\/countries\/philippines\/potential-and-challenges\/#primaryimage"},"thumbnailUrl":"https:\/\/gradido.net\/wp-content\/uploads\/2025\/07\/AdobeStock_3210827871-scaled.jpeg","datePublished":"2025-07-28T08:02:10+00:00","dateModified":"2025-10-04T10:01:48+00:00","description":"Hareketin bir par\u00e7as\u0131 olun! Birlikte Gradido'yu d\u00fcnyaya getiriyoruz.","breadcrumb":{"@id":"https:\/\/gradido.net\/countries\/philippines\/potential-and-challenges\/#breadcrumb"},"inLanguage":"tr","potentialAction":[{"@type":"ReadAction","target":["https:\/\/gradido.net\/countries\/philippines\/potential-and-challenges\/"]}]},{"@type":"ImageObject","inLanguage":"tr","@id":"https:\/\/gradido.net\/countries\/philippines\/potential-and-challenges\/#primaryimage","url":"https:\/\/gradido.net\/wp-content\/uploads\/2025\/07\/AdobeStock_3210827871-scaled.jpeg","contentUrl":"https:\/\/gradido.net\/wp-content\/uploads\/2025\/07\/AdobeStock_3210827871-scaled.jpeg","width":2560,"height":790,"caption":"world globe planet earth 3d-illustration. elements of this image furnished by NASA"},{"@type":"BreadcrumbList","@id":"https:\/\/gradido.net\/countries\/philippines\/potential-and-challenges\/#breadcrumb","itemListElement":[{"@type":"ListItem","position":1,"name":"Startseite","item":"https:\/\/gradido.net\/"},{"@type":"ListItem","position":2,"name":"L\u00e4nderforschung","item":"https:\/\/gradido.net\/countries\/"},{"@type":"ListItem","position":3,"name":"Philppinen","item":"https:\/\/gradido.net\/countries\/philippines\/"},{"@type":"ListItem","position":4,"name":"Potenziale und Herausforderungen f\u00fcr Gradido, Philippinen"}]},{"@type":"WebSite","@id":"https:\/\/gradido.net\/de\/#website","url":"https:\/\/gradido.net\/de\/","name":"Gradido","description":"Yeni para birimi minnettarl\u0131k","publisher":{"@id":"https:\/\/gradido.net\/de\/#organization"},"potentialAction":[{"@type":"SearchAction","target":{"@type":"EntryPoint","urlTemplate":"https:\/\/gradido.net\/de\/?s={search_term_string}"},"query-input":{"@type":"PropertyValueSpecification","valueRequired":true,"valueName":"search_term_string"}}],"inLanguage":"tr"},{"@type":"Organization","@id":"https:\/\/gradido.net\/de\/#organization","name":"Gradido","url":"https:\/\/gradido.net\/de\/","logo":{"@type":"ImageObject","inLanguage":"tr","@id":"https:\/\/gradido.net\/de\/#\/schema\/logo\/image\/","url":"https:\/\/gradido.net\/wp-content\/uploads\/2022\/04\/gradido-social.jpg","contentUrl":"https:\/\/gradido.net\/wp-content\/uploads\/2022\/04\/gradido-social.jpg","width":527,"height":273,"caption":"Gradido"},"image":{"@id":"https:\/\/gradido.net\/de\/#\/schema\/logo\/image\/"}}]}},"_links":{"self":[{"href":"https:\/\/gradido.net\/tr\/wp-json\/wp\/v2\/pages\/10660","targetHints":{"allow":["GET"]}}],"collection":[{"href":"https:\/\/gradido.net\/tr\/wp-json\/wp\/v2\/pages"}],"about":[{"href":"https:\/\/gradido.net\/tr\/wp-json\/wp\/v2\/types\/page"}],"author":[{"embeddable":true,"href":"https:\/\/gradido.net\/tr\/wp-json\/wp\/v2\/users\/2"}],"replies":[{"embeddable":true,"href":"https:\/\/gradido.net\/tr\/wp-json\/wp\/v2\/comments?post=10660"}],"version-history":[{"count":16,"href":"https:\/\/gradido.net\/tr\/wp-json\/wp\/v2\/pages\/10660\/revisions"}],"predecessor-version":[{"id":11989,"href":"https:\/\/gradido.net\/tr\/wp-json\/wp\/v2\/pages\/10660\/revisions\/11989"}],"up":[{"embeddable":true,"href":"https:\/\/gradido.net\/tr\/wp-json\/wp\/v2\/pages\/10540"}],"wp:featuredmedia":[{"embeddable":true,"href":"https:\/\/gradido.net\/tr\/wp-json\/wp\/v2\/media\/10458"}],"wp:attachment":[{"href":"https:\/\/gradido.net\/tr\/wp-json\/wp\/v2\/media?parent=10660"}],"curies":[{"name":"wp","href":"https:\/\/api.w.org\/{rel}","templated":true}]}}