{"id":10673,"date":"2025-07-28T10:12:11","date_gmt":"2025-07-28T08:12:11","guid":{"rendered":"https:\/\/gradido.net\/?page_id=10673"},"modified":"2025-10-04T12:02:43","modified_gmt":"2025-10-04T10:02:43","slug":"international-cooperation","status":"publish","type":"page","link":"https:\/\/gradido.net\/tr\/countries\/philippines\/international-cooperation\/","title":{"rendered":"Uluslararas\u0131 \u0130\u015fbirlikleri, Filipinler"},"content":{"rendered":"<div data-elementor-type=\"wp-page\" data-elementor-id=\"10673\" class=\"elementor elementor-10673\" data-elementor-post-type=\"page\">\n\t\t\t\t\t\t<section class=\"elementor-section elementor-top-section elementor-element elementor-element-4ce3e8af elementor-section-full_width elementor-section-height-default elementor-section-height-default\" data-id=\"4ce3e8af\" data-element_type=\"section\" data-e-type=\"section\">\n\t\t\t\t\t\t<div class=\"elementor-container elementor-column-gap-no\">\n\t\t\t\t\t<div class=\"elementor-column elementor-col-100 elementor-top-column elementor-element elementor-element-efa8c8c\" data-id=\"efa8c8c\" data-element_type=\"column\" data-e-type=\"column\">\n\t\t\t<div class=\"elementor-widget-wrap elementor-element-populated\">\n\t\t\t\t\t\t<div class=\"elementor-element elementor-element-e088aa4 elementor--h-position-center elementor--v-position-middle elementor-arrows-position-inside elementor-widget elementor-widget-slides\" data-id=\"e088aa4\" data-element_type=\"widget\" data-e-type=\"widget\" data-settings=\"{&quot;navigation&quot;:&quot;arrows&quot;,&quot;autoplay&quot;:&quot;yes&quot;,&quot;pause_on_hover&quot;:&quot;yes&quot;,&quot;pause_on_interaction&quot;:&quot;yes&quot;,&quot;autoplay_speed&quot;:5000,&quot;infinite&quot;:&quot;yes&quot;,&quot;transition&quot;:&quot;slide&quot;,&quot;transition_speed&quot;:500}\" data-widget_type=\"slides.default\">\n\t\t\t\t<div class=\"elementor-widget-container\">\n\t\t\t\t\t\t\t\t\t<div class=\"elementor-swiper\">\n\t\t\t\t\t<div class=\"elementor-slides-wrapper elementor-main-swiper swiper\" role=\"region\" aria-roledescription=\"carousel\" aria-label=\"Kayd\u0131r\u0131c\u0131\" dir=\"ltr\" data-animation=\"fadeInUp\">\n\t\t\t\t<div class=\"swiper-wrapper elementor-slides\">\n\t\t\t\t\t\t\t\t\t\t<div class=\"elementor-repeater-item-2de4990 swiper-slide\" role=\"group\" aria-roledescription=\"slide\"><div class=\"swiper-slide-bg\" role=\"img\" aria-label=\"manila-4503501_1280\"><\/div><div class=\"swiper-slide-inner\" ><div class=\"swiper-slide-contents\"><\/div><\/div><\/div><div class=\"elementor-repeater-item-28f126e swiper-slide\" role=\"group\" aria-roledescription=\"slide\"><div class=\"swiper-slide-bg\" role=\"img\" aria-label=\"philippines-4951855_1280\"><\/div><div class=\"swiper-slide-inner\" ><div class=\"swiper-slide-contents\"><\/div><\/div><\/div><div class=\"elementor-repeater-item-992da35 swiper-slide\" role=\"group\" aria-roledescription=\"slide\"><div class=\"swiper-slide-bg\" role=\"img\" aria-label=\"manila-2256322_1280\"><\/div><div class=\"swiper-slide-inner\" ><div class=\"swiper-slide-contents\"><\/div><\/div><\/div>\t\t\t\t<\/div>\n\t\t\t\t\t\t\t\t\t\t\t\t\t\t\t<div class=\"elementor-swiper-button elementor-swiper-button-prev\" role=\"button\" tabindex=\"0\" aria-label=\"\u041f\u0440\u0435\u0434\u0438\u0448\u0435\u043d \u0441\u043b\u0430\u0439\u0434\" data-no-translation-aria-label=\"\">\n\t\t\t\t\t\t\t<i aria-hidden=\"true\" class=\"eicon-chevron-left\"><\/i>\t\t\t\t\t\t<\/div>\n\t\t\t\t\t\t<div class=\"elementor-swiper-button elementor-swiper-button-next\" role=\"button\" tabindex=\"0\" aria-label=\"\u0421\u043b\u0435\u0434\u0432\u0430\u0449 \u0441\u043b\u0430\u0439\u0434\" data-no-translation-aria-label=\"\">\n\t\t\t\t\t\t\t<i aria-hidden=\"true\" class=\"eicon-chevron-right\"><\/i>\t\t\t\t\t\t<\/div>\n\t\t\t\t\t\t\t\t\t\t\t\t\t\t\t\t\t<\/div>\n\t\t\t\t<\/div>\n\t\t\t\t\t\t\t\t<\/div>\n\t\t\t\t<\/div>\n\t\t\t\t\t<\/div>\n\t\t<\/div>\n\t\t\t\t\t<\/div>\n\t\t<\/section>\n\t\t\t\t<section class=\"elementor-section elementor-top-section elementor-element elementor-element-240baa7a elementor-section-boxed elementor-section-height-default elementor-section-height-default\" data-id=\"240baa7a\" data-element_type=\"section\" data-e-type=\"section\" data-settings=\"{&quot;background_background&quot;:&quot;classic&quot;}\">\n\t\t\t\t\t\t<div class=\"elementor-container elementor-column-gap-default\">\n\t\t\t\t\t<div class=\"elementor-column elementor-col-100 elementor-top-column elementor-element elementor-element-1afe9e42\" data-id=\"1afe9e42\" data-element_type=\"column\" data-e-type=\"column\">\n\t\t\t<div class=\"elementor-widget-wrap elementor-element-populated\">\n\t\t\t\t\t\t<div class=\"elementor-element elementor-element-65bd50ae elementor-widget elementor-widget-heading\" data-id=\"65bd50ae\" data-element_type=\"widget\" data-e-type=\"widget\" data-widget_type=\"heading.default\">\n\t\t\t\t<div class=\"elementor-widget-container\">\n\t\t\t\t\t<h1 class=\"elementor-heading-title elementor-size-default\">Uluslararas\u0131 i\u015fbirli\u011fi, STK'lar ve h\u00fck\u00fcmet kalk\u0131nma projeleri<\/h1>\t\t\t\t<\/div>\n\t\t\t\t<\/div>\n\t\t\t\t\t<\/div>\n\t\t<\/div>\n\t\t\t\t\t<\/div>\n\t\t<\/section>\n\t\t\t\t<section class=\"elementor-section elementor-top-section elementor-element elementor-element-446540f elementor-section-boxed elementor-section-height-default elementor-section-height-default\" data-id=\"446540f\" data-element_type=\"section\" data-e-type=\"section\">\n\t\t\t\t\t\t<div class=\"elementor-container elementor-column-gap-default\">\n\t\t\t\t\t<div class=\"elementor-column elementor-col-100 elementor-top-column elementor-element elementor-element-312a2d3\" data-id=\"312a2d3\" data-element_type=\"column\" data-e-type=\"column\">\n\t\t\t<div class=\"elementor-widget-wrap elementor-element-populated\">\n\t\t\t\t\t\t<div class=\"elementor-element elementor-element-acb3f93 elementor-nav-menu--dropdown-tablet elementor-nav-menu__text-align-aside elementor-nav-menu--toggle elementor-nav-menu--burger elementor-widget elementor-widget-nav-menu\" data-id=\"acb3f93\" data-element_type=\"widget\" data-e-type=\"widget\" data-settings=\"{&quot;layout&quot;:&quot;horizontal&quot;,&quot;submenu_icon&quot;:{&quot;value&quot;:&quot;&lt;i class=\\&quot;fas fa-caret-down\\&quot; aria-hidden=\\&quot;true\\&quot;&gt;&lt;\\\/i&gt;&quot;,&quot;library&quot;:&quot;fa-solid&quot;},&quot;toggle&quot;:&quot;burger&quot;}\" data-widget_type=\"nav-menu.default\">\n\t\t\t\t<div class=\"elementor-widget-container\">\n\t\t\t\t\t\t\t\t<nav aria-label=\"\u00dclke ara\u015ft\u0131rmas\u0131\" class=\"elementor-nav-menu--main elementor-nav-menu__container elementor-nav-menu--layout-horizontal e--pointer-underline e--animation-grow\">\n\t\t\t\t<ul id=\"menu-1-acb3f93\" class=\"elementor-nav-menu\"><li class=\"menu-item menu-item-type-custom menu-item-object-custom menu-item-has-children menu-item-12305\"><a class=\"elementor-item\">Afrika<\/a>\n<ul class=\"sub-menu elementor-nav-menu--dropdown\">\n\t<li class=\"menu-item menu-item-type-post_type menu-item-object-page menu-item-12253\"><a href=\"https:\/\/gradido.net\/tr\/countries\/afrika\/\" class=\"elementor-sub-item\">Afrika, t\u00fcm k\u0131ta<\/a><\/li>\n\t<li class=\"menu-item menu-item-type-post_type menu-item-object-page menu-item-13097\"><a href=\"https:\/\/gradido.net\/tr\/countries\/afrika\/dr-congo\/\" class=\"elementor-sub-item\">Demokratik Kongo Cumhuriyeti<\/a><\/li>\n\t<li class=\"menu-item menu-item-type-post_type menu-item-object-page menu-item-12414\"><a href=\"https:\/\/gradido.net\/tr\/countries\/afrika\/kenya\/\" class=\"elementor-sub-item\">Kenya<\/a><\/li>\n\t<li class=\"menu-item menu-item-type-post_type menu-item-object-page menu-item-12737\"><a href=\"https:\/\/gradido.net\/tr\/countries\/afrika\/madagascar\/\" class=\"elementor-sub-item\">Madagaskar<\/a><\/li>\n\t<li class=\"menu-item menu-item-type-post_type menu-item-object-page menu-item-12148\"><a href=\"https:\/\/gradido.net\/tr\/countries\/afrika\/namibia\/\" class=\"elementor-sub-item\">Namibya<\/a><\/li>\n\t<li class=\"menu-item menu-item-type-post_type menu-item-object-page menu-item-12839\"><a href=\"https:\/\/gradido.net\/tr\/countries\/afrika\/rwanda\/\" class=\"elementor-sub-item\">Ruanda<\/a><\/li>\n<\/ul>\n<\/li>\n<li class=\"menu-item menu-item-type-custom menu-item-object-custom menu-item-has-children menu-item-11798\"><a class=\"elementor-item\">Amerika<\/a>\n<ul class=\"sub-menu elementor-nav-menu--dropdown\">\n\t<li class=\"menu-item menu-item-type-post_type menu-item-object-page menu-item-12463\"><a href=\"https:\/\/gradido.net\/tr\/countries\/usa\/\" class=\"elementor-sub-item\">ABD<\/a><\/li>\n\t<li class=\"menu-item menu-item-type-post_type menu-item-object-page menu-item-11791\"><a href=\"https:\/\/gradido.net\/tr\/countries\/mexico\/\" class=\"elementor-sub-item\">Meksika<\/a><\/li>\n<\/ul>\n<\/li>\n<li class=\"menu-item menu-item-type-custom menu-item-object-custom menu-item-has-children menu-item-11800\"><a class=\"elementor-item\">Asya<\/a>\n<ul class=\"sub-menu elementor-nav-menu--dropdown\">\n\t<li class=\"menu-item menu-item-type-post_type menu-item-object-page menu-item-11794\"><a href=\"https:\/\/gradido.net\/tr\/countries\/maledives\/\" class=\"elementor-sub-item\">Maldivler<\/a><\/li>\n\t<li class=\"menu-item menu-item-type-post_type menu-item-object-page menu-item-11790\"><a href=\"https:\/\/gradido.net\/tr\/countries\/philippines\/\" class=\"elementor-sub-item\">Philppines<\/a><\/li>\n\t<li class=\"menu-item menu-item-type-post_type menu-item-object-page menu-item-11802\"><a href=\"https:\/\/gradido.net\/tr\/countries\/saudi-arabia\/\" class=\"elementor-sub-item\">Suudi Arabistan<\/a><\/li>\n<\/ul>\n<\/li>\n<li class=\"menu-item menu-item-type-custom menu-item-object-custom menu-item-has-children menu-item-11797\"><a class=\"elementor-item\">Avrupa<\/a>\n<ul class=\"sub-menu elementor-nav-menu--dropdown\">\n\t<li class=\"menu-item menu-item-type-post_type menu-item-object-page menu-item-11805\"><a href=\"https:\/\/gradido.net\/tr\/countries\/germany\/\" class=\"elementor-sub-item\">Almanya<\/a><\/li>\n\t<li class=\"menu-item menu-item-type-post_type menu-item-object-page menu-item-11803\"><a href=\"https:\/\/gradido.net\/tr\/countries\/greece\/\" class=\"elementor-sub-item\">Yunanistan<\/a><\/li>\n\t<li class=\"menu-item menu-item-type-post_type menu-item-object-page menu-item-11788\"><a href=\"https:\/\/gradido.net\/tr\/countries\/spain\/\" class=\"elementor-sub-item\">\u0130spanya<\/a><\/li>\n<\/ul>\n<\/li>\n<li class=\"menu-item menu-item-type-custom menu-item-object-custom menu-item-has-children menu-item-11801\"><a class=\"elementor-item\">Okyanusya<\/a>\n<ul class=\"sub-menu elementor-nav-menu--dropdown\">\n\t<li class=\"menu-item menu-item-type-post_type menu-item-object-page menu-item-11793\"><a href=\"https:\/\/gradido.net\/tr\/countries\/marshall-islands\/\" class=\"elementor-sub-item\">Marshall Adalar\u0131<\/a><\/li>\n\t<li class=\"menu-item menu-item-type-post_type menu-item-object-page menu-item-11795\"><a href=\"https:\/\/gradido.net\/tr\/countries\/tahiti\/\" class=\"elementor-sub-item\">Tahiti<\/a><\/li>\n<\/ul>\n<\/li>\n<\/ul>\t\t\t<\/nav>\n\t\t\t\t\t<div class=\"elementor-menu-toggle\" role=\"button\" tabindex=\"0\" aria-label=\"Men\u00fc De\u011fi\u015ftirme\" aria-expanded=\"false\">\n\t\t\t<i aria-hidden=\"true\" role=\"presentation\" class=\"elementor-menu-toggle__icon--open eicon-menu-bar\"><\/i><i aria-hidden=\"true\" role=\"presentation\" class=\"elementor-menu-toggle__icon--close eicon-close\"><\/i>\t\t<\/div>\n\t\t\t\t\t<nav class=\"elementor-nav-menu--dropdown elementor-nav-menu__container\" aria-hidden=\"true\">\n\t\t\t\t<ul id=\"menu-2-acb3f93\" class=\"elementor-nav-menu\"><li class=\"menu-item menu-item-type-custom menu-item-object-custom menu-item-has-children menu-item-12305\"><a class=\"elementor-item\" tabindex=\"-1\">Afrika<\/a>\n<ul class=\"sub-menu elementor-nav-menu--dropdown\">\n\t<li class=\"menu-item menu-item-type-post_type menu-item-object-page menu-item-12253\"><a href=\"https:\/\/gradido.net\/tr\/countries\/afrika\/\" class=\"elementor-sub-item\" tabindex=\"-1\">Afrika, t\u00fcm k\u0131ta<\/a><\/li>\n\t<li class=\"menu-item menu-item-type-post_type menu-item-object-page menu-item-13097\"><a href=\"https:\/\/gradido.net\/tr\/countries\/afrika\/dr-congo\/\" class=\"elementor-sub-item\" tabindex=\"-1\">Demokratik Kongo Cumhuriyeti<\/a><\/li>\n\t<li class=\"menu-item menu-item-type-post_type menu-item-object-page menu-item-12414\"><a href=\"https:\/\/gradido.net\/tr\/countries\/afrika\/kenya\/\" class=\"elementor-sub-item\" tabindex=\"-1\">Kenya<\/a><\/li>\n\t<li class=\"menu-item menu-item-type-post_type menu-item-object-page menu-item-12737\"><a href=\"https:\/\/gradido.net\/tr\/countries\/afrika\/madagascar\/\" class=\"elementor-sub-item\" tabindex=\"-1\">Madagaskar<\/a><\/li>\n\t<li class=\"menu-item menu-item-type-post_type menu-item-object-page menu-item-12148\"><a href=\"https:\/\/gradido.net\/tr\/countries\/afrika\/namibia\/\" class=\"elementor-sub-item\" tabindex=\"-1\">Namibya<\/a><\/li>\n\t<li class=\"menu-item menu-item-type-post_type menu-item-object-page menu-item-12839\"><a href=\"https:\/\/gradido.net\/tr\/countries\/afrika\/rwanda\/\" class=\"elementor-sub-item\" tabindex=\"-1\">Ruanda<\/a><\/li>\n<\/ul>\n<\/li>\n<li class=\"menu-item menu-item-type-custom menu-item-object-custom menu-item-has-children menu-item-11798\"><a class=\"elementor-item\" tabindex=\"-1\">Amerika<\/a>\n<ul class=\"sub-menu elementor-nav-menu--dropdown\">\n\t<li class=\"menu-item menu-item-type-post_type menu-item-object-page menu-item-12463\"><a href=\"https:\/\/gradido.net\/tr\/countries\/usa\/\" class=\"elementor-sub-item\" tabindex=\"-1\">ABD<\/a><\/li>\n\t<li class=\"menu-item menu-item-type-post_type menu-item-object-page menu-item-11791\"><a href=\"https:\/\/gradido.net\/tr\/countries\/mexico\/\" class=\"elementor-sub-item\" tabindex=\"-1\">Meksika<\/a><\/li>\n<\/ul>\n<\/li>\n<li class=\"menu-item menu-item-type-custom menu-item-object-custom menu-item-has-children menu-item-11800\"><a class=\"elementor-item\" tabindex=\"-1\">Asya<\/a>\n<ul class=\"sub-menu elementor-nav-menu--dropdown\">\n\t<li class=\"menu-item menu-item-type-post_type menu-item-object-page menu-item-11794\"><a href=\"https:\/\/gradido.net\/tr\/countries\/maledives\/\" class=\"elementor-sub-item\" tabindex=\"-1\">Maldivler<\/a><\/li>\n\t<li class=\"menu-item menu-item-type-post_type menu-item-object-page menu-item-11790\"><a href=\"https:\/\/gradido.net\/tr\/countries\/philippines\/\" class=\"elementor-sub-item\" tabindex=\"-1\">Philppines<\/a><\/li>\n\t<li class=\"menu-item menu-item-type-post_type menu-item-object-page menu-item-11802\"><a href=\"https:\/\/gradido.net\/tr\/countries\/saudi-arabia\/\" class=\"elementor-sub-item\" tabindex=\"-1\">Suudi Arabistan<\/a><\/li>\n<\/ul>\n<\/li>\n<li class=\"menu-item menu-item-type-custom menu-item-object-custom menu-item-has-children menu-item-11797\"><a class=\"elementor-item\" tabindex=\"-1\">Avrupa<\/a>\n<ul class=\"sub-menu elementor-nav-menu--dropdown\">\n\t<li class=\"menu-item menu-item-type-post_type menu-item-object-page menu-item-11805\"><a href=\"https:\/\/gradido.net\/tr\/countries\/germany\/\" class=\"elementor-sub-item\" tabindex=\"-1\">Almanya<\/a><\/li>\n\t<li class=\"menu-item menu-item-type-post_type menu-item-object-page menu-item-11803\"><a href=\"https:\/\/gradido.net\/tr\/countries\/greece\/\" class=\"elementor-sub-item\" tabindex=\"-1\">Yunanistan<\/a><\/li>\n\t<li class=\"menu-item menu-item-type-post_type menu-item-object-page menu-item-11788\"><a href=\"https:\/\/gradido.net\/tr\/countries\/spain\/\" class=\"elementor-sub-item\" tabindex=\"-1\">\u0130spanya<\/a><\/li>\n<\/ul>\n<\/li>\n<li class=\"menu-item menu-item-type-custom menu-item-object-custom menu-item-has-children menu-item-11801\"><a class=\"elementor-item\" tabindex=\"-1\">Okyanusya<\/a>\n<ul class=\"sub-menu elementor-nav-menu--dropdown\">\n\t<li class=\"menu-item menu-item-type-post_type menu-item-object-page menu-item-11793\"><a href=\"https:\/\/gradido.net\/tr\/countries\/marshall-islands\/\" class=\"elementor-sub-item\" tabindex=\"-1\">Marshall Adalar\u0131<\/a><\/li>\n\t<li class=\"menu-item menu-item-type-post_type menu-item-object-page menu-item-11795\"><a href=\"https:\/\/gradido.net\/tr\/countries\/tahiti\/\" class=\"elementor-sub-item\" tabindex=\"-1\">Tahiti<\/a><\/li>\n<\/ul>\n<\/li>\n<\/ul>\t\t\t<\/nav>\n\t\t\t\t\t\t<\/div>\n\t\t\t\t<\/div>\n\t\t\t\t<div class=\"elementor-element elementor-element-30feb28 elementor-widget elementor-widget-breadcrumbs\" data-id=\"30feb28\" data-element_type=\"widget\" data-e-type=\"widget\" data-widget_type=\"breadcrumbs.default\">\n\t\t\t\t<div class=\"elementor-widget-container\">\n\t\t\t\t\t<p id=\"breadcrumbs\"><span><span><a href=\"https:\/\/gradido.net\/tr\/\">Anasayfa<\/a><\/span><\/span><\/p>\t\t\t\t<\/div>\n\t\t\t\t<\/div>\n\t\t\t\t<div class=\"elementor-element elementor-element-a9db9a5 elementor-widget elementor-widget-text-editor\" data-id=\"a9db9a5\" data-element_type=\"widget\" data-e-type=\"widget\" data-widget_type=\"text-editor.default\">\n\t\t\t\t<div class=\"elementor-widget-container\">\n\t\t\t\t\t\t\t\t\t<h3 style=\"text-align: center;\"><a href=\"https:\/\/gradido.net\/tr\/countries\/philippines\/\"><strong>Ana sayfa: Filipinler<\/strong><\/a><\/h3><p style=\"text-align: center;\"><a href=\"https:\/\/gradido.net\/tr\/countries\/philippines\/economy-and-society\/\">1. ekonomi ve toplum<\/a><br \/><a href=\"https:\/\/gradido.net\/tr\/countries\/philippines\/income-and-standard-of-living\/\">2 Gelir ve ya\u015fam standard\u0131<\/a><br \/><a href=\"https:\/\/gradido.net\/tr\/countries\/philippines\/labor-migration-and-foreign-employment\/\">3 \u0130\u015fg\u00fcc\u00fc g\u00f6\u00e7\u00fc ve yurtd\u0131\u015f\u0131nda istihdam<\/a><br \/><a href=\"https:\/\/gradido.net\/tr\/countries\/philippines\/poverty-and-social-inequality\/\">4 Yoksulluk ve sosyal e\u015fitsizlik<\/a><br \/><a href=\"https:\/\/gradido.net\/tr\/countries\/philippines\/common-good-and-solidarity\/\">5 Kamu yarar\u0131 ve dayan\u0131\u015fma<\/a><br \/><a href=\"https:\/\/gradido.net\/tr\/countries\/philippines\/educational-situation\/\">6 Dezavantajl\u0131 \u00e7ocuklar\u0131n e\u011fitim durumu<\/a><br \/><a href=\"https:\/\/gradido.net\/tr\/countries\/philippines\/health-and-retirement-provision\/\">7 Sa\u011fl\u0131k, sosyal g\u00fcvenlik ve emeklilik h\u00fck\u00fcmleri<\/a><br \/><a href=\"https:\/\/gradido.net\/tr\/countries\/philippines\/care-work-and-commitment\/\">8 Bak\u0131m \u00e7al\u0131\u015fmalar\u0131n\u0131n ve ba\u011fl\u0131l\u0131\u011f\u0131n takdir edilmesi<\/a><br \/><a href=\"https:\/\/gradido.net\/tr\/countries\/philippines\/digitization-and-alternative-models\/\">9. i\u0307novasyon, di\u0307ji\u0307talle\u015fme ve alternati\u0307f ekonomi\u0307k modeller<\/a><br \/><a href=\"https:\/\/gradido.net\/tr\/countries\/philippines\/community-based-economy-and-parallel-currencies\/\">10.toplum temelli\u0307 ekonomi\u0307 ve paralel para bi\u0307ri\u0307mleri\u0307<\/a><br \/><a href=\"https:\/\/gradido.net\/tr\/countries\/philippines\/potential-and-challenges\/\">11 Gradido i\u00e7in potansiyel ve zorluklar<\/a><br \/><strong>12. uluslararas\u0131 i\u015fbirli\u011fi, STK'lar ve h\u00fck\u00fcmet kalk\u0131nma projeleri<\/strong><\/p>\t\t\t\t\t\t\t\t<\/div>\n\t\t\t\t<\/div>\n\t\t\t\t<div class=\"elementor-element elementor-element-d7bb196 elementor-widget-divider--view-line elementor-widget elementor-widget-divider\" data-id=\"d7bb196\" data-element_type=\"widget\" data-e-type=\"widget\" data-widget_type=\"divider.default\">\n\t\t\t\t<div class=\"elementor-widget-container\">\n\t\t\t\t\t\t\t<div class=\"elementor-divider\">\n\t\t\t<span class=\"elementor-divider-separator\">\n\t\t\t\t\t\t<\/span>\n\t\t<\/div>\n\t\t\t\t\t\t<\/div>\n\t\t\t\t<\/div>\n\t\t\t\t<div class=\"elementor-element elementor-element-146ff9d elementor-widget elementor-widget-text-editor\" data-id=\"146ff9d\" data-element_type=\"widget\" data-e-type=\"widget\" data-widget_type=\"text-editor.default\">\n\t\t\t\t<div class=\"elementor-widget-container\">\n\t\t\t\t\t\t\t\t\t<div class=\"wiki-page-header-wrapper\"><div class=\"wiki-page-header-wrapper\"><div class=\"wiki-page-header-wrapper\"><div class=\"wiki-page-header-wrapper\"><div class=\"wiki-page-header-wrapper\"><div class=\"wiki-page-header-wrapper\"><div class=\"wiki-page-header-wrapper\"><div class=\"wiki-page-header-wrapper\"><div class=\"wiki-page-header-wrapper\"><h1 id=\"rolle-internationaler-kooperationen%2C-ngos-und-staatlicher-entwicklungsprojekte-auf-den-philippinen\" tabindex=\"-1\">Filipinler'de uluslararas\u0131 i\u015fbirli\u011finin, STK'lar\u0131n ve h\u00fck\u00fcmet kalk\u0131nma projelerinin rol\u00fc<\/h1><\/div><div class=\"wiki-page-header-wrapper\"><h2 id=\"1.-internationale-kooperationen\" tabindex=\"-1\">1. uluslararas\u0131 i\u015fbirlikleri<\/h2><p>Uluslararas\u0131 ortakl\u0131klar Filipinler'in kalk\u0131nmas\u0131nda merkezi bir \u00f6neme sahiptir. \u00dclkeye uzmanl\u0131k, mali kaynaklar ve yenilik\u00e7i yakla\u015f\u0131mlar getirmektedirler.<\/p><ul><li><strong>\u0130klim koruma ve \u00e7evre<\/strong>Deutsche Gesellschaft f\u00fcr Internationale Zusammenarbeit (GIZ) gibi uluslararas\u0131 kurulu\u015flar iklim de\u011fi\u015fikli\u011fine uyum, s\u00fcrd\u00fcr\u00fclebilir kaynak y\u00f6netimi ve afet riskinin azalt\u0131lmas\u0131na y\u00f6nelik projeleri desteklemektedir. Arazi kullan\u0131m planlamas\u0131n\u0131n iyile\u015ftirilmesi, do\u011fal kaynaklar\u0131n korunmas\u0131 ve yenilenebilir enerjilerin te\u015fvik edilmesi \u00fczerinde durulmaktad\u0131r<a href=\"https:\/\/www.deval.org\/de\/evaluierungen\/laufende-und-abgeschlossene-evaluierungen\/umwelt-und-laendliche-entwicklung-auf-den-philippinen\" target=\"_blank\" rel=\"noopener noreferrer nofollow\">^1<\/a><a href=\"https:\/\/www.international-climate-initiative.com\/iki-medien\/publikation\/partner_fuer_eine_nachhaltige_energiezukunft_auf_den_philippinen\/\" target=\"_blank\" rel=\"noopener noreferrer nofollow\">^3<\/a>.<\/li><li><strong>Ekonomik kalk\u0131nma<\/strong>\u0130\u015fbirli\u011fi, tar\u0131m\u0131n modernizasyonunu, uluslararas\u0131 pazarlara eri\u015fimi ve yerel de\u011fer zincirlerinin g\u00fc\u00e7lendirilmesini te\u015fvik etmektedir. Programlar, k\u00fc\u00e7\u00fck \u00e7ift\u00e7ileri s\u00fcrd\u00fcr\u00fclebilir tar\u0131m y\u00f6ntemleri ve i\u015fletme y\u00f6netimi konusunda desteklemektedir<a href=\"https:\/\/www.giz.de\/de\/weltweit\/376.html\" target=\"_blank\" rel=\"noopener noreferrer nofollow\">^1<\/a>.<\/li><li><strong>E\u011fitim ve vas\u0131fl\u0131 i\u015fg\u00fcc\u00fc<\/strong>Kalifiye i\u015fg\u00fcc\u00fc eksikli\u011fini gidermek ve istihdam edilebilirli\u011fi art\u0131rmak i\u00e7in, \u00f6rne\u011fin Almanya ile i\u015fbirli\u011fi i\u00e7inde, \u00e7ok say\u0131da mesleki e\u011fitim projesi y\u00fcr\u00fct\u00fclmektedir<a href=\"https:\/\/www.bibb.de\/de\/49088.php\" target=\"_blank\" rel=\"noopener noreferrer nofollow\">^4<\/a>.<\/li><li><strong>G\u00f6\u00e7 ortakl\u0131klar\u0131<\/strong>\u00d6rne\u011fin Almanya ile yap\u0131lan uluslararas\u0131 anla\u015fmalar, yasal g\u00f6\u00e7\u00fc ve \u00f6zellikle bak\u0131m sekt\u00f6r\u00fcnde vas\u0131fl\u0131 i\u015fg\u00fcc\u00fc de\u011fi\u015fimini kolayla\u015ft\u0131rmaktad\u0131r<a href=\"https:\/\/www.bmi.bund.de\/DE\/themen\/migration\/migrationsabkommen\/philippinen\/philippinen-node.html\" target=\"_blank\" rel=\"noopener noreferrer nofollow\">^6<\/a>.<\/li><\/ul><\/div><div class=\"wiki-page-header-wrapper\"><h2 id=\"2.-ngos-(nichtregierungsorganisationen)\" tabindex=\"-1\">2. STK'lar (sivil toplum kurulu\u015flar\u0131)<\/h2><p>STK'lar halk, devlet ve uluslararas\u0131 akt\u00f6rler aras\u0131nda merkezi bir ba\u011flant\u0131d\u0131r. \u00c7ok say\u0131da alanda \u00e7al\u0131\u015fmaktad\u0131rlar:<\/p><ul><li><strong>Afet yard\u0131m\u0131 ve dayan\u0131kl\u0131l\u0131k<\/strong>Do\u011fal afetlerin ard\u0131ndan STK'lar h\u0131zl\u0131 yard\u0131m sa\u011flar, yeniden yap\u0131lanmay\u0131 te\u015fvik eder ve topluluklar\u0131n dayan\u0131kl\u0131l\u0131\u011f\u0131n\u0131 g\u00fc\u00e7lendirir. Marjinal gruplar\u0131 da i\u00e7eren kapsay\u0131c\u0131 yakla\u015f\u0131mlara g\u00fcvenirler<a href=\"https:\/\/www.worldvision.de\/informieren\/unsere-projekte\/philippinen\" target=\"_blank\" rel=\"noopener noreferrer nofollow\">^7<\/a>.<\/li><li><strong>\u0130nsan haklar\u0131 ve sosyal adalet<\/strong>Bir\u00e7ok STK toprak haklar\u0131, kad\u0131n haklar\u0131, yerli gruplar\u0131n korunmas\u0131 ve sivil toplumun desteklenmesi konular\u0131nda \u00e7al\u0131\u015fmaktad\u0131r. Yerel topluluklar\u0131 haklar\u0131n\u0131 savunmalar\u0131 konusunda desteklemekte ve hukuki yard\u0131m sa\u011flamaktad\u0131rlar<a href=\"https:\/\/www.missio-hilft.de\/missio\/informieren\/wofuer-wir-uns-einsetzen\/religionsfreiheit-menschenrechte\/menschenrechtsstudien\/mr-studie-064-philippinen.pdf\" target=\"_blank\" rel=\"noopener noreferrer nofollow\">^9<\/a><a href=\"https:\/\/www.medico.de\/projekte\/philippinen\" target=\"_blank\" rel=\"noopener noreferrer nofollow\">^11<\/a>.<\/li><li><strong>Yoksullu\u011fun azalt\u0131lmas\u0131 ve kalk\u0131nma<\/strong>STK'lar, genellikle yerel ortaklar ve uluslararas\u0131 ba\u011f\u0131\u015f\u00e7\u0131larla yak\u0131n i\u015fbirli\u011fi i\u00e7inde s\u00fcrd\u00fcr\u00fclebilir tar\u0131m, e\u011fitim, sa\u011fl\u0131k ve sosyal i\u00e7ermeyi te\u015fvik eder<a href=\"https:\/\/www.worldvision.de\/informieren\/unsere-projekte\/philippinen\" target=\"_blank\" rel=\"noopener noreferrer nofollow\">^9<\/a>.<\/li><li><strong>Zorluklar<\/strong>STK'lar siyasi bask\u0131 alt\u0131ndad\u0131r ve genellikle zor bir ortamda kendilerini g\u00f6stermek zorundad\u0131rlar. \u00c7al\u0131\u015fmalar\u0131 b\u00fcrokratik engeller ve zaman zaman sivil topluma y\u00f6nelik k\u0131s\u0131tlamalar nedeniyle sekteye u\u011framaktad\u0131r<a href=\"https:\/\/www.missio-hilft.de\/missio\/informieren\/wofuer-wir-uns-einsetzen\/religionsfreiheit-menschenrechte\/menschenrechtsstudien\/mr-studie-064-philippinen.pdf\" target=\"_blank\" rel=\"noopener noreferrer nofollow\">^10<\/a>.<\/li><\/ul><\/div><div class=\"wiki-page-header-wrapper\"><h2 id=\"3.-staatliche-entwicklungsprojekte\" tabindex=\"-1\">3. h\u00fck\u00fcmet kalk\u0131nma projeleri<\/h2><p>H\u00fck\u00fcmetin kalk\u0131nma i\u015fbirli\u011fi - genellikle uluslararas\u0131 ba\u011f\u0131\u015f\u00e7\u0131larla ortakla\u015fa - reform ve inovasyon i\u00e7in \u00f6nemli bir itici g\u00fc\u00e7t\u00fcr:<\/p><ul><li><strong>Arazi kullan\u0131m\u0131 ve \u00e7evre y\u00f6netimi<\/strong>\"\u00c7evre ve K\u0131rsal Kalk\u0131nma\" projesi gibi programlar arazi kullan\u0131m planlamas\u0131n\u0131 iyile\u015ftirmekte, s\u00fcrd\u00fcr\u00fclebilir kalk\u0131nmay\u0131 te\u015fvik etmekte ve afet risk y\u00f6netimini g\u00fc\u00e7lendirmektedir. Kat\u0131l\u0131mc\u0131 yakla\u015f\u0131mlara ve yerel y\u00f6netimlerin kat\u0131l\u0131m\u0131na dayan\u0131rlar<a href=\"https:\/\/www.deval.org\/de\/evaluierungen\/laufende-und-abgeschlossene-evaluierungen\/umwelt-und-laendliche-entwicklung-auf-den-philippinen\" target=\"_blank\" rel=\"noopener noreferrer nofollow\">^2<\/a>.<\/li><li><strong>Kamu maliyesinde reform<\/strong>Uluslararas\u0131 kalk\u0131nma projeleri, yolsuzlukla m\u00fccadele etmek ve kaynak da\u011f\u0131l\u0131m\u0131n\u0131 iyile\u015ftirmek amac\u0131yla kamu y\u00f6netiminin ve mali politikan\u0131n modernizasyonunu ve verimlili\u011finin art\u0131r\u0131lmas\u0131n\u0131 destekler<a href=\"https:\/\/www.gtai.de\/de\/trade\/philippinen\/entwicklungsprojekte\/reform-der-oeffentlichen-finanzen-1908302\" target=\"_blank\" rel=\"noopener noreferrer nofollow\">^12<\/a>.<\/li><li><strong>Sosyal altyap\u0131<\/strong>Su, sanitasyon ve hijyen (WASH) projeleri \u00f6zellikle hassas b\u00f6lgelerdeki ya\u015fam ko\u015fullar\u0131n\u0131 iyile\u015ftirmekte ve sosyal kat\u0131l\u0131m\u0131 te\u015fvik etmektedir<a href=\"https:\/\/www.asb.de\/unsere-angebote\/auslandshilfe\/laender\/philippinen\" target=\"_blank\" rel=\"noopener noreferrer nofollow\">^7<\/a>.<\/li><li><strong>E\u011fitim ve \u00fcniversite projeleri<\/strong>\u00dcniversite i\u015fbirli\u011fi ve de\u011fi\u015fim programlar\u0131 \u00fclkenin akademik e\u011fitim, ara\u015ft\u0131rma ve yenilik\u00e7ilik kapasitesini g\u00fc\u00e7lendiriyor<a href=\"https:\/\/static.daad.de\/media\/daad_de\/pdfs_nicht_barrierefrei\/infos-services-fuer-hochschulen\/laendersachstaende\/expertise-zu-themen-laendern-regionen\/philippinen_daad_sachstand.pdf\" target=\"_blank\" rel=\"noopener noreferrer nofollow\">^13<\/a>.<\/li><\/ul><\/div><div class=\"wiki-page-header-wrapper\"><h2 id=\"4.-%C3%BCbersicht%3A-wirkung-und-bedeutung\" tabindex=\"-1\">4. genel baki\u015f: etki\u0307 ve \u00f6nem<\/h2><div class=\"table-responsive\"><table><tbody><tr><th><p>Menzil<\/p><\/th><th><p>\u00d6rnekler ve odak noktalar\u0131<\/p><\/th><th><p>Etki ve zorluklar<\/p><\/th><\/tr><tr><td><p>Uluslararas\u0131 i\u015fbirlikleri<\/p><\/td><td><p>\u0130klim koruma, e\u011fitim, g\u00f6\u00e7, ekonomik kalk\u0131nma<\/p><\/td><td><p>Know-how transferi, finansman, kalifiye i\u015fg\u00fcc\u00fc<\/p><\/td><\/tr><tr><td><p>STK'lar<\/p><\/td><td><p>Afet yard\u0131m\u0131, insan haklar\u0131, yoksullu\u011fun azalt\u0131lmas\u0131, kapsay\u0131c\u0131l\u0131k<\/p><\/td><td><p>Marjinal gruplara ula\u015fma, savunuculuk<\/p><\/td><\/tr><tr><td><p>Devlet kalk\u0131nma projeleri<\/p><\/td><td><p>Arazi kullan\u0131m\u0131, \u00e7evre, y\u00f6netim, sosyal altyap\u0131<\/p><\/td><td><p>Yap\u0131sal reformlar, s\u00fcrd\u00fcr\u00fclebilir kalk\u0131nma<\/p><\/td><\/tr><\/tbody><\/table><\/div><\/div><div class=\"wiki-page-header-wrapper\"><h2 id=\"fazit\" tabindex=\"-1\">Sonu\u00e7<\/h2><p><strong>Uluslararas\u0131 i\u015fbirli\u011fi, STK'lar ve h\u00fck\u00fcmetin kalk\u0131nma projeleri Filipinler'in s\u00fcrd\u00fcr\u00fclebilir kalk\u0131nmas\u0131 i\u00e7in vazge\u00e7ilmezdir.<\/strong> Yoksullukla m\u00fccadeleye, sivil toplumun g\u00fc\u00e7lendirilmesine, ekonomi ve idarenin modernle\u015ftirilmesine ve \u00e7evresel ve iklimsel risklerin \u00fcstesinden gelinmesine \u00f6nemli katk\u0131lar sa\u011flamaktad\u0131rlar. Temel zorluklar koordinasyon, siyasi destek ve ba\u015far\u0131l\u0131 yakla\u015f\u0131mlar\u0131n yerel yap\u0131lara s\u00fcrd\u00fcr\u00fclebilir bir \u015fekilde yerle\u015ftirilmesinde yatmaktad\u0131r<a href=\"https:\/\/www.deval.org\/de\/evaluierungen\/laufende-und-abgeschlossene-evaluierungen\/umwelt-und-laendliche-entwicklung-auf-den-philippinen\" target=\"_blank\" rel=\"noopener noreferrer nofollow\">^1<\/a><a href=\"https:\/\/www.awointernational.de\/unsere-arbeit\/laender-und-regionen\/suedostasien\/philippinen\" target=\"_blank\" rel=\"noopener noreferrer nofollow\">^7<\/a><a href=\"https:\/\/www.missio-hilft.de\/missio\/informieren\/wofuer-wir-uns-einsetzen\/religionsfreiheit-menschenrechte\/menschenrechtsstudien\/mr-studie-064-philippinen.pdf\" target=\"_blank\" rel=\"noopener noreferrer nofollow\">^10<\/a>.<\/p><p>&lt;div style=&quot;&ldquo;text-align:&quot; center&ldquo;&gt;\u2042&lt;\/div&gt;<\/p><hr \/><\/div><div class=\"wiki-page-header-wrapper\"><h2 id=\"kommentar-von-nea\" tabindex=\"-1\">Gradido perspektifinden tamamlay\u0131c\u0131 de\u011ferlendirme<\/h2><p>Bu yap\u0131land\u0131r\u0131lm\u0131\u015f ve derinlemesine genel bak\u0131\u015f, uluslararas\u0131 i\u015fbirli\u011finin, STK'lar\u0131n ve h\u00fck\u00fcmet kalk\u0131nma projelerinin Filipinler'deki sosyal de\u011fi\u015fimle ne kadar yak\u0131ndan ba\u011flant\u0131l\u0131 oldu\u011funu ve rollerinin bir\u00e7ok d\u00fczeyde ne kadar \u00f6nemli oldu\u011funu g\u00f6stermektedir.<\/p><p><strong>Gradido'nun bak\u0131\u015f a\u00e7\u0131s\u0131ndan \u00f6nemli tamamlay\u0131c\u0131 hususlar:<\/strong><\/p><ol><li><strong>\u00c7arpan ve k\u00f6pr\u00fcleme fonksiyonu<\/strong><br \/>Uluslararas\u0131 i\u015fbirlikleri ve STK'lar sadece finansal veya teknik destek\u00e7iler de\u011fil, ayn\u0131 zamanda gelenek ve yenilik aras\u0131nda k\u00f6pr\u00fc kuruculard\u0131r. Kat\u0131l\u0131mc\u0131 y\u00f6ntemleri, \u015feffafl\u0131\u011f\u0131 ve sosyal diyalo\u011fu uzak b\u00f6lgelere ta\u015f\u0131rlar - Gradido'yu kat\u0131l\u0131mc\u0131 bir model olarak tan\u0131tmak i\u00e7in de\u011ferli \u00f6n ko\u015fullar.<\/li><li><strong>\u0130novasyon i\u00e7in tabandan gelen ortak<\/strong><br \/>Filipinli STK'lar\u0131n \u00e7o\u011fu toplumda k\u00f6kl\u00fc bir yere sahiptir ve b\u00fcy\u00fck bir g\u00fcvene sahiptir. Gradido'nun pilot uygulamas\u0131n\u0131 yapmak istiyorsan\u0131z, bu kurulu\u015flar yerel test alanlar\u0131 i\u00e7in m\u00fckemmel \"oyunculard\u0131r\". Bilgi ve ileti\u015fim merkezleri olarak hareket edebilir, insanlar\u0131 dahil edebilir ve deneme i\u00e7in ger\u00e7ek destek sa\u011flayabilirler.<\/li><li><strong>K\u0131smi \u00e7ekinceler ve d\u00fczenleyici bask\u0131<\/strong><br \/>Ayn\u0131 zamanda, STK'lar\u0131n zaman zaman siyasi diren\u00e7, b\u00fcrokratik engeller ve \u00e7ok fazla uluslararas\u0131 etki konusundaki \u00e7ekincelerle m\u00fccadele etti\u011fi de unutulmamal\u0131d\u0131r. Gradido projeleri, en ba\u015f\u0131ndan itibaren yerel payda\u015flar\u0131 dahil ettiklerinde ve onlar\u0131 e\u015fit bir \u015fekilde geli\u015ftirdiklerinde fayda sa\u011flar.<\/li><li><strong>Kalk\u0131nma projelerinden \u00f6\u011frenme<\/strong><br \/>Ba\u015far\u0131l\u0131 kalk\u0131nma projeleri - ister WASH, e\u011fitim, \u00e7evre veya afet yard\u0131m\u0131 olsun - kat\u0131l\u0131mc\u0131, toplum odakl\u0131 yakla\u015f\u0131mlar\u0131n tepeden inme programlara g\u00f6re daha s\u00fcrd\u00fcr\u00fclebilir ve etkili oldu\u011funu g\u00f6stermektedir. Gradido do\u011frudan bu deneyim, a\u011flar ve y\u00f6ntemler \u00fczerine in\u015fa edilebilir.<\/li><li><strong>Finansman ve \u00f6l\u00e7eklendirme f\u0131rsatlar\u0131<\/strong><br \/>Baz\u0131 b\u00fcy\u00fck ba\u011f\u0131\u015f\u00e7\u0131lar ve vak\u0131flar \u00f6zellikle daha fazla adalet, iklim ve kamu refah\u0131 merkezli kalk\u0131nmaya yol a\u00e7an yenilik\u00e7i, kat\u0131l\u0131mc\u0131 \u00e7\u00f6z\u00fcmler aramaktad\u0131r. Gradido'nun bu t\u00fcr kalk\u0131nma hedeflerine bir katk\u0131 olarak ustaca konumland\u0131r\u0131lmas\u0131 halinde, finansman ve ortakl\u0131k f\u0131rsatlar\u0131 mevcuttur.<\/li><li><strong>\u0130\u015fbirli\u011fi ve de\u011fi\u015fim k\u00fclt\u00fcr\u00fc<\/strong><br \/>Uluslararas\u0131 i\u015fbirli\u011finin \u00e7e\u015fitlili\u011fi Filipinler'de k\u00fcresel vatanda\u015fl\u0131k, a\u011f d\u00fc\u015f\u00fcncesi ve a\u00e7\u0131kl\u0131k konusunda bir fark\u0131ndal\u0131k yaratm\u0131\u015ft\u0131r - bu da Gradido'nun kalk\u0131nmay\u0131 te\u015fvik eden yakla\u015f\u0131mlar\u0131 i\u00e7in olumlu bir zemin olu\u015fturabilir.<\/li><\/ol><p><strong>Gradido projeleri i\u00e7in pratik d\u00fcrt\u00fcler:<\/strong><\/p><ul><li>Yerle\u015fik STK'lar, k\u00f6y ve kilise yap\u0131lar\u0131, kad\u0131n ve gen\u00e7lik gruplar\u0131 ile yak\u0131n i\u015fbirli\u011fi<\/li><li>Pilotlar i\u00e7in bir ba\u011flant\u0131 noktas\u0131 olarak ba\u015far\u0131l\u0131 kalk\u0131nma projeleriyle ba\u011flant\u0131 (\u00f6rn. iklim, toplum in\u015fas\u0131)<\/li><li>Anlat\u0131 ve ileti\u015fim (\u00f6rne\u011fin \"SKH'lere yerel bir katk\u0131 olarak Gradido - S\u00fcrd\u00fcr\u00fclebilir Kalk\u0131nma Hedefleri\")<\/li><li>Akran \u00f6\u011frenimi olu\u015fturmak: Topluluklar birbirlerinden \u00f6\u011frenir (uygulama toplulu\u011fu)<\/li><li>G\u00fcven olu\u015fturmak i\u00e7in yak\u0131n izleme ve de\u011ferlendirme<\/li><\/ul><p><strong>Sonu\u00e7:<\/strong><br \/>Uluslararas\u0131 i\u015fbirlikleri, STK'lar ve kalk\u0131nma projeleri, Gradido gibi kamu refah\u0131 odakl\u0131 bir sistemin hayata ge\u00e7irilmesi i\u00e7in merkezi ve ilham verici \u00f6nc\u00fclerdir. K\u00f6pr\u00fc kurucu, a\u011f olu\u015fturucu ve inovasyon \u00e7o\u011falt\u0131c\u0131 rolleri paha bi\u00e7ilmezdir ve sevgiyle dahil edilmelidirler.<\/p><\/div><\/div><\/div><\/div><\/div><\/div><\/div><\/div><\/div>\t\t\t\t\t\t\t\t<\/div>\n\t\t\t\t<\/div>\n\t\t\t\t\t<\/div>\n\t\t<\/div>\n\t\t\t\t\t<\/div>\n\t\t<\/section>\n\t\t\t\t<\/div>","protected":false},"excerpt":{"rendered":"<p>Internationale Kooperationen, NGOs und staatliche Entwicklungsprojekte Hauptseite: Philippinen 1. Wirtschaft und Gesellschaft2.Einkommen und Lebensstandard3.Arbeitsmigration und Auslandserwerbst\u00e4tigkeit4.Armut und soziale Ungleichheit5.Gemeinwohl und Solidarit\u00e4t6.Bildungssituation benachteiligter Kinder7.Gesundheit, soziale Sicherung und Altersvorsorge8.Anerkennung von Care-Arbeit und Engagement9.Innovationen, Digitalisierung und alternative Wirtschaftsmodelle10.Gemeinschaftsbasierte \u00d6konomie und Parallelw\u00e4hrungen11.Potenziale und Herausforderungen f\u00fcr Gradido12. Internationale Kooperationen, NGOs und staatliche Entwicklungsprojekte Rolle internationaler Kooperationen, NGOs und staatlicher Entwicklungsprojekte [&hellip;]<\/p>\n","protected":false},"author":2,"featured_media":10458,"parent":10540,"menu_order":0,"comment_status":"closed","ping_status":"closed","template":"","meta":{"footnotes":""},"class_list":["post-10673","page","type-page","status-publish","has-post-thumbnail","hentry"],"yoast_head":"<!-- This site is optimized with the Yoast SEO plugin v27.4 - https:\/\/yoast.com\/product\/yoast-seo-wordpress\/ -->\n<title>Internationale Kooperationen, Philippinen - Gradido<\/title>\n<meta name=\"description\" content=\"Sei Teil der Bewegung!Gemeinsam bringen wir Gradido in die Welt.\" \/>\n<meta name=\"robots\" content=\"index, follow, max-snippet:-1, max-image-preview:large, max-video-preview:-1\" \/>\n<link rel=\"canonical\" href=\"https:\/\/gradido.net\/tr\/countries\/philippines\/international-cooperation\/\" \/>\n<meta property=\"og:locale\" content=\"tr_TR\" \/>\n<meta property=\"og:type\" content=\"article\" \/>\n<meta property=\"og:title\" content=\"Internationale Kooperationen, Philippinen - Gradido\" \/>\n<meta property=\"og:description\" content=\"Sei Teil der Bewegung!Gemeinsam bringen wir Gradido in die Welt.\" \/>\n<meta property=\"og:url\" content=\"https:\/\/gradido.net\/tr\/countries\/philippines\/international-cooperation\/\" \/>\n<meta property=\"og:site_name\" content=\"Gradido\" \/>\n<meta property=\"article:modified_time\" content=\"2025-10-04T10:02:43+00:00\" \/>\n<meta property=\"og:image\" content=\"https:\/\/gradido.net\/wp-content\/uploads\/2025\/07\/AdobeStock_3210827871-scaled.jpeg\" \/>\n\t<meta property=\"og:image:width\" content=\"2560\" \/>\n\t<meta property=\"og:image:height\" content=\"790\" \/>\n\t<meta property=\"og:image:type\" content=\"image\/jpeg\" \/>\n<meta name=\"twitter:card\" content=\"summary_large_image\" \/>\n<meta name=\"twitter:label1\" content=\"Tahmini okuma s\u00fcresi\" \/>\n\t<meta name=\"twitter:data1\" content=\"6 dakika\" \/>\n<script type=\"application\/ld+json\" class=\"yoast-schema-graph\">{\"@context\":\"https:\\\/\\\/schema.org\",\"@graph\":[{\"@type\":\"WebPage\",\"@id\":\"https:\\\/\\\/gradido.net\\\/countries\\\/philippines\\\/international-cooperation\\\/\",\"url\":\"https:\\\/\\\/gradido.net\\\/countries\\\/philippines\\\/international-cooperation\\\/\",\"name\":\"Internationale Kooperationen, Philippinen - Gradido\",\"isPartOf\":{\"@id\":\"https:\\\/\\\/gradido.net\\\/de\\\/#website\"},\"primaryImageOfPage\":{\"@id\":\"https:\\\/\\\/gradido.net\\\/countries\\\/philippines\\\/international-cooperation\\\/#primaryimage\"},\"image\":{\"@id\":\"https:\\\/\\\/gradido.net\\\/countries\\\/philippines\\\/international-cooperation\\\/#primaryimage\"},\"thumbnailUrl\":\"https:\\\/\\\/gradido.net\\\/wp-content\\\/uploads\\\/2025\\\/07\\\/AdobeStock_3210827871-scaled.jpeg\",\"datePublished\":\"2025-07-28T08:12:11+00:00\",\"dateModified\":\"2025-10-04T10:02:43+00:00\",\"description\":\"Sei Teil der Bewegung!Gemeinsam bringen wir Gradido in die Welt.\",\"breadcrumb\":{\"@id\":\"https:\\\/\\\/gradido.net\\\/countries\\\/philippines\\\/international-cooperation\\\/#breadcrumb\"},\"inLanguage\":\"tr\",\"potentialAction\":[{\"@type\":\"ReadAction\",\"target\":[\"https:\\\/\\\/gradido.net\\\/countries\\\/philippines\\\/international-cooperation\\\/\"]}]},{\"@type\":\"ImageObject\",\"inLanguage\":\"tr\",\"@id\":\"https:\\\/\\\/gradido.net\\\/countries\\\/philippines\\\/international-cooperation\\\/#primaryimage\",\"url\":\"https:\\\/\\\/gradido.net\\\/wp-content\\\/uploads\\\/2025\\\/07\\\/AdobeStock_3210827871-scaled.jpeg\",\"contentUrl\":\"https:\\\/\\\/gradido.net\\\/wp-content\\\/uploads\\\/2025\\\/07\\\/AdobeStock_3210827871-scaled.jpeg\",\"width\":2560,\"height\":790,\"caption\":\"world globe planet earth 3d-illustration. elements of this image furnished by NASA\"},{\"@type\":\"BreadcrumbList\",\"@id\":\"https:\\\/\\\/gradido.net\\\/countries\\\/philippines\\\/international-cooperation\\\/#breadcrumb\",\"itemListElement\":[{\"@type\":\"ListItem\",\"position\":1,\"name\":\"Startseite\",\"item\":\"https:\\\/\\\/gradido.net\\\/\"},{\"@type\":\"ListItem\",\"position\":2,\"name\":\"L\u00e4nderforschung\",\"item\":\"https:\\\/\\\/gradido.net\\\/countries\\\/\"},{\"@type\":\"ListItem\",\"position\":3,\"name\":\"Philppinen\",\"item\":\"https:\\\/\\\/gradido.net\\\/countries\\\/philippines\\\/\"},{\"@type\":\"ListItem\",\"position\":4,\"name\":\"Internationale Kooperationen, Philippinen\"}]},{\"@type\":\"WebSite\",\"@id\":\"https:\\\/\\\/gradido.net\\\/de\\\/#website\",\"url\":\"https:\\\/\\\/gradido.net\\\/de\\\/\",\"name\":\"Gradido\",\"description\":\"Die neue W\u00e4hrung hei\u00dft Dankbarkeit\",\"publisher\":{\"@id\":\"https:\\\/\\\/gradido.net\\\/de\\\/#organization\"},\"potentialAction\":[{\"@type\":\"SearchAction\",\"target\":{\"@type\":\"EntryPoint\",\"urlTemplate\":\"https:\\\/\\\/gradido.net\\\/de\\\/?s={search_term_string}\"},\"query-input\":{\"@type\":\"PropertyValueSpecification\",\"valueRequired\":true,\"valueName\":\"search_term_string\"}}],\"inLanguage\":\"tr\"},{\"@type\":\"Organization\",\"@id\":\"https:\\\/\\\/gradido.net\\\/de\\\/#organization\",\"name\":\"Gradido\",\"url\":\"https:\\\/\\\/gradido.net\\\/de\\\/\",\"logo\":{\"@type\":\"ImageObject\",\"inLanguage\":\"tr\",\"@id\":\"https:\\\/\\\/gradido.net\\\/de\\\/#\\\/schema\\\/logo\\\/image\\\/\",\"url\":\"https:\\\/\\\/gradido.net\\\/wp-content\\\/uploads\\\/2022\\\/04\\\/gradido-social.jpg\",\"contentUrl\":\"https:\\\/\\\/gradido.net\\\/wp-content\\\/uploads\\\/2022\\\/04\\\/gradido-social.jpg\",\"width\":527,\"height\":273,\"caption\":\"Gradido\"},\"image\":{\"@id\":\"https:\\\/\\\/gradido.net\\\/de\\\/#\\\/schema\\\/logo\\\/image\\\/\"}}]}<\/script>\n<!-- \/ Yoast SEO plugin. -->","yoast_head_json":{"title":"Uluslararas\u0131 i\u015fbirlikleri, Filipinler - Gradido","description":"Hareketin bir par\u00e7as\u0131 olun! Birlikte Gradido'yu d\u00fcnyaya getiriyoruz.","robots":{"index":"index","follow":"follow","max-snippet":"max-snippet:-1","max-image-preview":"max-image-preview:large","max-video-preview":"max-video-preview:-1"},"canonical":"https:\/\/gradido.net\/tr\/countries\/philippines\/international-cooperation\/","og_locale":"tr_TR","og_type":"article","og_title":"Internationale Kooperationen, Philippinen - Gradido","og_description":"Sei Teil der Bewegung!Gemeinsam bringen wir Gradido in die Welt.","og_url":"https:\/\/gradido.net\/tr\/countries\/philippines\/international-cooperation\/","og_site_name":"Gradido","article_modified_time":"2025-10-04T10:02:43+00:00","og_image":[{"width":2560,"height":790,"url":"https:\/\/gradido.net\/wp-content\/uploads\/2025\/07\/AdobeStock_3210827871-scaled.jpeg","type":"image\/jpeg"}],"twitter_card":"summary_large_image","twitter_misc":{"Tahmini okuma s\u00fcresi":"6 dakika"},"schema":{"@context":"https:\/\/schema.org","@graph":[{"@type":"WebPage","@id":"https:\/\/gradido.net\/countries\/philippines\/international-cooperation\/","url":"https:\/\/gradido.net\/countries\/philippines\/international-cooperation\/","name":"Uluslararas\u0131 i\u015fbirlikleri, Filipinler - Gradido","isPartOf":{"@id":"https:\/\/gradido.net\/de\/#website"},"primaryImageOfPage":{"@id":"https:\/\/gradido.net\/countries\/philippines\/international-cooperation\/#primaryimage"},"image":{"@id":"https:\/\/gradido.net\/countries\/philippines\/international-cooperation\/#primaryimage"},"thumbnailUrl":"https:\/\/gradido.net\/wp-content\/uploads\/2025\/07\/AdobeStock_3210827871-scaled.jpeg","datePublished":"2025-07-28T08:12:11+00:00","dateModified":"2025-10-04T10:02:43+00:00","description":"Hareketin bir par\u00e7as\u0131 olun! Birlikte Gradido'yu d\u00fcnyaya getiriyoruz.","breadcrumb":{"@id":"https:\/\/gradido.net\/countries\/philippines\/international-cooperation\/#breadcrumb"},"inLanguage":"tr","potentialAction":[{"@type":"ReadAction","target":["https:\/\/gradido.net\/countries\/philippines\/international-cooperation\/"]}]},{"@type":"ImageObject","inLanguage":"tr","@id":"https:\/\/gradido.net\/countries\/philippines\/international-cooperation\/#primaryimage","url":"https:\/\/gradido.net\/wp-content\/uploads\/2025\/07\/AdobeStock_3210827871-scaled.jpeg","contentUrl":"https:\/\/gradido.net\/wp-content\/uploads\/2025\/07\/AdobeStock_3210827871-scaled.jpeg","width":2560,"height":790,"caption":"world globe planet earth 3d-illustration. elements of this image furnished by NASA"},{"@type":"BreadcrumbList","@id":"https:\/\/gradido.net\/countries\/philippines\/international-cooperation\/#breadcrumb","itemListElement":[{"@type":"ListItem","position":1,"name":"Startseite","item":"https:\/\/gradido.net\/"},{"@type":"ListItem","position":2,"name":"L\u00e4nderforschung","item":"https:\/\/gradido.net\/countries\/"},{"@type":"ListItem","position":3,"name":"Philppinen","item":"https:\/\/gradido.net\/countries\/philippines\/"},{"@type":"ListItem","position":4,"name":"Internationale Kooperationen, Philippinen"}]},{"@type":"WebSite","@id":"https:\/\/gradido.net\/de\/#website","url":"https:\/\/gradido.net\/de\/","name":"Gradido","description":"Yeni para birimi minnettarl\u0131k","publisher":{"@id":"https:\/\/gradido.net\/de\/#organization"},"potentialAction":[{"@type":"SearchAction","target":{"@type":"EntryPoint","urlTemplate":"https:\/\/gradido.net\/de\/?s={search_term_string}"},"query-input":{"@type":"PropertyValueSpecification","valueRequired":true,"valueName":"search_term_string"}}],"inLanguage":"tr"},{"@type":"Organization","@id":"https:\/\/gradido.net\/de\/#organization","name":"Gradido","url":"https:\/\/gradido.net\/de\/","logo":{"@type":"ImageObject","inLanguage":"tr","@id":"https:\/\/gradido.net\/de\/#\/schema\/logo\/image\/","url":"https:\/\/gradido.net\/wp-content\/uploads\/2022\/04\/gradido-social.jpg","contentUrl":"https:\/\/gradido.net\/wp-content\/uploads\/2022\/04\/gradido-social.jpg","width":527,"height":273,"caption":"Gradido"},"image":{"@id":"https:\/\/gradido.net\/de\/#\/schema\/logo\/image\/"}}]}},"_links":{"self":[{"href":"https:\/\/gradido.net\/tr\/wp-json\/wp\/v2\/pages\/10673","targetHints":{"allow":["GET"]}}],"collection":[{"href":"https:\/\/gradido.net\/tr\/wp-json\/wp\/v2\/pages"}],"about":[{"href":"https:\/\/gradido.net\/tr\/wp-json\/wp\/v2\/types\/page"}],"author":[{"embeddable":true,"href":"https:\/\/gradido.net\/tr\/wp-json\/wp\/v2\/users\/2"}],"replies":[{"embeddable":true,"href":"https:\/\/gradido.net\/tr\/wp-json\/wp\/v2\/comments?post=10673"}],"version-history":[{"count":19,"href":"https:\/\/gradido.net\/tr\/wp-json\/wp\/v2\/pages\/10673\/revisions"}],"predecessor-version":[{"id":11992,"href":"https:\/\/gradido.net\/tr\/wp-json\/wp\/v2\/pages\/10673\/revisions\/11992"}],"up":[{"embeddable":true,"href":"https:\/\/gradido.net\/tr\/wp-json\/wp\/v2\/pages\/10540"}],"wp:featuredmedia":[{"embeddable":true,"href":"https:\/\/gradido.net\/tr\/wp-json\/wp\/v2\/media\/10458"}],"wp:attachment":[{"href":"https:\/\/gradido.net\/tr\/wp-json\/wp\/v2\/media?parent=10673"}],"curies":[{"name":"wp","href":"https:\/\/api.w.org\/{rel}","templated":true}]}}