{"id":11085,"date":"2025-08-13T10:13:17","date_gmt":"2025-08-13T08:13:17","guid":{"rendered":"https:\/\/gradido.net\/?page_id=11085"},"modified":"2025-10-04T12:07:28","modified_gmt":"2025-10-04T10:07:28","slug":"equality-for-women-and-minorities","status":"publish","type":"page","link":"https:\/\/gradido.net\/tr\/countries\/saudi-arabia\/equality-for-women-and-minorities\/","title":{"rendered":"Suudi Arabistan'da kad\u0131nlar ve az\u0131nl\u0131klar i\u00e7in e\u015fitlik"},"content":{"rendered":"<div data-elementor-type=\"wp-page\" data-elementor-id=\"11085\" class=\"elementor elementor-11085\" data-elementor-post-type=\"page\">\n\t\t\t\t\t\t<section class=\"elementor-section elementor-top-section elementor-element elementor-element-4ce3e8af elementor-section-full_width elementor-section-height-default elementor-section-height-default\" data-id=\"4ce3e8af\" data-element_type=\"section\" data-e-type=\"section\">\n\t\t\t\t\t\t<div class=\"elementor-container elementor-column-gap-no\">\n\t\t\t\t\t<div class=\"elementor-column elementor-col-100 elementor-top-column elementor-element elementor-element-efa8c8c\" data-id=\"efa8c8c\" data-element_type=\"column\" data-e-type=\"column\">\n\t\t\t<div class=\"elementor-widget-wrap elementor-element-populated\">\n\t\t\t\t\t\t<div class=\"elementor-element elementor-element-e088aa4 elementor--h-position-center elementor--v-position-middle elementor-arrows-position-inside elementor-widget elementor-widget-slides\" data-id=\"e088aa4\" data-element_type=\"widget\" data-e-type=\"widget\" data-settings=\"{&quot;navigation&quot;:&quot;arrows&quot;,&quot;autoplay&quot;:&quot;yes&quot;,&quot;pause_on_hover&quot;:&quot;yes&quot;,&quot;pause_on_interaction&quot;:&quot;yes&quot;,&quot;autoplay_speed&quot;:5000,&quot;infinite&quot;:&quot;yes&quot;,&quot;transition&quot;:&quot;slide&quot;,&quot;transition_speed&quot;:500}\" data-widget_type=\"slides.default\">\n\t\t\t\t<div class=\"elementor-widget-container\">\n\t\t\t\t\t\t\t\t\t<div class=\"elementor-swiper\">\n\t\t\t\t\t<div class=\"elementor-slides-wrapper elementor-main-swiper swiper\" role=\"region\" aria-roledescription=\"carousel\" aria-label=\"Kayd\u0131r\u0131c\u0131\" dir=\"ltr\" data-animation=\"fadeInUp\">\n\t\t\t\t<div class=\"swiper-wrapper elementor-slides\">\n\t\t\t\t\t\t\t\t\t\t<div class=\"elementor-repeater-item-2de4990 swiper-slide\" role=\"group\" aria-roledescription=\"slide\"><div class=\"swiper-slide-bg\" role=\"img\" aria-label=\"saudi-arabia-7375729_1280\"><\/div><div class=\"swiper-slide-inner\" ><div class=\"swiper-slide-contents\"><\/div><\/div><\/div><div class=\"elementor-repeater-item-28f126e swiper-slide\" role=\"group\" aria-roledescription=\"slide\"><div class=\"swiper-slide-bg\" role=\"img\" aria-label=\"mekke-66966_1280\"><\/div><div class=\"swiper-slide-inner\" ><div class=\"swiper-slide-contents\"><\/div><\/div><\/div><div class=\"elementor-repeater-item-992da35 swiper-slide\" role=\"group\" aria-roledescription=\"slide\"><div class=\"swiper-slide-bg\" role=\"img\" aria-label=\"Mekke-1050478_1280\"><\/div><div class=\"swiper-slide-inner\" ><div class=\"swiper-slide-contents\"><\/div><\/div><\/div><div class=\"elementor-repeater-item-1a67a9d swiper-slide\" role=\"group\" aria-roledescription=\"slide\"><div class=\"swiper-slide-bg\" role=\"img\" aria-label=\"peygamber-2249759_1280\"><\/div><div class=\"swiper-slide-inner\" ><div class=\"swiper-slide-contents\"><\/div><\/div><\/div><div class=\"elementor-repeater-item-2799f50 swiper-slide\" role=\"group\" aria-roledescription=\"slide\"><div class=\"swiper-slide-bg\" role=\"img\" aria-label=\"saudi-arabia-8880043_1280\"><\/div><div class=\"swiper-slide-inner\" ><div class=\"swiper-slide-contents\"><\/div><\/div><\/div><div class=\"elementor-repeater-item-22adf08 swiper-slide\" role=\"group\" aria-roledescription=\"slide\"><div class=\"swiper-slide-bg\" role=\"img\" aria-label=\"camel-train-3408458_1280\"><\/div><div class=\"swiper-slide-inner\" ><div class=\"swiper-slide-contents\"><\/div><\/div><\/div>\t\t\t\t<\/div>\n\t\t\t\t\t\t\t\t\t\t\t\t\t\t\t<div class=\"elementor-swiper-button elementor-swiper-button-prev\" role=\"button\" tabindex=\"0\" aria-label=\"\u00d6nceki slayt\" data-no-translation-aria-label=\"\">\n\t\t\t\t\t\t\t<i aria-hidden=\"true\" class=\"eicon-chevron-left\"><\/i>\t\t\t\t\t\t<\/div>\n\t\t\t\t\t\t<div class=\"elementor-swiper-button elementor-swiper-button-next\" role=\"button\" tabindex=\"0\" aria-label=\"Sonraki slayt\" data-no-translation-aria-label=\"\">\n\t\t\t\t\t\t\t<i aria-hidden=\"true\" class=\"eicon-chevron-right\"><\/i>\t\t\t\t\t\t<\/div>\n\t\t\t\t\t\t\t\t\t\t\t\t\t\t\t\t\t<\/div>\n\t\t\t\t<\/div>\n\t\t\t\t\t\t\t\t<\/div>\n\t\t\t\t<\/div>\n\t\t\t\t\t<\/div>\n\t\t<\/div>\n\t\t\t\t\t<\/div>\n\t\t<\/section>\n\t\t\t\t<section class=\"elementor-section elementor-top-section elementor-element elementor-element-240baa7a elementor-section-boxed elementor-section-height-default elementor-section-height-default\" data-id=\"240baa7a\" data-element_type=\"section\" data-e-type=\"section\" data-settings=\"{&quot;background_background&quot;:&quot;classic&quot;}\">\n\t\t\t\t\t\t<div class=\"elementor-container elementor-column-gap-default\">\n\t\t\t\t\t<div class=\"elementor-column elementor-col-100 elementor-top-column elementor-element elementor-element-1afe9e42\" data-id=\"1afe9e42\" data-element_type=\"column\" data-e-type=\"column\">\n\t\t\t<div class=\"elementor-widget-wrap elementor-element-populated\">\n\t\t\t\t\t\t<div class=\"elementor-element elementor-element-65bd50ae elementor-widget elementor-widget-heading\" data-id=\"65bd50ae\" data-element_type=\"widget\" data-e-type=\"widget\" data-widget_type=\"heading.default\">\n\t\t\t\t<div class=\"elementor-widget-container\">\n\t\t\t\t\t<h1 class=\"elementor-heading-title elementor-size-default\">Kad\u0131nlar ve az\u0131nl\u0131klar i\u00e7in e\u015fitlik<\/h1>\t\t\t\t<\/div>\n\t\t\t\t<\/div>\n\t\t\t\t\t<\/div>\n\t\t<\/div>\n\t\t\t\t\t<\/div>\n\t\t<\/section>\n\t\t\t\t<section class=\"elementor-section elementor-top-section elementor-element elementor-element-446540f elementor-section-boxed elementor-section-height-default elementor-section-height-default\" data-id=\"446540f\" data-element_type=\"section\" data-e-type=\"section\">\n\t\t\t\t\t\t<div class=\"elementor-container elementor-column-gap-default\">\n\t\t\t\t\t<div class=\"elementor-column elementor-col-100 elementor-top-column elementor-element elementor-element-312a2d3\" data-id=\"312a2d3\" data-element_type=\"column\" data-e-type=\"column\">\n\t\t\t<div class=\"elementor-widget-wrap elementor-element-populated\">\n\t\t\t\t\t\t<div class=\"elementor-element elementor-element-274ae97 elementor-nav-menu--dropdown-tablet elementor-nav-menu__text-align-aside elementor-nav-menu--toggle elementor-nav-menu--burger elementor-widget elementor-widget-nav-menu\" data-id=\"274ae97\" data-element_type=\"widget\" data-e-type=\"widget\" data-settings=\"{&quot;layout&quot;:&quot;horizontal&quot;,&quot;submenu_icon&quot;:{&quot;value&quot;:&quot;&lt;i class=\\&quot;fas fa-caret-down\\&quot; aria-hidden=\\&quot;true\\&quot;&gt;&lt;\\\/i&gt;&quot;,&quot;library&quot;:&quot;fa-solid&quot;},&quot;toggle&quot;:&quot;burger&quot;}\" data-widget_type=\"nav-menu.default\">\n\t\t\t\t<div class=\"elementor-widget-container\">\n\t\t\t\t\t\t\t\t<nav aria-label=\"\u00dclke ara\u015ft\u0131rmas\u0131\" class=\"elementor-nav-menu--main elementor-nav-menu__container elementor-nav-menu--layout-horizontal e--pointer-underline e--animation-grow\">\n\t\t\t\t<ul id=\"menu-1-274ae97\" class=\"elementor-nav-menu\"><li class=\"menu-item menu-item-type-custom menu-item-object-custom menu-item-has-children menu-item-12305\"><a class=\"elementor-item\">Afrika<\/a>\n<ul class=\"sub-menu elementor-nav-menu--dropdown\">\n\t<li class=\"menu-item menu-item-type-post_type menu-item-object-page menu-item-12253\"><a href=\"https:\/\/gradido.net\/tr\/countries\/afrika\/\" class=\"elementor-sub-item\">Afrika, t\u00fcm k\u0131ta<\/a><\/li>\n\t<li class=\"menu-item menu-item-type-post_type menu-item-object-page menu-item-13097\"><a href=\"https:\/\/gradido.net\/tr\/countries\/afrika\/dr-congo\/\" class=\"elementor-sub-item\">Demokratik Kongo Cumhuriyeti<\/a><\/li>\n\t<li class=\"menu-item menu-item-type-post_type menu-item-object-page menu-item-12414\"><a href=\"https:\/\/gradido.net\/tr\/countries\/afrika\/kenya\/\" class=\"elementor-sub-item\">Kenya<\/a><\/li>\n\t<li class=\"menu-item menu-item-type-post_type menu-item-object-page menu-item-12737\"><a href=\"https:\/\/gradido.net\/tr\/countries\/afrika\/madagascar\/\" class=\"elementor-sub-item\">Madagaskar<\/a><\/li>\n\t<li class=\"menu-item menu-item-type-post_type menu-item-object-page menu-item-12148\"><a href=\"https:\/\/gradido.net\/tr\/countries\/afrika\/namibia\/\" class=\"elementor-sub-item\">Namibya<\/a><\/li>\n\t<li class=\"menu-item menu-item-type-post_type menu-item-object-page menu-item-12839\"><a href=\"https:\/\/gradido.net\/tr\/countries\/afrika\/rwanda\/\" class=\"elementor-sub-item\">Ruanda<\/a><\/li>\n<\/ul>\n<\/li>\n<li class=\"menu-item menu-item-type-custom menu-item-object-custom menu-item-has-children menu-item-11798\"><a class=\"elementor-item\">Amerika<\/a>\n<ul class=\"sub-menu elementor-nav-menu--dropdown\">\n\t<li class=\"menu-item menu-item-type-post_type menu-item-object-page menu-item-12463\"><a href=\"https:\/\/gradido.net\/tr\/countries\/usa\/\" class=\"elementor-sub-item\">ABD<\/a><\/li>\n\t<li class=\"menu-item menu-item-type-post_type menu-item-object-page menu-item-11791\"><a href=\"https:\/\/gradido.net\/tr\/countries\/mexico\/\" class=\"elementor-sub-item\">Meksika<\/a><\/li>\n<\/ul>\n<\/li>\n<li class=\"menu-item menu-item-type-custom menu-item-object-custom menu-item-has-children menu-item-11800\"><a class=\"elementor-item\">Asya<\/a>\n<ul class=\"sub-menu elementor-nav-menu--dropdown\">\n\t<li class=\"menu-item menu-item-type-post_type menu-item-object-page menu-item-11794\"><a href=\"https:\/\/gradido.net\/tr\/countries\/maledives\/\" class=\"elementor-sub-item\">Maldivler<\/a><\/li>\n\t<li class=\"menu-item menu-item-type-post_type menu-item-object-page menu-item-11790\"><a href=\"https:\/\/gradido.net\/tr\/countries\/philippines\/\" class=\"elementor-sub-item\">Philppines<\/a><\/li>\n\t<li class=\"menu-item menu-item-type-post_type menu-item-object-page menu-item-11802\"><a href=\"https:\/\/gradido.net\/tr\/countries\/saudi-arabia\/\" class=\"elementor-sub-item\">Suudi Arabistan<\/a><\/li>\n<\/ul>\n<\/li>\n<li class=\"menu-item menu-item-type-custom menu-item-object-custom menu-item-has-children menu-item-11797\"><a class=\"elementor-item\">Avrupa<\/a>\n<ul class=\"sub-menu elementor-nav-menu--dropdown\">\n\t<li class=\"menu-item menu-item-type-post_type menu-item-object-page menu-item-11805\"><a href=\"https:\/\/gradido.net\/tr\/countries\/germany\/\" class=\"elementor-sub-item\">Almanya<\/a><\/li>\n\t<li class=\"menu-item menu-item-type-post_type menu-item-object-page menu-item-11803\"><a href=\"https:\/\/gradido.net\/tr\/countries\/greece\/\" class=\"elementor-sub-item\">Yunanistan<\/a><\/li>\n\t<li class=\"menu-item menu-item-type-post_type menu-item-object-page menu-item-11788\"><a href=\"https:\/\/gradido.net\/tr\/countries\/spain\/\" class=\"elementor-sub-item\">\u0130spanya<\/a><\/li>\n<\/ul>\n<\/li>\n<li class=\"menu-item menu-item-type-custom menu-item-object-custom menu-item-has-children menu-item-11801\"><a class=\"elementor-item\">Okyanusya<\/a>\n<ul class=\"sub-menu elementor-nav-menu--dropdown\">\n\t<li class=\"menu-item menu-item-type-post_type menu-item-object-page menu-item-11793\"><a href=\"https:\/\/gradido.net\/tr\/countries\/marshall-islands\/\" class=\"elementor-sub-item\">Marshall Adalar\u0131<\/a><\/li>\n\t<li class=\"menu-item menu-item-type-post_type menu-item-object-page menu-item-11795\"><a href=\"https:\/\/gradido.net\/tr\/countries\/tahiti\/\" class=\"elementor-sub-item\">Tahiti<\/a><\/li>\n<\/ul>\n<\/li>\n<\/ul>\t\t\t<\/nav>\n\t\t\t\t\t<div class=\"elementor-menu-toggle\" role=\"button\" tabindex=\"0\" aria-label=\"Men\u00fc De\u011fi\u015ftirme\" aria-expanded=\"false\">\n\t\t\t<i aria-hidden=\"true\" role=\"presentation\" class=\"elementor-menu-toggle__icon--open eicon-menu-bar\"><\/i><i aria-hidden=\"true\" role=\"presentation\" class=\"elementor-menu-toggle__icon--close eicon-close\"><\/i>\t\t<\/div>\n\t\t\t\t\t<nav class=\"elementor-nav-menu--dropdown elementor-nav-menu__container\" aria-hidden=\"true\">\n\t\t\t\t<ul id=\"menu-2-274ae97\" class=\"elementor-nav-menu\"><li class=\"menu-item menu-item-type-custom menu-item-object-custom menu-item-has-children menu-item-12305\"><a class=\"elementor-item\" tabindex=\"-1\">Afrika<\/a>\n<ul class=\"sub-menu elementor-nav-menu--dropdown\">\n\t<li class=\"menu-item menu-item-type-post_type menu-item-object-page menu-item-12253\"><a href=\"https:\/\/gradido.net\/tr\/countries\/afrika\/\" class=\"elementor-sub-item\" tabindex=\"-1\">Afrika, t\u00fcm k\u0131ta<\/a><\/li>\n\t<li class=\"menu-item menu-item-type-post_type menu-item-object-page menu-item-13097\"><a href=\"https:\/\/gradido.net\/tr\/countries\/afrika\/dr-congo\/\" class=\"elementor-sub-item\" tabindex=\"-1\">Demokratik Kongo Cumhuriyeti<\/a><\/li>\n\t<li class=\"menu-item menu-item-type-post_type menu-item-object-page menu-item-12414\"><a href=\"https:\/\/gradido.net\/tr\/countries\/afrika\/kenya\/\" class=\"elementor-sub-item\" tabindex=\"-1\">Kenya<\/a><\/li>\n\t<li class=\"menu-item menu-item-type-post_type menu-item-object-page menu-item-12737\"><a href=\"https:\/\/gradido.net\/tr\/countries\/afrika\/madagascar\/\" class=\"elementor-sub-item\" tabindex=\"-1\">Madagaskar<\/a><\/li>\n\t<li class=\"menu-item menu-item-type-post_type menu-item-object-page menu-item-12148\"><a href=\"https:\/\/gradido.net\/tr\/countries\/afrika\/namibia\/\" class=\"elementor-sub-item\" tabindex=\"-1\">Namibya<\/a><\/li>\n\t<li class=\"menu-item menu-item-type-post_type menu-item-object-page menu-item-12839\"><a href=\"https:\/\/gradido.net\/tr\/countries\/afrika\/rwanda\/\" class=\"elementor-sub-item\" tabindex=\"-1\">Ruanda<\/a><\/li>\n<\/ul>\n<\/li>\n<li class=\"menu-item menu-item-type-custom menu-item-object-custom menu-item-has-children menu-item-11798\"><a class=\"elementor-item\" tabindex=\"-1\">Amerika<\/a>\n<ul class=\"sub-menu elementor-nav-menu--dropdown\">\n\t<li class=\"menu-item menu-item-type-post_type menu-item-object-page menu-item-12463\"><a href=\"https:\/\/gradido.net\/tr\/countries\/usa\/\" class=\"elementor-sub-item\" tabindex=\"-1\">ABD<\/a><\/li>\n\t<li class=\"menu-item menu-item-type-post_type menu-item-object-page menu-item-11791\"><a href=\"https:\/\/gradido.net\/tr\/countries\/mexico\/\" class=\"elementor-sub-item\" tabindex=\"-1\">Meksika<\/a><\/li>\n<\/ul>\n<\/li>\n<li class=\"menu-item menu-item-type-custom menu-item-object-custom menu-item-has-children menu-item-11800\"><a class=\"elementor-item\" tabindex=\"-1\">Asya<\/a>\n<ul class=\"sub-menu elementor-nav-menu--dropdown\">\n\t<li class=\"menu-item menu-item-type-post_type menu-item-object-page menu-item-11794\"><a href=\"https:\/\/gradido.net\/tr\/countries\/maledives\/\" class=\"elementor-sub-item\" tabindex=\"-1\">Maldivler<\/a><\/li>\n\t<li class=\"menu-item menu-item-type-post_type menu-item-object-page menu-item-11790\"><a href=\"https:\/\/gradido.net\/tr\/countries\/philippines\/\" class=\"elementor-sub-item\" tabindex=\"-1\">Philppines<\/a><\/li>\n\t<li class=\"menu-item menu-item-type-post_type menu-item-object-page menu-item-11802\"><a href=\"https:\/\/gradido.net\/tr\/countries\/saudi-arabia\/\" class=\"elementor-sub-item\" tabindex=\"-1\">Suudi Arabistan<\/a><\/li>\n<\/ul>\n<\/li>\n<li class=\"menu-item menu-item-type-custom menu-item-object-custom menu-item-has-children menu-item-11797\"><a class=\"elementor-item\" tabindex=\"-1\">Avrupa<\/a>\n<ul class=\"sub-menu elementor-nav-menu--dropdown\">\n\t<li class=\"menu-item menu-item-type-post_type menu-item-object-page menu-item-11805\"><a href=\"https:\/\/gradido.net\/tr\/countries\/germany\/\" class=\"elementor-sub-item\" tabindex=\"-1\">Almanya<\/a><\/li>\n\t<li class=\"menu-item menu-item-type-post_type menu-item-object-page menu-item-11803\"><a href=\"https:\/\/gradido.net\/tr\/countries\/greece\/\" class=\"elementor-sub-item\" tabindex=\"-1\">Yunanistan<\/a><\/li>\n\t<li class=\"menu-item menu-item-type-post_type menu-item-object-page menu-item-11788\"><a href=\"https:\/\/gradido.net\/tr\/countries\/spain\/\" class=\"elementor-sub-item\" tabindex=\"-1\">\u0130spanya<\/a><\/li>\n<\/ul>\n<\/li>\n<li class=\"menu-item menu-item-type-custom menu-item-object-custom menu-item-has-children menu-item-11801\"><a class=\"elementor-item\" tabindex=\"-1\">Okyanusya<\/a>\n<ul class=\"sub-menu elementor-nav-menu--dropdown\">\n\t<li class=\"menu-item menu-item-type-post_type menu-item-object-page menu-item-11793\"><a href=\"https:\/\/gradido.net\/tr\/countries\/marshall-islands\/\" class=\"elementor-sub-item\" tabindex=\"-1\">Marshall Adalar\u0131<\/a><\/li>\n\t<li class=\"menu-item menu-item-type-post_type menu-item-object-page menu-item-11795\"><a href=\"https:\/\/gradido.net\/tr\/countries\/tahiti\/\" class=\"elementor-sub-item\" tabindex=\"-1\">Tahiti<\/a><\/li>\n<\/ul>\n<\/li>\n<\/ul>\t\t\t<\/nav>\n\t\t\t\t\t\t<\/div>\n\t\t\t\t<\/div>\n\t\t\t\t<div class=\"elementor-element elementor-element-6e730ed elementor-widget elementor-widget-breadcrumbs\" data-id=\"6e730ed\" data-element_type=\"widget\" data-e-type=\"widget\" data-widget_type=\"breadcrumbs.default\">\n\t\t\t\t<div class=\"elementor-widget-container\">\n\t\t\t\t\t<p id=\"breadcrumbs\"><span><span><a href=\"https:\/\/gradido.net\/tr\/\">Anasayfa<\/a><\/span><\/span><\/p>\t\t\t\t<\/div>\n\t\t\t\t<\/div>\n\t\t\t\t<div class=\"elementor-element elementor-element-a9db9a5 elementor-widget elementor-widget-text-editor\" data-id=\"a9db9a5\" data-element_type=\"widget\" data-e-type=\"widget\" data-widget_type=\"text-editor.default\">\n\t\t\t\t<div class=\"elementor-widget-container\">\n\t\t\t\t\t\t\t\t\t<h2 style=\"text-align: center;\">\u00a0 \u00a0<a href=\"https:\/\/gradido.net\/tr\/countries\/saudi-arabia\/\"><strong>Ana sayfa: Suudi Arabistan<\/strong><\/a><\/h2><p style=\"text-align: center;\"><a href=\"https:\/\/gradido.net\/tr\/countries\/saudi-arabia\/social-and-economic-challenges\/\">1. sosyal ve ekonomik zorluklar<\/a><br \/><a href=\"https:\/\/gradido.net\/tr\/countries\/saudi-arabia\/education-system\/\">2. E\u011fitim sistemi<\/a><br \/><a href=\"https:\/\/gradido.net\/tr\/countries\/saudi-arabia\/environmental-initiatives\/\">3. \u00e7evresel gi\u0307ri\u0307\u015fi\u0307mler<\/a><br \/><strong>4. Kad\u0131nlar\u0131n ve az\u0131nl\u0131klar\u0131n e\u015fitli\u011fi<\/strong><br \/><a href=\"https:\/\/gradido.net\/tr\/countries\/saudi-arabia\/artificial-intelligence-and-robotics\/\">5 Yapay zeka ve robotik<\/a><br \/><a href=\"https:\/\/gradido.net\/tr\/countries\/saudi-arabia\/religion-and-ethical-values\/\">6 Din ve etik de\u011ferler<\/a><br \/><a href=\"https:\/\/gradido.net\/tr\/countries\/saudi-arabia\/tax-system-and-zakat\/\">7 Vergi sistemi ve Zekat<\/a><br \/><a href=\"https:\/\/gradido.net\/tr\/countries\/saudi-arabia\/soft-power\/\">8. Uluslararas\u0131 Prestij Kazan\u0131m\u0131 (Yumu\u015fak G\u00fc\u00e7)<\/a><br \/><a href=\"https:\/\/gradido.net\/tr\/countries\/saudi-arabia\/integration-and-conflict-management\/\">9. entegrasyon ve \u00e7at\u0131\u015fma y\u00f6netimi<\/a><br \/><a href=\"https:\/\/gradido.net\/tr\/countries\/saudi-arabia\/ai-nation-for-public-welfare-oriented-cooperation\/\">Kamu yarar\u0131 i\u00e7in i\u015fbirli\u011fi i\u00e7in 10. Yapay Zeka ulusu?<\/a><\/p>\t\t\t\t\t\t\t\t<\/div>\n\t\t\t\t<\/div>\n\t\t\t\t<div class=\"elementor-element elementor-element-d7bb196 elementor-widget-divider--view-line elementor-widget elementor-widget-divider\" data-id=\"d7bb196\" data-element_type=\"widget\" data-e-type=\"widget\" data-widget_type=\"divider.default\">\n\t\t\t\t<div class=\"elementor-widget-container\">\n\t\t\t\t\t\t\t<div class=\"elementor-divider\">\n\t\t\t<span class=\"elementor-divider-separator\">\n\t\t\t\t\t\t<\/span>\n\t\t<\/div>\n\t\t\t\t\t\t<\/div>\n\t\t\t\t<\/div>\n\t\t\t\t<div class=\"elementor-element elementor-element-146ff9d elementor-widget elementor-widget-text-editor\" data-id=\"146ff9d\" data-element_type=\"widget\" data-e-type=\"widget\" data-widget_type=\"text-editor.default\">\n\t\t\t\t<div class=\"elementor-widget-container\">\n\t\t\t\t\t\t\t\t\t<div class=\"wiki-page-header-wrapper\"><div class=\"wiki-page-header-wrapper\"><h1 data-pm-slice=\"0 0 []\">Suudi Arabistan'daki kad\u0131nlar ve az\u0131nl\u0131klar bug\u00fcn kat\u0131l\u0131m ve f\u0131rsatlar\u0131 ger\u00e7ekten nas\u0131l deneyimliyor?<\/h1><h2>\u00d6nemli ilerleme kaydedildi, ancak yap\u0131sal ayr\u0131mc\u0131l\u0131k devam ediyor<\/h2><p>Suudi Arabistan kendisini bir <strong>De\u011fi\u015fim a\u015famas\u0131<\/strong>Vizyon 2030 taraf\u0131ndan y\u00f6nlendirilen ve a\u015fa\u011f\u0131dakilere yol a\u00e7acak olan <strong>Kayda de\u011fer geli\u015fmeler<\/strong> dini ve etnik az\u0131nl\u0131klar ise h\u00e2l\u00e2 \u00f6nemli k\u0131s\u0131tlamalara tabidir.<\/p><h3>Kad\u0131nlar: Devam eden k\u0131s\u0131tlamalarla birlikte dramatik de\u011fi\u015fim<\/h3><h4>\u0130\u015fg\u00fcc\u00fc piyasas\u0131ndaki ba\u015far\u0131lar<\/h4><p>Bu <strong>Kad\u0131nlar\u0131n i\u015fg\u00fcc\u00fc piyasas\u0131na kat\u0131l\u0131m\u0131<\/strong> 2017-2024 y\u0131llar\u0131 aras\u0131nda art\u0131\u015f g\u00f6stermi\u015ftir <strong>iki kat\u0131ndan fazla artt\u0131<\/strong>. Bu rakam 2017 y\u0131l\u0131nda 17,4% seviyesindeyken <strong>2024 y\u0131l\u0131nda 35,8%<\/strong><a href=\"https:\/\/www.talentspring.de\/content\/selbst-saudi-arabien-versteht-allmahlich-ohne-frauen-gehts-nicht-voran\">^1<\/a>. Suudi Arabistan b\u00f6ylece 30% olan orijinal Vizyon 2030 hedefini \u00f6nemli \u00f6l\u00e7\u00fcde a\u015fm\u0131\u015ft\u0131r.<a href=\"https:\/\/www.focus.de\/politik\/ausland\/saudi-arabien-frauen-starten-durch_id_195100244.html\">^3<\/a>.<\/p><p>\u00d6zellikle etkileyici olan y\u00fckseli\u015f <strong>Y\u00f6netim pozisyonlar\u0131<\/strong>: <strong>44% orta ve \u00fcst d\u00fczey y\u00f6netim pozisyonlar\u0131<\/strong> art\u0131k kad\u0131nlar taraf\u0131ndan i\u015fgal ediliyor<a href=\"https:\/\/www.talentspring.de\/content\/selbst-saudi-arabien-versteht-allmahlich-ohne-frauen-gehts-nicht-voran\">^2<\/a>. Geleneksel olarak erkeklere y\u00f6nelik bir sekt\u00f6r olan savunma sanayinde, halihaz\u0131rda <strong>22% kad\u0131n \u00e7al\u0131\u015fan say\u0131s\u0131<\/strong><a href=\"https:\/\/www.cassis.uni-bonn.de\/pdfs\/publikationsverzeichnis-ulrich-schlie-november-2023.pdf\">^4<\/a>.<\/p><p>Bu <strong>Kad\u0131nlar aras\u0131nda i\u015fsizlik<\/strong> alt\u0131 ay i\u00e7inde 20,5%'den 15,4%'ye d\u00fc\u015fm\u00fc\u015ft\u00fcr.<a href=\"https:\/\/www.focus.de\/politik\/ausland\/saudi-arabien-frauen-starten-durch_id_195100244.html\">^3<\/a>. Gen\u00e7 i\u015fsizli\u011fi (15-24 ya\u015f) i\u00e7in bu oran 22,2% iken, gen\u00e7 erkekler i\u00e7in 10,6%'dir.<a href=\"https:\/\/de.statista.com\/statistik\/daten\/studie\/1409895\/umfrage\/jugendarbeitslosenquote-in-saudi-arabien\/\">^5<\/a>.<\/p><h4>E\u011fitim ba\u015far\u0131lar\u0131<\/h4><p>Kad\u0131nlar art\u0131k <strong>\u00dcniversite manzaras\u0131<\/strong>: <strong>2020'de ilk kez k\u0131z \u00f6\u011frenci say\u0131s\u0131 erkek \u00f6\u011frenci say\u0131s\u0131ndan fazla olacak<\/strong> Suudi \u00fcniversitelerine kay\u0131tl\u0131<a href=\"https:\/\/www.welt-sichten.org\/artikel\/43739\/im-koenigreich-der-widersprueche\">^6<\/a>. 2014 y\u0131l\u0131nda \u00f6\u011frenciler halihaz\u0131rda <strong>18 ila 24 ya\u015f aras\u0131ndaki t\u00fcm kad\u0131nlar\u0131n 37%'si<\/strong><a href=\"https:\/\/de.statista.com\/statistik\/daten\/studie\/385843\/umfrage\/anteil-der-studentinnen-und-studenten-in-ausgewaehlten-arabischen-laendern\/\">^7<\/a>.<\/p><p>\u00d6zellikle kayda de\u011fer olan ba\u015far\u0131 <strong>MINT konular\u0131<\/strong>: <strong>Bilim, teknoloji, m\u00fchendislik ve matematik mezunlar\u0131n\u0131n 41,6%'si kad\u0131nd\u0131r<\/strong> - OECD verilerine g\u00f6re d\u00fcnyadaki en y\u00fcksek d\u00f6rd\u00fcnc\u00fc oran<a href=\"https:\/\/www.constructionbriefing.com\/de\/news\/eine-bessere-zukunft-fur-frauen-in-saudi-arabien-schaffen\/8041009.article\">^8<\/a>.<\/p><h4>Giri\u015fimcilik faaliyetleri<\/h4><p>Bu <strong>Start-up ekosistemi<\/strong> giderek daha fazla kad\u0131n taraf\u0131ndan karakterize edilmektedir. <strong>Suudi kad\u0131nlar\u0131n 95%'si<\/strong> Krall\u0131k 2021\/22 Kad\u0131n Raporu'na g\u00f6re, giri\u015fimcilik mesle\u011fi hakk\u0131nda \u00e7ok y\u00fcksek bir g\u00f6r\u00fc\u015fe sahip<a href=\"https:\/\/qantara.de\/artikel\/saudi-arabien-frauen-treiben-start-szene\">^9<\/a>. D\u00fcnya Bankas\u0131, Suudi Arabistan'\u0131n i\u015fg\u00fcc\u00fc piyasas\u0131n\u0131 a\u00e7mak i\u00e7in gerekli t\u00fcm ko\u015fullar\u0131 olu\u015fturdu\u011funu teyit etmektedir<a href=\"https:\/\/www.dw.com\/de\/saudi-arabien-frauen-treiben-start-up-szene-an\/a-68625849\">^10<\/a>.<\/p><h3>Kal\u0131c\u0131 yap\u0131sal ayr\u0131mc\u0131l\u0131k<\/h3><h4>Vesayet sistemi varl\u0131\u011f\u0131n\u0131 s\u00fcrd\u00fcrmeye devam ediyor<\/h4><p>Kaydedilen t\u00fcm ilerlemeye ra\u011fmen <strong>erkek vesayet sistemi<\/strong> ele\u015ftirilerin merkezi noktas\u0131d\u0131r. 2022 kabul edildi <strong>Medeni Durum Yasas\u0131<\/strong> evlilik, bo\u015fanma ve velayet konular\u0131nda kad\u0131nlara kar\u015f\u0131 ayr\u0131mc\u0131l\u0131\u011f\u0131 yasala\u015ft\u0131rmaya devam ediyor<a href=\"https:\/\/www.mena-watch.com\/saudi-arabien-vorsitz-un-frauenrechtskommission\/\">^11<\/a>.<\/p><p>Kad\u0131nlar\u0131n hala <strong>Evlilik i\u00e7in bir erkek vasinin yetkilendirilmesi<\/strong><a href=\"https:\/\/www.amnesty.de\/informieren\/amnesty-report\/saudi-arabien-2024\">^13<\/a>. Evlilik i\u00e7i tecav\u00fcz cezaland\u0131r\u0131lmamakta ve bo\u015fanmalar genellikle mahkemeler taraf\u0131ndan kabul edilmemektedir<a href=\"https:\/\/taz.de\/Saudi-Arabien-und-die-Frauenrechte\/!5998877\/\">^15<\/a>.<\/p><h4>Aktivistlere y\u00f6nelik bask\u0131lar<\/h4><p>Paradoksal olarak <strong>Kad\u0131n haklar\u0131 aktivistleri sistematik olarak zul\u00fcm g\u00f6r\u00fcyor<\/strong>. Araba kullanma hakk\u0131 i\u00e7in m\u00fccadele eden Loujain al-Hathloul, araba kullanma yasa\u011f\u0131n\u0131n kald\u0131r\u0131ld\u0131\u011f\u0131 2018 y\u0131l\u0131nda tutukland\u0131 ve i\u015fkence g\u00f6rd\u00fc<a href=\"https:\/\/www.amnesty.ch\/de\/ueber-amnesty\/publikationen\/magazin-amnesty\/2024-3\/die-doppelzuengigkeit-gegenueber-frauen\">^11<\/a>. A\u011fustos 2022'de doktora \u00f6\u011frencisi Salma al-Shehab atand\u0131 <strong>34 y\u0131l hapis cezas\u0131<\/strong> s\u0131rf insan haklar\u0131 \u00e7a\u011fr\u0131lar\u0131n\u0131 retweet etti\u011fi i\u00e7in mahkum edildi<a href=\"https:\/\/www.focus.de\/politik\/ausland\/frauenrechte-am-golf-trotz-reformen-bleibt-viel-zu-tun_id_181078779.html\">^16<\/a>.<\/p><h4>Cinsiyete ba\u011fl\u0131 \u00fccret farkl\u0131l\u0131klar\u0131<\/h4><p>\u0130\u015f kanunlar\u0131 \u00fccretlerde cinsiyete dayal\u0131 ayr\u0131mc\u0131l\u0131\u011f\u0131 yasaklasa da, <strong>Kad\u0131nlar erkeklerden daha az kazanmaya devam ediyor<\/strong>. Aradaki fark kamu sekt\u00f6r\u00fcnde 4% ile <strong>36% \u00f6zel \u015firketlerde<\/strong><a href=\"https:\/\/www.focus.de\/politik\/ausland\/saudi-arabien-frauen-starten-durch_id_195100244.html\">^3<\/a>.<\/p><h3>Kritik k\u0131s\u0131tlamalarla uluslararas\u0131 tan\u0131nma<\/h3><h4>K\u00fcresel Cinsiyet U\u00e7urumu Endeksi<\/h4><p>Suudi Arabistan <strong>K\u00fcresel Cinsiyet U\u00e7urumu Endeksi<\/strong> 147. s\u0131radan (2021) <strong>S\u0131ra 126 (2024)<\/strong> geli\u015ftirilmi\u015f<a href=\"https:\/\/countryeconomy.com\/demography\/global-gender-gap-index\/saudi-arabia\">^17<\/a>. MENA b\u00f6lgesinde ise <strong>64,3%<\/strong> BAE'nin (72,4%) ard\u0131ndan d\u00f6rd\u00fcnc\u00fc s\u0131rada<a href=\"https:\/\/de.statista.com\/statistik\/daten\/studie\/1329909\/umfrage\/laender-in-der-mena-region-nach-dem-gender-gap-index\/\">^18<\/a>.<\/p><p>De\u011ferlendirme a\u00e7\u0131k farkl\u0131l\u0131klar g\u00f6stermektedir: Bir yandan <strong>E\u011fitim ve sa\u011fl\u0131k<\/strong> her biri 0.99 puanla neredeyse e\u015fit seviyeye ula\u015f\u0131rken <strong>Siyasi kat\u0131l\u0131m<\/strong> sadece 0.077 puan<a href=\"https:\/\/www.statista.com\/statistics\/1614119\/saudi-arabia-gender-gap-index-by-category\/\">^19<\/a>.<\/p><h4>BM tart\u0131\u015fmas\u0131<\/h4><p>Suudi Arabistan'\u0131n bu g\u00f6reve atanmas\u0131 <strong>BM Kad\u0131n\u0131n Stat\u00fcs\u00fc Komisyonu Ba\u015fkan\u0131 2025<\/strong> uluslararas\u0131 \u00f6fkeye neden oldu<a href=\"https:\/\/www.tagesschau.de\/ausland\/saudi-arabien-vorsitz-frauenfoerderung-100.html\">^20<\/a>. Uluslararas\u0131 Af \u00d6rg\u00fct\u00fc bunu bir \"\u015fok\" olarak nitelendirdi ve \u00fclkenin kad\u0131n haklar\u0131 konusundaki \"berbat siciline\" at\u0131fta bulundu<a href=\"https:\/\/www.mena-watch.com\/saudi-arabien-vorsitz-un-frauenrechtskommission\/\">^12<\/a>.<\/p><h2>Dini ve etnik az\u0131nl\u0131klar: Sistematik \u00f6tekile\u015ftirme<\/h2><h3>\u015eii M\u00fcsl\u00fcmanlar<\/h3><p>Bu <strong>\u015eii az\u0131nl\u0131k<\/strong> (n\u00fcfusun yakla\u015f\u0131k 10-16%'si) sistematik ayr\u0131mc\u0131l\u0131ktan muzdariptir<a href=\"https:\/\/eterna.unibas.ch\/bulletin\/article\/download\/1305\/1537\">^22<\/a>. \u00c7o\u011funlukla petrol zengini Do\u011fu Eyaletinde ya\u015famaktad\u0131rlar, ancak devlet din adamlar\u0131 taraf\u0131ndan <strong>\"Kafirler\" ve \"m\u00fcrtedler\"<\/strong> etiketli<a href=\"https:\/\/www.hrw.org\/de\/news\/2017\/09\/26\/saudi-arabien-offizielle-hassreden-gegen-minderheiten\">^24<\/a>.<\/p><p><strong>Devlet din adamlar\u0131<\/strong> \"rafidha\" (inkarc\u0131) gibi a\u015fa\u011f\u0131lay\u0131c\u0131 terimler kullanmak ve \u015eii uygulamalar\u0131n\u0131 damgalamak<a href=\"https:\/\/www.hrw.org\/de\/news\/2017\/09\/26\/saudi-arabien-offizielle-hassreden-gegen-minderheiten\">^24<\/a>. E\u011fitim sistemi \u015eii kar\u015f\u0131t\u0131 \u00f6nyarg\u0131lar\u0131 yaymakta ve \u015eiiler \u00fcst d\u00fczey devlet g\u00f6revlerinden fiilen d\u0131\u015flanmaktad\u0131r<a href=\"https:\/\/www.hrw.org\/de\/news\/2009\/09\/03\/saudi-arabien-gleichbehandlung-fur-schiiten\">^25<\/a>.<\/p><p>\u0130nsan Haklar\u0131 \u0130zleme \u00d6rg\u00fct\u00fc belgeledi <strong>\u015fiddetli dini gerilimler<\/strong> 2009'da Medine'de \u015eii hac\u0131lar ile din polisi aras\u0131nda ya\u015fanan \u00e7at\u0131\u015fmalar\u0131n ard\u0131ndan<a href=\"https:\/\/www.hrw.org\/de\/news\/2009\/09\/03\/saudi-arabien-gleichbehandlung-fur-schiiten\">^25<\/a>. \u00d6zel \u015eii ibadethaneleri kapat\u0131ld\u0131 ve dini liderler hapsedildi.<\/p><h3>Hristiyan az\u0131nl\u0131k<\/h3><p>Bu <strong>Hristiyanl\u0131\u011f\u0131n kamusal prati\u011fi<\/strong> tamamen yasaklanm\u0131\u015ft\u0131r<a href=\"https:\/\/de.wikipedia.org\/wiki\/Christentum_in_Saudi-Arabien\">^26<\/a>. Yakla\u015f\u0131k olarak <strong>2,2 milyon Hristiyan<\/strong> Suudi Arabistan'da yabanc\u0131 i\u015fg\u00fcc\u00fc g\u00f6\u00e7menlerinin \u00e7o\u011funlu\u011fu<a href=\"https:\/\/www.opendoors.de\/sites\/default\/files\/country_dossier\/saudi-arabien_wvi_2024_laenderprofil.pdf\">^27<\/a>.<\/p><p>Ha\u00e7 veya \u0130ncil gibi dini sembollerin bulundurulmas\u0131 <strong>kanunen yasaklanm\u0131\u015ft\u0131r<\/strong>. Kiliseler veya \u0130slami olmayan di\u011fer ibadet yerleri in\u015fa edilemez<a href=\"https:\/\/de.wikipedia.org\/wiki\/Christentum_in_Saudi-Arabien\">^26<\/a>. <strong>Dinden D\u00f6nme<\/strong> (\u0130slam'dan d\u00f6nme) teorik olarak \u00f6l\u00fcm cezas\u0131yla tehdit edilmektedir.<\/p><p>\u0130\u00e7inde <strong>D\u00fcnya Zul\u00fcm Endeksi 2024<\/strong> Suudi Arabistan ayakta <strong>13. s\u0131ra<\/strong> Hristiyanlar\u0131n en \u00e7ok zul\u00fcm g\u00f6rd\u00fc\u011f\u00fc \u00fclkelerin<a href=\"https:\/\/www.opendoors.de\/sites\/default\/files\/country_dossier\/saudi-arabien_wvi_2024_laenderprofil.pdf\">^27<\/a>. Suudi Arabistanl\u0131 din de\u011fi\u015ftirenler inan\u00e7lar\u0131n\u0131 tamamen gizli tutmak zorundad\u0131r.<\/p><h3>LGBTQ+ bireyler<\/h3><p><strong>E\u015fcinsellik toplumsal bir tabudur<\/strong> hapis cezas\u0131, bedensel ceza ve <strong>\u00d6l\u00fcm cezas\u0131<\/strong> cezaland\u0131r\u0131ld\u0131<a href=\"https:\/\/de.wikipedia.org\/wiki\/Homosexualit%C3%A4t_in_Saudi-Arabien\">^28<\/a>. Suudi Arabistan, d\u00fcnyada e\u015fcinsel eylemler i\u00e7in \u00f6l\u00fcm cezas\u0131 uygulayan alt\u0131 \u00fclkeden biridir<a href=\"https:\/\/www.lsvd.de\/de\/ct\/1245-LGBT-Rechte-weltweit\">^29<\/a>.<\/p><p>2007 y\u0131l\u0131nda, iki ki\u015finin her biri <strong>7,000 kirpik<\/strong> homoseks\u00fcel ili\u015fkiden h\u00fck\u00fcm giymi\u015f<a href=\"https:\/\/de.wikipedia.org\/wiki\/Homosexualit%C3%A4t_in_Saudi-Arabien\">^28<\/a>. Nisan 2019'da bu kapsamda be\u015f ki\u015fi idam edildi<a href=\"https:\/\/www.bamf.de\/SharedDocs\/Anlagen\/DE\/Behoerde\/Informationszentrum\/Laenderreporte\/2024\/laenderreport-65-Saudi-Arabien.pdf?__blob=publicationFile&amp;v=7\">^30<\/a>.<\/p><p><strong>LGBT topluluklar\u0131<\/strong> yasad\u0131\u015f\u0131l\u0131klar\u0131 nedeniyle var olamazlar. \u0130slami bir dini polis g\u00fcc\u00fc sosyal hayat\u0131 izliyor ve LGBTQ+ bireyleri sosyal g\u00f6r\u00fcnmezli\u011fe zorluyor.<\/p><h3>\u0130\u015f\u00e7i g\u00f6\u00e7menler<\/h3><p>Hakk\u0131nda <strong>4 milyon ki\u015fi<\/strong> Suudi Arabistan'da ev i\u015f\u00e7isi olarak \u00e7al\u0131\u015fan, sadece g\u00f6\u00e7men i\u015f\u00e7iler<a href=\"https:\/\/www.amnesty.de\/pressemitteilung\/saudi-arabien-kenianische-arbeitsmigrantinnen-ausbeutung-rassismus\">^31<\/a>. Bu <strong>Kafala sistemi<\/strong> onlar\u0131 i\u015fverenlerine a\u015f\u0131r\u0131 derecede ba\u011f\u0131ml\u0131 hale getirmekte ve sistematik \u0131rk\u00e7\u0131l\u0131\u011f\u0131 desteklemektedir.<\/p><p>Uluslararas\u0131 Af \u00d6rg\u00fct\u00fc 2025'i belgeledi <strong>\u015fiddetli s\u00f6m\u00fcr\u00fc<\/strong> Kenyal\u0131 ev i\u015f\u00e7isi: G\u00fcnde 16 saatten fazla \u00e7al\u0131\u015f\u0131rlar, izin g\u00fcnleri yoktur ve evden \u00e7\u0131kmalar\u0131na izin verilmez<a href=\"https:\/\/www.amnesty.de\/pressemitteilung\/saudi-arabien-kenianische-arbeitsmigrantinnen-ausbeutung-rassismus\">^31<\/a>. Pasaportlar\u0131na el konuluyor ve genellikle maa\u015f alam\u0131yorlar.<\/p><p>Ortalama \u00fccret yakla\u015f\u0131k <strong>Saat ba\u015f\u0131na 0,45 Euro<\/strong>fazla mesai \u00f6denmedi\u011fi i\u00e7in<a href=\"https:\/\/www.amnesty.at\/presse\/saudi-arabien-arbeitsmigrantinnen-erfahren-schwere-ausbeutung-missbrauch-und-rassismus\/\">^32<\/a>. G\u00f6r\u00fc\u015f\u00fclen kad\u0131nlar\u0131n neredeyse tamam\u0131, kald\u0131klar\u0131 s\u00fcre boyunca <strong>tek bir g\u00fcn bile izin yok<\/strong> sahip olmak i\u00e7in.<\/p><h2>Sa\u011fl\u0131k sistemi: se\u00e7ici d\u0131\u015flama<\/h2><p>Sa\u011fl\u0131k sistemi \u015funlar\u0131 g\u00f6stermektedir <strong>Sistematik ayr\u0131mc\u0131l\u0131k<\/strong> sosyal olarak dezavantajl\u0131 ki\u015filer. \u00d6zellikle \u015eii az\u0131nl\u0131k, Asya \u00fclkelerinden gelen yabanc\u0131 misafir i\u015f\u00e7iler, HIV ile enfekte olmu\u015f ki\u015filer, e\u015fcinseller ve fiziksel ve zihinsel engelliler bu durumdan etkilenmektedir<a href=\"https:\/\/deutsches-orient-institut.de\/wp-content\/uploads\/2021\/06\/DOI-Studie-Gesundheitssystem-in-Saudi-Arabien.pdf\">^33<\/a>.<\/p><p>Bu <strong>Sosyal damgalama<\/strong> bu gruplar\u0131n t\u0131bbi bak\u0131m eksikli\u011fine yol a\u00e7maktad\u0131r. Marjinal gruplara ili\u015fkin a\u00e7\u0131k bir s\u00f6ylem bulunmamaktad\u0131r, ancak uygulanan \"ulusal diyalog\" bu konuda iyile\u015ftirmeler sa\u011flayabilir<a href=\"https:\/\/deutsches-orient-institut.de\/wp-content\/uploads\/2021\/06\/DOI-Studie-Gesundheitssystem-in-Saudi-Arabien.pdf\">^33<\/a>.<\/p><h2>Umut i\u015faretleri ve \u00e7eli\u015fkiler<\/h2><h3>Olumlu geli\u015fmeler<\/h3><p>Bu <strong>Fortune En G\u00fc\u00e7l\u00fc Kad\u0131nlar Uluslararas\u0131 Zirvesi<\/strong> 2025'te ilk kez Riyad'da d\u00fczenlenecek ve kad\u0131n haklar\u0131 konusunda kaydedilen ilerlemenin uluslararas\u0131 alanda kabul g\u00f6rd\u00fc\u011f\u00fcn\u00fc g\u00f6sterecek<a href=\"https:\/\/www.presseportal.de\/pm\/179146\/6001043\">^34<\/a>. Suudi Arabistanl\u0131 kad\u0131nlar art\u0131k <strong>T\u00fcm patentlerin 45%<\/strong> \u00fclkede.<\/p><p>Bu <strong>\u0130lk Suudi Arabistanl\u0131 kad\u0131n astronot<\/strong> Rayyanah Barnawi 2023'te Uluslararas\u0131 Uzay \u0130stasyonu ISS'de \u00e7al\u0131\u015ft\u0131 ve de\u011fi\u015fimin sembol\u00fc oldu<a href=\"https:\/\/www.focus.de\/politik\/ausland\/saudi-arabien-frauen-starten-durch_id_195100244.html\">^3<\/a>. Bu t\u00fcr ba\u015far\u0131 \u00f6yk\u00fcleri gen\u00e7 kad\u0131nlar i\u00e7in rol modelleri olu\u015fturmaktad\u0131r.<\/p><h3>Yap\u0131sal \u00e7eli\u015fkiler<\/h3><p>Bu <strong>Modernle\u015fme otoriterdir<\/strong> yukar\u0131dan, toplumsal s\u00f6ylem olmadan. Kad\u0131nlar uzaya u\u00e7arken, kad\u0131n haklar\u0131 aktivistleri onlarca y\u0131l hapis yat\u0131yor<a href=\"https:\/\/www.focus.de\/politik\/ausland\/frauenrechte-am-golf-trotz-reformen-bleibt-viel-zu-tun_id_181078779.html\">^16<\/a>.<\/p><p>Bu <strong>Vizyon 2030<\/strong> Kad\u0131nlar\u0131 \"g\u00fc\u00e7lendirmek\" istedi\u011fi \"b\u00fcy\u00fck bir varl\u0131k\" olarak tan\u0131ml\u0131yor<a href=\"https:\/\/www.amnesty.ch\/de\/ueber-amnesty\/publikationen\/magazin-amnesty\/2024-3\">^35<\/a>. Ele\u015ftirmenler bunu \u00f6ncelikle <strong>Ekonomik nedenler<\/strong> e\u015fitli\u011fe ger\u00e7ek bir ba\u011fl\u0131l\u0131k yerine.<\/p><h2>Sonu\u00e7: \u0130lerleme ve bask\u0131 aras\u0131nda<\/h2><p>Suudi Arabistan bir de\u011fi\u015fim s\u00fcrecinden ge\u00e7iyor. <strong>Benzeri g\u00f6r\u00fclmemi\u015f d\u00f6n\u00fc\u015f\u00fcm<\/strong> Kad\u0131n haklar\u0131 konusunda kaydedilen ilerleme, istihdam, e\u011fitim ba\u015far\u0131s\u0131 ve giri\u015fimcilik faaliyetlerindeki \u00e7arp\u0131c\u0131 art\u0131\u015fla kendini g\u00f6stermektedir. Bu ilerleme <strong>ger\u00e7ek ve \u00f6l\u00e7\u00fclebilir<\/strong>otoriter yap\u0131lar ve \u0131srarl\u0131 ayr\u0131mc\u0131l\u0131k taraf\u0131ndan g\u00f6lgelense bile.<\/p><p>\u0130\u00e7in <strong>Dini ve etnik az\u0131nl\u0131klar<\/strong> durum devam ediyor <strong>Kritik<\/strong>. \u015eiiler, Hristiyanlar, LGBTQ+ bireyler ve g\u00f6\u00e7men i\u015f\u00e7iler sistematik d\u0131\u015flanma ve zulme maruz kalmaktad\u0131r ve bu durum sosyal modernle\u015fmeye ra\u011fmen d\u00fczelmemi\u015ftir.<\/p><p>Bu de\u011fi\u015fiklik bir <strong>enstr\u00fcmantal mant\u0131k<\/strong>Kad\u0131nlar te\u015fvik ediliyor \u00e7\u00fcnk\u00fc \u00fclkenin Vizyon 2030 i\u00e7in onlar\u0131n eme\u011fine ihtiyac\u0131 var. Ancak ger\u00e7ek bir toplumsal de\u011fi\u015fim di\u011fer t\u00fcm az\u0131nl\u0131klar\u0131n haklar\u0131n\u0131 da kapsayacakt\u0131r ki bu Suudi Arabistan'\u0131n hen\u00fcz atmaya cesaret edemedi\u011fi bir ad\u0131md\u0131r.<\/p><p>Bu <strong>uluslararas\u0131 toplum<\/strong> devam eden insan haklar\u0131 ihlallerini g\u00f6rmezden gelmeden kad\u0131n haklar\u0131nda kaydedilen inkar edilemez ilerlemeyi kabul etme ikilemiyle kar\u015f\u0131 kar\u015f\u0131yad\u0131r. Suudi Arabistan'\u0131n izledi\u011fi yol, otoriter sistemlerin bile dramatik bir toplumsal de\u011fi\u015fim yaratabilece\u011fini g\u00f6stermektedir - ancak bu sadece kendi stratejik hedeflerine hizmet eden alanlarda olabilir.<\/p><p>\u00a0<\/p><div><hr \/><\/div><h1>Gradido perspektifinden tamamlay\u0131c\u0131 de\u011ferlendirme<\/h1><p>Bu analiz, Gradido \u00fclke projesi i\u00e7in - toplumsal cinsiyet e\u015fitli\u011fi konusunun da \u00f6tesinde - de\u011ferli bir temel sa\u011flamaktad\u0131r.<\/p><div><hr \/><\/div><h3>Kad\u0131nlar: Kayda de\u011fer ilerleme ile s\u00fcregelen ayr\u0131mc\u0131l\u0131k aras\u0131nda<\/h3><ul data-tight=\"true\"><li><p><strong>\u00c7al\u0131\u015fma hayat\u0131 ve e\u011fitim:<\/strong><br \/>Kad\u0131nlar\u0131n i\u015fg\u00fcc\u00fcne kat\u0131l\u0131m oran\u0131 sadece birka\u00e7 y\u0131l i\u00e7inde iki kattan fazla artm\u0131\u015f ve \u015fu anda yakla\u015f\u0131k 36 % olmu\u015ftur. Kad\u0131nlar art\u0131k d\u00fcnya \u00e7ap\u0131nda y\u00f6netim pozisyonlar\u0131nda ve STEM e\u011fitiminde de kayda de\u011fer seviyelere ula\u015f\u0131yor. Kad\u0131nlar start-up sahnesini \u015fekillendiriyor ve bu geli\u015fmeler uluslararas\u0131 alanda da kabul g\u00f6r\u00fcyor.<\/p><\/li><li><p><strong>Yap\u0131sal s\u0131n\u0131rlar:<\/strong><br \/>Bu dinami\u011fe ra\u011fmen, erkek vesayet sistemi ve \u00e7ok say\u0131da yasal k\u0131s\u0131tlama devam etmektedir. \u00dccret farkl\u0131l\u0131klar\u0131, yap\u0131sal engeller ve kad\u0131n aktivistlere y\u00f6nelik zul\u00fcm hala e\u015fit haklar\u0131n \u00f6n\u00fcnde engel te\u015fkil etmektedir.<\/p><\/li><\/ul><div><hr \/><\/div><h3>Az\u0131nl\u0131klar: Kal\u0131c\u0131 marjinalle\u015ftirme ve ayr\u0131mc\u0131l\u0131k<\/h3><ul data-tight=\"true\"><li><p><strong>Dini az\u0131nl\u0131klar<\/strong> (\u00f6zellikle \u015eiiler ve Hristiyanlar) \u00f6nemli \u00f6l\u00e7\u00fcde ayr\u0131mc\u0131l\u0131\u011fa ve bazen de a\u00e7\u0131k bask\u0131ya maruz kalmaktad\u0131r. S\u00fcnni \u0130slam d\u0131\u015f\u0131nda dinin kamusal alanda uygulanmas\u0131na fiilen izin verilmemektedir.<\/p><\/li><li><p><strong>LGBTQ+ bireyler<\/strong> \u00f6l\u00fcm cezas\u0131 da dahil olmak \u00fczere toplumsal ve devlet bask\u0131s\u0131ndan etkilenmektedir.<\/p><\/li><li><p><strong>\u0130\u015f\u00e7i g\u00f6\u00e7menler<\/strong> (\u00f6zellikle ev i\u015f\u00e7ileri) b\u00fcy\u00fck \u00f6l\u00e7\u00fcde ba\u011f\u0131ml\u0131l\u0131\u011fa maruz kalmakta ve s\u0131kl\u0131kla istismar edilmektedir; koruma mekanizmalar\u0131 ve haklar\u0131 b\u00fcy\u00fck \u00f6l\u00e7\u00fcde eksiktir.<\/p><\/li><\/ul><div><hr \/><\/div><h3>Yap\u0131sal \u00e7eli\u015fkiler ve uluslararas\u0131 de\u011ferlendirme<\/h3><p>Muazzam modernle\u015fme hamlesi (\u00f6rne\u011fin kad\u0131n haklar\u0131, e\u011fitim, yeni i\u015f kurma) g\u00fc\u00e7l\u00fc bir \u015fekilde ekonomik ve siyasi hedefler taraf\u0131ndan motive edilmekte ve geni\u015f kapsaml\u0131 sosyal liberalle\u015fme olmaks\u0131z\u0131n ger\u00e7ekle\u015fmektedir. Ba\u015far\u0131lar ger\u00e7ektir, ancak karars\u0131zl\u0131klardan ar\u0131nm\u0131\u015f de\u011fildir: Ekonomik \u00f6zg\u00fcrle\u015fme ve rol modelleri yarat\u0131l\u0131rken, hayat\u0131n pek \u00e7ok alan\u0131nda e\u015fitlik hala yetersiz ve siyasi \u00f6zg\u00fcrl\u00fckler ciddi \u015fekilde k\u0131s\u0131tlanm\u0131\u015f durumda.<\/p><div><hr \/><\/div><h3>Gradido i\u00e7in umut ve itici g\u00fc\u00e7<\/h3><ul data-tight=\"true\"><li><p><strong>Olumluyu yakalamak:<\/strong><br \/>Gradido, ge\u00e7im g\u00fcvencesi, e\u011fitim, sosyal kat\u0131l\u0131m ve uygulamada e\u015fitli\u011fin te\u015fvik edilmesi gibi konularda kaydedilen ilerlemenin meyvelerini toplayabilir.<\/p><\/li><li><p><strong>Empati ve tan\u0131ma:<\/strong><br \/>Mevcut reformlar\u0131 tan\u0131mak \u00f6nemlidir, ancak ayn\u0131 zamanda kalan varsay\u0131mlara ve a\u00e7\u0131k yaralara i\u015faret etme cesaretine de sahip olmak gerekir.<\/p><\/li><li><p><strong>K\u00f6pr\u00fcler kurmak:<\/strong><br \/>Gelenek ve yeni ba\u015flang\u0131\u00e7lar, ekonomik modernle\u015fme ve ger\u00e7ek sosyal i\u00e7erme aras\u0131ndaki k\u00f6pr\u00fcler anahtar niteli\u011findedir - Gradido, ortak fayda ve evrensel insan onuru temelinde t\u00fcm insanlar\u0131n kat\u0131l\u0131m\u0131 ve takdiri i\u00e7in itici g\u00fc\u00e7 sa\u011flayabilir.<\/p><\/li><\/ul><div><hr \/><\/div><p>Bu ara\u015ft\u0131rma, \u00e7ok \u015fey oldu\u011funu ve hala yap\u0131lacak \u00e7ok \u015fey oldu\u011funu etkileyici bir \u015fekilde g\u00f6stermektedir. H\u0131zl\u0131 modernle\u015fme ve devam eden kontrol mekanizmalar\u0131 aras\u0131ndaki karars\u0131zl\u0131k, takdire dayal\u0131 dikkatimizi ve yarat\u0131c\u0131l\u0131\u011f\u0131m\u0131z\u0131 da zorlamaktad\u0131r.<\/p><\/div><\/div>\t\t\t\t\t\t\t\t<\/div>\n\t\t\t\t<\/div>\n\t\t\t\t\t<\/div>\n\t\t<\/div>\n\t\t\t\t\t<\/div>\n\t\t<\/section>\n\t\t\t\t<\/div>","protected":false},"excerpt":{"rendered":"<p>Gleichstellung von Frauen und Minderheiten \u00a0 \u00a0Hauptseite: Saudi-Arabien 1. Soziale und wirtschaftliche Herausforderungen2. Bildungssystem3. Umweltinitiativen4. Gleichstellung von Frauen und Minderheiten5. K\u00fcnstliche Intelligenz und Robotik6. Religion und ethische Werte7. Steuersystem und Zakat8. Internationaler Prestigegewinn (Soft Power)9. Integration und Konfliktmanagement10. KI-Nation f\u00fcr gemeinwohlorientiertes Miteinander? Wie erleben Frauen und Minderheiten in Saudi-Arabien heute wirklich Teilhabe und Chancen? Deutliche [&hellip;]<\/p>\n","protected":false},"author":2,"featured_media":10458,"parent":11034,"menu_order":0,"comment_status":"closed","ping_status":"closed","template":"","meta":{"footnotes":""},"class_list":["post-11085","page","type-page","status-publish","has-post-thumbnail","hentry"],"yoast_head":"<!-- This site is optimized with the Yoast SEO plugin v27.5 - https:\/\/yoast.com\/product\/yoast-seo-wordpress\/ -->\n<title>Gleichstellung von Frauen und Minderheiten in Saudi-Arabien - Gradido<\/title>\n<meta name=\"description\" content=\"Sei Teil der Bewegung!Gemeinsam bringen wir Gradido in die Welt.\" \/>\n<meta name=\"robots\" content=\"index, follow, max-snippet:-1, max-image-preview:large, max-video-preview:-1\" \/>\n<link rel=\"canonical\" href=\"https:\/\/gradido.net\/tr\/countries\/saudi-arabia\/equality-for-women-and-minorities\/\" \/>\n<meta property=\"og:locale\" content=\"tr_TR\" \/>\n<meta property=\"og:type\" content=\"article\" \/>\n<meta property=\"og:title\" content=\"Gleichstellung von Frauen und Minderheiten in Saudi-Arabien - Gradido\" \/>\n<meta property=\"og:description\" content=\"Sei Teil der Bewegung!Gemeinsam bringen wir Gradido in die Welt.\" \/>\n<meta property=\"og:url\" content=\"https:\/\/gradido.net\/tr\/countries\/saudi-arabia\/equality-for-women-and-minorities\/\" \/>\n<meta property=\"og:site_name\" content=\"Gradido\" \/>\n<meta property=\"article:modified_time\" content=\"2025-10-04T10:07:28+00:00\" \/>\n<meta property=\"og:image\" content=\"https:\/\/gradido.net\/wp-content\/uploads\/2025\/07\/AdobeStock_3210827871-scaled.jpeg\" \/>\n\t<meta property=\"og:image:width\" content=\"2560\" \/>\n\t<meta property=\"og:image:height\" content=\"790\" \/>\n\t<meta property=\"og:image:type\" content=\"image\/jpeg\" \/>\n<meta name=\"twitter:card\" content=\"summary_large_image\" \/>\n<meta name=\"twitter:label1\" content=\"Tahmini okuma s\u00fcresi\" \/>\n\t<meta name=\"twitter:data1\" content=\"9 dakika\" \/>\n<script type=\"application\/ld+json\" class=\"yoast-schema-graph\">{\"@context\":\"https:\\\/\\\/schema.org\",\"@graph\":[{\"@type\":\"WebPage\",\"@id\":\"https:\\\/\\\/gradido.net\\\/countries\\\/saudi-arabia\\\/equality-for-women-and-minorities\\\/\",\"url\":\"https:\\\/\\\/gradido.net\\\/countries\\\/saudi-arabia\\\/equality-for-women-and-minorities\\\/\",\"name\":\"Gleichstellung von Frauen und Minderheiten in Saudi-Arabien - Gradido\",\"isPartOf\":{\"@id\":\"https:\\\/\\\/gradido.net\\\/de\\\/#website\"},\"primaryImageOfPage\":{\"@id\":\"https:\\\/\\\/gradido.net\\\/countries\\\/saudi-arabia\\\/equality-for-women-and-minorities\\\/#primaryimage\"},\"image\":{\"@id\":\"https:\\\/\\\/gradido.net\\\/countries\\\/saudi-arabia\\\/equality-for-women-and-minorities\\\/#primaryimage\"},\"thumbnailUrl\":\"https:\\\/\\\/gradido.net\\\/wp-content\\\/uploads\\\/2025\\\/07\\\/AdobeStock_3210827871-scaled.jpeg\",\"datePublished\":\"2025-08-13T08:13:17+00:00\",\"dateModified\":\"2025-10-04T10:07:28+00:00\",\"description\":\"Sei Teil der Bewegung!Gemeinsam bringen wir Gradido in die Welt.\",\"breadcrumb\":{\"@id\":\"https:\\\/\\\/gradido.net\\\/countries\\\/saudi-arabia\\\/equality-for-women-and-minorities\\\/#breadcrumb\"},\"inLanguage\":\"tr\",\"potentialAction\":[{\"@type\":\"ReadAction\",\"target\":[\"https:\\\/\\\/gradido.net\\\/countries\\\/saudi-arabia\\\/equality-for-women-and-minorities\\\/\"]}]},{\"@type\":\"ImageObject\",\"inLanguage\":\"tr\",\"@id\":\"https:\\\/\\\/gradido.net\\\/countries\\\/saudi-arabia\\\/equality-for-women-and-minorities\\\/#primaryimage\",\"url\":\"https:\\\/\\\/gradido.net\\\/wp-content\\\/uploads\\\/2025\\\/07\\\/AdobeStock_3210827871-scaled.jpeg\",\"contentUrl\":\"https:\\\/\\\/gradido.net\\\/wp-content\\\/uploads\\\/2025\\\/07\\\/AdobeStock_3210827871-scaled.jpeg\",\"width\":2560,\"height\":790,\"caption\":\"world globe planet earth 3d-illustration. elements of this image furnished by NASA\"},{\"@type\":\"BreadcrumbList\",\"@id\":\"https:\\\/\\\/gradido.net\\\/countries\\\/saudi-arabia\\\/equality-for-women-and-minorities\\\/#breadcrumb\",\"itemListElement\":[{\"@type\":\"ListItem\",\"position\":1,\"name\":\"Startseite\",\"item\":\"https:\\\/\\\/gradido.net\\\/\"},{\"@type\":\"ListItem\",\"position\":2,\"name\":\"L\u00e4nderforschung\",\"item\":\"https:\\\/\\\/gradido.net\\\/countries\\\/\"},{\"@type\":\"ListItem\",\"position\":3,\"name\":\"Saudi-Arabien\",\"item\":\"https:\\\/\\\/gradido.net\\\/countries\\\/saudi-arabia\\\/\"},{\"@type\":\"ListItem\",\"position\":4,\"name\":\"Gleichstellung von Frauen und Minderheiten in Saudi-Arabien\"}]},{\"@type\":\"WebSite\",\"@id\":\"https:\\\/\\\/gradido.net\\\/de\\\/#website\",\"url\":\"https:\\\/\\\/gradido.net\\\/de\\\/\",\"name\":\"Gradido\",\"description\":\"Die neue W\u00e4hrung hei\u00dft Dankbarkeit\",\"publisher\":{\"@id\":\"https:\\\/\\\/gradido.net\\\/de\\\/#organization\"},\"potentialAction\":[{\"@type\":\"SearchAction\",\"target\":{\"@type\":\"EntryPoint\",\"urlTemplate\":\"https:\\\/\\\/gradido.net\\\/de\\\/?s={search_term_string}\"},\"query-input\":{\"@type\":\"PropertyValueSpecification\",\"valueRequired\":true,\"valueName\":\"search_term_string\"}}],\"inLanguage\":\"tr\"},{\"@type\":\"Organization\",\"@id\":\"https:\\\/\\\/gradido.net\\\/de\\\/#organization\",\"name\":\"Gradido\",\"url\":\"https:\\\/\\\/gradido.net\\\/de\\\/\",\"logo\":{\"@type\":\"ImageObject\",\"inLanguage\":\"tr\",\"@id\":\"https:\\\/\\\/gradido.net\\\/de\\\/#\\\/schema\\\/logo\\\/image\\\/\",\"url\":\"https:\\\/\\\/gradido.net\\\/wp-content\\\/uploads\\\/2022\\\/04\\\/gradido-social.jpg\",\"contentUrl\":\"https:\\\/\\\/gradido.net\\\/wp-content\\\/uploads\\\/2022\\\/04\\\/gradido-social.jpg\",\"width\":527,\"height\":273,\"caption\":\"Gradido\"},\"image\":{\"@id\":\"https:\\\/\\\/gradido.net\\\/de\\\/#\\\/schema\\\/logo\\\/image\\\/\"}}]}<\/script>\n<!-- \/ Yoast SEO plugin. -->","yoast_head_json":{"title":"Suudi Arabistan'da kad\u0131nlar ve az\u0131nl\u0131klar i\u00e7in e\u015fitlik - Gradido","description":"Hareketin bir par\u00e7as\u0131 olun! Birlikte Gradido'yu d\u00fcnyaya getiriyoruz.","robots":{"index":"index","follow":"follow","max-snippet":"max-snippet:-1","max-image-preview":"max-image-preview:large","max-video-preview":"max-video-preview:-1"},"canonical":"https:\/\/gradido.net\/tr\/countries\/saudi-arabia\/equality-for-women-and-minorities\/","og_locale":"tr_TR","og_type":"article","og_title":"Gleichstellung von Frauen und Minderheiten in Saudi-Arabien - Gradido","og_description":"Sei Teil der Bewegung!Gemeinsam bringen wir Gradido in die Welt.","og_url":"https:\/\/gradido.net\/tr\/countries\/saudi-arabia\/equality-for-women-and-minorities\/","og_site_name":"Gradido","article_modified_time":"2025-10-04T10:07:28+00:00","og_image":[{"width":2560,"height":790,"url":"https:\/\/gradido.net\/wp-content\/uploads\/2025\/07\/AdobeStock_3210827871-scaled.jpeg","type":"image\/jpeg"}],"twitter_card":"summary_large_image","twitter_misc":{"Tahmini okuma s\u00fcresi":"9 dakika"},"schema":{"@context":"https:\/\/schema.org","@graph":[{"@type":"WebPage","@id":"https:\/\/gradido.net\/countries\/saudi-arabia\/equality-for-women-and-minorities\/","url":"https:\/\/gradido.net\/countries\/saudi-arabia\/equality-for-women-and-minorities\/","name":"Suudi Arabistan'da kad\u0131nlar ve az\u0131nl\u0131klar i\u00e7in e\u015fitlik - Gradido","isPartOf":{"@id":"https:\/\/gradido.net\/de\/#website"},"primaryImageOfPage":{"@id":"https:\/\/gradido.net\/countries\/saudi-arabia\/equality-for-women-and-minorities\/#primaryimage"},"image":{"@id":"https:\/\/gradido.net\/countries\/saudi-arabia\/equality-for-women-and-minorities\/#primaryimage"},"thumbnailUrl":"https:\/\/gradido.net\/wp-content\/uploads\/2025\/07\/AdobeStock_3210827871-scaled.jpeg","datePublished":"2025-08-13T08:13:17+00:00","dateModified":"2025-10-04T10:07:28+00:00","description":"Hareketin bir par\u00e7as\u0131 olun! Birlikte Gradido'yu d\u00fcnyaya getiriyoruz.","breadcrumb":{"@id":"https:\/\/gradido.net\/countries\/saudi-arabia\/equality-for-women-and-minorities\/#breadcrumb"},"inLanguage":"tr","potentialAction":[{"@type":"ReadAction","target":["https:\/\/gradido.net\/countries\/saudi-arabia\/equality-for-women-and-minorities\/"]}]},{"@type":"ImageObject","inLanguage":"tr","@id":"https:\/\/gradido.net\/countries\/saudi-arabia\/equality-for-women-and-minorities\/#primaryimage","url":"https:\/\/gradido.net\/wp-content\/uploads\/2025\/07\/AdobeStock_3210827871-scaled.jpeg","contentUrl":"https:\/\/gradido.net\/wp-content\/uploads\/2025\/07\/AdobeStock_3210827871-scaled.jpeg","width":2560,"height":790,"caption":"world globe planet earth 3d-illustration. elements of this image furnished by NASA"},{"@type":"BreadcrumbList","@id":"https:\/\/gradido.net\/countries\/saudi-arabia\/equality-for-women-and-minorities\/#breadcrumb","itemListElement":[{"@type":"ListItem","position":1,"name":"Startseite","item":"https:\/\/gradido.net\/"},{"@type":"ListItem","position":2,"name":"L\u00e4nderforschung","item":"https:\/\/gradido.net\/countries\/"},{"@type":"ListItem","position":3,"name":"Saudi-Arabien","item":"https:\/\/gradido.net\/countries\/saudi-arabia\/"},{"@type":"ListItem","position":4,"name":"Gleichstellung von Frauen und Minderheiten in Saudi-Arabien"}]},{"@type":"WebSite","@id":"https:\/\/gradido.net\/de\/#website","url":"https:\/\/gradido.net\/de\/","name":"Gradido","description":"Yeni para birimi minnettarl\u0131k","publisher":{"@id":"https:\/\/gradido.net\/de\/#organization"},"potentialAction":[{"@type":"SearchAction","target":{"@type":"EntryPoint","urlTemplate":"https:\/\/gradido.net\/de\/?s={search_term_string}"},"query-input":{"@type":"PropertyValueSpecification","valueRequired":true,"valueName":"search_term_string"}}],"inLanguage":"tr"},{"@type":"Organization","@id":"https:\/\/gradido.net\/de\/#organization","name":"Gradido","url":"https:\/\/gradido.net\/de\/","logo":{"@type":"ImageObject","inLanguage":"tr","@id":"https:\/\/gradido.net\/de\/#\/schema\/logo\/image\/","url":"https:\/\/gradido.net\/wp-content\/uploads\/2022\/04\/gradido-social.jpg","contentUrl":"https:\/\/gradido.net\/wp-content\/uploads\/2022\/04\/gradido-social.jpg","width":527,"height":273,"caption":"Gradido"},"image":{"@id":"https:\/\/gradido.net\/de\/#\/schema\/logo\/image\/"}}]}},"_links":{"self":[{"href":"https:\/\/gradido.net\/tr\/wp-json\/wp\/v2\/pages\/11085","targetHints":{"allow":["GET"]}}],"collection":[{"href":"https:\/\/gradido.net\/tr\/wp-json\/wp\/v2\/pages"}],"about":[{"href":"https:\/\/gradido.net\/tr\/wp-json\/wp\/v2\/types\/page"}],"author":[{"embeddable":true,"href":"https:\/\/gradido.net\/tr\/wp-json\/wp\/v2\/users\/2"}],"replies":[{"embeddable":true,"href":"https:\/\/gradido.net\/tr\/wp-json\/wp\/v2\/comments?post=11085"}],"version-history":[{"count":13,"href":"https:\/\/gradido.net\/tr\/wp-json\/wp\/v2\/pages\/11085\/revisions"}],"predecessor-version":[{"id":12007,"href":"https:\/\/gradido.net\/tr\/wp-json\/wp\/v2\/pages\/11085\/revisions\/12007"}],"up":[{"embeddable":true,"href":"https:\/\/gradido.net\/tr\/wp-json\/wp\/v2\/pages\/11034"}],"wp:featuredmedia":[{"embeddable":true,"href":"https:\/\/gradido.net\/tr\/wp-json\/wp\/v2\/media\/10458"}],"wp:attachment":[{"href":"https:\/\/gradido.net\/tr\/wp-json\/wp\/v2\/media?parent=11085"}],"curies":[{"name":"wp","href":"https:\/\/api.w.org\/{rel}","templated":true}]}}